{"id":1829,"date":"2024-02-06T10:33:18","date_gmt":"2024-02-06T09:33:18","guid":{"rendered":"https:\/\/blogsaverroes.juntadeandalucia.es\/ceiplacanal\/?page_id=1829"},"modified":"2024-10-05T10:17:26","modified_gmt":"2024-10-05T08:17:26","slug":"curso-23-24","status":"publish","type":"page","link":"https:\/\/blogsaverroes.juntadeandalucia.es\/ceiplacanal\/curso-23-24\/","title":{"rendered":"Curso 23-24"},"content":{"rendered":"<p>Hola, hola, vuelve Radio La Canal<\/p>\n<p>Gracias al Programa M\u00e1s Equidad de la Consejer\u00eda de Desarrollo Educativo y de Formaci\u00f3n Profesional, arrancamos la <strong>IV Temporada de Radio La Canal, el taller de Radio, Educaci\u00f3n Ambiental y Animaci\u00f3n a la lectura.<\/strong><\/p>\n<p>No podemos desaprovechar el trabajo que se ha realizado durante los \u00faltimos cursos, as\u00ed que este taller vuelve para afianzar los conocimientos, habilidades y herramientas adquiridas y enriquecer el proceso de aprendizaje en materia ling\u00fc\u00edstica y ambiental del alumnado. Adem\u00e1s, tenemos oyentes fieles que ya est\u00e1n demandando m\u00e1s programas, y no podemos hacerlos esperar m\u00e1s.<\/p>\n<p>Bueno, y nuestros alumnos, ya tienen ganas de enchufar los micr\u00f3fonos y ponerse a grabar.<\/p>\n<p>Tendremos 10 sesiones de radio (50 talleres) en los que mezclaremos las grabaciones, con la educaci\u00f3n ambiental y la animaci\u00f3n a la lectura. Dos de las materias transversales que creemos son fundamentales para el desarrollo personal y de compromiso social de nuestros alumnos. Y 1 salida para conocer alguna radio profesional que nos ayude en nuestro proceso de aprendizaje.<\/p>\n<p><strong>Los objetivos generales<\/strong> marcados no difieren a los de otros a\u00f1os, aunque los espec\u00edficos s\u00ed que est\u00e1n bien concretados.<\/p>\n<ul>\n<li>Continuar el trabajo realizado en a\u00f1os anteriores.<\/li>\n<li>Reforzar las habilidades lectoras y de comunicaci\u00f3n del alumnado.<\/li>\n<li>Dotarlos de conocimientos para la creaci\u00f3n de archivos sonoros, podcasts, y su difusi\u00f3n por las redes sociales.<\/li>\n<li>Capacitar a los alumnos y alumnas para la toma de decisiones.<\/li>\n<li>Concienciar de la gran biodiversidad que tiene nuestra provincia y los problemas ambientales a los que se enfrentan.<\/li>\n<li>Crear un archivo sonoro de las actividades realizadas en el centro.<\/li>\n<li>Utilizar la radio como herramienta para dise\u00f1ar un peque\u00f1o jard\u00edn bot\u00e1nico que embellezca nuestro patio.<\/li>\n<li>Grabar una sesi\u00f3n de radioteatro sobre El Quijote.<\/li>\n<\/ul>\n<p>Como todos los cursos anteriores <strong>el taller est\u00e1 dirigido<\/strong> a los alumnos de Segundo y Tercer ciclo de primaria, y 1\u00ba y 2\u00ba de la ESO. Queremos que sea una herramienta participativa, activa, abierta, flexible, din\u00e1mica y adaptable a las necesidades y objetivos curriculares del centro educativo, en general, y de cada ciclo, en particular. Pretende ser un complemento para afianzar los contenidos impartidos en cada aula.<\/p>\n<p><img loading=\"lazy\" decoding=\"async\" class=\" wp-image-1857 alignleft\" src=\"https:\/\/blogsaverroes.juntadeandalucia.es\/ceiplacanal\/files\/2024\/02\/Cu\u00f1as-8-febrero-1024x576.jpeg\" alt=\"\" width=\"288\" height=\"162\" srcset=\"https:\/\/blogsaverroes.juntadeandalucia.es\/ceiplacanal\/files\/2024\/02\/Cu\u00f1as-8-febrero-1024x576.jpeg 1024w, https:\/\/blogsaverroes.juntadeandalucia.es\/ceiplacanal\/files\/2024\/02\/Cu\u00f1as-8-febrero-300x169.jpeg 300w, https:\/\/blogsaverroes.juntadeandalucia.es\/ceiplacanal\/files\/2024\/02\/Cu\u00f1as-8-febrero-768x432.jpeg 768w, https:\/\/blogsaverroes.juntadeandalucia.es\/ceiplacanal\/files\/2024\/02\/Cu\u00f1as-8-febrero-1536x864.jpeg 1536w, https:\/\/blogsaverroes.juntadeandalucia.es\/ceiplacanal\/files\/2024\/02\/Cu\u00f1as-8-febrero.jpeg 1600w\" sizes=\"(max-width: 288px) 100vw, 288px\" \/><\/p>\n<ul>\n<li>&nbsp;<strong>1\u00aa Sesi\u00f3n, 8 de febrero<\/strong>. Como en a\u00f1os anteriores, una de las primeras cosas que hacemos al empezar la temporada es grabar la cabecera y las cu\u00f1as que iremos utilizando en los diferentes programas que editemos. Intentamos que sean complementarias a las que tenemos, para no repetirnos, para poder utilizar todas cuando las necesitamos. Mientras editamos todas las que hicimos, os dejamos dos videos a modo de ejemplo.<\/li>\n<\/ul>\n<p>Este a\u00f1o han sido 19 y est\u00e1n editadas en el siguiente orden.<\/p>\n<p>3\u00ba Para cuidar el planeta; Igualdad. Lucha por tu meta; y Escucha y siente<\/p>\n<p>5\u00ba Est\u00e9s donde est\u00e9s; Podr\u00e1s re\u00edr; Pon un cient\u00edfico en tu vida<\/p>\n<p>6\u00aa Un mal d\u00eda; Amistad; Hola, Hola; Un consejo.<\/p>\n<p>4\u00ba Come fruta y verdura; Hablar y hablar; Respeta a tu compa\u00f1ero; Reto leer.<\/p>\n<p>1\u00ba y 2\u00ba ESO; Cuida el planeta en franc\u00e9s; Estar\u00e1s informado; R\u00ede y disfruta; Conducta; Conectamos contigo.<\/p>\n<!--[if lt IE 9]><script>document.createElement('audio');<\/script><![endif]-->\n<audio class=\"wp-audio-shortcode\" id=\"audio-1829-1\" preload=\"none\" style=\"width: 100%;\" controls=\"controls\"><source type=\"audio\/mpeg\" src=\"https:\/\/www.ivoox.com\/cunas-cabecera-3-temporada-2023-2024_md_124420857_wp_1.mp3?_=1\" \/><a href=\"https:\/\/www.ivoox.com\/cunas-cabecera-3-temporada-2023-2024_md_124420857_wp_1.mp3\">https:\/\/www.ivoox.com\/cunas-cabecera-3-temporada-2023-2024_md_124420857_wp_1.mp3<\/a><\/audio>\n<p><a title=\"Cu\u00f1as y cabecera 3\u00aa Temporada. 2023-2024\" href=\"https:\/\/go.ivoox.com\/rf\/124420857\">Ir a descargar<\/a><\/p>\n<p>Algunas las grabamos en video, a ver si os gustan:<\/p>\n<div style=\"width: 848px;\" class=\"wp-video\"><!--[if lt IE 9]><script>document.createElement('video');<\/script><![endif]-->\n<video class=\"wp-video-shortcode\" id=\"video-1829-1\" width=\"848\" height=\"480\" preload=\"metadata\" controls=\"controls\"><source type=\"video\/mp4\" src=\"https:\/\/blogsaverroes.juntadeandalucia.es\/ceiplacanal\/files\/2024\/02\/Viva-Radio-La-Canal.mp4?_=1\" \/><a href=\"https:\/\/blogsaverroes.juntadeandalucia.es\/ceiplacanal\/files\/2024\/02\/Viva-Radio-La-Canal.mp4\">https:\/\/blogsaverroes.juntadeandalucia.es\/ceiplacanal\/files\/2024\/02\/Viva-Radio-La-Canal.mp4<\/a><\/video><\/div>\n<div style=\"width: 848px;\" class=\"wp-video\"><video class=\"wp-video-shortcode\" id=\"video-1829-2\" width=\"848\" height=\"480\" preload=\"metadata\" controls=\"controls\"><source type=\"video\/mp4\" src=\"https:\/\/blogsaverroes.juntadeandalucia.es\/ceiplacanal\/files\/2024\/02\/Alegria.mp4?_=2\" \/><a href=\"https:\/\/blogsaverroes.juntadeandalucia.es\/ceiplacanal\/files\/2024\/02\/Alegria.mp4\">https:\/\/blogsaverroes.juntadeandalucia.es\/ceiplacanal\/files\/2024\/02\/Alegria.mp4<\/a><\/video><\/div>\n<ul>\n<li><a href=\"https:\/\/blogsaverroes.juntadeandalucia.es\/ceiplacanal\/2024\/02\/09\/la-cientifica-vicky-schwarzer-en-radio-la-canal\/\" target=\"_blank\" rel=\"noopener noreferrer\"><strong><strong>9 febrero. Celebramos el D\u00eda Internacional de la&nbsp; Mujer y la ni\u00f1a en la Ciencia. <\/strong><\/strong><\/a>Fue una bonita ma\u00f1ana en el CEIP La Canal celebrando el D\u00eda Internacional de la Mujer y la ni\u00f1a en la ciencia. Una de las actividades, no la \u00fanica, que realizamos fue la de conocer a Vicky Schwarzer, bi\u00f3loga, Directora del Jard\u00edn Bot\u00e1nico el Albardinal de Rodalquilar, en el Cabo de Gata, y vecina de nuestro pueblo. Vicky realiz\u00f3 cuatro charlas, 1\u00ba y 2\u00ba de la ESO, 5\u00ba de primaria, 3\u00ba y 4\u00ba, y ha terminado con la clase de 6\u00ba. En dos de ellas, hemos grabado con Radio La Canal el peque\u00f1o debate, entrevista, sesi\u00f3n de cotilleos incluida, con la que los alumnos han saciado su curiosidad con las numerosas preguntas que le han realizado. Esas, las preguntas, ha remarcado Vicky en todas las sesiones, son las semillas para convertirse en una buena cient\u00edfica.&nbsp; Feliz D\u00eda de la Mujer y la ni\u00f1a en la ciencia.<\/li>\n<\/ul>\n<p><strong>Escucha los programas:&nbsp;<\/strong><\/p>\n<ul>\n<li><strong>3\u00ba y 4\u00ba con Vicky Schwarzer celebrando el D\u00eda de la Mujer y la ni\u00f1a en la ciencia.&nbsp;<\/strong><\/li>\n<\/ul>\n<audio class=\"wp-audio-shortcode\" id=\"audio-1829-2\" preload=\"none\" style=\"width: 100%;\" controls=\"controls\"><source type=\"audio\/mpeg\" src=\"https:\/\/www.ivoox.com\/3-4-vicky-schwarzer-cientifica_md_124374270_wp_1.mp3?_=2\" \/><a href=\"https:\/\/www.ivoox.com\/3-4-vicky-schwarzer-cientifica_md_124374270_wp_1.mp3\">https:\/\/www.ivoox.com\/3-4-vicky-schwarzer-cientifica_md_124374270_wp_1.mp3<\/a><\/audio>\n<p><a title=\"3\u00ba y 4\u00ba con VICKY SCHWARZER CIENTIFICA\" href=\"https:\/\/go.ivoox.com\/rf\/124374270\">Ir a descargar<\/a><\/p>\n<ul>\n<li><strong>5\u00ba con Vicky Schwarzer celebrando el D\u00eda de la Mujer y la ni\u00f1a en la ciencia.&nbsp;<\/strong><\/li>\n<\/ul>\n<audio class=\"wp-audio-shortcode\" id=\"audio-1829-3\" preload=\"none\" style=\"width: 100%;\" controls=\"controls\"><source type=\"audio\/mpeg\" src=\"https:\/\/www.ivoox.com\/5-vicky-schwarzer-cientifica_md_124374464_wp_1.mp3?_=3\" \/><a href=\"https:\/\/www.ivoox.com\/5-vicky-schwarzer-cientifica_md_124374464_wp_1.mp3\">https:\/\/www.ivoox.com\/5-vicky-schwarzer-cientifica_md_124374464_wp_1.mp3<\/a><\/audio>\n<p><a title=\"5\u00ba con VICKY SCHWARZER CIENTIFICA\" href=\"https:\/\/go.ivoox.com\/rf\/124374464\">Ir a descargar<\/a><\/p>\n<p>&nbsp; &nbsp; &nbsp;<\/p>\n\n\t\t<style>\n\t\t\t#gallery-1 {\n\t\t\t\tmargin: auto;\n\t\t\t}\n\t\t\t#gallery-1 .gallery-item {\n\t\t\t\tfloat: left;\n\t\t\t\tmargin-top: 10px;\n\t\t\t\ttext-align: center;\n\t\t\t\twidth: 33%;\n\t\t\t}\n\t\t\t#gallery-1 img {\n\t\t\t\tborder: 2px solid #cfcfcf;\n\t\t\t}\n\t\t\t#gallery-1 .gallery-caption {\n\t\t\t\tmargin-left: 0;\n\t\t\t}\n\t\t\t\/* see gallery_shortcode() in wp-includes\/media.php *\/\n\t\t<\/style>\n\t\t<div id='gallery-1' class='gallery galleryid-1829 gallery-columns-3 gallery-size-thumbnail'><dl class='gallery-item'>\n\t\t\t<dt class='gallery-icon landscape'>\n\t\t\t\t<a href='https:\/\/blogsaverroes.juntadeandalucia.es\/ceiplacanal\/2024\/02\/09\/la-cientifica-vicky-schwarzer-en-radio-la-canal\/vicky-dia-de-la-ciencia-9-febrero-2024-8\/'><img loading=\"lazy\" decoding=\"async\" width=\"150\" height=\"150\" src=\"https:\/\/blogsaverroes.juntadeandalucia.es\/ceiplacanal\/files\/2024\/02\/Vicky-dia-de-la-ciencia-9-febrero-2024-8-150x150.jpeg\" class=\"attachment-thumbnail size-thumbnail\" alt=\"\" srcset=\"https:\/\/blogsaverroes.juntadeandalucia.es\/ceiplacanal\/files\/2024\/02\/Vicky-dia-de-la-ciencia-9-febrero-2024-8-150x150.jpeg 150w, https:\/\/blogsaverroes.juntadeandalucia.es\/ceiplacanal\/files\/2024\/02\/Vicky-dia-de-la-ciencia-9-febrero-2024-8-80x80.jpeg 80w, https:\/\/blogsaverroes.juntadeandalucia.es\/ceiplacanal\/files\/2024\/02\/Vicky-dia-de-la-ciencia-9-febrero-2024-8-320x320.jpeg 320w\" sizes=\"(max-width: 150px) 100vw, 150px\" \/><\/a>\n\t\t\t<\/dt><\/dl><dl class='gallery-item'>\n\t\t\t<dt class='gallery-icon landscape'>\n\t\t\t\t<a href='https:\/\/blogsaverroes.juntadeandalucia.es\/ceiplacanal\/2024\/02\/09\/la-cientifica-vicky-schwarzer-en-radio-la-canal\/vicky-dia-de-la-ciencia-9-febrero-2024-7\/'><img loading=\"lazy\" decoding=\"async\" width=\"150\" height=\"150\" src=\"https:\/\/blogsaverroes.juntadeandalucia.es\/ceiplacanal\/files\/2024\/02\/Vicky-dia-de-la-ciencia-9-febrero-2024-7-150x150.jpeg\" class=\"attachment-thumbnail size-thumbnail\" alt=\"\" srcset=\"https:\/\/blogsaverroes.juntadeandalucia.es\/ceiplacanal\/files\/2024\/02\/Vicky-dia-de-la-ciencia-9-febrero-2024-7-150x150.jpeg 150w, https:\/\/blogsaverroes.juntadeandalucia.es\/ceiplacanal\/files\/2024\/02\/Vicky-dia-de-la-ciencia-9-febrero-2024-7-80x80.jpeg 80w, https:\/\/blogsaverroes.juntadeandalucia.es\/ceiplacanal\/files\/2024\/02\/Vicky-dia-de-la-ciencia-9-febrero-2024-7-320x320.jpeg 320w\" sizes=\"(max-width: 150px) 100vw, 150px\" \/><\/a>\n\t\t\t<\/dt><\/dl><dl class='gallery-item'>\n\t\t\t<dt class='gallery-icon landscape'>\n\t\t\t\t<a href='https:\/\/blogsaverroes.juntadeandalucia.es\/ceiplacanal\/2024\/02\/09\/la-cientifica-vicky-schwarzer-en-radio-la-canal\/vicky-dia-de-la-ciencia-9-febrero-2024-4\/'><img loading=\"lazy\" decoding=\"async\" width=\"150\" height=\"150\" src=\"https:\/\/blogsaverroes.juntadeandalucia.es\/ceiplacanal\/files\/2024\/02\/Vicky-dia-de-la-ciencia-9-febrero-2024-4-150x150.jpeg\" class=\"attachment-thumbnail size-thumbnail\" alt=\"\" srcset=\"https:\/\/blogsaverroes.juntadeandalucia.es\/ceiplacanal\/files\/2024\/02\/Vicky-dia-de-la-ciencia-9-febrero-2024-4-150x150.jpeg 150w, https:\/\/blogsaverroes.juntadeandalucia.es\/ceiplacanal\/files\/2024\/02\/Vicky-dia-de-la-ciencia-9-febrero-2024-4-80x80.jpeg 80w, https:\/\/blogsaverroes.juntadeandalucia.es\/ceiplacanal\/files\/2024\/02\/Vicky-dia-de-la-ciencia-9-febrero-2024-4-320x320.jpeg 320w\" sizes=\"(max-width: 150px) 100vw, 150px\" \/><\/a>\n\t\t\t<\/dt><\/dl><br style=\"clear: both\" \/><dl class='gallery-item'>\n\t\t\t<dt class='gallery-icon landscape'>\n\t\t\t\t<a href='https:\/\/blogsaverroes.juntadeandalucia.es\/ceiplacanal\/2024\/02\/09\/la-cientifica-vicky-schwarzer-en-radio-la-canal\/vicky-dia-de-la-ciencia-9-febrero-2024-5\/'><img loading=\"lazy\" decoding=\"async\" width=\"150\" height=\"150\" src=\"https:\/\/blogsaverroes.juntadeandalucia.es\/ceiplacanal\/files\/2024\/02\/Vicky-dia-de-la-ciencia-9-febrero-2024-5-150x150.jpeg\" class=\"attachment-thumbnail size-thumbnail\" alt=\"\" srcset=\"https:\/\/blogsaverroes.juntadeandalucia.es\/ceiplacanal\/files\/2024\/02\/Vicky-dia-de-la-ciencia-9-febrero-2024-5-150x150.jpeg 150w, https:\/\/blogsaverroes.juntadeandalucia.es\/ceiplacanal\/files\/2024\/02\/Vicky-dia-de-la-ciencia-9-febrero-2024-5-80x80.jpeg 80w, https:\/\/blogsaverroes.juntadeandalucia.es\/ceiplacanal\/files\/2024\/02\/Vicky-dia-de-la-ciencia-9-febrero-2024-5-320x320.jpeg 320w\" sizes=\"(max-width: 150px) 100vw, 150px\" \/><\/a>\n\t\t\t<\/dt><\/dl><dl class='gallery-item'>\n\t\t\t<dt class='gallery-icon landscape'>\n\t\t\t\t<a href='https:\/\/blogsaverroes.juntadeandalucia.es\/ceiplacanal\/2024\/02\/09\/la-cientifica-vicky-schwarzer-en-radio-la-canal\/vicky-dia-de-la-ciencia-9-febrero-2024-1\/'><img loading=\"lazy\" decoding=\"async\" width=\"150\" height=\"150\" src=\"https:\/\/blogsaverroes.juntadeandalucia.es\/ceiplacanal\/files\/2024\/02\/Vicky-dia-de-la-ciencia-9-febrero-2024-1-150x150.jpeg\" class=\"attachment-thumbnail size-thumbnail\" alt=\"\" srcset=\"https:\/\/blogsaverroes.juntadeandalucia.es\/ceiplacanal\/files\/2024\/02\/Vicky-dia-de-la-ciencia-9-febrero-2024-1-150x150.jpeg 150w, https:\/\/blogsaverroes.juntadeandalucia.es\/ceiplacanal\/files\/2024\/02\/Vicky-dia-de-la-ciencia-9-febrero-2024-1-80x80.jpeg 80w, https:\/\/blogsaverroes.juntadeandalucia.es\/ceiplacanal\/files\/2024\/02\/Vicky-dia-de-la-ciencia-9-febrero-2024-1-320x320.jpeg 320w\" sizes=\"(max-width: 150px) 100vw, 150px\" \/><\/a>\n\t\t\t<\/dt><\/dl>\n\t\t\t<br style='clear: both' \/>\n\t\t<\/div>\n\n<ul>\n<li><strong>16 de marzo. Repasamos algunas lecturas realizadas durante lo que llevamos de curso.<\/strong> El objetivo es escucharnos e ir mejorando poco a poco, porque dominando la palabra, escrita y hablada, podemos conseguir lo que nos propongamos.&nbsp; Pero tambi\u00e9n aprovechamos para celebrar el amor, y los alumnos de tercero, nos leen unos preciosos poemas que seguro os sar\u00e1n disfrutar. Empezamos con ellos:<\/li>\n<\/ul>\n<audio class=\"wp-audio-shortcode\" id=\"audio-1829-4\" preload=\"none\" style=\"width: 100%;\" controls=\"controls\"><source type=\"audio\/mpeg\" src=\"https:\/\/www.ivoox.com\/celebramos-dia-san-valentin-3_md_124536444_wp_1.mp3?_=4\" \/><a href=\"https:\/\/www.ivoox.com\/celebramos-dia-san-valentin-3_md_124536444_wp_1.mp3\">https:\/\/www.ivoox.com\/celebramos-dia-san-valentin-3_md_124536444_wp_1.mp3<\/a><\/audio>\n<p><a title=\"Celebramos el d\u00eda de san valent\u00edn con 3\u00ba de primaria\" href=\"https:\/\/go.ivoox.com\/rf\/124536444\">Ir a descargar<\/a><\/p>\n<ul>\n<li><strong>21 marzo: Celebramos el D\u00eda de la Poes\u00eda con Ana Mar\u00eda Romero Yebra. <\/strong>El curso pasado lo hicimos con Gloria Fuertes y nos gust\u00f3 tanto que este a\u00f1o quer\u00edamos volver a celebrar el D\u00eda de la Poes\u00eda. Y en Almer\u00eda, la mejor poetisa y contadora de cuentos es Ana Mar\u00eda Romero Yebra, as\u00ed que nos pusimos en contacto con ella para que nuestros alumnos la conociesen mejor. Fue una actividad muy bonita, que la hemos recogido en esta entrada donde podeis ver el video y la entrevista que grabamos con Ana Mar\u00eda . <a href=\"https:\/\/blogsaverroes.juntadeandalucia.es\/ceiplacanal\/2024\/03\/17\/celebramos-el-dia-de-la-poesia-en-radio-la-canal-con-ana-maria-romero-yebra\/\"><strong>Pincha aqu\u00ed por si quieres verlo.<\/strong><\/a><\/li>\n<\/ul>\n<p><a href=\"https:\/\/blogsaverroes.juntadeandalucia.es\/ceiplacanal\/2024\/04\/19\/agradecimiento-a-ana-maria-romero-yebra\/\">Por cierto, Ana Mar\u00eda como agradecimiento, nos mand\u00f3 sus cuentos.<\/a><\/p>\n<p>&nbsp;<\/p>\n<ul>\n<li><strong>22 marzo. El nacimiento de un Jard\u00edn. Celebramos el D\u00eda del Agua, de los Bosques y de la Poes\u00eda. <\/strong>Con nuestras hadas madrinas, que nos han ense\u00f1ado todo lo que necesitamos para reforestar nuestra isla dentro del mar de pl\u00e1stico, hemos dado forma a nuestro Jard\u00edn Bot\u00e1nico y Po\u00e9tico Canalero. Y como periodistas que somos lo hemos recogido en la siguiente entrada, donde podr\u00e9is ver el video que lo resume todo, y que muestra la transformaci\u00f3n de nuestro patio a trav\u00e9s de la poes\u00eda de Ana Mar\u00eda. <a href=\"https:\/\/blogsaverroes.juntadeandalucia.es\/ceiplacanal\/2024\/04\/01\/el-nacimiento-de-un-jardin-radio-la-canal-celebrando-el-dia-del-agua\/\"><strong>Pincha aqu\u00ed si quieres conocer la historia de nuestro Jard\u00edn.<\/strong><\/a><\/li>\n<\/ul>\n<p>Nuestro trabajo en el Jard\u00edn ha tenido repercusi\u00f3n en los medios de comunicaci\u00f3n, digitales, prensa escrita y televisi\u00f3n. <a href=\"https:\/\/blogsaverroes.juntadeandalucia.es\/ceiplacanal\/2024\/05\/20\/en-los-medios-el-nacimiento-del-jardin-botanico-y-poetico-canalero\/\">Os dejamos el enlace donde las recogemos todas. \u00a1Qu\u00e9 contentos estamos!<\/a><\/p>\n<ul>\n<li><strong>3 Abril. Para celebrar el D\u00eda del Libro infantil y Juvenil,<\/strong> decidimos estrenar nuestro rinc\u00f3n en el patio para contar cuentos. Contamos los cuentos de la Calabaza, para relacionar el crecimiento de nuestras plantas y el respeto de la naturaleza con nuestro Jard\u00edn, que una vez plantado, tenemos que hacer crecer.<\/li>\n<li><strong>12 Abril. Grabamos nuestros cl\u00e1sicos debates,<\/strong> que nos sirven para aprender a escuchar, a hablar en p\u00fablico y saber c\u00f3mo tenemos que comportarnos ante alguien que no est\u00e1 dando sus opiniones.<\/li>\n<li><strong>!7 y 25 abril. Preparamos nuestra participaci\u00f3n en el II Encuentro de Radio Escolares celebrado en la Universidad de Almer\u00eda<\/strong>. Una experiencia maravillosa donde hemos conocido otras radios escolares de la provincia, y que nos ha servido para motivarnos y coger ideas. Os dejamos el video de nuestra experiencia y participaci\u00f3n en el encuentro. Deseando que llegue el del curso que viene, aunque la verdad es que queda mucho y tenemos a\u00fan mucho que aprender. <a href=\"https:\/\/blogsaverroes.juntadeandalucia.es\/ceiplacanal\/2024\/05\/02\/radio-la-canal-en-el-ii-encuentro-de-radios-escolares-en-la-universidad-de-almeria\/\">Pincha aqu\u00ed para verlo.<\/a><\/li>\n<li><strong>29 abril. D\u00eda del Libro.<\/strong> Este a\u00f1o hemos trabajado a Don Quijote y a Miguel de Cervantes para celebrar el D\u00eda del Libro. Se han hecho muchas actividades en cada clase y para cerrarlas, trabajamos un poema que nuestra se\u00f1o Pilar ha adaptado y hemos grabado para todos vosotros. Confiamos que os guste porque nos ha encantado elaborarlo<a href=\"https:\/\/blogsaverroes.juntadeandalucia.es\/ceiplacanal\/2024\/05\/02\/celebrando-el-dia-del-libro-con-don-quijote-y-sancho-panza\/\"><strong>. Pinchad aqu\u00ed para verlo.<\/strong> <\/a><\/li>\n<li><strong>24 de mayo. Apagamos micros.<\/strong>El taller de radio llega a su fin porque ahora hay que centrarse en las evaluaciones finales. Para terminar, decidimos realizar un taller para conocer una de las especies de aves que vienen desde milenios a nuestra provincia, y que por su colorido y porte llaman mucho nuestra atenci\u00f3n, los flamencos. Quisimos conocerlos mejor y elaboramos una preciosa chapa de recuerdo para nuestros alumnos. <a href=\"https:\/\/blogsaverroes.juntadeandalucia.es\/ceiplacanal\/2024\/06\/13\/apagamos-los-micros-de-radio-la-canal-por-este-curso\/\">Todo ello pod\u00e9is verlo en nuestra entrada.&nbsp;<\/a><\/li>\n<li><strong>18 de junio<\/strong>. Vaya susto tuvimos en Radio La Canal. Cuando lo ten\u00edamos todo empaquetado un incendio se produjo en nuestra biblioteca-estudio de grabaci\u00f3n. Al final todo qued\u00f3 en un susto y en una gran fiesta para celebrarlo <a href=\"https:\/\/blogsaverroes.juntadeandalucia.es\/ceiplacanal\/2024\/06\/18\/los-bomberos-en-el-cole-se-quema-radio-la-canal\/\">\u00bfQuieres verlo? Pues pincha aqu\u00ed.<\/a><\/li>\n<\/ul>\n<p>&nbsp;<\/p>\n","protected":false},"excerpt":{"rendered":"<p>Hola, hola, vuelve Radio La Canal Gracias al Programa M\u00e1s Equidad de la Consejer\u00eda de Desarrollo Educativo y de Formaci\u00f3n Profesional, arrancamos la IV Temporada de Radio La Canal, el taller de Radio, Educaci\u00f3n&#46;&#46;&#46;<\/p>\n","protected":false},"author":13360,"featured_media":0,"parent":0,"menu_order":0,"comment_status":"closed","ping_status":"closed","template":"","meta":{"ngg_post_thumbnail":0,"footnotes":""},"aioseo_notices":[],"_links":{"self":[{"href":"https:\/\/blogsaverroes.juntadeandalucia.es\/ceiplacanal\/wp-json\/wp\/v2\/pages\/1829"}],"collection":[{"href":"https:\/\/blogsaverroes.juntadeandalucia.es\/ceiplacanal\/wp-json\/wp\/v2\/pages"}],"about":[{"href":"https:\/\/blogsaverroes.juntadeandalucia.es\/ceiplacanal\/wp-json\/wp\/v2\/types\/page"}],"author":[{"embeddable":true,"href":"https:\/\/blogsaverroes.juntadeandalucia.es\/ceiplacanal\/wp-json\/wp\/v2\/users\/13360"}],"replies":[{"embeddable":true,"href":"https:\/\/blogsaverroes.juntadeandalucia.es\/ceiplacanal\/wp-json\/wp\/v2\/comments?post=1829"}],"version-history":[{"count":14,"href":"https:\/\/blogsaverroes.juntadeandalucia.es\/ceiplacanal\/wp-json\/wp\/v2\/pages\/1829\/revisions"}],"predecessor-version":[{"id":1933,"href":"https:\/\/blogsaverroes.juntadeandalucia.es\/ceiplacanal\/wp-json\/wp\/v2\/pages\/1829\/revisions\/1933"}],"wp:attachment":[{"href":"https:\/\/blogsaverroes.juntadeandalucia.es\/ceiplacanal\/wp-json\/wp\/v2\/media?parent=1829"}],"curies":[{"name":"wp","href":"https:\/\/api.w.org\/{rel}","templated":true}]}}