{"id":42,"date":"2015-03-13T08:40:47","date_gmt":"2015-03-13T08:40:47","guid":{"rendered":"http:\/\/blogsaverroes.juntadeandalucia.es\/pre\/ceip\/?page_id=42"},"modified":"2025-09-04T08:52:14","modified_gmt":"2025-09-04T08:52:14","slug":"claustro","status":"publish","type":"page","link":"https:\/\/blogsaverroes.juntadeandalucia.es\/ceiplainmaculada\/claustro\/","title":{"rendered":"CLAUSTRO 25-26"},"content":{"rendered":"<h3 style=\"text-align: center\"><span style=\"color: #008080\"><strong>CURSO 2025-2026<\/strong><\/span><\/h3>\n<p><span style=\"color: #008080\"><strong>EQUIPO DIRECTIVO<\/strong>:<\/span><\/p>\n<ul>\n<li>Director: Jos\u00e9 Daniel Borrego Ib\u00e1\u00f1ez<\/li>\n<li>Jefe de Estudios: Gerardo Jorge Cuevas Arco<\/li>\n<li>Secretaria: Mar\u00eda Isabel Garc\u00eda Bravo<\/li>\n<\/ul>\n<p>&nbsp;<\/p>\n<p><span style=\"color: #008080\"><strong>TUTORES Y TUTORAS: <\/strong><\/span><\/p>\n<ul style=\"list-style-type: disc\">\n<li>Infantil 3 a\u00f1os: Mar\u00eda Jos\u00e9 Orellana Hoyo&nbsp;<\/li>\n<li>Infantil 4 a\u00f1os: Francisca Bancalero P\u00e9rez&nbsp;<\/li>\n<li>Infantil 5 a\u00f1os : Irene Vega Pasqu\u00edn&nbsp;<\/li>\n<li>1\u00ba Primaria: Roberto Carlos Arag\u00f3n Ortega<\/li>\n<li>2\u00ba Primaria: Marta Navarro Heredia<\/li>\n<li>3\u00ba Primaria A: Rosal\u00eda P\u00e9rez Fopiani&nbsp;<\/li>\n<li>4\u00ba Primaria: Tamara Pecci Verdugo<\/li>\n<li>5\u00ba Primaria A: Gerardo Jorge Cuevas Arco<\/li>\n<li>5\u00ba Primaria B: Alicia Garc\u00eda Guaita<\/li>\n<li>6\u00ba Primaria A: Laura Romero Oller<\/li>\n<li>6\u00ba Primaria B: Mar\u00eda Jes\u00fas Mu\u00f1oz Castro<\/li>\n<\/ul>\n<p>&nbsp;<\/p>\n<p><span style=\"color: #008080\"><strong>ESPECIALISTAS: <\/strong><\/span><\/p>\n<ul>\n<li>Pedagog\u00eda Terap\u00e9utica: Bego\u00f1a Marz\u00e1n Gonz\u00e1lez<\/li>\n<li>Audici\u00f3n y Lenguaje: Yolanda Ruz Carrero<\/li>\n<li>Educaci\u00f3n F\u00edsica Biling\u00fce: Sara Castro P\u00e9rez y Mar\u00eda Isabel Garc\u00eda Bravo<\/li>\n<li>M\u00fasica Biling\u00fce: Rosal\u00eda P\u00e9rez Fopiani<\/li>\n<li>Religi\u00f3n: M\u00aa Carmen Ib\u00e1\u00f1ez Bulpe y Vanesa V\u00e1zquez Crespo&nbsp;<\/li>\n<li>Ingl\u00e9s: Roberto Carlos Arag\u00f3n Ortega y Daniel Burgos Silva<\/li>\n<li>Franc\u00e9s: Laura Romero Oller<\/li>\n<li>Orientaci\u00f3n:&nbsp;<\/li>\n<\/ul>\n<p>&nbsp;<\/p>\n<p><span style=\"color: #008080\"><strong>COORDINADORES Y COORDINADORAS DE CICLO<\/strong>:<\/span><\/p>\n<ul>\n<li>Infantil: Mar\u00eda Jos\u00e9 Orellana Hoyo<\/li>\n<li>Primer Ciclo de Primaria: Marta Navarro Heredia<\/li>\n<li>Segundo Ciclo de Primaria: Rosal\u00eda P\u00e9rez Fopiani<\/li>\n<li>Tercer Ciclo de Primaria: Laura Romero Oller<\/li>\n<li>Orientaci\u00f3n: Bego\u00f1a Marz\u00e1n Gonz\u00e1lez<\/li>\n<\/ul>\n","protected":false},"excerpt":{"rendered":"<p>CURSO 2025-2026 EQUIPO DIRECTIVO: Director: Jos\u00e9 Daniel Borrego Ib\u00e1\u00f1ez Jefe de Estudios: Gerardo Jorge Cuevas Arco Secretaria: Mar\u00eda Isabel Garc\u00eda Bravo &nbsp; TUTORES Y TUTORAS: Infantil 3 a\u00f1os: Mar\u00eda Jos\u00e9 Orellana Hoyo&nbsp; Infantil 4 a\u00f1os:&#46;&#46;&#46;<\/p>\n","protected":false},"author":1,"featured_media":0,"parent":0,"menu_order":0,"comment_status":"closed","ping_status":"open","template":"","meta":{"ngg_post_thumbnail":0,"footnotes":"","_mc_calendar":[]},"aioseo_notices":[],"_links":{"self":[{"href":"https:\/\/blogsaverroes.juntadeandalucia.es\/ceiplainmaculada\/wp-json\/wp\/v2\/pages\/42"}],"collection":[{"href":"https:\/\/blogsaverroes.juntadeandalucia.es\/ceiplainmaculada\/wp-json\/wp\/v2\/pages"}],"about":[{"href":"https:\/\/blogsaverroes.juntadeandalucia.es\/ceiplainmaculada\/wp-json\/wp\/v2\/types\/page"}],"author":[{"embeddable":true,"href":"https:\/\/blogsaverroes.juntadeandalucia.es\/ceiplainmaculada\/wp-json\/wp\/v2\/users\/1"}],"replies":[{"embeddable":true,"href":"https:\/\/blogsaverroes.juntadeandalucia.es\/ceiplainmaculada\/wp-json\/wp\/v2\/comments?post=42"}],"version-history":[{"count":30,"href":"https:\/\/blogsaverroes.juntadeandalucia.es\/ceiplainmaculada\/wp-json\/wp\/v2\/pages\/42\/revisions"}],"predecessor-version":[{"id":12020,"href":"https:\/\/blogsaverroes.juntadeandalucia.es\/ceiplainmaculada\/wp-json\/wp\/v2\/pages\/42\/revisions\/12020"}],"wp:attachment":[{"href":"https:\/\/blogsaverroes.juntadeandalucia.es\/ceiplainmaculada\/wp-json\/wp\/v2\/media?parent=42"}],"curies":[{"name":"wp","href":"https:\/\/api.w.org\/{rel}","templated":true}]}}