{"id":77,"date":"2015-03-16T06:54:56","date_gmt":"2015-03-16T06:54:56","guid":{"rendered":"http:\/\/blogsaverroes.juntadeandalucia.es\/pre\/ceip\/?page_id=77"},"modified":"2024-03-03T12:02:12","modified_gmt":"2024-03-03T12:02:12","slug":"secretaria","status":"publish","type":"page","link":"https:\/\/blogsaverroes.juntadeandalucia.es\/ceiplamolina\/secretaria\/","title":{"rendered":"Secretar\u00eda"},"content":{"rendered":"<h1 style=\"text-align: center\"><span style=\"color: #008000\">ESCOLARIZACI\u00d3N<\/span><\/h1>\n<h1 style=\"text-align: center\"><span style=\"color: #008000\">&nbsp;CURSO 2024\/25<\/span><\/h1>\n<p style=\"text-align: justify\"><strong>La Consejer\u00eda de Educaci\u00f3n y Deporte convoca el procedimiento de admisi\u00f3n del alumnado en los centros docentes p\u00fablicos y privados concertados para cursar las ense\u00f1anzas de segundo ciclo de educaci\u00f3n infantil, educaci\u00f3n primaria, educaci\u00f3n especial, educaci\u00f3n secundaria obligatoria y bachillerato para el curso escolar 2024\/25.<\/strong><\/p>\n<p style=\"text-align: justify\">Durante todo el mes de marzo permanecer\u00e1 abierto en Andaluc\u00eda el plazo para la presentaci\u00f3n de solicitudes de admisi\u00f3n correspondientes al curso escolar 2024\/25 en la red de centros sostenidos con fondos p\u00fablicos. Se inicia de este modo el proceso de escolarizaci\u00f3n en el que participan todos los ni\u00f1os y ni\u00f1as que se incorporan por primera vez al sistema educativo, tanto en centros p\u00fablicos como privados concertados, as\u00ed como el alumnado que cambie de centro escolar.<\/p>\n<p style=\"text-align: justify\">Entre los d\u00edas 1 marzo y 1 de abril<b>,<\/b>&nbsp;ambos inclusive, deber\u00e1n presentar su solicitud los escolares de segundo ciclo de educaci\u00f3n infantil, educaci\u00f3n primaria, educaci\u00f3n especial, educaci\u00f3n secundaria obligatoria y bachillerato.<\/p>\n<p style=\"text-align: justify\">Contin\u00faa publicada, con nuevas mejoras, la aplicaci\u00f3n para smartphones que permite realizar consultas de centros as\u00ed como de los puntos del baremo por domicilio.<\/p>\n<p style=\"text-align: justify\">Por su parte, los centros educativos publican la relaci\u00f3n de puestos escolares vacantes as\u00ed como la informaci\u00f3n sobre las direcciones catastrales comprendidas en sus \u00e1reas de influencia y \u00e1reas lim\u00edtrofes. Cuando la oferta de plazas coincida o sea superior a la demanda, los solicitantes ser\u00e1n admitidos y solo en aquellos casos donde no se pueda atender toda la demanda, se proceder\u00e1 a la baremaci\u00f3n de las solicitudes.&nbsp;<\/p>\n<p style=\"text-align: justify\">Los centros har\u00e1n p\u00fablica en su tabl\u00f3n de anuncios, antes del 16 de abril, la relaci\u00f3n de solicitantes con la puntuaci\u00f3n asignada y, a partir de esa fecha, se abrir\u00e1 un plazo de 10 d\u00edas lectivos para la presentaci\u00f3n de alegaciones. Si tras la aplicaci\u00f3n de los criterios de baremaci\u00f3n se producen empates, se aplicar\u00e1 el resultado del sorteo p\u00fablico que se celebrar\u00e1 el d\u00eda 13 de mayo de 2024. La relaci\u00f3n definitiva de admitidos y no admitidos saldr\u00e1 el 14 de mayo.<\/p>\n<p style=\"text-align: justify\">Criterios de Admisi\u00f3n:<\/p>\n<ol style=\"text-align: justify\" start=\"1\">\n<li>Existencia de hermanos o hermanas matriculados en el centro.<\/li>\n<li>Proximidad del domicilio familiar o del lugar de trabajo del padre, de la madre o de la persona tutora o guardadora legal.<\/li>\n<li>Renta per c\u00e1pita anual de la unidad familiar.<\/li>\n<li>Concurrencia de discapacidad legalmente reconocida del alumno o la alumna, de sus padres, madres, tutores o guardadores legales, o de alguno de sus hermanos o hermanas o menores en acogimiento en la misma unidad familiar. En el segundo ciclo de la educaci\u00f3n infantil se considerar\u00e1 tambi\u00e9n la presencia en el alumnado de trastornos en el desarrollo.<\/li>\n<li>Que el alumno o la alumna pertenezca a una familia con la condici\u00f3n de numerosa.<\/li>\n<li>Que el alumno o la alumna pertenezca a una familia con la condici\u00f3n de monoparental y sea menor de edad o mayor de edad sujeto a patria potestad prorrogada o tutela.<\/li>\n<li>Que el alumno o la alumna pertenezca a una familia no numerosa ni monoparental en la que tenga un \u00fanico hermano o hermana.<\/li>\n<li>Que quien o quienes ostenten la guarda y custodia del alumno o alumna realicen una actividad laboral o profesional remunerada.<\/li>\n<li>Que el alumno o la alumna est\u00e9 matriculado en el primer ciclo de la educaci\u00f3n infantil en un centro autorizado para ello.&nbsp;<\/li>\n<li>Que el alumno haya nacido de parto m\u00faltiple.<\/li>\n<\/ol>\n<p style=\"text-align: justify\">Para atender consultas sobre todo el proceso de escolarizaci\u00f3n, la Consejer\u00eda ha habilitado un tel\u00e9fono gratuito de informaci\u00f3n (900 848 000), en horario ininterrumpido de 8.00 a 19.00 horas.<\/p>\n<p>&nbsp;<\/p>\n<h2 style=\"text-align: center\"><span style=\"color: #ff0000\">INFORMACI\u00d3N FAMILIAS NUEVO ALUMNADO<\/span><\/h2>\n<p>&nbsp;<\/p>\n<ul>\n<li>\n<p align=\"LEFT\"><span style=\"font-family: Verdana, serif\">Alumnado de <\/span><span style=\"font-family: Verdana, serif\"><b>3 a\u00f1os<\/b><\/span><span style=\"font-family: Verdana, serif\"> (nacidos en 2021)<\/span><\/p>\n<\/li>\n<li>\n<p align=\"LEFT\"><span style=\"font-family: Verdana, serif\">Resto de cursos: Sin escolarizar o procedentes de otros Centros.<\/span><\/p>\n<\/li>\n<\/ul>\n<p><span style=\"font-family: Verdana, serif\">Plazo de presentaci\u00f3n de solicitudes: <\/span><span style=\"font-family: Verdana, serif\"><b>Del 1 de marzo al 1 de abril de 2024<\/b><\/span><\/p>\n<ul>\n<li><span style=\"font-family: Verdana, serif\"><b>Presencial:<\/b><\/span><span style=\"font-family: Verdana, serif\"> La <\/span><span style=\"font-family: Verdana, serif\"><u>solicitud<\/u><\/span><span style=\"font-family: Verdana, serif\"> (ANEXO III) y <\/span><span style=\"font-family: Verdana, serif\"><u>documentaci\u00f3n<\/u><\/span><span style=\"font-family: Verdana, serif\"> (fotocopia <\/span><span style=\"font-family: Verdana, serif\"><b>DNI\/NIE padre y madre<\/b><\/span><span style=\"font-family: Verdana, serif\"> o tutores legales y fotocopia del <\/span><span style=\"font-family: Verdana, serif\"><b>Libro de Familia<\/b><\/span><span style=\"font-family: Verdana, serif\">) se entregan en Secretar\u00eda en horario de 09:00-12:00 h. Antes de rellenar la solicitud, por favor, leer atentamente las instrucciones.<\/span><\/li>\n<li><span style=\"font-family: Verdana, serif\"><b>Telem\u00e1tica: <\/b><\/span><span style=\"font-family: Verdana, serif\"><span style=\"font-family: Verdana, serif\">A trav\u00e9s de la Secretar\u00eda Virtual de la web Consejer\u00eda de Educaci\u00f3n de la Junta de Andaluc\u00eda <\/span><\/span>o de la <b>app iEscolariza<\/b><\/li>\n<\/ul>\n<p><span style=\"font-family: Verdana, serif\">Tel\u00e9fono gratuito Consejer\u00eda de Educaci\u00f3n <\/span><span style=\"font-family: Verdana, serif\"><u>900 848 000<\/u><\/span><\/p>\n<p><span style=\"font-family: Verdana, serif\">Toda la informaci\u00f3n del proceso de Escolarizaci\u00f3n ser\u00e1 publicada en el tabl\u00f3n de anuncios y en la web del centro:<\/span><\/p>\n<p><span style=\"font-family: Verdana, serif\">https:\/\/blogsaverroes.juntadeandalucia.es\/ceiplamolina\/<\/span><\/p>\n<p>\u25aa <span style=\"font-family: Verdana, serif\">Para cualquier duda o consulta puede llamar a Secretar\u00eda <\/span><span style=\"font-family: Verdana, serif\"><b>950153330<\/b><\/span><span style=\"font-family: Verdana, serif\"> o por email <\/span><span style=\"font-family: Verdana, serif\"><b>secretariacolegiolamolina@gmail.com<\/b><\/span><\/p>\n<p style=\"text-align: justify\"><u><b>IMPORTANTE<\/b><\/u><b>: En el tabl\u00f3n de anuncios del Centro se publicar\u00e1n todas las listas del alumnado (puntuaci\u00f3n\/admitidos). Las familias deben de estar pendientes a estas fechas para saber en qu\u00e9 colegio est\u00e1 admitido su hijo\/a y as\u00ed formalizar MATR\u00cdCULA entre el 1 y 10 de JUNIO<\/b><\/p>\n<p align=\"LEFT\"><span style=\"font-family: Verdana, serif\"><b>Calendario:<\/b><\/span><\/p>\n<p><span style=\"font-family: Verdana, serif\"><b>Del 1 de marzo al 1 de abril:<\/b><\/span><span style=\"font-family: Verdana, serif\"> Presentaci\u00f3n de solicitudes (ANEXO III) + documentaci\u00f3n<\/span><\/p>\n<p><span style=\"font-family: Verdana, serif\"><b>12 de abril: <\/b>Publicaci\u00f3n de la relaci\u00f3n de solicitantes<\/span><\/p>\n<p><strong>15 de abril:<\/strong> <u>Relaci\u00f3n del alumnado con la puntuaci\u00f3n total<\/u><\/p>\n<p><span style=\"font-family: Verdana, serif\"><b>16 de abril:<\/b><\/span><span style=\"font-family: Verdana, serif\"> Tr\u00e1mite de audiencia (reclamaciones)<\/span><\/p>\n<p><span style=\"font-family: Verdana, serif\"><b>13 de mayo:<\/b><\/span><span style=\"font-family: Verdana, serif\"> Sorteo p\u00fablico en caso de empate<\/span><\/p>\n<p><span style=\"font-family: Verdana, serif\"><b>14 de mayo:<\/b><\/span><span style=\"font-family: Verdana, serif\"> Resoluci\u00f3n del proceso de admisi\u00f3n (ADMITIDOS)<\/span><\/p>\n<p><span style=\"font-family: Verdana, serif\"><b>24 de mayo:<\/b><\/span><span style=\"font-family: Verdana, serif\"> Reubicaci\u00f3n (adjudicaci\u00f3n de plazas del alumnado no admitido)<\/span><\/p>\n<p><span style=\"font-family: Verdana, serif\"><b>25 de mayo:<\/b><\/span><span style=\"font-family: Verdana, serif\"> Recursos de alzada\/reclamaciones<\/span><\/p>\n<p><span style=\"font-family: Verdana, serif\"><b>Del 1 al 10 de junio:<\/b><\/span> <span style=\"font-family: Verdana, serif\"><b>MATRICULACI\u00d3N <\/b><\/span><span style=\"font-family: Verdana, serif\">Las familias que no formalicen matr\u00edcula en plazo, perder\u00e1n su derecho de admisi\u00f3n.<\/span><\/p>\n<p><span style=\"font-family: Verdana, serif\">Tambi\u00e9n puede solicitar los servicios del Plan de Familia (Aula matinal\/Comedor\/Actividades extraescolares) en Secretar\u00eda o de forma telem\u00e1tica. Las solicitudes estar\u00e1n disponibles en Secretar\u00eda de 9:00-12:00h y el plazo es del 1 al 10 de junio.<\/span><\/p>\n<dl>\n<dd>\n<table class=\"aligncenter\" border=\"1\" width=\"261\" cellspacing=\"0\" cellpadding=\"7\">\n<colgroup>\n<col width=\"124\">\n<col width=\"107\"> <\/colgroup>\n<tbody>\n<tr>\n<td colspan=\"2\" valign=\"TOP\" width=\"245\">\n<p align=\"CENTER\"><b>VACANTES CEIP LA MOLINA<\/b><\/p>\n<\/td>\n<\/tr>\n<tr valign=\"TOP\">\n<td width=\"124\"><b>3 a\u00f1os Infantil<\/b><\/td>\n<td width=\"107\">\n<p align=\"CENTER\"><span style=\"color: #ff0000\"><b>75<\/b><\/span><\/p>\n<\/td>\n<\/tr>\n<tr valign=\"TOP\">\n<td width=\"124\"><b>4 a\u00f1os Infantil<\/b><\/td>\n<td width=\"107\">\n<p align=\"CENTER\"><span style=\"color: #ff0000\"><b>2<\/b><\/span><\/p>\n<\/td>\n<\/tr>\n<tr valign=\"TOP\">\n<td width=\"124\"><b>5 a\u00f1os Infantil<\/b><\/td>\n<td width=\"107\">\n<p align=\"CENTER\"><b>0<\/b><\/p>\n<\/td>\n<\/tr>\n<tr valign=\"TOP\">\n<td width=\"124\"><b>1\u00ba Primaria<\/b><\/td>\n<td width=\"107\">\n<p align=\"CENTER\"><b>0<\/b><\/p>\n<\/td>\n<\/tr>\n<tr valign=\"TOP\">\n<td width=\"124\"><b>2\u00ba Primaria<\/b><\/td>\n<td width=\"107\">\n<p align=\"CENTER\"><b>0<\/b><\/p>\n<\/td>\n<\/tr>\n<tr valign=\"TOP\">\n<td width=\"124\"><b>3\u00ba Primaria<\/b><\/td>\n<td width=\"107\">\n<p align=\"CENTER\"><span style=\"color: #ff0000\"><b>1<\/b><\/span><\/p>\n<\/td>\n<\/tr>\n<tr valign=\"TOP\">\n<td width=\"124\"><b>4\u00ba Primaria<\/b><\/td>\n<td width=\"107\">\n<p align=\"CENTER\"><b>0<\/b><\/p>\n<\/td>\n<\/tr>\n<tr valign=\"TOP\">\n<td width=\"124\"><b>5\u00ba Primaria<\/b><\/td>\n<td width=\"107\">\n<p align=\"CENTER\"><b>0<\/b><\/p>\n<\/td>\n<\/tr>\n<tr valign=\"TOP\">\n<td width=\"124\"><b>6\u00ba Primaria<\/b><\/td>\n<td width=\"107\">\n<p align=\"CENTER\"><b>0<\/b><\/p>\n<\/td>\n<\/tr>\n<tr valign=\"TOP\">\n<td width=\"124\"><b>AULA ESPEC\u00cdFICA<\/b><\/td>\n<td width=\"107\">\n<p align=\"CENTER\"><b>0<\/b><\/p>\n<\/td>\n<\/tr>\n<tr valign=\"TOP\">\n<td width=\"124\"><b>AULA TEA<\/b><\/td>\n<td width=\"107\">\n<p align=\"CENTER\"><b>0<\/b><\/p>\n<\/td>\n<\/tr>\n<\/tbody>\n<\/table>\n<\/dd>\n<\/dl>\n<p>&nbsp;<\/p>\n<p>&nbsp;<\/p>\n<p style=\"text-align: center\"><div class=\"_3d-flip-book  fb3d-fullscreen-mode full-size\" data-id=\"4013\" data-mode=\"fullscreen\" data-title=\"false\" data-template=\"short-white-book-view\" data-lightbox=\"dark-shadow\" data-urlparam=\"fb3d-page\" data-page-n=\"0\" data-pdf=\"\" data-tax=\"null\" data-thumbnail=\"\" data-cols=\"3\" data-book-template=\"default\" data-trigger=\"\"><\/div><script type=\"text\/javascript\">window.FB3D_CLIENT_DATA = window.FB3D_CLIENT_DATA || [];FB3D_CLIENT_DATA.push('eyJwb3N0cyI6eyI0MDEzIjp7IklEIjo0MDEzLCJ0aXRsZSI6IkFuZXhvIElJSSIsInR5cGUiOiJwZGYiLCJyZWFkeV9mdW5jdGlvbiI6IiIsImJvb2tfc3R5bGUiOiJ2b2x1bWUiLCJib29rX3RlbXBsYXRlIjoibm9uZSIsIm91dGxpbmUiOltdLCJkYXRhIjp7InBvc3RfSUQiOiI1MDM0IiwiZ3VpZCI6Imh0dHBzOlwvXC9ibG9nc2F2ZXJyb2VzLmp1bnRhZGVhbmRhbHVjaWEuZXNcL2NlaXBsYW1vbGluYVwvZmlsZXNcLzIwMjJcLzAyXC9BTkVYTy1JSUktMjAyNC0yNS5wZGYiLCJwZGZfcGFnZXMiOiI5IiwicGFnZXNfY3VzdG9taXphdGlvbiI6Im5vbmUifSwidGh1bWJuYWlsIjp7ImRhdGEiOnsicG9zdF9JRCI6IjQ2MDUifSwidHlwZSI6Im1lZGlhSW1hZ2UifSwicHJvcHMiOnsiaGVpZ2h0IjoiYXV0byIsIndpZHRoIjoiYXV0byIsImdyYXZpdHkiOiJhdXRvIiwiY2FjaGVkUGFnZXMiOiJhdXRvIiwicmVuZGVySW5hY3RpdmVQYWdlcyI6ImF1dG8iLCJyZW5kZXJJbmFjdGl2ZVBhZ2VzT25Nb2JpbGUiOiJhdXRvIiwicmVuZGVyV2hpbGVGbGlwcGluZyI6ImF1dG8iLCJwYWdlc0ZvclByZWRpY3RpbmciOiJhdXRvIiwicHJlbG9hZFBhZ2VzIjoiYXV0byIsInJ0bCI6ImF1dG8iLCJzaGVldCI6eyJzdGFydFZlbG9jaXR5IjoiYXV0byIsImNvcm5lckRldmlhdGlvbiI6ImF1dG8iLCJmbGV4aWJpbGl0eSI6ImF1dG8iLCJmbGV4aWJsZUNvcm5lciI6ImF1dG8iLCJiZW5kaW5nIjoiYXV0byIsIndhdmUiOiJhdXRvIiwid2lkdGhUZXhlbHMiOiJhdXRvIiwiaGVpZ2h0VGV4ZWxzIjoiYXV0byIsImNvbG9yIjoiYXV0byJ9LCJjb3ZlciI6eyJzdGFydFZlbG9jaXR5IjoiYXV0byIsImZsZXhpYmlsaXR5IjoiYXV0byIsImZsZXhpYmxlQ29ybmVyIjoiYXV0byIsImJlbmRpbmciOiJhdXRvIiwid2F2ZSI6ImF1dG8iLCJ3aWR0aFRleGVscyI6ImF1dG8iLCJoZWlnaHRUZXhlbHMiOiJhdXRvIiwiY29sb3IiOiJhdXRvIiwiYmluZGVyVGV4dHVyZSI6ImF1dG8iLCJkZXB0aCI6ImF1dG8iLCJwYWRkaW5nIjoiYXV0byIsIm1hc3MiOiJhdXRvIn0sInBhZ2UiOnsic3RhcnRWZWxvY2l0eSI6ImF1dG8iLCJmbGV4aWJpbGl0eSI6ImF1dG8iLCJmbGV4aWJsZUNvcm5lciI6ImF1dG8iLCJiZW5kaW5nIjoiYXV0byIsIndhdmUiOiJhdXRvIiwid2lkdGhUZXhlbHMiOiJhdXRvIiwiaGVpZ2h0VGV4ZWxzIjoiYXV0byIsImNvbG9yIjoiYXV0byIsImRlcHRoIjoiYXV0byIsIm1hc3MiOiJhdXRvIn19LCJjb250cm9sUHJvcHMiOnsiYWN0aW9ucyI6eyJjbWRTYXZlIjp7ImVuYWJsZWQiOiJhdXRvIn0sImNtZFByaW50Ijp7ImVuYWJsZWQiOiJhdXRvIn0sImNtZFNpbmdsZVBhZ2UiOnsiZW5hYmxlZCI6ImF1dG8iLCJhY3RpdmUiOiJhdXRvIn19fSwiYXV0b1RodW1ibmFpbCI6bnVsbCwicG9zdF9uYW1lIjoiYW5leG8taWlpIiwicG9zdF90eXBlIjoiM2QtZmxpcC1ib29rIn19LCJwYWdlcyI6W10sImZpcnN0UGFnZXMiOltdfQ==');window.FB3D_CLIENT_LOCALE && FB3D_CLIENT_LOCALE.render && FB3D_CLIENT_LOCALE.render();<\/script><\/p>\n<p>&nbsp;<\/p>\n<p style=\"text-align: center\"><div class=\"_3d-flip-book  fb3d-fullscreen-mode full-size\" data-id=\"4606\" data-mode=\"fullscreen\" data-title=\"false\" data-template=\"short-white-book-view\" data-lightbox=\"dark-shadow\" data-urlparam=\"fb3d-page\" data-page-n=\"0\" data-pdf=\"\" data-tax=\"null\" data-thumbnail=\"\" data-cols=\"3\" data-book-template=\"default\" data-trigger=\"\"><\/div><script type=\"text\/javascript\">window.FB3D_CLIENT_DATA = window.FB3D_CLIENT_DATA || [];FB3D_CLIENT_DATA.push('eyJwb3N0cyI6eyI0NjA2Ijp7IklEIjo0NjA2LCJ0aXRsZSI6IkluZm9ybWFjaVx1MDBmM24gYSBsYXMgZmFtaWxpYXMgZXNjb2xhcml6YWNpXHUwMGYzbiIsInR5cGUiOiJwZGYiLCJyZWFkeV9mdW5jdGlvbiI6IiIsImJvb2tfc3R5bGUiOiJ2b2x1bWUiLCJib29rX3RlbXBsYXRlIjoibm9uZSIsIm91dGxpbmUiOltdLCJkYXRhIjp7InBvc3RfSUQiOiI1MDM1IiwiZ3VpZCI6Imh0dHBzOlwvXC9ibG9nc2F2ZXJyb2VzLmp1bnRhZGVhbmRhbHVjaWEuZXNcL2NlaXBsYW1vbGluYVwvZmlsZXNcLzIwMjNcLzAzXC9DQUxFTkRBUklPLVBST0NFU08tQURNSVNJXHUwMGQzTi5wZGYiLCJwZGZfcGFnZXMiOiIxIiwicGFnZXNfY3VzdG9taXphdGlvbiI6Im5vbmUifSwidGh1bWJuYWlsIjp7ImRhdGEiOnsicG9zdF9JRCI6IjAifSwidHlwZSI6ImF1dG8ifSwicHJvcHMiOnsiaGVpZ2h0IjoiYXV0byIsIndpZHRoIjoiYXV0byIsImdyYXZpdHkiOiJhdXRvIiwiY2FjaGVkUGFnZXMiOiJhdXRvIiwicmVuZGVySW5hY3RpdmVQYWdlcyI6ImF1dG8iLCJyZW5kZXJJbmFjdGl2ZVBhZ2VzT25Nb2JpbGUiOiJhdXRvIiwicmVuZGVyV2hpbGVGbGlwcGluZyI6ImF1dG8iLCJwYWdlc0ZvclByZWRpY3RpbmciOiJhdXRvIiwicHJlbG9hZFBhZ2VzIjoiYXV0byIsInJ0bCI6ImF1dG8iLCJzaGVldCI6eyJzdGFydFZlbG9jaXR5IjoiYXV0byIsImNvcm5lckRldmlhdGlvbiI6ImF1dG8iLCJmbGV4aWJpbGl0eSI6ImF1dG8iLCJmbGV4aWJsZUNvcm5lciI6ImF1dG8iLCJiZW5kaW5nIjoiYXV0byIsIndhdmUiOiJhdXRvIiwid2lkdGhUZXhlbHMiOiJhdXRvIiwiaGVpZ2h0VGV4ZWxzIjoiYXV0byIsImNvbG9yIjoiYXV0byJ9LCJjb3ZlciI6eyJzdGFydFZlbG9jaXR5IjoiYXV0byIsImZsZXhpYmlsaXR5IjoiYXV0byIsImZsZXhpYmxlQ29ybmVyIjoiYXV0byIsImJlbmRpbmciOiJhdXRvIiwid2F2ZSI6ImF1dG8iLCJ3aWR0aFRleGVscyI6ImF1dG8iLCJoZWlnaHRUZXhlbHMiOiJhdXRvIiwiY29sb3IiOiJhdXRvIiwiYmluZGVyVGV4dHVyZSI6ImF1dG8iLCJkZXB0aCI6ImF1dG8iLCJwYWRkaW5nIjoiYXV0byIsIm1hc3MiOiJhdXRvIn0sInBhZ2UiOnsic3RhcnRWZWxvY2l0eSI6ImF1dG8iLCJmbGV4aWJpbGl0eSI6ImF1dG8iLCJmbGV4aWJsZUNvcm5lciI6ImF1dG8iLCJiZW5kaW5nIjoiYXV0byIsIndhdmUiOiJhdXRvIiwid2lkdGhUZXhlbHMiOiJhdXRvIiwiaGVpZ2h0VGV4ZWxzIjoiYXV0byIsImNvbG9yIjoiYXV0byIsImRlcHRoIjoiYXV0byIsIm1hc3MiOiJhdXRvIn19LCJjb250cm9sUHJvcHMiOnsiYWN0aW9ucyI6eyJjbWRTYXZlIjp7ImVuYWJsZWQiOiJhdXRvIn0sImNtZFByaW50Ijp7ImVuYWJsZWQiOiJhdXRvIn0sImNtZFNpbmdsZVBhZ2UiOnsiZW5hYmxlZCI6ImF1dG8iLCJhY3RpdmUiOiJhdXRvIn19fSwiYXV0b1RodW1ibmFpbCI6bnVsbCwicG9zdF9uYW1lIjoiaW5mb3JtYWNpb24tYS1sYXMtZmFtaWxpYXMtZXNjb2xhcml6YWNpb24iLCJwb3N0X3R5cGUiOiIzZC1mbGlwLWJvb2sifX0sInBhZ2VzIjpbXSwiZmlyc3RQYWdlcyI6W119');window.FB3D_CLIENT_LOCALE && FB3D_CLIENT_LOCALE.render && FB3D_CLIENT_LOCALE.render();<\/script><\/p>\n<p>&nbsp;<\/p>\n<p>&nbsp;<\/p>\n<p>&nbsp;<\/p>\n<p style=\"text-align: center\"><a href=\"https:\/\/blogsaverroes.juntadeandalucia.es\/ceiplamolina\/files\/2021\/02\/religion.png\"><img decoding=\"async\" class=\"alignnone wp-image-2437\" src=\"https:\/\/blogsaverroes.juntadeandalucia.es\/ceiplamolina\/files\/2021\/02\/religion-300x300.png\" alt=\"\" width=\"107\" height=\"107\" srcset=\"https:\/\/blogsaverroes.juntadeandalucia.es\/ceiplamolina\/files\/2021\/02\/religion-300x300.png 300w, https:\/\/blogsaverroes.juntadeandalucia.es\/ceiplamolina\/files\/2021\/02\/religion-150x150.png 150w, https:\/\/blogsaverroes.juntadeandalucia.es\/ceiplamolina\/files\/2021\/02\/religion.png 512w\" sizes=\"(max-width: 107px) 100vw, 107px\" \/> <\/a><a href=\"https:\/\/blogsaverroes.juntadeandalucia.es\/ceiplamolina\/files\/2021\/02\/ANEXO-RELIGION.pdf\">ANEXO-RELIGI\u00d3N<\/a><\/p>\n<h2>&nbsp;<\/h2>\n<p>&nbsp;<\/p>\n<h1 style=\"text-align: center\"><span style=\"color: #008000\"><strong>PLAN DE FAMILIA &#8211; AULA MATINAL \/ COMEDOR \/ ACTIVIDADES EXTRAESCOLARES<\/strong><\/span><\/h1>\n<h2 style=\"text-align: center\"><strong>Del 1 al 10 de junio<\/strong> : Plazo de presentaci\u00f3n de solicitudes para los servicios del Centro ( <strong>Aula matinal \/ Comedor \/ Actividades extraescolares<\/strong> )<\/h2>\n<p style=\"text-align: center\"><strong>NUEVAS ACTIVIDADES PARA EL CURSO 2024 \/ 2025<\/strong><\/p>\n<table class=\" aligncenter\">\n<tbody>\n<tr>\n<td style=\"width: 602.309px\" colspan=\"5\"><strong>EDUCACI\u00d3N INFANTIL <\/strong>3 a 5 a\u00f1os<\/td>\n<\/tr>\n<tr>\n<td style=\"width: 115.822px\"><strong>&nbsp;<\/strong><\/td>\n<td style=\"width: 115.822px\"><strong>LUNES<\/strong><\/td>\n<td style=\"width: 115.822px\"><strong>MARTES<\/strong><\/td>\n<td style=\"width: 115.822px\"><strong>MI\u00c9RCOLES<\/strong><\/td>\n<td style=\"width: 115.822px\"><strong>JUEVES<\/strong><\/td>\n<\/tr>\n<tr>\n<td style=\"width: 115.822px\">16:00-17:00<\/td>\n<td style=\"width: 115.822px\"><strong>Ingl\u00e9s<\/strong><\/td>\n<td style=\"width: 115.822px\"><strong>Baile<\/strong><\/td>\n<td style=\"width: 115.822px\"><strong>Ingl\u00e9s<\/strong><\/td>\n<td style=\"width: 115.822px\"><strong>Baile<\/strong><\/td>\n<\/tr>\n<tr>\n<td style=\"width: 115.822px\">17:00-18:00<\/td>\n<td style=\"width: 115.822px\">&nbsp;<\/td>\n<td style=\"width: 115.822px\">&nbsp;<\/td>\n<td style=\"width: 115.822px\">&nbsp;<\/td>\n<td style=\"width: 115.822px\">&nbsp;<\/td>\n<\/tr>\n<\/tbody>\n<\/table>\n<p>&nbsp;<\/p>\n<table>\n<tbody>\n<tr>\n<td colspan=\"5\" width=\"576\"><strong>EDUCACI\u00d3N PRIMARIA <\/strong>1\u00ba a 6\u00ba<\/td>\n<\/tr>\n<tr>\n<td width=\"115\">&nbsp;<\/td>\n<td width=\"115\"><strong>LUNES<\/strong><\/td>\n<td width=\"115\"><strong>MARTES<\/strong><\/td>\n<td width=\"115\"><strong>MI\u00c9RCOLES<\/strong><\/td>\n<td width=\"115\"><strong>JUEVES<\/strong><\/td>\n<\/tr>\n<tr>\n<td width=\"115\">16:00-17:00<\/td>\n<td width=\"115\"><strong>Lengua<\/strong><\/td>\n<td width=\"115\"><strong>Matem\u00e1ticas<\/strong><\/td>\n<td width=\"115\"><strong>Lengua<\/strong><\/td>\n<td width=\"115\"><strong>Matem\u00e1ticas<\/strong><\/td>\n<\/tr>\n<tr>\n<td width=\"115\">17:00-18:00<\/td>\n<td width=\"115\"><strong>Ingl\u00e9s<\/strong><\/td>\n<td width=\"115\"><strong>Rob\u00f3tica<\/strong><\/td>\n<td width=\"115\"><strong>Ingl\u00e9s<\/strong><\/td>\n<td width=\"115\"><strong>Rob\u00f3tica<\/strong><\/td>\n<\/tr>\n<\/tbody>\n<\/table>\n<h3><a href=\"https:\/\/blogsaverroes.juntadeandalucia.es\/ceiplamolina\/files\/2021\/02\/cuchilleria.png\"><img decoding=\"async\" class=\"alignnone wp-image-2438\" src=\"https:\/\/blogsaverroes.juntadeandalucia.es\/ceiplamolina\/files\/2021\/02\/cuchilleria-300x300.png\" alt=\"\" width=\"122\" height=\"122\" srcset=\"https:\/\/blogsaverroes.juntadeandalucia.es\/ceiplamolina\/files\/2021\/02\/cuchilleria-300x300.png 300w, https:\/\/blogsaverroes.juntadeandalucia.es\/ceiplamolina\/files\/2021\/02\/cuchilleria-150x150.png 150w, https:\/\/blogsaverroes.juntadeandalucia.es\/ceiplamolina\/files\/2021\/02\/cuchilleria.png 512w\" sizes=\"(max-width: 122px) 100vw, 122px\" \/> <\/a><a href=\"https:\/\/blogsaverroes.juntadeandalucia.es\/ceiplamolina\/files\/2021\/02\/SOLICITD-SERVICIOS-DEL-CENTRO.pdf\">SOLICITUD SERVICIOS DEL CENTRO<\/a><\/h3>\n<p>&nbsp;<\/p>\n<h3><a href=\"https:\/\/blogsaverroes.juntadeandalucia.es\/ceiplamolina\/files\/2021\/02\/cuenta.png\"><img decoding=\"async\" class=\"alignnone wp-image-2439\" src=\"https:\/\/blogsaverroes.juntadeandalucia.es\/ceiplamolina\/files\/2021\/02\/cuenta-300x300.png\" alt=\"\" width=\"92\" height=\"92\" srcset=\"https:\/\/blogsaverroes.juntadeandalucia.es\/ceiplamolina\/files\/2021\/02\/cuenta-300x300.png 300w, https:\/\/blogsaverroes.juntadeandalucia.es\/ceiplamolina\/files\/2021\/02\/cuenta-150x150.png 150w, https:\/\/blogsaverroes.juntadeandalucia.es\/ceiplamolina\/files\/2021\/02\/cuenta.png 512w\" sizes=\"(max-width: 92px) 100vw, 92px\" \/> <\/a><a href=\"https:\/\/blogsaverroes.juntadeandalucia.es\/ceiplamolina\/files\/2021\/02\/BONIFICACI\u00d3N-SERVICIOS-DEL-CENTRO.pdf\">BONIFICACI\u00d3N SERVICIOS DEL CENTRO<\/a><\/h3>\n","protected":false},"excerpt":{"rendered":"<p>ESCOLARIZACI\u00d3N &nbsp;CURSO 2024\/25 La Consejer\u00eda de Educaci\u00f3n y Deporte convoca el procedimiento de admisi\u00f3n del alumnado en los centros docentes p\u00fablicos y privados concertados para cursar las ense\u00f1anzas de segundo ciclo de educaci\u00f3n infantil,&#46;&#46;&#46;<\/p>\n","protected":false},"author":1,"featured_media":0,"parent":0,"menu_order":0,"comment_status":"closed","ping_status":"open","template":"page-cs.php","meta":{"footnotes":"","_mc_calendar":[]},"aioseo_notices":[],"_links":{"self":[{"href":"https:\/\/blogsaverroes.juntadeandalucia.es\/ceiplamolina\/wp-json\/wp\/v2\/pages\/77"}],"collection":[{"href":"https:\/\/blogsaverroes.juntadeandalucia.es\/ceiplamolina\/wp-json\/wp\/v2\/pages"}],"about":[{"href":"https:\/\/blogsaverroes.juntadeandalucia.es\/ceiplamolina\/wp-json\/wp\/v2\/types\/page"}],"author":[{"embeddable":true,"href":"https:\/\/blogsaverroes.juntadeandalucia.es\/ceiplamolina\/wp-json\/wp\/v2\/users\/1"}],"replies":[{"embeddable":true,"href":"https:\/\/blogsaverroes.juntadeandalucia.es\/ceiplamolina\/wp-json\/wp\/v2\/comments?post=77"}],"version-history":[{"count":36,"href":"https:\/\/blogsaverroes.juntadeandalucia.es\/ceiplamolina\/wp-json\/wp\/v2\/pages\/77\/revisions"}],"predecessor-version":[{"id":5033,"href":"https:\/\/blogsaverroes.juntadeandalucia.es\/ceiplamolina\/wp-json\/wp\/v2\/pages\/77\/revisions\/5033"}],"wp:attachment":[{"href":"https:\/\/blogsaverroes.juntadeandalucia.es\/ceiplamolina\/wp-json\/wp\/v2\/media?parent=77"}],"curies":[{"name":"wp","href":"https:\/\/api.w.org\/{rel}","templated":true}]}}