{"id":99,"date":"2015-03-16T07:22:54","date_gmt":"2015-03-16T07:22:54","guid":{"rendered":"http:\/\/blogsaverroes.juntadeandalucia.es\/pre\/ceip\/?page_id=99"},"modified":"2021-02-26T07:38:40","modified_gmt":"2021-02-26T07:38:40","slug":"comedor-escolar","status":"publish","type":"page","link":"https:\/\/blogsaverroes.juntadeandalucia.es\/ceiplamolina\/comedor-escolar\/","title":{"rendered":"Comedor escolar"},"content":{"rendered":"<h4>&nbsp;<\/h4>\n<p style=\"text-align: center\"><span style=\"color: #33cccc\"><strong>Solicitudes: <\/strong><\/span><\/p>\n<p>Las solicitudes para usar este servicio se deben tramitar a trav\u00e9s de la secretar\u00eda del centro.<\/p>\n<p style=\"text-align: center\"><span style=\"color: #33cccc\"><strong>Normativa: <\/strong><\/span><\/p>\n<p>Orden de 17 de abril de 2017, por la que se regula la organizaci\u00f3n y el funcionamiento de los servicios complementarios.<\/p>\n<p style=\"text-align: center\"><span style=\"color: #33cccc\"><strong>Empresa catering:<\/strong><\/span><\/p>\n<p>Mediterr\u00e1nea.<\/p>\n<p>Para contactar con la empresa por las incidencias de recibos \/notificaciones de faltas se gestionan a trav\u00e9s del mail:<\/p>\n<p><a href=\"administracion.andalucia@mediterranea-group.com\">administracion.andalucia@mediterranea-group.com<\/a>&nbsp;<\/p>\n<p style=\"text-align: center\"><span style=\"color: #33cccc\"><strong>Men\u00fas:<\/strong><\/span><\/p>\n<p>El enlace en el que se puede consultar el&nbsp; men\u00fa es el siguiente:<\/p>\n<p><a href=\"https:\/\/drive.google.com\/drive\/folders\/1VNpqga1P2BNBV9bo-gmsQkCUE4fF7kXj\">https:\/\/drive.google.com\/drive\/folders\/1VNpqga1P2BNBV9bo-gmsQkCUE4fF7kXj<\/a>h<\/p>\n<h4 style=\"text-align: center\"><span style=\"color: #33cccc\">Informaci\u00f3n sobre el comedor escolar<\/span><\/h4>\n<p>Los comedores escolares son un servicio complementario que resulta de gran utilidad a padres y madres para ayudarles a&nbsp;conciliar la vida laboral y familiar. Tienen una duraci\u00f3n de hasta dos horas desde que acaba la jornada escolar de la ma\u00f1ana (de 14.00 a 16.00 horas).<\/p>\n<p>Los comedores son adem\u00e1s una pieza importante&nbsp;en todas las medidas dirigidas a mejorar los h\u00e1bitos alimenticios de los ni\u00f1os y ni\u00f1as y prevenir problemas de salud como la obesidad.<\/p>\n<p>Los comedores escolares de los centros p\u00fablicos andaluces promueven una alimentaci\u00f3n saludable que est\u00e1 supervisada por nutricionistas y que, entre otros aspectos, se caracteriza por:<\/p>\n<ul style=\"list-style-type: circle\">\n<li>Una mayor proporci\u00f3n de verdura en los men\u00fas.<\/li>\n<li>Fruta fresca como postre al menos cuatro d\u00edas a la semana.<\/li>\n<li>Uso de aceite de oliva virgen extra.<\/li>\n<li>M\u00e1s pescado que carne, que debe ser magra.<\/li>\n<li>Prohibici\u00f3n de los alimentos precocinados y limitaci\u00f3n de los fritos.<\/li>\n<li>&nbsp;Apuesta por la dieta mediterr\u00e1nea y los productos ecol\u00f3gicos.<\/li>\n<\/ul>\n<p>&nbsp;<\/p>\n<p>&nbsp;<\/p>\n<p>&nbsp;<\/p>\n<p>&nbsp;<\/p>\n","protected":false},"excerpt":{"rendered":"<p>&nbsp; Solicitudes: Las solicitudes para usar este servicio se deben tramitar a trav\u00e9s de la secretar\u00eda del centro. Normativa: Orden de 17 de abril de 2017, por la que se regula la organizaci\u00f3n y&#46;&#46;&#46;<\/p>\n","protected":false},"author":1,"featured_media":2328,"parent":0,"menu_order":0,"comment_status":"closed","ping_status":"open","template":"page-cs.php","meta":{"footnotes":"","_mc_calendar":[]},"aioseo_notices":[],"_links":{"self":[{"href":"https:\/\/blogsaverroes.juntadeandalucia.es\/ceiplamolina\/wp-json\/wp\/v2\/pages\/99"}],"collection":[{"href":"https:\/\/blogsaverroes.juntadeandalucia.es\/ceiplamolina\/wp-json\/wp\/v2\/pages"}],"about":[{"href":"https:\/\/blogsaverroes.juntadeandalucia.es\/ceiplamolina\/wp-json\/wp\/v2\/types\/page"}],"author":[{"embeddable":true,"href":"https:\/\/blogsaverroes.juntadeandalucia.es\/ceiplamolina\/wp-json\/wp\/v2\/users\/1"}],"replies":[{"embeddable":true,"href":"https:\/\/blogsaverroes.juntadeandalucia.es\/ceiplamolina\/wp-json\/wp\/v2\/comments?post=99"}],"version-history":[{"count":10,"href":"https:\/\/blogsaverroes.juntadeandalucia.es\/ceiplamolina\/wp-json\/wp\/v2\/pages\/99\/revisions"}],"predecessor-version":[{"id":2780,"href":"https:\/\/blogsaverroes.juntadeandalucia.es\/ceiplamolina\/wp-json\/wp\/v2\/pages\/99\/revisions\/2780"}],"wp:featuredmedia":[{"embeddable":true,"href":"https:\/\/blogsaverroes.juntadeandalucia.es\/ceiplamolina\/wp-json\/wp\/v2\/media\/2328"}],"wp:attachment":[{"href":"https:\/\/blogsaverroes.juntadeandalucia.es\/ceiplamolina\/wp-json\/wp\/v2\/media?parent=99"}],"curies":[{"name":"wp","href":"https:\/\/api.w.org\/{rel}","templated":true}]}}