{"id":2233,"date":"2020-12-30T18:50:25","date_gmt":"2020-12-30T18:50:25","guid":{"rendered":"https:\/\/blogsaverroes.juntadeandalucia.es\/ceiplapachar\/?page_id=2233"},"modified":"2022-10-08T14:58:40","modified_gmt":"2022-10-08T14:58:40","slug":"erasmus-2-020-22-geoparques","status":"publish","type":"page","link":"https:\/\/blogsaverroes.juntadeandalucia.es\/ceiplapachar\/erasmus-2-020-22-geoparques\/","title":{"rendered":"ERASMUS + 2.020-23 &#8211; \u00abGEOPARQUES\u00bb."},"content":{"rendered":"<p>En esta secci\u00f3n tienes toda la informaci\u00f3n sobre el PROYECTO ERASMUS + 2.020 &#8211; 23. LA SECCI\u00d3N CONSTA DE VARIAS P\u00c1GINAS QUE SE IR\u00c1N ACTUALIZANDO A MEDIDA QUE EL PROYECTO VAYA AVANZANDO.<\/p>\n<p>Aqu\u00ed puedes ver la informaci\u00f3n general del proyecto.<\/p>\n<table border=\"0\" align=\"center\">\n<tbody>\n<tr style=\"background-color: #e9f230\">\n<td style=\"text-align: center\"><strong>\u00bf QU\u00c9 ES UN GEOPARQUE ?<\/strong><\/td>\n<\/tr>\n<tr>\n<td style=\"text-align: center\">&nbsp; &nbsp;Un geoparque es una especia de \u00ablaboratorio al aire libre\u00bb en el que alumnos, estudiantes y geoturistas pueden descubrir y familiarizarse con caracter\u00edsticas geol\u00f3gicas. Hay muchas oportunidades para visitar la zona del Geoparque y conocer su rico patrimonio geol\u00f3gico, cultural e hist\u00f3rico.<\/td>\n<\/tr>\n<tr>\n<td style=\"text-align: center\">&nbsp; &nbsp; El paisaje se considera geoparque si tiene un patrimonio geol\u00f3gico, arqueol\u00f3gico, cultural, hist\u00f3rico y ecol\u00f3gico de significado particular, rareza o belleza.<\/td>\n<\/tr>\n<\/tbody>\n<\/table>\n<table border=\"0\" align=\"center\">\n<tbody>\n<tr>\n<td style=\"text-align: center\">Actualmente hay reconocidos 147 geoparques mundiales de la UNESCO y 276 geoparques nacionales en Asia y Europa.<\/td>\n<td>\n<p style=\"text-align: center\"><a href=\"https:\/\/www.geoparquepirineos.com\/contenidos.php?niv=1&amp;cla=_2OA1CATPF&amp;cla2=_2OA1CGAWQ&amp;cla3=&amp;tip=2&amp;idi=1\"><strong>PINCHA PARA ACCEDER A LA WEB DE LOS GOPARQUES OFICIALES DE EUROPA.<\/strong><\/a><\/p>\n<p>&nbsp;<img decoding=\"async\" class=\"aligncenter\" src=\"http:\/\/www.juntadeandalucia.es\/averroes\/centros-tic\/11002274\/helvia\/sitio\/upload\/img\/red_de_geoparques.jpg\" border=\"0\"><\/td>\n<\/tr>\n<\/tbody>\n<\/table>\n<table border=\"0\" align=\"center\">\n<tbody>\n<tr style=\"background-color: #f0ec24\">\n<td>\n<p style=\"text-align: center\"><strong>NUESTRO GEOPARQUE.<\/strong><\/p>\n<\/td>\n<\/tr>\n<tr>\n<td>\n<p style=\"text-align: center\">&nbsp; &nbsp; El entorno de la desembocadura del Guadalquivir forma un entorna natural excepcional, con un patrimonio cultural, hist\u00f3rico y ecol\u00f3gico de mucha importancia en Espa\u00f1a y Europa. Se incluye en el entorno que consideramos nuestro geoparque:&nbsp;<strong>Desembocadura del Guadalquivir<\/strong>,&nbsp;<strong>Parque Nacional de Do\u00f1ana<\/strong>,&nbsp;<strong>Salinas de Bonanza<\/strong>,&nbsp;<strong>franja dunar costera de Chipiona y Rota<\/strong>,&nbsp;<strong>corrales de pesca de Chipiona<\/strong>&nbsp;y<strong>&nbsp;zonas de cultivo de vi\u00f1edos y horticultura<\/strong>. En torno a todo ello hay un gran patrimonio ecol\u00f3gico con especies vegetales y animales end\u00e9micas como el camale\u00f3n y el almajo.<\/p>\n<\/td>\n<\/tr>\n<\/tbody>\n<\/table>\n<table border=\"1\" align=\"center\">\n<tbody>\n<tr>\n<td style=\"text-align: center\"><strong>ZONA DUNAR<\/strong><\/p>\n<p><strong>COSTERA<\/strong><\/td>\n<td style=\"text-align: center\"><strong>VI\u00d1EDOS<\/strong><\/td>\n<td style=\"text-align: center\"><strong>CAMALE\u00d3N<\/strong><\/td>\n<td style=\"text-align: center\"><strong>ALMAJO<\/strong><\/td>\n<td style=\"text-align: center\"><strong>CORRALES DE PESCA<\/strong><\/td>\n<\/tr>\n<tr>\n<td style=\"text-align: center\">&nbsp;<img decoding=\"async\" src=\"http:\/\/www.juntadeandalucia.es\/averroes\/centros-tic\/11002274\/helvia\/sitio\/upload\/img\/zona_dunar.JPG\" border=\"0\"><\/td>\n<td style=\"text-align: center\">&nbsp;<img decoding=\"async\" src=\"http:\/\/www.juntadeandalucia.es\/averroes\/centros-tic\/11002274\/helvia\/sitio\/upload\/img\/vinedos_chipiona1.jpg\" border=\"0\"><\/td>\n<td style=\"text-align: center\">&nbsp;<img decoding=\"async\" src=\"http:\/\/www.juntadeandalucia.es\/averroes\/centros-tic\/11002274\/helvia\/sitio\/upload\/img\/camaleon.jpg\" border=\"0\"><\/td>\n<td style=\"text-align: center\">&nbsp;<img decoding=\"async\" src=\"http:\/\/www.juntadeandalucia.es\/averroes\/centros-tic\/11002274\/helvia\/sitio\/upload\/img\/Almajo_salado.jpg\" border=\"0\"><\/td>\n<td><img decoding=\"async\" class=\"aligncenter\" src=\"http:\/\/www.juntadeandalucia.es\/averroes\/centros-tic\/11002274\/helvia\/sitio\/upload\/img\/corrales_de_pesca.jpg\" border=\"0\"><\/td>\n<\/tr>\n<\/tbody>\n<\/table>\n<table border=\"1\" align=\"center\">\n<tbody>\n<tr>\n<td><strong>ALBARIZA<\/strong><\/td>\n<td>\n<p style=\"text-align: center\"><strong>INVERNADEROS DE<\/strong><\/p>\n<p style=\"text-align: center\"><strong>FLORES<\/strong><\/p>\n<\/td>\n<td><strong>DO\u00d1ANA<\/strong><\/td>\n<td><strong>SALINAS DE BONANZA<\/strong><\/td>\n<td><strong>HORTICULTURA<\/strong><\/td>\n<\/tr>\n<tr>\n<td style=\"text-align: center\"><img decoding=\"async\" src=\"http:\/\/www.juntadeandalucia.es\/averroes\/centros-tic\/11002274\/helvia\/sitio\/upload\/img\/albariza.jpg\" border=\"0\"><\/td>\n<td style=\"text-align: center\"><img decoding=\"async\" src=\"http:\/\/www.juntadeandalucia.es\/averroes\/centros-tic\/11002274\/helvia\/sitio\/upload\/img\/campos_cultivo.jpg\" border=\"0\"><\/td>\n<td style=\"text-align: center\"><img decoding=\"async\" src=\"http:\/\/www.juntadeandalucia.es\/averroes\/centros-tic\/11002274\/helvia\/sitio\/upload\/img\/doniana.jpg\" border=\"0\"><\/td>\n<td style=\"text-align: center\"><img decoding=\"async\" src=\"http:\/\/www.juntadeandalucia.es\/averroes\/centros-tic\/11002274\/helvia\/sitio\/upload\/img\/salinas_de_bonanza.jpg\" border=\"0\"><\/td>\n<td><img decoding=\"async\" class=\"aligncenter\" src=\"http:\/\/www.juntadeandalucia.es\/averroes\/centros-tic\/11002274\/helvia\/sitio\/upload\/img\/tomateras.jpg\" border=\"0\"><\/td>\n<\/tr>\n<\/tbody>\n<\/table>\n<table border=\"0\" align=\"center\">\n<tbody>\n<tr style=\"background-color: #f0ea43\">\n<td style=\"text-align: center\"><strong>OBJETIVOS<\/strong><\/td>\n<\/tr>\n<tr>\n<td>\n<p style=\"text-align: center\">&nbsp; &nbsp;Nuestro objetivo es avanzar juntos para crear conciencia sobre la sostenibilidad de NUESTRO ENTORNO NATURAL Y CULTIRAL.<\/p>\n<p style=\"text-align: center\">&nbsp;Todos tratamos de ser escuelas ecol\u00f3gicas cumpliendo los objetivos de la Uni\u00f3n Europea para el&nbsp; a\u00f1o 2.020. La lucha contra el cambio clim\u00e1tico , el ahorro energ\u00e9tico y la apuesta por las energ\u00edas renovablesson nuestro objetivo final.<\/p>\n<\/td>\n<\/tr>\n<tr>\n<td>1-&nbsp;&nbsp; Ayudar a las nuevas generaciones a centrarse en cuestiones relacionadas con el medio ambiente natural (cambio clim\u00e1tico, energ\u00edas renovables, reciclaje).<\/td>\n<\/tr>\n<tr>\n<td>2- Trabajar con ENTORNOS NATURALES CERCANOS (Geoparques) para encontrar soluciones a problemas ambientales.<\/td>\n<\/tr>\n<tr>\n<td>3-&nbsp;&nbsp; Encontrar soluciones a problemas globales desde el \u00e1mbito educativo.<\/td>\n<\/tr>\n<tr>\n<td>4-&nbsp; Intercambiar buenas pr\u00e1cticas y experiencias relacionadas con Geoescuelas ecol\u00f3gicas.<\/td>\n<\/tr>\n<tr>\n<td>5-&nbsp; &nbsp;Proporcionar a nuestros alumnos\/as habilidades de pensamiento cr\u00edtico, resoluci\u00f3n de problemas y toma de decisiones.<\/td>\n<\/tr>\n<tr>\n<td>6-&nbsp; Poner en pr\u00e1ctica diferentes m\u00e9todos de ense\u00f1anza de Ciencias de la Naturaleza.<\/td>\n<\/tr>\n<tr>\n<td>7-&nbsp;&nbsp;&nbsp; Aumentar los logros acad\u00e9micos de los estudiantes, usando metodolog\u00edas STEM a trav\u00e9s de Geoparques&nbsp; (Se trata de una integraci\u00f3n de las ciencias en un&nbsp;<strong>enfoque<\/strong>&nbsp;de ense\u00f1anza basado en la interdisciplinaridad y aplicabilidad de los conocimientos de ciencias y matem\u00e1ticas).<\/td>\n<\/tr>\n<\/tbody>\n<\/table>\n<p>&nbsp;<\/p>\n<table border=\"0\" align=\"center\">\n<tbody>\n<tr>\n<td>\n<p style=\"text-align: center\"><strong>PA\u00cdSES INVOLUCRADOS Y MOVILIDADES PREVISTAS<\/strong><\/p>\n<p>Las movilidades estar\u00e1n en funci\u00f3n de la sitauci\u00f3n sanitaria provocada por el Covid-19. Mientras la situaci\u00f3n no cambie, nos centramos en las actividades desde el Centro y las comunicaciones virtuales con el resto de los pa\u00edses participantes.<\/td>\n<\/tr>\n<tr>\n<td>&nbsp; &nbsp; &nbsp;Somos 6 pa\u00edses involucrados en el proyecto: Hungr\u00eda, Croacia, Turqu\u00eda, Espa\u00f1a, Rumania, Italia. Con el proyecto (Geoparques como Laboratorios al Aire Libre -GOAL) estamos planificando 6 movilidades a los distintos pa\u00edses participantes: con 5 alumnos (de 11 a 15 a\u00f1os) y 2 profesores.<\/p>\n<p><span style=\"color: #0000ff\"><strong>1\u00aa&nbsp; MOVILIDAD<\/strong>:<\/span>&nbsp; &nbsp;Hungr\u00eda (\u00dajlaki \u00c1ltal\u00e1nos Iskola).<\/p>\n<p><span style=\"color: #0000ff\"><strong>2\u00aa MOVILIDAD<\/strong><\/span>:&nbsp; Espa\u00f1a (C.E.I.P. Lapachar).<\/p>\n<p><span style=\"color: #0000ff\"><strong>3\u00aa MOVILIDAD<\/strong><\/span>:&nbsp; Croacia (Osnovna Skola Jabukovac).<\/p>\n<p><span style=\"color: #0000ff\"><strong>4\u00aa MOVILIDAD<\/strong><\/span>: &nbsp;Rumania (Scoala Gimnaziala Radu Tudoran).<\/p>\n<p><span style=\"color: #0000ff\"><strong>5\u00aa MOVILIDAD<\/strong><\/span>:&nbsp; Italia (IC 21 Marzo).<\/p>\n<p><span style=\"color: #0000ff\"><strong>6\u00aa MOVILIDAD<\/strong><\/span>: Turqu\u00eda (Mersinli \u015eehit Ahmet Uluda\u011f Ortaokulu).<\/p>\n<p>&nbsp;<\/p>\n<p>&nbsp;<\/td>\n<\/tr>\n<\/tbody>\n<\/table>\n","protected":false},"excerpt":{"rendered":"<p>En esta secci\u00f3n tienes toda la informaci\u00f3n sobre el PROYECTO ERASMUS + 2.020 &#8211; 23. LA SECCI\u00d3N CONSTA DE VARIAS P\u00c1GINAS QUE SE IR\u00c1N ACTUALIZANDO A MEDIDA QUE EL PROYECTO VAYA AVANZANDO. Aqu\u00ed puedes&#46;&#46;&#46;<\/p>\n","protected":false},"author":11673,"featured_media":0,"parent":0,"menu_order":0,"comment_status":"closed","ping_status":"closed","template":"","meta":{"ngg_post_thumbnail":0,"footnotes":"","_mc_calendar":[]},"aioseo_notices":[],"_links":{"self":[{"href":"https:\/\/blogsaverroes.juntadeandalucia.es\/ceiplapachar\/wp-json\/wp\/v2\/pages\/2233"}],"collection":[{"href":"https:\/\/blogsaverroes.juntadeandalucia.es\/ceiplapachar\/wp-json\/wp\/v2\/pages"}],"about":[{"href":"https:\/\/blogsaverroes.juntadeandalucia.es\/ceiplapachar\/wp-json\/wp\/v2\/types\/page"}],"author":[{"embeddable":true,"href":"https:\/\/blogsaverroes.juntadeandalucia.es\/ceiplapachar\/wp-json\/wp\/v2\/users\/11673"}],"replies":[{"embeddable":true,"href":"https:\/\/blogsaverroes.juntadeandalucia.es\/ceiplapachar\/wp-json\/wp\/v2\/comments?post=2233"}],"version-history":[{"count":8,"href":"https:\/\/blogsaverroes.juntadeandalucia.es\/ceiplapachar\/wp-json\/wp\/v2\/pages\/2233\/revisions"}],"predecessor-version":[{"id":4917,"href":"https:\/\/blogsaverroes.juntadeandalucia.es\/ceiplapachar\/wp-json\/wp\/v2\/pages\/2233\/revisions\/4917"}],"wp:attachment":[{"href":"https:\/\/blogsaverroes.juntadeandalucia.es\/ceiplapachar\/wp-json\/wp\/v2\/media?parent=2233"}],"curies":[{"name":"wp","href":"https:\/\/api.w.org\/{rel}","templated":true}]}}