{"id":2250,"date":"2020-12-30T19:34:39","date_gmt":"2020-12-30T19:34:39","guid":{"rendered":"https:\/\/blogsaverroes.juntadeandalucia.es\/ceiplapachar\/?page_id=2250"},"modified":"2024-11-17T15:43:55","modified_gmt":"2024-11-17T15:43:55","slug":"transformacion-digital-educativa-t-d-e","status":"publish","type":"page","link":"https:\/\/blogsaverroes.juntadeandalucia.es\/ceiplapachar\/transformacion-digital-educativa-t-d-e\/","title":{"rendered":"Transformaci\u00f3n Digital Educativa (T.D.E.)."},"content":{"rendered":"<div id=\"contenido_principal\">\n<table id=\"\" border=\"0\" width=\"100%\" cellspacing=\"0\" cellpadding=\"0\">\n<tbody>\n<tr>\n<td class=\"col-contenido\" valign=\"top\">\n<div id=\"contenido\" class=\"contenido\">\n<h3 id=\"tituloItem\" class=\"blockTituloItem\" style=\"text-align: center\"><strong><span class=\"tituloItem\">Proyecto de Transformaci\u00f3n Digital Educativa.<\/span><\/strong><\/h3>\n<div id=\"contenido_sitio\">\n<table style=\"width: 100%\" border=\"1\" align=\"center\">\n<tbody>\n<tr>\n<td style=\"background-color: #f2e9f2;width: 87.5969%\" colspan=\"2\">\n<p style=\"text-align: center\"><span style=\"color: #0000ff\"><strong>Las nuevas tecnolog\u00edas no son el futuro, son ya el PRESENTE.&nbsp;<\/strong><\/span><\/p>\n<p style=\"text-align: justify\"><strong>&nbsp; &nbsp; Con este PROYECTO, queremos seguir avanzando hacia la inclusi\u00f3n de las nuevas tecnolog\u00edas en el \u00e1mbito educativo. El objetivo fundamental es mejorar la capacidad de nuestros alumnos\/as para hacer frente a los retos de la sociedad actual, para mejorar su competencia digital y mejorar los resultados del aprendizaje.<\/strong><\/p>\n<\/td>\n<\/tr>\n<tr>\n<td style=\"width: 87.5969%;background-color: #d8f2df\">\n<p style=\"text-align: center\">&nbsp; &nbsp;En esta secci\u00f3n de la web podr\u00e1s tener informaci\u00f3n del Plan de Actuaci\u00f3n Digital&nbsp; (P.A.D.) de cada curso escolar, con las L\u00cdNEAS DE ACTUACI\u00d3N y las tareas que pretendemos desarrollar para conseguir nuestros objetivos en los tres \u00e1mbitos de actuaci\u00f3n:<\/p>\n<p>&nbsp;<\/p>\n<ul>\n<li>INFORMACI\u00d3N Y COMUNICACI\u00d3N.<\/li>\n<li>ORGANIZACI\u00d3N DEL CENTRO.<\/li>\n<li>PROCESO DE ENSE\u00d1ANZA-APRENDIZAJE.<\/li>\n<\/ul>\n<\/td>\n<td style=\"width: 11.3695%\"><a href=\"https:\/\/blogsaverroes.juntadeandalucia.es\/ceiplapachar\/files\/2021\/11\/1-2.jpg\"><img decoding=\"async\" class=\"wp-image-2971 aligncenter\" src=\"https:\/\/blogsaverroes.juntadeandalucia.es\/ceiplapachar\/files\/2021\/11\/1-2.jpg\" alt=\"\" width=\"79\" height=\"45\"><\/a><\/td>\n<\/tr>\n<\/tbody>\n<\/table>\n<\/div>\n<div>&nbsp;<\/div>\n<\/div>\n<\/td>\n<td>&nbsp;<\/td>\n<td>&nbsp;<\/td>\n<\/tr>\n<\/tbody>\n<\/table>\n<\/div>\n","protected":false},"excerpt":{"rendered":"<p>Proyecto de Transformaci\u00f3n Digital Educativa. Las nuevas tecnolog\u00edas no son el futuro, son ya el PRESENTE.&nbsp; &nbsp; &nbsp; Con este PROYECTO, queremos seguir avanzando hacia la inclusi\u00f3n de las nuevas tecnolog\u00edas en el \u00e1mbito&#46;&#46;&#46;<\/p>\n","protected":false},"author":11673,"featured_media":0,"parent":0,"menu_order":0,"comment_status":"closed","ping_status":"closed","template":"","meta":{"ngg_post_thumbnail":0,"footnotes":"","_mc_calendar":[]},"aioseo_notices":[],"_links":{"self":[{"href":"https:\/\/blogsaverroes.juntadeandalucia.es\/ceiplapachar\/wp-json\/wp\/v2\/pages\/2250"}],"collection":[{"href":"https:\/\/blogsaverroes.juntadeandalucia.es\/ceiplapachar\/wp-json\/wp\/v2\/pages"}],"about":[{"href":"https:\/\/blogsaverroes.juntadeandalucia.es\/ceiplapachar\/wp-json\/wp\/v2\/types\/page"}],"author":[{"embeddable":true,"href":"https:\/\/blogsaverroes.juntadeandalucia.es\/ceiplapachar\/wp-json\/wp\/v2\/users\/11673"}],"replies":[{"embeddable":true,"href":"https:\/\/blogsaverroes.juntadeandalucia.es\/ceiplapachar\/wp-json\/wp\/v2\/comments?post=2250"}],"version-history":[{"count":12,"href":"https:\/\/blogsaverroes.juntadeandalucia.es\/ceiplapachar\/wp-json\/wp\/v2\/pages\/2250\/revisions"}],"predecessor-version":[{"id":6507,"href":"https:\/\/blogsaverroes.juntadeandalucia.es\/ceiplapachar\/wp-json\/wp\/v2\/pages\/2250\/revisions\/6507"}],"wp:attachment":[{"href":"https:\/\/blogsaverroes.juntadeandalucia.es\/ceiplapachar\/wp-json\/wp\/v2\/media?parent=2250"}],"curies":[{"name":"wp","href":"https:\/\/api.w.org\/{rel}","templated":true}]}}