{"id":3480,"date":"2021-12-07T10:02:01","date_gmt":"2021-12-07T10:02:01","guid":{"rendered":"https:\/\/blogsaverroes.juntadeandalucia.es\/ceiplapachar\/?page_id=3480"},"modified":"2024-05-09T11:37:29","modified_gmt":"2024-05-09T11:37:29","slug":"transporte-escolar","status":"publish","type":"page","link":"https:\/\/blogsaverroes.juntadeandalucia.es\/ceiplapachar\/transporte-escolar\/","title":{"rendered":"TRANSPORTE ESCOLAR."},"content":{"rendered":"<div id=\"contenido_sitio\">\n<p class=\"texto2\" style=\"text-align: justify\">&nbsp;&nbsp; Las dos rutas de&nbsp;<strong>TRANSPORTES ESCOLAR<\/strong>&nbsp;conservan el nombre de las desaparecidas escuelas de&nbsp;<strong><a href=\"https:\/\/es-es.facebook.com\/chipiona\/posts\/la-capilla-escuela-del-pinar-por-juan-luis-naval-molero-cronista-oficial-de-la-v\/1531504760206532\/\">El Pinar<\/a><\/strong> y de la Talona. Estamos en un proceso de reivindicaci\u00f3n para que las paradas de nuestro transporte escolar tengan las condiciones necesarias de seguridad, se\u00f1alizaci\u00f3n e higiene (<a href=\"https:\/\/blogsaverroes.juntadeandalucia.es\/ceiplapachar\/proa-transformate\/\">pincha aqu\u00ed para acceder a m\u00e1s informaci\u00f3n<\/a>).<\/p>\n<p class=\"texto2\">&nbsp; &nbsp;Para el curso 2.024-25, <strong>TENEMOS AUTORIZADAS LAS SIGUIENTES PARADAS:<\/strong><\/p>\n<p class=\"texto2\">&nbsp;<\/p>\n<p>&nbsp; &nbsp; &nbsp; &nbsp; &nbsp; &nbsp; &nbsp; &nbsp; &nbsp; &nbsp; &nbsp; &nbsp; &nbsp; &nbsp; &nbsp; &nbsp; &nbsp; &nbsp; &nbsp; &nbsp; &nbsp;&nbsp;<img decoding=\"async\" class=\"aligncenter\" title=\"AOTOB\u00daS\" src=\"http:\/\/www.juntadeandalucia.es\/averroes\/centros-tic\/11002274\/helvia\/sitio\/upload\/img\/gifsanimadosescuela555961.gif\" alt=\"AOTOB\u00daS\" border=\"0\"><\/p>\n<p class=\"texto2\">&nbsp;<\/p>\n<table style=\"height: 536px;width: 75.3702%;background-color: #55f2dd\" border=\"1\" align=\"center\">\n<tbody>\n<tr>\n<td style=\"width: 100%;text-align: left\"><strong><span style=\"color: #993366\">CAMINNO DEL OLIVAR A EL PUERTO DE SANTA MAR\u00cdA. PAGO ABULAGAR.<\/span><\/strong><\/td>\n<\/tr>\n<tr style=\"height: 56px\">\n<td style=\"width: 100%;height: 56px;text-align: left\"><strong><span style=\"color: #993366\">CAMINO DEL OLIVAR:<\/span><\/strong><span style=\"color: #000000\"> Cucanoche.<\/span><\/td>\n<\/tr>\n<tr style=\"height: 56px\">\n<td style=\"width: 100%;height: 56px;text-align: left\"><strong><span style=\"color: #993366\">CAMINO SANTO DOMINGO 1\u00ba.<\/span><\/strong><\/td>\n<\/tr>\n<tr style=\"height: 56px\">\n<td style=\"width: 100%;height: 56px;text-align: left\"><strong><span style=\"color: #993366\">CAMINO SANTO DOMINGO 2\u00ba.<\/span><\/strong><\/td>\n<\/tr>\n<tr style=\"height: 24px\">\n<td style=\"width: 100%;height: 24px;text-align: left\"><strong><span style=\"color: #993366\">LA ESCALERETA:&nbsp; <\/span><\/strong><span style=\"color: #000000\">A-491, Km 0\u00b4757<\/span><\/td>\n<\/tr>\n<tr style=\"height: 24px\">\n<td style=\"width: 100%;height: 24px;text-align: left\"><strong><span style=\"color: #993366\">LA REYERTA: <\/span><\/strong><span style=\"color: #000000\">Parada Bus.<\/span><\/td>\n<\/tr>\n<tr style=\"height: 24px\">\n<td style=\"width: 100%;height: 24px;text-align: left\"><strong><span style=\"color: #993366\">LAS TRES PIEDRAS: <\/span><\/strong><span style=\"color: #000000\">Carretera Playa Las Tres Piedras.<\/span><\/td>\n<\/tr>\n<tr style=\"height: 24px\">\n<td style=\"width: 100%;height: 24px;text-align: left\"><strong><span style=\"color: #993366\">PAGO ESPARROGOSA.<\/span><\/strong><\/td>\n<\/tr>\n<tr style=\"height: 24px\">\n<td style=\"width: 100%;height: 24px;text-align: left\"><strong><span style=\"color: #993366\">PAGO LUCENA: <\/span><\/strong><span style=\"color: #000000\">Camino de Esparragosa. Salida Camino Pista de Montijo.<\/span><\/td>\n<\/tr>\n<tr style=\"height: 24px\">\n<td style=\"width: 100%;height: 24px;text-align: left\"><strong><span style=\"color: #993366\">PINAR DE LA VILLA: <\/span><\/strong><span style=\"color: #000000\">Parada autob\u00fas.<\/span><\/td>\n<\/tr>\n<tr>\n<td style=\"width: 100%;text-align: left\"><strong><span style=\"color: #993366\">PISCINAS NEWATER.<\/span><\/strong><\/td>\n<\/tr>\n<tr style=\"height: 24px\">\n<td style=\"width: 100%;height: 24px;text-align: left\"><strong><span style=\"color: #993366\">TORREBREVA: <\/span><\/strong><span style=\"color: #000000\">Aparcamientos Venta. Camino del Olivar.<\/span><\/td>\n<\/tr>\n<tr>\n<td style=\"width: 100%;text-align: left\"><strong><span style=\"color: #993366\">VENTA AURELIO: <\/span><\/strong><span style=\"color: #000000\">Aparcamientos. Cruce Pago Copina con Pago Faginado.<\/span><\/td>\n<\/tr>\n<tr>\n<td style=\"width: 100%;text-align: left\"><strong><span style=\"color: #993366\">VENTA EL \u00c1NFORA: <\/span><\/strong>Aparcamiento, Carretera A-491<\/td>\n<\/tr>\n<tr style=\"height: 24px\">\n<td style=\"width: 100%;height: 24px;text-align: left\"><strong><span style=\"color: #993366\">VENTA EL PINAR: <\/span><\/strong>Parada autob\u00fas. Carretera A-491. Salida carretera Playa de Las Tres Piedras.<\/td>\n<\/tr>\n<tr style=\"height: 24px\">\n<td style=\"width: 100%;height: 24px;text-align: left\"><strong><span style=\"color: #993366\">VENTA PROSP\u00cdN. <\/span><\/strong><span style=\"color: #993366\"><span style=\"color: #000000\">Aparcamiento. Camino Esparragosa.<\/span><\/span><\/td>\n<\/tr>\n<\/tbody>\n<\/table>\n<\/div>\n<p>&nbsp;<\/p>\n<table>\n<tbody>\n<tr>\n<td><a href=\"https:\/\/blogsaverroes.juntadeandalucia.es\/ceiplapachar\/files\/2021\/12\/TRANSPORTE-ESCOLAR-1.jpg\"><img fetchpriority=\"high\" decoding=\"async\" class=\"size-medium wp-image-3501 aligncenter lazy-loaded\" src=\"https:\/\/blogsaverroes.juntadeandalucia.es\/ceiplapachar\/files\/2021\/12\/TRANSPORTE-ESCOLAR-1-300x185.jpg\" alt=\"\" width=\"300\" height=\"185\" data-lazy-type=\"image\" data-src=\"https:\/\/blogsaverroes.juntadeandalucia.es\/ceiplapachar\/files\/2021\/12\/TRANSPORTE-ESCOLAR-1-300x185.jpg\" data-srcset=\"\" srcset=\"https:\/\/blogsaverroes.juntadeandalucia.es\/ceiplapachar\/files\/2021\/12\/TRANSPORTE-ESCOLAR-1-300x185.jpg 300w, https:\/\/blogsaverroes.juntadeandalucia.es\/ceiplapachar\/files\/2021\/12\/TRANSPORTE-ESCOLAR-1.jpg 650w\" sizes=\"(max-width: 300px) 100vw, 300px\" \/><\/a><\/td>\n<td>\n<h5><span style=\"text-decoration: underline\"><strong><span style=\"color: #ff0000;text-decoration: underline\">PENDIENTE DE ACTUALIZACI\u00d3N PARA EL CURSO 24-25<\/span><\/strong><\/span><\/h5>\n<p>&nbsp;<\/p>\n<h5 style=\"text-align: center\"><strong>HORARIOS APROXIMADOS DE <\/strong><strong style=\"font-family: inherit;font-size: inherit\">SALIDAS <\/strong><strong style=\"font-family: inherit;font-size: inherit\">Y LLEGADAS DE LAS&nbsp;<\/strong><strong> DISTINTAS <\/strong><strong style=\"font-family: inherit;font-size: inherit\">PARADAS DEL<\/strong><\/h5>\n<h5 style=\"text-align: center\"><strong style=\"font-family: inherit;font-size: inherit\">TRANSPORTE ESCOLAR PARA<\/strong><\/h5>\n<h5 style=\"text-align: center\"><strong style=\"font-family: inherit;font-size: inherit\">EL <\/strong><strong>CURSO 2.023-24.<\/strong><\/h5>\n<\/td>\n<td><a href=\"https:\/\/blogsaverroes.juntadeandalucia.es\/ceiplapachar\/files\/2021\/12\/transporte-eswcolar-1.jpg\"><img decoding=\"async\" class=\"size-medium wp-image-3502 aligncenter lazy-loaded\" src=\"https:\/\/blogsaverroes.juntadeandalucia.es\/ceiplapachar\/files\/2021\/12\/transporte-eswcolar-1-300x273.jpg\" alt=\"\" width=\"300\" height=\"273\" data-lazy-type=\"image\" data-src=\"https:\/\/blogsaverroes.juntadeandalucia.es\/ceiplapachar\/files\/2021\/12\/transporte-eswcolar-1-300x273.jpg\" data-srcset=\"\" srcset=\"https:\/\/blogsaverroes.juntadeandalucia.es\/ceiplapachar\/files\/2021\/12\/transporte-eswcolar-1-300x273.jpg 300w, https:\/\/blogsaverroes.juntadeandalucia.es\/ceiplapachar\/files\/2021\/12\/transporte-eswcolar-1.jpg 512w\" sizes=\"(max-width: 300px) 100vw, 300px\" \/><\/a><\/td>\n<\/tr>\n<\/tbody>\n<\/table>\n<p>&nbsp;<\/p>\n<table style=\"height: 347px;width: 95.0197%;border-collapse: collapse\" border=\"1\">\n<tbody>\n<tr style=\"height: 23px\">\n<td style=\"width: 95.0206%;text-align: center;background-color: #cbf0c2;height: 23px\" colspan=\"3\"><strong><span style=\"color: #ff0000\">RUTA 1 &#8211; HORARIO APROXIMADO DEL PRIMER D\u00cdA DE CLASES,<\/span><\/strong><\/p>\n<p><strong><span style=\"color: #ff0000\"> LUNES 11 DE SEPTIEMBRE<\/span><\/strong><\/td>\n<\/tr>\n<tr style=\"height: 47px\">\n<td style=\"width: 54.3338%;text-align: center;background-color: #cbf0c2;height: 47px\">PARADA&nbsp;<\/td>\n<td style=\"width: 17.727%;text-align: center;background-color: #cbf0c2;height: 47px\">IDA AL COLEGIO<\/td>\n<td style=\"width: 22.9598%;text-align: center;background-color: #cbf0c2;height: 47px\">VUELTA DEL COLEGIO<\/td>\n<\/tr>\n<tr style=\"height: 23px\">\n<td style=\"width: 54.3338%;height: 23px\">1. Rotonda del Camale\u00f3n (monitor).<\/td>\n<td style=\"width: 17.727%;text-align: center;height: 23px\">10:50 h.<\/td>\n<td style=\"width: 22.9598%;text-align: center;height: 23px\">&nbsp;<\/td>\n<\/tr>\n<tr style=\"height: 23px\">\n<td style=\"width: 54.3338%;height: 23px\">2. Pago Esparragosa.<\/td>\n<td style=\"width: 17.727%;text-align: center;height: 23px\">10:56 h.<\/td>\n<td style=\"width: 22.9598%;text-align: center;height: 23px\">14:06 h.<\/td>\n<\/tr>\n<tr style=\"height: 23px\">\n<td style=\"width: 54.3338%;height: 23px\">3. Piscinas Newater.<\/td>\n<td style=\"width: 17.727%;text-align: center;height: 23px\">10:58 h.<\/td>\n<td style=\"width: 22.9598%;text-align: center;height: 23px\">14:08 h.<\/td>\n<\/tr>\n<tr style=\"height: 23px\">\n<td style=\"width: 54.3338%;height: 23px\">4. Camino Santo Domingo 1.<\/td>\n<td style=\"width: 17.727%;text-align: center;height: 23px\">11:00 h.<\/td>\n<td style=\"width: 22.9598%;text-align: center;height: 23px\">14:10 h.<\/td>\n<\/tr>\n<tr style=\"height: 23px\">\n<td style=\"width: 54.3338%;height: 23px\">5. Camino Santo Domingo 2.<\/td>\n<td style=\"width: 17.727%;text-align: center;height: 23px\">11:01 h.<\/td>\n<td style=\"width: 22.9598%;text-align: center;height: 23px\">14:11 h.<\/td>\n<\/tr>\n<tr style=\"height: 23px\">\n<td style=\"width: 54.3338%;height: 23px\">6. La Reyerta.<\/td>\n<td style=\"width: 17.727%;text-align: center;height: 23px\">11:04 h.<\/td>\n<td style=\"width: 22.9598%;text-align: center;height: 23px\">14:14 h.<\/td>\n<\/tr>\n<tr style=\"height: 23px\">\n<td style=\"width: 54.3338%;height: 23px\">7. Pago Los Quince Pinos. Camino Valdeconejos 55.<\/td>\n<td style=\"width: 17.727%;text-align: center;height: 23px\">11:05 h.<\/td>\n<td style=\"width: 22.9598%;text-align: center;height: 23px\">14:15 h.<\/td>\n<\/tr>\n<tr style=\"height: 47px\">\n<td style=\"width: 54.3338%;height: 47px\">8. Pago Lucena. Camino de Esparragosa. Salida Camino Pista de Montijo.<\/td>\n<td style=\"width: 17.727%;text-align: center;height: 47px\">11:07 h.<\/td>\n<td style=\"width: 22.9598%;text-align: center;height: 47px\">14:17 h.<\/td>\n<\/tr>\n<tr style=\"height: 23px\">\n<td style=\"width: 54.3338%;height: 23px\">9. Venta Prosp\u00edn.<\/td>\n<td style=\"width: 17.727%;height: 23px;text-align: center\">11:08 h.<\/td>\n<td style=\"width: 22.9598%;height: 23px;text-align: center\">14:18 h.<\/td>\n<\/tr>\n<tr style=\"height: 23px\">\n<td style=\"width: 54.3338%;height: 23px\">10. Venta Aurelio.<\/td>\n<td style=\"width: 17.727%;height: 23px;text-align: center\">11:10 h.<\/td>\n<td style=\"width: 22.9598%;height: 23px;text-align: center\">14:20 h.<\/td>\n<\/tr>\n<tr style=\"height: 23px\">\n<td style=\"width: 54.3338%;height: 23px\">11. C.E.I.P. Lapachar.<\/td>\n<td style=\"width: 17.727%;height: 23px;text-align: center\">11:25 h.<\/td>\n<td style=\"width: 22.9598%;height: 23px;text-align: center\">&nbsp;<\/td>\n<\/tr>\n<\/tbody>\n<\/table>\n<p>&nbsp;<strong>&nbsp;<\/strong><\/p>\n<p>&nbsp;<\/p>\n<table style=\"height: 347px;width: 95.0197%;border-collapse: collapse\" border=\"1\">\n<tbody>\n<tr style=\"height: 23px\">\n<td style=\"width: 95.0206%;text-align: center;background-color: #cbf0c2;height: 23px\" colspan=\"3\"><span style=\"color: #008000\"><strong>RUTA 1 &#8211; HORARIO HABITUAL DURANTE EL CURSO.<\/strong><\/span><\/td>\n<\/tr>\n<tr style=\"height: 47px\">\n<td style=\"width: 54.3338%;text-align: center;background-color: #cbf0c2;height: 47px\">PARADA&nbsp;<\/td>\n<td style=\"width: 17.727%;text-align: center;background-color: #cbf0c2;height: 47px\">IDA AL COLEGIO<\/td>\n<td style=\"width: 22.9598%;text-align: center;background-color: #cbf0c2;height: 47px\">VUELTA DEL COLEGIO<\/td>\n<\/tr>\n<tr style=\"height: 23px\">\n<td style=\"width: 54.3338%;height: 23px\">1. Rotonda del Camale\u00f3n (monitor).<\/td>\n<td style=\"width: 17.727%;text-align: center;height: 23px\">08:20 h.<\/td>\n<td style=\"width: 22.9598%;text-align: center;height: 23px\">&nbsp;<\/td>\n<\/tr>\n<tr style=\"height: 23px\">\n<td style=\"width: 54.3338%;height: 23px\">2. Pago Esparragosa.<\/td>\n<td style=\"width: 17.727%;text-align: center;height: 23px\">08:26 h.<\/td>\n<td style=\"width: 22.9598%;text-align: center;height: 23px\">15:26 h.<\/td>\n<\/tr>\n<tr style=\"height: 23px\">\n<td style=\"width: 54.3338%;height: 23px\">3. Piscinas Newater.<\/td>\n<td style=\"width: 17.727%;text-align: center;height: 23px\">08:28 h.<\/td>\n<td style=\"width: 22.9598%;text-align: center;height: 23px\">15:28 h.<\/td>\n<\/tr>\n<tr style=\"height: 23px\">\n<td style=\"width: 54.3338%;height: 23px\">4. Camino Santo Domingo 1.<\/td>\n<td style=\"width: 17.727%;text-align: center;height: 23px\">08:30 h.<\/td>\n<td style=\"width: 22.9598%;text-align: center;height: 23px\">15:28 h.<\/td>\n<\/tr>\n<tr style=\"height: 23px\">\n<td style=\"width: 54.3338%;height: 23px\">5. Camino Santo Domingo 2.<\/td>\n<td style=\"width: 17.727%;text-align: center;height: 23px\">08:31 h.<\/td>\n<td style=\"width: 22.9598%;text-align: center;height: 23px\">15:29 h.<\/td>\n<\/tr>\n<tr style=\"height: 23px\">\n<td style=\"width: 54.3338%;height: 23px\">6. La Reyerta.<\/td>\n<td style=\"width: 17.727%;text-align: center;height: 23px\">08:34 h.<\/td>\n<td style=\"width: 22.9598%;text-align: center;height: 23px\">15:32 h.<\/td>\n<\/tr>\n<tr style=\"height: 23px\">\n<td style=\"width: 54.3338%;height: 23px\">7. Pago Los Quince Pinos. Camino Valdeconejos 55.<\/td>\n<td style=\"width: 17.727%;text-align: center;height: 23px\">08:35 h.<\/td>\n<td style=\"width: 22.9598%;text-align: center;height: 23px\">15:33 h.<\/td>\n<\/tr>\n<tr style=\"height: 47px\">\n<td style=\"width: 54.3338%;height: 47px\">8. Pago Lucena. Camino de Esparragosa. Salida Camino Pista de Montijo.<\/td>\n<td style=\"width: 17.727%;text-align: center;height: 47px\">08:37 h.<\/td>\n<td style=\"width: 22.9598%;text-align: center;height: 47px\">15:35 h.<\/td>\n<\/tr>\n<tr style=\"height: 23px\">\n<td style=\"width: 54.3338%;height: 23px\">9. Venta Prosp\u00edn.<\/td>\n<td style=\"width: 17.727%;height: 23px;text-align: center\">08:38 h.<\/td>\n<td style=\"width: 22.9598%;height: 23px;text-align: center\">15:36 h.<\/td>\n<\/tr>\n<tr style=\"height: 23px\">\n<td style=\"width: 54.3338%;height: 23px\">10. Venta Aurelio.<\/td>\n<td style=\"width: 17.727%;height: 23px;text-align: center\">08:40 h.<\/td>\n<td style=\"width: 22.9598%;height: 23px;text-align: center\">15:38 h.<\/td>\n<\/tr>\n<tr style=\"height: 23px\">\n<td style=\"width: 54.3338%;height: 23px\">11. C.E.I.P. Lapachar.<\/td>\n<td style=\"width: 17.727%;height: 23px;text-align: center\">08:50 h.<\/td>\n<td style=\"width: 22.9598%;height: 23px;text-align: center\">&nbsp;<\/td>\n<\/tr>\n<\/tbody>\n<\/table>\n<p>&nbsp;<\/p>\n<table style=\"height: 347px;width: 95.0197%;border-collapse: collapse\" border=\"1\">\n<tbody>\n<tr style=\"height: 23px\">\n<td style=\"width: 95.0206%;text-align: center;background-color: #cbf0c2;height: 23px\" colspan=\"3\"><strong><span style=\"color: #ff0000\">RUTA 2 &#8211; HORARIO APROXIMADO DEL PRIMER D\u00cdA DE CLASES,<\/span><\/strong><\/p>\n<p><strong><span style=\"color: #ff0000\"> LUNES 11 DE SEPTIEMBRE<\/span><\/strong><\/td>\n<\/tr>\n<tr style=\"height: 47px\">\n<td style=\"width: 54.3338%;text-align: center;background-color: #cbf0c2;height: 47px\">PARADA&nbsp;<\/td>\n<td style=\"width: 17.727%;text-align: center;background-color: #cbf0c2;height: 47px\">IDA AL COLEGIO<\/td>\n<td style=\"width: 22.9598%;text-align: center;background-color: #cbf0c2;height: 47px\">VUELTA DEL COLEGIO<\/td>\n<\/tr>\n<tr style=\"height: 23px\">\n<td style=\"width: 54.3338%;height: 23px\">1. Parada Bus junto al C.E.I.P. LAPACHAR (monitor).<\/td>\n<td style=\"width: 17.727%;text-align: center;height: 23px\">10:40 h.<\/td>\n<td style=\"width: 22.9598%;text-align: center;height: 23px\">&nbsp;<\/td>\n<\/tr>\n<tr style=\"height: 23px\">\n<td style=\"width: 54.3338%;height: 23px\">2. Camino del Olivar. Cucanoche.<\/td>\n<td style=\"width: 17.727%;text-align: center;height: 23px\">10:48 h.<\/td>\n<td style=\"width: 22.9598%;text-align: center;height: 23px\">14:08 h.<\/td>\n<\/tr>\n<tr style=\"height: 23px\">\n<td style=\"width: 54.3338%;height: 23px\">3. Pago el Abulagar.<\/td>\n<td style=\"width: 17.727%;text-align: center;height: 23px\">10:50 h.<\/td>\n<td style=\"width: 22.9598%;text-align: center;height: 23px\">14:10 h.<\/td>\n<\/tr>\n<tr style=\"height: 23px\">\n<td style=\"width: 54.3338%;height: 23px\">4. Torrebreva.<\/td>\n<td style=\"width: 17.727%;text-align: center;height: 23px\">10:52 h.<\/td>\n<td style=\"width: 22.9598%;text-align: center;height: 23px\">14:12 h.<\/td>\n<\/tr>\n<tr style=\"height: 23px\">\n<td style=\"width: 54.3338%;height: 23px\">5. Pinar de La Villa.<\/td>\n<td style=\"width: 17.727%;text-align: center;height: 23px\">11:00 h.<\/td>\n<td style=\"width: 22.9598%;text-align: center;height: 23px\">14:19 h.<\/td>\n<\/tr>\n<tr style=\"height: 23px\">\n<td style=\"width: 54.3338%;height: 23px\">6. Venta El Pinar.<\/td>\n<td style=\"width: 17.727%;text-align: center;height: 23px\">11:01 h.<\/td>\n<td style=\"width: 22.9598%;text-align: center;height: 23px\">14:20 h.<\/td>\n<\/tr>\n<tr style=\"height: 23px\">\n<td style=\"width: 54.3338%;height: 23px\">7. Las Tres Piedras.<\/td>\n<td style=\"width: 17.727%;text-align: center;height: 23px\">11:03 h.<\/td>\n<td style=\"width: 22.9598%;text-align: center;height: 23px\">14:22 h.<\/td>\n<\/tr>\n<tr style=\"height: 47px\">\n<td style=\"width: 54.3338%;height: 47px\">8. Venta Las Coquinas.<\/td>\n<td style=\"width: 17.727%;text-align: center;height: 47px\">11:04 h.<\/td>\n<td style=\"width: 22.9598%;text-align: center;height: 47px\">14:23 h.<\/td>\n<\/tr>\n<tr style=\"height: 23px\">\n<td style=\"width: 54.3338%;height: 23px\">9. La Escalereta.<\/td>\n<td style=\"width: 17.727%;height: 23px;text-align: center\">11:07 h.<\/td>\n<td style=\"width: 22.9598%;height: 23px;text-align: center\">14:26 h.<\/td>\n<\/tr>\n<tr style=\"height: 23px\">\n<td style=\"width: 54.3338%;height: 23px\">10. Venta El \u00c1nfora.<\/td>\n<td style=\"width: 17.727%;height: 23px;text-align: center\">11:08 h.<\/td>\n<td style=\"width: 22.9598%;height: 23px;text-align: center\">14:27 h.<\/td>\n<\/tr>\n<tr style=\"height: 23px\">\n<td style=\"width: 54.3338%;height: 23px\">11. C.E.I.P. Lapachar.<\/td>\n<td style=\"width: 17.727%;height: 23px;text-align: center\">11:20 h.<\/td>\n<td style=\"width: 22.9598%;height: 23px;text-align: center\">&nbsp;<\/td>\n<\/tr>\n<\/tbody>\n<\/table>\n<p>&nbsp;<\/p>\n<table style=\"height: 347px;width: 95.0197%;border-collapse: collapse\" border=\"1\">\n<tbody>\n<tr style=\"height: 23px\">\n<td style=\"width: 95.0206%;text-align: center;background-color: #cbf0c2;height: 23px\" colspan=\"3\"><span style=\"color: #008000\"><strong>RUTA 2 &#8211; HORARIO HABITUAL DURANTE EL CURSO.<\/strong><\/span><\/td>\n<\/tr>\n<tr style=\"height: 47px\">\n<td style=\"width: 54.3338%;text-align: center;background-color: #cbf0c2;height: 47px\">PARADA&nbsp;<\/td>\n<td style=\"width: 17.727%;text-align: center;background-color: #cbf0c2;height: 47px\">IDA AL COLEGIO<\/td>\n<td style=\"width: 22.9598%;text-align: center;background-color: #cbf0c2;height: 47px\">VUELTA DEL COLEGIO<\/td>\n<\/tr>\n<tr style=\"height: 23px\">\n<td style=\"width: 54.3338%;height: 23px\">1. Parada Bus junto al C.E.I.P. LAPACHAR (monitor).<\/td>\n<td style=\"width: 17.727%;text-align: center;height: 23px\">08:10 h.<\/td>\n<td style=\"width: 22.9598%;text-align: center;height: 23px\">&nbsp;<\/td>\n<\/tr>\n<tr style=\"height: 23px\">\n<td style=\"width: 54.3338%;height: 23px\">2. Camino del Olivar. Cucanoche.<\/td>\n<td style=\"width: 17.727%;text-align: center;height: 23px\">08:18 .<\/td>\n<td style=\"width: 22.9598%;text-align: center;height: 23px\">15:28 h.<\/td>\n<\/tr>\n<tr style=\"height: 23px\">\n<td style=\"width: 54.3338%;height: 23px\">3. Pago el Abulagar.<\/td>\n<td style=\"width: 17.727%;text-align: center;height: 23px\">08:20 h.<\/td>\n<td style=\"width: 22.9598%;text-align: center;height: 23px\">15:30 h.<\/td>\n<\/tr>\n<tr style=\"height: 23px\">\n<td style=\"width: 54.3338%;height: 23px\">4. Torrebreva.<\/td>\n<td style=\"width: 17.727%;text-align: center;height: 23px\">08:22 h.<\/td>\n<td style=\"width: 22.9598%;text-align: center;height: 23px\">15:32 h.<\/td>\n<\/tr>\n<tr style=\"height: 23px\">\n<td style=\"width: 54.3338%;height: 23px\">5. Pinar de La Villa.<\/td>\n<td style=\"width: 17.727%;text-align: center;height: 23px\">08:29 h.<\/td>\n<td style=\"width: 22.9598%;text-align: center;height: 23px\">15:39 h.<\/td>\n<\/tr>\n<tr style=\"height: 23px\">\n<td style=\"width: 54.3338%;height: 23px\">6. Venta El Pinar.<\/td>\n<td style=\"width: 17.727%;text-align: center;height: 23px\">08:30 h.<\/td>\n<td style=\"width: 22.9598%;text-align: center;height: 23px\">15:40 h.<\/td>\n<\/tr>\n<tr style=\"height: 23px\">\n<td style=\"width: 54.3338%;height: 23px\">7. Las Tres Piedras.<\/td>\n<td style=\"width: 17.727%;text-align: center;height: 23px\">08:32 h.<\/td>\n<td style=\"width: 22.9598%;text-align: center;height: 23px\">15:42 h.<\/td>\n<\/tr>\n<tr style=\"height: 47px\">\n<td style=\"width: 54.3338%;height: 47px\">8. Venta Las Coquinas.<\/td>\n<td style=\"width: 17.727%;text-align: center;height: 47px\">08:33 h.<\/td>\n<td style=\"width: 22.9598%;text-align: center;height: 47px\">15:43 h.<\/td>\n<\/tr>\n<tr style=\"height: 23px\">\n<td style=\"width: 54.3338%;height: 23px\">9. La Escalereta.<\/td>\n<td style=\"width: 17.727%;height: 23px;text-align: center\">08:36 h.<\/td>\n<td style=\"width: 22.9598%;height: 23px;text-align: center\">15:46 h.<\/td>\n<\/tr>\n<tr style=\"height: 23px\">\n<td style=\"width: 54.3338%;height: 23px\">10. Venta El \u00c1nfora.<\/td>\n<td style=\"width: 17.727%;height: 23px;text-align: center\">08:38 h.<\/td>\n<td style=\"width: 22.9598%;height: 23px;text-align: center\">15:47 h.<\/td>\n<\/tr>\n<tr style=\"height: 23px\">\n<td style=\"width: 54.3338%;height: 23px\">11. C.E.I.P. Lapachar.<\/td>\n<td style=\"width: 17.727%;height: 23px;text-align: center\">08:50 h<\/td>\n<td style=\"width: 22.9598%;height: 23px;text-align: center\">&nbsp;<\/td>\n<\/tr>\n<\/tbody>\n<\/table>\n","protected":false},"excerpt":{"rendered":"<p>&nbsp;&nbsp; Las dos rutas de&nbsp;TRANSPORTES ESCOLAR&nbsp;conservan el nombre de las desaparecidas escuelas de&nbsp;El Pinar y de la Talona. Estamos en un proceso de reivindicaci\u00f3n para que las paradas de nuestro transporte escolar tengan las&#46;&#46;&#46;<\/p>\n","protected":false},"author":11673,"featured_media":0,"parent":0,"menu_order":0,"comment_status":"closed","ping_status":"closed","template":"","meta":{"ngg_post_thumbnail":0,"footnotes":"","_mc_calendar":[]},"aioseo_notices":[],"_links":{"self":[{"href":"https:\/\/blogsaverroes.juntadeandalucia.es\/ceiplapachar\/wp-json\/wp\/v2\/pages\/3480"}],"collection":[{"href":"https:\/\/blogsaverroes.juntadeandalucia.es\/ceiplapachar\/wp-json\/wp\/v2\/pages"}],"about":[{"href":"https:\/\/blogsaverroes.juntadeandalucia.es\/ceiplapachar\/wp-json\/wp\/v2\/types\/page"}],"author":[{"embeddable":true,"href":"https:\/\/blogsaverroes.juntadeandalucia.es\/ceiplapachar\/wp-json\/wp\/v2\/users\/11673"}],"replies":[{"embeddable":true,"href":"https:\/\/blogsaverroes.juntadeandalucia.es\/ceiplapachar\/wp-json\/wp\/v2\/comments?post=3480"}],"version-history":[{"count":24,"href":"https:\/\/blogsaverroes.juntadeandalucia.es\/ceiplapachar\/wp-json\/wp\/v2\/pages\/3480\/revisions"}],"predecessor-version":[{"id":4498,"href":"https:\/\/blogsaverroes.juntadeandalucia.es\/ceiplapachar\/wp-json\/wp\/v2\/pages\/3480\/revisions\/4498"}],"wp:attachment":[{"href":"https:\/\/blogsaverroes.juntadeandalucia.es\/ceiplapachar\/wp-json\/wp\/v2\/media?parent=3480"}],"curies":[{"name":"wp","href":"https:\/\/api.w.org\/{rel}","templated":true}]}}