{"id":35,"date":"2015-03-13T08:21:43","date_gmt":"2015-03-13T08:21:43","guid":{"rendered":"http:\/\/blogsaverroes.juntadeandalucia.es\/pre\/ceip\/?page_id=35"},"modified":"2025-07-06T15:31:12","modified_gmt":"2025-07-06T15:31:12","slug":"el-centro-2","status":"publish","type":"page","link":"https:\/\/blogsaverroes.juntadeandalucia.es\/ceiplapachar\/","title":{"rendered":"Datos del centro"},"content":{"rendered":"<table style=\"width: 600px;border-collapse: collapse;background-color: #c2f2e8\">\n<tbody>\n<tr>\n<td style=\"width: 50%;text-align: center\">\n<h1>C.E.I.P. LAPACHAR<\/h1>\n<h1>(Chipiona)<\/h1>\n<\/td>\n<td style=\"width: 50%;text-align: center\"><a href=\"https:\/\/blogsaverroes.juntadeandalucia.es\/ceiplapachar\/files\/2020\/12\/ESCUDO-LAPACHAR.jpg\"><img decoding=\"async\" class=\"alignnone size-full wp-image-2217\" src=\"https:\/\/blogsaverroes.juntadeandalucia.es\/ceiplapachar\/files\/2020\/12\/ESCUDO-LAPACHAR.jpg\" alt=\"\" width=\"150\" height=\"134\" srcset=\"https:\/\/blogsaverroes.juntadeandalucia.es\/ceiplapachar\/files\/2020\/12\/ESCUDO-LAPACHAR.jpg 150w, https:\/\/blogsaverroes.juntadeandalucia.es\/ceiplapachar\/files\/2020\/12\/ESCUDO-LAPACHAR-24x21.jpg 24w, https:\/\/blogsaverroes.juntadeandalucia.es\/ceiplapachar\/files\/2020\/12\/ESCUDO-LAPACHAR-36x32.jpg 36w, https:\/\/blogsaverroes.juntadeandalucia.es\/ceiplapachar\/files\/2020\/12\/ESCUDO-LAPACHAR-48x43.jpg 48w, https:\/\/blogsaverroes.juntadeandalucia.es\/ceiplapachar\/files\/2020\/12\/ESCUDO-LAPACHAR-978x873.jpg 978w\" sizes=\"(max-width: 150px) 100vw, 150px\" \/><\/a><\/td>\n<\/tr>\n<\/tbody>\n<\/table>\n<p style=\"text-align: center\"><a href=\"https:\/\/www.google.com\/maps\/place\/C.E.I.P.+Lapachar\/@36.7307145,-6.4320873,16z\/data=!3m1!4b1!4m6!3m5!1s0xd0e75a25e88d3fb:0x2d8c51a9a11451e4!8m2!3d36.7307145!4d-6.4295124!16s%2Fg%2F1hc2m_730!5m1!1e4?entry=ttu&amp;g_ep=EgoyMDI1MDEyOS4xIKXMDSoASAFQAw%3D%3D\"><span style=\"text-decoration: underline\"><span style=\"color: #0000ff;text-decoration: underline\"><strong>LOCALIZACI\u00d3N<\/strong><\/span>&nbsp; &#8211; <span style=\"color: #0000ff;text-decoration: underline\">Google map<\/span><\/span><\/a><\/p>\n<h2 style=\"text-align: center\"><span style=\"color: #0000ff\"><span style=\"text-decoration: underline\">DATOS DEL CENTRO<\/span>.<\/span><\/h2>\n<div class=\"destacado\">\n<div class=\"destacado\" style=\"text-align: center\"><strong>DIRECCI\u00d3N:&nbsp; Avenida de La Hispanidad, N\u00ba1&nbsp; &nbsp; &#8211;&nbsp; &nbsp;C.P.: 11.550 &#8211; C\u00e1diz&nbsp; &nbsp;&#8211;&nbsp; <\/strong><strong>C\u00d3DIGO:&nbsp; 11002274<\/strong><\/div>\n<div>&nbsp;<\/div>\n<\/div>\n<div class=\"destacado\">\n<table style=\"width: 66.3754%;border-color: #f5e55b;background-color: #f0ec89;height: 83px\" border=\"0\" align=\"center\">\n<tbody>\n<tr style=\"height: 83px\">\n<td style=\"width: 15.7635%;height: 83px;border-color: #f5f0f0;background-color: #f7f5f5\"><a href=\"https:\/\/blogsaverroes.juntadeandalucia.es\/ceiplapachar\/files\/2025\/02\/TELEFONO.png\"><img fetchpriority=\"high\" decoding=\"async\" class=\"alignnone size-medium wp-image-6659\" src=\"https:\/\/blogsaverroes.juntadeandalucia.es\/ceiplapachar\/files\/2025\/02\/TELEFONO-300x300.png\" alt=\"\" width=\"300\" height=\"300\" srcset=\"https:\/\/blogsaverroes.juntadeandalucia.es\/ceiplapachar\/files\/2025\/02\/TELEFONO-300x300.png 300w, https:\/\/blogsaverroes.juntadeandalucia.es\/ceiplapachar\/files\/2025\/02\/TELEFONO-150x150.png 150w, https:\/\/blogsaverroes.juntadeandalucia.es\/ceiplapachar\/files\/2025\/02\/TELEFONO.png 512w\" sizes=\"(max-width: 300px) 100vw, 300px\" \/><\/a><\/td>\n<td style=\"width: 110.591%;height: 83px\">\n<p style=\"text-align: center\"><strong>TEL\u00c9FONO DE SECRETAR\u00cdA<\/strong><\/p>\n<h2 style=\"text-align: center\"><strong><span style=\"color: #0000ff\">671 53 11 64<\/span><\/strong>&nbsp;<\/h2>\n<\/td>\n<\/tr>\n<\/tbody>\n<\/table>\n<p>&nbsp;<\/p>\n<\/div>\n<div>\n<table style=\"border-collapse: collapse;width: 100%\">\n<tbody>\n<tr style=\"background-color: #b5f7f6\">\n<td style=\"width: 15.0177%\">\n<h4 style=\"text-align: center\"><strong><a href=\"https:\/\/blogsaverroes.juntadeandalucia.es\/ceiplapachar\/files\/2025\/07\/EMAIL.jpg\"><img decoding=\"async\" class=\"alignnone wp-image-6875\" src=\"https:\/\/blogsaverroes.juntadeandalucia.es\/ceiplapachar\/files\/2025\/07\/EMAIL-150x150.jpg\" alt=\"\" width=\"75\" height=\"75\" srcset=\"https:\/\/blogsaverroes.juntadeandalucia.es\/ceiplapachar\/files\/2025\/07\/EMAIL-150x150.jpg 150w, https:\/\/blogsaverroes.juntadeandalucia.es\/ceiplapachar\/files\/2025\/07\/EMAIL-80x80.jpg 80w, https:\/\/blogsaverroes.juntadeandalucia.es\/ceiplapachar\/files\/2025\/07\/EMAIL.jpg 225w\" sizes=\"(max-width: 75px) 100vw, 75px\" \/><\/a><\/strong><\/h4>\n<\/td>\n<td style=\"width: 84.9823%\">\n<h4 style=\"text-align: center\"><strong>E-mail de <span style=\"color: #0000ff\">SECRETAR\u00cdA<\/span>: <span style=\"color: #993366\">11002274@g.educaand.es&nbsp;<\/span><\/strong><\/h4>\n<h4 style=\"text-align: center\"><strong><span style=\"color: #993366\"><span style=\"color: #000000\"> (activo a partir de septiembre de 2.025)<\/span><\/span><\/strong><\/h4>\n<\/td>\n<\/tr>\n<\/tbody>\n<\/table>\n<\/div>\n<div>&nbsp;<\/div>\n<div>\n<table style=\"border-collapse: collapse;width: 67.775%\">\n<tbody>\n<tr>\n<td style=\"width: 1.5361%\" colspan=\"2\">\n<div class=\"destacado\" style=\"text-align: center\"><span style=\"text-decoration: underline\"><span style=\"color: #0000ff\"><strong>HORARIOS:<\/strong><\/span><\/span><span style=\"color: #0000ff\"><strong>&nbsp; <a href=\"https:\/\/blogsaverroes.juntadeandalucia.es\/ceiplapachar\/files\/2025\/02\/images.png\"><img loading=\"lazy\" decoding=\"async\" class=\"wp-image-6662 alignright\" src=\"https:\/\/blogsaverroes.juntadeandalucia.es\/ceiplapachar\/files\/2025\/02\/images.png\" alt=\"\" width=\"87\" height=\"84\"><\/a><\/strong><\/span><\/div>\n<div style=\"text-align: center\"><strong>Aula Matinal:<\/strong> De 7:30 horas a 9:00 horas.<\/div>\n<div style=\"text-align: center\"><strong>Actividad lectiva:<\/strong> De 9:00 horas a 14:00 horas.&nbsp; &nbsp; &nbsp;<\/div>\n<div style=\"text-align: center\"><strong>Comedor Escolar:<\/strong> De 14:00 horas a 15:45 horas.<\/div>\n<div style=\"text-align: center\"><strong>Actividades extraescolares,<\/strong> <strong>PREX<\/strong> (Programa de Refuerzo de la Lengua Extranjera),<strong> P.R.O.A.<\/strong> (Acompa\u00f1amiento Escolar) y <strong>Programa Investiga y Descubre:<\/strong> De lunes a jueves entre las 16:00 horas y las 19:00 horas (seg\u00fan actividad).<\/div>\n<\/td>\n<\/tr>\n<\/tbody>\n<\/table>\n<\/div>\n<div>&nbsp;<\/div>\n<div>\n<table style=\"border-collapse: collapse;width: 100%\">\n<tbody>\n<tr>\n<td style=\"width: 100%\">\n<div style=\"text-align: center\"><span style=\"text-decoration: underline\"><span style=\"color: #0000ff\"><strong>OFERTA EDUCATIVA:<\/strong><\/span><\/span><\/div>\n<ul>\n<li style=\"text-align: left\"><strong>SEGUNDO CICLO DE EDUCACI\u00d3N INTANTIL<\/strong>.&nbsp; <a href=\"https:\/\/blogsaverroes.juntadeandalucia.es\/ceiplapachar\/files\/2025\/02\/oferta-Educativa.jpg\"><img loading=\"lazy\" decoding=\"async\" class=\"size-full wp-image-6664 alignright\" src=\"https:\/\/blogsaverroes.juntadeandalucia.es\/ceiplapachar\/files\/2025\/02\/oferta-Educativa.jpg\" alt=\"\" width=\"250\" height=\"138\"><\/a><\/li>\n<li style=\"text-align: left\"><strong>EDUCACI\u00d3N PRIMARIA<\/strong>.<\/li>\n<li style=\"text-align: left\"><strong>RECURSOS DE ATENCI\u00d3N A LA DIVERSIDAD<\/strong>:&nbsp; Maestra de apoyo y refuerzo en Infantil, dos maestras de Pedagog\u00eda Terape\u00fatica, maestra de Audici\u00f3n y Lenguaje, maestra de Compensaci\u00f3n Educativa, Logopeda, Orientadora y una profesional t\u00e9cnico en integraci\u00f3n social (PTIS). &nbsp;<\/li>\n<\/ul>\n<\/td>\n<\/tr>\n<\/tbody>\n<\/table>\n<\/div>\n<div>\n<table style=\"border-collapse: collapse;width: 100%\">\n<tbody>\n<tr>\n<td style=\"width: 100%\">\n<ul>\n<li style=\"text-align: left\"><strong>SERVICIOS Y PROGRAMAS DESARROLLADOS EN EL CENTRO<\/strong>:\n<ul>\n<li>Plan de Compensaci\u00f3n Educativa.<\/li>\n<li>Transformaci\u00f3n digital Educativa T.D.E.<\/li>\n<li>Biblioteca Escolar.<\/li>\n<li>Plan de Igualdad de g\u00e9nero en educaci\u00f3n.<\/li>\n<li>Huerto Escolar.<\/li>\n<li>Bienestar y protecci\u00f3n de la infancia y la adolescencia &#8211; Plan de Convivencia.<\/li>\n<li>Escuela Espacio de Paz intercentros.<\/li>\n<li>Plan de Apertura de Centros:&nbsp; &nbsp; Aula Matinal, Transporte Escolar, Comedor Escolar y Actividades Extraescolares.&nbsp; &nbsp; &nbsp; &nbsp; &nbsp; &nbsp; &nbsp; &nbsp; &nbsp; &nbsp; &nbsp; &nbsp; &nbsp; &nbsp; &nbsp; &nbsp; &nbsp; &nbsp; &nbsp; &nbsp; &nbsp; &nbsp; &nbsp; &nbsp; &nbsp; &nbsp; &nbsp; &nbsp; &nbsp; &nbsp; &nbsp; &nbsp; &nbsp; &nbsp; &nbsp; &nbsp; &nbsp; &nbsp; &nbsp; &nbsp; &nbsp; &nbsp; &nbsp; &nbsp; &nbsp; &nbsp; &nbsp; &nbsp; &nbsp; &nbsp; &nbsp; &nbsp; &nbsp; &nbsp; &nbsp; &nbsp;<\/li>\n<li>Programa de Acompa\u00f1amiento Escolar&nbsp; (PROA).&nbsp; <a href=\"https:\/\/blogsaverroes.juntadeandalucia.es\/ceiplapachar\/files\/2025\/02\/Logo-Cima_mas-resolucion.png\"><img loading=\"lazy\" decoding=\"async\" class=\"size-medium wp-image-6670 alignright\" src=\"https:\/\/blogsaverroes.juntadeandalucia.es\/ceiplapachar\/files\/2025\/02\/Logo-Cima_mas-resolucion-261x300.png\" alt=\"\" width=\"261\" height=\"300\" srcset=\"https:\/\/blogsaverroes.juntadeandalucia.es\/ceiplapachar\/files\/2025\/02\/Logo-Cima_mas-resolucion-261x300.png 261w, https:\/\/blogsaverroes.juntadeandalucia.es\/ceiplapachar\/files\/2025\/02\/Logo-Cima_mas-resolucion-768x884.png 768w, https:\/\/blogsaverroes.juntadeandalucia.es\/ceiplapachar\/files\/2025\/02\/Logo-Cima_mas-resolucion.png 886w\" sizes=\"(max-width: 261px) 100vw, 261px\" \/><\/a><\/li>\n<li>Programa de Acompa\u00f1amiento en Lengua Extranjera (PREX).<\/li>\n<li><a href=\"https:\/\/blogsaverroes.juntadeandalucia.es\/ceiplapachar\/impulsa\/\"><span style=\"text-decoration: underline\">PROGRAMA M\u00c1S EQUIDAD.<\/span><\/a><\/li>\n<li><a href=\"https:\/\/blogsaverroes.juntadeandalucia.es\/ceiplapachar\/proa-transformate\/\"><span style=\"text-decoration: underline\">PROA + TRANSF\u00d3RMATE &#8211; finalizado en 2.024.<\/span><\/a><\/li>\n<li>PROGRAMA DE EDUCACI\u00d3N INCLUSIVA +.<\/li>\n<li>Recursos ConRed Andaluc\u00eda: prevenci\u00f3n del acoso escolar y el ciberacoso.<\/li>\n<li>Plan Director de la guardia Civil: Acoso y ciberacoso, tecnolog\u00edas de la informaci\u00f3n y seguridad vial.<\/li>\n<li>Prevenci\u00f3n de Violencia de G\u00e9nero.<\/li>\n<li>Programa CIMA: Educaci\u00f3n emocional, Alimentaci\u00f3n Saludable e&nbsp; Higiene Digital.<\/li>\n<li>Programa escolar de consumo de fruta, hortalizas y leche.<\/li>\n<\/ul>\n<\/li>\n<\/ul>\n<\/td>\n<\/tr>\n<\/tbody>\n<\/table>\n<\/div>\n<div style=\"text-align: left\">&nbsp;<\/div>\n<p>&nbsp; &nbsp; &nbsp; &nbsp; &nbsp; &nbsp; &nbsp; &nbsp; &nbsp; &nbsp; &nbsp; &nbsp; &nbsp; &nbsp; &nbsp; &nbsp; &nbsp; &nbsp; &nbsp; &nbsp; &nbsp; &nbsp; &nbsp; &nbsp; &nbsp; &nbsp; &nbsp; &nbsp; &nbsp; &nbsp; &nbsp;<span style=\"text-decoration: underline\"><span style=\"color: #0000ff;text-decoration: underline\">INSTALACIONES:<\/span><\/span><\/p>\n<table style=\"width: 100%;border-collapse: collapse;background-color: #bef7e6\">\n<tbody>\n<tr>\n<td style=\"width: 33.3333%\"><a href=\"https:\/\/blogsaverroes.juntadeandalucia.es\/ceiplapachar\/files\/2021\/12\/FACHADA-PRINCIPAL.jpeg\"><img loading=\"lazy\" decoding=\"async\" class=\"size-medium wp-image-3909 aligncenter\" src=\"https:\/\/blogsaverroes.juntadeandalucia.es\/ceiplapachar\/files\/2021\/12\/FACHADA-PRINCIPAL-300x211.jpeg\" alt=\"\" width=\"300\" height=\"211\" srcset=\"https:\/\/blogsaverroes.juntadeandalucia.es\/ceiplapachar\/files\/2021\/12\/FACHADA-PRINCIPAL-300x211.jpeg 300w, https:\/\/blogsaverroes.juntadeandalucia.es\/ceiplapachar\/files\/2021\/12\/FACHADA-PRINCIPAL-1024x720.jpeg 1024w, https:\/\/blogsaverroes.juntadeandalucia.es\/ceiplapachar\/files\/2021\/12\/FACHADA-PRINCIPAL-768x540.jpeg 768w, https:\/\/blogsaverroes.juntadeandalucia.es\/ceiplapachar\/files\/2021\/12\/FACHADA-PRINCIPAL-1536x1080.jpeg 1536w, https:\/\/blogsaverroes.juntadeandalucia.es\/ceiplapachar\/files\/2021\/12\/FACHADA-PRINCIPAL.jpeg 1600w\" sizes=\"(max-width: 300px) 100vw, 300px\" \/><\/a><\/td>\n<td style=\"width: 33.3333%\"><a href=\"https:\/\/blogsaverroes.juntadeandalucia.es\/ceiplapachar\/files\/2021\/12\/ENTRADA-PRINCIPAL.jpeg\"><img loading=\"lazy\" decoding=\"async\" class=\"size-medium wp-image-3908 aligncenter\" src=\"https:\/\/blogsaverroes.juntadeandalucia.es\/ceiplapachar\/files\/2021\/12\/ENTRADA-PRINCIPAL-300x225.jpeg\" alt=\"\" width=\"300\" height=\"225\" srcset=\"https:\/\/blogsaverroes.juntadeandalucia.es\/ceiplapachar\/files\/2021\/12\/ENTRADA-PRINCIPAL-300x225.jpeg 300w, https:\/\/blogsaverroes.juntadeandalucia.es\/ceiplapachar\/files\/2021\/12\/ENTRADA-PRINCIPAL-1024x768.jpeg 1024w, https:\/\/blogsaverroes.juntadeandalucia.es\/ceiplapachar\/files\/2021\/12\/ENTRADA-PRINCIPAL-768x576.jpeg 768w, https:\/\/blogsaverroes.juntadeandalucia.es\/ceiplapachar\/files\/2021\/12\/ENTRADA-PRINCIPAL-1536x1152.jpeg 1536w, https:\/\/blogsaverroes.juntadeandalucia.es\/ceiplapachar\/files\/2021\/12\/ENTRADA-PRINCIPAL.jpeg 1600w\" sizes=\"(max-width: 300px) 100vw, 300px\" \/><\/a><\/td>\n<td style=\"width: 33.3333%\"><a href=\"https:\/\/blogsaverroes.juntadeandalucia.es\/ceiplapachar\/files\/2021\/12\/EDIFICIO-AMPA.jpeg\"><img loading=\"lazy\" decoding=\"async\" class=\"size-medium wp-image-3910 aligncenter\" src=\"https:\/\/blogsaverroes.juntadeandalucia.es\/ceiplapachar\/files\/2021\/12\/EDIFICIO-AMPA-300x200.jpeg\" alt=\"\" width=\"300\" height=\"200\" srcset=\"https:\/\/blogsaverroes.juntadeandalucia.es\/ceiplapachar\/files\/2021\/12\/EDIFICIO-AMPA-300x200.jpeg 300w, https:\/\/blogsaverroes.juntadeandalucia.es\/ceiplapachar\/files\/2021\/12\/EDIFICIO-AMPA-1024x682.jpeg 1024w, https:\/\/blogsaverroes.juntadeandalucia.es\/ceiplapachar\/files\/2021\/12\/EDIFICIO-AMPA-768x512.jpeg 768w, https:\/\/blogsaverroes.juntadeandalucia.es\/ceiplapachar\/files\/2021\/12\/EDIFICIO-AMPA-1536x1023.jpeg 1536w, https:\/\/blogsaverroes.juntadeandalucia.es\/ceiplapachar\/files\/2021\/12\/EDIFICIO-AMPA.jpeg 1600w\" sizes=\"(max-width: 300px) 100vw, 300px\" \/><\/a><\/td>\n<\/tr>\n<tr>\n<td style=\"width: 33.3333%\"><a href=\"https:\/\/blogsaverroes.juntadeandalucia.es\/ceiplapachar\/files\/2021\/12\/ENTRADA-AL-COMEDOR.jpeg\"><img loading=\"lazy\" decoding=\"async\" class=\"size-medium wp-image-3911 aligncenter\" src=\"https:\/\/blogsaverroes.juntadeandalucia.es\/ceiplapachar\/files\/2021\/12\/ENTRADA-AL-COMEDOR-300x221.jpeg\" alt=\"\" width=\"300\" height=\"221\" srcset=\"https:\/\/blogsaverroes.juntadeandalucia.es\/ceiplapachar\/files\/2021\/12\/ENTRADA-AL-COMEDOR-300x221.jpeg 300w, https:\/\/blogsaverroes.juntadeandalucia.es\/ceiplapachar\/files\/2021\/12\/ENTRADA-AL-COMEDOR-1024x755.jpeg 1024w, https:\/\/blogsaverroes.juntadeandalucia.es\/ceiplapachar\/files\/2021\/12\/ENTRADA-AL-COMEDOR-768x566.jpeg 768w, https:\/\/blogsaverroes.juntadeandalucia.es\/ceiplapachar\/files\/2021\/12\/ENTRADA-AL-COMEDOR.jpeg 1232w\" sizes=\"(max-width: 300px) 100vw, 300px\" \/><\/a><\/td>\n<td style=\"width: 33.3333%\"><a href=\"https:\/\/blogsaverroes.juntadeandalucia.es\/ceiplapachar\/files\/2021\/12\/ENTRADA-EXTERIOR-BIBLIOTECA.jpeg\"><img loading=\"lazy\" decoding=\"async\" class=\"size-medium wp-image-3915 aligncenter\" src=\"https:\/\/blogsaverroes.juntadeandalucia.es\/ceiplapachar\/files\/2021\/12\/ENTRADA-EXTERIOR-BIBLIOTECA-300x225.jpeg\" alt=\"\" width=\"300\" height=\"225\" srcset=\"https:\/\/blogsaverroes.juntadeandalucia.es\/ceiplapachar\/files\/2021\/12\/ENTRADA-EXTERIOR-BIBLIOTECA-300x225.jpeg 300w, https:\/\/blogsaverroes.juntadeandalucia.es\/ceiplapachar\/files\/2021\/12\/ENTRADA-EXTERIOR-BIBLIOTECA-1024x768.jpeg 1024w, https:\/\/blogsaverroes.juntadeandalucia.es\/ceiplapachar\/files\/2021\/12\/ENTRADA-EXTERIOR-BIBLIOTECA-768x576.jpeg 768w, https:\/\/blogsaverroes.juntadeandalucia.es\/ceiplapachar\/files\/2021\/12\/ENTRADA-EXTERIOR-BIBLIOTECA-1536x1152.jpeg 1536w, https:\/\/blogsaverroes.juntadeandalucia.es\/ceiplapachar\/files\/2021\/12\/ENTRADA-EXTERIOR-BIBLIOTECA.jpeg 1600w\" sizes=\"(max-width: 300px) 100vw, 300px\" \/><\/a><\/td>\n<td style=\"width: 33.3333%\"><a href=\"https:\/\/blogsaverroes.juntadeandalucia.es\/ceiplapachar\/files\/2021\/12\/ENTRADA-BIBLIOTECA-1.jpeg\"><img loading=\"lazy\" decoding=\"async\" class=\"size-medium wp-image-3914 aligncenter\" src=\"https:\/\/blogsaverroes.juntadeandalucia.es\/ceiplapachar\/files\/2021\/12\/ENTRADA-BIBLIOTECA-1-300x175.jpeg\" alt=\"\" width=\"300\" height=\"175\" srcset=\"https:\/\/blogsaverroes.juntadeandalucia.es\/ceiplapachar\/files\/2021\/12\/ENTRADA-BIBLIOTECA-1-300x175.jpeg 300w, https:\/\/blogsaverroes.juntadeandalucia.es\/ceiplapachar\/files\/2021\/12\/ENTRADA-BIBLIOTECA-1-1024x599.jpeg 1024w, https:\/\/blogsaverroes.juntadeandalucia.es\/ceiplapachar\/files\/2021\/12\/ENTRADA-BIBLIOTECA-1-768x449.jpeg 768w, https:\/\/blogsaverroes.juntadeandalucia.es\/ceiplapachar\/files\/2021\/12\/ENTRADA-BIBLIOTECA-1-1536x898.jpeg 1536w, https:\/\/blogsaverroes.juntadeandalucia.es\/ceiplapachar\/files\/2021\/12\/ENTRADA-BIBLIOTECA-1.jpeg 1600w\" sizes=\"(max-width: 300px) 100vw, 300px\" \/><\/a><\/td>\n<\/tr>\n<tr>\n<td style=\"width: 33.3333%\"><a href=\"https:\/\/blogsaverroes.juntadeandalucia.es\/ceiplapachar\/files\/2021\/12\/DIRECCI\u00d3N-1.jpeg\"><img loading=\"lazy\" decoding=\"async\" class=\"size-medium wp-image-3913 aligncenter\" src=\"https:\/\/blogsaverroes.juntadeandalucia.es\/ceiplapachar\/files\/2021\/12\/DIRECCI\u00d3N-1-286x300.jpeg\" alt=\"\" width=\"286\" height=\"300\" srcset=\"https:\/\/blogsaverroes.juntadeandalucia.es\/ceiplapachar\/files\/2021\/12\/DIRECCI\u00d3N-1-286x300.jpeg 286w, https:\/\/blogsaverroes.juntadeandalucia.es\/ceiplapachar\/files\/2021\/12\/DIRECCI\u00d3N-1-977x1024.jpeg 977w, https:\/\/blogsaverroes.juntadeandalucia.es\/ceiplapachar\/files\/2021\/12\/DIRECCI\u00d3N-1-768x805.jpeg 768w, https:\/\/blogsaverroes.juntadeandalucia.es\/ceiplapachar\/files\/2021\/12\/DIRECCI\u00d3N-1-1465x1536.jpeg 1465w, https:\/\/blogsaverroes.juntadeandalucia.es\/ceiplapachar\/files\/2021\/12\/DIRECCI\u00d3N-1.jpeg 1511w\" sizes=\"(max-width: 286px) 100vw, 286px\" \/><\/a><\/td>\n<td style=\"width: 33.3333%\"><a href=\"https:\/\/blogsaverroes.juntadeandalucia.es\/ceiplapachar\/files\/2021\/12\/ESCALERAS.jpeg\"><img loading=\"lazy\" decoding=\"async\" class=\"size-medium wp-image-3917 aligncenter\" src=\"https:\/\/blogsaverroes.juntadeandalucia.es\/ceiplapachar\/files\/2021\/12\/ESCALERAS-225x300.jpeg\" alt=\"\" width=\"225\" height=\"300\" srcset=\"https:\/\/blogsaverroes.juntadeandalucia.es\/ceiplapachar\/files\/2021\/12\/ESCALERAS-225x300.jpeg 225w, https:\/\/blogsaverroes.juntadeandalucia.es\/ceiplapachar\/files\/2021\/12\/ESCALERAS-768x1024.jpeg 768w, https:\/\/blogsaverroes.juntadeandalucia.es\/ceiplapachar\/files\/2021\/12\/ESCALERAS-1152x1536.jpeg 1152w, https:\/\/blogsaverroes.juntadeandalucia.es\/ceiplapachar\/files\/2021\/12\/ESCALERAS.jpeg 1200w\" sizes=\"(max-width: 225px) 100vw, 225px\" \/><\/a><\/td>\n<td style=\"width: 33.3333%\"><a href=\"https:\/\/blogsaverroes.juntadeandalucia.es\/ceiplapachar\/files\/2021\/12\/GIMNASIO.jpeg\"><img loading=\"lazy\" decoding=\"async\" class=\"size-medium wp-image-3919 aligncenter\" src=\"https:\/\/blogsaverroes.juntadeandalucia.es\/ceiplapachar\/files\/2021\/12\/GIMNASIO-300x225.jpeg\" alt=\"\" width=\"300\" height=\"225\" srcset=\"https:\/\/blogsaverroes.juntadeandalucia.es\/ceiplapachar\/files\/2021\/12\/GIMNASIO-300x225.jpeg 300w, https:\/\/blogsaverroes.juntadeandalucia.es\/ceiplapachar\/files\/2021\/12\/GIMNASIO-1024x768.jpeg 1024w, https:\/\/blogsaverroes.juntadeandalucia.es\/ceiplapachar\/files\/2021\/12\/GIMNASIO-768x576.jpeg 768w, https:\/\/blogsaverroes.juntadeandalucia.es\/ceiplapachar\/files\/2021\/12\/GIMNASIO-1536x1152.jpeg 1536w, https:\/\/blogsaverroes.juntadeandalucia.es\/ceiplapachar\/files\/2021\/12\/GIMNASIO.jpeg 1600w\" sizes=\"(max-width: 300px) 100vw, 300px\" \/><\/a><\/td>\n<\/tr>\n<tr>\n<td style=\"width: 33.3333%\"><a href=\"https:\/\/blogsaverroes.juntadeandalucia.es\/ceiplapachar\/files\/2021\/12\/HUERTO.jpeg\"><img loading=\"lazy\" decoding=\"async\" class=\"size-medium wp-image-3920 aligncenter\" src=\"https:\/\/blogsaverroes.juntadeandalucia.es\/ceiplapachar\/files\/2021\/12\/HUERTO-300x225.jpeg\" alt=\"\" width=\"300\" height=\"225\" srcset=\"https:\/\/blogsaverroes.juntadeandalucia.es\/ceiplapachar\/files\/2021\/12\/HUERTO-300x225.jpeg 300w, https:\/\/blogsaverroes.juntadeandalucia.es\/ceiplapachar\/files\/2021\/12\/HUERTO-1024x768.jpeg 1024w, https:\/\/blogsaverroes.juntadeandalucia.es\/ceiplapachar\/files\/2021\/12\/HUERTO-768x576.jpeg 768w, https:\/\/blogsaverroes.juntadeandalucia.es\/ceiplapachar\/files\/2021\/12\/HUERTO-1536x1152.jpeg 1536w, https:\/\/blogsaverroes.juntadeandalucia.es\/ceiplapachar\/files\/2021\/12\/HUERTO.jpeg 1600w\" sizes=\"(max-width: 300px) 100vw, 300px\" \/><\/a><\/td>\n<td style=\"width: 33.3333%\"><a href=\"https:\/\/blogsaverroes.juntadeandalucia.es\/ceiplapachar\/files\/2021\/12\/HUERTO-1.jpeg\"><img loading=\"lazy\" decoding=\"async\" class=\"size-medium wp-image-3921 aligncenter\" src=\"https:\/\/blogsaverroes.juntadeandalucia.es\/ceiplapachar\/files\/2021\/12\/HUERTO-1-300x177.jpeg\" alt=\"\" width=\"300\" height=\"177\" srcset=\"https:\/\/blogsaverroes.juntadeandalucia.es\/ceiplapachar\/files\/2021\/12\/HUERTO-1-300x177.jpeg 300w, https:\/\/blogsaverroes.juntadeandalucia.es\/ceiplapachar\/files\/2021\/12\/HUERTO-1-1024x605.jpeg 1024w, https:\/\/blogsaverroes.juntadeandalucia.es\/ceiplapachar\/files\/2021\/12\/HUERTO-1-768x454.jpeg 768w, https:\/\/blogsaverroes.juntadeandalucia.es\/ceiplapachar\/files\/2021\/12\/HUERTO-1-1536x908.jpeg 1536w, https:\/\/blogsaverroes.juntadeandalucia.es\/ceiplapachar\/files\/2021\/12\/HUERTO-1.jpeg 1600w\" sizes=\"(max-width: 300px) 100vw, 300px\" \/><\/a><\/td>\n<td style=\"width: 33.3333%\"><a href=\"https:\/\/blogsaverroes.juntadeandalucia.es\/ceiplapachar\/files\/2021\/12\/PASILLOS.jpeg\"><img loading=\"lazy\" decoding=\"async\" class=\"size-medium wp-image-3922 aligncenter\" src=\"https:\/\/blogsaverroes.juntadeandalucia.es\/ceiplapachar\/files\/2021\/12\/PASILLOS-300x128.jpeg\" alt=\"\" width=\"300\" height=\"128\" srcset=\"https:\/\/blogsaverroes.juntadeandalucia.es\/ceiplapachar\/files\/2021\/12\/PASILLOS-300x128.jpeg 300w, https:\/\/blogsaverroes.juntadeandalucia.es\/ceiplapachar\/files\/2021\/12\/PASILLOS-1024x439.jpeg 1024w, https:\/\/blogsaverroes.juntadeandalucia.es\/ceiplapachar\/files\/2021\/12\/PASILLOS-768x329.jpeg 768w, https:\/\/blogsaverroes.juntadeandalucia.es\/ceiplapachar\/files\/2021\/12\/PASILLOS-1536x658.jpeg 1536w, https:\/\/blogsaverroes.juntadeandalucia.es\/ceiplapachar\/files\/2021\/12\/PASILLOS.jpeg 1600w\" sizes=\"(max-width: 300px) 100vw, 300px\" \/><\/a><\/td>\n<\/tr>\n<tr>\n<td style=\"width: 33.3333%\"><a href=\"https:\/\/blogsaverroes.juntadeandalucia.es\/ceiplapachar\/files\/2021\/12\/PASILLOS-1.jpeg\"><img loading=\"lazy\" decoding=\"async\" class=\"size-medium wp-image-3923 aligncenter\" src=\"https:\/\/blogsaverroes.juntadeandalucia.es\/ceiplapachar\/files\/2021\/12\/PASILLOS-1-225x300.jpeg\" alt=\"\" width=\"225\" height=\"300\" srcset=\"https:\/\/blogsaverroes.juntadeandalucia.es\/ceiplapachar\/files\/2021\/12\/PASILLOS-1-225x300.jpeg 225w, https:\/\/blogsaverroes.juntadeandalucia.es\/ceiplapachar\/files\/2021\/12\/PASILLOS-1-768x1024.jpeg 768w, https:\/\/blogsaverroes.juntadeandalucia.es\/ceiplapachar\/files\/2021\/12\/PASILLOS-1-1152x1536.jpeg 1152w, https:\/\/blogsaverroes.juntadeandalucia.es\/ceiplapachar\/files\/2021\/12\/PASILLOS-1.jpeg 1200w\" sizes=\"(max-width: 225px) 100vw, 225px\" \/><\/a><\/td>\n<td style=\"width: 33.3333%\"><a href=\"https:\/\/blogsaverroes.juntadeandalucia.es\/ceiplapachar\/files\/2021\/12\/PATIO-BANCO-DE-LA-AMISTAD.jpeg\"><img loading=\"lazy\" decoding=\"async\" class=\"size-medium wp-image-3924 aligncenter\" src=\"https:\/\/blogsaverroes.juntadeandalucia.es\/ceiplapachar\/files\/2021\/12\/PATIO-BANCO-DE-LA-AMISTAD-300x225.jpeg\" alt=\"\" width=\"300\" height=\"225\" srcset=\"https:\/\/blogsaverroes.juntadeandalucia.es\/ceiplapachar\/files\/2021\/12\/PATIO-BANCO-DE-LA-AMISTAD-300x225.jpeg 300w, https:\/\/blogsaverroes.juntadeandalucia.es\/ceiplapachar\/files\/2021\/12\/PATIO-BANCO-DE-LA-AMISTAD-1024x768.jpeg 1024w, https:\/\/blogsaverroes.juntadeandalucia.es\/ceiplapachar\/files\/2021\/12\/PATIO-BANCO-DE-LA-AMISTAD-768x576.jpeg 768w, https:\/\/blogsaverroes.juntadeandalucia.es\/ceiplapachar\/files\/2021\/12\/PATIO-BANCO-DE-LA-AMISTAD-1536x1152.jpeg 1536w, https:\/\/blogsaverroes.juntadeandalucia.es\/ceiplapachar\/files\/2021\/12\/PATIO-BANCO-DE-LA-AMISTAD.jpeg 1600w\" sizes=\"(max-width: 300px) 100vw, 300px\" \/><\/a><\/td>\n<td style=\"width: 33.3333%\"><a href=\"https:\/\/blogsaverroes.juntadeandalucia.es\/ceiplapachar\/files\/2021\/12\/PATIO-RINC\u00d3N-ANDALUZ.jpeg\"><img loading=\"lazy\" decoding=\"async\" class=\"size-medium wp-image-3925 aligncenter\" src=\"https:\/\/blogsaverroes.juntadeandalucia.es\/ceiplapachar\/files\/2021\/12\/PATIO-RINC\u00d3N-ANDALUZ-300x225.jpeg\" alt=\"\" width=\"300\" height=\"225\" srcset=\"https:\/\/blogsaverroes.juntadeandalucia.es\/ceiplapachar\/files\/2021\/12\/PATIO-RINC\u00d3N-ANDALUZ-300x225.jpeg 300w, https:\/\/blogsaverroes.juntadeandalucia.es\/ceiplapachar\/files\/2021\/12\/PATIO-RINC\u00d3N-ANDALUZ-1024x768.jpeg 1024w, https:\/\/blogsaverroes.juntadeandalucia.es\/ceiplapachar\/files\/2021\/12\/PATIO-RINC\u00d3N-ANDALUZ-768x576.jpeg 768w, https:\/\/blogsaverroes.juntadeandalucia.es\/ceiplapachar\/files\/2021\/12\/PATIO-RINC\u00d3N-ANDALUZ-1536x1152.jpeg 1536w, https:\/\/blogsaverroes.juntadeandalucia.es\/ceiplapachar\/files\/2021\/12\/PATIO-RINC\u00d3N-ANDALUZ.jpeg 1600w\" sizes=\"(max-width: 300px) 100vw, 300px\" \/><\/a><\/td>\n<\/tr>\n<tr>\n<td style=\"width: 33.3333%\"><a href=\"https:\/\/blogsaverroes.juntadeandalucia.es\/ceiplapachar\/files\/2021\/12\/RINC\u00d3N-ERASMUS.jpeg\"><img loading=\"lazy\" decoding=\"async\" class=\"size-medium wp-image-3926 aligncenter\" src=\"https:\/\/blogsaverroes.juntadeandalucia.es\/ceiplapachar\/files\/2021\/12\/RINC\u00d3N-ERASMUS-300x225.jpeg\" alt=\"\" width=\"300\" height=\"225\" srcset=\"https:\/\/blogsaverroes.juntadeandalucia.es\/ceiplapachar\/files\/2021\/12\/RINC\u00d3N-ERASMUS-300x225.jpeg 300w, https:\/\/blogsaverroes.juntadeandalucia.es\/ceiplapachar\/files\/2021\/12\/RINC\u00d3N-ERASMUS-1024x768.jpeg 1024w, https:\/\/blogsaverroes.juntadeandalucia.es\/ceiplapachar\/files\/2021\/12\/RINC\u00d3N-ERASMUS-768x576.jpeg 768w, https:\/\/blogsaverroes.juntadeandalucia.es\/ceiplapachar\/files\/2021\/12\/RINC\u00d3N-ERASMUS-1536x1152.jpeg 1536w, https:\/\/blogsaverroes.juntadeandalucia.es\/ceiplapachar\/files\/2021\/12\/RINC\u00d3N-ERASMUS.jpeg 1600w\" sizes=\"(max-width: 300px) 100vw, 300px\" \/><\/a><\/td>\n<td style=\"width: 33.3333%\"><a href=\"https:\/\/blogsaverroes.juntadeandalucia.es\/ceiplapachar\/files\/2021\/12\/BIBLIOTECA.jpeg\"><img loading=\"lazy\" decoding=\"async\" class=\"size-medium wp-image-3938 aligncenter\" src=\"https:\/\/blogsaverroes.juntadeandalucia.es\/ceiplapachar\/files\/2021\/12\/BIBLIOTECA-300x199.jpeg\" alt=\"\" width=\"300\" height=\"199\" srcset=\"https:\/\/blogsaverroes.juntadeandalucia.es\/ceiplapachar\/files\/2021\/12\/BIBLIOTECA-300x199.jpeg 300w, https:\/\/blogsaverroes.juntadeandalucia.es\/ceiplapachar\/files\/2021\/12\/BIBLIOTECA-1024x679.jpeg 1024w, https:\/\/blogsaverroes.juntadeandalucia.es\/ceiplapachar\/files\/2021\/12\/BIBLIOTECA-768x509.jpeg 768w, https:\/\/blogsaverroes.juntadeandalucia.es\/ceiplapachar\/files\/2021\/12\/BIBLIOTECA-1536x1019.jpeg 1536w, https:\/\/blogsaverroes.juntadeandalucia.es\/ceiplapachar\/files\/2021\/12\/BIBLIOTECA.jpeg 1600w\" sizes=\"(max-width: 300px) 100vw, 300px\" \/><\/a><\/td>\n<td style=\"width: 33.3333%\"><a href=\"https:\/\/blogsaverroes.juntadeandalucia.es\/ceiplapachar\/files\/2021\/12\/COMEDOR2.jpeg\"><img loading=\"lazy\" decoding=\"async\" class=\"size-medium wp-image-3944 aligncenter\" src=\"https:\/\/blogsaverroes.juntadeandalucia.es\/ceiplapachar\/files\/2021\/12\/COMEDOR2-300x225.jpeg\" alt=\"\" width=\"300\" height=\"225\" srcset=\"https:\/\/blogsaverroes.juntadeandalucia.es\/ceiplapachar\/files\/2021\/12\/COMEDOR2-300x225.jpeg 300w, https:\/\/blogsaverroes.juntadeandalucia.es\/ceiplapachar\/files\/2021\/12\/COMEDOR2-1024x768.jpeg 1024w, https:\/\/blogsaverroes.juntadeandalucia.es\/ceiplapachar\/files\/2021\/12\/COMEDOR2-768x576.jpeg 768w, https:\/\/blogsaverroes.juntadeandalucia.es\/ceiplapachar\/files\/2021\/12\/COMEDOR2-1536x1152.jpeg 1536w, https:\/\/blogsaverroes.juntadeandalucia.es\/ceiplapachar\/files\/2021\/12\/COMEDOR2.jpeg 1600w\" sizes=\"(max-width: 300px) 100vw, 300px\" \/><\/a><\/td>\n<\/tr>\n<tr>\n<td style=\"width: 33.3333%\"><a href=\"https:\/\/blogsaverroes.juntadeandalucia.es\/ceiplapachar\/files\/2021\/12\/SECRETAR\u00cdA.jpeg\"><img loading=\"lazy\" decoding=\"async\" class=\"size-medium wp-image-3927 aligncenter\" src=\"https:\/\/blogsaverroes.juntadeandalucia.es\/ceiplapachar\/files\/2021\/12\/SECRETAR\u00cdA-300x270.jpeg\" alt=\"\" width=\"300\" height=\"270\" srcset=\"https:\/\/blogsaverroes.juntadeandalucia.es\/ceiplapachar\/files\/2021\/12\/SECRETAR\u00cdA-300x270.jpeg 300w, https:\/\/blogsaverroes.juntadeandalucia.es\/ceiplapachar\/files\/2021\/12\/SECRETAR\u00cdA-1024x923.jpeg 1024w, https:\/\/blogsaverroes.juntadeandalucia.es\/ceiplapachar\/files\/2021\/12\/SECRETAR\u00cdA-768x692.jpeg 768w, https:\/\/blogsaverroes.juntadeandalucia.es\/ceiplapachar\/files\/2021\/12\/SECRETAR\u00cdA.jpeg 1505w\" sizes=\"(max-width: 300px) 100vw, 300px\" \/><\/a><\/td>\n<td style=\"width: 33.3333%\"><a href=\"https:\/\/blogsaverroes.juntadeandalucia.es\/ceiplapachar\/files\/2021\/12\/VISTA-DEL-PATIO.jpeg\"><img loading=\"lazy\" decoding=\"async\" class=\"size-medium wp-image-3928 aligncenter\" src=\"https:\/\/blogsaverroes.juntadeandalucia.es\/ceiplapachar\/files\/2021\/12\/VISTA-DEL-PATIO-300x225.jpeg\" alt=\"\" width=\"300\" height=\"225\" srcset=\"https:\/\/blogsaverroes.juntadeandalucia.es\/ceiplapachar\/files\/2021\/12\/VISTA-DEL-PATIO-300x225.jpeg 300w, https:\/\/blogsaverroes.juntadeandalucia.es\/ceiplapachar\/files\/2021\/12\/VISTA-DEL-PATIO-1024x768.jpeg 1024w, https:\/\/blogsaverroes.juntadeandalucia.es\/ceiplapachar\/files\/2021\/12\/VISTA-DEL-PATIO-768x576.jpeg 768w, https:\/\/blogsaverroes.juntadeandalucia.es\/ceiplapachar\/files\/2021\/12\/VISTA-DEL-PATIO-1536x1152.jpeg 1536w, https:\/\/blogsaverroes.juntadeandalucia.es\/ceiplapachar\/files\/2021\/12\/VISTA-DEL-PATIO.jpeg 1600w\" sizes=\"(max-width: 300px) 100vw, 300px\" \/><\/a><\/td>\n<td style=\"width: 33.3333%\"><a href=\"https:\/\/blogsaverroes.juntadeandalucia.es\/ceiplapachar\/files\/2021\/12\/ZONAS-COMUNES-ALA-IZQUIERDA-1.jpeg\"><img loading=\"lazy\" decoding=\"async\" class=\"size-medium wp-image-3930 aligncenter\" src=\"https:\/\/blogsaverroes.juntadeandalucia.es\/ceiplapachar\/files\/2021\/12\/ZONAS-COMUNES-ALA-IZQUIERDA-1-300x225.jpeg\" alt=\"\" width=\"300\" height=\"225\" srcset=\"https:\/\/blogsaverroes.juntadeandalucia.es\/ceiplapachar\/files\/2021\/12\/ZONAS-COMUNES-ALA-IZQUIERDA-1-300x225.jpeg 300w, https:\/\/blogsaverroes.juntadeandalucia.es\/ceiplapachar\/files\/2021\/12\/ZONAS-COMUNES-ALA-IZQUIERDA-1-1024x768.jpeg 1024w, https:\/\/blogsaverroes.juntadeandalucia.es\/ceiplapachar\/files\/2021\/12\/ZONAS-COMUNES-ALA-IZQUIERDA-1-768x576.jpeg 768w, https:\/\/blogsaverroes.juntadeandalucia.es\/ceiplapachar\/files\/2021\/12\/ZONAS-COMUNES-ALA-IZQUIERDA-1-1536x1152.jpeg 1536w, https:\/\/blogsaverroes.juntadeandalucia.es\/ceiplapachar\/files\/2021\/12\/ZONAS-COMUNES-ALA-IZQUIERDA-1.jpeg 1600w\" sizes=\"(max-width: 300px) 100vw, 300px\" \/><\/a><\/td>\n<\/tr>\n<tr>\n<td style=\"width: 33.3333%\"><a href=\"https:\/\/blogsaverroes.juntadeandalucia.es\/ceiplapachar\/files\/2021\/12\/ZONAS-COMUNES-ALA-DERECHA-1.jpeg\"><img loading=\"lazy\" decoding=\"async\" class=\"size-medium wp-image-3931 aligncenter\" src=\"https:\/\/blogsaverroes.juntadeandalucia.es\/ceiplapachar\/files\/2021\/12\/ZONAS-COMUNES-ALA-DERECHA-1-300x225.jpeg\" alt=\"\" width=\"300\" height=\"225\" srcset=\"https:\/\/blogsaverroes.juntadeandalucia.es\/ceiplapachar\/files\/2021\/12\/ZONAS-COMUNES-ALA-DERECHA-1-300x225.jpeg 300w, https:\/\/blogsaverroes.juntadeandalucia.es\/ceiplapachar\/files\/2021\/12\/ZONAS-COMUNES-ALA-DERECHA-1-1024x768.jpeg 1024w, https:\/\/blogsaverroes.juntadeandalucia.es\/ceiplapachar\/files\/2021\/12\/ZONAS-COMUNES-ALA-DERECHA-1-768x576.jpeg 768w, https:\/\/blogsaverroes.juntadeandalucia.es\/ceiplapachar\/files\/2021\/12\/ZONAS-COMUNES-ALA-DERECHA-1-1536x1152.jpeg 1536w, https:\/\/blogsaverroes.juntadeandalucia.es\/ceiplapachar\/files\/2021\/12\/ZONAS-COMUNES-ALA-DERECHA-1.jpeg 1600w\" sizes=\"(max-width: 300px) 100vw, 300px\" \/><\/a><\/td>\n<td style=\"width: 33.3333%\"><a href=\"https:\/\/blogsaverroes.juntadeandalucia.es\/ceiplapachar\/files\/2021\/12\/ZONAS-COMUNES-ALA-DERECHA.jpeg\"><img loading=\"lazy\" decoding=\"async\" class=\"size-medium wp-image-3932 aligncenter\" src=\"https:\/\/blogsaverroes.juntadeandalucia.es\/ceiplapachar\/files\/2021\/12\/ZONAS-COMUNES-ALA-DERECHA-300x225.jpeg\" alt=\"\" width=\"300\" height=\"225\" srcset=\"https:\/\/blogsaverroes.juntadeandalucia.es\/ceiplapachar\/files\/2021\/12\/ZONAS-COMUNES-ALA-DERECHA-300x225.jpeg 300w, https:\/\/blogsaverroes.juntadeandalucia.es\/ceiplapachar\/files\/2021\/12\/ZONAS-COMUNES-ALA-DERECHA-1024x768.jpeg 1024w, https:\/\/blogsaverroes.juntadeandalucia.es\/ceiplapachar\/files\/2021\/12\/ZONAS-COMUNES-ALA-DERECHA-768x576.jpeg 768w, https:\/\/blogsaverroes.juntadeandalucia.es\/ceiplapachar\/files\/2021\/12\/ZONAS-COMUNES-ALA-DERECHA-1536x1152.jpeg 1536w, https:\/\/blogsaverroes.juntadeandalucia.es\/ceiplapachar\/files\/2021\/12\/ZONAS-COMUNES-ALA-DERECHA.jpeg 1591w\" sizes=\"(max-width: 300px) 100vw, 300px\" \/><\/a><\/td>\n<td style=\"width: 33.3333%\"><a href=\"https:\/\/blogsaverroes.juntadeandalucia.es\/ceiplapachar\/files\/2021\/12\/ZONAS-COMUNES-PLANTA-ALTA-1.jpeg\"><img loading=\"lazy\" decoding=\"async\" class=\"size-medium wp-image-3933 aligncenter\" src=\"https:\/\/blogsaverroes.juntadeandalucia.es\/ceiplapachar\/files\/2021\/12\/ZONAS-COMUNES-PLANTA-ALTA-1-300x225.jpeg\" alt=\"\" width=\"300\" height=\"225\" srcset=\"https:\/\/blogsaverroes.juntadeandalucia.es\/ceiplapachar\/files\/2021\/12\/ZONAS-COMUNES-PLANTA-ALTA-1-300x225.jpeg 300w, https:\/\/blogsaverroes.juntadeandalucia.es\/ceiplapachar\/files\/2021\/12\/ZONAS-COMUNES-PLANTA-ALTA-1-1024x768.jpeg 1024w, https:\/\/blogsaverroes.juntadeandalucia.es\/ceiplapachar\/files\/2021\/12\/ZONAS-COMUNES-PLANTA-ALTA-1-768x576.jpeg 768w, https:\/\/blogsaverroes.juntadeandalucia.es\/ceiplapachar\/files\/2021\/12\/ZONAS-COMUNES-PLANTA-ALTA-1-1536x1152.jpeg 1536w, https:\/\/blogsaverroes.juntadeandalucia.es\/ceiplapachar\/files\/2021\/12\/ZONAS-COMUNES-PLANTA-ALTA-1.jpeg 1600w\" sizes=\"(max-width: 300px) 100vw, 300px\" \/><\/a><\/td>\n<\/tr>\n<tr>\n<td style=\"width: 33.3333%\"><a href=\"https:\/\/blogsaverroes.juntadeandalucia.es\/ceiplapachar\/files\/2021\/12\/AULA-6\u00ba.jpeg\"><img loading=\"lazy\" decoding=\"async\" class=\"size-medium wp-image-3935 aligncenter\" src=\"https:\/\/blogsaverroes.juntadeandalucia.es\/ceiplapachar\/files\/2021\/12\/AULA-6\u00ba-300x225.jpeg\" alt=\"\" width=\"300\" height=\"225\" srcset=\"https:\/\/blogsaverroes.juntadeandalucia.es\/ceiplapachar\/files\/2021\/12\/AULA-6\u00ba-300x225.jpeg 300w, https:\/\/blogsaverroes.juntadeandalucia.es\/ceiplapachar\/files\/2021\/12\/AULA-6\u00ba-1024x768.jpeg 1024w, https:\/\/blogsaverroes.juntadeandalucia.es\/ceiplapachar\/files\/2021\/12\/AULA-6\u00ba-768x576.jpeg 768w, https:\/\/blogsaverroes.juntadeandalucia.es\/ceiplapachar\/files\/2021\/12\/AULA-6\u00ba-1536x1152.jpeg 1536w, https:\/\/blogsaverroes.juntadeandalucia.es\/ceiplapachar\/files\/2021\/12\/AULA-6\u00ba.jpeg 1600w\" sizes=\"(max-width: 300px) 100vw, 300px\" \/><\/a><\/td>\n<td style=\"width: 33.3333%\"><a href=\"https:\/\/blogsaverroes.juntadeandalucia.es\/ceiplapachar\/files\/2021\/12\/AULA-6\u00ba-1.jpeg\"><img loading=\"lazy\" decoding=\"async\" class=\"size-medium wp-image-3936 aligncenter\" src=\"https:\/\/blogsaverroes.juntadeandalucia.es\/ceiplapachar\/files\/2021\/12\/AULA-6\u00ba-1-300x225.jpeg\" alt=\"\" width=\"300\" height=\"225\" srcset=\"https:\/\/blogsaverroes.juntadeandalucia.es\/ceiplapachar\/files\/2021\/12\/AULA-6\u00ba-1-300x225.jpeg 300w, https:\/\/blogsaverroes.juntadeandalucia.es\/ceiplapachar\/files\/2021\/12\/AULA-6\u00ba-1-1024x768.jpeg 1024w, https:\/\/blogsaverroes.juntadeandalucia.es\/ceiplapachar\/files\/2021\/12\/AULA-6\u00ba-1-768x576.jpeg 768w, https:\/\/blogsaverroes.juntadeandalucia.es\/ceiplapachar\/files\/2021\/12\/AULA-6\u00ba-1-1536x1152.jpeg 1536w, https:\/\/blogsaverroes.juntadeandalucia.es\/ceiplapachar\/files\/2021\/12\/AULA-6\u00ba-1.jpeg 1600w\" sizes=\"(max-width: 300px) 100vw, 300px\" \/><\/a><\/td>\n<td style=\"width: 33.3333%\"><a href=\"https:\/\/blogsaverroes.juntadeandalucia.es\/ceiplapachar\/files\/2021\/12\/BIB-LIOTECA-1.jpeg\"><img loading=\"lazy\" decoding=\"async\" class=\"size-medium wp-image-3937 aligncenter\" src=\"https:\/\/blogsaverroes.juntadeandalucia.es\/ceiplapachar\/files\/2021\/12\/BIB-LIOTECA-1-300x154.jpeg\" alt=\"\" width=\"300\" height=\"154\" srcset=\"https:\/\/blogsaverroes.juntadeandalucia.es\/ceiplapachar\/files\/2021\/12\/BIB-LIOTECA-1-300x154.jpeg 300w, https:\/\/blogsaverroes.juntadeandalucia.es\/ceiplapachar\/files\/2021\/12\/BIB-LIOTECA-1-1024x526.jpeg 1024w, https:\/\/blogsaverroes.juntadeandalucia.es\/ceiplapachar\/files\/2021\/12\/BIB-LIOTECA-1-768x394.jpeg 768w, https:\/\/blogsaverroes.juntadeandalucia.es\/ceiplapachar\/files\/2021\/12\/BIB-LIOTECA-1-1536x789.jpeg 1536w, https:\/\/blogsaverroes.juntadeandalucia.es\/ceiplapachar\/files\/2021\/12\/BIB-LIOTECA-1.jpeg 1600w\" sizes=\"(max-width: 300px) 100vw, 300px\" \/><\/a><\/td>\n<\/tr>\n<tr>\n<td style=\"width: 33.3333%\"><a href=\"https:\/\/blogsaverroes.juntadeandalucia.es\/ceiplapachar\/files\/2021\/12\/CINE.jpeg\"><img loading=\"lazy\" decoding=\"async\" class=\"size-medium wp-image-3940 aligncenter\" src=\"https:\/\/blogsaverroes.juntadeandalucia.es\/ceiplapachar\/files\/2021\/12\/CINE-300x225.jpeg\" alt=\"\" width=\"300\" height=\"225\" srcset=\"https:\/\/blogsaverroes.juntadeandalucia.es\/ceiplapachar\/files\/2021\/12\/CINE-300x225.jpeg 300w, https:\/\/blogsaverroes.juntadeandalucia.es\/ceiplapachar\/files\/2021\/12\/CINE-1024x768.jpeg 1024w, https:\/\/blogsaverroes.juntadeandalucia.es\/ceiplapachar\/files\/2021\/12\/CINE-768x576.jpeg 768w, https:\/\/blogsaverroes.juntadeandalucia.es\/ceiplapachar\/files\/2021\/12\/CINE-1536x1152.jpeg 1536w, https:\/\/blogsaverroes.juntadeandalucia.es\/ceiplapachar\/files\/2021\/12\/CINE.jpeg 1600w\" sizes=\"(max-width: 300px) 100vw, 300px\" \/><\/a><\/td>\n<td style=\"width: 33.3333%\"><a href=\"https:\/\/blogsaverroes.juntadeandalucia.es\/ceiplapachar\/files\/2021\/12\/CINE-1.jpeg\"><img loading=\"lazy\" decoding=\"async\" class=\"size-medium wp-image-3941 aligncenter\" src=\"https:\/\/blogsaverroes.juntadeandalucia.es\/ceiplapachar\/files\/2021\/12\/CINE-1-300x225.jpeg\" alt=\"\" width=\"300\" height=\"225\" srcset=\"https:\/\/blogsaverroes.juntadeandalucia.es\/ceiplapachar\/files\/2021\/12\/CINE-1-300x225.jpeg 300w, https:\/\/blogsaverroes.juntadeandalucia.es\/ceiplapachar\/files\/2021\/12\/CINE-1-1024x768.jpeg 1024w, https:\/\/blogsaverroes.juntadeandalucia.es\/ceiplapachar\/files\/2021\/12\/CINE-1-768x576.jpeg 768w, https:\/\/blogsaverroes.juntadeandalucia.es\/ceiplapachar\/files\/2021\/12\/CINE-1-1536x1152.jpeg 1536w, https:\/\/blogsaverroes.juntadeandalucia.es\/ceiplapachar\/files\/2021\/12\/CINE-1.jpeg 1600w\" sizes=\"(max-width: 300px) 100vw, 300px\" \/><\/a><\/td>\n<td style=\"width: 33.3333%\"><a href=\"https:\/\/blogsaverroes.juntadeandalucia.es\/ceiplapachar\/files\/2021\/12\/COMEDOR.jpeg\"><img loading=\"lazy\" decoding=\"async\" class=\"size-medium wp-image-3942 aligncenter\" src=\"https:\/\/blogsaverroes.juntadeandalucia.es\/ceiplapachar\/files\/2021\/12\/COMEDOR-300x225.jpeg\" alt=\"\" width=\"300\" height=\"225\" srcset=\"https:\/\/blogsaverroes.juntadeandalucia.es\/ceiplapachar\/files\/2021\/12\/COMEDOR-300x225.jpeg 300w, https:\/\/blogsaverroes.juntadeandalucia.es\/ceiplapachar\/files\/2021\/12\/COMEDOR-1024x768.jpeg 1024w, https:\/\/blogsaverroes.juntadeandalucia.es\/ceiplapachar\/files\/2021\/12\/COMEDOR-768x576.jpeg 768w, https:\/\/blogsaverroes.juntadeandalucia.es\/ceiplapachar\/files\/2021\/12\/COMEDOR-1536x1152.jpeg 1536w, https:\/\/blogsaverroes.juntadeandalucia.es\/ceiplapachar\/files\/2021\/12\/COMEDOR.jpeg 1600w\" sizes=\"(max-width: 300px) 100vw, 300px\" \/><\/a><\/td>\n<\/tr>\n<\/tbody>\n<\/table>\n<p>&nbsp;<\/p>\n<p><a href=\"https:\/\/blogsaverroes.juntadeandalucia.es\/ceiplapachar\/files\/2024\/01\/cropped-PROA.png\"><img loading=\"lazy\" decoding=\"async\" class=\"aligncenter wp-image-5963 size-medium\" src=\"https:\/\/blogsaverroes.juntadeandalucia.es\/ceiplapachar\/files\/2024\/01\/cropped-PROA-212x300.png\" alt=\"\" width=\"212\" height=\"300\" srcset=\"https:\/\/blogsaverroes.juntadeandalucia.es\/ceiplapachar\/files\/2024\/01\/cropped-PROA-212x300.png 212w, https:\/\/blogsaverroes.juntadeandalucia.es\/ceiplapachar\/files\/2024\/01\/cropped-PROA-725x1024.png 725w, https:\/\/blogsaverroes.juntadeandalucia.es\/ceiplapachar\/files\/2024\/01\/cropped-PROA-768x1085.png 768w, https:\/\/blogsaverroes.juntadeandalucia.es\/ceiplapachar\/files\/2024\/01\/cropped-PROA-1087x1536.png 1087w, https:\/\/blogsaverroes.juntadeandalucia.es\/ceiplapachar\/files\/2024\/01\/cropped-PROA-1449x2048.png 1449w, https:\/\/blogsaverroes.juntadeandalucia.es\/ceiplapachar\/files\/2024\/01\/cropped-PROA.png 1132w\" sizes=\"(max-width: 212px) 100vw, 212px\" \/><\/a><\/p>\n","protected":false},"excerpt":{"rendered":"<p>C.E.I.P. LAPACHAR (Chipiona) LOCALIZACI\u00d3N&nbsp; &#8211; Google map DATOS DEL CENTRO. DIRECCI\u00d3N:&nbsp; Avenida de La Hispanidad, N\u00ba1&nbsp; &nbsp; &#8211;&nbsp; &nbsp;C.P.: 11.550 &#8211; C\u00e1diz&nbsp; &nbsp;&#8211;&nbsp; C\u00d3DIGO:&nbsp; 11002274 &nbsp; TEL\u00c9FONO DE SECRETAR\u00cdA 671 53 11 64&nbsp; &nbsp;&#46;&#46;&#46;<\/p>\n","protected":false},"author":1,"featured_media":0,"parent":0,"menu_order":0,"comment_status":"closed","ping_status":"open","template":"","meta":{"ngg_post_thumbnail":0,"footnotes":"","_mc_calendar":[]},"aioseo_notices":[],"_links":{"self":[{"href":"https:\/\/blogsaverroes.juntadeandalucia.es\/ceiplapachar\/wp-json\/wp\/v2\/pages\/35"}],"collection":[{"href":"https:\/\/blogsaverroes.juntadeandalucia.es\/ceiplapachar\/wp-json\/wp\/v2\/pages"}],"about":[{"href":"https:\/\/blogsaverroes.juntadeandalucia.es\/ceiplapachar\/wp-json\/wp\/v2\/types\/page"}],"author":[{"embeddable":true,"href":"https:\/\/blogsaverroes.juntadeandalucia.es\/ceiplapachar\/wp-json\/wp\/v2\/users\/1"}],"replies":[{"embeddable":true,"href":"https:\/\/blogsaverroes.juntadeandalucia.es\/ceiplapachar\/wp-json\/wp\/v2\/comments?post=35"}],"version-history":[{"count":66,"href":"https:\/\/blogsaverroes.juntadeandalucia.es\/ceiplapachar\/wp-json\/wp\/v2\/pages\/35\/revisions"}],"predecessor-version":[{"id":6879,"href":"https:\/\/blogsaverroes.juntadeandalucia.es\/ceiplapachar\/wp-json\/wp\/v2\/pages\/35\/revisions\/6879"}],"wp:attachment":[{"href":"https:\/\/blogsaverroes.juntadeandalucia.es\/ceiplapachar\/wp-json\/wp\/v2\/media?parent=35"}],"curies":[{"name":"wp","href":"https:\/\/api.w.org\/{rel}","templated":true}]}}