{"id":4751,"date":"2022-09-01T14:58:48","date_gmt":"2022-09-01T14:58:48","guid":{"rendered":"https:\/\/blogsaverroes.juntadeandalucia.es\/ceiplapachar\/?page_id=4751"},"modified":"2025-05-21T17:15:04","modified_gmt":"2025-05-21T17:15:04","slug":"solicitudes-plazos","status":"publish","type":"page","link":"https:\/\/blogsaverroes.juntadeandalucia.es\/ceiplapachar\/solicitudes-plazos\/","title":{"rendered":"SOLICITUDES-PLAZOS"},"content":{"rendered":"<table style=\"border-collapse: collapse;width: 100%\">\n<tbody>\n<tr>\n<td style=\"width: 100%;background-color: #f0eb60\">\n<h3 style=\"text-align: center\"><strong>SOLICITUD DE SERVICIOS COMPLEMENTARIOS CURSO 25-26:<\/strong><\/h3>\n<h3 style=\"text-align: center\"><strong>COMEDOR ESCOLAR, AULA MATINAL, TRANSPORTE Y ACTIVIDADES EXTRAESCOLARES.<\/strong><\/h3>\n<\/td>\n<\/tr>\n<\/tbody>\n<\/table>\n<p style=\"text-align: center\">&nbsp;<\/p>\n<div id=\"contenido_sitio\">\n<p style=\"text-align: center\"><span style=\"color: #ff0000\"><strong>FORMAS DE SOLICITARLO:<\/strong><\/span><\/p>\n<p>1-&nbsp;<span style=\"color: #ff0000\"><strong>RECOMENDADA<\/strong><\/span>:&nbsp;<strong><a href=\"https:\/\/www.juntadeandalucia.es\/educacion\/secretariavirtual\/\">A trav\u00e9s de la SECRETAR\u00cdA VIRTUAL DE LA CONSEJER\u00cdA (pincha para acceder).<\/a><\/strong><\/p>\n<p>&nbsp;<\/p>\n<p>2-&nbsp;<span style=\"color: #000080\"><strong>De forma presencial (los impresos se pueden descargas desde esta p\u00e1gina).<\/strong><\/span><\/p>\n<p>&nbsp;<\/p>\n<p style=\"text-align: justify\">&nbsp; &nbsp;Desde esta p\u00e1gina podr\u00e1s descargarte los impresos para solicitar los SERVICIOS COMPLEMENTARIOS QUE OFERTA NUESTRO COLEGIO:&nbsp;<strong>Comedor Escolar, Aula Matinal, Actividades Extraescolares y Transporte Escolar<\/strong>. Tambi\u00e9n podr\u00e1s disponer de las solicitudes para pedir<strong>&nbsp;B<\/strong><strong>ONIFICACIONES EN LOS SERVICIOS COMPLEMENTARIOS<\/strong>&nbsp;y una lista con toda la documentaci\u00f3n que debes aportar para ello.<\/p>\n<p>&nbsp;<\/p>\n<table>\n<tbody>\n<tr>\n<td><a href=\"https:\/\/blogsaverroes.juntadeandalucia.es\/ceiplapachar\/files\/2021\/12\/AULA-MATINAL.png\"><img fetchpriority=\"high\" decoding=\"async\" class=\"size-medium wp-image-3377 aligncenter lazy-loaded\" src=\"https:\/\/blogsaverroes.juntadeandalucia.es\/ceiplapachar\/files\/2021\/12\/AULA-MATINAL-300x183.png\" alt=\"\" width=\"300\" height=\"183\" data-lazy-type=\"image\" data-src=\"https:\/\/blogsaverroes.juntadeandalucia.es\/ceiplapachar\/files\/2021\/12\/AULA-MATINAL-300x183.png\" data-srcset=\"\" srcset=\"https:\/\/blogsaverroes.juntadeandalucia.es\/ceiplapachar\/files\/2021\/12\/AULA-MATINAL-300x183.png 300w, https:\/\/blogsaverroes.juntadeandalucia.es\/ceiplapachar\/files\/2021\/12\/AULA-MATINAL-768x467.png 768w, https:\/\/blogsaverroes.juntadeandalucia.es\/ceiplapachar\/files\/2021\/12\/AULA-MATINAL.png 1024w\" sizes=\"(max-width: 300px) 100vw, 300px\" \/><\/a><\/td>\n<td><a href=\"https:\/\/blogsaverroes.juntadeandalucia.es\/ceiplapachar\/files\/2021\/12\/COMEDOR-ESCOLAR.png\"><img decoding=\"async\" class=\"size-medium wp-image-3378 aligncenter lazy-loaded\" src=\"https:\/\/blogsaverroes.juntadeandalucia.es\/ceiplapachar\/files\/2021\/12\/COMEDOR-ESCOLAR-300x232.png\" alt=\"\" width=\"300\" height=\"232\" data-lazy-type=\"image\" data-src=\"https:\/\/blogsaverroes.juntadeandalucia.es\/ceiplapachar\/files\/2021\/12\/COMEDOR-ESCOLAR-300x232.png\" data-srcset=\"\" srcset=\"https:\/\/blogsaverroes.juntadeandalucia.es\/ceiplapachar\/files\/2021\/12\/COMEDOR-ESCOLAR-300x232.png 300w, https:\/\/blogsaverroes.juntadeandalucia.es\/ceiplapachar\/files\/2021\/12\/COMEDOR-ESCOLAR-768x593.png 768w, https:\/\/blogsaverroes.juntadeandalucia.es\/ceiplapachar\/files\/2021\/12\/COMEDOR-ESCOLAR.png 1024w\" sizes=\"(max-width: 300px) 100vw, 300px\" \/><\/a><\/td>\n<td><a href=\"https:\/\/blogsaverroes.juntadeandalucia.es\/ceiplapachar\/files\/2021\/12\/TRANSPORTE-ESCOLAR.jpg\"><img decoding=\"async\" class=\"size-medium wp-image-3379 aligncenter lazy-loaded\" src=\"https:\/\/blogsaverroes.juntadeandalucia.es\/ceiplapachar\/files\/2021\/12\/TRANSPORTE-ESCOLAR-300x185.jpg\" alt=\"\" width=\"300\" height=\"185\" data-lazy-type=\"image\" data-src=\"https:\/\/blogsaverroes.juntadeandalucia.es\/ceiplapachar\/files\/2021\/12\/TRANSPORTE-ESCOLAR-300x185.jpg\" data-srcset=\"\" srcset=\"https:\/\/blogsaverroes.juntadeandalucia.es\/ceiplapachar\/files\/2021\/12\/TRANSPORTE-ESCOLAR-300x185.jpg 300w, https:\/\/blogsaverroes.juntadeandalucia.es\/ceiplapachar\/files\/2021\/12\/TRANSPORTE-ESCOLAR.jpg 650w\" sizes=\"(max-width: 300px) 100vw, 300px\" \/><\/a><\/td>\n<td><a href=\"https:\/\/blogsaverroes.juntadeandalucia.es\/ceiplapachar\/files\/2021\/12\/Actividades-Extraescolares.jpg\"><img loading=\"lazy\" decoding=\"async\" class=\"size-medium wp-image-3380 aligncenter lazy-loaded\" src=\"https:\/\/blogsaverroes.juntadeandalucia.es\/ceiplapachar\/files\/2021\/12\/Actividades-Extraescolares-300x150.jpg\" alt=\"\" width=\"300\" height=\"150\" data-lazy-type=\"image\" data-src=\"https:\/\/blogsaverroes.juntadeandalucia.es\/ceiplapachar\/files\/2021\/12\/Actividades-Extraescolares-300x150.jpg\" data-srcset=\"\" srcset=\"https:\/\/blogsaverroes.juntadeandalucia.es\/ceiplapachar\/files\/2021\/12\/Actividades-Extraescolares-300x150.jpg 300w, https:\/\/blogsaverroes.juntadeandalucia.es\/ceiplapachar\/files\/2021\/12\/Actividades-Extraescolares-1024x511.jpg 1024w, https:\/\/blogsaverroes.juntadeandalucia.es\/ceiplapachar\/files\/2021\/12\/Actividades-Extraescolares-768x383.jpg 768w, https:\/\/blogsaverroes.juntadeandalucia.es\/ceiplapachar\/files\/2021\/12\/Actividades-Extraescolares.jpg 1156w\" sizes=\"(max-width: 300px) 100vw, 300px\" \/><\/a><\/td>\n<\/tr>\n<\/tbody>\n<\/table>\n<p>&nbsp;<\/p>\n<p style=\"text-align: justify\">&nbsp; &nbsp; &nbsp;Tenemos secciones en la web dedicadas al Comedor Escolar, el&nbsp;<a href=\"https:\/\/blogsaverroes.juntadeandalucia.es\/ceiplapachar\/aula-matinal\/\">Aula Matinal<\/a>, el&nbsp;<a href=\"https:\/\/blogsaverroes.juntadeandalucia.es\/ceiplapachar\/transporte-escolar\/\">Transporte Escolar<\/a>&nbsp;y las&nbsp;<a href=\"https:\/\/blogsaverroes.juntadeandalucia.es\/ceiplapachar\/actividades-extraescolares\/\">Actividades Extraescolares<\/a>, en ellas podr\u00e1s conseguir informaci\u00f3n sobre estos servicios, te invitamos a que las consultes.<\/p>\n<p>&nbsp;<\/p>\n<p>&nbsp; &nbsp;Puedes consultar tambi\u00e9n en el&nbsp;<strong><a href=\"https:\/\/www.juntadeandalucia.es\/educacion\/portals\/web\/ced\/servicios-complementarios\">PORTAL DE LA JUNTA DE ANDALUC\u00cdA<\/a><\/strong>&nbsp;(pincha para acceder a \u00e9l).<\/p>\n<p>&nbsp;<\/p>\n<table style=\"width: 98%;height: 591px\" border=\"1\" align=\"center\">\n<tbody>\n<tr style=\"height: 99px\">\n<td style=\"background-color: #e5f538;height: 99px\">\n<h2 style=\"text-align: center\"><strong>SOLICITUDES A SERIVICIOS COMPLEMENTARIOS: COMEDOR, AULA MATINAL Y TRANSPORTE ESCOLAR.<\/strong><\/h2>\n<h2 style=\"text-align: center\"><strong><span style=\"color: #ff0000\">PLAZOS<\/span>&nbsp;<\/strong>&nbsp;&nbsp;<\/h2>\n<\/td>\n<\/tr>\n<tr style=\"height: 30px\">\n<td style=\"background-color: #bdf0ec;height: 30px\">\n<h3 style=\"text-align: center\"><span style=\"color: #800080\"><strong>PARA EL ALUMNADO DEL C.E.I.P. LAPACHAR.<\/strong><\/span><\/h3>\n<\/td>\n<\/tr>\n<tr style=\"height: 22px\">\n<td style=\"background-color: #bdf0ec;height: 22px\"><span style=\"color: #0000ff\">&nbsp; &nbsp;PRESENTACI\u00d3N DE SOLICITUDES:&nbsp;&nbsp;<span style=\"color: #ff0000\"><strong>Del 1 al 10 de junio de 2.025.&nbsp;<\/strong><\/span><\/span><\/td>\n<\/tr>\n<tr style=\"height: 22px\">\n<td style=\"background-color: #bdf0ec;height: 22px\"><span style=\"color: #0000ff\">&nbsp; &nbsp;PUBLICACI\u00d3N DE LISTAS PROVISIONALES DE ADMITIDOS Y SUPLENTES<\/span>:<strong>&nbsp;<span style=\"color: #ff0000\">Jueves 12&nbsp; de junio de 2.025.&nbsp;<\/span><\/strong><span style=\"color: #ff0000\">&nbsp;<\/span>&nbsp;<\/td>\n<\/tr>\n<tr style=\"height: 22px\">\n<td style=\"background-color: #bdf0ec;height: 22px\">&nbsp; &nbsp;<span style=\"color: #0000ff\">PLAZO DE RECLAMACIONES A LA LISTA PROVISIONAL<\/span>:&nbsp;<span style=\"color: #ff0000\"><strong>Del viernes 13 al jueves 26 de junio de 2.025.<\/strong><\/span><\/td>\n<\/tr>\n<tr style=\"height: 22px\">\n<td style=\"background-color: #bdf0ec;height: 22px\">&nbsp; &nbsp;<span style=\"color: #0000ff\">PUBLICACI\u00d3N DE LISTA DEFINITIVA DE ADMITIDOS Y SUPLENTES<\/span>:&nbsp;<span style=\"color: #ff0000\"><strong>Lunes 30 de junio de 2.025.<\/strong><\/span><\/td>\n<\/tr>\n<tr style=\"height: 44px\">\n<td style=\"background-color: #bdf0ec;height: 44px\">&nbsp; &nbsp;<span style=\"color: #0000ff\">RECLAMACIONES (RECURSO DE ALZADA) ANTE LA DELEGACI\u00d3N TERRITORIAL:<\/span>&nbsp;<strong><span style=\"color: #ff0000\">Del 30 de junio al 30 de julio<\/span> de 2.025.<\/strong><\/td>\n<\/tr>\n<tr style=\"height: 30px\">\n<td style=\"height: 30px;background-color: #f3cbf7\">\n<h3 style=\"text-align: center\"><span style=\"color: #800000\"><strong>PARA EL ALUMNADO DEL I.E.S. SALMEDINA.<\/strong><\/span><\/h3>\n<\/td>\n<\/tr>\n<tr style=\"height: 22px\">\n<td style=\"height: 22px;background-color: #f3cbf7\"><span style=\"color: #0000ff\">PRESENTACI\u00d3N DE SOLICITUDES<\/span>: <strong>Del 1 al 10 de julio de 2.025.<\/strong><\/td>\n<\/tr>\n<tr style=\"height: 22px\">\n<td style=\"height: 22px;background-color: #f3cbf7\">PUBLICACI\u00d3N DE LISTAS PROVISIONALES DE ADMITIDOS Y SUPLENTES:<strong>&nbsp; Lunes 14&nbsp; de julio de 2.025.<\/strong><\/td>\n<\/tr>\n<tr style=\"height: 22px\">\n<td style=\"height: 22px;background-color: #f3cbf7\">PLAZO DE RECLAMACIONES A LA LISTA PROVISIONAL: <strong>Del martes 15 al lunes 28 de julio de 2.025.<\/strong><\/td>\n<\/tr>\n<tr style=\"height: 22px\">\n<td style=\"height: 22px;background-color: #f3cbf7\">PUBLICACI\u00d3N DE LISTA DEFINITIVA DE ADMITIDOS Y SUPLENTES:&nbsp;<strong>Mi\u00e9rcoles 30 de julio de 2.025.<\/strong><\/td>\n<\/tr>\n<tr style=\"height: 44px\">\n<td style=\"height: 44px;background-color: #f3cbf7\">RECLAMACIONES (RECURSO DE ALZADA) ANTE LA DELEGACI\u00d3N TERRITORIAL:&nbsp;<strong>Del 31 de julio al 31 de agosto de 2.025.<\/strong><\/td>\n<\/tr>\n<tr style=\"height: 60px\">\n<td style=\"height: 60px;background-color: #c7f0a1\">\n<h3 style=\"text-align: center\"><span style=\"color: #800080\"><strong>EN SEPTIEMBRE \u2013 PLAZAS&nbsp; RESERVADAS PARA EL I.E.S. SALMEDINA, que puedan quedar vacantes.<\/strong><\/span><\/h3>\n<\/td>\n<\/tr>\n<tr style=\"height: 36px\">\n<td style=\"height: 36px;background-color: #c7f0a1\"><strong><span style=\"color: #ff0000\">LUNES 1 DE SEPTIEMBRE DE 2.025<\/span>:&nbsp; Relaci\u00f3n PROVISIONAL de admitidos y suplentes.<\/strong><\/td>\n<\/tr>\n<tr style=\"height: 36px\">\n<td style=\"height: 36px;background-color: #c7f0a1\"><strong><span style=\"color: #ff0000\">DEL MARTES 2 AL LUNES 15 DE SEPTIEMBRE DE 2.025<\/span>:&nbsp;Plazo de alegaciones.<\/strong><\/td>\n<\/tr>\n<tr style=\"height: 36px\">\n<td style=\"height: 36px;background-color: #c7f0a1\"><strong><span style=\"color: #ff0000\">MI\u00c9RCOLES 17 DE SEPTIEMBRE DE 2.025<\/span>:&nbsp;Resoluci\u00f3n definitiva de admitidos y suplentes.<\/strong><\/td>\n<\/tr>\n<\/tbody>\n<\/table>\n<\/div>\n<p>&nbsp;<\/p>\n<table border=\"1\">\n<tbody>\n<tr>\n<td style=\"background-color: #f5ce93\">\n<h3 style=\"text-align: center\"><strong>BONIFICACIONES A LOS SERVICIOS COMPLEMENTARIOS<\/strong><\/h3>\n<h3 style=\"text-align: center\"><span style=\"color: #ff0000\"><strong>PLAZOS<\/strong><\/span><\/h3>\n<\/td>\n<\/tr>\n<tr>\n<td style=\"background-color: #f5ce93\">&nbsp; &nbsp;<span style=\"color: #0000ff\">SOLICITUD DE BONIFICACIONES A LOS SERVICOS COMPLEMENTARIOS<\/span>:&nbsp;<span style=\"color: #ff0000\"><strong>Del 1 al 7 de septiembre.<\/strong><\/span><\/td>\n<\/tr>\n<\/tbody>\n<\/table>\n<p>&nbsp;<\/p>\n<div id=\"contenido_sitio\">\n<table class=\"borde_con_rayas\" border=\"1\" align=\"center\">\n<tbody>\n<tr>\n<td style=\"background-color: #33b83e;text-align: center\">&nbsp;<strong>&nbsp;&nbsp;Pincha para obtener la siguiente documentaci\u00f3n\u2026&nbsp; &nbsp;<\/strong><\/td>\n<\/tr>\n<tr>\n<td style=\"background-color: #b0f5c5\"><strong><span style=\"color: #ff0000\">ANEXO II<\/span>:<\/strong><a href=\"https:\/\/blogsaverroes.juntadeandalucia.es\/ceiplapachar\/files\/2025\/05\/SOLICITUD-SERVICIOS-COMPLEMENTARIOS-ANEXO-II-corregido.pdf\">&nbsp;SOLICITUD DE SERVICIO DE AULA MATINAL, COMEDOR ESCOLAR O ACTIVIDADES EXTRAESCOLARES.<\/a><\/td>\n<\/tr>\n<tr>\n<td style=\"background-color: #b0f5c5\"><span style=\"color: #ff0000\"><strong>ANEXO III<\/strong>:<\/span>&nbsp;<a href=\"https:\/\/blogsaverroes.juntadeandalucia.es\/ceiplapachar\/files\/2024\/05\/Anexo-III-Solicitud-Transporte-Escolar.pdf\">SOLICITUD DE TRANSPORTE ESCOLAR.<\/a><\/td>\n<\/tr>\n<tr>\n<td style=\"background-color: #b0f5c5\"><strong><span style=\"color: #ff0000\">ANEXO V<\/span>:<\/strong>&nbsp;<a href=\"https:\/\/blogsaverroes.juntadeandalucia.es\/ceiplapachar\/files\/2025\/05\/SOLICITUD-BONIFICACIONES_ANEXO_V.pdf\">SOLICITUD DE BONIFICACIONES PARA LOS SERVICIOS COMPLEMENTARIOS.<\/a><\/td>\n<\/tr>\n<tr>\n<td style=\"background-color: #b0f5c5\"><a href=\"https:\/\/blogsaverroes.juntadeandalucia.es\/ceiplapachar\/files\/2025\/05\/DOCUMENTOS-NECESARIOS-PARA-SOLICITAR-COMEDOR-Y-AULA-MATINAL-23-24.pdf\">DOCUMENTOS NECESARIOS PARA SOLICITAR EL COMEDOR ESCOLAR Y EL AULA MATINAL PARA EL CURSO 2.025-26.<\/a><\/td>\n<\/tr>\n<\/tbody>\n<\/table>\n<\/div>\n<p>&nbsp;<\/p>\n<table style=\"border-collapse: collapse;width: 100%\">\n<tbody>\n<tr>\n<td style=\"width: 100%;background-color: #f5b8d7;text-align: center\"><strong>PRECIO DE LOS SERVICIOS COMPLEMENTARIOS (instrucciones de 30 de julio de 2.024)<\/strong><\/td>\n<\/tr>\n<tr>\n<td style=\"width: 100%\"><strong><span style=\"color: #ff0000\">AULA MATINAL<\/span> PRECIO <span style=\"color: #ff0000\">MENSUA<\/span>L<\/strong>: 17\u00b451 \u20ac<\/p>\n<p><strong><span style=\"color: #ff0000\">AULA MATINAL<\/span> PRECIO POR <span style=\"color: #ff0000\">D\u00cdA<\/span><\/strong>: 1\u00b433 \u20ac<\/p>\n<p><strong><span style=\"color: #ff0000\">COMEDOR<\/span> ESCOLAR PRECIO POR <span style=\"color: #ff0000\">D\u00cdA<\/span><\/strong>: 5\u00b454 \u20ac<\/p>\n<p><strong><span style=\"color: #ff0000\">ACTIVIDADES EXTRAESCOLARES<\/span> PRECIO <span style=\"color: #ff0000\">MENSUAL<\/span><\/strong>: 17\u00b451 \u20ac cada actividad.<\/td>\n<\/tr>\n<\/tbody>\n<\/table>\n<p>&nbsp;<\/p>\n","protected":false},"excerpt":{"rendered":"<p>SOLICITUD DE SERVICIOS COMPLEMENTARIOS CURSO 25-26: COMEDOR ESCOLAR, AULA MATINAL, TRANSPORTE Y ACTIVIDADES EXTRAESCOLARES. &nbsp; FORMAS DE SOLICITARLO: 1-&nbsp;RECOMENDADA:&nbsp;A trav\u00e9s de la SECRETAR\u00cdA VIRTUAL DE LA CONSEJER\u00cdA (pincha para acceder). &nbsp; 2-&nbsp;De forma presencial&#46;&#46;&#46;<\/p>\n","protected":false},"author":11673,"featured_media":0,"parent":0,"menu_order":0,"comment_status":"closed","ping_status":"closed","template":"","meta":{"ngg_post_thumbnail":0,"footnotes":"","_mc_calendar":[]},"aioseo_notices":[],"_links":{"self":[{"href":"https:\/\/blogsaverroes.juntadeandalucia.es\/ceiplapachar\/wp-json\/wp\/v2\/pages\/4751"}],"collection":[{"href":"https:\/\/blogsaverroes.juntadeandalucia.es\/ceiplapachar\/wp-json\/wp\/v2\/pages"}],"about":[{"href":"https:\/\/blogsaverroes.juntadeandalucia.es\/ceiplapachar\/wp-json\/wp\/v2\/types\/page"}],"author":[{"embeddable":true,"href":"https:\/\/blogsaverroes.juntadeandalucia.es\/ceiplapachar\/wp-json\/wp\/v2\/users\/11673"}],"replies":[{"embeddable":true,"href":"https:\/\/blogsaverroes.juntadeandalucia.es\/ceiplapachar\/wp-json\/wp\/v2\/comments?post=4751"}],"version-history":[{"count":16,"href":"https:\/\/blogsaverroes.juntadeandalucia.es\/ceiplapachar\/wp-json\/wp\/v2\/pages\/4751\/revisions"}],"predecessor-version":[{"id":4755,"href":"https:\/\/blogsaverroes.juntadeandalucia.es\/ceiplapachar\/wp-json\/wp\/v2\/pages\/4751\/revisions\/4755"}],"wp:attachment":[{"href":"https:\/\/blogsaverroes.juntadeandalucia.es\/ceiplapachar\/wp-json\/wp\/v2\/media?parent=4751"}],"curies":[{"name":"wp","href":"https:\/\/api.w.org\/{rel}","templated":true}]}}