{"id":5315,"date":"2023-02-05T19:30:46","date_gmt":"2023-02-05T19:30:46","guid":{"rendered":"https:\/\/blogsaverroes.juntadeandalucia.es\/ceiplapachar\/?page_id=5315"},"modified":"2023-02-05T20:58:34","modified_gmt":"2023-02-05T20:58:34","slug":"vincent-van-gogh","status":"publish","type":"page","link":"https:\/\/blogsaverroes.juntadeandalucia.es\/ceiplapachar\/vincent-van-gogh\/","title":{"rendered":"VINCENT VAN GOGH."},"content":{"rendered":"<p>&nbsp;<\/p>\n<table style=\"border-collapse: collapse;width: 100%\">\n<tbody>\n<tr>\n<td style=\"width: 50%;background-color: #edd8d8;text-align: center\">\n<h3><span style=\"color: #008000\">VINCENT&nbsp; &nbsp;VAN&nbsp; &nbsp;GOGH<\/span><\/h3>\n<p><a href=\"https:\/\/blogsaverroes.juntadeandalucia.es\/ceiplapachar\/files\/2023\/02\/gruene-gay.gif\"><img decoding=\"async\" class=\"size-full wp-image-5337 aligncenter\" src=\"https:\/\/blogsaverroes.juntadeandalucia.es\/ceiplapachar\/files\/2023\/02\/gruene-gay.gif\" alt=\"\" width=\"200\" height=\"200\"><\/a><\/p>\n<h3>&nbsp;<\/h3>\n<\/td>\n<td style=\"width: 50%;background-color: #edd8d8;text-align: center\">\n<h3><strong>Las clases de Infantil han amanecido llenitas de girasoles. \u00a1Qu\u00e9 bonitas!<br \/>\nPens\u00e1bamos que han llegado porque la primavera ya est\u00e1 aqu\u00ed pero qu\u00e9 sorpresa nos hemos llevado cuando hemos recibido este mensaje:<\/strong><\/h3>\n<\/td>\n<\/tr>\n<tr>\n<td style=\"width: 50%\" colspan=\"2\">\n<table style=\"border-collapse: collapse;width: 100%\">\n<tbody>\n<tr style=\"background-color: #f2e230\">\n<td style=\"width: 50%\"><div style=\"width: 320px;\" class=\"wp-video\"><!--[if lt IE 9]><script>document.createElement('video');<\/script><![endif]-->\n<video class=\"wp-video-shortcode\" id=\"video-5315-1\" width=\"320\" height=\"320\" preload=\"metadata\" controls=\"controls\"><source type=\"video\/mp4\" src=\"https:\/\/blogsaverroes.juntadeandalucia.es\/ceiplapachar\/files\/2023\/02\/WhatsApp-Video-2023-01-31-at-14.10.24-1.mp4?_=1\" \/><a href=\"https:\/\/blogsaverroes.juntadeandalucia.es\/ceiplapachar\/files\/2023\/02\/WhatsApp-Video-2023-01-31-at-14.10.24-1.mp4\">https:\/\/blogsaverroes.juntadeandalucia.es\/ceiplapachar\/files\/2023\/02\/WhatsApp-Video-2023-01-31-at-14.10.24-1.mp4<\/a><\/video><\/div><\/td>\n<td style=\"width: 50%\">\n<h3><strong><a href=\"https:\/\/blogsaverroes.juntadeandalucia.es\/ceiplapachar\/files\/2023\/02\/flowers-sunflowers.gif\"><img decoding=\"async\" class=\"size-full wp-image-5346 aligncenter\" src=\"https:\/\/blogsaverroes.juntadeandalucia.es\/ceiplapachar\/files\/2023\/02\/flowers-sunflowers.gif\" alt=\"\" width=\"99\" height=\"134\"><\/a><\/strong><\/h3>\n<\/td>\n<\/tr>\n<\/tbody>\n<\/table>\n<p>&nbsp;<\/td>\n<\/tr>\n<\/tbody>\n<\/table>\n<p>&nbsp;<\/p>\n<table style=\"border-collapse: collapse;width: 100%\">\n<tbody>\n<tr>\n<td style=\"width: 50%;background-color: #99f0e9\" colspan=\"2\">&nbsp;<strong> &nbsp; &nbsp;El mism\u00edsimo tataranieto de Van Gogh nos pide ayuda, porque ha perdido unos cuadros valios\u00edsimos de su tatarabuelo.<\/strong><br \/>\n<strong>&nbsp; &nbsp; &nbsp;Con esa misi\u00f3n tan importante hemos pasado este trimestre, entre obras de arte y flores de primavera. \u00a1Ha sido maravilloso!<\/strong><\/td>\n<\/tr>\n<tr>\n<td style=\"width: 50%\"><a href=\"https:\/\/blogsaverroes.juntadeandalucia.es\/ceiplapachar\/files\/2023\/02\/5.jpeg\"><img fetchpriority=\"high\" decoding=\"async\" class=\"aligncenter wp-image-5342 size-medium\" src=\"https:\/\/blogsaverroes.juntadeandalucia.es\/ceiplapachar\/files\/2023\/02\/5-225x300.jpeg\" alt=\"\" width=\"225\" height=\"300\" srcset=\"https:\/\/blogsaverroes.juntadeandalucia.es\/ceiplapachar\/files\/2023\/02\/5-225x300.jpeg 225w, https:\/\/blogsaverroes.juntadeandalucia.es\/ceiplapachar\/files\/2023\/02\/5-768x1024.jpeg 768w, https:\/\/blogsaverroes.juntadeandalucia.es\/ceiplapachar\/files\/2023\/02\/5-1152x1536.jpeg 1152w, https:\/\/blogsaverroes.juntadeandalucia.es\/ceiplapachar\/files\/2023\/02\/5.jpeg 1200w\" sizes=\"(max-width: 225px) 100vw, 225px\" \/><\/a><\/td>\n<td style=\"width: 50%\"><a href=\"https:\/\/blogsaverroes.juntadeandalucia.es\/ceiplapachar\/files\/2023\/02\/3.jpeg\"><img loading=\"lazy\" decoding=\"async\" class=\"size-medium wp-image-5340 aligncenter\" src=\"https:\/\/blogsaverroes.juntadeandalucia.es\/ceiplapachar\/files\/2023\/02\/3-225x300.jpeg\" alt=\"\" width=\"225\" height=\"300\" srcset=\"https:\/\/blogsaverroes.juntadeandalucia.es\/ceiplapachar\/files\/2023\/02\/3-225x300.jpeg 225w, https:\/\/blogsaverroes.juntadeandalucia.es\/ceiplapachar\/files\/2023\/02\/3-768x1024.jpeg 768w, https:\/\/blogsaverroes.juntadeandalucia.es\/ceiplapachar\/files\/2023\/02\/3-1152x1536.jpeg 1152w, https:\/\/blogsaverroes.juntadeandalucia.es\/ceiplapachar\/files\/2023\/02\/3.jpeg 1200w\" sizes=\"(max-width: 225px) 100vw, 225px\" \/><\/a><\/td>\n<\/tr>\n<tr>\n<td style=\"width: 50%\">&nbsp;<\/td>\n<td style=\"width: 50%\">&nbsp;<\/td>\n<\/tr>\n<tr>\n<td colspan=\"2\"><a href=\"https:\/\/blogsaverroes.juntadeandalucia.es\/ceiplapachar\/files\/2023\/02\/4.jpeg\"><img loading=\"lazy\" decoding=\"async\" class=\"aligncenter wp-image-5343 size-large\" src=\"https:\/\/blogsaverroes.juntadeandalucia.es\/ceiplapachar\/files\/2023\/02\/4-1024x768.jpeg\" alt=\"\" width=\"782\" height=\"587\" srcset=\"https:\/\/blogsaverroes.juntadeandalucia.es\/ceiplapachar\/files\/2023\/02\/4-1024x768.jpeg 1024w, https:\/\/blogsaverroes.juntadeandalucia.es\/ceiplapachar\/files\/2023\/02\/4-300x225.jpeg 300w, https:\/\/blogsaverroes.juntadeandalucia.es\/ceiplapachar\/files\/2023\/02\/4-768x576.jpeg 768w, https:\/\/blogsaverroes.juntadeandalucia.es\/ceiplapachar\/files\/2023\/02\/4-1536x1152.jpeg 1536w, https:\/\/blogsaverroes.juntadeandalucia.es\/ceiplapachar\/files\/2023\/02\/4.jpeg 1600w\" sizes=\"(max-width: 782px) 100vw, 782px\" \/><\/a><\/td>\n<\/tr>\n<tr>\n<td style=\"width: 50%\" colspan=\"2\"><a href=\"https:\/\/blogsaverroes.juntadeandalucia.es\/ceiplapachar\/files\/2023\/02\/nueva.jpeg\"><img loading=\"lazy\" decoding=\"async\" class=\"aligncenter wp-image-5351 size-large\" src=\"https:\/\/blogsaverroes.juntadeandalucia.es\/ceiplapachar\/files\/2023\/02\/nueva-1024x768.jpeg\" alt=\"\" width=\"782\" height=\"587\" srcset=\"https:\/\/blogsaverroes.juntadeandalucia.es\/ceiplapachar\/files\/2023\/02\/nueva-1024x768.jpeg 1024w, https:\/\/blogsaverroes.juntadeandalucia.es\/ceiplapachar\/files\/2023\/02\/nueva-300x225.jpeg 300w, https:\/\/blogsaverroes.juntadeandalucia.es\/ceiplapachar\/files\/2023\/02\/nueva-768x576.jpeg 768w, https:\/\/blogsaverroes.juntadeandalucia.es\/ceiplapachar\/files\/2023\/02\/nueva-1536x1152.jpeg 1536w, https:\/\/blogsaverroes.juntadeandalucia.es\/ceiplapachar\/files\/2023\/02\/nueva.jpeg 1600w\" sizes=\"(max-width: 782px) 100vw, 782px\" \/><\/a><\/td>\n<\/tr>\n<\/tbody>\n<\/table>\n<p>&nbsp; &nbsp;Para despedirnos del cole y como agradecimiento, el tataranieto de Van Gogh nos ha hecho un regalazo para que nos convirtamos en artistas como Van Gogh.<br \/>\n\u00bfQuer\u00e9is saber qu\u00e9 nos ha regalado?&#8230;<\/p>\n<div style=\"width: 1080px;\" class=\"wp-video\"><video class=\"wp-video-shortcode\" id=\"video-5315-2\" width=\"1080\" height=\"1920\" preload=\"metadata\" controls=\"controls\"><source type=\"video\/mp4\" src=\"https:\/\/blogsaverroes.juntadeandalucia.es\/ceiplapachar\/files\/2023\/02\/WhatsApp-Video-2023-01-31-at-14.12.07.mp4?_=2\" \/><a href=\"https:\/\/blogsaverroes.juntadeandalucia.es\/ceiplapachar\/files\/2023\/02\/WhatsApp-Video-2023-01-31-at-14.12.07.mp4\">https:\/\/blogsaverroes.juntadeandalucia.es\/ceiplapachar\/files\/2023\/02\/WhatsApp-Video-2023-01-31-at-14.12.07.mp4<\/a><\/video><\/div>\n","protected":false},"excerpt":{"rendered":"<p>&nbsp; VINCENT&nbsp; &nbsp;VAN&nbsp; &nbsp;GOGH &nbsp; Las clases de Infantil han amanecido llenitas de girasoles. \u00a1Qu\u00e9 bonitas! Pens\u00e1bamos que han llegado porque la primavera ya est\u00e1 aqu\u00ed pero qu\u00e9 sorpresa nos hemos llevado cuando hemos&#46;&#46;&#46;<\/p>\n","protected":false},"author":11673,"featured_media":0,"parent":0,"menu_order":0,"comment_status":"closed","ping_status":"closed","template":"","meta":{"ngg_post_thumbnail":0,"footnotes":"","_mc_calendar":[]},"aioseo_notices":[],"_links":{"self":[{"href":"https:\/\/blogsaverroes.juntadeandalucia.es\/ceiplapachar\/wp-json\/wp\/v2\/pages\/5315"}],"collection":[{"href":"https:\/\/blogsaverroes.juntadeandalucia.es\/ceiplapachar\/wp-json\/wp\/v2\/pages"}],"about":[{"href":"https:\/\/blogsaverroes.juntadeandalucia.es\/ceiplapachar\/wp-json\/wp\/v2\/types\/page"}],"author":[{"embeddable":true,"href":"https:\/\/blogsaverroes.juntadeandalucia.es\/ceiplapachar\/wp-json\/wp\/v2\/users\/11673"}],"replies":[{"embeddable":true,"href":"https:\/\/blogsaverroes.juntadeandalucia.es\/ceiplapachar\/wp-json\/wp\/v2\/comments?post=5315"}],"version-history":[{"count":8,"href":"https:\/\/blogsaverroes.juntadeandalucia.es\/ceiplapachar\/wp-json\/wp\/v2\/pages\/5315\/revisions"}],"predecessor-version":[{"id":5352,"href":"https:\/\/blogsaverroes.juntadeandalucia.es\/ceiplapachar\/wp-json\/wp\/v2\/pages\/5315\/revisions\/5352"}],"wp:attachment":[{"href":"https:\/\/blogsaverroes.juntadeandalucia.es\/ceiplapachar\/wp-json\/wp\/v2\/media?parent=5315"}],"curies":[{"name":"wp","href":"https:\/\/api.w.org\/{rel}","templated":true}]}}