{"id":6515,"date":"2024-11-17T16:07:53","date_gmt":"2024-11-17T16:07:53","guid":{"rendered":"https:\/\/blogsaverroes.juntadeandalucia.es\/ceiplapachar\/?page_id=6515"},"modified":"2024-11-21T17:24:32","modified_gmt":"2024-11-21T17:24:32","slug":"dia-del-flamenco-2","status":"publish","type":"page","link":"https:\/\/blogsaverroes.juntadeandalucia.es\/ceiplapachar\/dia-del-flamenco-2\/","title":{"rendered":"D\u00cdA DEL FLAMENCO 24-25."},"content":{"rendered":"<header class=\"entry-header cf\">\n<h1 class=\"entry-title\" style=\"text-align: center\"><a href=\"https:\/\/blogsaverroes.juntadeandalucia.es\/ceiplapachar\/dia-del-flamenco\/?customize_changeset_uuid=caf382fc-c237-4e25-a588-2021f13e8d6a&amp;customize_autosaved=on&amp;customize_messenger_channel=preview-1\"><span style=\"color: #008000\">D\u00cdA DEL FLAMENCO.<\/span><\/a><\/h1>\n<\/header>\n<div class=\"entry-byline cf\">&nbsp;<\/div>\n<div class=\"entry-content cf\">\n<table>\n<tbody>\n<tr>\n<td style=\"background-color: #f2e829\"><a href=\"https:\/\/blogsaverroes.juntadeandalucia.es\/ceiplapachar\/files\/2021\/11\/IMAGEN-D%C3%8DA-DEL-FLAMENCO.jpg?customize_changeset_uuid=caf382fc-c237-4e25-a588-2021f13e8d6a&amp;customize_autosaved=on&amp;customize_messenger_channel=preview-1\"><img fetchpriority=\"high\" decoding=\"async\" class=\"size-medium wp-image-3061 lazy-loaded aligncenter\" src=\"https:\/\/blogsaverroes.juntadeandalucia.es\/ceiplapachar\/files\/2021\/11\/IMAGEN-D%C3%8DA-DEL-FLAMENCO-300x204.jpg\" alt=\"\" width=\"300\" height=\"204\" data-lazy-type=\"image\" data-src=\"https:\/\/blogsaverroes.juntadeandalucia.es\/ceiplapachar\/files\/2021\/11\/IMAGEN-D\u00cdA-DEL-FLAMENCO-300x204.jpg\" data-srcset=\"\"><\/a><\/td>\n<td style=\"background-color: #f2e829\">\n<h2 style=\"text-align: center\">D\u00cdA INTERNACIONAL<\/h2>\n<h2 style=\"text-align: center\">DEL FLAMENCO 2.024<\/h2>\n<h2 style=\"text-align: center\">EN EL C.E.I.P. LAPACHAR<\/h2>\n<\/td>\n<\/tr>\n<\/tbody>\n<\/table>\n<p>&nbsp; &nbsp;&nbsp;<strong> Desde 2.011 se celebra el D\u00eda Internacional del Flamenco. El 16 de noviembre, d\u00eda en que la UNESCO reconoci\u00f3 al FLAMENCO como patrimonio de la humanidad en Nairobi (Kenia).<\/strong><\/p>\n<h2 style=\"text-align: center\">&nbsp; <span style=\"color: #008000\">&nbsp;0rgullosos de nuestra cultura y la expresi\u00f3n art\u00edstica del flamenco&#8230;<\/span><\/h2>\n<p>&nbsp;<\/p>\n<\/div>\n<h2 style=\"text-align: center\"><strong>MATERIALES PARA TRABAJAR EL D\u00cdA DEL FLAMENCO&#8230;<\/strong><\/h2>\n<p>&nbsp;<\/p>\n<table style=\"border-collapse: collapse;width: 100%\">\n<tbody>\n<tr>\n<td style=\"width: 100%;background-color: #daf5f3;text-align: center\">\n<h2><strong>Pincha&nbsp; para acceder a actividades MUY CHULAS !!!!<\/strong><\/h2>\n<p><a href=\"https:\/\/view.genially.com\/5fad8daebe29f80d1749cbce\"><img decoding=\"async\" class=\"size-medium wp-image-6571 aligncenter\" src=\"https:\/\/blogsaverroes.juntadeandalucia.es\/ceiplapachar\/files\/2024\/11\/bailaora-300x295.jpg\" alt=\"\" width=\"300\" height=\"295\" srcset=\"https:\/\/blogsaverroes.juntadeandalucia.es\/ceiplapachar\/files\/2024\/11\/bailaora-300x295.jpg 300w, https:\/\/blogsaverroes.juntadeandalucia.es\/ceiplapachar\/files\/2024\/11\/bailaora.jpg 400w\" sizes=\"(max-width: 300px) 100vw, 300px\" \/><\/a><\/td>\n<\/tr>\n<\/tbody>\n<\/table>\n<p>&nbsp;<\/p>\n<div class=\"entry-content cf\">\n<table>\n<tbody>\n<tr>\n<td style=\"background-color: #f2d2f7\" colspan=\"2\">\n<h2><strong>Pincha<\/strong> en el cartel para ver el v\u00eddeo.. <strong>\u00abEL D\u00cdA DEL FLAMENCO CONTADO PARA NI\u00d1OS-AS\u00bb<\/strong><\/h2>\n<p><a href=\"https:\/\/www.youtube.com\/watch?v=DZjAB5cDFWY\"><img decoding=\"async\" class=\"size-medium wp-image-6521 aligncenter\" src=\"https:\/\/blogsaverroes.juntadeandalucia.es\/ceiplapachar\/files\/2024\/11\/flamenco.jpg_335203054-300x300.jpg\" alt=\"\" width=\"300\" height=\"300\" srcset=\"https:\/\/blogsaverroes.juntadeandalucia.es\/ceiplapachar\/files\/2024\/11\/flamenco.jpg_335203054-300x300.jpg 300w, https:\/\/blogsaverroes.juntadeandalucia.es\/ceiplapachar\/files\/2024\/11\/flamenco.jpg_335203054-150x150.jpg 150w, https:\/\/blogsaverroes.juntadeandalucia.es\/ceiplapachar\/files\/2024\/11\/flamenco.jpg_335203054.jpg 526w\" sizes=\"(max-width: 300px) 100vw, 300px\" \/><\/a><\/td>\n<\/tr>\n<\/tbody>\n<\/table>\n<\/div>\n<p>&nbsp;<\/p>\n<table style=\"border-collapse: collapse;width: 100%\">\n<tbody>\n<tr>\n<td style=\"width: 100%\">\n<h3 style=\"text-align: center\"><strong>\u00bfQu\u00e9 es el flamenco? Para ni\u00f1os-as&#8230; Por Manuel Alejandro Lozano.<\/strong><\/h3>\n<p style=\"text-align: center\"><iframe src=\"\/\/www.youtube.com\/embed\/06usQt8bKDI\" width=\"560\" height=\"314\"><\/iframe><\/p>\n<\/td>\n<\/tr>\n<\/tbody>\n<\/table>\n<p>&nbsp;<\/p>\n<table style=\"border-collapse: collapse;width: 100%\">\n<tbody>\n<tr>\n<td style=\"width: 100%;text-align: center\">\n<h2><strong>PARA INFANTIL&#8230; Por Almudena Navarro.<\/strong><\/h2>\n<p><iframe src=\"\/\/www.youtube.com\/embed\/RWw8OR9xXIg\" width=\"560\" height=\"314\"><\/iframe><\/td>\n<\/tr>\n<\/tbody>\n<\/table>\n<p>&nbsp;<\/p>\n<table style=\"border-collapse: collapse;width: 100%\">\n<tbody>\n<tr>\n<td style=\"width: 100%;text-align: center\"><strong>Una de matem\u00e1ticas&#8230;. Situaciones problem\u00e1ticas flamencas&#8230; <\/strong>Pincha para acceder.<\/p>\n<p><a href=\"https:\/\/blogsaverroes.juntadeandalucia.es\/ceiplapachar\/files\/2024\/11\/PROBLEMAS-FLAMENCOS-1.pdf\"><img loading=\"lazy\" decoding=\"async\" class=\"alignnone size-medium wp-image-6528\" src=\"https:\/\/blogsaverroes.juntadeandalucia.es\/ceiplapachar\/files\/2024\/11\/dibujo-camaron-300x234.jpg\" alt=\"\" width=\"300\" height=\"234\" srcset=\"https:\/\/blogsaverroes.juntadeandalucia.es\/ceiplapachar\/files\/2024\/11\/dibujo-camaron-300x234.jpg 300w, https:\/\/blogsaverroes.juntadeandalucia.es\/ceiplapachar\/files\/2024\/11\/dibujo-camaron.jpg 415w\" sizes=\"(max-width: 300px) 100vw, 300px\" \/><\/a><\/td>\n<\/tr>\n<\/tbody>\n<\/table>\n","protected":false},"excerpt":{"rendered":"<p>D\u00cdA DEL FLAMENCO. &nbsp; D\u00cdA INTERNACIONAL DEL FLAMENCO 2.024 EN EL C.E.I.P. LAPACHAR &nbsp; &nbsp;&nbsp; Desde 2.011 se celebra el D\u00eda Internacional del Flamenco. El 16 de noviembre, d\u00eda en que la UNESCO reconoci\u00f3&#46;&#46;&#46;<\/p>\n","protected":false},"author":11673,"featured_media":0,"parent":0,"menu_order":0,"comment_status":"closed","ping_status":"closed","template":"","meta":{"ngg_post_thumbnail":0,"footnotes":"","_mc_calendar":[]},"aioseo_notices":[],"_links":{"self":[{"href":"https:\/\/blogsaverroes.juntadeandalucia.es\/ceiplapachar\/wp-json\/wp\/v2\/pages\/6515"}],"collection":[{"href":"https:\/\/blogsaverroes.juntadeandalucia.es\/ceiplapachar\/wp-json\/wp\/v2\/pages"}],"about":[{"href":"https:\/\/blogsaverroes.juntadeandalucia.es\/ceiplapachar\/wp-json\/wp\/v2\/types\/page"}],"author":[{"embeddable":true,"href":"https:\/\/blogsaverroes.juntadeandalucia.es\/ceiplapachar\/wp-json\/wp\/v2\/users\/11673"}],"replies":[{"embeddable":true,"href":"https:\/\/blogsaverroes.juntadeandalucia.es\/ceiplapachar\/wp-json\/wp\/v2\/comments?post=6515"}],"version-history":[{"count":15,"href":"https:\/\/blogsaverroes.juntadeandalucia.es\/ceiplapachar\/wp-json\/wp\/v2\/pages\/6515\/revisions"}],"predecessor-version":[{"id":6577,"href":"https:\/\/blogsaverroes.juntadeandalucia.es\/ceiplapachar\/wp-json\/wp\/v2\/pages\/6515\/revisions\/6577"}],"wp:attachment":[{"href":"https:\/\/blogsaverroes.juntadeandalucia.es\/ceiplapachar\/wp-json\/wp\/v2\/media?parent=6515"}],"curies":[{"name":"wp","href":"https:\/\/api.w.org\/{rel}","templated":true}]}}