{"id":867,"date":"2020-12-18T08:55:13","date_gmt":"2020-12-18T07:55:13","guid":{"rendered":"https:\/\/blogsaverroes.juntadeandalucia.es\/pre\/plantilla-pencil\/?page_id=867"},"modified":"2025-06-15T17:31:44","modified_gmt":"2025-06-15T16:31:44","slug":"idiomas","status":"publish","type":"page","link":"https:\/\/blogsaverroes.juntadeandalucia.es\/ceiplapaztorrequebradilla\/idiomas\/","title":{"rendered":"Idiomas"},"content":{"rendered":"<p>En nuestro centro educativo, consideramos el aprendizaje de lenguas extranjeras como una herramienta fundamental para el desarrollo integral del alumnado desde las primeras etapas. Fomentar el contacto con otros idiomas no solo enriquece su comunicaci\u00f3n, sino que tambi\u00e9n abre las puertas a nuevas culturas, favorece la empat\u00eda y mejora su competencia global. En consonancia con los objetivos educativos de Andaluc\u00eda, apostamos por una ense\u00f1anza din\u00e1mica, participativa y adaptada a cada nivel, que despierte el inter\u00e9s y la curiosidad de los ni\u00f1os y ni\u00f1as por el mundo que les rodea. Nuestro compromiso con los idiomas es una apuesta por su futuro.<\/p>\n","protected":false},"excerpt":{"rendered":"<p>En nuestro centro educativo, consideramos el aprendizaje de lenguas extranjeras como una herramienta fundamental para el desarrollo integral del alumnado desde las primeras etapas. Fomentar el contacto con otros idiomas no solo enriquece su comunicaci\u00f3n, sino que tambi\u00e9n abre las puertas a nuevas culturas, favorece la empat\u00eda y mejora su competencia global. En consonancia con [&hellip;]<\/p>\n","protected":false},"author":4608,"featured_media":0,"parent":0,"menu_order":0,"comment_status":"closed","ping_status":"closed","template":"","meta":{"_et_pb_use_builder":"off","_et_pb_old_content":"","_et_gb_content_width":"","ngg_post_thumbnail":0,"footnotes":""},"aioseo_notices":[],"_links":{"self":[{"href":"https:\/\/blogsaverroes.juntadeandalucia.es\/ceiplapaztorrequebradilla\/wp-json\/wp\/v2\/pages\/867"}],"collection":[{"href":"https:\/\/blogsaverroes.juntadeandalucia.es\/ceiplapaztorrequebradilla\/wp-json\/wp\/v2\/pages"}],"about":[{"href":"https:\/\/blogsaverroes.juntadeandalucia.es\/ceiplapaztorrequebradilla\/wp-json\/wp\/v2\/types\/page"}],"author":[{"embeddable":true,"href":"https:\/\/blogsaverroes.juntadeandalucia.es\/ceiplapaztorrequebradilla\/wp-json\/wp\/v2\/users\/4608"}],"replies":[{"embeddable":true,"href":"https:\/\/blogsaverroes.juntadeandalucia.es\/ceiplapaztorrequebradilla\/wp-json\/wp\/v2\/comments?post=867"}],"version-history":[{"count":3,"href":"https:\/\/blogsaverroes.juntadeandalucia.es\/ceiplapaztorrequebradilla\/wp-json\/wp\/v2\/pages\/867\/revisions"}],"predecessor-version":[{"id":1593,"href":"https:\/\/blogsaverroes.juntadeandalucia.es\/ceiplapaztorrequebradilla\/wp-json\/wp\/v2\/pages\/867\/revisions\/1593"}],"wp:attachment":[{"href":"https:\/\/blogsaverroes.juntadeandalucia.es\/ceiplapaztorrequebradilla\/wp-json\/wp\/v2\/media?parent=867"}],"curies":[{"name":"wp","href":"https:\/\/api.w.org\/{rel}","templated":true}]}}