{"id":432,"date":"2015-03-20T07:07:25","date_gmt":"2015-03-20T07:07:25","guid":{"rendered":"http:\/\/blogsaverroes.juntadeandalucia.es\/pre\/ceip\/?page_id=432"},"modified":"2024-09-25T19:11:41","modified_gmt":"2024-09-25T19:11:41","slug":"ed-primaria-2o-ciclo","status":"publish","type":"page","link":"https:\/\/blogsaverroes.juntadeandalucia.es\/ceiplaraza\/ed-primaria-2o-ciclo\/","title":{"rendered":"2\u00ba ciclo de Educaci\u00f3n Primaria"},"content":{"rendered":"<p><a href=\"https:\/\/blogsaverroes.juntadeandalucia.es\/ceiplaraza\/files\/2022\/09\/SEGUNDOCICLO.jpg\"><img loading=\"lazy\" decoding=\"async\" class=\"alignnone size-full wp-image-4284\" src=\"https:\/\/blogsaverroes.juntadeandalucia.es\/ceiplaraza\/files\/2022\/09\/SEGUNDOCICLO.jpg\" alt=\"\" width=\"1600\" height=\"900\" srcset=\"https:\/\/blogsaverroes.juntadeandalucia.es\/ceiplaraza\/files\/2022\/09\/SEGUNDOCICLO.jpg 1600w, https:\/\/blogsaverroes.juntadeandalucia.es\/ceiplaraza\/files\/2022\/09\/SEGUNDOCICLO-300x169.jpg 300w, https:\/\/blogsaverroes.juntadeandalucia.es\/ceiplaraza\/files\/2022\/09\/SEGUNDOCICLO-1024x576.jpg 1024w, https:\/\/blogsaverroes.juntadeandalucia.es\/ceiplaraza\/files\/2022\/09\/SEGUNDOCICLO-768x432.jpg 768w, https:\/\/blogsaverroes.juntadeandalucia.es\/ceiplaraza\/files\/2022\/09\/SEGUNDOCICLO-1536x864.jpg 1536w, https:\/\/blogsaverroes.juntadeandalucia.es\/ceiplaraza\/files\/2022\/09\/SEGUNDOCICLO-700x393.jpg 700w\" sizes=\"(max-width: 1600px) 100vw, 1600px\" \/><\/a><\/p>\n<div class=\"cc-m-hgrid-column\">\n<div id=\"cc-matrix-2049373461\">\n<div id=\"cc-m-7965520161\" class=\"j-module n j-text \">\n<p>Terminado el segundo ciclo de primaria, el alumnado cursar\u00e1 un nuevo ciclo que comprende los cursos de 3\u00ba y 4\u00ba.&nbsp;<\/p>\n<p>En estos dos cursos, el alumnado ir\u00e1 consolidando paulatinamente los conocimientos adquiridos en el ciclo anterior a trav\u00e9s del desarrollo y asimilaci\u00f3n de nuevos contenidos incluidos en las \u00e1reas instrumentales b\u00e1sicas (lengua y matem\u00e1ticas e ingl\u00e9s), educaci\u00f3n art\u00edstica, educaci\u00f3n f\u00edsica, ciencias sociales, ciencias naturales y optativamente, valores sociales y c\u00edvicos o religi\u00f3n, sin olvidar contribuir al desarrollo de las competencias b\u00e1sicas que deben adquirir, a saber:<\/p>\n<ul>\n<li>Competencia en comunicaci\u00f3n ling\u00fc\u00edstica<\/li>\n<li>Competencia matem\u00e1tica<\/li>\n<li>Conocimiento e interacci\u00f3n con el mundo f\u00edsico<\/li>\n<li>Tratamiento de la informaci\u00f3n y competencia digital<\/li>\n<li>Competencia social y ciudadana<\/li>\n<li>Competencia cultural y art\u00edstica<\/li>\n<li>Competencia para aprender a aprender<\/li>\n<li>Autonom\u00eda e iniciativa personal<\/li>\n<\/ul>\n<p>En nuestro centro, durante el <strong>curso escolar 2024-2025<\/strong>, el equipo de segundo ciclo de educaci\u00f3n primaria est\u00e1 formado por:<\/p>\n<ul>\n<li>Tutor\/a de 3\u00ba de Educaci\u00f3n Primaria: <strong>Reyes Adorna Blanco<\/strong><\/li>\n<li>Tutora de 4\u00ba de Educaci\u00f3n Primaria: <strong>Alicia Molina Gim\u00e9nez<\/strong><\/li>\n<li>Primera lengua extranjera, ingl\u00e9s:<strong> Clara Eugenia Gonz\u00e1lez Ortiz<\/strong><\/li>\n<li>M\u00fasica: <strong>M\u00aa del Carmen Lago Cordero<\/strong><\/li>\n<li>Educaci\u00f3n F\u00edsica en 3\u00ba de Primaria: <strong>Reyes Adorna Blanco<\/strong><\/li>\n<li>Educaci\u00f3n F\u00edsica en 4\u00ba de Primaria: <strong>Segundo Presencio Fern\u00e1ndez<\/strong><\/li>\n<li>Religi\u00f3n: <strong>Nieves Bolinaga Galeote<\/strong><\/li>\n<\/ul>\n<\/div>\n<\/div>\n<\/div>\n","protected":false},"excerpt":{"rendered":"<p>Terminado el segundo ciclo de primaria, el alumnado cursar\u00e1 un nuevo ciclo que comprende los cursos de 3\u00ba y 4\u00ba.&nbsp; En estos dos cursos, el alumnado ir\u00e1 consolidando paulatinamente los conocimientos adquiridos en el&#46;&#46;&#46;<\/p>\n","protected":false},"author":1,"featured_media":0,"parent":0,"menu_order":0,"comment_status":"closed","ping_status":"open","template":"","meta":{"ngg_post_thumbnail":0,"footnotes":"","_mc_calendar":[]},"aioseo_notices":[],"_links":{"self":[{"href":"https:\/\/blogsaverroes.juntadeandalucia.es\/ceiplaraza\/wp-json\/wp\/v2\/pages\/432"}],"collection":[{"href":"https:\/\/blogsaverroes.juntadeandalucia.es\/ceiplaraza\/wp-json\/wp\/v2\/pages"}],"about":[{"href":"https:\/\/blogsaverroes.juntadeandalucia.es\/ceiplaraza\/wp-json\/wp\/v2\/types\/page"}],"author":[{"embeddable":true,"href":"https:\/\/blogsaverroes.juntadeandalucia.es\/ceiplaraza\/wp-json\/wp\/v2\/users\/1"}],"replies":[{"embeddable":true,"href":"https:\/\/blogsaverroes.juntadeandalucia.es\/ceiplaraza\/wp-json\/wp\/v2\/comments?post=432"}],"version-history":[{"count":11,"href":"https:\/\/blogsaverroes.juntadeandalucia.es\/ceiplaraza\/wp-json\/wp\/v2\/pages\/432\/revisions"}],"predecessor-version":[{"id":4507,"href":"https:\/\/blogsaverroes.juntadeandalucia.es\/ceiplaraza\/wp-json\/wp\/v2\/pages\/432\/revisions\/4507"}],"wp:attachment":[{"href":"https:\/\/blogsaverroes.juntadeandalucia.es\/ceiplaraza\/wp-json\/wp\/v2\/media?parent=432"}],"curies":[{"name":"wp","href":"https:\/\/api.w.org\/{rel}","templated":true}]}}