{"id":2947,"date":"2020-04-19T16:18:11","date_gmt":"2020-04-19T16:18:11","guid":{"rendered":"https:\/\/blogsaverroes.juntadeandalucia.es\/ceiplareguela\/?page_id=2947"},"modified":"2020-04-19T16:26:21","modified_gmt":"2020-04-19T16:26:21","slug":"dia-del-libro-2020","status":"publish","type":"page","link":"https:\/\/blogsaverroes.juntadeandalucia.es\/ceiplareguela\/dia-del-libro-2020\/","title":{"rendered":"D\u00cdA DEL LIBRO 2020"},"content":{"rendered":"<p style=\"text-align: center\"><a href=\"https:\/\/blogsaverroes.juntadeandalucia.es\/ceiplareguela\/files\/2020\/04\/D\u00cdA-DEL-LIBRO.pdf\" target=\"_blank\" rel=\"noopener noreferrer\">D\u00cdA DEL LIBRO<\/a><\/p>\n<p>&nbsp;<\/p>\n<p><a href=\"https:\/\/blogsaverroes.juntadeandalucia.es\/ceiplareguela\/files\/2020\/04\/D\u00cdA-DEL-LIBRO.pdf\" target=\"_blank\" rel=\"noopener noreferrer\"><img loading=\"lazy\" decoding=\"async\" class=\"aligncenter wp-image-2948\" src=\"https:\/\/blogsaverroes.juntadeandalucia.es\/ceiplareguela\/files\/2020\/04\/Captura-de-pantalla-2020-04-19-a-las-17.29.00.png\" alt=\"\" width=\"653\" height=\"889\" srcset=\"https:\/\/blogsaverroes.juntadeandalucia.es\/ceiplareguela\/files\/2020\/04\/Captura-de-pantalla-2020-04-19-a-las-17.29.00.png 930w, https:\/\/blogsaverroes.juntadeandalucia.es\/ceiplareguela\/files\/2020\/04\/Captura-de-pantalla-2020-04-19-a-las-17.29.00-220x300.png 220w, https:\/\/blogsaverroes.juntadeandalucia.es\/ceiplareguela\/files\/2020\/04\/Captura-de-pantalla-2020-04-19-a-las-17.29.00-768x1045.png 768w, https:\/\/blogsaverroes.juntadeandalucia.es\/ceiplareguela\/files\/2020\/04\/Captura-de-pantalla-2020-04-19-a-las-17.29.00-752x1024.png 752w, https:\/\/blogsaverroes.juntadeandalucia.es\/ceiplareguela\/files\/2020\/04\/Captura-de-pantalla-2020-04-19-a-las-17.29.00-18x24.png 18w, https:\/\/blogsaverroes.juntadeandalucia.es\/ceiplareguela\/files\/2020\/04\/Captura-de-pantalla-2020-04-19-a-las-17.29.00-26x36.png 26w, https:\/\/blogsaverroes.juntadeandalucia.es\/ceiplareguela\/files\/2020\/04\/Captura-de-pantalla-2020-04-19-a-las-17.29.00-35x48.png 35w\" sizes=\"(max-width: 653px) 100vw, 653px\" \/><\/a><\/p>\n<p style=\"text-align: center\"><a href=\"https:\/\/blogsaverroes.juntadeandalucia.es\/ceiplareguela\/files\/2020\/04\/D\u00cdA-DEL-LIBRO.pdf\" target=\"_blank\" rel=\"noopener noreferrer\">D\u00cdA DEL LIBRO<\/a><\/p>\n<p><span style=\"font-weight: 400\">Desde la biblioteca de nuestro cole os queremos hacer llegar una serie de materiales para que disfrut\u00e9is de la lectura con vuestr@s hij@s. Y queremos hacerlo hoy, d\u00eda del libro, para celebrar&nbsp; uno de los m\u00e1s valiosos aprendizajes, <\/span><span style=\"font-weight: 400\">LEER<\/span><\/p>\n<p>&nbsp;<\/p>\n<p><b>CUENTOS SOBRE EL CORONAVIRUS<\/b><b>. <\/b><span style=\"font-weight: 400\">A veces no es f\u00e1cil explicar ciertas cosas.&nbsp; Esta selecci\u00f3n de cuentos pueden ayudar a explicar esta dif\u00edcil situaci\u00f3n.&nbsp;<\/span><\/p>\n<p><a href=\"https:\/\/www.yumpu.com\/es\/document\/read\/63156813\/coronavirus-no-es-un-principe-ni-una-princesa\"><b>Coronavirus no es un pr\u00edncipe ni una princesa<\/b><\/a><span style=\"font-weight: 400\">, cuento de Mar\u00eda Coco Hernando<\/span><\/p>\n<p><a href=\"https:\/\/www.yumpu.com\/es\/document\/read\/63156813\/coronavirus-no-es-un-principe-ni-una-princesa\"><span style=\"font-weight: 400\">https:\/\/www.yumpu.com\/es\/document\/read\/63156813\/coronavirus-no-es-un-principe-ni-una-princesa<\/span><\/a><\/p>\n<p><a href=\"https:\/\/aprendicesvisuales.com\/p\/lasmanosdejose\"><b>Las manos de Jos\u00e9<\/b><\/a><span style=\"font-weight: 400\">, cuento&nbsp; con actividades sobre el lavado de manos, del blog aprendices visuales.<\/span><span style=\"font-weight: 400\">&nbsp;<\/span><\/p>\n<p><a href=\"https:\/\/aprendicesvisuales.com\/p\/lasmanosdejose\"><span style=\"font-weight: 400\">https:\/\/aprendicesvisuales.com\/p\/lasmanosdejose<\/span><\/a><\/p>\n<p><a href=\"https:\/\/2b4e51db-39f7-40dc-9839-6658001feffd.filesusr.com\/ugd\/7c7fce_bff34c1130ff4a03a5c8a7ce9df19e71.pdf\"><b>Bailemos sobre las estrellas<\/b><\/a><span style=\"font-weight: 400\">&nbsp;<\/span><span style=\"font-weight: 400\">cuento escrito por&nbsp;<\/span><a href=\"https:\/\/mipsicologainfantil.com\/acerca-de\"><span style=\"font-weight: 400\">Fernanda Rodr\u00edguez Muguruza&nbsp;<\/span><\/a><span style=\"font-weight: 400\">e ilustrado por&nbsp;<\/span><a href=\"https:\/\/www.evarami.com\/\"><span style=\"font-weight: 400\">Eva Ram\u00ed<\/span><\/a><span style=\"font-weight: 400\">.<\/span><span style=\"font-weight: 400\">&nbsp;<\/span><\/p>\n<p><a href=\"https:\/\/2b4e51db-39f7-40dc-9839-6658001feffd.filesusr.com\/ugd\/7c7fce_bff34c1130ff4a03a5c8a7ce9df19e71.pdf\"><span style=\"font-weight: 400\">https:\/\/2b4e51db-39f7-40dc-9839-6658001feffd.filesusr.com\/ugd\/7c7fce_bff34c1130ff4a03a5c8a7ce9df19e71.pdf<\/span><\/a><\/p>\n<p><a href=\"https:\/\/centroinfantilpasitoapasito.com\/wp-content\/uploads\/2020\/03\/Cuento-infantil-Coronavirus.pdf\"><b>El virus<\/b><span style=\"font-weight: 400\">. publicado<\/span><\/a><span style=\"font-weight: 400\">&nbsp;por&nbsp;<\/span><a href=\"http:\/\/www.escuelapasitoapasito.com\/\"><span style=\"font-weight: 400\">Centro Pasito a pasito<\/span><\/a><span style=\"font-weight: 400\">.<\/span><span style=\"font-weight: 400\">&nbsp;<\/span><\/p>\n<p><a href=\"https:\/\/centroinfantilpasitoapasito.com\/wp-content\/uploads\/2020\/03\/Cuento-infantil-Coronavirus.pdf\"><span style=\"font-weight: 400\">https:\/\/centroinfantilpasitoapasito.com\/wp-content\/uploads\/2020\/03\/Cuento-infantil-Coronavirus.pdf<\/span><\/a><\/p>\n<p><b>\u201c<\/b><a href=\"https:\/\/www.dalmaus.com\/mision-quedarse-en-casa\"><b>Misi\u00f3n: Quedarse en casa\u201d<\/b><\/a> <span style=\"font-weight: 400\">es un cuento coloreable de&nbsp; Dalmau Oliveras, para que los ni\u00f1os\/as entiendan la importancia de no salir a la calle durante estos d\u00edas.&nbsp;<\/span><\/p>\n<p><a href=\"https:\/\/www.dalmaus.com\/mision-quedarse-en-casa\"><span style=\"font-weight: 400\">https:\/\/www.dalmaus.com\/mision-quedarse-en-casa<\/span><\/a><\/p>\n<p>&nbsp;<\/p>\n<p><a href=\"https:\/\/www.dropbox.com\/s\/zt2ki887tlo38b2\/QuePasaEnElMundo_Spanish_MeolloCriollo.pdf?dl=0\"><b>\u00bfQu\u00e9 pasa en el mundo?<\/b><\/a><span style=\"font-weight: 400\">&nbsp;por&nbsp;<\/span><a href=\"http:\/\/nachopalacios\/\"><span style=\"font-weight: 400\">Nacho Palacios<\/span><\/a><span style=\"font-weight: 400\">&nbsp;e ilustrado por&nbsp;<\/span><a href=\"http:\/\/leornieves\/\"><span style=\"font-weight: 400\">Leo Nieves<\/span><\/a><span style=\"font-weight: 400\">. <\/span><span style=\"font-weight: 400\">Explica la situaci\u00f3n de la pandemia de coronavirus<\/span><\/p>\n<p><a href=\"https:\/\/www.dropbox.com\/s\/zt2ki887tlo38b2\/QuePasaEnElMundo_Spanish_MeolloCriollo.pdf?dl=0\"><span style=\"font-weight: 400\">https:\/\/www.dropbox.com\/s\/zt2ki887tlo38b2\/QuePasaEnElMundo_Spanish_MeolloCriollo.pdf?dl=0<\/span><\/a><\/p>\n<p><a href=\"https:\/\/lletresigargots.wordpress.com\/2020\/03\/13\/coronavirus-2\/\"><b>Coronavirus<\/b><\/a><span style=\"font-weight: 400\">&nbsp;Ilustraci\u00f3n: Giroillustrator.&nbsp; Traducci\u00f3n: Berta Rubio.&nbsp; Narraci\u00f3n: Carmen Gonz\u00e1lez<\/span><\/p>\n<p><a href=\"https:\/\/lletresigargots.wordpress.com\/2020\/03\/13\/coronavirus-2\/\"><span style=\"font-weight: 400\">https:\/\/lletresigargots.wordpress.com\/2020\/03\/13\/coronavirus-2\/<\/span><\/a><\/p>\n<p><a href=\"https:\/\/www.guiainfantil.com\/ocio\/cuentos-infantiles\/cuento-en-verso-del-coronavirus-que-ensena-a-los-ninos-a-no-contagiarse\/\"><b>Cuento en verso<\/b><\/a><b>&nbsp;<\/b><span style=\"font-weight: 400\">sobre el coronavirus de Marisa Alonso Santamar\u00ed. Nos invita a grabar el verso y enviarlo a esta p\u00e1gina web.<\/span><\/p>\n<p><a href=\"https:\/\/www.guiainfantil.com\/ocio\/cuentos-infantiles\/cuento-en-verso-del-coronavirus-que-ensena-a-los-ninos-a-no-contagiarse\/\"><span style=\"font-weight: 400\">https:\/\/www.guiainfantil.com\/ocio\/cuentos-infantiles\/cuento-en-verso-del-coronavirus-que-ensena-a-los-ninos-a-no-contagiarse\/<\/span><\/a><\/p>\n<p><span style=\"font-weight: 400\">Cuento Rosa contra el virus, del Colegio de Psicolog\u00eda de Madrid.&nbsp;&nbsp;&nbsp;<\/span><\/p>\n<p><a href=\"https:\/\/es.calameo.com\/read\/0044134525f06bf11d7ab?page=1\"><b>COVIBOOK<\/b><\/a><span style=\"font-weight: 400\">&nbsp;<\/span><span style=\"font-weight: 400\"> Editorial&nbsp; Calameo<\/span><\/p>\n<p>&nbsp;<\/p>\n<p><a href=\"https:\/\/es.calameo.com\/read\/0044134525f06bf11d7ab?page=1\"><span style=\"font-weight: 400\">https:\/\/es.calameo.com\/read\/0044134525f06bf11d7ab?page=1<\/span><\/a><\/p>\n<p>&nbsp;<\/p>\n<p><b>Cuentos-v\u00eddeos.<\/b> <span style=\"font-weight: 400\">Para fomentar el h\u00e1bito de la lectura.<\/span><\/p>\n<p><a href=\"https:\/\/www.youtube.com\/watch?v=dwh7Z2cRxYk\"><span style=\"font-weight: 400\">https:\/\/www.youtube.com\/watch?v=dwh7Z2cRxYk<\/span> <\/a><\/p>\n<p><a href=\"https:\/\/www.youtube.com\/watch?v=c-eQCKYPM_c\"><span style=\"font-weight: 400\">https:\/\/www.youtube.com\/watch?v=c-eQCKYPM_c<\/span><\/a><\/p>\n<p>&nbsp;<\/p>\n<p><b>Manualidades.<\/b><span style=\"font-weight: 400\">&nbsp; Crea un original marcap\u00e1ginas.<\/span><\/p>\n<p><a href=\"https:\/\/www.youtube.com\/watch?v=5PR-Bz1b0mE\"><span style=\"font-weight: 400\">https:\/\/www.youtube.com\/watch?v=5PR-Bz1b0mE<\/span><\/a><\/p>\n<p>&nbsp;<\/p>\n<p><b>Taller de literatura y cuentos cl\u00e1sicos.<\/b><\/p>\n<p><a href=\"https:\/\/www.mundoprimaria.com\/literatura-para-ninos\"><span style=\"font-weight: 400\">https:\/\/www.mundoprimaria.com\/literatura-para-ninos<\/span><\/a><\/p>\n<p>&nbsp;<\/p>\n<p>&nbsp;<\/p>\n","protected":false},"excerpt":{"rendered":"<p>D\u00cdA DEL LIBRO &nbsp; D\u00cdA DEL LIBRO Desde la biblioteca de nuestro cole os queremos hacer llegar una serie de materiales para que disfrut\u00e9is de la lectura con vuestr@s hij@s. Y queremos hacerlo hoy, d\u00eda del libro, para celebrar&nbsp; uno de los m\u00e1s valiosos aprendizajes, LEER &nbsp; CUENTOS SOBRE EL CORONAVIRUS. A veces no es &hellip; <\/p>\n<p><a class=\"more-link btn\" href=\"https:\/\/blogsaverroes.juntadeandalucia.es\/ceiplareguela\/dia-del-libro-2020\/\">Seguir leyendo<\/a><\/p>\n","protected":false},"author":5447,"featured_media":0,"parent":0,"menu_order":0,"comment_status":"closed","ping_status":"closed","template":"","meta":{"ngg_post_thumbnail":0,"footnotes":"","_mc_calendar":[]},"aioseo_notices":[],"_links":{"self":[{"href":"https:\/\/blogsaverroes.juntadeandalucia.es\/ceiplareguela\/wp-json\/wp\/v2\/pages\/2947"}],"collection":[{"href":"https:\/\/blogsaverroes.juntadeandalucia.es\/ceiplareguela\/wp-json\/wp\/v2\/pages"}],"about":[{"href":"https:\/\/blogsaverroes.juntadeandalucia.es\/ceiplareguela\/wp-json\/wp\/v2\/types\/page"}],"author":[{"embeddable":true,"href":"https:\/\/blogsaverroes.juntadeandalucia.es\/ceiplareguela\/wp-json\/wp\/v2\/users\/5447"}],"replies":[{"embeddable":true,"href":"https:\/\/blogsaverroes.juntadeandalucia.es\/ceiplareguela\/wp-json\/wp\/v2\/comments?post=2947"}],"version-history":[{"count":8,"href":"https:\/\/blogsaverroes.juntadeandalucia.es\/ceiplareguela\/wp-json\/wp\/v2\/pages\/2947\/revisions"}],"predecessor-version":[{"id":2960,"href":"https:\/\/blogsaverroes.juntadeandalucia.es\/ceiplareguela\/wp-json\/wp\/v2\/pages\/2947\/revisions\/2960"}],"wp:attachment":[{"href":"https:\/\/blogsaverroes.juntadeandalucia.es\/ceiplareguela\/wp-json\/wp\/v2\/media?parent=2947"}],"curies":[{"name":"wp","href":"https:\/\/api.w.org\/{rel}","templated":true}]}}