{"id":80,"date":"2019-08-09T14:48:50","date_gmt":"2019-08-09T12:48:50","guid":{"rendered":"https:\/\/www.ceiplaromanilla.es\/?page_id=80"},"modified":"2023-06-28T11:28:42","modified_gmt":"2023-06-28T10:28:42","slug":"planes-y-proyectos-2","status":"publish","type":"page","link":"https:\/\/blogsaverroes.juntadeandalucia.es\/ceiplaromanilla\/planes-y-proyectos-2\/","title":{"rendered":"Planes y programas"},"content":{"rendered":"<p>[et_pb_section fb_built=&#8221;1&#8243; _builder_version=&#8221;3.22&#8243; global_colors_info=&#8221;{}&#8221;][et_pb_row _builder_version=&#8221;4.14.5&#8243; _module_preset=&#8221;default&#8221; global_colors_info=&#8221;{}&#8221;][et_pb_column type=&#8221;4_4&#8243; _builder_version=&#8221;4.14.5&#8243; _module_preset=&#8221;default&#8221; global_colors_info=&#8221;{}&#8221;][et_pb_image src=&#8221;https:\/\/blogsaverroes.juntadeandalucia.es\/ceiplaromanilla\/files\/2023\/06\/Mi-proyecto-1-18.png&#8221; title_text=&#8221;Mi proyecto-1 (18)&#8221; _builder_version=&#8221;4.14.5&#8243; _module_preset=&#8221;default&#8221; global_colors_info=&#8221;{}&#8221;][\/et_pb_image][\/et_pb_column][\/et_pb_row][et_pb_row _builder_version=&#8221;4.14.5&#8243; _module_preset=&#8221;default&#8221; global_colors_info=&#8221;{}&#8221;][et_pb_column type=&#8221;4_4&#8243; _builder_version=&#8221;4.14.5&#8243; _module_preset=&#8221;default&#8221; global_colors_info=&#8221;{}&#8221;][et_pb_text _builder_version=&#8221;4.14.5&#8243; _module_preset=&#8221;default&#8221; hover_enabled=&#8221;0&#8243; global_colors_info=&#8221;{}&#8221; sticky_enabled=&#8221;0&#8243;]<\/p>\n<p><span style=\"font-size: 12pt\">Nuestra instituci\u00f3n se rige por una serie de planes y programas educativos dise\u00f1ados con el objetivo de garantizar el m\u00e1ximo aprovechamiento de las capacidades y habilidades de cada ni\u00f1o y ni\u00f1a. Estos planes est\u00e1n basados en las directrices establecidas por el sistema educativo andaluz y buscan promover una formaci\u00f3n equilibrada y adaptada a las necesidades individuales de cada alumno.<\/span><\/p>\n<p><span style=\"font-size: 12pt\">En nuestro colegio, apostamos por una educaci\u00f3n inclusiva y participativa, donde cada estudiante pueda desarrollar su m\u00e1ximo potencial. Los planes y programas educativos son una herramienta fundamental para lograrlo, brindando un marco de actuaci\u00f3n que garantiza la calidad y la excelencia en nuestra labor educativa.<\/span><\/p>\n<p>[\/et_pb_text][\/et_pb_column][\/et_pb_row][et_pb_row _builder_version=&#8221;4.14.5&#8243; _module_preset=&#8221;default&#8221; global_colors_info=&#8221;{}&#8221;][et_pb_column type=&#8221;4_4&#8243; _builder_version=&#8221;4.14.5&#8243; _module_preset=&#8221;default&#8221; global_colors_info=&#8221;{}&#8221;][et_pb_accordion _builder_version=&#8221;4.14.5&#8243; _module_preset=&#8221;default&#8221; toggle_font=&#8221;Arial||||||||&#8221; body_font=&#8221;Arial||||||||&#8221; global_colors_info=&#8221;{}&#8221;][et_pb_accordion_item title=&#8221;Alumnado Ayudante Digital Andaluz&#8221; open=&#8221;on&#8221; _builder_version=&#8221;4.14.5&#8243; _module_preset=&#8221;default&#8221; global_colors_info=&#8221;{}&#8221;]<\/p>\n<p><img decoding=\"async\" class=\"wp-image-6696 alignleft size-full\" src=\"https:\/\/blogsaverroes.juntadeandalucia.es\/ceiplaromanilla\/files\/2023\/05\/My-project-1-25.png\" alt=\"\" width=\"100\" height=\"100\">Este programa est\u00e1 destinado a impulsar la figura del alumnado ayudante en el \u00e1mbito digital, para promover un uso responsable de las nuevas tecnolog\u00edas y fomentar el apoyo entre iguales en la prevenci\u00f3n del ciberacoso, en centros docentes sostenidos con fondos p\u00fablicos que imparten 5\u00ba y 6\u00ba Educaci\u00f3n Primaria.<\/p>\n<p>[\/et_pb_accordion_item][et_pb_accordion_item title=&#8221;Convivencia Escolar&#8221; _builder_version=&#8221;4.14.5&#8243; _module_preset=&#8221;default&#8221; global_colors_info=&#8221;{}&#8221; open=&#8221;off&#8221;]<\/p>\n<p><img decoding=\"async\" class=\"wp-image-6699  alignleft\" src=\"https:\/\/blogsaverroes.juntadeandalucia.es\/ceiplaromanilla\/files\/2023\/05\/My-project-1-27.png\" alt=\"\" width=\"116\" height=\"116\">La promoci\u00f3n de la convivencia en los centros docentes, a trav\u00e9s de la elaboraci\u00f3n, desarrollo y evaluaci\u00f3n de sus<br \/>planes de convivencia, de la mediaci\u00f3n en la resoluci\u00f3n de conflictos y del establecimiento de protocolos de actuaci\u00f3n e intervenci\u00f3n ante situaciones de acoso escolar, maltrato infantil, situaciones de violencia de g\u00e9nero en el \u00e1mbito educativo, o agresiones al profesorado o al resto del personal de los centros docentes.<\/p>\n<a href='https:\/\/www.juntadeandalucia.es\/educacion\/portals\/web\/convivencia-escolar' class='small-button smallblue' target=\"_blank\">Portal Convivencia Escolar<\/a>\n<p>[\/et_pb_accordion_item][et_pb_accordion_item title=&#8221;Creciendo en Salud&#8221; _builder_version=&#8221;4.14.5&#8243; _module_preset=&#8221;default&#8221; global_colors_info=&#8221;{}&#8221; open=&#8221;off&#8221;]<\/p>\n<p><img decoding=\"async\" class=\"wp-image-6701 alignleft size-full\" src=\"https:\/\/blogsaverroes.juntadeandalucia.es\/ceiplaromanilla\/files\/2023\/05\/My-project-1-26.png\" alt=\"\" width=\"100\" height=\"100\">El Programa para la Innovaci\u00f3n Educativa H\u00e1bitos de Vida Saludable (HHVS), desarrollado por la Consejer\u00eda de Desarrollo Educativo y Formaci\u00f3n Profesional, en colaboraci\u00f3n con la Consejer\u00eda de Salud y Consumo y la Consejer\u00eda de Agricultura, Pesca, Agua y Desarrollo Rural de la Junta de Andaluc\u00eda, constituye una herramienta para el desarrollo de las competencias clave del alumnado, el intercambio de experiencias, el trabajo en equipo, la creaci\u00f3n de redes interprofesionales y el desarrollo de metodolog\u00edas innovadoras en materia de promoci\u00f3n de la salud, facilitando el tratamiento de los contenidos curriculares relacionados con el bienestar emocional, la alimentaci\u00f3n y la actividad f\u00edsica, los h\u00e1bitos de&nbsp;<strong>higiene y el autocuidado<\/strong>, la educaci\u00f3n vial, el&nbsp;<strong>uso responsable de las tecnolog\u00edas<\/strong>, o la prevenci\u00f3n del consumo de sustancias adictivas, incluidos en el&nbsp;<strong>Proyecto de Centro<\/strong>.<\/p>\n<p>Su caracter\u00edstica principal es que est\u00e1 concebido desde una perspectiva salutog\u00e9nica, pone el \u00e9nfasis en aquello que genera salud y no en lo que provoca enfermedad, abordando las cuatro dimensiones fundamentales en la promoci\u00f3n de la salud en la escuela como son: el curr\u00edculo, el entorno psicosocial del centro, la familia y la colaboraci\u00f3n con los recursos comunitarios que protegen y promueven el valor&nbsp;<strong>\u201csalud\u201d<\/strong>, tanto individual como colectivo en&nbsp;<strong>entornos solidarios, respetuosos e inclusivos.<\/strong><\/p>\n<a href='https:\/\/www.juntadeandalucia.es\/educacion\/portals\/web\/habitos-vida-saludable\/creciendo-en-salud-inicio' class='small-button smallblue' target=\"_blank\">Portal Creciendo en Salud<\/a>\n<p>[\/et_pb_accordion_item][et_pb_accordion_item title=&#8221;EcoEscuela&#8221; _builder_version=&#8221;4.14.5&#8243; _module_preset=&#8221;default&#8221; global_colors_info=&#8221;{}&#8221; open=&#8221;off&#8221;]<\/p>\n<p><img loading=\"lazy\" loading=\"lazy\" decoding=\"async\" class=\"wp-image-6704 alignleft size-full\" src=\"https:\/\/blogsaverroes.juntadeandalucia.es\/ceiplaromanilla\/files\/2023\/05\/My-project-1-28.png\" alt=\"\" width=\"100\" height=\"100\">Ecoescuelas es un programa de \u00e1mbito internacional&nbsp;<strong>coordinado por la Fundaci\u00f3n Europea de Educaci\u00f3n Ambiental (FEE) y desarrollado en Espa\u00f1a por la Asociaci\u00f3n de Educaci\u00f3n Ambiental y el Consumidor (ADEAC), miembro de FEE.<\/strong><\/p>\n<p>Est\u00e1 dirigido a la gesti\u00f3n y certificaci\u00f3n medioambiental y a la educaci\u00f3n para el desarrollo sostenible en los centros educativos, para aquellos centros que desean trabajar en torno a un proyecto global que suponga educar en el respeto, la responsabilidad, en la convivencia, en la solidaridad, en la generosidad, en la resoluci\u00f3n y an\u00e1lisis de problemas&#8230;<\/p>\n<p>La Red Andaluza de Ecoescuelas la conforman 341 centros educativos, de los cuales 61 est\u00e1n galardonados con la \u201cBandera Verde\u201d, que los identifica como modelo de calidad educativa por su coherencia ambiental.<\/p>\n<a href='https:\/\/www.juntadeandalucia.es\/educacion\/portals\/web\/aldea' class='small-button smallblue' target=\"_blank\">Portal Programa Aldea<\/a>\n<p>[\/et_pb_accordion_item][et_pb_accordion_item title=&#8221;Erasmus+&#8221; _builder_version=&#8221;4.14.5&#8243; _module_preset=&#8221;default&#8221; global_colors_info=&#8221;{}&#8221; open=&#8221;off&#8221;]<\/p>\n<p><img loading=\"lazy\" loading=\"lazy\" decoding=\"async\" class=\"wp-image-6706 alignleft size-full\" src=\"https:\/\/blogsaverroes.juntadeandalucia.es\/ceiplaromanilla\/files\/2023\/05\/My-project-1-29.png\" alt=\"\" width=\"100\" height=\"100\">Erasmus+ es un programa establecido por la Comisi\u00f3n Europea e implementado en numerosos aspectos por la Agencia Ejecutiva en el \u00e1mbito Educativo, Audiovisual y Cultural,&nbsp;<em>Education, Audiovisual and Culture Executive Agency<\/em>&nbsp;(EACEA) y que, a nivel nacional de educaci\u00f3n y formaci\u00f3n, se lleva a cabo por el SEPIE (Servicio Espa\u00f1ol para la Internacionalizaci\u00f3n de la Educaci\u00f3n).<\/p>\n<p>Erasmus+ ha conseguido fusionar varios programas, que antes funcionaban por separado, y los ha interconectado con objetivos comunes. El programa Erasmus+ abarca campos referidos a la educaci\u00f3n, formaci\u00f3n, juventud y deporte, con el fin de atender las necesidades que surgen de los cambios socioecon\u00f3micos y los retos europeos hasta el final de la d\u00e9cada, de cara a lograr un mayor crecimiento y &nbsp;mejora de la empleabilidad, as\u00ed como un avance en &nbsp;igualdad, equidad e inclusi\u00f3n.<\/p>\n<a href='http:\/\/www.sepie.es\/' class='small-button smallblue' target=\"_blank\">Portal SEPIE<\/a>\n<p>[\/et_pb_accordion_item][et_pb_accordion_item title=&#8221;Igualdad entre Hombres y Mujeres&#8221; _builder_version=&#8221;4.14.5&#8243; _module_preset=&#8221;default&#8221; global_colors_info=&#8221;{}&#8221; open=&#8221;off&#8221;]<\/p>\n<p><img loading=\"lazy\" loading=\"lazy\" decoding=\"async\" class=\"wp-image-6713 alignleft size-full\" src=\"https:\/\/blogsaverroes.juntadeandalucia.es\/ceiplaromanilla\/files\/2023\/05\/My-project-1-32.png\" alt=\"\" width=\"100\" height=\"100\">El dise\u00f1o de las pol\u00edticas a favor de las mujeres ha encontrado su desarrollo en los&nbsp;<strong>Planes de Igualdad<\/strong>&nbsp;que vienen a dar respuesta a la necesidad de conquistar derechos igualitarios para las mujeres, eliminando los obst\u00e1culos que se interponen a la igualdad real y al acceso al \u00e1mbito de lo p\u00fablico.<\/p>\n<a href='https:\/\/www.juntadeandalucia.es\/educacion\/portals\/web\/igualdad\/presentacion' class='small-button smallblue' target=\"_blank\">Portal de Igualdad<\/a>\n<p>[\/et_pb_accordion_item][et_pb_accordion_item title=&#8221;Lectura y Biblioteca Escolar&#8221; _builder_version=&#8221;4.14.5&#8243; _module_preset=&#8221;default&#8221; global_colors_info=&#8221;{}&#8221; open=&#8221;off&#8221;]<\/p>\n<p><img loading=\"lazy\" loading=\"lazy\" decoding=\"async\" class=\"wp-image-6710 alignleft size-full\" src=\"https:\/\/blogsaverroes.juntadeandalucia.es\/ceiplaromanilla\/files\/2023\/05\/My-project-1-31.png\" alt=\"\" width=\"100\" height=\"100\">En la sociedad de la informaci\u00f3n y el conocimiento se requiere que las&nbsp;<a href=\"https:\/\/www.juntadeandalucia.es\/educacion\/portals\/web\/lecturas-bibliotecas-escolares\/bibliotecas-escolares\" target=\"_blank\" rel=\"noopener noreferrer\">bibliotecas escolares<\/a>&nbsp;se conviertan en centros de recursos para la ense\u00f1anza y el aprendizaje; en factores de compensaci\u00f3n social, que posibiliten el acceso a los recursos informativos y culturales a quienes carecen de ellos; y en espacios f\u00edsicos, digitales y sociales abiertos a toda la comunidad educativa y a eventos culturales y profesionales.<\/p>\n<p>Como centros de recursos facilitan el acceso a materiales informativos (actualizados, diversos, apropiados, suficientes en n\u00famero y calidad) para todas las \u00e1reas del curr\u00edculo, atienden la diversidad y apoyan los planes y proyectos del centro.<\/p>\n<p>Entre sus tareas destaca la articulaci\u00f3n de programas de alfabetizaci\u00f3n informacional y digital as\u00ed como de programas de fomento de la lectura.<\/p>\n<a href='https:\/\/www.juntadeandalucia.es\/educacion\/portals\/web\/lecturas-bibliotecas-escolares' class='small-button smallblue' target=\"_blank\">Portal Lecturas y Bibliotecas Escolares<\/a>\n<p>[\/et_pb_accordion_item][et_pb_accordion_item title=&#8221;Transformaci\u00f3n Digital Educativa&#8221; _builder_version=&#8221;4.14.5&#8243; _module_preset=&#8221;default&#8221; global_colors_info=&#8221;{}&#8221; open=&#8221;off&#8221;]<\/p>\n<p><img loading=\"lazy\" loading=\"lazy\" decoding=\"async\" class=\"wp-image-6707 alignleft size-full\" src=\"https:\/\/blogsaverroes.juntadeandalucia.es\/ceiplaromanilla\/files\/2023\/05\/My-project-1-30.png\" alt=\"\" width=\"100\" height=\"100\">El concepto de Transformaci\u00f3n Digital Educativa (TDE) incluye el conjunto de actuaciones orientadas a la mejora y modernizaci\u00f3n de los procesos, los procedimientos, los h\u00e1bitos y comportamientos de las organizaciones educativas y de las personas que, haciendo uso de las tecnolog\u00edas digitales, desarrollen su capacidad de hacer frente a los retos de la sociedad actual.<\/p>\n<p>De esta forma, la TDE supondr\u00e1 una contribuci\u00f3n en el aprendizaje competencial, en la consecuci\u00f3n de los resultados de aprendizaje del alumnado y en el acceso a las tecnolog\u00edas desde un principio de equidad, bas\u00e1ndose en los Marcos de Referencia Europeos relativos a la competencia digital (DigCompOrg, DigCompEdu y DigComp).<\/p>\n<a href='https:\/\/www.juntadeandalucia.es\/educacion\/portals\/web\/transformacion-digital-educativa' class='small-button smallblue' target=\"_blank\">Portal TDE<\/a>\n<p>[\/et_pb_accordion_item][\/et_pb_accordion][\/et_pb_column][\/et_pb_row][\/et_pb_section]<\/p>\n","protected":false},"excerpt":{"rendered":"<p>Nuestra instituci\u00f3n se rige por una serie de planes y programas educativos dise\u00f1ados con el objetivo de garantizar el m\u00e1ximo aprovechamiento de las capacidades y habilidades de cada ni\u00f1o y ni\u00f1a. Estos planes est\u00e1n basados en las directrices establecidas por el sistema educativo andaluz y buscan promover una formaci\u00f3n equilibrada y adaptada a las necesidades [&hellip;]<\/p>\n","protected":false},"author":16029,"featured_media":0,"parent":0,"menu_order":0,"comment_status":"closed","ping_status":"closed","template":"","meta":{"_et_pb_use_builder":"on","_et_pb_old_content":"<!-- wp:image {\"id\":3656,\"width\":312,\"height\":441,\"sizeSlug\":\"large\"} -->\r\n<figure class=\"wp-block-image size-large is-resized\"><img class=\"alignleft wp-image-3656\" src=\"https:\/\/blogsaverroes.juntadeandalucia.es\/ceiplaromanilla\/files\/2020\/08\/proyecto-creciendo-en-salud-ceip-zurbarn-1-638-1.jpg\" alt=\"\" width=\"249\" height=\"353\"><a href=\"https:\/\/www.ceiplaromanilla.es\/wp-content\/uploads\/2020\/08\/escuela-tic-20-1-728.jpg\"><img class=\"alignnone size-full wp-image-3663\" src=\"https:\/\/www.ceiplaromanilla.es\/wp-content\/uploads\/2020\/08\/escuela-tic-20-1-728.jpg\" alt=\"\" width=\"312\" height=\"441\"><\/a><\/figure>\r\n<!-- \/wp:image -->\r\n<p><a href=\"https:\/\/blogsaverroes.juntadeandalucia.es\/ceiplaromanilla\/files\/2020\/08\/igualdad.jpg\"><img class=\"alignnone size-full wp-image-3661\" src=\"https:\/\/blogsaverroes.juntadeandalucia.es\/ceiplaromanilla\/files\/2020\/08\/igualdad.jpg\" alt=\"\" width=\"328\" height=\"154\"><\/a><\/p>\r\n[caption id=\"attachment_3662\" align=\"alignnone\" width=\"300\"]<a href=\"https:\/\/www.ceiplaromanilla.es\/wp-content\/uploads\/2020\/08\/PlanLyBLecturayBibliotecasEscolares.jpg\"><img class=\"wp-image-3662 size-medium\" src=\"https:\/\/www.ceiplaromanilla.es\/wp-content\/uploads\/2020\/08\/PlanLyBLecturayBibliotecasEscolares-300x225.jpg\" alt=\"\" width=\"300\" height=\"225\"><\/a> Plan LyB Lectura y Bibliotecas Escolares[\/caption]\r\n<p><a href=\"https:\/\/blogsaverroes.juntadeandalucia.es\/ceiplaromanilla\/files\/2020\/08\/logo_ecoescuela.jpg\"><img class=\"wp-image-3659 alignleft\" src=\"https:\/\/blogsaverroes.juntadeandalucia.es\/ceiplaromanilla\/files\/2020\/08\/logo_ecoescuela.jpg\" alt=\"\" width=\"298\" height=\"223\"><\/a><\/p>\r\n<p>\u00a0<\/p>","_et_gb_content_width":"","ngg_post_thumbnail":0,"footnotes":""},"aioseo_notices":[],"post_mailing_queue_ids":[],"_links":{"self":[{"href":"https:\/\/blogsaverroes.juntadeandalucia.es\/ceiplaromanilla\/wp-json\/wp\/v2\/pages\/80"}],"collection":[{"href":"https:\/\/blogsaverroes.juntadeandalucia.es\/ceiplaromanilla\/wp-json\/wp\/v2\/pages"}],"about":[{"href":"https:\/\/blogsaverroes.juntadeandalucia.es\/ceiplaromanilla\/wp-json\/wp\/v2\/types\/page"}],"author":[{"embeddable":true,"href":"https:\/\/blogsaverroes.juntadeandalucia.es\/ceiplaromanilla\/wp-json\/wp\/v2\/users\/16029"}],"replies":[{"embeddable":true,"href":"https:\/\/blogsaverroes.juntadeandalucia.es\/ceiplaromanilla\/wp-json\/wp\/v2\/comments?post=80"}],"version-history":[{"count":27,"href":"https:\/\/blogsaverroes.juntadeandalucia.es\/ceiplaromanilla\/wp-json\/wp\/v2\/pages\/80\/revisions"}],"predecessor-version":[{"id":6898,"href":"https:\/\/blogsaverroes.juntadeandalucia.es\/ceiplaromanilla\/wp-json\/wp\/v2\/pages\/80\/revisions\/6898"}],"wp:attachment":[{"href":"https:\/\/blogsaverroes.juntadeandalucia.es\/ceiplaromanilla\/wp-json\/wp\/v2\/media?parent=80"}],"curies":[{"name":"wp","href":"https:\/\/api.w.org\/{rel}","templated":true}]}}