{"id":2600,"date":"2020-09-15T10:14:57","date_gmt":"2020-09-15T10:14:57","guid":{"rendered":"https:\/\/blogsaverroes.juntadeandalucia.es\/ceiplasalbinas\/?page_id=2600"},"modified":"2026-03-23T12:08:58","modified_gmt":"2026-03-23T12:08:58","slug":"menus-del-comedor","status":"publish","type":"page","link":"https:\/\/blogsaverroes.juntadeandalucia.es\/ceiplasalbinas\/menus-del-comedor\/","title":{"rendered":"Men\u00fas del comedor"},"content":{"rendered":"<table style=\"width: 62.9634%;height: 290px\">\n<tbody>\n<tr style=\"height: 36px\">\n<td style=\"text-align: center;width: 44.5217%;background-color: #ed4c2f;height: 36px\" colspan=\"2\" width=\"255\">\n<h1><strong>MEN\u00da MENSUAL<\/strong><\/h1>\n<\/td>\n<\/tr>\n<tr style=\"height: 22px\">\n<td style=\"width: 44.5217%;background-color: #eb9696;text-align: center;height: 22px\" colspan=\"2\"><strong>INFORMACI\u00d3N NUTRICIONAL DE LOS MEN\u00daS<\/strong><\/td>\n<\/tr>\n<tr style=\"height: 22px\">\n<td style=\"text-align: center;height: 22px\" colspan=\"2\" width=\"255\"><a href=\"https:\/\/drive.google.com\/file\/d\/1zT-GYypzK3935QQSUSsgnFqvTFtPC_Iq\/view?usp=sharing\" target=\"_blank\" rel=\"noopener\">Del 11 de septiembre al 10 de octubre<\/a><\/td>\n<\/tr>\n<tr style=\"height: 22px\">\n<td style=\"width: 44.5217%;text-align: center;height: 22px\" colspan=\"2\" width=\"255\"><a href=\"https:\/\/drive.google.com\/file\/d\/186-8jtVcLTZyHgdj0NVPqHeLwH2Nn_le\/view?usp=sharing\" target=\"_blank\" rel=\"noopener\">Del 13 de octubre al 7 de noviembre<\/a><\/td>\n<\/tr>\n<tr style=\"height: 22px\">\n<td style=\"width: 44.5217%;text-align: center;height: 22px\" colspan=\"2\" width=\"255\"><a href=\"https:\/\/drive.google.com\/file\/d\/18fWNKW2Zt25f08ucgLpbG6kCT6bvFcSX\/view?usp=sharing\">Del 8 al 28 de noviembre<\/a><\/td>\n<\/tr>\n<tr style=\"height: 22px\">\n<td style=\"text-align: center;height: 22px\" colspan=\"2\" width=\"255\"><a href=\"https:\/\/drive.google.com\/file\/d\/1FTworTraTUWCouV0zrcthYISui9m1-DD\/view?usp=sharing\" target=\"_blank\" rel=\"noopener\">Del 1 al 19 de diciembre<\/a><\/td>\n<\/tr>\n<tr style=\"height: 24px\">\n<td style=\"text-align: center;height: 24px\" colspan=\"2\"><a href=\"https:\/\/drive.google.com\/file\/d\/1PELe-xXwb0XaT_g29BsyRWPgk2-8RPhv\/view?usp=sharing\" target=\"_blank\" rel=\"noopener\">Del 8 al 30 de enero<\/a><\/td>\n<\/tr>\n<tr style=\"height: 24px\">\n<td style=\"text-align: center;height: 24px\" colspan=\"2\"><a href=\"https:\/\/drive.google.com\/file\/d\/1NWyvb35Diqloyzv0QdtQb8r7Nm4nr3BE\/view?usp=sharing\" target=\"_blank\" rel=\"noopener\">Del 2 al 27 de febrero<\/a><\/td>\n<\/tr>\n<tr style=\"height: 24px\">\n<td style=\"text-align: center;height: 24px\" colspan=\"2\">&nbsp;<\/td>\n<\/tr>\n<tr style=\"height: 24px\">\n<td style=\"text-align: center;height: 24px\" colspan=\"2\"><a href=\"https:\/\/drive.google.com\/file\/d\/1DPpRgZ7nrBwIcUW_VCdEk1GHuQDxM3-Z\/view?usp=sharing\" target=\"_blank\" rel=\"noopener\">Del 23 de marzo al 17 de abril&nbsp;<\/a><\/td>\n<\/tr>\n<tr style=\"height: 24px\">\n<td style=\"text-align: center;height: 24px\" colspan=\"2\">&nbsp;<\/td>\n<\/tr>\n<tr style=\"height: 24px\">\n<td style=\"width: 44.5217%;text-align: center;height: 24px\" colspan=\"2\">&nbsp;<\/td>\n<\/tr>\n<\/tbody>\n<\/table>\n","protected":false},"excerpt":{"rendered":"<p>MEN\u00da MENSUAL INFORMACI\u00d3N NUTRICIONAL DE LOS MEN\u00daS Del 11 de septiembre al 10 de octubre Del 13 de octubre al 7 de noviembre Del 8&hellip;<\/p>\n","protected":false},"author":10177,"featured_media":0,"parent":0,"menu_order":0,"comment_status":"closed","ping_status":"closed","template":"","meta":{"ngg_post_thumbnail":0,"footnotes":"","_mc_calendar":[]},"aioseo_notices":[],"_links":{"self":[{"href":"https:\/\/blogsaverroes.juntadeandalucia.es\/ceiplasalbinas\/wp-json\/wp\/v2\/pages\/2600"}],"collection":[{"href":"https:\/\/blogsaverroes.juntadeandalucia.es\/ceiplasalbinas\/wp-json\/wp\/v2\/pages"}],"about":[{"href":"https:\/\/blogsaverroes.juntadeandalucia.es\/ceiplasalbinas\/wp-json\/wp\/v2\/types\/page"}],"author":[{"embeddable":true,"href":"https:\/\/blogsaverroes.juntadeandalucia.es\/ceiplasalbinas\/wp-json\/wp\/v2\/users\/10177"}],"replies":[{"embeddable":true,"href":"https:\/\/blogsaverroes.juntadeandalucia.es\/ceiplasalbinas\/wp-json\/wp\/v2\/comments?post=2600"}],"version-history":[{"count":68,"href":"https:\/\/blogsaverroes.juntadeandalucia.es\/ceiplasalbinas\/wp-json\/wp\/v2\/pages\/2600\/revisions"}],"predecessor-version":[{"id":6055,"href":"https:\/\/blogsaverroes.juntadeandalucia.es\/ceiplasalbinas\/wp-json\/wp\/v2\/pages\/2600\/revisions\/6055"}],"wp:attachment":[{"href":"https:\/\/blogsaverroes.juntadeandalucia.es\/ceiplasalbinas\/wp-json\/wp\/v2\/media?parent=2600"}],"curies":[{"name":"wp","href":"https:\/\/api.w.org\/{rel}","templated":true}]}}