{"id":77,"date":"2015-03-16T06:54:56","date_gmt":"2015-03-16T06:54:56","guid":{"rendered":"http:\/\/blogsaverroes.juntadeandalucia.es\/pre\/ceip\/?page_id=77"},"modified":"2021-11-16T16:57:40","modified_gmt":"2021-11-16T16:57:40","slug":"secretaria","status":"publish","type":"page","link":"https:\/\/blogsaverroes.juntadeandalucia.es\/ceiplasalhomas\/secretaria\/","title":{"rendered":"Claustro 2021-2022"},"content":{"rendered":"<p>El Claustro de maestros y maestras lo componen:<\/p>\n<table style=\"border-color: #000000\" width=\"672\">\n<tbody>\n<tr>\n<td width=\"344\"><strong>Maestro\/a<\/strong><\/td>\n<td width=\"328\"><strong>Especialidad<\/strong><\/td>\n<\/tr>\n<tr>\n<td>Rosario G\u00f3mez Maroto<\/td>\n<td>Idioma Extranjero-Franc\u00e9s (Secundaria)<\/td>\n<\/tr>\n<tr>\n<td>Antonio Gonz\u00e1lez Santiago<\/td>\n<td>Educaci\u00f3n F\u00edsica (Secundaria)<\/td>\n<\/tr>\n<tr>\n<td>Ignacio Rodr\u00edguez Navarrete<\/td>\n<td>Educaci\u00f3n Primaria\/ Educaci\u00f3n F\u00edsica<\/td>\n<\/tr>\n<tr>\n<td>Oscar Granados Castellanos<\/td>\n<td>Idioma Extranjero-Ingl\u00e9s (Secundaria)<\/td>\n<\/tr>\n<tr>\n<td>Elisa Trejo Gallardo<\/td>\n<td>Idioma Extranjero-Franc\u00e9s (Primaria)<\/td>\n<\/tr>\n<tr>\n<td>Jos\u00e9 L\u00f3pez Rodr\u00edguez<\/td>\n<td>Educaci\u00f3n Infantil<\/td>\n<\/tr>\n<tr>\n<td>Mar\u00eda del Carmen Lozano Aguilar<\/td>\n<td>Educaci\u00f3n Primaria<\/td>\n<\/tr>\n<tr>\n<td>Mar\u00eda Jos\u00e9 Mart\u00edn P\u00e9rez<\/td>\n<td>Educaci\u00f3n Infantil<\/td>\n<\/tr>\n<tr>\n<td>Matilde Gonz\u00e1lez Castro<\/td>\n<td>Educaci\u00f3n Primaria<\/td>\n<\/tr>\n<tr>\n<td>Antonio Ram\u00edrez Fern\u00e1ndez<\/td>\n<td>M\u00fasica (Secundaria)<\/td>\n<\/tr>\n<tr>\n<td>Rodrigo Moreno Jim\u00e9nez<\/td>\n<td>Educaci\u00f3n Primaria<\/td>\n<\/tr>\n<tr>\n<td>Fernando Toledo Can\u00f3nigo<\/td>\n<td>Lengua Extranjera-Ingl\u00e9s (Primaria)<\/td>\n<\/tr>\n<tr>\n<td>Luc\u00eda Mu\u00f1oz Huertas<\/td>\n<td>Educaci\u00f3n Primaria<\/td>\n<\/tr>\n<tr>\n<td>Mar\u00eda Medina Garc\u00eda<\/td>\n<td>Educaci\u00f3n Secundaria<\/td>\n<\/tr>\n<tr>\n<td>Maria Jes\u00fas Hidalgo Alonso<\/td>\n<td>Educaci\u00f3n Infantil<\/td>\n<\/tr>\n<tr>\n<td>Nicol\u00e1s Linares Dur\u00e1n<\/td>\n<td>Educaci\u00f3n Secundaria\/Coordinador COVID<\/td>\n<\/tr>\n<tr>\n<td>Miguel Fern\u00e1ndez Molina<\/td>\n<td>Lengua Extranjera-Ingl\u00e9s (Primaria)<\/td>\n<\/tr>\n<tr>\n<td>Pilar Rodr\u00edguez S\u00e1nchez<\/td>\n<td>Educaci\u00f3n Infantil<\/td>\n<\/tr>\n<tr>\n<td>Herminia Caballero \u00c1vila<\/td>\n<td>Religi\u00f3n Infantil-Primaria<\/td>\n<\/tr>\n<tr>\n<td>Olivia Montero Jim\u00e9nez<\/td>\n<td>Audici\u00f3n y Lenguaje<\/td>\n<\/tr>\n<tr>\n<td>Inmaculada de la Rosa Herrera<\/td>\n<td>Pedagog\u00eda Terap\u00e9utica<\/td>\n<\/tr>\n<tr>\n<td>\u00c1ngela Morales L\u00f3pez<\/td>\n<td>Educaci\u00f3n Primaria<\/td>\n<\/tr>\n<tr>\n<td>Rosa Bravo Avil\u00e9s<\/td>\n<td>Educaci\u00f3n Primaria<\/td>\n<\/tr>\n<tr>\n<td>Soledad Urquiza Sierra<\/td>\n<td>Educaci\u00f3n Secundaria<\/td>\n<\/tr>\n<tr>\n<td>Eduardo Vel\u00e1zquez D\u00edaz<\/td>\n<td>Educaci\u00f3n Secundaria<\/td>\n<\/tr>\n<\/tbody>\n<\/table>\n<p>Coordinadores\/as de Ciclo:<\/p>\n<table width=\"672\">\n<tbody>\n<tr>\n<td width=\"344\"><strong>Maestro\/a<\/strong><\/td>\n<td width=\"328\"><strong>Ciclo<\/strong><\/td>\n<\/tr>\n<tr>\n<td>Jos\u00e9 L\u00f3pez Rodr\u00edguez<\/td>\n<td>Coord. Ciclo Educaci\u00f3n Infantil<\/td>\n<\/tr>\n<tr>\n<td>\u00c1ngela Morales L\u00f3pez<\/td>\n<td>Coord. Primer Ciclo Primaria<\/td>\n<\/tr>\n<tr>\n<td>Luc\u00eda Mu\u00f1oz Huertas<\/td>\n<td>Coord. Segundo Ciclo Primaria<\/td>\n<\/tr>\n<tr>\n<td>Elisa Trejo Gallardo<\/td>\n<td>Coord. Tercer Ciclo Primaria<\/td>\n<\/tr>\n<tr>\n<td>Antonio Ram\u00edrez Fern\u00e1ndez<\/td>\n<td>Coord. Primer Ciclo ESO<\/td>\n<\/tr>\n<\/tbody>\n<\/table>\n","protected":false},"excerpt":{"rendered":"<p>El Claustro de maestros y maestras lo componen: Maestro\/a Especialidad Rosario G\u00f3mez Maroto Idioma Extranjero-Franc\u00e9s (Secundaria) Antonio Gonz\u00e1lez Santiago Educaci\u00f3n F\u00edsica (Secundaria) Ignacio Rodr\u00edguez Navarrete Educaci\u00f3n Primaria\/ Educaci\u00f3n F\u00edsica Oscar Granados Castellanos Idioma Extranjero-Ingl\u00e9s&#46;&#46;&#46;<\/p>\n","protected":false},"author":1,"featured_media":0,"parent":0,"menu_order":0,"comment_status":"closed","ping_status":"open","template":"","meta":{"ngg_post_thumbnail":0,"footnotes":"","_mc_calendar":[]},"aioseo_notices":[],"_links":{"self":[{"href":"https:\/\/blogsaverroes.juntadeandalucia.es\/ceiplasalhomas\/wp-json\/wp\/v2\/pages\/77"}],"collection":[{"href":"https:\/\/blogsaverroes.juntadeandalucia.es\/ceiplasalhomas\/wp-json\/wp\/v2\/pages"}],"about":[{"href":"https:\/\/blogsaverroes.juntadeandalucia.es\/ceiplasalhomas\/wp-json\/wp\/v2\/types\/page"}],"author":[{"embeddable":true,"href":"https:\/\/blogsaverroes.juntadeandalucia.es\/ceiplasalhomas\/wp-json\/wp\/v2\/users\/1"}],"replies":[{"embeddable":true,"href":"https:\/\/blogsaverroes.juntadeandalucia.es\/ceiplasalhomas\/wp-json\/wp\/v2\/comments?post=77"}],"version-history":[{"count":8,"href":"https:\/\/blogsaverroes.juntadeandalucia.es\/ceiplasalhomas\/wp-json\/wp\/v2\/pages\/77\/revisions"}],"predecessor-version":[{"id":2683,"href":"https:\/\/blogsaverroes.juntadeandalucia.es\/ceiplasalhomas\/wp-json\/wp\/v2\/pages\/77\/revisions\/2683"}],"wp:attachment":[{"href":"https:\/\/blogsaverroes.juntadeandalucia.es\/ceiplasalhomas\/wp-json\/wp\/v2\/media?parent=77"}],"curies":[{"name":"wp","href":"https:\/\/api.w.org\/{rel}","templated":true}]}}