{"id":1163,"date":"2022-10-04T14:55:56","date_gmt":"2022-10-04T13:55:56","guid":{"rendered":"https:\/\/blogsaverroes.juntadeandalucia.es\/ceiplasflores\/?page_id=1163"},"modified":"2024-04-02T12:04:14","modified_gmt":"2024-04-02T11:04:14","slug":"datos-del-centro","status":"publish","type":"page","link":"https:\/\/blogsaverroes.juntadeandalucia.es\/ceiplasflores\/datos-del-centro\/","title":{"rendered":"Datos del centro"},"content":{"rendered":"<h4><em><strong>Horarios CEIP Las Flores:<\/strong><\/em><\/h4>\n<ul>\n<li>Secretar\u00eda:&nbsp; &nbsp; &nbsp; &nbsp; &nbsp; &nbsp; &nbsp; &nbsp; &nbsp;<strong>Lunes a Viernes de 09:00 a 13:30 horas (12:00 a 12:30 no se atiende)<\/strong><\/li>\n<li>Aula matinal:&nbsp; &nbsp; &nbsp; &nbsp; &nbsp; &nbsp; &nbsp; &nbsp; &nbsp; &nbsp; &nbsp; &nbsp; &nbsp; &nbsp; &nbsp; &nbsp;<strong>7:30 a 9:00 horas.<\/strong><\/li>\n<li>Entrada a clases:&nbsp; &nbsp; &nbsp; &nbsp; &nbsp; &nbsp; &nbsp; &nbsp; &nbsp; &nbsp; &nbsp; &nbsp; &nbsp;<strong>9:00 horas.<\/strong><\/li>\n<li>Recreo:&nbsp; &nbsp; &nbsp; &nbsp; &nbsp; &nbsp; &nbsp; &nbsp; &nbsp; &nbsp; &nbsp; &nbsp; &nbsp; &nbsp; &nbsp; &nbsp; &nbsp; &nbsp; &nbsp; &nbsp; &nbsp;1<strong>2:00 a 12:30 horas.<\/strong><\/li>\n<li>Salida de clases:&nbsp; &nbsp; &nbsp; &nbsp; &nbsp; &nbsp; &nbsp; &nbsp; &nbsp; &nbsp; &nbsp; &nbsp; &nbsp;<strong>14:00 horas.<\/strong><\/li>\n<li>Comedor:&nbsp; &nbsp; &nbsp; &nbsp; &nbsp; &nbsp; &nbsp; &nbsp; &nbsp; &nbsp; &nbsp; &nbsp; &nbsp; &nbsp; &nbsp; &nbsp; &nbsp; &nbsp; &nbsp;<strong>14:00 a 16:00 horas.<\/strong><\/li>\n<li>Actividades extra-escolares:&nbsp; &nbsp; &nbsp;<strong>16:00 a 18:00 horas.<\/strong><\/li>\n<li>Tutor\u00edas:&nbsp; &nbsp; &nbsp; &nbsp; &nbsp; &nbsp; &nbsp; &nbsp; &nbsp; &nbsp; &nbsp; &nbsp; &nbsp; &nbsp; &nbsp; &nbsp; &nbsp; &nbsp; &nbsp; &nbsp; <strong>Martes de 17:30 a 18:30 horas.&nbsp; &nbsp;&nbsp;<\/strong><\/li>\n<\/ul>\n<h4><em><strong>Oferta educativa<\/strong><\/em><\/h4>\n<ul>\n<li>Segundo ciclo de Educaci\u00f3n Infantil.<\/li>\n<li>Educaci\u00f3n Primaria.<\/li>\n<li>Educaci\u00f3n B\u00e1sica Especial (educaci\u00f3n especial apoyo a la integraci\u00f3n).<\/li>\n<li>Aulas Espec\u00edficas (TEA y Pluri deficientes)<\/li>\n<\/ul>\n<p>&nbsp;<\/p>\n<h4><strong><em>Instalaciones<\/em><\/strong><\/h4>\n<div class=\"ngg-galleryoverview\"><img loading=\"lazy\" decoding=\"async\" class=\"alignnone wp-image-1075\" src=\"https:\/\/blogsaverroes.juntadeandalucia.es\/ceiplasflores\/files\/2022\/09\/descarga-300x129.jpg\" alt=\"\" width=\"409\" height=\"176\"><\/div>\n","protected":false},"excerpt":{"rendered":"<p>Horarios CEIP Las Flores: Secretar\u00eda:&nbsp; &nbsp; &nbsp; &nbsp; &nbsp; &nbsp; &nbsp; &nbsp; &nbsp;Lunes a Viernes de 09:00 a 13:30 horas (12:00 a 12:30 no se atiende) Aula matinal:&nbsp; &nbsp; &nbsp; &nbsp; &nbsp; &nbsp; &nbsp; &nbsp; &nbsp; &nbsp; &nbsp; &nbsp; &nbsp; &nbsp; &nbsp; &nbsp;7:30 a 9:00 horas. Entrada a clases:&nbsp; &nbsp; &nbsp; &nbsp; &nbsp; &nbsp; &nbsp; [&hellip;]<\/p>\n","protected":false},"author":15736,"featured_media":0,"parent":0,"menu_order":0,"comment_status":"closed","ping_status":"closed","template":"","meta":{"_et_pb_use_builder":"","_et_pb_old_content":"","_et_gb_content_width":"","ngg_post_thumbnail":0,"footnotes":""},"aioseo_notices":[],"_links":{"self":[{"href":"https:\/\/blogsaverroes.juntadeandalucia.es\/ceiplasflores\/wp-json\/wp\/v2\/pages\/1163"}],"collection":[{"href":"https:\/\/blogsaverroes.juntadeandalucia.es\/ceiplasflores\/wp-json\/wp\/v2\/pages"}],"about":[{"href":"https:\/\/blogsaverroes.juntadeandalucia.es\/ceiplasflores\/wp-json\/wp\/v2\/types\/page"}],"author":[{"embeddable":true,"href":"https:\/\/blogsaverroes.juntadeandalucia.es\/ceiplasflores\/wp-json\/wp\/v2\/users\/15736"}],"replies":[{"embeddable":true,"href":"https:\/\/blogsaverroes.juntadeandalucia.es\/ceiplasflores\/wp-json\/wp\/v2\/comments?post=1163"}],"version-history":[{"count":6,"href":"https:\/\/blogsaverroes.juntadeandalucia.es\/ceiplasflores\/wp-json\/wp\/v2\/pages\/1163\/revisions"}],"predecessor-version":[{"id":2173,"href":"https:\/\/blogsaverroes.juntadeandalucia.es\/ceiplasflores\/wp-json\/wp\/v2\/pages\/1163\/revisions\/2173"}],"wp:attachment":[{"href":"https:\/\/blogsaverroes.juntadeandalucia.es\/ceiplasflores\/wp-json\/wp\/v2\/media?parent=1163"}],"curies":[{"name":"wp","href":"https:\/\/api.w.org\/{rel}","templated":true}]}}