{"id":1451,"date":"2022-10-17T19:14:06","date_gmt":"2022-10-17T18:14:06","guid":{"rendered":"https:\/\/blogsaverroes.juntadeandalucia.es\/ceiplasflores\/?page_id=1451"},"modified":"2024-04-30T12:24:02","modified_gmt":"2024-04-30T11:24:02","slug":"5o-primaria-2","status":"publish","type":"page","link":"https:\/\/blogsaverroes.juntadeandalucia.es\/ceiplasflores\/5o-primaria-2\/","title":{"rendered":"5\u00ba Primaria"},"content":{"rendered":"<p style=\"text-align: center\"><span style=\"font-size: 18pt\"><strong>Blog de 5\u00ba de Primaria CEIP Las Flores 2023-2024 <\/strong><\/span><\/p>\n<p style=\"text-align: center\">&nbsp;<\/p>\n<p style=\"text-align: center\"><span style=\"font-size: 18pt\"><strong>Blog de 5\u00ba de Primaria CEIP Las Flores 2022-2023 <\/strong><\/span><\/p>\n<h1 class=\"post-title entry-title\">TERTULIA DIAL\u00d3GICA<\/h1>\n<div class=\"clear\">&nbsp;<\/div>\n<div class=\"entry themeform\">\n<div class=\"entry-inner\">\n<p>Aqu\u00ed os dejo algunas im\u00e1genes de la Tertulia Dial\u00f3gica sobre la F\u00e1bula &nbsp;El Le\u00f3n y el Rat\u00f3n, de Samaniego.<\/p>\n<p>Mediante la tertulia dial\u00f3gica, experiencia, que como balance, ha resultado ser muy positiva, &nbsp;hemos podido introducir f\u00e1cilmente temas o reflexiones que se &nbsp;han ido derivando de la f\u00e1bula y que les han &nbsp;ayudado a entenderla.<\/p>\n<p>As\u00ed pues, mediante esta tertulia, adem\u00e1s de compartir interpretaciones y opiniones sobre el argumento de la f\u00e1bula, se han puesto en com\u00fan reflexiones sobre, por ejemplo, la justicia, generosidad, humildad, amistad, el bien y el mal, los derechos humanos, la historia, la violencia, el racismo\u2026 y otros aspectos tratados en la lectura.<\/p>\n<p>ASPECTOS POSITIVOS A DESTACAR EN LA EXPERIENCIA.<\/p>\n<ul>\n<li>Se han potenciado las habilidades lectoras de manera muy significativa mejorando la comprensi\u00f3n lectora, ampliando vocabulario, favoreciendo el discurso oral\u2026<\/li>\n<li>Se ha compartido el placer de la lectura, no estudi\u00e1ndola, sino ley\u00e9ndola.<\/li>\n<\/ul>\n<ul>\n<li>Se ha construido el conocimiento mediante valores como la solidaridad, el respeto, la convivencia, el hecho de compartir\u2026<\/li>\n<li>Se han incorporado nuevos puntos de vista a los propios.<\/li>\n<li>Ha generado autoconfianza y confianza en aprender m\u00e1s con un di\u00e1logo donde todos son iguales y todas las opiniones son v\u00e1lidas.<\/li>\n<\/ul>\n<ul>\n<li>Se ha generado una reflexi\u00f3n cr\u00edtica al contrastar los valores propios.<\/li>\n<\/ul>\n<p>&nbsp;Ha sido una experiencia importante y muy positiva que ha ayudado a estimular al grupo tanto a nivel individual como de forma colectiva.<\/p>\n<\/div>\n<\/div>\n<p><img loading=\"lazy\" decoding=\"async\" class=\"alignnone size-full wp-image-2216\" src=\"https:\/\/blogsaverroes.juntadeandalucia.es\/ceiplasflores\/files\/2024\/04\/IMG_6650-225x300-1.jpg\" alt=\"\" width=\"225\" height=\"300\"> <img loading=\"lazy\" decoding=\"async\" class=\"alignnone size-large wp-image-2217\" src=\"https:\/\/blogsaverroes.juntadeandalucia.es\/ceiplasflores\/files\/2024\/04\/IMG_6646-300x225-1.jpg\" alt=\"\" width=\"300\" height=\"225\"><\/p>\n<p>&nbsp;<\/p>\n<h1 class=\"post-title entry-title\">ACTIVIDAD DE ANIMACI\u00d3N PARA VISITAR NUESTRA BIBLIOTECA ESCOLAR<\/h1>\n<div class=\"clear\">&nbsp;<\/div>\n<div class=\"entry themeform\">\n<div class=\"entry-inner\">\n<p>Aqu\u00ed os dejo im\u00e1genes de dos alumnos de quinto curso que prepararon una actividad de ANIMACI\u00d3N A LA LECTURA, para invitar al resto de compa\u00f1eros y compa\u00f1eras del colegio a visitar nuestra BIBLIOTECA ESCOLAR.<br \/>\nNuestros alumnos, Abril y Javier, sorprendieron a todos los cursos del CEIP LAS FLORES, con la dramatizaci\u00f3n de un poema creado para la apertura de nuestra Biblioteca. Result\u00f3 ser una actividad muy divertida y motivadora para todos.<\/p>\n<\/div>\n<\/div>\n<p>&nbsp;<\/p>\n<p><img loading=\"lazy\" decoding=\"async\" class=\"alignnone size-full wp-image-2214\" src=\"https:\/\/blogsaverroes.juntadeandalucia.es\/ceiplasflores\/files\/2024\/04\/IMG_5039-300x225-1.jpg\" alt=\"\" width=\"300\" height=\"225\"> <img loading=\"lazy\" decoding=\"async\" class=\"alignnone size-large wp-image-2215\" src=\"https:\/\/blogsaverroes.juntadeandalucia.es\/ceiplasflores\/files\/2024\/04\/IMG_5080-300x225-1.jpg\" alt=\"\" width=\"300\" height=\"225\"><\/p>\n<p>&nbsp;<\/p>\n<h1 class=\"post-title entry-title\">TALLER DE EMOCIONES<\/h1>\n<div class=\"entry themeform\">\n<div class=\"entry-inner\">\n<p>BUENAS TARDES Y BIENVENIDOS A TODOS Y TODAS.<\/p>\n<p>Desde el blog de QUINTO CURSO queremos compartir im\u00e1genes de la bonita experiencia de GESTI\u00d3N DE EMOCIONES que VIVIMOS en este taller.<br \/>\nLo pasamos muy bien y adem\u00e1s vimos lo importante que es para nuestras vidas el c\u00f3mo afrontar nuestros miedos y aprender a conocer nuestras Emociones.<br \/>\nEsperamos volver a repetir de nuevo este tipo de actividad.<\/p>\n<p>Saludos.<\/p>\n<\/div>\n<\/div>\n<p><img loading=\"lazy\" decoding=\"async\" class=\"alignnone size-full wp-image-2212\" src=\"https:\/\/blogsaverroes.juntadeandalucia.es\/ceiplasflores\/files\/2024\/04\/IMG_5803-225x300-1.jpg\" alt=\"\" width=\"225\" height=\"300\"> <img loading=\"lazy\" decoding=\"async\" class=\"alignnone size-large wp-image-2213\" src=\"https:\/\/blogsaverroes.juntadeandalucia.es\/ceiplasflores\/files\/2024\/04\/IMG_5808-1-300x225-1.jpg\" alt=\"\" width=\"300\" height=\"225\"><\/p>\n<p>&nbsp;<\/p>\n<p>&nbsp;<\/p>\n","protected":false},"excerpt":{"rendered":"<p>Blog de 5\u00ba de Primaria CEIP Las Flores 2023-2024 &nbsp; Blog de 5\u00ba de Primaria CEIP Las Flores 2022-2023 TERTULIA DIAL\u00d3GICA &nbsp; Aqu\u00ed os dejo algunas im\u00e1genes de la Tertulia Dial\u00f3gica sobre la F\u00e1bula &nbsp;El Le\u00f3n y el Rat\u00f3n, de Samaniego. Mediante la tertulia dial\u00f3gica, experiencia, que como balance, ha resultado ser muy positiva, &nbsp;hemos [&hellip;]<\/p>\n","protected":false},"author":15736,"featured_media":0,"parent":0,"menu_order":0,"comment_status":"closed","ping_status":"closed","template":"","meta":{"_et_pb_use_builder":"","_et_pb_old_content":"","_et_gb_content_width":"","ngg_post_thumbnail":0,"footnotes":""},"aioseo_notices":[],"_links":{"self":[{"href":"https:\/\/blogsaverroes.juntadeandalucia.es\/ceiplasflores\/wp-json\/wp\/v2\/pages\/1451"}],"collection":[{"href":"https:\/\/blogsaverroes.juntadeandalucia.es\/ceiplasflores\/wp-json\/wp\/v2\/pages"}],"about":[{"href":"https:\/\/blogsaverroes.juntadeandalucia.es\/ceiplasflores\/wp-json\/wp\/v2\/types\/page"}],"author":[{"embeddable":true,"href":"https:\/\/blogsaverroes.juntadeandalucia.es\/ceiplasflores\/wp-json\/wp\/v2\/users\/15736"}],"replies":[{"embeddable":true,"href":"https:\/\/blogsaverroes.juntadeandalucia.es\/ceiplasflores\/wp-json\/wp\/v2\/comments?post=1451"}],"version-history":[{"count":6,"href":"https:\/\/blogsaverroes.juntadeandalucia.es\/ceiplasflores\/wp-json\/wp\/v2\/pages\/1451\/revisions"}],"predecessor-version":[{"id":2218,"href":"https:\/\/blogsaverroes.juntadeandalucia.es\/ceiplasflores\/wp-json\/wp\/v2\/pages\/1451\/revisions\/2218"}],"wp:attachment":[{"href":"https:\/\/blogsaverroes.juntadeandalucia.es\/ceiplasflores\/wp-json\/wp\/v2\/media?parent=1451"}],"curies":[{"name":"wp","href":"https:\/\/api.w.org\/{rel}","templated":true}]}}