{"id":3634,"date":"2017-09-15T19:51:29","date_gmt":"2017-09-15T19:51:29","guid":{"rendered":"https:\/\/blogsaverroes.juntadeandalucia.es\/ceiplaslomas\/?page_id=3634"},"modified":"2026-03-15T19:07:45","modified_gmt":"2026-03-15T19:07:45","slug":"inicio","status":"publish","type":"page","link":"https:\/\/blogsaverroes.juntadeandalucia.es\/ceiplaslomas\/","title":{"rendered":""},"content":{"rendered":"<p><a href=\"https:\/\/blogsaverroes.juntadeandalucia.es\/ceiplaslomas\/category\/novedades\/\"><img loading=\"lazy\" decoding=\"async\" class=\"wp-image-16041 size-medium aligncenter\" src=\"https:\/\/blogsaverroes.juntadeandalucia.es\/ceiplaslomas\/files\/2023\/04\/Doc1_page-0001-300x75.jpg\" alt=\"\" width=\"300\" height=\"75\" srcset=\"https:\/\/blogsaverroes.juntadeandalucia.es\/ceiplaslomas\/files\/2023\/04\/Doc1_page-0001-300x75.jpg 300w, https:\/\/blogsaverroes.juntadeandalucia.es\/ceiplaslomas\/files\/2023\/04\/Doc1_page-0001-768x191.jpg 768w, https:\/\/blogsaverroes.juntadeandalucia.es\/ceiplaslomas\/files\/2023\/04\/Doc1_page-0001.jpg 787w\" sizes=\"(max-width: 300px) 100vw, 300px\" \/><\/a><\/p>\n<p style=\"text-align: justify\"><a href=\"https:\/\/blogsaverroes.juntadeandalucia.es\/ceiplaslomas\/files\/2023\/03\/CARTEL-PUERTA-LAS-LOMAS-copia.jpg\"><img loading=\"lazy\" decoding=\"async\" class=\"wp-image-14926 size-large aligncenter\" src=\"https:\/\/blogsaverroes.juntadeandalucia.es\/ceiplaslomas\/files\/2023\/03\/CARTEL-PUERTA-LAS-LOMAS-copia-1024x263.jpg\" alt=\"\" width=\"1024\" height=\"263\" srcset=\"https:\/\/blogsaverroes.juntadeandalucia.es\/ceiplaslomas\/files\/2023\/03\/CARTEL-PUERTA-LAS-LOMAS-copia-1024x263.jpg 1024w, https:\/\/blogsaverroes.juntadeandalucia.es\/ceiplaslomas\/files\/2023\/03\/CARTEL-PUERTA-LAS-LOMAS-copia-300x77.jpg 300w, https:\/\/blogsaverroes.juntadeandalucia.es\/ceiplaslomas\/files\/2023\/03\/CARTEL-PUERTA-LAS-LOMAS-copia-768x197.jpg 768w, https:\/\/blogsaverroes.juntadeandalucia.es\/ceiplaslomas\/files\/2023\/03\/CARTEL-PUERTA-LAS-LOMAS-copia.jpg 1492w\" sizes=\"(max-width: 1024px) 100vw, 1024px\" \/><\/a>En nombre de la Comunidad Educativa del <strong><span style=\"color: #000080\">Colegio p\u00fablico de Educaci\u00f3n Infantil y Primaria LAS LOMAS<\/span> <\/strong>de Roquetas de Mar les damos la bienvenida a nuestra web.<\/p>\n<p style=\"text-align: justify\">Desde esta p\u00e1gina web podr\u00e1n conocer nuestro colegio y acceder a los distintos apartados como v\u00eda de comunicaci\u00f3n con toda la Comunidad Educativa.<\/p>\n<p style=\"text-align: justify\">Es nuestra intenci\u00f3n que sea un instrumento que nos permita a toda la Comunidad Educativa estar conectados, informados e integrados en nuestro centro, as\u00ed como para aquellas personas que deseen conocernos.<\/p>\n<p style=\"text-align: justify\">Esperamos que sea de utilidad y facilite un nuevo espacio de comunicaci\u00f3n e informaci\u00f3n.<\/p>\n<p style=\"text-align: justify\">Un cordial saludo&nbsp;<\/p>\n<p style=\"text-align: justify\">El Equipo Directivo<\/p>\n<hr>\n<p><strong><span style=\"color: #0000ff\">Bienvenidos al C.E.I.P. Las Lomas<\/span><\/strong><\/p>\n<p><iframe loading=\"lazy\" title=\"Bienvenidos al CEIP LAS LOMAS en Roquetas de Mar (Almer\u00eda)\" width=\"500\" height=\"281\" src=\"https:\/\/www.youtube.com\/embed\/ghGvTnR1hvU?feature=oembed&#038;wmode=opaque\" frameborder=\"0\" allow=\"accelerometer; autoplay; clipboard-write; encrypted-media; gyroscope; picture-in-picture; web-share\" referrerpolicy=\"strict-origin-when-cross-origin\" allowfullscreen><\/iframe><\/p>\n<p><strong>C.E.I.P. Las Lomas<\/strong><\/p>\n<p><strong>Plaza del Educador, 7 <\/strong><\/p>\n<p><strong>04740 Roquetas de Mar, Almer\u00eda<\/strong><\/p>\n<p><strong>Tel\u00e9fono: 950156772 &#8211; Fax: 950156773<\/strong><\/p>\n<p><strong>04003810.edu@juntadeandalucia.es<\/strong><\/p>\n<p><strong>\u21d2 Para <span style=\"text-decoration: underline\">Secretar\u00eda<\/span>: <span style=\"color: #0000ff\">secretariacolegiolaslomas@gmail.com<\/span><\/strong><\/p>\n<hr>\n<p style=\"text-align: justify\"><strong>Pueden suscribirse a nuestro canal y seguirnos en redes sociales pinchando sobre la imagen:<\/strong><\/p>\n<p><a href=\"https:\/\/www.youtube.com\/channel\/UCqHAA0OsLw9WOUNcDW3BSSg\" target=\"_blank\" rel=\"noopener noreferrer\"><img loading=\"lazy\" decoding=\"async\" class=\"alignnone wp-image-13935\" src=\"https:\/\/blogsaverroes.juntadeandalucia.es\/ceiplaslomas\/files\/2022\/11\/YouTube-logo-640x360-1-300x169.png\" alt=\"\" width=\"108\" height=\"61\" srcset=\"https:\/\/blogsaverroes.juntadeandalucia.es\/ceiplaslomas\/files\/2022\/11\/YouTube-logo-640x360-1-300x169.png 300w, https:\/\/blogsaverroes.juntadeandalucia.es\/ceiplaslomas\/files\/2022\/11\/YouTube-logo-640x360-1.png 640w\" sizes=\"(max-width: 108px) 100vw, 108px\" \/>&nbsp;&nbsp;&nbsp;&nbsp;&nbsp;&nbsp;&nbsp; <\/a><a href=\"https:\/\/www.instagram.com\/ceiplaslomasroquetasdemar\/\" target=\"_blank\" rel=\"noopener noreferrer\"><img loading=\"lazy\" decoding=\"async\" class=\"alignnone wp-image-16082 \" src=\"https:\/\/blogsaverroes.juntadeandalucia.es\/ceiplaslomas\/files\/2023\/05\/Doc1-300x128.jpg\" alt=\"\" width=\"143\" height=\"61\" srcset=\"https:\/\/blogsaverroes.juntadeandalucia.es\/ceiplaslomas\/files\/2023\/05\/Doc1-300x128.jpg 300w, https:\/\/blogsaverroes.juntadeandalucia.es\/ceiplaslomas\/files\/2023\/05\/Doc1.jpg 436w\" sizes=\"(max-width: 143px) 100vw, 143px\" \/><\/a><\/p>\n<hr>\n<p><a href=\"https:\/\/blogsaverroes.juntadeandalucia.es\/ceiplaslomas\/files\/2021\/05\/secretaria-y-administracion-slider_1-768x346-2.png\"><img loading=\"lazy\" decoding=\"async\" class=\"wp-image-10596 aligncenter\" src=\"https:\/\/blogsaverroes.juntadeandalucia.es\/ceiplaslomas\/files\/2021\/05\/secretaria-y-administracion-slider_1-768x346-2-300x131.png\" alt=\"\" width=\"321\" height=\"140\" srcset=\"https:\/\/blogsaverroes.juntadeandalucia.es\/ceiplaslomas\/files\/2021\/05\/secretaria-y-administracion-slider_1-768x346-2-300x131.png 300w, https:\/\/blogsaverroes.juntadeandalucia.es\/ceiplaslomas\/files\/2021\/05\/secretaria-y-administracion-slider_1-768x346-2.png 713w\" sizes=\"(max-width: 321px) 100vw, 321px\" \/><\/a><\/p>\n<p style=\"text-align: justify\"><strong><span style=\"color: #000000\">Horario de SECRETAR\u00cdA:<\/span><\/strong><\/p>\n<ul>\n<li style=\"text-align: justify\"><span style=\"color: #000000\">De lunes a viernes de <strong>09:15 a 10:45<\/strong> y de <strong>12:30 a 13:30<\/strong><\/span><\/li>\n<li>Tel\u00e9fono: 950156772<\/li>\n<\/ul>\n<p style=\"text-align: justify\"><span style=\"color: #000000\"><strong>Para temas administrativos como: problemas con el iPasen, solicitar certificados escolares\u2026pueden utilizar el correo electr\u00f3nico: <\/strong><\/span><\/p>\n<p style=\"text-align: justify\"><span style=\"color: #000000\"><strong><span style=\"color: #0000ff\">secretariacolegiolaslomas@gmail.com<\/span>&nbsp; <\/strong><\/span><\/p>\n<p style=\"text-align: justify\"><span style=\"color: #000000\"><strong>indicando:<\/strong><\/span><\/p>\n<ul>\n<li>Nombre y apellidos del padre, madre o tutor legal.<\/li>\n<li>Nombre y apellidos del alumno\/a y curso.<\/li>\n<li>Asunto.<\/li>\n<\/ul>\n<hr>\n<p style=\"text-align: center\"><span style=\"color: #0000ff\">\u21d2<\/span>&nbsp;<span style=\"color: #0000ff\"><strong><a style=\"color: #0000ff\" href=\"https:\/\/blogsaverroes.juntadeandalucia.es\/ceiplaslomas\/planes-y-proyectos\/\" target=\"_blank\" rel=\"noopener noreferrer\">Informaci\u00f3n<\/a><a style=\"color: #0000ff\" href=\"https:\/\/blogsaverroes.juntadeandalucia.es\/ceiplaslomas\/planes-y-proyectos\/\" target=\"_blank\" rel=\"noopener noreferrer\"> PLANES y PROGRAMAS EDUCATIVOS en el Centro<\/a><\/strong><\/span><\/p>\n<p style=\"text-align: center\"><a href=\"https:\/\/blogsaverroes.juntadeandalucia.es\/ceiplaslomas\/planes-y-proyectos\/\" target=\"_blank\" rel=\"noopener noreferrer\"><img loading=\"lazy\" decoding=\"async\" class=\"aligncenter\" src=\"https:\/\/blogsaverroes.juntadeandalucia.es\/ceiplaslomas\/files\/2020\/04\/planes-y-programas-300x122.png\" alt=\"PLANES Y PROGRAMAS\" width=\"401\" height=\"163\"><\/a><\/p>\n<p style=\"text-align: center\"><span style=\"color: #008000\"><strong>Aldea &#8211; l\u00ednea Huerto Escolar <\/strong><\/span><\/p>\n<p style=\"text-align: center\"><span style=\"color: #ff6600\"><strong>Promoci\u00f3n de h\u00e1bitos de vida saludable &#8211; Creciendo en Salud <\/strong><\/span><\/p>\n<p style=\"text-align: center\"><span style=\"color: #0000ff\"><strong>Biblioteca Escolar <\/strong><\/span><strong>&#8211; <\/strong><span style=\"color: #ff0000\"><strong>ComunicA <\/strong><\/span><strong>&#8211; <\/strong><span style=\"color: #800080\"><strong>Red Andaluza: \u00abEscuela Espacio de Paz\u00bb<\/strong><\/span><\/p>\n<p style=\"text-align: center\"><span style=\"color: #cc99ff\"><strong>Plan de igualdad de g\u00e9nero en educaci\u00f3n en Andaluc\u00eda<\/strong><\/span><\/p>\n<hr>\n<p style=\"text-align: center\"><span style=\"color: #0000ff\"><strong>\u21d2 Informaci\u00f3n <span style=\"color: #0000ff\"><a style=\"color: #0000ff\" href=\"https:\/\/blogsaverroes.juntadeandalucia.es\/ceiplaslomas\/programas-medioambientales\/\" target=\"_blank\" rel=\"noopener noreferrer\">COMPROMISO MEDIOAMBIENTAL<\/a><\/span><\/strong><\/span><\/p>\n<p><a href=\"https:\/\/blogsaverroes.juntadeandalucia.es\/ceiplaslomas\/programas-medioambientales\/\" target=\"_blank\" rel=\"noopener noreferrer\"><img loading=\"lazy\" decoding=\"async\" class=\"wp-image-10008 aligncenter\" src=\"https:\/\/blogsaverroes.juntadeandalucia.es\/ceiplaslomas\/files\/2021\/03\/compromiso-300x169.jpg\" alt=\"\" width=\"344\" height=\"194\" srcset=\"https:\/\/blogsaverroes.juntadeandalucia.es\/ceiplaslomas\/files\/2021\/03\/compromiso-300x169.jpg 300w, https:\/\/blogsaverroes.juntadeandalucia.es\/ceiplaslomas\/files\/2021\/03\/compromiso.jpg 650w\" sizes=\"(max-width: 344px) 100vw, 344px\" \/><\/a><\/p>\n<p style=\"text-align: center\"><strong><span style=\"color: #008000\">ALDEA (l\u00ednea huerto escolar)<\/span> &#8211; <span style=\"color: #ff0000\">EL JARD\u00cdN DE JUANITA<\/span> &#8211; <span style=\"color: #0000ff\">INVESCLIMA<\/span>&nbsp;<\/strong><\/p>\n<hr>\n<p style=\"text-align: center\"><span style=\"color: #0000ff\">\u21d2 <strong><a style=\"color: #0000ff\" href=\"https:\/\/blogsaverroes.juntadeandalucia.es\/ceiplaslomas\/blogs-del-centro\/\" target=\"_blank\" rel=\"noopener noreferrer\">Informaci\u00f3n<\/a><a style=\"color: #0000ff\" href=\"https:\/\/blogsaverroes.juntadeandalucia.es\/ceiplaslomas\/blogs-del-centro\/\" target=\"_blank\" rel=\"noopener noreferrer\"> BLOGS del Centro:<\/a><\/strong><\/span><\/p>\n<p><a href=\"https:\/\/blogsaverroes.juntadeandalucia.es\/ceiplaslomas\/blogs-del-centro\/\"><img loading=\"lazy\" decoding=\"async\" class=\"aligncenter wp-image-18400 size-full\" src=\"https:\/\/blogsaverroes.juntadeandalucia.es\/ceiplaslomas\/files\/2024\/06\/blog-300x128-1-1.png\" alt=\"\" width=\"300\" height=\"128\"><\/a><\/p>\n<hr>\n<p><a href=\"https:\/\/blogsaverroes.juntadeandalucia.es\/ceiplaslomas\/files\/2022\/04\/5.Logopanor\u00e1mica-cabecera-e1612272340163-300x116-1.png\"><img loading=\"lazy\" decoding=\"async\" class=\"wp-image-12816 size-full aligncenter\" src=\"https:\/\/blogsaverroes.juntadeandalucia.es\/ceiplaslomas\/files\/2022\/04\/5.Logopanor\u00e1mica-cabecera-e1612272340163-300x116-1.png\" alt=\"\" width=\"300\" height=\"116\"><\/a><\/p>\n<p style=\"text-align: center\"><strong><a href=\"https:\/\/blogsaverroes.juntadeandalucia.es\/ceiplaslomas\/50-aniversario\/\" target=\"_blank\" rel=\"noopener noreferrer\"><span style=\"color: #0000ff\">\u21d2 Informaci\u00f3n \u00ab50 ANIVERSARIO\u00bb<\/span><\/a><\/strong><\/p>\n\n\t\t<style>\n\t\t\t#gallery-1 {\n\t\t\t\tmargin: auto;\n\t\t\t}\n\t\t\t#gallery-1 .gallery-item {\n\t\t\t\tfloat: left;\n\t\t\t\tmargin-top: 10px;\n\t\t\t\ttext-align: center;\n\t\t\t\twidth: 50%;\n\t\t\t}\n\t\t\t#gallery-1 img {\n\t\t\t\tborder: 2px solid #cfcfcf;\n\t\t\t}\n\t\t\t#gallery-1 .gallery-caption {\n\t\t\t\tmargin-left: 0;\n\t\t\t}\n\t\t\t\/* see gallery_shortcode() in wp-includes\/media.php *\/\n\t\t<\/style>\n\t\t<div id='gallery-1' class='gallery galleryid-3634 gallery-columns-2 gallery-size-full'><dl class='gallery-item'>\n\t\t\t<dt class='gallery-icon landscape'>\n\t\t\t\t<a href='https:\/\/blogsaverroes.juntadeandalucia.es\/ceiplaslomas\/inicio\/20220926_102629\/'><img loading=\"lazy\" decoding=\"async\" width=\"1600\" height=\"1269\" src=\"https:\/\/blogsaverroes.juntadeandalucia.es\/ceiplaslomas\/files\/2022\/09\/20220926_102629-scaled.jpg\" class=\"attachment-full size-full\" alt=\"\" srcset=\"https:\/\/blogsaverroes.juntadeandalucia.es\/ceiplaslomas\/files\/2022\/09\/20220926_102629-scaled.jpg 1600w, https:\/\/blogsaverroes.juntadeandalucia.es\/ceiplaslomas\/files\/2022\/09\/20220926_102629-300x238.jpg 300w, https:\/\/blogsaverroes.juntadeandalucia.es\/ceiplaslomas\/files\/2022\/09\/20220926_102629-1024x812.jpg 1024w, https:\/\/blogsaverroes.juntadeandalucia.es\/ceiplaslomas\/files\/2022\/09\/20220926_102629-768x609.jpg 768w, https:\/\/blogsaverroes.juntadeandalucia.es\/ceiplaslomas\/files\/2022\/09\/20220926_102629-1536x1218.jpg 1536w, https:\/\/blogsaverroes.juntadeandalucia.es\/ceiplaslomas\/files\/2022\/09\/20220926_102629-2048x1624.jpg 2048w\" sizes=\"(max-width: 1600px) 100vw, 1600px\" \/><\/a>\n\t\t\t<\/dt><\/dl><dl class='gallery-item'>\n\t\t\t<dt class='gallery-icon landscape'>\n\t\t\t\t<a href='https:\/\/blogsaverroes.juntadeandalucia.es\/ceiplaslomas\/inicio\/placa-marmol-300x179\/'><img loading=\"lazy\" decoding=\"async\" width=\"300\" height=\"179\" src=\"https:\/\/blogsaverroes.juntadeandalucia.es\/ceiplaslomas\/files\/2022\/04\/PLACA-M\u00c1RMOL-300x179-1.jpeg\" class=\"attachment-full size-full\" alt=\"\" \/><\/a>\n\t\t\t<\/dt><\/dl><br style=\"clear: both\" \/>\n\t\t<\/div>\n\n<p style=\"text-align: center\">&nbsp;<\/p>\n<div dir=\"ltr\">\n<hr>\n<div dir=\"ltr\" style=\"text-align: justify\">&nbsp;<\/div>\n<\/div>\n<p><a href=\"https:\/\/blogsaverroes.juntadeandalucia.es\/ceiplaslomas\/files\/2022\/03\/Banner-tres-logos2-1024x173-2.jpg\"><img loading=\"lazy\" decoding=\"async\" class=\"aligncenter wp-image-12766 size-full\" src=\"https:\/\/blogsaverroes.juntadeandalucia.es\/ceiplaslomas\/files\/2022\/03\/Banner-tres-logos2-1024x173-2.jpg\" alt=\"\" width=\"1024\" height=\"173\" srcset=\"https:\/\/blogsaverroes.juntadeandalucia.es\/ceiplaslomas\/files\/2022\/03\/Banner-tres-logos2-1024x173-2.jpg 1024w, https:\/\/blogsaverroes.juntadeandalucia.es\/ceiplaslomas\/files\/2022\/03\/Banner-tres-logos2-1024x173-2-300x51.jpg 300w, https:\/\/blogsaverroes.juntadeandalucia.es\/ceiplaslomas\/files\/2022\/03\/Banner-tres-logos2-1024x173-2-768x130.jpg 768w\" sizes=\"(max-width: 1024px) 100vw, 1024px\" \/><\/a><\/p>\n<p>&nbsp;<\/p>\n\n\t\t<style>\n\t\t\t#gallery-2 {\n\t\t\t\tmargin: auto;\n\t\t\t}\n\t\t\t#gallery-2 .gallery-item {\n\t\t\t\tfloat: left;\n\t\t\t\tmargin-top: 10px;\n\t\t\t\ttext-align: center;\n\t\t\t\twidth: 50%;\n\t\t\t}\n\t\t\t#gallery-2 img {\n\t\t\t\tborder: 2px solid #cfcfcf;\n\t\t\t}\n\t\t\t#gallery-2 .gallery-caption {\n\t\t\t\tmargin-left: 0;\n\t\t\t}\n\t\t\t\/* see gallery_shortcode() in wp-includes\/media.php *\/\n\t\t<\/style>\n\t\t<div id='gallery-2' class='gallery galleryid-3634 gallery-columns-2 gallery-size-full'><dl class='gallery-item'>\n\t\t\t<dt class='gallery-icon landscape'>\n\t\t\t\t<a href='https:\/\/blogsaverroes.juntadeandalucia.es\/ceiplaslomas\/inicio\/attachment\/1\/'><img loading=\"lazy\" decoding=\"async\" width=\"300\" height=\"225\" src=\"https:\/\/blogsaverroes.juntadeandalucia.es\/ceiplaslomas\/files\/2019\/11\/1.jpg\" class=\"attachment-full size-full\" alt=\"\" srcset=\"https:\/\/blogsaverroes.juntadeandalucia.es\/ceiplaslomas\/files\/2019\/11\/1.jpg 300w, https:\/\/blogsaverroes.juntadeandalucia.es\/ceiplaslomas\/files\/2019\/11\/1-24x18.jpg 24w, https:\/\/blogsaverroes.juntadeandalucia.es\/ceiplaslomas\/files\/2019\/11\/1-36x27.jpg 36w, https:\/\/blogsaverroes.juntadeandalucia.es\/ceiplaslomas\/files\/2019\/11\/1-48x36.jpg 48w\" sizes=\"(max-width: 300px) 100vw, 300px\" \/><\/a>\n\t\t\t<\/dt><\/dl><dl class='gallery-item'>\n\t\t\t<dt class='gallery-icon landscape'>\n\t\t\t\t<a href='https:\/\/blogsaverroes.juntadeandalucia.es\/ceiplaslomas\/inicio\/attachment\/2\/'><img loading=\"lazy\" decoding=\"async\" width=\"300\" height=\"219\" src=\"https:\/\/blogsaverroes.juntadeandalucia.es\/ceiplaslomas\/files\/2019\/11\/2.jpg\" class=\"attachment-full size-full\" alt=\"\" srcset=\"https:\/\/blogsaverroes.juntadeandalucia.es\/ceiplaslomas\/files\/2019\/11\/2.jpg 300w, https:\/\/blogsaverroes.juntadeandalucia.es\/ceiplaslomas\/files\/2019\/11\/2-24x18.jpg 24w, https:\/\/blogsaverroes.juntadeandalucia.es\/ceiplaslomas\/files\/2019\/11\/2-36x26.jpg 36w, https:\/\/blogsaverroes.juntadeandalucia.es\/ceiplaslomas\/files\/2019\/11\/2-48x35.jpg 48w\" sizes=\"(max-width: 300px) 100vw, 300px\" \/><\/a>\n\t\t\t<\/dt><\/dl><br style=\"clear: both\" \/><dl class='gallery-item'>\n\t\t\t<dt class='gallery-icon landscape'>\n\t\t\t\t<a href='https:\/\/blogsaverroes.juntadeandalucia.es\/ceiplaslomas\/inicio\/attachment\/3\/'><img loading=\"lazy\" decoding=\"async\" width=\"300\" height=\"225\" src=\"https:\/\/blogsaverroes.juntadeandalucia.es\/ceiplaslomas\/files\/2019\/11\/3.jpg\" class=\"attachment-full size-full\" alt=\"\" srcset=\"https:\/\/blogsaverroes.juntadeandalucia.es\/ceiplaslomas\/files\/2019\/11\/3.jpg 300w, https:\/\/blogsaverroes.juntadeandalucia.es\/ceiplaslomas\/files\/2019\/11\/3-24x18.jpg 24w, https:\/\/blogsaverroes.juntadeandalucia.es\/ceiplaslomas\/files\/2019\/11\/3-36x27.jpg 36w, https:\/\/blogsaverroes.juntadeandalucia.es\/ceiplaslomas\/files\/2019\/11\/3-48x36.jpg 48w\" sizes=\"(max-width: 300px) 100vw, 300px\" \/><\/a>\n\t\t\t<\/dt><\/dl><dl class='gallery-item'>\n\t\t\t<dt class='gallery-icon landscape'>\n\t\t\t\t<a href='https:\/\/blogsaverroes.juntadeandalucia.es\/ceiplaslomas\/inicio\/attachment\/4\/'><img loading=\"lazy\" decoding=\"async\" width=\"300\" height=\"225\" src=\"https:\/\/blogsaverroes.juntadeandalucia.es\/ceiplaslomas\/files\/2019\/11\/4.jpg\" class=\"attachment-full size-full\" alt=\"\" srcset=\"https:\/\/blogsaverroes.juntadeandalucia.es\/ceiplaslomas\/files\/2019\/11\/4.jpg 300w, https:\/\/blogsaverroes.juntadeandalucia.es\/ceiplaslomas\/files\/2019\/11\/4-24x18.jpg 24w, https:\/\/blogsaverroes.juntadeandalucia.es\/ceiplaslomas\/files\/2019\/11\/4-36x27.jpg 36w, https:\/\/blogsaverroes.juntadeandalucia.es\/ceiplaslomas\/files\/2019\/11\/4-48x36.jpg 48w\" sizes=\"(max-width: 300px) 100vw, 300px\" \/><\/a>\n\t\t\t<\/dt><\/dl><br style=\"clear: both\" \/><dl class='gallery-item'>\n\t\t\t<dt class='gallery-icon landscape'>\n\t\t\t\t<a href='https:\/\/blogsaverroes.juntadeandalucia.es\/ceiplaslomas\/inicio\/attachment\/5\/'><img loading=\"lazy\" decoding=\"async\" width=\"300\" height=\"201\" src=\"https:\/\/blogsaverroes.juntadeandalucia.es\/ceiplaslomas\/files\/2019\/11\/5.jpg\" class=\"attachment-full size-full\" alt=\"\" srcset=\"https:\/\/blogsaverroes.juntadeandalucia.es\/ceiplaslomas\/files\/2019\/11\/5.jpg 300w, https:\/\/blogsaverroes.juntadeandalucia.es\/ceiplaslomas\/files\/2019\/11\/5-24x16.jpg 24w, https:\/\/blogsaverroes.juntadeandalucia.es\/ceiplaslomas\/files\/2019\/11\/5-36x24.jpg 36w, https:\/\/blogsaverroes.juntadeandalucia.es\/ceiplaslomas\/files\/2019\/11\/5-48x32.jpg 48w\" sizes=\"(max-width: 300px) 100vw, 300px\" \/><\/a>\n\t\t\t<\/dt><\/dl><dl class='gallery-item'>\n\t\t\t<dt class='gallery-icon landscape'>\n\t\t\t\t<a href='https:\/\/blogsaverroes.juntadeandalucia.es\/ceiplaslomas\/inicio\/attachment\/6\/'><img loading=\"lazy\" decoding=\"async\" width=\"300\" height=\"196\" src=\"https:\/\/blogsaverroes.juntadeandalucia.es\/ceiplaslomas\/files\/2019\/11\/6.jpg\" class=\"attachment-full size-full\" alt=\"\" srcset=\"https:\/\/blogsaverroes.juntadeandalucia.es\/ceiplaslomas\/files\/2019\/11\/6.jpg 300w, https:\/\/blogsaverroes.juntadeandalucia.es\/ceiplaslomas\/files\/2019\/11\/6-24x16.jpg 24w, https:\/\/blogsaverroes.juntadeandalucia.es\/ceiplaslomas\/files\/2019\/11\/6-36x24.jpg 36w, https:\/\/blogsaverroes.juntadeandalucia.es\/ceiplaslomas\/files\/2019\/11\/6-48x31.jpg 48w\" sizes=\"(max-width: 300px) 100vw, 300px\" \/><\/a>\n\t\t\t<\/dt><\/dl><br style=\"clear: both\" \/>\n\t\t<\/div>\n\n\n\t\t<style>\n\t\t\t#gallery-3 {\n\t\t\t\tmargin: auto;\n\t\t\t}\n\t\t\t#gallery-3 .gallery-item {\n\t\t\t\tfloat: left;\n\t\t\t\tmargin-top: 10px;\n\t\t\t\ttext-align: center;\n\t\t\t\twidth: 33%;\n\t\t\t}\n\t\t\t#gallery-3 img {\n\t\t\t\tborder: 2px solid #cfcfcf;\n\t\t\t}\n\t\t\t#gallery-3 .gallery-caption {\n\t\t\t\tmargin-left: 0;\n\t\t\t}\n\t\t\t\/* see gallery_shortcode() in wp-includes\/media.php *\/\n\t\t<\/style>\n\t\t<div id='gallery-3' class='gallery galleryid-3634 gallery-columns-3 gallery-size-full'><dl class='gallery-item'>\n\t\t\t<dt class='gallery-icon landscape'>\n\t\t\t\t<a href='https:\/\/blogsaverroes.juntadeandalucia.es\/ceiplaslomas\/inicio\/screenshot_20220205-185738_samsung-internet\/'><img loading=\"lazy\" decoding=\"async\" width=\"1080\" height=\"542\" src=\"https:\/\/blogsaverroes.juntadeandalucia.es\/ceiplaslomas\/files\/2022\/02\/Screenshot_20220205-185738_Samsung-Internet.jpg\" class=\"attachment-full size-full\" alt=\"\" srcset=\"https:\/\/blogsaverroes.juntadeandalucia.es\/ceiplaslomas\/files\/2022\/02\/Screenshot_20220205-185738_Samsung-Internet.jpg 1080w, https:\/\/blogsaverroes.juntadeandalucia.es\/ceiplaslomas\/files\/2022\/02\/Screenshot_20220205-185738_Samsung-Internet-300x151.jpg 300w, https:\/\/blogsaverroes.juntadeandalucia.es\/ceiplaslomas\/files\/2022\/02\/Screenshot_20220205-185738_Samsung-Internet-1024x514.jpg 1024w, https:\/\/blogsaverroes.juntadeandalucia.es\/ceiplaslomas\/files\/2022\/02\/Screenshot_20220205-185738_Samsung-Internet-768x385.jpg 768w\" sizes=\"(max-width: 1080px) 100vw, 1080px\" \/><\/a>\n\t\t\t<\/dt><\/dl><dl class='gallery-item'>\n\t\t\t<dt class='gallery-icon landscape'>\n\t\t\t\t<a href='https:\/\/blogsaverroes.juntadeandalucia.es\/ceiplaslomas\/inicio\/screenshot_20220205-185820_samsung-internet\/'><img loading=\"lazy\" decoding=\"async\" width=\"866\" height=\"569\" src=\"https:\/\/blogsaverroes.juntadeandalucia.es\/ceiplaslomas\/files\/2022\/02\/Screenshot_20220205-185820_Samsung-Internet.jpg\" class=\"attachment-full size-full\" alt=\"\" srcset=\"https:\/\/blogsaverroes.juntadeandalucia.es\/ceiplaslomas\/files\/2022\/02\/Screenshot_20220205-185820_Samsung-Internet.jpg 866w, https:\/\/blogsaverroes.juntadeandalucia.es\/ceiplaslomas\/files\/2022\/02\/Screenshot_20220205-185820_Samsung-Internet-300x197.jpg 300w, https:\/\/blogsaverroes.juntadeandalucia.es\/ceiplaslomas\/files\/2022\/02\/Screenshot_20220205-185820_Samsung-Internet-768x505.jpg 768w\" sizes=\"(max-width: 866px) 100vw, 866px\" \/><\/a>\n\t\t\t<\/dt><\/dl><dl class='gallery-item'>\n\t\t\t<dt class='gallery-icon landscape'>\n\t\t\t\t<a href='https:\/\/blogsaverroes.juntadeandalucia.es\/ceiplaslomas\/inicio\/screenshot_20220205-185758_samsung-internet\/'><img loading=\"lazy\" decoding=\"async\" width=\"1029\" height=\"560\" src=\"https:\/\/blogsaverroes.juntadeandalucia.es\/ceiplaslomas\/files\/2022\/02\/Screenshot_20220205-185758_Samsung-Internet.jpg\" class=\"attachment-full size-full\" alt=\"\" srcset=\"https:\/\/blogsaverroes.juntadeandalucia.es\/ceiplaslomas\/files\/2022\/02\/Screenshot_20220205-185758_Samsung-Internet.jpg 1029w, https:\/\/blogsaverroes.juntadeandalucia.es\/ceiplaslomas\/files\/2022\/02\/Screenshot_20220205-185758_Samsung-Internet-300x163.jpg 300w, https:\/\/blogsaverroes.juntadeandalucia.es\/ceiplaslomas\/files\/2022\/02\/Screenshot_20220205-185758_Samsung-Internet-1024x557.jpg 1024w, https:\/\/blogsaverroes.juntadeandalucia.es\/ceiplaslomas\/files\/2022\/02\/Screenshot_20220205-185758_Samsung-Internet-768x418.jpg 768w\" sizes=\"(max-width: 1029px) 100vw, 1029px\" \/><\/a>\n\t\t\t<\/dt><\/dl><br style=\"clear: both\" \/>\n\t\t<\/div>\n\n\n\t\t<style>\n\t\t\t#gallery-4 {\n\t\t\t\tmargin: auto;\n\t\t\t}\n\t\t\t#gallery-4 .gallery-item {\n\t\t\t\tfloat: left;\n\t\t\t\tmargin-top: 10px;\n\t\t\t\ttext-align: center;\n\t\t\t\twidth: 33%;\n\t\t\t}\n\t\t\t#gallery-4 img {\n\t\t\t\tborder: 2px solid #cfcfcf;\n\t\t\t}\n\t\t\t#gallery-4 .gallery-caption {\n\t\t\t\tmargin-left: 0;\n\t\t\t}\n\t\t\t\/* see gallery_shortcode() in wp-includes\/media.php *\/\n\t\t<\/style>\n\t\t<div id='gallery-4' class='gallery galleryid-3634 gallery-columns-3 gallery-size-full'><dl class='gallery-item'>\n\t\t\t<dt class='gallery-icon landscape'>\n\t\t\t\t<a href='https:\/\/blogsaverroes.juntadeandalucia.es\/ceiplaslomas\/inicio\/attachment\/1644963849171\/'><img loading=\"lazy\" decoding=\"async\" width=\"768\" height=\"576\" src=\"https:\/\/blogsaverroes.juntadeandalucia.es\/ceiplaslomas\/files\/2022\/02\/1644963849171.jpg\" class=\"attachment-full size-full\" alt=\"\" srcset=\"https:\/\/blogsaverroes.juntadeandalucia.es\/ceiplaslomas\/files\/2022\/02\/1644963849171.jpg 768w, https:\/\/blogsaverroes.juntadeandalucia.es\/ceiplaslomas\/files\/2022\/02\/1644963849171-300x225.jpg 300w\" sizes=\"(max-width: 768px) 100vw, 768px\" \/><\/a>\n\t\t\t<\/dt><\/dl><dl class='gallery-item'>\n\t\t\t<dt class='gallery-icon landscape'>\n\t\t\t\t<a href='https:\/\/blogsaverroes.juntadeandalucia.es\/ceiplaslomas\/inicio\/attachment\/1644964080684\/'><img loading=\"lazy\" decoding=\"async\" width=\"720\" height=\"340\" src=\"https:\/\/blogsaverroes.juntadeandalucia.es\/ceiplaslomas\/files\/2022\/02\/1644964080684.jpg\" class=\"attachment-full size-full\" alt=\"\" srcset=\"https:\/\/blogsaverroes.juntadeandalucia.es\/ceiplaslomas\/files\/2022\/02\/1644964080684.jpg 720w, https:\/\/blogsaverroes.juntadeandalucia.es\/ceiplaslomas\/files\/2022\/02\/1644964080684-300x142.jpg 300w, https:\/\/blogsaverroes.juntadeandalucia.es\/ceiplaslomas\/files\/2022\/02\/1644964080684-520x245.jpg 520w\" sizes=\"(max-width: 720px) 100vw, 720px\" \/><\/a>\n\t\t\t<\/dt><\/dl><dl class='gallery-item'>\n\t\t\t<dt class='gallery-icon landscape'>\n\t\t\t\t<a href='https:\/\/blogsaverroes.juntadeandalucia.es\/ceiplaslomas\/inicio\/attachment\/1644963876628\/'><img loading=\"lazy\" decoding=\"async\" width=\"768\" height=\"576\" src=\"https:\/\/blogsaverroes.juntadeandalucia.es\/ceiplaslomas\/files\/2022\/02\/1644963876628.jpg\" class=\"attachment-full size-full\" alt=\"\" srcset=\"https:\/\/blogsaverroes.juntadeandalucia.es\/ceiplaslomas\/files\/2022\/02\/1644963876628.jpg 768w, https:\/\/blogsaverroes.juntadeandalucia.es\/ceiplaslomas\/files\/2022\/02\/1644963876628-300x225.jpg 300w\" sizes=\"(max-width: 768px) 100vw, 768px\" \/><\/a>\n\t\t\t<\/dt><\/dl><br style=\"clear: both\" \/>\n\t\t<\/div>\n\n\n\t\t<style>\n\t\t\t#gallery-5 {\n\t\t\t\tmargin: auto;\n\t\t\t}\n\t\t\t#gallery-5 .gallery-item {\n\t\t\t\tfloat: left;\n\t\t\t\tmargin-top: 10px;\n\t\t\t\ttext-align: center;\n\t\t\t\twidth: 50%;\n\t\t\t}\n\t\t\t#gallery-5 img {\n\t\t\t\tborder: 2px solid #cfcfcf;\n\t\t\t}\n\t\t\t#gallery-5 .gallery-caption {\n\t\t\t\tmargin-left: 0;\n\t\t\t}\n\t\t\t\/* see gallery_shortcode() in wp-includes\/media.php *\/\n\t\t<\/style>\n\t\t<div id='gallery-5' class='gallery galleryid-3634 gallery-columns-2 gallery-size-large'><dl class='gallery-item'>\n\t\t\t<dt class='gallery-icon landscape'>\n\t\t\t\t<a href='https:\/\/blogsaverroes.juntadeandalucia.es\/ceiplaslomas\/el-centro-2\/20220922_081200\/'><img loading=\"lazy\" decoding=\"async\" width=\"1024\" height=\"455\" src=\"https:\/\/blogsaverroes.juntadeandalucia.es\/ceiplaslomas\/files\/2022\/09\/20220922_081200-1024x455.jpg\" class=\"attachment-large size-large\" alt=\"\" srcset=\"https:\/\/blogsaverroes.juntadeandalucia.es\/ceiplaslomas\/files\/2022\/09\/20220922_081200-1024x455.jpg 1024w, https:\/\/blogsaverroes.juntadeandalucia.es\/ceiplaslomas\/files\/2022\/09\/20220922_081200-300x133.jpg 300w, https:\/\/blogsaverroes.juntadeandalucia.es\/ceiplaslomas\/files\/2022\/09\/20220922_081200-768x341.jpg 768w, https:\/\/blogsaverroes.juntadeandalucia.es\/ceiplaslomas\/files\/2022\/09\/20220922_081200-1536x683.jpg 1536w, https:\/\/blogsaverroes.juntadeandalucia.es\/ceiplaslomas\/files\/2022\/09\/20220922_081200-2048x910.jpg 2048w, https:\/\/blogsaverroes.juntadeandalucia.es\/ceiplaslomas\/files\/2022\/09\/20220922_081200-scaled.jpg 1600w\" sizes=\"(max-width: 1024px) 100vw, 1024px\" \/><\/a>\n\t\t\t<\/dt><\/dl><dl class='gallery-item'>\n\t\t\t<dt class='gallery-icon landscape'>\n\t\t\t\t<a href='https:\/\/blogsaverroes.juntadeandalucia.es\/ceiplaslomas\/el-centro-2\/20220922_081441\/'><img loading=\"lazy\" decoding=\"async\" width=\"1024\" height=\"440\" src=\"https:\/\/blogsaverroes.juntadeandalucia.es\/ceiplaslomas\/files\/2022\/09\/20220922_081441-1024x440.jpg\" class=\"attachment-large size-large\" alt=\"\" srcset=\"https:\/\/blogsaverroes.juntadeandalucia.es\/ceiplaslomas\/files\/2022\/09\/20220922_081441-1024x440.jpg 1024w, https:\/\/blogsaverroes.juntadeandalucia.es\/ceiplaslomas\/files\/2022\/09\/20220922_081441-300x129.jpg 300w, https:\/\/blogsaverroes.juntadeandalucia.es\/ceiplaslomas\/files\/2022\/09\/20220922_081441-768x330.jpg 768w, https:\/\/blogsaverroes.juntadeandalucia.es\/ceiplaslomas\/files\/2022\/09\/20220922_081441-1536x659.jpg 1536w, https:\/\/blogsaverroes.juntadeandalucia.es\/ceiplaslomas\/files\/2022\/09\/20220922_081441-2048x879.jpg 2048w, https:\/\/blogsaverroes.juntadeandalucia.es\/ceiplaslomas\/files\/2022\/09\/20220922_081441-scaled.jpg 1600w\" sizes=\"(max-width: 1024px) 100vw, 1024px\" \/><\/a>\n\t\t\t<\/dt><\/dl><br style=\"clear: both\" \/><dl class='gallery-item'>\n\t\t\t<dt class='gallery-icon landscape'>\n\t\t\t\t<a href='https:\/\/blogsaverroes.juntadeandalucia.es\/ceiplaslomas\/el-centro-2\/20220922_081649\/'><img loading=\"lazy\" decoding=\"async\" width=\"1024\" height=\"573\" src=\"https:\/\/blogsaverroes.juntadeandalucia.es\/ceiplaslomas\/files\/2022\/09\/20220922_081649-1024x573.jpg\" class=\"attachment-large size-large\" alt=\"\" srcset=\"https:\/\/blogsaverroes.juntadeandalucia.es\/ceiplaslomas\/files\/2022\/09\/20220922_081649-1024x573.jpg 1024w, https:\/\/blogsaverroes.juntadeandalucia.es\/ceiplaslomas\/files\/2022\/09\/20220922_081649-300x168.jpg 300w, https:\/\/blogsaverroes.juntadeandalucia.es\/ceiplaslomas\/files\/2022\/09\/20220922_081649-768x430.jpg 768w, https:\/\/blogsaverroes.juntadeandalucia.es\/ceiplaslomas\/files\/2022\/09\/20220922_081649-1536x860.jpg 1536w, https:\/\/blogsaverroes.juntadeandalucia.es\/ceiplaslomas\/files\/2022\/09\/20220922_081649-2048x1147.jpg 2048w, https:\/\/blogsaverroes.juntadeandalucia.es\/ceiplaslomas\/files\/2022\/09\/20220922_081649-scaled.jpg 1600w\" sizes=\"(max-width: 1024px) 100vw, 1024px\" \/><\/a>\n\t\t\t<\/dt><\/dl><dl class='gallery-item'>\n\t\t\t<dt class='gallery-icon landscape'>\n\t\t\t\t<a href='https:\/\/blogsaverroes.juntadeandalucia.es\/ceiplaslomas\/el-centro-2\/20220922_081633\/'><img loading=\"lazy\" decoding=\"async\" width=\"1024\" height=\"519\" src=\"https:\/\/blogsaverroes.juntadeandalucia.es\/ceiplaslomas\/files\/2022\/09\/20220922_081633-1024x519.jpg\" class=\"attachment-large size-large\" alt=\"\" srcset=\"https:\/\/blogsaverroes.juntadeandalucia.es\/ceiplaslomas\/files\/2022\/09\/20220922_081633-1024x519.jpg 1024w, https:\/\/blogsaverroes.juntadeandalucia.es\/ceiplaslomas\/files\/2022\/09\/20220922_081633-300x152.jpg 300w, https:\/\/blogsaverroes.juntadeandalucia.es\/ceiplaslomas\/files\/2022\/09\/20220922_081633-768x389.jpg 768w, https:\/\/blogsaverroes.juntadeandalucia.es\/ceiplaslomas\/files\/2022\/09\/20220922_081633-1536x779.jpg 1536w, https:\/\/blogsaverroes.juntadeandalucia.es\/ceiplaslomas\/files\/2022\/09\/20220922_081633-2048x1038.jpg 2048w, https:\/\/blogsaverroes.juntadeandalucia.es\/ceiplaslomas\/files\/2022\/09\/20220922_081633-scaled.jpg 1600w\" sizes=\"(max-width: 1024px) 100vw, 1024px\" \/><\/a>\n\t\t\t<\/dt><\/dl><br style=\"clear: both\" \/><dl class='gallery-item'>\n\t\t\t<dt class='gallery-icon landscape'>\n\t\t\t\t<a href='https:\/\/blogsaverroes.juntadeandalucia.es\/ceiplaslomas\/inicio\/20221216_082822\/'><img loading=\"lazy\" decoding=\"async\" width=\"1024\" height=\"768\" src=\"https:\/\/blogsaverroes.juntadeandalucia.es\/ceiplaslomas\/files\/2022\/12\/20221216_082822-1024x768.jpg\" class=\"attachment-large size-large\" alt=\"\" srcset=\"https:\/\/blogsaverroes.juntadeandalucia.es\/ceiplaslomas\/files\/2022\/12\/20221216_082822-1024x768.jpg 1024w, https:\/\/blogsaverroes.juntadeandalucia.es\/ceiplaslomas\/files\/2022\/12\/20221216_082822-300x225.jpg 300w, https:\/\/blogsaverroes.juntadeandalucia.es\/ceiplaslomas\/files\/2022\/12\/20221216_082822-768x576.jpg 768w, https:\/\/blogsaverroes.juntadeandalucia.es\/ceiplaslomas\/files\/2022\/12\/20221216_082822-1536x1152.jpg 1536w, https:\/\/blogsaverroes.juntadeandalucia.es\/ceiplaslomas\/files\/2022\/12\/20221216_082822-2048x1536.jpg 2048w, https:\/\/blogsaverroes.juntadeandalucia.es\/ceiplaslomas\/files\/2022\/12\/20221216_082822-scaled.jpg 1600w\" sizes=\"(max-width: 1024px) 100vw, 1024px\" \/><\/a>\n\t\t\t<\/dt><\/dl>\n\t\t\t<br style='clear: both' \/>\n\t\t<\/div>\n\n<p><a href=\"https:\/\/blogsaverroes.juntadeandalucia.es\/ceiplaslomas\/files\/2022\/03\/CARTEL-PUERTA-LAS-LOMAS-copia.jpg\"><img loading=\"lazy\" decoding=\"async\" class=\"aligncenter wp-image-12763 size-full\" src=\"https:\/\/blogsaverroes.juntadeandalucia.es\/ceiplaslomas\/files\/2022\/03\/CARTEL-PUERTA-LAS-LOMAS-copia.jpg\" alt=\"\" width=\"1492\" height=\"383\" srcset=\"https:\/\/blogsaverroes.juntadeandalucia.es\/ceiplaslomas\/files\/2022\/03\/CARTEL-PUERTA-LAS-LOMAS-copia.jpg 1492w, https:\/\/blogsaverroes.juntadeandalucia.es\/ceiplaslomas\/files\/2022\/03\/CARTEL-PUERTA-LAS-LOMAS-copia-300x77.jpg 300w, https:\/\/blogsaverroes.juntadeandalucia.es\/ceiplaslomas\/files\/2022\/03\/CARTEL-PUERTA-LAS-LOMAS-copia-1024x263.jpg 1024w, https:\/\/blogsaverroes.juntadeandalucia.es\/ceiplaslomas\/files\/2022\/03\/CARTEL-PUERTA-LAS-LOMAS-copia-768x197.jpg 768w\" sizes=\"(max-width: 1492px) 100vw, 1492px\" \/><\/a><\/p>\n<p>&nbsp;<\/p>\n<p><a href=\"https:\/\/blogsaverroes.juntadeandalucia.es\/ceiplaslomas\/files\/2022\/03\/PROA-Transf\u00f3rmate-cartel_page-0001.jpg\"><img loading=\"lazy\" decoding=\"async\" class=\"aligncenter wp-image-12788 size-large\" src=\"https:\/\/blogsaverroes.juntadeandalucia.es\/ceiplaslomas\/files\/2022\/03\/PROA-Transf\u00f3rmate-cartel_page-0001-1024x512.jpg\" alt=\"\" width=\"1024\" height=\"512\" srcset=\"https:\/\/blogsaverroes.juntadeandalucia.es\/ceiplaslomas\/files\/2022\/03\/PROA-Transf\u00f3rmate-cartel_page-0001-1024x512.jpg 1024w, https:\/\/blogsaverroes.juntadeandalucia.es\/ceiplaslomas\/files\/2022\/03\/PROA-Transf\u00f3rmate-cartel_page-0001-300x150.jpg 300w, https:\/\/blogsaverroes.juntadeandalucia.es\/ceiplaslomas\/files\/2022\/03\/PROA-Transf\u00f3rmate-cartel_page-0001-768x384.jpg 768w, https:\/\/blogsaverroes.juntadeandalucia.es\/ceiplaslomas\/files\/2022\/03\/PROA-Transf\u00f3rmate-cartel_page-0001-1536x768.jpg 1536w, https:\/\/blogsaverroes.juntadeandalucia.es\/ceiplaslomas\/files\/2022\/03\/PROA-Transf\u00f3rmate-cartel_page-0001.jpg 1600w\" sizes=\"(max-width: 1024px) 100vw, 1024px\" \/><\/a><\/p>\n<p>&nbsp;<\/p>\n","protected":false},"excerpt":{"rendered":"<p>En nombre de la Comunidad Educativa del Colegio p\u00fablico de Educaci\u00f3n Infantil y Primaria LAS LOMAS de Roquetas de Mar les damos la bienvenida a nuestra web. Desde esta p\u00e1gina web podr\u00e1n conocer nuestro&#46;&#46;&#46;<\/p>\n","protected":false},"author":5742,"featured_media":0,"parent":0,"menu_order":0,"comment_status":"closed","ping_status":"closed","template":"","meta":{"ngg_post_thumbnail":0,"footnotes":"","_mc_calendar":[]},"aioseo_notices":[],"_links":{"self":[{"href":"https:\/\/blogsaverroes.juntadeandalucia.es\/ceiplaslomas\/wp-json\/wp\/v2\/pages\/3634"}],"collection":[{"href":"https:\/\/blogsaverroes.juntadeandalucia.es\/ceiplaslomas\/wp-json\/wp\/v2\/pages"}],"about":[{"href":"https:\/\/blogsaverroes.juntadeandalucia.es\/ceiplaslomas\/wp-json\/wp\/v2\/types\/page"}],"author":[{"embeddable":true,"href":"https:\/\/blogsaverroes.juntadeandalucia.es\/ceiplaslomas\/wp-json\/wp\/v2\/users\/5742"}],"replies":[{"embeddable":true,"href":"https:\/\/blogsaverroes.juntadeandalucia.es\/ceiplaslomas\/wp-json\/wp\/v2\/comments?post=3634"}],"version-history":[{"count":922,"href":"https:\/\/blogsaverroes.juntadeandalucia.es\/ceiplaslomas\/wp-json\/wp\/v2\/pages\/3634\/revisions"}],"predecessor-version":[{"id":21322,"href":"https:\/\/blogsaverroes.juntadeandalucia.es\/ceiplaslomas\/wp-json\/wp\/v2\/pages\/3634\/revisions\/21322"}],"wp:attachment":[{"href":"https:\/\/blogsaverroes.juntadeandalucia.es\/ceiplaslomas\/wp-json\/wp\/v2\/media?parent=3634"}],"curies":[{"name":"wp","href":"https:\/\/api.w.org\/{rel}","templated":true}]}}