{"id":3461,"date":"2020-09-09T15:47:05","date_gmt":"2020-09-09T15:47:05","guid":{"rendered":"https:\/\/blogsaverroes.juntadeandalucia.es\/ceiplasmellizas\/?page_id=3461"},"modified":"2022-05-08T11:38:54","modified_gmt":"2022-05-08T11:38:54","slug":"protocolo-de-actuacion-covid-19","status":"publish","type":"page","link":"https:\/\/blogsaverroes.juntadeandalucia.es\/ceiplasmellizas\/secretaria\/protocolo-de-actuacion-covid-19\/","title":{"rendered":"Protocolo de actuaci\u00f3n COVID-19"},"content":{"rendered":"<p style=\"text-align: justify\"><strong>A continuaci\u00f3n se publicar\u00e1n las revisiones que se ir\u00e1n realizando al Protocolo de actuaci\u00f3n COVID-19 del CEIP Las Mellizas.<\/strong><\/p>\n<p style=\"text-align: justify\">El orden de los enlaces en los que aparecen las distintas versiones ir\u00e1n public\u00e1ndose de tal forma que aparecer\u00e1 \u00abm\u00e1s arriba\u00bb el documento m\u00e1s reciente.<\/p>\n<p style=\"text-align: justify\"><strong>En el siguiente enlace, podr\u00e9is acceder al documento (protocolo de actuaci\u00f3n covid-19 \u00faltima versi\u00f3n) en PDF para la actuaci\u00f3n frente a la COVID-19.&nbsp;<\/strong><\/p>\n<p style=\"text-align: justify\"><a href=\"https:\/\/blogsaverroes.juntadeandalucia.es\/ceiplasmellizas\/protocolo-covid-19-ceiplasmellizas19_04_21\/\">Protocolo COVID-19 CEIPLASMELLIZAS19_04_21<\/a><\/p>\n<p style=\"text-align: justify\">&nbsp;<\/p>\n<p>&nbsp;<\/p>\n<h3>Im\u00e1genes Relacionadas:<\/h3>","protected":false},"excerpt":{"rendered":"<p>A continuaci\u00f3n se publicar\u00e1n las revisiones que se ir\u00e1n realizando al Protocolo de actuaci\u00f3n COVID-19 del CEIP Las Mellizas. El orden de los enlaces en los que aparecen las distintas versiones ir\u00e1n public\u00e1ndose de tal forma que aparecer\u00e1 \u00abm\u00e1s arriba\u00bb el documento m\u00e1s reciente. En el siguiente enlace, podr\u00e9is acceder al documento (protocolo de actuaci\u00f3n &hellip; <\/p>\n<p class=\"link-more\"><a href=\"https:\/\/blogsaverroes.juntadeandalucia.es\/ceiplasmellizas\/secretaria\/protocolo-de-actuacion-covid-19\/\" class=\"more-link\">Continuar leyendo<span class=\"screen-reader-text\"> \u00abProtocolo de actuaci\u00f3n COVID-19\u00bb<\/span><\/a><\/p>\n","protected":false},"author":2036,"featured_media":0,"parent":77,"menu_order":0,"comment_status":"closed","ping_status":"closed","template":"","meta":{"ngg_post_thumbnail":0,"footnotes":"","_mc_calendar":[]},"aioseo_notices":[],"_links":{"self":[{"href":"https:\/\/blogsaverroes.juntadeandalucia.es\/ceiplasmellizas\/wp-json\/wp\/v2\/pages\/3461"}],"collection":[{"href":"https:\/\/blogsaverroes.juntadeandalucia.es\/ceiplasmellizas\/wp-json\/wp\/v2\/pages"}],"about":[{"href":"https:\/\/blogsaverroes.juntadeandalucia.es\/ceiplasmellizas\/wp-json\/wp\/v2\/types\/page"}],"author":[{"embeddable":true,"href":"https:\/\/blogsaverroes.juntadeandalucia.es\/ceiplasmellizas\/wp-json\/wp\/v2\/users\/2036"}],"replies":[{"embeddable":true,"href":"https:\/\/blogsaverroes.juntadeandalucia.es\/ceiplasmellizas\/wp-json\/wp\/v2\/comments?post=3461"}],"version-history":[{"count":11,"href":"https:\/\/blogsaverroes.juntadeandalucia.es\/ceiplasmellizas\/wp-json\/wp\/v2\/pages\/3461\/revisions"}],"predecessor-version":[{"id":5115,"href":"https:\/\/blogsaverroes.juntadeandalucia.es\/ceiplasmellizas\/wp-json\/wp\/v2\/pages\/3461\/revisions\/5115"}],"up":[{"embeddable":true,"href":"https:\/\/blogsaverroes.juntadeandalucia.es\/ceiplasmellizas\/wp-json\/wp\/v2\/pages\/77"}],"wp:attachment":[{"href":"https:\/\/blogsaverroes.juntadeandalucia.es\/ceiplasmellizas\/wp-json\/wp\/v2\/media?parent=3461"}],"curies":[{"name":"wp","href":"https:\/\/api.w.org\/{rel}","templated":true}]}}