{"id":3499,"date":"2020-11-04T16:12:05","date_gmt":"2020-11-04T16:12:05","guid":{"rendered":"https:\/\/blogsaverroes.juntadeandalucia.es\/ceiplasmellizas\/?page_id=3499"},"modified":"2025-11-20T17:30:52","modified_gmt":"2025-11-20T17:30:52","slug":"proyecto-de-gestion","status":"publish","type":"page","link":"https:\/\/blogsaverroes.juntadeandalucia.es\/ceiplasmellizas\/secretaria\/proyecto-de-gestion\/","title":{"rendered":"Proyecto de Gesti\u00f3n"},"content":{"rendered":"<p style=\"text-align: justify\">Art\u00edculo 25. El proyecto de gesti\u00f3n. (Decreto 328\/2010, de 13 de julio BOJA n\u00ba 139 16\/07\/2010)<\/p>\n<p style=\"text-align: justify\">1. El proyecto de gesti\u00f3n de las escuelas infantiles de segundo ciclo, de los colegios de educaci\u00f3n primaria, de los colegios de educaci\u00f3n infantil y primaria y de los centros p\u00fablicos espec\u00edficos de educaci\u00f3n especial recoger\u00e1 la ordenaci\u00f3n y utilizaci\u00f3n de los recursos del centro, tanto materiales como humanos.<\/p>\n<p style=\"text-align: justify\">A continuaci\u00f3n se recoge el <strong>documento Proyecto de gesti\u00f3n.<\/strong><\/p>\n<p><iframe loading=\"lazy\" src=\"https:\/\/drive.google.com\/file\/d\/1-yc_Vhx1C5iWg_4KfMHr7CxprI65ZzBA\/preview\" width=\"640\" height=\"480\"><\/iframe><\/p>\n<h3>Im\u00e1genes Relacionadas:<\/h3>","protected":false},"excerpt":{"rendered":"<p>Art\u00edculo 25. El proyecto de gesti\u00f3n. (Decreto 328\/2010, de 13 de julio BOJA n\u00ba 139 16\/07\/2010) 1. El proyecto de gesti\u00f3n de las escuelas infantiles de segundo ciclo, de los colegios de educaci\u00f3n primaria, de los colegios de educaci\u00f3n infantil y primaria y de los centros p\u00fablicos espec\u00edficos de educaci\u00f3n especial recoger\u00e1 la ordenaci\u00f3n y &hellip; <\/p>\n<p class=\"link-more\"><a href=\"https:\/\/blogsaverroes.juntadeandalucia.es\/ceiplasmellizas\/secretaria\/proyecto-de-gestion\/\" class=\"more-link\">Continuar leyendo<span class=\"screen-reader-text\"> \u00abProyecto de Gesti\u00f3n\u00bb<\/span><\/a><\/p>\n","protected":false},"author":2036,"featured_media":0,"parent":77,"menu_order":0,"comment_status":"closed","ping_status":"closed","template":"","meta":{"ngg_post_thumbnail":0,"footnotes":"","_mc_calendar":[]},"aioseo_notices":[],"_links":{"self":[{"href":"https:\/\/blogsaverroes.juntadeandalucia.es\/ceiplasmellizas\/wp-json\/wp\/v2\/pages\/3499"}],"collection":[{"href":"https:\/\/blogsaverroes.juntadeandalucia.es\/ceiplasmellizas\/wp-json\/wp\/v2\/pages"}],"about":[{"href":"https:\/\/blogsaverroes.juntadeandalucia.es\/ceiplasmellizas\/wp-json\/wp\/v2\/types\/page"}],"author":[{"embeddable":true,"href":"https:\/\/blogsaverroes.juntadeandalucia.es\/ceiplasmellizas\/wp-json\/wp\/v2\/users\/2036"}],"replies":[{"embeddable":true,"href":"https:\/\/blogsaverroes.juntadeandalucia.es\/ceiplasmellizas\/wp-json\/wp\/v2\/comments?post=3499"}],"version-history":[{"count":5,"href":"https:\/\/blogsaverroes.juntadeandalucia.es\/ceiplasmellizas\/wp-json\/wp\/v2\/pages\/3499\/revisions"}],"predecessor-version":[{"id":6215,"href":"https:\/\/blogsaverroes.juntadeandalucia.es\/ceiplasmellizas\/wp-json\/wp\/v2\/pages\/3499\/revisions\/6215"}],"up":[{"embeddable":true,"href":"https:\/\/blogsaverroes.juntadeandalucia.es\/ceiplasmellizas\/wp-json\/wp\/v2\/pages\/77"}],"wp:attachment":[{"href":"https:\/\/blogsaverroes.juntadeandalucia.es\/ceiplasmellizas\/wp-json\/wp\/v2\/media?parent=3499"}],"curies":[{"name":"wp","href":"https:\/\/api.w.org\/{rel}","templated":true}]}}