{"id":5632,"date":"2018-10-03T13:53:53","date_gmt":"2018-10-03T13:53:53","guid":{"rendered":"https:\/\/blogsaverroes.juntadeandalucia.es\/ceiplopezdieguez\/?page_id=5632"},"modified":"2019-02-23T23:30:12","modified_gmt":"2019-02-23T23:30:12","slug":"curso-2018-19","status":"publish","type":"page","link":"https:\/\/blogsaverroes.juntadeandalucia.es\/ceiplopezdieguez\/curso-2018-19\/","title":{"rendered":"Curso 2018-19"},"content":{"rendered":"<p>&nbsp;<\/p>\n<h3><strong>14 y 15 de febrero: VISITAS TEATRALIZADAS A LA DIPUTACI\u00d3N <\/strong><\/h3>\n<h3><strong>de los alumnos de 6\u00ba curso.<\/strong><\/h3>\n<p>&nbsp;<\/p>\n<p style=\"text-align: center\">GALER\u00cdA:<\/p>\nngg_shortcode_0_placeholder\n<p>&nbsp;<\/p>\n<h1 class=\"entry-title\">25 N. CONTRA LA VIOLENCIA SEXISTA<\/h1>\n<p>&nbsp;<\/p>\n<h2 style=\"text-align: center\"><em>D\u00e9jala que baile<\/em><\/h2>\n<p>&nbsp;<\/p>\n<div style=\"width: 1024px;\" class=\"wp-video\"><!--[if lt IE 9]><script>document.createElement('video');<\/script><![endif]-->\n<video class=\"wp-video-shortcode\" id=\"video-5632-1\" width=\"1024\" height=\"600\" preload=\"metadata\" controls=\"controls\"><source type=\"video\/mp4\" src=\"https:\/\/blogsaverroes.juntadeandalucia.es\/ceiplopezdieguez\/files\/2018\/11\/Mi-pel\u00edcula1.mp4?_=1\" \/><a href=\"https:\/\/blogsaverroes.juntadeandalucia.es\/ceiplopezdieguez\/files\/2018\/11\/Mi-pel\u00edcula1.mp4\">https:\/\/blogsaverroes.juntadeandalucia.es\/ceiplopezdieguez\/files\/2018\/11\/Mi-pel\u00edcula1.mp4<\/a><\/video><\/div>\n<p>&nbsp;<\/p>\n<p><span style=\"font-size: 20px\"><strong>16 DE NOVIEMBRE<\/strong><\/span><\/p>\n<p><span style=\"font-size: 24px;color: #ff0000\"><strong><span style=\"color: #ff0000\">D\u00cdA DEL FLAMENCO 2.<\/span><\/strong><\/span><\/p>\n<p><span style=\"font-size: 16px\"><strong>Con Rafael Gald\u00f3n.<\/strong><\/span><\/p>\n<p style=\"text-align: center\">GALER\u00cdA:<\/p>\nngg_shortcode_1_placeholder\n<p>&nbsp;<\/p>\n<p>&nbsp;<\/p>\n<p><span style=\"font-size: 20px;color: #ff0000\"><strong>15 DE NOVIEMBRE<\/strong><\/span><\/p>\n<p><span style=\"font-size: 24px\"><strong><span style=\"color: #ff0000\">D\u00cdA DEL FLAMENCO<\/span><\/strong><\/span><\/p>\n<p><strong>Con Mar\u00eda Carrillo.<\/strong><\/p>\n<p style=\"text-align: center\">GALER\u00cdA:<\/p>\n<p style=\"text-align: center\">&nbsp;<\/p>\nngg_shortcode_2_placeholder\n<p>&nbsp;<\/p>\n<p>&nbsp;<\/p>\n<p><span style=\"font-size: 20px\"><strong>14 DE NOVIEMBRE<\/strong><\/span><\/p>\n<p>&nbsp; &nbsp; &nbsp;Visita de sexto curso a <span style=\"font-size: 24px\"><strong><span style=\"color: #008000\">MEDINA AZAHARA:&nbsp;<\/span><\/strong><\/span>museo y conjunto arqueol\u00f3gico.<\/p>\n<p style=\"text-align: center\">GALER\u00cdA:<\/p>\n<p>&nbsp;<\/p>\nngg_shortcode_3_placeholder\n<p>&nbsp;<\/p>\n<p>&nbsp;<\/p>\n<p><span style=\"font-size: 20px\"><strong>5 DE NOVIEMBRE<\/strong><\/span><\/p>\n<p>&nbsp; &nbsp; &nbsp;Visita de la polic\u00eda a<span style=\"font-size: 20px\"> Tercer Ciclo<\/span> dentro del <strong><span style=\"font-size: 20px\">P<\/span>LAN <span style=\"font-size: 20px\">D<\/span>IRECTOR<\/strong>&nbsp; del curso 2018-2019.<\/p>\n<p style=\"text-align: center\">GALER\u00cdA:<\/p>\nngg_shortcode_4_placeholder\n<p>&nbsp;<\/p>\n<p>&nbsp;<\/p>\n<h1><span style=\"color: #800080\"><strong>N<span style=\"color: #800080\">OVIE<span style=\"color: #ff0000\">M<\/span>BRE<\/span><\/strong><\/span><\/h1>\n<p>&nbsp;<\/p>\n<h2 style=\"text-align: center\"><strong><span style=\"color: #ff0000\"><span style=\"color: #800080;font-size: 60px\">H<\/span>ALLOWEEN<\/span><\/strong><\/h2>\n<p style=\"text-align: center\">&nbsp;<\/p>\n<div style=\"width: 1024px;\" class=\"wp-video\"><video class=\"wp-video-shortcode\" id=\"video-5632-2\" width=\"1024\" height=\"600\" preload=\"metadata\" controls=\"controls\"><source type=\"video\/mp4\" src=\"https:\/\/blogsaverroes.juntadeandalucia.es\/ceiplopezdieguez\/files\/2018\/11\/hallo.mp4?_=2\" \/><a href=\"https:\/\/blogsaverroes.juntadeandalucia.es\/ceiplopezdieguez\/files\/2018\/11\/hallo.mp4\">https:\/\/blogsaverroes.juntadeandalucia.es\/ceiplopezdieguez\/files\/2018\/11\/hallo.mp4<\/a><\/video><\/div>\n<p style=\"text-align: center\"><strong>V\u00eddeo de los ni\u00f1os y ni\u00f1as de tercer curso.<\/strong><\/p>\n","protected":false},"excerpt":{"rendered":"<p>&nbsp; 14 y 15 de febrero: VISITAS TEATRALIZADAS A LA DIPUTACI\u00d3N de los alumnos de 6\u00ba curso. &nbsp; GALER\u00cdA: \u00bb order_by=\u00bbsortorder\u00bb order_direction=\u00bbASC\u00bb returns=\u00bbincluded\u00bb maximum_entity_count=\u00bb500&#8243;] &nbsp; 25 N. CONTRA LA VIOLENCIA SEXISTA &nbsp; D\u00e9jala que&#46;&#46;&#46;<\/p>\n","protected":false},"author":3848,"featured_media":0,"parent":0,"menu_order":0,"comment_status":"closed","ping_status":"closed","template":"","meta":{"ngg_post_thumbnail":0,"footnotes":"","_mc_calendar":[]},"aioseo_notices":[],"_links":{"self":[{"href":"https:\/\/blogsaverroes.juntadeandalucia.es\/ceiplopezdieguez\/wp-json\/wp\/v2\/pages\/5632"}],"collection":[{"href":"https:\/\/blogsaverroes.juntadeandalucia.es\/ceiplopezdieguez\/wp-json\/wp\/v2\/pages"}],"about":[{"href":"https:\/\/blogsaverroes.juntadeandalucia.es\/ceiplopezdieguez\/wp-json\/wp\/v2\/types\/page"}],"author":[{"embeddable":true,"href":"https:\/\/blogsaverroes.juntadeandalucia.es\/ceiplopezdieguez\/wp-json\/wp\/v2\/users\/3848"}],"replies":[{"embeddable":true,"href":"https:\/\/blogsaverroes.juntadeandalucia.es\/ceiplopezdieguez\/wp-json\/wp\/v2\/comments?post=5632"}],"version-history":[{"count":25,"href":"https:\/\/blogsaverroes.juntadeandalucia.es\/ceiplopezdieguez\/wp-json\/wp\/v2\/pages\/5632\/revisions"}],"predecessor-version":[{"id":6090,"href":"https:\/\/blogsaverroes.juntadeandalucia.es\/ceiplopezdieguez\/wp-json\/wp\/v2\/pages\/5632\/revisions\/6090"}],"wp:attachment":[{"href":"https:\/\/blogsaverroes.juntadeandalucia.es\/ceiplopezdieguez\/wp-json\/wp\/v2\/media?parent=5632"}],"curies":[{"name":"wp","href":"https:\/\/api.w.org\/{rel}","templated":true}]}}