{"id":3298,"date":"2020-10-05T12:00:09","date_gmt":"2020-10-05T12:00:09","guid":{"rendered":"https:\/\/blogsaverroes.juntadeandalucia.es\/ceiploscalifas\/?page_id=3298"},"modified":"2021-05-29T22:05:22","modified_gmt":"2021-05-29T22:05:22","slug":"matricula","status":"publish","type":"page","link":"https:\/\/blogsaverroes.juntadeandalucia.es\/ceiploscalifas\/matricula\/","title":{"rendered":"Matr\u00edcula"},"content":{"rendered":"<h2><a href=\"https:\/\/blogsaverroes.juntadeandalucia.es\/ceiploscalifas\/files\/2021\/05\/matricula.jpg\"><img loading=\"lazy\" decoding=\"async\" class=\"aligncenter wp-image-3928 size-full\" src=\"https:\/\/blogsaverroes.juntadeandalucia.es\/ceiploscalifas\/files\/2021\/05\/matricula.jpg\" alt=\"\" width=\"496\" height=\"288\" srcset=\"https:\/\/blogsaverroes.juntadeandalucia.es\/ceiploscalifas\/files\/2021\/05\/matricula.jpg 496w, https:\/\/blogsaverroes.juntadeandalucia.es\/ceiploscalifas\/files\/2021\/05\/matricula-300x174.jpg 300w\" sizes=\"(max-width: 496px) 100vw, 496px\" \/><\/a><\/h2>\n<h2><span style=\"color: #993300\">Plazo de matriculaci\u00f3n: del 1 al 8 de junio.<\/span><\/h2>\n<p style=\"text-align: justify\"><strong>Todo el alumnado de segundo ciclo de educaci\u00f3n infantil, educaci\u00f3n primaria y\/o educaci\u00f3n especial deber\u00e1 cumplimentar la matr\u00edcula del 1 al 8 de junio.<\/strong><\/p>\n<p style=\"text-align: justify\">Los impresos de matr\u00edcula estar\u00e1n disponibles en nuestra p\u00e1gina web y en la p\u00e1gina de la Consejer\u00eda de Educaci\u00f3n <a href=\"http:\/\/www.juntadeandalucia.es\/educacion\">www.juntadeandalucia.es\/educacion<\/a>.<\/p>\n<p style=\"text-align: justify\"><strong>\u00a1Atenci\u00f3n! El alumnado que est\u00e1 cursando actualmente 6\u00ba de Educaci\u00f3n Primaria<\/strong> formalizar\u00e1 la matr\u00edcula en el 1<sup>er&nbsp;<\/sup>curso de Educaci\u00f3n Secundaria Obligatoria <strong>del 1 al 10 de julio <\/strong>en el I.E.S.<\/p>\n<h2><span style=\"color: #993300\">Impresos de matriculaci\u00f3n.<\/span><\/h2>\n<p style=\"text-align: justify\">Los impresos de matriculaci\u00f3n son rellenables. A continuaci\u00f3n, puede acceder a las matr\u00edculas de cada una de las ense\u00f1anzas:<\/p>\n<ul>\n<li style=\"text-align: justify\">Anexo IV: <a title=\"Pulse para visualizar el documento:&nbsp;ANEXO IV\" href=\"https:\/\/www.juntadeandalucia.es\/educacion\/portals\/delegate\/content\/d26442b2-4b4a-433a-9c1e-e1790a29f781\/ANEXO%20IV\" target=\"_blank\" rel=\"noopener noreferrer\">Matr\u00edcula en segundo ciclo de Educaci\u00f3n Infantil<\/a>.<\/li>\n<li>Anexo V: <a title=\"Pulse para visualizar el documento:&nbsp;ANEXO V\" href=\"https:\/\/www.juntadeandalucia.es\/educacion\/portals\/delegate\/content\/55fad88e-7bb3-40e3-bbe4-198107487345\/ANEXO%20V\" target=\"_blank\" rel=\"noopener noreferrer\">Matr\u00edcula en Educaci\u00f3n Primaria<\/a>.<\/li>\n<li>Anexo VI: <a title=\"Pulse para visualizar el documento:&nbsp;ANEXO VI\" href=\"https:\/\/www.juntadeandalucia.es\/educacion\/portals\/delegate\/content\/84909c76-f6af-4eaa-8a6a-7345b62b1645\/ANEXO%20VI\" target=\"_blank\" rel=\"noopener noreferrer\">Matr\u00edcula en Educaci\u00f3n Especial: Aula espec\u00edfica.<\/a><\/li>\n<\/ul>\n<h2><span style=\"color: #993300\">Documentaci\u00f3n que aportar con la matr\u00edcula.<\/span><\/h2>\n<p>El alumnado nuevo en el centro deber\u00e1 presentar adem\u00e1s en el per\u00edodo de matriculaci\u00f3n la siguiente documentaci\u00f3n:<\/p>\n<ul>\n<li>2 fotograf\u00edas carnet del alumno\/a<\/li>\n<li>Fotocopia de la p\u00e1gina del libro de familia en la que aparece el alumno\/a.<\/li>\n<li>Fotocopia del DNI o pasaporte de la madre\/tutora legal y del padre\/tutor legal.<\/li>\n<\/ul>\n<h2 style=\"text-align: justify\"><span style=\"color: #993300\">Solicitud para cursar la ense\u00f1anza de Religi\u00f3n.<\/span><\/h2>\n<p style=\"text-align: justify\">El padre, la madre o el tutor\/a legal del alumno\/a deber\u00e1 solicitar la ense\u00f1anza de Religi\u00f3n cat\u00f3lica, evang\u00e9lica, isl\u00e1mica, jud\u00eda o Valores sociales y c\u00edvicos, acogi\u00e9ndose a lo establecido en la normativa por la que se establecen las ense\u00f1anzas de la educaci\u00f3n infantil o de la educaci\u00f3n primaria (seg\u00fan proceda), en desarrollo de la Ley Org\u00e1nica 2\/2006, de 3 de mayo, de Educaci\u00f3n.<\/p>\n<p style=\"text-align: justify\"><strong>Esta solicitud tendr\u00e1 validez durante toda la escolarizaci\u00f3n del alumno\/a, mientras no se modifique expresamente esta decisi\u00f3n.<\/strong><\/p>\n<p>Anexo: <a title=\"Pulse para visualizar el documento:&nbsp;ANEXO - RELIGI\u00d3N\" href=\"https:\/\/www.juntadeandalucia.es\/educacion\/portals\/delegate\/content\/12c1f402-4ea8-4a01-a921-5baa061cc442\/ANEXO%20-%20RELIGI%C3%93N\" target=\"_blank\" rel=\"noopener noreferrer\">Solicitud para cursar la ense\u00f1anza de religi\u00f3n en Primaria, ESO o Bachillerato<\/a>.<\/p>\n<h2 style=\"text-align: justify\"><span style=\"color: #993300\">Solicitud de los Servicios complementarios (Comedor, Aula matinal y Actividades extraescolares).<\/span><\/h2>\n<p style=\"text-align: justify\"><strong>La solicitud de los servicios complementarios se realiza durante el periodo de matriculaci\u00f3n del alumnado<\/strong>, del 1 al 8 de junio en los centros p\u00fablicos que imparten educaci\u00f3n infantil (segundo ciclo), educaci\u00f3n primaria y educaci\u00f3n especial.<\/p>\n<p style=\"text-align: justify\">La informaci\u00f3n de los servicios complementarios que se ofertan en el centro estar\u00e1 a disposici\u00f3n del p\u00fablico en los tablones de anuncios de la Secretar\u00eda.<\/p>\n<ul class=\"listado\">\n<li class=\"item\">\n<p class=\"title icopdf\"><a title=\"Pulse para visualizar el documento:&nbsp;Anexo II.- Servicio de Aula Matinal, Comedor Escolar y actividades Extraescolares\" href=\"https:\/\/www.juntadeandalucia.es\/educacion\/portals\/delegate\/content\/6c4342f7-1581-4c26-bc7e-2e49b4b64cee\/Anexo%20II.-%20Servicio%20de%20Aula%20Matinal,%20Comedor%20Escolar%20y%20actividades%20Extraescolares\" target=\"_blank\" rel=\"noopener noreferrer\">Anexo II.- Servicio de Aula Matinal, Comedor Escolar y actividades Extraescolares<\/a><\/p>\n<\/li>\n<\/ul>\n<p style=\"text-align: justify\">El plazo para solicitar la bonificaci\u00f3n de los servicios complementarios es del 1 al 7 de septiembre. M\u00e1s informaci\u00f3n, AQU\u00cd.<\/p>\n<h2 style=\"text-align: justify\"><span style=\"color: #993300\">Normativa.<br \/>\n<\/span><\/h2>\n<ul style=\"list-style-type: square\">\n<li style=\"text-align: justify\"><a title=\"Decreto 6\/2017, de 16 de enero, por el que se regulan los servicios complementarios de aula matinal, comedor escolar y actividades extraescolares, as\u00ed como el uso de las instalaciones de los centros docentes p\u00fablicos de la Comunidad Aut\u00f3noma de Andaluc\u00eda fuera del horario escolar.\" href=\"https:\/\/www.juntadeandalucia.es\/educacion\/portals\/web\/ced\/normativa\/-\/normativas\/detalle\/decreto-6-2017-de-16-de-enero-por-el-que-se-regulan-los-servicios-complementarios-de-aula-matinal-comedor-escolar-y\">Decreto 6\/2017, de 16 de enero, por el que se regulan los servicios complementarios de aula matinal, comedor escolar y actividades extraescolares, as\u00ed como el uso de las instalaciones de los centros docentes p\u00fablicos de la Comunidad Aut\u00f3noma de Andaluc\u00eda fuera del horario escolar.<\/a><\/li>\n<li style=\"text-align: justify\"><a title=\"Orden de 17 abril de 2017, por la que se regula la organizaci\u00f3n y el funcionamiento de los servicios complementarios de aula matinal, comedor escolar y actividades extraescolares, as\u00ed como el uso de las instalaciones de los centros docentes p\u00fablicos de la Comunidad Aut\u00f3noma de Andaluc\u00eda fuera del horario escolar.\" href=\"https:\/\/www.juntadeandalucia.es\/educacion\/portals\/web\/ced\/normativa\/-\/normativas\/detalle\/orden-de-17-abril-de-2017-por-la-que-se-regula-la-organizacion-y-el-funcionamiento-de-los-servicios-complementarios-de\">Orden de 17 abril de 2017, por la que se regula la organizaci\u00f3n y el funcionamiento de los servicios complementarios de aula matinal, comedor escolar y actividades extraescolares, as\u00ed como el uso de las instalaciones de los centros docentes p\u00fablicos de la Comunidad Aut\u00f3noma de Andaluc\u00eda fuera del horario escolar.<\/a><\/li>\n<\/ul>\n<h2><span style=\"color: #993300\">Presentaci\u00f3n telem\u00e1tica de la matr\u00edcula.<\/span><\/h2>\n<p style=\"text-align: justify\">Del 1 al 8 de junio, ambos inclusive, a trav\u00e9s de la Secretar\u00eda Virtual de los Centros educativos. Haz clic en la imagen.<a href=\"https:\/\/www.juntadeandalucia.es\/educacion\/secretariavirtual\" target=\"_blank\" rel=\"noopener noreferrer\"><img loading=\"lazy\" decoding=\"async\" class=\"aligncenter wp-image-3311 size-medium\" src=\"https:\/\/blogsaverroes.juntadeandalucia.es\/ceiploscalifas\/files\/2021\/02\/secretaria-virtual-centros-300x167.png\" alt=\"\" width=\"300\" height=\"167\" srcset=\"https:\/\/blogsaverroes.juntadeandalucia.es\/ceiploscalifas\/files\/2021\/02\/secretaria-virtual-centros-300x167.png 300w, https:\/\/blogsaverroes.juntadeandalucia.es\/ceiploscalifas\/files\/2021\/02\/secretaria-virtual-centros.png 303w\" sizes=\"(max-width: 300px) 100vw, 300px\" \/><\/a><\/p>\n<h2>&nbsp;<\/h2>\n","protected":false},"excerpt":{"rendered":"<p>Plazo de matriculaci\u00f3n: del 1 al 8 de junio. Todo el alumnado de segundo ciclo de educaci\u00f3n infantil, educaci\u00f3n primaria y\/o educaci\u00f3n especial deber\u00e1 cumplimentar la matr\u00edcula del 1 al 8 de junio. Los&#46;&#46;&#46;<\/p>\n","protected":false},"author":11387,"featured_media":0,"parent":0,"menu_order":0,"comment_status":"closed","ping_status":"closed","template":"","meta":{"ngg_post_thumbnail":0,"footnotes":"","_mc_calendar":[]},"aioseo_notices":[],"_links":{"self":[{"href":"https:\/\/blogsaverroes.juntadeandalucia.es\/ceiploscalifas\/wp-json\/wp\/v2\/pages\/3298"}],"collection":[{"href":"https:\/\/blogsaverroes.juntadeandalucia.es\/ceiploscalifas\/wp-json\/wp\/v2\/pages"}],"about":[{"href":"https:\/\/blogsaverroes.juntadeandalucia.es\/ceiploscalifas\/wp-json\/wp\/v2\/types\/page"}],"author":[{"embeddable":true,"href":"https:\/\/blogsaverroes.juntadeandalucia.es\/ceiploscalifas\/wp-json\/wp\/v2\/users\/11387"}],"replies":[{"embeddable":true,"href":"https:\/\/blogsaverroes.juntadeandalucia.es\/ceiploscalifas\/wp-json\/wp\/v2\/comments?post=3298"}],"version-history":[{"count":16,"href":"https:\/\/blogsaverroes.juntadeandalucia.es\/ceiploscalifas\/wp-json\/wp\/v2\/pages\/3298\/revisions"}],"predecessor-version":[{"id":4113,"href":"https:\/\/blogsaverroes.juntadeandalucia.es\/ceiploscalifas\/wp-json\/wp\/v2\/pages\/3298\/revisions\/4113"}],"wp:attachment":[{"href":"https:\/\/blogsaverroes.juntadeandalucia.es\/ceiploscalifas\/wp-json\/wp\/v2\/media?parent=3298"}],"curies":[{"name":"wp","href":"https:\/\/api.w.org\/{rel}","templated":true}]}}