{"id":330,"date":"2015-03-18T07:11:43","date_gmt":"2015-03-18T07:11:43","guid":{"rendered":"http:\/\/blogsaverroes.juntadeandalucia.es\/pre\/ceip\/?page_id=330"},"modified":"2020-12-17T16:31:17","modified_gmt":"2020-12-17T16:31:17","slug":"periodico-escolar","status":"publish","type":"page","link":"https:\/\/blogsaverroes.juntadeandalucia.es\/ceiploscalifas\/biblioteca\/periodico-escolar\/","title":{"rendered":"Peri\u00f3dico escolar"},"content":{"rendered":"<h2><strong><span style=\"color: #ff0000\">\u00abCalifas al d\u00eda\u00bb<\/span><\/strong><\/h2>\n<p style=\"text-align: justify\">Esta aventura comenz\u00f3 durante el curso 2019\/20 con la creaci\u00f3n de un peri\u00f3dico escolar, cuya meta era formarse, informarse y entretener.<\/p>\n<p style=\"text-align: justify\">Surgi\u00f3 como actividad en un Taller de Enriquecimiento integrado por alumnado con Altas Capacidades Intelectuales, concretamente por tres alumnos de 5\u00ba E.P. que acept\u00f3 la iniciativa con entusiasmo e ilusi\u00f3n. El proceso fue lento, pero exitoso, cuyo resultado final fue la creaci\u00f3n de un ejemplar del peri\u00f3dico, que se public\u00f3 en la antigua p\u00e1gina web de nuestro colegio.<\/p>\n<p style=\"text-align: justify\">La elecci\u00f3n del nombre de nuestro peri\u00f3dico se realiz\u00f3 con la t\u00e9cnica de lluvia de ideas y se decidi\u00f3 que fuera \u201cCALIFAS AL D\u00cdA\u201d, en honor al nombre de nuestro colegio.<\/p>\n<p style=\"text-align: justify\">En el primer ejemplar del peri\u00f3dico se crearon art\u00edculos con temas muy diversos, desde noticias relacionadas con hechos hist\u00f3ricos, naturaleza, salud\u2026, hasta una entrevista a un profesor del colegio por la publicaci\u00f3n de su primera novela. Tambi\u00e9n se elaboraron pasatiempos con una serie de t\u00e9cnicas, relatos&nbsp; utilizando estrategias creativas, chistes y, por \u00faltimo, relataron algunas de sus vivencias durante el confinamiento.<\/p>\n<div style=\"text-align: center\">\n<div style=\"margin: 8px 0px 4px\"><a href=\"https:\/\/www.calameo.com\/books\/006546380ca87acf7c41f\" target=\"_blank\" rel=\"noopener noreferrer\">N\u00famero I. Junio 2020<\/a><\/div>\n<p><iframe loading=\"lazy\" src=\"\/\/v.calameo.com\/?bkcode=006546380ca87acf7c41f\" width=\"300\" height=\"194\" frameborder=\"0\" scrolling=\"no\"><\/iframe><\/p>\n<div style=\"margin: 4px 0px 8px\"><a href=\"http:\/\/www.calameo.com\/\">Publish at Calameo<\/a>&nbsp;<\/div>\n<\/div>\n<p style=\"text-align: justify\">En el curso 2020\/21 se retomaron los Talleres de Enriquecimiento y en el colegio hemos decidido continuar con este proyecto del peri\u00f3dico escolar y hacer part\u00edcipe a toda la comunidad educativa. Pero ahora nuestro objetivo es m\u00e1s ambicioso, pues queremos que nuestro peri\u00f3dico sea tambi\u00e9n veh\u00edculo de expresiones creativas, sentimientos, vivencias, comunicaciones personales y todo cuanto los miembros de nuestra comunidad educativa quiera o necesite expresar.<\/p>\n","protected":false},"excerpt":{"rendered":"<p>\u00abCalifas al d\u00eda\u00bb Esta aventura comenz\u00f3 durante el curso 2019\/20 con la creaci\u00f3n de un peri\u00f3dico escolar, cuya meta era formarse, informarse y entretener. Surgi\u00f3 como actividad en un Taller de Enriquecimiento integrado por&#46;&#46;&#46;<\/p>\n","protected":false},"author":1,"featured_media":0,"parent":113,"menu_order":0,"comment_status":"closed","ping_status":"open","template":"page-cs.php","meta":{"ngg_post_thumbnail":0,"footnotes":"","_mc_calendar":[]},"aioseo_notices":[],"_links":{"self":[{"href":"https:\/\/blogsaverroes.juntadeandalucia.es\/ceiploscalifas\/wp-json\/wp\/v2\/pages\/330"}],"collection":[{"href":"https:\/\/blogsaverroes.juntadeandalucia.es\/ceiploscalifas\/wp-json\/wp\/v2\/pages"}],"about":[{"href":"https:\/\/blogsaverroes.juntadeandalucia.es\/ceiploscalifas\/wp-json\/wp\/v2\/types\/page"}],"author":[{"embeddable":true,"href":"https:\/\/blogsaverroes.juntadeandalucia.es\/ceiploscalifas\/wp-json\/wp\/v2\/users\/1"}],"replies":[{"embeddable":true,"href":"https:\/\/blogsaverroes.juntadeandalucia.es\/ceiploscalifas\/wp-json\/wp\/v2\/comments?post=330"}],"version-history":[{"count":7,"href":"https:\/\/blogsaverroes.juntadeandalucia.es\/ceiploscalifas\/wp-json\/wp\/v2\/pages\/330\/revisions"}],"predecessor-version":[{"id":2593,"href":"https:\/\/blogsaverroes.juntadeandalucia.es\/ceiploscalifas\/wp-json\/wp\/v2\/pages\/330\/revisions\/2593"}],"up":[{"embeddable":true,"href":"https:\/\/blogsaverroes.juntadeandalucia.es\/ceiploscalifas\/wp-json\/wp\/v2\/pages\/113"}],"wp:attachment":[{"href":"https:\/\/blogsaverroes.juntadeandalucia.es\/ceiploscalifas\/wp-json\/wp\/v2\/media?parent=330"}],"curies":[{"name":"wp","href":"https:\/\/api.w.org\/{rel}","templated":true}]}}