{"id":1824,"date":"2025-06-23T15:44:11","date_gmt":"2025-06-23T14:44:11","guid":{"rendered":"https:\/\/blogsaverroes.juntadeandalucia.es\/ceiplosgrupos\/?page_id=1824"},"modified":"2025-06-23T16:04:07","modified_gmt":"2025-06-23T15:04:07","slug":"proa-transformate-2024-2028","status":"publish","type":"page","link":"https:\/\/blogsaverroes.juntadeandalucia.es\/ceiplosgrupos\/proa-transformate-2024-2028\/","title":{"rendered":"PROA + Transf\u00f3rmate (2024-2028)"},"content":{"rendered":"<p data-start=\"86\" data-end=\"247\"><img loading=\"lazy\" decoding=\"async\" class=\"alignnone size-medium wp-image-1825 aligncenter\" src=\"https:\/\/blogsaverroes.juntadeandalucia.es\/ceiplosgrupos\/files\/2025\/06\/Captura-de-pantalla-2025-06-23-a-las-16.27.46-300x107.png\" alt=\"PROA +\" width=\"300\" height=\"107\"><\/p>\n<p data-start=\"86\" data-end=\"247\"><strong data-start=\"203\" data-end=\"246\">Programa PROA+ Transf\u00f3rmate (2024-2028)<\/strong>.<\/p>\n<p data-start=\"249\" data-end=\"546\">\u00bfEn qu\u00e9 consiste este programa?<br data-start=\"280\" data-end=\"283\">\u2705 Un plan de apoyo para el <strong data-start=\"310\" data-end=\"372\">avance, enriquecimiento educativo y refuerzo institucional<\/strong> en los centros.<br data-start=\"388\" data-end=\"391\">\u2705 Su objetivo: <strong data-start=\"406\" data-end=\"434\">mejorar el \u00e9xito escolar<\/strong> y <strong data-start=\"437\" data-end=\"479\">garantizar la permanencia del alumnado<\/strong> en centros con mayores \u00edndices de vulnerabilidad socioeducativa.<\/p>\n<p data-start=\"249\" data-end=\"546\"><strong>CURSO 2024-25<\/strong><\/p>\n<p data-start=\"249\" data-end=\"546\"><strong>A230<\/strong>. A<span data-huuid=\"124914952737152528\">ctividad de refuerzo para la mejora y \u00e9xito educativo del alumnado y las familias<\/span><\/p>\n<ul>\n<li data-start=\"249\" data-end=\"546\">Visita a Hacienda Guzm\u00e1n como culminaci\u00f3n al aprendizaje basado en proyectos &#8220;El Olivar de los Grupos&#8221; (Lunes 21 abril: infantil y 1.\u00ba ciclo; Viernes 25 abril: 2.\u00ba y 3.\u00ba ciclo)<\/li>\n<\/ul>\n<p style=\"text-align: center\"><iframe loading=\"lazy\" src=\"\/\/www.youtube.com\/embed\/RT0QRBJAkoY\" width=\"560\" height=\"314\"><\/iframe><\/p>\n<p style=\"text-align: center\"><iframe loading=\"lazy\" src=\"\/\/www.youtube.com\/embed\/RT0QRBJAkoY\" width=\"560\" height=\"314\"><\/iframe><\/p>\n<ul>\n<li>Taller de cuentacuentos con Fran Nu\u00f1o (jueves 24 abril: infantil y primaria) <a href=\"https:\/\/www.instagram.com\/p\/DI1GptGtCvT\/\" target=\"_blank\" rel=\"noopener\">ver<\/a><\/li>\n<li>Firma de aut\u00f3grafos Fran Nu\u00f1o <a href=\"https:\/\/www.instagram.com\/p\/DJB319itk8q\/\" target=\"_blank\" rel=\"noopener\">ver<\/a><\/li>\n<li>Donaci\u00f3n libros Fran Nu\u00f1o <a href=\"https:\/\/www.instagram.com\/p\/DJCGxALtAnR\/\" target=\"_blank\" rel=\"noopener\">ver<\/a><\/li>\n<li>Entrevista a Fran Nu\u00f1o<\/li>\n<\/ul>\n<p><iframe loading=\"lazy\" src=\"https:\/\/www.ivoox.com\/player_ej_145574046_6_1.html?c1=2d5360\" width=\"100%\" height=\"200\" frameborder=\"0\" scrolling=\"no\"><\/iframe><\/p>\n<ul>\n<li>Taller de escritura con Andersen con Fran Nu\u00f1o (martes 29 de abril)<\/li>\n<li>Taller de escritura \u201cEl soldadito de plomo\u201d con Fran Nu\u00f1o en 5.\u00ba de primaria <strong><a href=\"https:\/\/www.instagram.com\/p\/DJBqNORtvG8\/\" target=\"_blank\" rel=\"noopener\">ver<\/a><\/strong><\/li>\n<li>Taller de escritura \u201cEl patito feo\u201d con Fran Nu\u00f1o en 3.\u00ba y 4.\u00ba de primaria <strong><a href=\"https:\/\/www.instagram.com\/p\/DJBkMnxN_Vk\/\" target=\"_blank\" rel=\"noopener\">ver<\/a><\/strong><\/li>\n<li>Taller de escritura \u201cLas zapatillas rojas\u201d con Fran Nu\u00f1o en 6.\u00ba de primaria <strong><a href=\"https:\/\/www.instagram.com\/p\/DJB2rhdNwkh\/\" target=\"_blank\" rel=\"noopener\">ver<\/a><\/strong><\/li>\n<li>Taller de ilustraci\u00f3n con Andersen junto a Rosario Cifuentes (Lunes 5 mayo: infantil y 1.\u00ba ciclo; martes 6 mayo: 2.\u00ba y 3.\u00ba ciclo)<\/li>\n<\/ul>\n<p style=\"text-align: center\"><iframe loading=\"lazy\" src=\"\/\/www.youtube.com\/embed\/rvnfE6lbQq0\" width=\"560\" height=\"314\"><\/iframe><\/p>\n<p style=\"text-align: center\"><iframe loading=\"lazy\" src=\"\/\/www.youtube.com\/embed\/IRaOjVh2hBs\" width=\"560\" height=\"314\"><\/iframe><\/p>\n<p style=\"text-align: center\"><iframe loading=\"lazy\" src=\"\/\/www.youtube.com\/embed\/Y5LfSpwuoHw\" width=\"560\" height=\"314\"><\/iframe><\/p>\n<p><iframe loading=\"lazy\" src=\"https:\/\/www.ivoox.com\/player_ej_146368737_6_1.html?c1=2d5360\" width=\"100%\" height=\"200\" frameborder=\"0\" scrolling=\"no\"><\/iframe><\/p>\n<p style=\"text-align: center\"><iframe loading=\"lazy\" src=\"\/\/www.youtube.com\/embed\/tbNeHfCG4s0\" width=\"560\" height=\"314\"><\/iframe><\/p>\n<ul>\n<li>Taller de estimulaci\u00f3n cognitiva<\/li>\n<\/ul>\n<p style=\"text-align: center\"><iframe loading=\"lazy\" src=\"\/\/www.youtube.com\/embed\/OFDuKpeUP7o\" width=\"560\" height=\"314\"><\/iframe><\/p>\n<p>&nbsp;<\/p>\n<p>&nbsp;<\/p>\n","protected":false},"excerpt":{"rendered":"<p>Programa PROA+ Transf\u00f3rmate (2024-2028). \u00bfEn qu\u00e9 consiste este programa?\u2705 Un plan de apoyo para el avance, enriquecimiento educativo y refuerzo institucional en los centros.\u2705 Su objetivo: mejorar el \u00e9xito escolar y garantizar la permanencia del alumnado en centros con mayores \u00edndices de vulnerabilidad socioeducativa. CURSO 2024-25 A230. Actividad de refuerzo para la mejora y \u00e9xito [&hellip;]<\/p>\n","protected":false},"author":19722,"featured_media":0,"parent":0,"menu_order":0,"comment_status":"closed","ping_status":"closed","template":"","meta":{"_et_pb_use_builder":"","_et_pb_old_content":"","_et_gb_content_width":"","ngg_post_thumbnail":0,"footnotes":""},"aioseo_notices":[],"_links":{"self":[{"href":"https:\/\/blogsaverroes.juntadeandalucia.es\/ceiplosgrupos\/wp-json\/wp\/v2\/pages\/1824"}],"collection":[{"href":"https:\/\/blogsaverroes.juntadeandalucia.es\/ceiplosgrupos\/wp-json\/wp\/v2\/pages"}],"about":[{"href":"https:\/\/blogsaverroes.juntadeandalucia.es\/ceiplosgrupos\/wp-json\/wp\/v2\/types\/page"}],"author":[{"embeddable":true,"href":"https:\/\/blogsaverroes.juntadeandalucia.es\/ceiplosgrupos\/wp-json\/wp\/v2\/users\/19722"}],"replies":[{"embeddable":true,"href":"https:\/\/blogsaverroes.juntadeandalucia.es\/ceiplosgrupos\/wp-json\/wp\/v2\/comments?post=1824"}],"version-history":[{"count":5,"href":"https:\/\/blogsaverroes.juntadeandalucia.es\/ceiplosgrupos\/wp-json\/wp\/v2\/pages\/1824\/revisions"}],"predecessor-version":[{"id":1831,"href":"https:\/\/blogsaverroes.juntadeandalucia.es\/ceiplosgrupos\/wp-json\/wp\/v2\/pages\/1824\/revisions\/1831"}],"wp:attachment":[{"href":"https:\/\/blogsaverroes.juntadeandalucia.es\/ceiplosgrupos\/wp-json\/wp\/v2\/media?parent=1824"}],"curies":[{"name":"wp","href":"https:\/\/api.w.org\/{rel}","templated":true}]}}