{"id":708,"date":"2024-10-02T23:17:35","date_gmt":"2024-10-02T22:17:35","guid":{"rendered":"https:\/\/blogsaverroes.juntadeandalucia.es\/ceiplosgrupos\/?page_id=708"},"modified":"2025-06-23T15:21:57","modified_gmt":"2025-06-23T14:21:57","slug":"proa-transformate-2021-2024","status":"publish","type":"page","link":"https:\/\/blogsaverroes.juntadeandalucia.es\/ceiplosgrupos\/proa-transformate-2021-2024\/","title":{"rendered":"PROA + Transf\u00f3rmate (2021-2024)"},"content":{"rendered":"<p><img loading=\"lazy\" decoding=\"async\" class=\"alignnone size-medium wp-image-1071 aligncenter\" src=\"https:\/\/blogsaverroes.juntadeandalucia.es\/ceiplosgrupos\/files\/2024\/10\/Sin-titulo-8-300x49.png\" alt=\"\" width=\"300\" height=\"49\"><\/p>\n<p><span style=\"font-size: 12pt\">El Programa para la orientaci\u00f3n, avance y enriquecimiento educativo <strong>Proa+ \u201cTransf\u00f3rmate\u201d<\/strong> que se plantea con car\u00e1cter plurianual, 2021-2024, se presenta como mecanismo de ayuda financiera, fortalecimiento institucional y formativo a los centros, para apoyar y reforzar sus actuaciones durante el per\u00edodo 2021-2024.<\/span><\/p>\n<p><span style=\"font-size: 12pt\">Dicho Programa, aprobado por Acuerdo de Consejo de Ministros de 13 de julio de 2021, tiene como objetivo mejorar los \u00edndices de \u00e9xito escolar y garantizar la permanencia del alumnado en aquellos centros p\u00fablicos de Educaci\u00f3n Primaria y Educaci\u00f3n Secundaria en los que se concentre un porcentaje elevado de j\u00f3venes en clara situaci\u00f3n de vulnerabilidad socioeducativa.<\/span><\/p>\n<ul>\n<li><span style=\"font-size: 12pt\"><a href=\"https:\/\/blogsaverroes.juntadeandalucia.es\/ceiplosgrupos\/files\/2024\/10\/CAP.-17.-PEM-41002876-CEIP-LOS-GRUPOS.pdf\" target=\"_blank\" rel=\"noopener\">Plan Estrat\u00e9gico Mejora PROA+ Transf\u00f3rmate<\/a><\/span><\/li>\n<\/ul>\n<p><strong>CURSO 2021-22<\/strong><\/p>\n<ul>\n<li><strong>A230<\/strong>. Taller competencia ling\u00fcistica: mejora expresi\u00f3n oral y escrita en lengua inglesa<\/li>\n<li><strong>A230<\/strong>. Taller l\u00f3gico-matem\u00e1tica<\/li>\n<li><strong>A103<\/strong>. Taller alfabetizaci\u00f3n digital familias<\/li>\n<\/ul>\n<p><strong>CURSO 2022-23<\/strong><\/p>\n<ul>\n<li><strong>A230<\/strong>. Excursi\u00f3n final ABP Dinosaurios live<\/li>\n<\/ul>\n<p style=\"text-align: center\"><iframe loading=\"lazy\" src=\"\/\/www.youtube.com\/embed\/ht9DfRPedbk\" width=\"560\" height=\"314\"><\/iframe><\/p>\n<ul>\n<li><strong>A230<\/strong>. Concierto did\u00e1ctico reciclaje: concienciaci\u00f3n medioambiente<\/li>\n<\/ul>\n<p style=\"text-align: center\"><iframe loading=\"lazy\" src=\"\/\/www.youtube.com\/embed\/BOprNtLVOX8\" width=\"560\" height=\"314\"><\/iframe><\/p>\n<p style=\"text-align: center\"><iframe loading=\"lazy\" src=\"\/\/www.youtube.com\/embed\/zE-mb-J6aBk\" width=\"560\" height=\"314\"><\/iframe><\/p>\n<ul>\n<li><strong>A103<\/strong>. Familias a la escuela, escuela de familias<\/li>\n<\/ul>\n<p style=\"text-align: center\">Taller de ilustraciones: Colores de violeta<\/p>\n<p style=\"text-align: center\"><iframe loading=\"lazy\" src=\"\/\/www.youtube.com\/embed\/2ON8IlUWYgw\" width=\"560\" height=\"314\"><\/iframe><\/p>\n<p style=\"text-align: center\"><iframe loading=\"lazy\" src=\"\/\/www.youtube.com\/embed\/_Qh5IPeFNrU\" width=\"560\" height=\"314\"><\/iframe><\/p>\n<p style=\"text-align: center\">Taller cuentacuentos: Alejandra Vanesa<\/p>\n<p style=\"text-align: center\"><iframe loading=\"lazy\" src=\"\/\/www.youtube.com\/embed\/tH3RMCKEBH8\" width=\"560\" height=\"314\"><\/iframe><\/p>\n<p style=\"text-align: center\"><iframe loading=\"lazy\" src=\"\/\/www.youtube.com\/embed\/lKXAnixsqZE\" width=\"560\" height=\"314\"><\/iframe><\/p>\n<ul>\n<li><strong>A550.<\/strong> Plan Acogida del profesorado<\/li>\n<li><strong>A230<\/strong>. ComunicA 2022-23 <strong><a href=\"https:\/\/view.genially.com\/645fad433ed7fb0011d0233c\/presentation-buenas-practicas-comunica-2023\" target=\"_blank\" rel=\"noopener\">ver<\/a><\/strong><\/li>\n<\/ul>\n<p><strong>CURSO 2023-24<\/strong><\/p>\n<ul style=\"list-style-type: disc\">\n<li><strong>A101<\/strong>. Evaluaci\u00f3n Barreras <strong><a href=\"https:\/\/drive.google.com\/drive\/folders\/14HS8OQjBIeOJx4-Y7m_s2lYx8BRMDkD1?usp=sharing\" target=\"_blank\" rel=\"noopener\">ver<\/a><\/strong>\n<ul style=\"list-style-type: disc\">\n<li>Cuestionario satisfacci\u00f3n de las familias<\/li>\n<li>Cuestionario perfil diversidad<\/li>\n<li>Cuestionario evaluaci\u00f3n escuela inclusiva<\/li>\n<li>An\u00e1lisis DAFO<\/li>\n<li>An\u00e1lisis indicadores homologados<\/li>\n<\/ul>\n<\/li>\n<\/ul>\n<p>&nbsp;<\/p>\n<ul style=\"list-style-type: disc\">\n<li><strong>A230. <\/strong>Mejorando la competencia ling\u00fc\u00edstica y art\u00edstica: dibujo y c\u00f3mic con Cristina Grillante (ABP Campamento Mestizo: seres y criaturas mitol\u00f3gicas) <strong><a href=\"https:\/\/drive.google.com\/drive\/folders\/1ePU_sEQrQUdK2ySa7K9hT7pak4n9a1WL?usp=sharing\" target=\"_blank\" rel=\"noopener\">ver<\/a><\/strong><\/li>\n<\/ul>\n<p style=\"text-align: center\">Taller de dibujo y c\u00f3mic<\/p>\n<div style=\"width: 100%\">\n<div style=\"position: relative;padding-bottom: 56.25%;padding-top: 0;height: 0\"><iframe loading=\"lazy\" src=\"https:\/\/view.genially.com\/65e9f17d6677ee001424961f\" width=\"1200\" height=\"675\" frameborder=\"0\" scrolling=\"yes\"><\/iframe><\/div>\n<\/div>\n<p>&nbsp;<\/p>\n<p>&nbsp;<\/p>\n<p>&nbsp;<\/p>\n<p>&nbsp;<\/p>\n<p>&nbsp;<\/p>\n<p>&nbsp;<\/p>\n<p>&nbsp;<\/p>\n<p style=\"text-align: center\">Excursi\u00f3n a Parauta (Bosque Encantado). (ABP Campamento Mestizo: seres y criaturas mitol\u00f3gicas)<\/p>\n<p style=\"text-align: center\"><iframe loading=\"lazy\" src=\"\/\/www.youtube.com\/embed\/fDqNb9JsLCk\" width=\"560\" height=\"314\"><\/iframe><\/p>\n<p><strong>A550<\/strong>. Plan Acogida Profesorado<\/p>\n<ul>\n<li>Situaciones de aprendizaje y evaluaci\u00f3n<\/li>\n<li>Cuaderno de S\u00e9neca<\/li>\n<li>PLC<\/li>\n<li>Comunicaci\u00f3n y alfabetizaci\u00f3n medi\u00e1tica e informacional<\/li>\n<li>Metodolog\u00eda: ABP y aprendizaje cooperativo<\/li>\n<\/ul>\n<p><strong>A551<\/strong>. Plan Formaci\u00f3n Profesorado<\/p>\n<ul>\n<li>Educaci\u00f3n emocional&nbsp;<\/li>\n<\/ul>\n<div style=\"vertical-align: top;width: 300px;margin: 20px auto;color: #333;background: #fff;border: 1px solid #ddd;line-height: 1.2;text-decoration: none;padding: 0\">\n<p><a style=\"color: #333;line-height: 1.2;text-decoration: none;padding: 0;font-weight: normal\" href=\"https:\/\/read.bookcreator.com\/Jr5JPosoKRTZfsBUOiYwZg0ur7X2\/RJn8IhAoQoWerwI55psjuQ\" target=\"_blank\" rel=\"noopener noreferrer\"><img decoding=\"async\" style=\"max-height: 300px;max-width: 100%;margin: 0 auto;padding: 0;border: none\" src=\"https:\/\/assets.api.bookcreator.com\/Jr5JPosoKRTZfsBUOiYwZg0ur7X2\/books\/RJn8IhAoQoWerwI55psjuQ\/cover\/share\" alt=\"LIBRO SOBRE EMOCIONES 23_24\"><\/a><\/p>\n<div style=\"padding: 20px;overflow: hidden;border-top: 1px solid #ddd\">\n<div style=\"color: #333;line-height: 1.2;text-decoration: none;padding: 0;font-weight: normal;font-size: 21px;margin: 0 0 0.25em\"><a style=\"color: #333;line-height: 1.2;text-decoration: none;padding: 0;font-weight: normal\" href=\"https:\/\/read.bookcreator.com\/Jr5JPosoKRTZfsBUOiYwZg0ur7X2\/RJn8IhAoQoWerwI55psjuQ\" target=\"_blank\" rel=\"noopener noreferrer\">LIBRO SOBRE EMOCIONES 23_24<\/a><\/div>\n<div style=\"color: #333;line-height: 1.2;text-decoration: none;padding: 0;font-weight: normal;font-size: 16px;margin: 0 0 0.5em\"><a style=\"color: #333;line-height: 1.2;text-decoration: none;padding: 0;font-weight: normal\" href=\"https:\/\/read.bookcreator.com\/Jr5JPosoKRTZfsBUOiYwZg0ur7X2\/RJn8IhAoQoWerwI55psjuQ\" target=\"_blank\" rel=\"noopener noreferrer\">Click to read this book, made with Book Creator<\/a><\/div>\n<div style=\"color: #455a64;line-height: 1.2;text-decoration: none;padding: 0;font-weight: bold;overflow: hidden;font-size: 14px\"><a style=\"color: #333;line-height: 1.2;text-decoration: none;padding: 0;font-weight: normal\" href=\"https:\/\/read.bookcreator.com\/Jr5JPosoKRTZfsBUOiYwZg0ur7X2\/RJn8IhAoQoWerwI55psjuQ\" target=\"_blank\" rel=\"noopener noreferrer\">read.bookcreator.com<\/a><\/div>\n<\/div>\n<\/div>\n<p>&nbsp;<\/p>\n<ul>\n<li>Pensamiento computacional y rob\u00f3tica<\/li>\n<li>Enfoque DUA<\/li>\n<\/ul>\n","protected":false},"excerpt":{"rendered":"<p>El Programa para la orientaci\u00f3n, avance y enriquecimiento educativo Proa+ \u201cTransf\u00f3rmate\u201d que se plantea con car\u00e1cter plurianual, 2021-2024, se presenta como mecanismo de ayuda financiera, fortalecimiento institucional y formativo a los centros, para apoyar y reforzar sus actuaciones durante el per\u00edodo 2021-2024. Dicho Programa, aprobado por Acuerdo de Consejo de Ministros de 13 de julio [&hellip;]<\/p>\n","protected":false},"author":19722,"featured_media":0,"parent":0,"menu_order":0,"comment_status":"closed","ping_status":"closed","template":"","meta":{"_et_pb_use_builder":"","_et_pb_old_content":"","_et_gb_content_width":"","ngg_post_thumbnail":0,"footnotes":""},"aioseo_notices":[],"_links":{"self":[{"href":"https:\/\/blogsaverroes.juntadeandalucia.es\/ceiplosgrupos\/wp-json\/wp\/v2\/pages\/708"}],"collection":[{"href":"https:\/\/blogsaverroes.juntadeandalucia.es\/ceiplosgrupos\/wp-json\/wp\/v2\/pages"}],"about":[{"href":"https:\/\/blogsaverroes.juntadeandalucia.es\/ceiplosgrupos\/wp-json\/wp\/v2\/types\/page"}],"author":[{"embeddable":true,"href":"https:\/\/blogsaverroes.juntadeandalucia.es\/ceiplosgrupos\/wp-json\/wp\/v2\/users\/19722"}],"replies":[{"embeddable":true,"href":"https:\/\/blogsaverroes.juntadeandalucia.es\/ceiplosgrupos\/wp-json\/wp\/v2\/comments?post=708"}],"version-history":[{"count":14,"href":"https:\/\/blogsaverroes.juntadeandalucia.es\/ceiplosgrupos\/wp-json\/wp\/v2\/pages\/708\/revisions"}],"predecessor-version":[{"id":1823,"href":"https:\/\/blogsaverroes.juntadeandalucia.es\/ceiplosgrupos\/wp-json\/wp\/v2\/pages\/708\/revisions\/1823"}],"wp:attachment":[{"href":"https:\/\/blogsaverroes.juntadeandalucia.es\/ceiplosgrupos\/wp-json\/wp\/v2\/media?parent=708"}],"curies":[{"name":"wp","href":"https:\/\/api.w.org\/{rel}","templated":true}]}}