{"id":710,"date":"2024-10-02T23:18:07","date_gmt":"2024-10-02T22:18:07","guid":{"rendered":"https:\/\/blogsaverroes.juntadeandalucia.es\/ceiplosgrupos\/?page_id=710"},"modified":"2024-10-12T12:29:39","modified_gmt":"2024-10-12T11:29:39","slug":"comunica-2022","status":"publish","type":"page","link":"https:\/\/blogsaverroes.juntadeandalucia.es\/ceiplosgrupos\/comunica-2022\/","title":{"rendered":"ComunicA (2022)"},"content":{"rendered":"<p><span class=\"BxUVEf ILfuVd\" lang=\"es\" style=\"font-size: 14pt\"><span class=\"hgKElc\"><b>ComunicA<\/b> es un Programa para la Innovaci\u00f3n Educativa que presenta una visi\u00f3n integradora de las tipolog\u00edas textuales como manifestaci\u00f3n cultural, ling\u00fc\u00edstica, est\u00e9tica, social, \u00e9tica e individual que se vinculan con las competencias clave y las nuevas metodolog\u00edas educativas.<\/span><\/span><\/p>\n<p><span style=\"font-size: 14pt\"><a href=\"https:\/\/ceiplosgrupos.wixsite.com\/my-site\">Los Grupos ComunicAn <strong>ver<\/strong><\/a><\/span><\/p>\n<p><span style=\"font-size: 14pt\"><a href=\"https:\/\/view.genially.com\/645fad433ed7fb0011d0233c\/presentation-buenas-practicas-comunica-2023\">Buenas Pr\u00e1cticas ComunicA 2023 <strong>ver<\/strong><\/a><\/span><\/p>\n<p><span style=\"font-size: 14pt\"><a href=\"https:\/\/sites.google.com\/view\/losgruposhablan\/inicio\">Radio y Televisi\u00f3n Los Grupos ComunicAn <strong>ver<\/strong><\/a><\/span><\/p>\n<p><iframe loading=\"lazy\" src=\"https:\/\/www.ivoox.com\/_p3_1454963_1.html\" width=\"320\" height=\"111\" frameborder=\"0\" scrolling=\"no\"><\/iframe>&nbsp; &nbsp;&nbsp;<\/p>\n<p><iframe loading=\"lazy\" src=\"https:\/\/podcasters.spotify.com\/pod\/show\/colegio-los-grupos\/embed\" width=\"400px\" height=\"102px\" frameborder=\"0\" scrolling=\"no\"><\/iframe>&nbsp;<\/p>\n<p>&nbsp;<\/p>\n<p><img loading=\"lazy\" decoding=\"async\" class=\"alignnone size-medium wp-image-826 aligncenter\" src=\"https:\/\/blogsaverroes.juntadeandalucia.es\/ceiplosgrupos\/files\/2024\/10\/Sin-titulo-1-300x99.png\" alt=\"\" width=\"300\" height=\"99\" srcset=\"https:\/\/blogsaverroes.juntadeandalucia.es\/ceiplosgrupos\/files\/2024\/10\/Sin-titulo-1-300x99.png 300w, https:\/\/blogsaverroes.juntadeandalucia.es\/ceiplosgrupos\/files\/2024\/10\/Sin-titulo-1.png 389w\" sizes=\"(max-width: 300px) 100vw, 300px\" \/><\/p>\n","protected":false},"excerpt":{"rendered":"<p>ComunicA es un Programa para la Innovaci\u00f3n Educativa que presenta una visi\u00f3n integradora de las tipolog\u00edas textuales como manifestaci\u00f3n cultural, ling\u00fc\u00edstica, est\u00e9tica, social, \u00e9tica e individual que se vinculan con las competencias clave y las nuevas metodolog\u00edas educativas. Los Grupos ComunicAn ver Buenas Pr\u00e1cticas ComunicA 2023 ver Radio y Televisi\u00f3n Los Grupos ComunicAn ver &nbsp; [&hellip;]<\/p>\n","protected":false},"author":19722,"featured_media":0,"parent":0,"menu_order":0,"comment_status":"closed","ping_status":"closed","template":"","meta":{"_et_pb_use_builder":"","_et_pb_old_content":"","_et_gb_content_width":"","ngg_post_thumbnail":0,"footnotes":""},"aioseo_notices":[],"_links":{"self":[{"href":"https:\/\/blogsaverroes.juntadeandalucia.es\/ceiplosgrupos\/wp-json\/wp\/v2\/pages\/710"}],"collection":[{"href":"https:\/\/blogsaverroes.juntadeandalucia.es\/ceiplosgrupos\/wp-json\/wp\/v2\/pages"}],"about":[{"href":"https:\/\/blogsaverroes.juntadeandalucia.es\/ceiplosgrupos\/wp-json\/wp\/v2\/types\/page"}],"author":[{"embeddable":true,"href":"https:\/\/blogsaverroes.juntadeandalucia.es\/ceiplosgrupos\/wp-json\/wp\/v2\/users\/19722"}],"replies":[{"embeddable":true,"href":"https:\/\/blogsaverroes.juntadeandalucia.es\/ceiplosgrupos\/wp-json\/wp\/v2\/comments?post=710"}],"version-history":[{"count":11,"href":"https:\/\/blogsaverroes.juntadeandalucia.es\/ceiplosgrupos\/wp-json\/wp\/v2\/pages\/710\/revisions"}],"predecessor-version":[{"id":1024,"href":"https:\/\/blogsaverroes.juntadeandalucia.es\/ceiplosgrupos\/wp-json\/wp\/v2\/pages\/710\/revisions\/1024"}],"wp:attachment":[{"href":"https:\/\/blogsaverroes.juntadeandalucia.es\/ceiplosgrupos\/wp-json\/wp\/v2\/media?parent=710"}],"curies":[{"name":"wp","href":"https:\/\/api.w.org\/{rel}","templated":true}]}}