{"id":2957,"date":"2022-05-19T11:57:50","date_gmt":"2022-05-19T11:57:50","guid":{"rendered":"https:\/\/blogsaverroes.juntadeandalucia.es\/ceiplosjarales\/?page_id=2957"},"modified":"2026-01-28T20:51:11","modified_gmt":"2026-01-28T19:51:11","slug":"matriculacion","status":"publish","type":"page","link":"https:\/\/blogsaverroes.juntadeandalucia.es\/ceiplosjarales\/matriculacion\/","title":{"rendered":"Matriculaci\u00f3n"},"content":{"rendered":"<p style=\"text-align: center\"><strong><span style=\"color: #003366\">PLAZO DE MATRICULACI\u00d3N Y SOLICITUD DE SERVICIOS COMPLEMENTARIOS <\/span><\/strong><\/p>\n<p style=\"text-align: center\"><strong><span style=\"color: #003366\">( matinal, comedor y transporte)<\/span><\/strong><\/p>\n<div style=\"width: 100%\">\n<div style=\"position: relative;padding-bottom: 56.25%;padding-top: 0;height: 0\"><iframe src=\"https:\/\/view.genially.com\/664db9ecb69ee300140510ad\" width=\"1200px\" height=\"675px\" frameborder=\"0\" scrolling=\"yes\"><\/iframe><\/div>\n<\/div>\n<p>&nbsp;<\/p>\n<p style=\"text-align: center\"><span style=\"color: #ff0000\"><strong>1 al 10 de junio<\/strong><\/span><\/p>\n<p style=\"text-align: center\"><span style=\"color: #003366\"><strong>INFORMACI\u00d3N GENERAL<\/strong><\/span><\/p>\n<p style=\"text-align: justify\">La <strong>presentaci\u00f3n<\/strong> se realizar\u00e1 de manera <strong>telem\u00e1tica, <\/strong>&nbsp;por lo que NO tendr\u00e1 que acudir al centro.&nbsp;<\/p>\n<p style=\"text-align: justify\">Si tiene varios hijos\/as tendr\u00e1 que aportar la <b>documentaci\u00f3n a cada una de la solicitudes de matr\u00edcula.&nbsp;<\/b><\/p>\n<p style=\"text-align: justify\"><strong>La no matriculaci\u00f3n<\/strong> en el plazo establecido implicar\u00e1 la <strong>renuncia a la plaza<\/strong>. Las plazas escolares disponibles tras la matriculaci\u00f3n se adjudican a las solicitudes admitidas en listas de espera, que realizan su matr\u00edcula a mediados de junio.&nbsp;<\/p>\n<p style=\"text-align: justify\">Si pincha en los textos subrayados acceder\u00e1 a la informaci\u00f3n.<\/p>\n<p><span style=\"color: #ff0000\"><strong>Reuni\u00f3n con las familias de 3 A\u00d1OS<\/strong><\/span>:<\/p>\n<p><strong>D\u00eda 17 de junio a las 9:15<\/strong> en la sala de usos m\u00faltiples del CEIP Los Jarales.<\/p>\n<p>Es muy importante la asistencia. Por favor, por motivos organizativos, acudan a la reuni\u00f3n SIN los ni\u00f1os.&nbsp;<\/p>\n<blockquote>\n<p style=\"text-align: center\"><span style=\"color: #003366\"><strong>PRESENTACI\u00d3N<\/strong><\/span><\/p>\n<p style=\"text-align: justify\">La presentaci\u00f3n de la matr\u00edcula se<strong> realizar\u00e1 telem\u00e1ticamente<\/strong> a trav\u00e9s&nbsp; de&nbsp; la&nbsp; Secretar\u00eda Virtual de la Junta de Andaluc\u00eda y aportando la documentaci\u00f3n necesaria.&nbsp;<\/p>\n<p style=\"text-align: center\"><span style=\"color: #008000\"><strong><em>Todos los impresos los encontrar\u00e1 en la Secretar\u00eda Virtual<\/em><\/strong><\/span><\/p>\n<p style=\"text-align: center\">Es necesario certificado digital o clave IANDE .<\/p>\n<p style=\"text-align: center\">Para obtener la clave IANDE, entre en la app de IPASEN, pinche abajo en el icono de la casa. Arriba a la derecha pinche en el bocadillo de comunicaciones. La primera comunicaci\u00f3n contiene dicha clave.<\/p>\n<p style=\"text-align: center\"><a href=\"https:\/\/www.youtube.com\/watch?v=eHMWFfaG8rU\" target=\"_blank\" rel=\"noopener noreferrer\">TUTORIAL MATR\u00cdCULA TELEM\u00c1TICA<\/a><\/p>\n<p>Este a\u00f1o como novedad, es obligatorio rellenar el cuestionario de fondos europeos. Por lo que al realizar la matriculaci\u00f3n tendr\u00e1n que rellenar:&nbsp;<\/p>\n<ul>\n<li><strong>Impreso de matr\u00edcula<\/strong>. OBLIGATORIO<\/li>\n<li><strong>Solicitud de actividades complementarias<\/strong> ( comedor, transporte y matinal). En caso de que queramos solicitarlo.<\/li>\n<li><strong>Cuestionario de ejecuci\u00f3n de fondo social europeo<\/strong>. OBLIGATORIO.&nbsp; (El apartado 6 no deber\u00e1n responderlo).<\/li>\n<li><strong>Impreso de autorizaciones<\/strong>. OBLIGATORIO<\/li>\n<\/ul>\n<p style=\"text-align: center\"><a href=\"https:\/\/www.youtube.com\/watch?v=zC8z-QN8xqc\" target=\"_blank\" rel=\"noopener noreferrer\">TUTORIAL CUESTIONARIO EJECUCI\u00d3N FONDO SOCIAL EUROPEO<\/a><\/p>\n<p style=\"text-align: center\"><span style=\"color: #333399\"><strong>DOCUMENTACI\u00d3N A APORTAR MATR\u00cdCULA<\/strong><\/span><\/p>\n<p style=\"text-align: center\"><strong>ALUMNADO DE&nbsp; 3 A\u00d1OS Y NUEVAS MATR\u00cdCULAS<\/strong><\/p>\n<ul>\n<li>Fotocopia del libro de familia.<\/li>\n<li>Fotocopia del DNI de ambos progenitores.<\/li>\n<li>Sentencia judicial y\/o convenio regulador en caso de divorcio o separaci\u00f3n.&nbsp;<\/li>\n<li>Informes m\u00e9dicos relevantes.<\/li>\n<\/ul>\n<p style=\"text-align: center\"><strong>ALUMNADO QUE YA PERTENECE AL CENTRO<\/strong><\/p>\n<ul>\n<li>Sentencia judicial y\/o convenio regulador en caso de divorcio o separaci\u00f3n ( Si no la ha aportado con anterioridad o hay modificaciones).<\/li>\n<li>Informes m\u00e9dicos relevantes.<\/li>\n<\/ul>\n<p>Se adjunta carta del AMPA con la informaci\u00f3n para que puedan darse de alta aquellas familias que est\u00e9n interesadas.<\/p>\n<p style=\"text-align: center\"><a href=\"https:\/\/blogsaverroes.juntadeandalucia.es\/ceiplosjarales\/files\/2022\/05\/CARTA-AMPA.pdf\">CARTA AMPA<\/a><\/p>\n<p>&#8212;&#8212;&#8212;&#8212;&#8212;&#8212;&#8212;&#8212;&#8212;&#8212;&#8212;&#8212;&#8212;&#8212;&#8212;&#8212;&#8212;&#8212;&#8212;&#8212;&#8212;&#8212;&#8212;&#8212;&#8212;&#8212;&#8212;&#8212;<\/p>\n<p style=\"text-align: justify\">En caso de que solicite servicios de <strong>comedor o matinal,<\/strong> lea atentamente la gu\u00eda que se adjunta sobre documentaci\u00f3n a aportar.<\/p>\n<p style=\"text-align: center\"><a href=\"https:\/\/blogsaverroes.juntadeandalucia.es\/ceiplosjarales\/files\/2022\/05\/GU\u00cdA-ADJUNTAR-ACREDITACIONES.pdf\" target=\"_blank\" rel=\"noopener noreferrer\">GU\u00cdA ADJUNTAR ACREDITACIONES<\/a><\/p>\n<p style=\"text-align: center\">Si pincha en la imagen podr\u00e1 acceder a la Secretar\u00eda Virtual para formalizar la matr\u00edcula.<\/p>\n<p style=\"text-align: center\"><a href=\"https:\/\/www.juntadeandalucia.es\/educacion\/secretariavirtual\/\" target=\"_blank\" rel=\"noopener noreferrer\"><br \/>\n<img decoding=\"async\" class=\"aligncenter size-full wp-image-2965\" src=\"https:\/\/blogsaverroes.juntadeandalucia.es\/ceiplosjarales\/files\/2022\/05\/secretariavirtual.jpg\" alt=\"\" width=\"280\" height=\"150\"><\/a><\/p>\n<\/blockquote>\n<p>&#8212;&#8212;&#8212;&#8212;&#8212;&#8212;&#8212;&#8212;&#8212;&#8212;&#8212;&#8212;&#8212;&#8212;&#8212;&#8212;&#8212;&#8212;&#8212;&#8212;&#8212;&#8212;&#8212;&#8212;&#8212;&#8212;&#8212;&#8212;&#8212;&#8212;&#8212;&#8212;-<\/p>\n<p style=\"text-align: justify\">Si por alg\u00fan motivo, no pudiera formalizar la matr\u00edcula a trav\u00e9s de la Secretar\u00eda Virtual, podr\u00e1 hacerlo en la Secretar\u00eda del centro en horario de 9.15 a 10.45 y de 12.05 a 13.15. En el tramo de 10.45 a 12.05 no se atender\u00e1 en Secretar\u00eda por coincidir con el periodo de recreo del alumnado. En caso de hacerlo en ventanilla, posteriormente tendr\u00e1 que rellenar en IPASEN los aspectos relacionados con autorizaciones. En los siguientes enlaces podr\u00e1 acceder a los impresos. Siempre que sea posible, rell\u00e9nelos en el ordenador antes de imprimirlos.<\/p>\n<blockquote>\n<p style=\"text-align: center\"><span style=\"color: #000080\"><strong>IMPRESOS OBLIGATORIOS PARA <em>MATR\u00cdCULA MANUAL<\/em><\/strong><\/span><\/p>\n<\/blockquote>\n<p style=\"text-align: center\"><span style=\"color: #800080\"><a style=\"color: #800080\" href=\"https:\/\/blogsaverroes.juntadeandalucia.es\/ceiplosjarales\/files\/2022\/05\/IMPRESO-MATR\u00cdCULA-INFANTIL.pdf\">IMPRESO MATR\u00cdCULA INFANTIL ( autorrellenable)<\/a><\/span><\/p>\n<p style=\"text-align: center\"><span style=\"color: #800080\"><a style=\"color: #800080\" href=\"https:\/\/blogsaverroes.juntadeandalucia.es\/ceiplosjarales\/files\/2022\/05\/IMPRESO-MATR\u00cdCULA-PRIMARIA.pdf\">IMPRESO MATR\u00cdCULA PRIMARIA ( autorrellenable)<\/a><\/span><\/p>\n<p style=\"text-align: center\"><span style=\"color: #800080\"><a style=\"color: #800080\" href=\"https:\/\/blogsaverroes.juntadeandalucia.es\/ceiplosjarales\/files\/2022\/05\/IMPRESO-RELIGI\u00d3N-O-VALORES.docx\">IMPRESO RELIGI\u00d3N O VALORES ( Word)<\/a><\/span><\/p>\n<p style=\"text-align: center\"><span style=\"color: #800080\"><a style=\"color: #800080\" href=\"https:\/\/blogsaverroes.juntadeandalucia.es\/ceiplosjarales\/files\/2022\/05\/AUTORIZACIONES.docx\">AUTORIZACIONES ( Word )<\/a><\/span><\/p>\n<p style=\"text-align: center\"><span style=\"color: #800080\"><a style=\"color: #800080\" href=\"https:\/\/blogsaverroes.juntadeandalucia.es\/ceiplosjarales\/files\/2022\/05\/CUESTIONARIO-EJECUCI\u00d3N-FONDO-SOCIAL-EUROPEO.pdf\">CUESTIONARIO EJECUCI\u00d3N FONDO SOCIAL EUROPEO ( pdf )<\/a><\/span><\/p>\n<p>En caso de que quiera solicitar servicios complementarios ( comedor, transporte o matinal) tendr\u00e1 que aportar los siguientes impresos:<\/p>\n<p style=\"text-align: center\"><a href=\"https:\/\/blogsaverroes.juntadeandalucia.es\/ceiplosjarales\/files\/2021\/09\/Impreso-alta-servicios-complementarios-fuera-de-plazo-ordinario-1.pdf\" target=\"_blank\" rel=\"noopener noreferrer\">IMPRESO ALTA COMEDOR Y\/O MATINAL (autorrellenable)<\/a><\/p>\n<p style=\"text-align: center\"><a href=\"https:\/\/blogsaverroes.juntadeandalucia.es\/ceiplosjarales\/files\/2022\/05\/IMPRESO-TRANSPORTE.docx\" target=\"_blank\" rel=\"noopener noreferrer\">IMPRESO TRANSPORTE (Word)<\/a><\/p>\n<p>&nbsp;<\/p>\n<p style=\"text-align: center\"><span style=\"color: #000080\"><strong>DOCUMENTACI\u00d3N A APORTAR CON LA<em> MATR\u00cdCULA MANUAL<\/em><\/strong><\/span><\/p>\n<p style=\"text-align: center\"><strong>ALUMNADO DE&nbsp; 3 A\u00d1OS Y NUEVAS MATR\u00cdCULAS<\/strong><\/p>\n<ul>\n<li>Fotocopia del libro de familia.<\/li>\n<li>Fotocopia del DNI de ambos progenitores.<\/li>\n<li>Sentencia judicial y\/o convenio regulador en caso de divorcio o separaci\u00f3n.&nbsp;<\/li>\n<\/ul>\n<p style=\"text-align: center\"><strong>ALUMNADO QUE YA PERTENECE AL CENTRO<\/strong><\/p>\n<ul>\n<li>Sentencia judicial y\/o convenio regulador en caso de divorcio o separaci\u00f3n ( si no la ha aportado con anterioridad o hay modificaciones).<\/li>\n<\/ul>\n","protected":false},"excerpt":{"rendered":"<p>PLAZO DE MATRICULACI\u00d3N Y SOLICITUD DE SERVICIOS COMPLEMENTARIOS ( matinal, comedor y transporte) &nbsp; 1 al 10 de junio INFORMACI\u00d3N GENERAL La presentaci\u00f3n se realizar\u00e1 de manera telem\u00e1tica, &nbsp;por lo que NO tendr\u00e1 que&#46;&#46;&#46;<\/p>\n","protected":false},"author":3950,"featured_media":0,"parent":0,"menu_order":0,"comment_status":"closed","ping_status":"closed","template":"","meta":{"ngg_post_thumbnail":0,"footnotes":"","_mc_calendar":[]},"aioseo_notices":[],"_links":{"self":[{"href":"https:\/\/blogsaverroes.juntadeandalucia.es\/ceiplosjarales\/wp-json\/wp\/v2\/pages\/2957"}],"collection":[{"href":"https:\/\/blogsaverroes.juntadeandalucia.es\/ceiplosjarales\/wp-json\/wp\/v2\/pages"}],"about":[{"href":"https:\/\/blogsaverroes.juntadeandalucia.es\/ceiplosjarales\/wp-json\/wp\/v2\/types\/page"}],"author":[{"embeddable":true,"href":"https:\/\/blogsaverroes.juntadeandalucia.es\/ceiplosjarales\/wp-json\/wp\/v2\/users\/3950"}],"replies":[{"embeddable":true,"href":"https:\/\/blogsaverroes.juntadeandalucia.es\/ceiplosjarales\/wp-json\/wp\/v2\/comments?post=2957"}],"version-history":[{"count":70,"href":"https:\/\/blogsaverroes.juntadeandalucia.es\/ceiplosjarales\/wp-json\/wp\/v2\/pages\/2957\/revisions"}],"predecessor-version":[{"id":3966,"href":"https:\/\/blogsaverroes.juntadeandalucia.es\/ceiplosjarales\/wp-json\/wp\/v2\/pages\/2957\/revisions\/3966"}],"wp:attachment":[{"href":"https:\/\/blogsaverroes.juntadeandalucia.es\/ceiplosjarales\/wp-json\/wp\/v2\/media?parent=2957"}],"curies":[{"name":"wp","href":"https:\/\/api.w.org\/{rel}","templated":true}]}}