{"id":99,"date":"2015-03-16T07:22:54","date_gmt":"2015-03-16T07:22:54","guid":{"rendered":"http:\/\/blogsaverroes.juntadeandalucia.es\/pre\/ceip\/?page_id=99"},"modified":"2025-09-21T21:16:48","modified_gmt":"2025-09-21T21:16:48","slug":"comedor-escolar","status":"publish","type":"page","link":"https:\/\/blogsaverroes.juntadeandalucia.es\/ceiplosperales\/comedor-escolar\/","title":{"rendered":"Comedor escolar"},"content":{"rendered":"<p style=\"text-align: justify\"><a href=\"https:\/\/blogsaverroes.juntadeandalucia.es\/ceiplosperales\/files\/2025\/09\/Carta_presentacion__COMEDOR_2.pdf\"><img loading=\"lazy\" decoding=\"async\" class=\"alignleft wp-image-2282 size-medium\" src=\"https:\/\/blogsaverroes.juntadeandalucia.es\/ceiplosperales\/files\/2015\/03\/COMEDOR-300x92.png\" alt=\"\" width=\"300\" height=\"92\" srcset=\"https:\/\/blogsaverroes.juntadeandalucia.es\/ceiplosperales\/files\/2015\/03\/COMEDOR-300x92.png 300w, https:\/\/blogsaverroes.juntadeandalucia.es\/ceiplosperales\/files\/2015\/03\/COMEDOR-768x235.png 768w, https:\/\/blogsaverroes.juntadeandalucia.es\/ceiplosperales\/files\/2015\/03\/COMEDOR-1024x313.png 1024w, https:\/\/blogsaverroes.juntadeandalucia.es\/ceiplosperales\/files\/2015\/03\/COMEDOR-24x7.png 24w, https:\/\/blogsaverroes.juntadeandalucia.es\/ceiplosperales\/files\/2015\/03\/COMEDOR-36x11.png 36w, https:\/\/blogsaverroes.juntadeandalucia.es\/ceiplosperales\/files\/2015\/03\/COMEDOR-48x15.png 48w, https:\/\/blogsaverroes.juntadeandalucia.es\/ceiplosperales\/files\/2015\/03\/COMEDOR.png 1600w\" sizes=\"(max-width: 300px) 100vw, 300px\" \/><\/a><\/p>\n<p style=\"text-align: justify\">&nbsp;<\/p>\n<p style=\"text-align: justify\">&nbsp;<\/p>\n<p style=\"text-align: justify\">Los comedores escolares son un servicio complementario que resulta de gran utilidad a padres y madres para ayudarles a&nbsp;conciliar la vida laboral y familiar. Tienen una duraci\u00f3n de hasta dos horas desde que acaba la jornada escolar de la ma\u00f1ana (de 14.00 a 16.00 horas).<\/p>\n<p style=\"text-align: justify\">Los comedores son adem\u00e1s una pieza importante&nbsp;en todas las medidas dirigidas a mejorar los h\u00e1bitos alimenticios de los ni\u00f1os y ni\u00f1as y prevenir problemas de salud como la obesidad.<\/p>\n<p style=\"text-align: justify\">Los comedores escolares de los centros p\u00fablicos andaluces promueven una alimentaci\u00f3n saludable que est\u00e1 supervisada por nutricionistas y que, entre otros aspectos, se caracteriza por:<\/p>\n<ul>\n<li style=\"text-align: justify\">Una mayor proporci\u00f3n de verdura en los men\u00fas<\/li>\n<li style=\"text-align: justify\">Fruta fresca como postre al menos cuatro d\u00edas a la semana<\/li>\n<li style=\"text-align: justify\">Uso de aceite de oliva virgen extra<\/li>\n<li style=\"text-align: justify\">M\u00e1s pescado que carne, que debe ser magra<\/li>\n<li style=\"text-align: justify\">Prohibici\u00f3n de los alimentos precocinados y limitaci\u00f3n de los fritos<\/li>\n<li style=\"text-align: justify\">Apuesta por la dieta mediterr\u00e1nea y los productos ecol\u00f3gicos<\/li>\n<\/ul>\n<p style=\"text-align: justify\">Cuestiones relacionadas con el comedor escolar:<\/p>\n<p><strong>Solicitudes<\/strong><\/p>\n<p><strong>Normativa<\/strong><\/p>\n<table border=\"0\" width=\"100%\" cellspacing=\"0\" cellpadding=\"0\">\n<tbody>\n<tr>\n<td class=\"pageName\">Legislaci\u00f3n educativa andaluza y espa\u00f1ola de \u00e1mbito estatal en vigor en Andaluc\u00eda<\/td>\n<\/tr>\n<tr>\n<td class=\"bodyText\">\n<table border=\"0\" width=\"98%\" cellspacing=\"1\">\n<tbody>\n<tr>\n<td bgcolor=\"#9AB2CE\"><span class=\"Estilo2\">Comedor Escolar<\/span><\/td>\n<\/tr>\n<tr>\n<td class=\"listado\" style=\"text-align: left\">\n<ul>\n<li><a href=\"http:\/\/www.adideandalucia.es\/normas\/ordenes\/Orden5nov2014ModificaServiciosComplementarios.pdf\" target=\"_blank\" rel=\"noopener\">ORDEN de 5 de noviembre de 2014<\/a>, por la que se modifica la de 3 de agosto de 2010, por la que se regulan los servicios complementarios de la ense\u00f1anza de aula matinal, comedor escolar y actividades extraescolares en los centros docentes p\u00fablicos, as\u00ed como la ampliaci\u00f3n de horario (BOJA 28-11-2014).<\/li>\n<li><a href=\"http:\/\/www.adideandalucia.es\/normas\/ordenes\/Orden26agosto2013DelegacionCompetenciasISE.pdf\" target=\"_blank\" rel=\"noopener\">ORDEN de 26 de agosto de 2013<\/a>, por la que se delegan competencias en materia de contrataci\u00f3n en la persona titular de la Direcci\u00f3n General del Ente P\u00fablico Andaluz de Infraestructuras y Servicios Educativos (BOJA 18-09-2013).<\/li>\n<li><a href=\"http:\/\/www.adideandalucia.es\/normas\/ordenes\/Orden31julio2012ServiciosComplementarios.pdf\" target=\"_blank\" rel=\"noopener\">ORDEN de 31 de julio de 2012<\/a>, por la que se modifica la Orden de 3 de agosto de 2010, por la que se regulan los servicios complementarios de la ense\u00f1anza de aula matinal, comedor escolar y actividades extraescolares en los centros docentes p\u00fablicos, as\u00ed como la ampliaci\u00f3n de horario (BOJA 09-08-2012).<\/li>\n<li><a href=\"http:\/\/www.adideandalucia.es\/normas\/ordenes\/Orden3agosto2010servicioscomplementarios.pdf\" target=\"_blank\" rel=\"noopener\">ORDEN de 3-08-2010<\/a>, por la que se regulan los servicios complementarios de la ense\u00f1anza de aula matinal, comedor escolar y actividades extraescolares en los centros docentes p\u00fablicos, as\u00ed como la ampliaci\u00f3n de horario (BOJA 12-08-2010).<\/li>\n<li><a href=\"http:\/\/www.adideandalucia.es\/normas\/RD\/CorreccionerroresRD487-2010.pdf\" target=\"_blank\" rel=\"noopener\">Correcci\u00f3n de errores del REAL DECRETO 487\/2010<\/a>, de 23 de abril, por el que se establecen las modalidades de aplicaci\u00f3n de la ayuda al suministro de leche y productos l\u00e1cteos a los alumnos de centros escolares (BOE 17-06-2010).<\/li>\n<li><a href=\"http:\/\/www.adideandalucia.es\/normas\/RD\/RD487-2010suministroproductoslacteoscentrosescolares.pdf\" target=\"_blank\" rel=\"noopener\">REAL DECRETO 487\/2010<\/a>, de 23 de abril, por el que se establecen las modalidades de aplicaci\u00f3n de la ayuda al suministro de leche y productos l\u00e1cteos a los alumnos de centros escolares (BOE 07-05-2010).<\/li>\n<li><a href=\"http:\/\/www.adideandalucia.es\/normas\/RD\/RD135-2010derogadisposicionesalimentos.pdf\" target=\"_blank\" rel=\"noopener\">REAL DECRETO 135\/2010<\/a>, de 12 de febrero, por el que se derogan disposiciones relativas a los criterios microbiol\u00f3gicos de los productos alimenticios (BOE 25-02-2010).<\/li>\n<li><a href=\"http:\/\/www.adideandalucia.es\/normas\/ordenes\/Orden28mayo2003PliegoClausulasComedores.pdf\" target=\"_blank\" rel=\"noopener\">ORDEN de 28 de mayo de 2003<\/a>, por la que se aprueban los Pliegos de Cl\u00e1usulas Administrativas Particulares, modelos tipo, para la contrataci\u00f3n del servicio de comedor escolar por concurso, procedimiento abierto y procedimiento negociado sin publicidad (BOJA 12-06-2003).<\/li>\n<li><a href=\"http:\/\/www.adideandalucia.es\/normas\/ordenes\/orden%2028-5-2003%20Pliegos%20Comedor.htm\" target=\"_blank\" rel=\"noopener\">ORDEN de 28-5-2003,<\/a> por la que se aprueban los Pliegos de Cl\u00e1usulas Administrativas Particulares, modelos tipo, para la contrataci\u00f3n del servicio de comedor escolar por concurso, procedimiento abierto y procedimiento negociado sin publicidad. (BOJA 12-6-2003)<\/li>\n<li><a href=\"http:\/\/www.adideandalucia.es\/normas\/RD\/RD%203484-2000%20Higiene%20Alimentos.htm\" target=\"_blank\" rel=\"noopener\">REAL DECRETO 3484\/2000, de 29 de diciembre,<\/a> por el que se establecen las normas de higiene para la elaboraci\u00f3n, distribuci\u00f3n y comercio de comidas preparadas. (BOE 12-1-2001)<\/li>\n<li><a href=\"http:\/\/www.adideandalucia.es\/normas\/decretos\/Decreto%20192-1997%20Regula%20comedor.htm\" target=\"_blank\" rel=\"noopener\">DECRETO 192\/1997, de 29 de julio,<\/a> por el que se regula el Servicio de Comedor de los Centros P\u00fablicos (BOJA 9-8-97)<\/li>\n<\/ul>\n<\/td>\n<\/tr>\n<\/tbody>\n<\/table>\n<\/td>\n<\/tr>\n<\/tbody>\n<\/table>\n<p>&nbsp;<\/p>\n<p><a href=\"https:\/\/blogsaverroes.juntadeandalucia.es\/ceiplosperales\/files\/2025\/09\/comedor.jpg\"><img loading=\"lazy\" decoding=\"async\" class=\"wp-image-3652 alignleft\" src=\"https:\/\/blogsaverroes.juntadeandalucia.es\/ceiplosperales\/files\/2025\/09\/comedor.jpg\" alt=\"\" width=\"286\" height=\"214\" srcset=\"https:\/\/blogsaverroes.juntadeandalucia.es\/ceiplosperales\/files\/2025\/09\/comedor.jpg 635w, https:\/\/blogsaverroes.juntadeandalucia.es\/ceiplosperales\/files\/2025\/09\/comedor-300x225.jpg 300w\" sizes=\"(max-width: 286px) 100vw, 286px\" \/><\/a><\/p>\n<h2><a href=\"https:\/\/blogsaverroes.juntadeandalucia.es\/ceiplosperales\/files\/2025\/09\/Carta_presentacion__COMEDOR_2.pdf\">Carta_presentacion__COMEDOR 2025\/2026<\/a><\/h2>\n","protected":false},"excerpt":{"rendered":"<p>&nbsp; &nbsp; Los comedores escolares son un servicio complementario que resulta de gran utilidad a padres y madres para ayudarles a&nbsp;conciliar la vida laboral y&hellip;<\/p>\n","protected":false},"author":1,"featured_media":0,"parent":0,"menu_order":0,"comment_status":"open","ping_status":"open","template":"","meta":{"ngg_post_thumbnail":0,"footnotes":"","_mc_calendar":[]},"aioseo_notices":[],"_links":{"self":[{"href":"https:\/\/blogsaverroes.juntadeandalucia.es\/ceiplosperales\/wp-json\/wp\/v2\/pages\/99"}],"collection":[{"href":"https:\/\/blogsaverroes.juntadeandalucia.es\/ceiplosperales\/wp-json\/wp\/v2\/pages"}],"about":[{"href":"https:\/\/blogsaverroes.juntadeandalucia.es\/ceiplosperales\/wp-json\/wp\/v2\/types\/page"}],"author":[{"embeddable":true,"href":"https:\/\/blogsaverroes.juntadeandalucia.es\/ceiplosperales\/wp-json\/wp\/v2\/users\/1"}],"replies":[{"embeddable":true,"href":"https:\/\/blogsaverroes.juntadeandalucia.es\/ceiplosperales\/wp-json\/wp\/v2\/comments?post=99"}],"version-history":[{"count":13,"href":"https:\/\/blogsaverroes.juntadeandalucia.es\/ceiplosperales\/wp-json\/wp\/v2\/pages\/99\/revisions"}],"predecessor-version":[{"id":3656,"href":"https:\/\/blogsaverroes.juntadeandalucia.es\/ceiplosperales\/wp-json\/wp\/v2\/pages\/99\/revisions\/3656"}],"wp:attachment":[{"href":"https:\/\/blogsaverroes.juntadeandalucia.es\/ceiplosperales\/wp-json\/wp\/v2\/media?parent=99"}],"curies":[{"name":"wp","href":"https:\/\/api.w.org\/{rel}","templated":true}]}}