{"id":41,"date":"2020-01-09T12:45:03","date_gmt":"2020-01-09T11:45:03","guid":{"rendered":"http:\/\/blogsaverroes.juntadeandalucia.es\/pre\/nuevoceip2v2\/?page_id=41"},"modified":"2024-03-20T10:45:31","modified_gmt":"2024-03-20T09:45:31","slug":"el-centro","status":"publish","type":"page","link":"https:\/\/blogsaverroes.juntadeandalucia.es\/ceiplospinosrute\/el-centro\/","title":{"rendered":"El Centro"},"content":{"rendered":"<p style=\"text-align: justify\"><span style=\"color: #333333;font-size: 26px\">Historia CEIP &#8220;Los Pinos&#8221;<\/span><\/p>\n<p style=\"text-align: justify\"><span style=\"font-weight: 400\">&nbsp; &nbsp; &nbsp; &nbsp; <span style=\"font-family: arial, helvetica, sans-serif;font-size: 12pt\">&nbsp;<span style=\"color: #000000\">Este Colegio se crea en el curso 88\/89 como consecuencia del desglose del C. P. \u201cRuperto Fern\u00e1ndez\u201d en dos centros. Hasta ese momento el citado colegio funcionaba con dos edificios: uno situado en el Centro del pueblo y otro en el extremo del Barrio Alto (Los Pinos). Esta situaci\u00f3n de alejamiento de los dos edificios planteaba innumerables problemas de organizaci\u00f3n y funcionamiento, lo que llev\u00f3 a plantearse el desdoble de Centro.<\/span><\/span><br \/>\n<span style=\"font-family: arial, helvetica, sans-serif;font-size: 12pt;color: #000000\">&nbsp; &nbsp; &nbsp; &nbsp; La propuesta de desglose se hizo por el Claustro de Profesores y posteriormente elevada a la Inspecci\u00f3n, que finalmente la present\u00f3 en l a Delegaci\u00f3n Provincial de Educaci\u00f3n y Ciencia siendo aprobada.<\/span><br \/>\n<span style=\"font-family: arial, helvetica, sans-serif;font-size: 12pt;color: #000000\">\u201cNaci\u00f3\u201d por tanto u nuevo Centro con entidad propia, aunque en el mismo edificio, con la misma plantilla de profesores y con los mismos alumnos\/as.<\/span><br \/>\n<span style=\"font-family: arial, helvetica, sans-serif;font-size: 12pt;color: #000000\">&nbsp; &nbsp; &nbsp; &nbsp; &nbsp;Se cre\u00f3 una comisi\u00f3n formada por profesores de los dos centros antes citados que se encarg\u00f3 de dividir aquellos bienes permanentes de los que se dispon\u00edan: enciclopedia, fondo de biblioteca, mobiliario, etc. entre los dos centros resultantes del desglose, de la forma m\u00e1s justa y equitativa posibles.<\/span><br \/>\n<span style=\"font-family: arial, helvetica, sans-serif;font-size: 12pt;color: #000000\">&nbsp; &nbsp; &nbsp; &nbsp; &nbsp;La Delegaci\u00f3n Provincial aport\u00f3 tambi\u00e9n una importante dotaci\u00f3n de material did\u00e1ctico, de oficina y mobiliario para el nuevo Centro, as\u00ed como un cr\u00e9dito extra para puesta en funcionamiento.<\/span><br \/>\n<span style=\"font-family: arial, helvetica, sans-serif;font-size: 12pt;color: #000000\">&nbsp; &nbsp; &nbsp; &nbsp; &nbsp; Dos elementos quedaban por solucionar: el nombramiento de un Director y el nombre del nuevo Centro.<\/span><br \/>\n<span style=\"font-family: arial, helvetica, sans-serif;font-size: 12pt;color: #000000\">&nbsp; &nbsp; &nbsp; La Delegaci\u00f3n Provincial nombr\u00f3 provisionalmente por un a\u00f1o un Director, entre los componentes de la plantilla que se qued\u00f3 adscrita al nuevo Centro, nombramiento que fue prorrogado durante tres mandatos m\u00e1s consecutivos.<\/span><br \/>\n<span style=\"font-family: arial, helvetica, sans-serif;font-size: 12pt;color: #000000\">&nbsp; &nbsp; &nbsp; &nbsp; &nbsp; El nombre del Centro no planteo ninguna duda, dado que desde siempre se hab\u00eda conocido este edificio del C. P. \u201cR. Fern\u00e1ndez\u201d con el top\u00f3nimo del Lugar: LOS PINOS, ese fue el nombre que el Excmo. Ayuntamiento, en representaci\u00f3n del Claustro, elev\u00f3 a la Delegaci\u00f3n para su aprobaci\u00f3n.<\/span><br \/>\n<span style=\"font-family: arial, helvetica, sans-serif;font-size: 12pt;color: #000000\">&nbsp; &nbsp; &nbsp; &nbsp; &nbsp; &nbsp;Habi\u00e9ndose reconocido la antig\u00fcedad que ten\u00edan en el C.P. R. Fern\u00e1ndez a todos los profesionales&nbsp; se comenz\u00f3 la actividad educativa en este Colegio con la siguiente configuraci\u00f3n: 7 unidades de E.G.B., 1 de P\u00e1rvulos y 1 del Proyecto de Integraci\u00f3n.<\/span><br \/>\n<span style=\"font-family: arial, helvetica, sans-serif;font-size: 12pt;color: #000000\">&nbsp; &nbsp; &nbsp; &nbsp; &nbsp; &nbsp; A partir de este momento, y a lo largo de toda la d\u00e9cada de los noventa, el C.P. \u201cLOS PINOS\u201d se convirti\u00f3 en el Centro con m\u00e1s ratio de la localidad, a pesar de haber sido durante muchos a\u00f1os un centro rechazado por el alumnado de su propia zona de influencia. Dado que se encontraba situado en un lugar con bastantes problemas de marginalidad.<\/span><br \/>\n<span style=\"font-family: arial, helvetica, sans-serif;font-size: 12pt;color: #000000\">&nbsp; &nbsp; &nbsp; &nbsp; &nbsp; &nbsp; En la actualidad cuenta con 3 unidades de Educaci\u00f3n Infantil de 2\u00aa Ciclo, 6 unidades de Educaci\u00f3n primaria, 1 unidad de Educaci\u00f3n de PT y 1 unidad de&nbsp; Educaci\u00f3n Especial de Audici\u00f3n y lenguaje, compartida con otro centro.<\/span><\/span><\/p>\n<p>&nbsp;<\/p>\n<p style=\"text-align: justify\"><span style=\"color: #000000;font-size: 26px\">Obra de remodelaci\u00f3n del CEIP &#8220;Los Pinos&#8221;<\/span><\/p>\n<p style=\"text-align: justify\"><span style=\"font-weight: 400;font-family: arial, helvetica, sans-serif;font-size: 12pt;color: #000000\">Tras muchos a\u00f1os se ha conseguido que la Administraci\u00f3n&nbsp; adecue los espacios educativos de nuestro Colegio a la normativa vigente. Estas son parte de las actuaciones realizadas:<br \/>\n<\/span><\/p>\n<ul>\n<li><span style=\"font-family: arial, helvetica, sans-serif;font-size: 12pt;color: #000000\">Se ha construido un nuevo m\u00f3dulo de Educaci\u00f3n Infantil compuesto de tres aulas, servicios, patios interiores y zona com\u00fan de recreo.<\/span><\/li>\n<li><span style=\"font-family: arial, helvetica, sans-serif;font-size: 12pt;color: #000000\">Se han eliminado parte de la barreras arquitect\u00f3nicas con la instalaci\u00f3n de un Ascensor y la entra al nuevo m\u00f3dulo de Educaci\u00f3n Infantil mediante rampas.<\/span><\/li>\n<li><span style=\"font-family: arial, helvetica, sans-serif;font-size: 12pt;color: #000000\">Se han construido los vestuarios para el alumnado que hace Educaci\u00f3n F\u00edsica.<\/span><\/li>\n<li><span style=\"font-family: arial, helvetica, sans-serif;font-size: 12pt;color: #000000\">Se ha remodelado las antiguas aulas de infantil para la construcci\u00f3n y dotaci\u00f3n de una Biblioteca Escolar y adecuaci\u00f3n del aula de Apoyo a la integraci\u00f3n.&nbsp;<\/span><\/li>\n<li><span style=\"font-family: arial, helvetica, sans-serif;font-size: 12pt;color: #000000\">Se ha dotado la sala de profesores con mobiliario nuevo.<\/span><\/li>\n<li><span style=\"font-family: arial, helvetica, sans-serif;font-size: 12pt;color: #000000\">Se ha construido un s\u00f3tano para archivo y almac\u00e9n.<\/span><\/li>\n<\/ul>\n<p style=\"text-align: justify\"><span style=\"font-weight: 400;font-family: arial, helvetica, sans-serif;font-size: 12pt\"><span style=\"color: #000000\">La secuencia fotogr\u00e1fica, desde los primeros d\u00edas del mes de abril de 2013 hasta mediados de octubre del mismo a\u00f1o, del desarrollo de las obras es esta.<\/span>&nbsp;<span style=\"color: #3366ff\"><a style=\"color: #3366ff\" href=\"https:\/\/photos.app.goo.gl\/FYKWEM9igzopY2weA\">Fotos proceso de la obra<\/a><\/span><\/span><\/p>\n<p>&nbsp;<\/p>\n<div data-original-attrs=\"{&quot;style&quot;:&quot;&quot;}\">\n<h2>Inauguraci\u00f3n de las obras de remodelaci\u00f3n del CEIP &#8220;Los Pinos&#8221;.<\/h2>\n<\/div>\n<p style=\"text-align: justify\"><span style=\"font-weight: 400\"><span style=\"color: #000000\">&nbsp; &nbsp; &nbsp; &nbsp; &nbsp; <\/span><span style=\"font-family: arial, helvetica, sans-serif;font-size: 12pt\"><span style=\"color: #000000\">El 30 Octubre de 2013 recibimos la visita de la Sra. Delegada Provincial de Educaci\u00f3n, cultura y deporte de C\u00f3rdoba&nbsp; con motivo de inaugurar las recientes obras que se hab\u00edan producido en este Colegio. Estuvo acompa\u00f1ada por el Sr. Alcalde, del Sr. Inspector de Zona, el Sr. Gerente de ISE, el Sr. Arquitecto autor del proyecto de la obra, los Sres. Directores de los centros de ense\u00f1anza de la localidad y por los miembros componentes del actual Consejo Escolar del Centro. La secuencia de la&nbsp; Inauguraci\u00f3n con la Sra. Delegada. Puede verse pinchando<\/span> <span style=\"color: #3366ff\"><a style=\"color: #3366ff\" href=\"https:\/\/photos.app.goo.gl\/fUNfGwQrcVt7YHuW7\">aqu\u00ed<\/a>.<\/span><\/span><\/span><\/p>\n<p>&nbsp;<\/p>\n<div data-original-attrs=\"{&quot;style&quot;:&quot;&quot;}\">\n<div data-original-attrs=\"{&quot;style&quot;:&quot;&quot;}\">\n<h2>XXV aniversario del CEIP &#8220;Los Pinos&#8221;.<\/h2>\n<\/div>\n<\/div>\n<p style=\"text-align: justify\"><span style=\"font-weight: 400\"><a href=\"https:\/\/www.blogger.com\/blog\/page\/edit\/4656173115179725443\/2101676137184526206#\" data-original-attrs=\"{&quot;data-original-href&quot;:&quot;https:\/\/blogger.googleusercontent.com\/img\/b\/R29vZ2xl\/AVvXsEiRbVdA3keTm5UgEQN4mRsEM4mSkhqd19AsXJat9P5ij1IlHMcIoTmBMJ9ZGa9LzzHdPt4C-gSu80YxD2V2_oSC1N1VOaYq1Esne8BYlmXoQ6DM4i2-WdGiL8GbS5uqEzHSxvkRSY3lQxlf\/s1600\/LOGO+ANIVERSARIO.jpg&quot;,&quot;style&quot;:&quot;&quot;}\"><img loading=\"lazy\" decoding=\"async\" class=\"aligncenter\" src=\"https:\/\/blogger.googleusercontent.com\/img\/b\/R29vZ2xl\/AVvXsEiRbVdA3keTm5UgEQN4mRsEM4mSkhqd19AsXJat9P5ij1IlHMcIoTmBMJ9ZGa9LzzHdPt4C-gSu80YxD2V2_oSC1N1VOaYq1Esne8BYlmXoQ6DM4i2-WdGiL8GbS5uqEzHSxvkRSY3lQxlf\/s1600\/LOGO+ANIVERSARIO.jpg\" width=\"200\" height=\"135\" border=\"0\"><\/a><br \/>\n<span style=\"font-family: arial, helvetica, sans-serif;font-size: 12pt\">&nbsp; &nbsp; <span style=\"color: #000000\">&nbsp; &nbsp; &nbsp;<\/span><\/span><\/span><span style=\"color: #000000;font-family: arial, helvetica, sans-serif;font-size: 12pt\">Este Colegio se crea en el curso 1988-1989 como consecuencia en el curso 2013-2014 hemos celebrado el XXV Aniversario. Mediante un concurso organizado por la AMPA Barrioalto, se eligi\u00f3 el logotipo del Centro y se adapt\u00f3 para esta efem\u00e9ride. A todo el alumnado se le regal\u00f3 un pins conmemorativo.<\/span><\/p>\n<p style=\"text-align: justify\"><span style=\"font-weight: 400\"><span style=\"font-family: arial, helvetica, sans-serif;font-size: 12pt;color: #000000\">&nbsp; &nbsp; &nbsp; &nbsp; &nbsp; Tambi\u00e9n se elabor\u00f3 un video con fotos de distintas \u00e9pocas de la historia del Colegio. Desde aqu\u00ed podr\u00e1s verlo.<\/span><\/span><\/p>\n<p>&nbsp;<\/p>\n<div class=\"separator\" data-original-attrs=\"{&quot;style&quot;:&quot;&quot;}\">\n<p><iframe loading=\"lazy\" title=\"XXV ANIVERSARIO C E I P  LOS PINOS Rute\" width=\"1080\" height=\"810\" src=\"https:\/\/www.youtube.com\/embed\/YrCyVPh2rNg?start=1484&#038;feature=oembed\"  allow=\"accelerometer; autoplay; clipboard-write; encrypted-media; gyroscope; picture-in-picture; web-share\" allowfullscreen><\/iframe><\/p>\n<\/div>\n<p style=\"text-align: justify\"><span style=\"font-weight: 400\">&nbsp;<\/span><\/p>\n<p><span style=\"font-family: arial, helvetica, sans-serif;font-size: 12pt\"><span style=\"color: #000000\">Para finalizar las actividades del XXV Aniversario de la creaci\u00f3n del Colegio, se inaugur\u00f3 la Biblioteca del Centro.<\/span>&nbsp;<span style=\"color: #3366ff\"><a style=\"color: #3366ff\" href=\"https:\/\/photos.app.goo.gl\/jYptTqhq6YvadFwn7\" data-original-attrs=\"{&quot;data-original-href&quot;:&quot;https:\/\/plus.google.com\/photos\/112485431100324692268\/albums\/6071878173074810209?authkey=CMuf2eOdiMT7Tw&quot;,&quot;target&quot;:&quot;_blank&quot;}\">Fotos de aquel d\u00eda<\/a><\/span><\/span><\/p>\n<p>&nbsp;<\/p>\n","protected":false},"excerpt":{"rendered":"<p>Historia CEIP &#8220;Los Pinos&#8221; &nbsp; &nbsp; &nbsp; &nbsp; &nbsp;Este Colegio se crea en el curso 88\/89 como consecuencia del desglose del C. P. \u201cRuperto Fern\u00e1ndez\u201d en dos centros. Hasta ese momento el citado colegio funcionaba con dos edificios: uno situado en el Centro del pueblo y otro en el extremo del Barrio Alto (Los Pinos). [&hellip;]<\/p>\n","protected":false},"author":7051,"featured_media":0,"parent":0,"menu_order":0,"comment_status":"closed","ping_status":"closed","template":"","meta":{"_et_pb_use_builder":"off","_et_pb_old_content":"","_et_gb_content_width":"","ngg_post_thumbnail":0,"footnotes":""},"aioseo_notices":[],"_links":{"self":[{"href":"https:\/\/blogsaverroes.juntadeandalucia.es\/ceiplospinosrute\/wp-json\/wp\/v2\/pages\/41"}],"collection":[{"href":"https:\/\/blogsaverroes.juntadeandalucia.es\/ceiplospinosrute\/wp-json\/wp\/v2\/pages"}],"about":[{"href":"https:\/\/blogsaverroes.juntadeandalucia.es\/ceiplospinosrute\/wp-json\/wp\/v2\/types\/page"}],"author":[{"embeddable":true,"href":"https:\/\/blogsaverroes.juntadeandalucia.es\/ceiplospinosrute\/wp-json\/wp\/v2\/users\/7051"}],"replies":[{"embeddable":true,"href":"https:\/\/blogsaverroes.juntadeandalucia.es\/ceiplospinosrute\/wp-json\/wp\/v2\/comments?post=41"}],"version-history":[{"count":10,"href":"https:\/\/blogsaverroes.juntadeandalucia.es\/ceiplospinosrute\/wp-json\/wp\/v2\/pages\/41\/revisions"}],"predecessor-version":[{"id":2322,"href":"https:\/\/blogsaverroes.juntadeandalucia.es\/ceiplospinosrute\/wp-json\/wp\/v2\/pages\/41\/revisions\/2322"}],"wp:attachment":[{"href":"https:\/\/blogsaverroes.juntadeandalucia.es\/ceiplospinosrute\/wp-json\/wp\/v2\/media?parent=41"}],"curies":[{"name":"wp","href":"https:\/\/api.w.org\/{rel}","templated":true}]}}