{"id":2866,"date":"2020-09-22T14:53:10","date_gmt":"2020-09-22T14:53:10","guid":{"rendered":"https:\/\/blogsaverroes.juntadeandalucia.es\/ceiplossauces\/?page_id=2866"},"modified":"2022-02-17T13:01:31","modified_gmt":"2022-02-17T13:01:31","slug":"organizacion","status":"publish","type":"page","link":"https:\/\/blogsaverroes.juntadeandalucia.es\/ceiplossauces\/organizacion\/","title":{"rendered":"Organizaci\u00f3n"},"content":{"rendered":"<div class=\"osc-res-tab tabbable   osc-tabs-left\"><div style=\"clear:both;width: 100%;\"><ul class=\"nav osc-res-nav nav-tabs osc-tabs-left-ul\" id=\"oscitas-restabs-1-organizacion-97110\"><li class=\"active\"><a href=\"#ert_pane1-0\" data-toggle=\"tab\">Equipo Directivo<\/a><\/li><li class=\"\"><a href=\"#ert_pane1-1\" data-toggle=\"tab\">Tutores<\/a><\/li><li class=\"\"><a href=\"#ert_pane1-2\" data-toggle=\"tab\">Especialistas<\/a><\/li><li class=\"\"><a href=\"#ert_pane1-3\" data-toggle=\"tab\">Eq, Ciclo<\/a><\/li><li class=\"\"><a href=\"#ert_pane1-4\" data-toggle=\"tab\">E.O.E<\/a><\/li><li class=\"\"><a href=\"#ert_pane1-5\" data-toggle=\"tab\">P.A.S<\/a><\/li><\/ul><\/div><div style=\"clear:both;width: 100%;\"><ul class=\"tab-content\" id=\"oscitas-restabcontent-1-organizacion-97110\"><li class=\"tab-pane active\" id=\"ert_pane1-0\"><\/p>\n<h1><strong>Equipo Directivo<\/strong><\/h1>\n<table style=\"width: 101.909%;height: 219px\">\n<tbody>\n<tr>\n<td style=\"width: 33.3744%\">\n<h5><strong>DIRECTOR<\/strong><\/h5>\n<h4>Francisco Prieto D\u00edaz<\/h4>\n<p>&nbsp;<\/td>\n<td style=\"width: 32.4291%\">\n<h5><strong>JEFATURA DE ESTUDIOS<\/strong><\/h5>\n<h4>Eva Olivares Villatoro<\/h4>\n<p>&nbsp;<\/td>\n<td style=\"width: 42.3492%\">\n<h5><strong>SECRETAR\u00cdA<\/strong><\/h5>\n<h4>Manuel Camu\u00f1ez Mart\u00edn<\/h4>\n<p>&nbsp;<\/td>\n<\/tr>\n<\/tbody>\n<\/table>\n<p><a href=\"mailto:jefestudios@ceiprfabiola.es\"><strong>equipodirectivo@ceiplossauces.com<\/strong><\/a><\/p>\n<p>.<\/li><li class=\"tab-pane \" id=\"ert_pane1-1\"><\/p>\n<table style=\"width: 103.154%\">\n<tbody>\n<tr>\n<td style=\"width: 98.5074%\" colspan=\"3\">\n<h4>EDUCACI\u00d3N INFANTIL<\/h4>\n<\/td>\n<\/tr>\n<tr>\n<td style=\"width: 31.791%\">\n<h5><strong>3 a\u00f1os A<\/strong><\/h5>\n<h4><strong>Roc\u00edo Torrres Gallardo&nbsp; &nbsp; &nbsp; &nbsp; &nbsp; &nbsp;<\/strong><\/h4>\n<\/td>\n<td style=\"width: 31.9403%\"><strong>3 a\u00f1os B<\/strong><\/p>\n<p><strong>Encarni D\u00edaz Capit\u00e1n<\/strong><\/p>\n<p>&nbsp;<\/td>\n<td style=\"width: 34.7761%\">\n<h5><strong>Apoyo Infantil<\/strong><\/h5>\n<h4>Ana Isabel Barquero Badillo<\/h4>\n<p>&nbsp;<\/td>\n<\/tr>\n<tr>\n<td style=\"width: 31.791%\">\n<h5><strong>4 a\u00f1os A<\/strong><\/h5>\n<h4>Sandra Rom\u00e1n Rubio<\/h4>\n<p>&nbsp;<\/td>\n<td style=\"width: 31.9403%\">\n<h5><strong>4 a\u00f1os B<\/strong><\/h5>\n<p><strong>Margarita Solis Romo<\/strong><\/p>\n<p>&nbsp;<\/td>\n<td style=\"width: 34.7761%\">&nbsp;<\/td>\n<\/tr>\n<tr>\n<td style=\"width: 31.791%\">\n<h5><strong>5 a\u00f1os A<\/strong><\/h5>\n<h4>Mabel L\u00e1zaro Balsera<\/h4>\n<p>&nbsp;<\/td>\n<td style=\"width: 31.9403%\">\n<h4><strong>5 a\u00f1os B<\/strong><\/h4>\n<h4>Carmen Verdugo S\u00e1nchez<\/h4>\n<p>&nbsp;<\/td>\n<td style=\"width: 34.7761%\">&nbsp;<\/td>\n<\/tr>\n<tr>\n<td style=\"width: 98.5074%\" colspan=\"3\">\n<h4>EDUCACI\u00d3N PRIMARIA<\/h4>\n<\/td>\n<\/tr>\n<tr>\n<td style=\"width: 31.791%\">\n<h5><strong>1\u00baA<\/strong><\/h5>\n<h4>Juana Garrido Canseco<\/h4>\n<p>&nbsp;<\/p>\n<p>&nbsp;<\/td>\n<td style=\"width: 31.9403%\">\n<h5><strong>1\u00baB<\/strong><\/h5>\n<h4>Joaqu\u00edn P\u00e9rez Gordillo<\/h4>\n<p>&nbsp;<\/td>\n<td style=\"width: 34.7761%\">&nbsp;<\/td>\n<\/tr>\n<tr>\n<td style=\"width: 31.791%\">\n<h5><strong>2\u00baA<\/strong><\/h5>\n<h4>&nbsp;<\/h4>\n<h4>Rosa Verdugo Vega<\/h4>\n<\/td>\n<td style=\"width: 31.9403%\">\n<h5><strong>2\u00baB<\/strong><\/h5>\n<h4>&nbsp;<\/h4>\n<h4>Mar\u00eda Mora Garc\u00eda<\/h4>\n<\/td>\n<td style=\"width: 34.7761%\">&nbsp;<\/td>\n<\/tr>\n<tr>\n<td style=\"width: 31.791%\">\n<h5><strong>3\u00baA<\/strong><\/h5>\n<h4>Rosi Barquero Moriel<\/h4>\n<p>&nbsp;<\/td>\n<td style=\"width: 31.9403%\">\n<h5><b>3\u00baB<\/b><strong>&nbsp;<\/strong><\/h5>\n<h4>M\u00aa Isabel Gonz\u00e1lez<\/h4>\n<\/td>\n<td style=\"width: 34.7761%\">&nbsp;<\/td>\n<\/tr>\n<tr>\n<td style=\"width: 31.791%\">\n<h5><strong>4\u00baA<\/strong><\/h5>\n<h4>Ana Naranjo Mart\u00ednez<\/h4>\n<p>&nbsp;<\/td>\n<td style=\"width: 31.9403%\">\n<h5><strong>4\u00baB&nbsp;<\/strong><\/h5>\n<h4>&nbsp;Susana Rico Romero<\/h4>\n<p>&nbsp;<\/td>\n<td style=\"width: 34.7761%\">\n<h5>&nbsp;<\/h5>\n<\/td>\n<\/tr>\n<tr>\n<td style=\"width: 31.791%\">\n<h5><strong>5\u00baA<\/strong><\/h5>\n<h4>Rita Garc\u00eda Torres<\/h4>\n<\/td>\n<td style=\"width: 31.9403%\">\n<h5><strong>5\u00baB \/ INGL\u00c9S<\/strong><\/h5>\n<h4>Ana Pelayo Morillo<\/h4>\n<p>&nbsp;<\/td>\n<td style=\"width: 34.7761%\">\n<h4>&nbsp;<\/h4>\n<p>&nbsp;<\/td>\n<\/tr>\n<tr>\n<td style=\"width: 31.791%\">\n<h5><strong>6\u00baA&nbsp;<\/strong><\/h5>\n<h4>Eva Olivares Villatoro<\/h4>\n<p>&nbsp;<\/td>\n<td style=\"width: 31.9403%\">\n<h5><b>6\u00baB<\/b><strong> \/Franc\u00e9s<\/strong><\/h5>\n<h4>David Fojo Escalante<\/h4>\n<p>&nbsp;<\/td>\n<td style=\"width: 34.7761%\">&nbsp;<\/td>\n<\/tr>\n<\/tbody>\n<\/table>\n<p>.<\/li><li class=\"tab-pane \" id=\"ert_pane1-2\"><\/p>\n<h5><strong>AULA ESPEC\u00cdFICA<\/strong><\/h5>\n<h4>Alicia D\u00edaz Gonz\u00e1lez\/ Lourdes Mart\u00edn Alonso<\/h4>\n<p>&nbsp;<\/p>\n<h5><strong>PEDAG. TERAPE\u00daTICA<\/strong><\/h5>\n<h4>Ana Bel\u00e9n Mar\u00edn Garc\u00eda<\/h4>\n<p>&nbsp;<\/p>\n<h5><strong>AUDICI\u00d3N Y LENGUAJE<\/strong><\/h5>\n<h4>Virginia Navarro Palacios\/ M\u00aa Jos\u00e9 Ru\u00edz L\u00f3pez de Vinuesa<\/h4>\n<p>&nbsp;<\/p>\n<h5>&nbsp;<\/h5>\n<h5><strong>INGL\u00c9S<\/strong><\/h5>\n<h4><strong>Ana Isabel Garc\u00eda<\/strong><\/h4>\n<p><strong>Ana Pelayo<\/strong><\/p>\n<p><strong>Francisco Prieto<\/strong><\/p>\n<p>&nbsp;<\/p>\n<h5><strong>M\u00daSICA<\/strong><\/h5>\n<h4>Manuel Camu\u00f1ez Mart\u00edn<\/h4>\n<p>&nbsp;<\/p>\n<h5><strong>RELIGI\u00d3N<\/strong><\/h5>\n<h4>Aurora Cubero Morales<\/h4>\n<p><strong>M\u00ba Jes\u00fas Fern\u00e1ndez Rodr\u00edguez<\/strong><\/p>\n<p>&nbsp;<\/p>\n<h4>&nbsp;<\/h4>\n<p>.<\/li><li class=\"tab-pane \" id=\"ert_pane1-3\"><\/p>\n<table style=\"width: 100%\">\n<tbody>\n<tr>\n<td style=\"width: 98.1567%\" colspan=\"4\">\n<h4>EQUIPOS DE CICLO<\/h4>\n<\/td>\n<\/tr>\n<tr>\n<td style=\"width: 13.8249%\">\n<h5><a href=\"http:\/\/blogsaverroes.juntadeandalucia.es\/ceipreinafabiola\/files\/2015\/03\/equipos-ciclo.jpg\"><img loading=\"lazy\" decoding=\"async\" class=\" wp-image-5331 alignnone\" src=\"http:\/\/blogsaverroes.juntadeandalucia.es\/ceipreinafabiola\/files\/2015\/03\/equipos-ciclo.jpg\" alt=\"equipos ciclo\" width=\"127\" height=\"127\"><\/a><\/h5>\n<\/td>\n<td style=\"width: 35.6375%\">\n<h5><strong>EQUIPO DE EDUCACI\u00d3N&nbsp;INFANTIL<\/strong><\/h5>\n<h4><strong>Roc\u00edo Torres Gallardo<\/strong><\/h4>\n<h4><strong>Sandra Rom\u00e1n Rubio<\/strong><strong>(Coordinadora)<\/strong><\/h4>\n<h4><strong>Margarita Solis Romo<\/strong><\/h4>\n<h4><strong>Mabel L\u00e1zaro Balsera<\/strong><\/h4>\n<h4><strong>Carmen Verdugo S\u00e1nchez<\/strong><\/h4>\n<p><strong>Encarni D\u00edaz Capit\u00e1n<\/strong><\/p>\n<p><strong>Ana Isabel Barquero Badillo<\/strong><\/td>\n<td style=\"width: 13.8249%\">\n<h5><a href=\"http:\/\/blogsaverroes.juntadeandalucia.es\/ceipreinafabiola\/files\/2015\/03\/equipos-ciclo.jpg\"><img loading=\"lazy\" decoding=\"async\" class=\" wp-image-5331 aligncenter\" src=\"http:\/\/blogsaverroes.juntadeandalucia.es\/ceipreinafabiola\/files\/2015\/03\/equipos-ciclo.jpg\" alt=\"equipos ciclo\" width=\"127\" height=\"127\"><\/a><\/h5>\n<\/td>\n<td style=\"width: 34.8694%\">\n<h5><strong>EQUIPO DE E.P. 1\u00ba CICLO<\/strong><\/h5>\n<h4>Mar\u00eda Mora Garc\u00eda(Coordinadora)<\/h4>\n<h4>Rosa Vedugo Vega<\/h4>\n<h4>Juana Garrido Canseco<\/h4>\n<h4>Joaqu\u00edn P\u00e9rez Gordillo<\/h4>\n<h4>Aurora Cubero Morales<\/h4>\n<h4>&nbsp;<\/h4>\n<p>&nbsp;<\/td>\n<\/tr>\n<tr>\n<td style=\"width: 13.8249%\">\n<h5><strong><a href=\"http:\/\/blogsaverroes.juntadeandalucia.es\/ceipreinafabiola\/files\/2015\/03\/equipos-ciclo.jpg\"><img loading=\"lazy\" decoding=\"async\" class=\" wp-image-5331 alignnone\" src=\"http:\/\/blogsaverroes.juntadeandalucia.es\/ceipreinafabiola\/files\/2015\/03\/equipos-ciclo.jpg\" alt=\"equipos ciclo\" width=\"127\" height=\"127\"><\/a><\/strong><\/h5>\n<\/td>\n<td style=\"width: 35.6375%\">\n<h5><strong>EQUIPO DE E.P. 2\u00ba CICLO<\/strong><\/h5>\n<h4><strong>Ana Naranjo Mart\u00ednez (Coordinadora)<\/strong><\/h4>\n<p><strong>Susana Rico Romero<\/strong><\/p>\n<h4>Rosi Barquero Moriel<\/h4>\n<h4>M\u00aa Isabel Gonz\u00e1lez Rebollo<\/h4>\n<h4>Ana Isabel Garc\u00eda<\/h4>\n<h4>Antonio Carrasco Pariente<\/h4>\n<\/td>\n<td style=\"width: 13.8249%\"><a href=\"http:\/\/blogsaverroes.juntadeandalucia.es\/ceipreinafabiola\/files\/2015\/03\/equipos-ciclo.jpg\"><img loading=\"lazy\" decoding=\"async\" class=\" wp-image-5331 alignnone aligncenter\" src=\"http:\/\/blogsaverroes.juntadeandalucia.es\/ceipreinafabiola\/files\/2015\/03\/equipos-ciclo.jpg\" alt=\"equipos ciclo\" width=\"127\" height=\"127\"><\/a><\/td>\n<td style=\"width: 34.8694%\">\n<h5><strong>EQUIPO DE E.P. 3\u00ba CICLO<\/strong><\/h5>\n<h4>Ana Pelayo Morillo(Coordinador)<\/h4>\n<p><strong>David Fojo Escalante<\/strong><\/p>\n<h4>Eva Olivares Villatoro<\/h4>\n<h4>Rita Torres Garc\u00eda<\/h4>\n<h4>Manuel Camu\u00f1ez Mart\u00edn<\/h4>\n<h4>Antonio Carrasco Pariente<\/h4>\n<h4>&nbsp;<\/h4>\n<\/td>\n<\/tr>\n<tr>\n<td style=\"width: 13.8249%\">\n<h5><a href=\"http:\/\/blogsaverroes.juntadeandalucia.es\/ceipreinafabiola\/files\/2015\/03\/equipos-ciclo.jpg\"><img loading=\"lazy\" decoding=\"async\" class=\" wp-image-5331 alignnone\" src=\"http:\/\/blogsaverroes.juntadeandalucia.es\/ceipreinafabiola\/files\/2015\/03\/equipos-ciclo.jpg\" alt=\"equipos ciclo\" width=\"127\" height=\"127\"><\/a><\/h5>\n<\/td>\n<td style=\"width: 35.6375%\">\n<h5><strong>EQUIPO DE ORIENTACI\u00d3N<\/strong><\/h5>\n<h4>Ana Bel\u00e9n Mar\u00edn Garc\u00eda (Coordinadora)<\/h4>\n<h4>M\u00aa Jos\u00e9 Ru\u00edz L\u00f3pez de Vinuesa<\/h4>\n<h4>Lourdes Mart\u00edn Alonso<\/h4>\n<h4>&nbsp;<\/h4>\n<\/td>\n<td style=\"width: 13.8249%\">&nbsp;<\/td>\n<td style=\"width: 34.8694%\">&nbsp;<\/td>\n<\/tr>\n<\/tbody>\n<\/table>\n<p>.<\/li><li class=\"tab-pane \" id=\"ert_pane1-4\"><\/p>\n<table>\n<tbody>\n<tr>\n<td colspan=\"3\">\n<h4>EQUIPO DE ORIENTACI\u00d3N EXTERNA (EOE)<\/h4>\n<\/td>\n<\/tr>\n<tr>\n<td>\n<h5><strong>ORIENTADORA<\/strong><\/h5>\n<h4>Francisco Vargas&nbsp;<\/h4>\n<\/td>\n<td>\n<h5><strong>M\u00c9DICO<\/strong><\/h5>\n<p>&nbsp;<\/td>\n<td>\n<h5><b>LOGOPEDA<\/b><\/h5>\n<h4>&nbsp;<\/h4>\n<\/td>\n<\/tr>\n<\/tbody>\n<\/table>\n<p>.<\/li><li class=\"tab-pane \" id=\"ert_pane1-5\"><\/p>\n<table>\n<tbody>\n<tr>\n<td colspan=\"2\">\n<h4>PERSONAL DE ADMINISTRACI\u00d3N Y SERVICIOS (P.A.S.)<\/h4>\n<\/td>\n<\/tr>\n<tr>\n<td>\n<h5><strong>MONITORA ESCOLAR<\/strong><\/h5>\n<h4>Aurora Povea Rodr\u00edguez<\/h4>\n<p>&nbsp;<\/p>\n<p>&nbsp;<\/td>\n<td>\n<h5><strong>MONITORAS DE EDUCACI\u00d3N ESPECIAL<\/strong><\/h5>\n<h4>Ana M\u00aa Montes<\/h4>\n<h4>&nbsp;<\/h4>\n<\/td>\n<\/tr>\n<tr>\n<td colspan=\"2\">\n<h5><strong>CONSERJE<\/strong><\/h5>\n<h4>Sara Vega Tirado<\/h4>\n<\/td>\n<\/tr>\n<\/tbody>\n<\/table>\n<p>.<\/li><\/ul><\/div><\/div>\n","protected":false},"excerpt":{"rendered":"","protected":false},"author":5137,"featured_media":0,"parent":0,"menu_order":0,"comment_status":"closed","ping_status":"closed","template":"","meta":{"ngg_post_thumbnail":0,"footnotes":"","_mc_calendar":[]},"aioseo_notices":[],"_links":{"self":[{"href":"https:\/\/blogsaverroes.juntadeandalucia.es\/ceiplossauces\/wp-json\/wp\/v2\/pages\/2866"}],"collection":[{"href":"https:\/\/blogsaverroes.juntadeandalucia.es\/ceiplossauces\/wp-json\/wp\/v2\/pages"}],"about":[{"href":"https:\/\/blogsaverroes.juntadeandalucia.es\/ceiplossauces\/wp-json\/wp\/v2\/types\/page"}],"author":[{"embeddable":true,"href":"https:\/\/blogsaverroes.juntadeandalucia.es\/ceiplossauces\/wp-json\/wp\/v2\/users\/5137"}],"replies":[{"embeddable":true,"href":"https:\/\/blogsaverroes.juntadeandalucia.es\/ceiplossauces\/wp-json\/wp\/v2\/comments?post=2866"}],"version-history":[{"count":38,"href":"https:\/\/blogsaverroes.juntadeandalucia.es\/ceiplossauces\/wp-json\/wp\/v2\/pages\/2866\/revisions"}],"predecessor-version":[{"id":3277,"href":"https:\/\/blogsaverroes.juntadeandalucia.es\/ceiplossauces\/wp-json\/wp\/v2\/pages\/2866\/revisions\/3277"}],"wp:attachment":[{"href":"https:\/\/blogsaverroes.juntadeandalucia.es\/ceiplossauces\/wp-json\/wp\/v2\/media?parent=2866"}],"curies":[{"name":"wp","href":"https:\/\/api.w.org\/{rel}","templated":true}]}}