{"id":2,"date":"2016-01-30T16:25:45","date_gmt":"2016-01-30T16:25:45","guid":{"rendered":"http:\/\/blogsaverroes.juntadeandalucia.es\/ceipluiscernuda\/?page_id=2"},"modified":"2026-03-09T11:55:01","modified_gmt":"2026-03-09T10:55:01","slug":"pagina-ejemplo","status":"publish","type":"page","link":"https:\/\/blogsaverroes.juntadeandalucia.es\/ceipluiscernuda\/","title":{"rendered":"Novedades"},"content":{"rendered":"<p><img loading=\"lazy\" decoding=\"async\" class=\"aligncenter size-full wp-image-7195\" src=\"https:\/\/blogsaverroes.juntadeandalucia.es\/ceipluiscernuda\/files\/2026\/03\/ChatGPT-Image-9-mar-2026-11_49_20.png\" alt=\"\" width=\"1536\" height=\"1024\" srcset=\"https:\/\/blogsaverroes.juntadeandalucia.es\/ceipluiscernuda\/files\/2026\/03\/ChatGPT-Image-9-mar-2026-11_49_20.png 1536w, https:\/\/blogsaverroes.juntadeandalucia.es\/ceipluiscernuda\/files\/2026\/03\/ChatGPT-Image-9-mar-2026-11_49_20-300x200.png 300w, https:\/\/blogsaverroes.juntadeandalucia.es\/ceipluiscernuda\/files\/2026\/03\/ChatGPT-Image-9-mar-2026-11_49_20-1024x683.png 1024w, https:\/\/blogsaverroes.juntadeandalucia.es\/ceipluiscernuda\/files\/2026\/03\/ChatGPT-Image-9-mar-2026-11_49_20-768x512.png 768w\" sizes=\"(max-width: 1536px) 100vw, 1536px\" \/><\/p>\n<p><a href=\"https:\/\/secretariavirtual.juntadeandalucia.es\/secretariavirtual\/accesoTramite\/543\/\"><img loading=\"lazy\" decoding=\"async\" class=\"aligncenter wp-image-7192\" src=\"https:\/\/blogsaverroes.juntadeandalucia.es\/ceipluiscernuda\/files\/2026\/03\/secretaria-virtual.png\" alt=\"\" width=\"570\" height=\"140\" srcset=\"https:\/\/blogsaverroes.juntadeandalucia.es\/ceipluiscernuda\/files\/2026\/03\/secretaria-virtual.png 444w, https:\/\/blogsaverroes.juntadeandalucia.es\/ceipluiscernuda\/files\/2026\/03\/secretaria-virtual-300x74.png 300w\" sizes=\"(max-width: 570px) 100vw, 570px\" \/><\/a><\/p>\n<hr style=\"font-size: 16px;font-weight: 400\">\n<h1><img loading=\"lazy\" decoding=\"async\" class=\"aligncenter size-full wp-image-7186\" src=\"https:\/\/blogsaverroes.juntadeandalucia.es\/ceipluiscernuda\/files\/2026\/01\/Jornada-Puertas-abiertas-26-27.jpeg\" alt=\"\" width=\"1536\" height=\"1024\" srcset=\"https:\/\/blogsaverroes.juntadeandalucia.es\/ceipluiscernuda\/files\/2026\/01\/Jornada-Puertas-abiertas-26-27.jpeg 1536w, https:\/\/blogsaverroes.juntadeandalucia.es\/ceipluiscernuda\/files\/2026\/01\/Jornada-Puertas-abiertas-26-27-300x200.jpeg 300w, https:\/\/blogsaverroes.juntadeandalucia.es\/ceipluiscernuda\/files\/2026\/01\/Jornada-Puertas-abiertas-26-27-1024x683.jpeg 1024w, https:\/\/blogsaverroes.juntadeandalucia.es\/ceipluiscernuda\/files\/2026\/01\/Jornada-Puertas-abiertas-26-27-768x512.jpeg 768w\" sizes=\"(max-width: 1536px) 100vw, 1536px\" \/><\/h1>\n<hr style=\"font-size: 16px;font-weight: 400\">\n<h1><a href=\"https:\/\/blogsaverroes.juntadeandalucia.es\/ceipluiscernuda\/files\/2025\/09\/TUTORIAL-REGISTRO-AV4.pdf\"><img loading=\"lazy\" decoding=\"async\" class=\"aligncenter size-full wp-image-7174\" src=\"https:\/\/blogsaverroes.juntadeandalucia.es\/ceipluiscernuda\/files\/2025\/09\/tutorial-de-registro-3.jpg\" alt=\"\" width=\"897\" height=\"356\" srcset=\"https:\/\/blogsaverroes.juntadeandalucia.es\/ceipluiscernuda\/files\/2025\/09\/tutorial-de-registro-3.jpg 897w, https:\/\/blogsaverroes.juntadeandalucia.es\/ceipluiscernuda\/files\/2025\/09\/tutorial-de-registro-3-300x119.jpg 300w, https:\/\/blogsaverroes.juntadeandalucia.es\/ceipluiscernuda\/files\/2025\/09\/tutorial-de-registro-3-768x305.jpg 768w\" sizes=\"(max-width: 897px) 100vw, 897px\" \/><\/a><\/h1>\n<h1><a href=\"https:\/\/blogsaverroes.juntadeandalucia.es\/ceipluiscernuda\/files\/2025\/09\/TUTORIAL-REGISTRO-AV4.pdf\"><img loading=\"lazy\" decoding=\"async\" class=\"aligncenter wp-image-7172\" src=\"https:\/\/blogsaverroes.juntadeandalucia.es\/ceipluiscernuda\/files\/2025\/09\/boton-pdf.jpg\" alt=\"\" width=\"96\" height=\"96\" srcset=\"https:\/\/blogsaverroes.juntadeandalucia.es\/ceipluiscernuda\/files\/2025\/09\/boton-pdf.jpg 225w, https:\/\/blogsaverroes.juntadeandalucia.es\/ceipluiscernuda\/files\/2025\/09\/boton-pdf-150x150.jpg 150w, https:\/\/blogsaverroes.juntadeandalucia.es\/ceipluiscernuda\/files\/2025\/09\/boton-pdf-80x80.jpg 80w\" sizes=\"(max-width: 96px) 100vw, 96px\" \/><\/a><\/h1>\n<p>&nbsp;<\/p>\n<h1><a href=\"https:\/\/blogsaverroes.juntadeandalucia.es\/ceipluiscernuda\/files\/2025\/09\/ACTUALIZACION-USUARIOS-REGISTRADOS-AV4.pdf\"><img loading=\"lazy\" decoding=\"async\" class=\"aligncenter size-full wp-image-7173\" src=\"https:\/\/blogsaverroes.juntadeandalucia.es\/ceipluiscernuda\/files\/2025\/09\/tutorial-de-registro-1-2.jpg\" alt=\"\" width=\"901\" height=\"355\" srcset=\"https:\/\/blogsaverroes.juntadeandalucia.es\/ceipluiscernuda\/files\/2025\/09\/tutorial-de-registro-1-2.jpg 901w, https:\/\/blogsaverroes.juntadeandalucia.es\/ceipluiscernuda\/files\/2025\/09\/tutorial-de-registro-1-2-300x118.jpg 300w, https:\/\/blogsaverroes.juntadeandalucia.es\/ceipluiscernuda\/files\/2025\/09\/tutorial-de-registro-1-2-768x303.jpg 768w\" sizes=\"(max-width: 901px) 100vw, 901px\" \/><img loading=\"lazy\" decoding=\"async\" class=\"aligncenter wp-image-7172\" src=\"https:\/\/blogsaverroes.juntadeandalucia.es\/ceipluiscernuda\/files\/2025\/09\/boton-pdf.jpg\" alt=\"\" width=\"96\" height=\"96\" srcset=\"https:\/\/blogsaverroes.juntadeandalucia.es\/ceipluiscernuda\/files\/2025\/09\/boton-pdf.jpg 225w, https:\/\/blogsaverroes.juntadeandalucia.es\/ceipluiscernuda\/files\/2025\/09\/boton-pdf-150x150.jpg 150w, https:\/\/blogsaverroes.juntadeandalucia.es\/ceipluiscernuda\/files\/2025\/09\/boton-pdf-80x80.jpg 80w\" sizes=\"(max-width: 96px) 100vw, 96px\" \/><\/a><\/h1>\n<p>&nbsp;<\/p>\n<hr>\n<h1>&nbsp;<\/h1>\n<h1 style=\"text-align: center\">Curso 2025-2026<\/h1>\n<h2>Libros de texto de la etapa de Educaci\u00f3n Infantil<\/h2>\n<h3>El listado de libros de la etapa de Educaci\u00f3n Infantil para el curso 2025-2026 ha sido publicado y puede consultarse en este sitio web. <a title=\"Centro\" href=\"https:\/\/blogsaverroes.juntadeandalucia.es\/ceipluiscernuda\/tutoria\/\"><img loading=\"lazy\" decoding=\"async\" class=\"aligncenter size-full wp-image-105\" src=\"https:\/\/blogsaverroes.juntadeandalucia.es\/ceipluiscernuda\/files\/2016\/01\/flechasiguiente.gif\" alt=\"\" width=\"25\" height=\"25\"><\/a><\/h3>\n<hr>\n<h1 style=\"text-align: center\">Curso 2024-2025<\/h1>\n<h3><a href=\"https:\/\/blogsaverroes.juntadeandalucia.es\/ceipluiscernuda\/escolarizacion\/\">MATRICULACI\u00d3N 2025-2026<\/a><\/h3>\n<h3>Todo el alumnado debe formalizar la matr\u00edcula del 1 al 8 de junio.<\/h3>\n<h3>Acceso a la<\/h3>\n<ul>\n<li style=\"list-style-type: none\">\n<h3><strong><a href=\"https:\/\/www.juntadeandalucia.es\/educacion\/secretariavirtual\/accesoTramite\/365\/\" target=\"_blank\" rel=\"noopener noreferrer\">Secretar\u00eda virtual<\/a><\/strong><\/h3>\n<\/li>\n<\/ul>\n<hr>\n<h2>JORNADAS DE PUERTAS ABIERTAS<\/h2>\n<h4>De cara al proceso de Escolarizaci\u00f3n para el curso 2025-2026, el CEIP Luis Cernuda establece como Jornadas de puertas abiertas lo siguientes d\u00edas:<\/h4>\n<ul>\n<li>\n<h4>24 de febrero a las 16:00 h.<\/h4>\n<\/li>\n<li>\n<h4>3 de marzo a las 12:30 h.<\/h4>\n<\/li>\n<\/ul>\n<hr>\n<h2><a title=\"Centro\" href=\"https:\/\/blogsaverroes.juntadeandalucia.es\/ceipluiscernuda\/tutoria\/\">La editorial Santillana facilita a las familias una gu\u00eda para acceder a la plataforma Aula Virtual 4.<\/a><\/h2>\n<hr>\n<h2>La plataforma Moodle Centros 24-25 ya se encuentra operativa.<\/h2>\n<hr>\n<h3><a title=\"Notas del alumnado\" href=\"https:\/\/blogsaverroes.juntadeandalucia.es\/ceipluiscernuda\/evaluacion-del-alumnado\/\">Publicado el informe de resultados por centro de la Evaluaci\u00f3n de Diagn\u00f3stico del curso acad\u00e9mico 2023-2024.<\/a><\/h3>\n<hr>\n<h3><a title=\"Centro\" href=\"https:\/\/blogsaverroes.juntadeandalucia.es\/ceipluiscernuda\/tutoria\/\">Publicada la lista de libros de texto para la etapa de Educaci\u00f3n Infantil.<\/a><\/h3>\n<hr>\n<h3><a href=\"https:\/\/blogsaverroes.juntadeandalucia.es\/ceipluiscernuda\/escolarizacion\/\">MATRICULACI\u00d3N 2024-2025<\/a><\/h3>\n<h3>Todo el alumnado debe formalizar la matr\u00edcula del 1 al 8 de junio.<\/h3>\n<h3>Acceso a la<\/h3>\n<ul>\n<li style=\"list-style-type: none\">\n<h3><strong><a href=\"https:\/\/www.juntadeandalucia.es\/educacion\/secretariavirtual\/accesoTramite\/365\/\" target=\"_blank\" rel=\"noopener noreferrer\">Secretar\u00eda virtual<\/a><\/strong><\/h3>\n<\/li>\n<\/ul>\n<hr>\n<h3>Se abre el plazo de presentaci\u00f3n de solicitudes de ayudas para alumnos con necesidad espec\u00edfica de apoyo educativo para el curso acad\u00e9mico 2024-2025: desde 30 de abril al 13 de septiembre de 2024. <a href=\"https:\/\/blogsaverroes.juntadeandalucia.es\/ceipluiscernuda\/files\/2024\/04\/Infografia-EE-con-pie-del-2023-3.pdf\">Infograf\u00eda<\/a><\/h3>\n<hr>\n<h3>Visitas <a title=\"Ed. Primaria Ciclo 3\u00ba\" href=\"https:\/\/blogsaverroes.juntadeandalucia.es\/ceipluiscernuda\/ed-primaria-3er-ciclo\/\">culturales<\/a> y <a title=\"Educaci\u00f3n F\u00edsica\" href=\"https:\/\/blogsaverroes.juntadeandalucia.es\/ceipluiscernuda\/educacion-fisica\/\">deportivas<\/a><\/h3>\n<hr>\n<h3>SEXTO CONCURSO DE MICRORRELATOS CEIP LUIS CERNUDA<\/h3>\n<h3>Ya se conoce el fallo del jurado del Sexto Concurso de Microrrelatos CEIP Luis Cernuda. <a title=\"Ed. Primaria Ciclo 3\u00ba\" href=\"https:\/\/blogsaverroes.juntadeandalucia.es\/ceipluiscernuda\/ed-primaria-3er-ciclo\/\"><img loading=\"lazy\" decoding=\"async\" class=\"size-full wp-image-105 alignnone\" src=\"https:\/\/blogsaverroes.juntadeandalucia.es\/ceipluiscernuda\/files\/2016\/01\/flechasiguiente.gif\" alt=\"\" width=\"25\" height=\"25\"><\/a><\/h3>\n<hr>\n<hr>\n<hr>\n<h2><a title=\"Escolarizaci\u00f3n\" href=\"https:\/\/blogsaverroes.juntadeandalucia.es\/ceipluiscernuda\/escolarizacion\/\">ESCOLARIZACI\u00d3N 2024-2025<\/a><\/h2>\n<h3 class=\"panel-title\">Acceso a Admisi\u00f3n en centros docentes p\u00fablicos y privados concertados para cursar las Ense\u00f1anzas de Segundo Ciclo de Educaci\u00f3n Infantil y Educaci\u00f3n Primaria a trav\u00e9s de la<\/h3>\n<h3 class=\"panel-title\"><a href=\"https:\/\/www.juntadeandalucia.es\/educacion\/secretariavirtual\/accesoTramite\/543\/\" target=\"_blank\" rel=\"noopener noreferrer\">SECRETAR\u00cdA VIRTUAL<\/a>:<\/h3>\n<ul>\n<li><strong>Clave iANDE<\/strong><\/li>\n<li><strong>CL@VE-PIN o CL@VE-PERMANENTE o DNI<\/strong><\/li>\n<li><strong>Certificado digital de la FNMT o DNI-e<\/strong><\/li>\n<\/ul>\n<hr>\n<hr>\n<hr>\n<h2>&nbsp;<\/h2>\n<h2>AUTOLOGIN PASEN<\/h2>\n<div style=\"width: 640px;\" class=\"wp-video\"><!--[if lt IE 9]><script>document.createElement('video');<\/script><![endif]-->\n<video class=\"wp-video-shortcode\" id=\"video-2-1\" width=\"640\" height=\"360\" preload=\"metadata\" controls=\"controls\"><source type=\"video\/mp4\" src=\"https:\/\/blogsaverroes.juntadeandalucia.es\/ceipluiscernuda\/files\/2020\/01\/autologin-pasen.mp4?_=1\" \/><a href=\"https:\/\/blogsaverroes.juntadeandalucia.es\/ceipluiscernuda\/files\/2020\/01\/autologin-pasen.mp4\">https:\/\/blogsaverroes.juntadeandalucia.es\/ceipluiscernuda\/files\/2020\/01\/autologin-pasen.mp4<\/a><\/video><\/div>\n<hr>\n<p>&nbsp;<\/p>\n<hr>\n<hr>\n<hr>\n<hr>\n<h3>&nbsp;<\/h3>\n<h2>Programa de Gratuidad de Libros de Texto (2020-2021)<\/h2>\n<h3>La Consejer\u00eda de Educaci\u00f3n y Deporte facilita la siguiente documentaci\u00f3n:<\/h3>\n<ul>\n<li>\n<h3><a href=\"https:\/\/blogsaverroes.juntadeandalucia.es\/ceipluiscernuda\/files\/2020\/06\/Instrucciones-librer\u00edas-20200625.pdf\" target=\"_blank\" rel=\"noopener noreferrer\">Instrucciones para los establecimientos proveedores en relaci\u00f3n al funcionamiento del cheque-libro electr\u00f3nico<\/a><\/h3>\n<\/li>\n<\/ul>\n<h3>La Consejer\u00eda de Educaci\u00f3n y Deporte solicita que se difunda la siguiente informaci\u00f3n:<\/h3>\n<ul>\n<li>\n<h3>La gesti\u00f3n del cheque libro electr\u00f3nico se podr\u00e1 llevar a cabo a trav\u00e9s de su incorporaci\u00f3n en el Punto de Recogida Electr\u00f3nica, al cual podr\u00e1 acceder la familia para su descarga y su posterior entrega a la librer\u00eda o proveedor de su elecci\u00f3n. Estos, acceder\u00e1n a la direcci\u00f3n web, mediante el c\u00f3digo QR que se incorpora en el cheque libro, para bloquearlo al introducir su CIF o DNI.<\/h3>\n<\/li>\n<\/ul>\n<hr>\n<h2>Punto de Recogida Electr\u00f3nico para documentos de evaluaci\u00f3n<\/h2>\n<div>\n<h4>Ya est\u00e1 disponible en S\u00e9neca el Punto de Recogida Electr\u00f3nico para los documentos de evaluaci\u00f3n:<\/h4>\n<h4><a title=\"\" href=\"https:\/\/seneca.juntadeandalucia.es\/seneca\/puntoderecogida\/index.html\" target=\"_blank\" rel=\"noopener noreferrer\">https:\/\/seneca.juntadeandalucia.es\/seneca\/puntoderecogida\/index.html<\/a><\/h4>\n<\/div>\n<hr>\n<h3>Identificador Andaluz Educativo (iANDE)<\/h3>\n<div>\n<h4>Se pone en conocimiento de la comunidad educativa que para facilitar telem\u00e1ticamente los procedimientos relacionados con el centro (admisi\u00f3n, matriculaci\u00f3n y otros tr\u00e1mites) y as\u00ed evitar que las familias tengan que desplazarse a las instalaciones de los mismos, se ha habilitado el Identificador Andaluz Educativo (iANDE), una clave que les permitir\u00e1 autenticarse en la Secretar\u00eda Virtual de forma \u00e1gil y r\u00e1pida.<\/h4>\n<h4>Debido a la situaci\u00f3n provocada por el COVID-19 se recomienda la tramitaci\u00f3n online de todos los procedimientos a trav\u00e9s de la Secretar\u00eda Virtual<\/h4>\n<p><a href=\"https:\/\/www.juntadeandalucia.es\/educacion\/secretariavirtual\/autenticacion\/autenticacioniANDE\/\" target=\"_blank\" rel=\"noopener noreferrer\">https:\/\/www.juntadeandalucia.es\/educacion\/secretariavirtual\/autenticacion\/autenticacioniANDE\/<\/a><\/p>\n<p><a title=\"https:\/\/www.juntadeandalucia.es\/educacion\/secretariavirtual\/ \" href=\"https:\/\/www.juntadeandalucia.es\/educacion\/secretariavirtual\/\" target=\"_blank\" rel=\"noopener noreferrer\">https:\/\/www.juntadeandalucia.es\/educacion\/secretariavirtual\/<\/a><\/p>\n<h4>Las claves iANDE se han difundido a las familias a trav\u00e9s de la app iPasen, en un mensaje anclado en la bandeja de entrada de Comunicaciones. En este mensaje los tutores legales tienen las claves iANDE de cada uno de sus hijos o hijas as\u00ed como para ellos mismos si fueran a su vez alumnos. Este mensaje permanece fijo y no se puede borrar.<\/h4>\n<h4>Adicionalmente a esto, tambi\u00e9n est\u00e1 disponible en la Secretar\u00eda Virtual un auto servicio de iANDE para aquellas personas que no son alumnado de ning\u00fan centro y deseen realizar tr\u00e1mites de admisi\u00f3n y matr\u00edcula en aquellos procedimientos que permitan la participaci\u00f3n de este tipo de personas (Admisi\u00f3n de FP, Conservatorios, EOIs, y Educaci\u00f3n Permanente).<\/h4>\n<\/div>\n<hr>\n<p>&nbsp;<\/p>\n<h4>Nuevo procedimiento de \u00abautologin\u00bb para obtener las credenciales de acceso a PASEN a trav\u00e9s de la aplicaci\u00f3n web o de la app:<\/h4>\n<ul>\n<li>Pinchar en el enlace &#8216;No tengo acceso&#8217; de la pantalla de login.<\/li>\n<li>Se requerir\u00e1n tres datos: El NIF, una fecha de nacimiento (de algunos de sus hijos\/as o la suya propia) y un n\u00famero de tel\u00e9fono m\u00f3vil donde recibir\u00e1 por SMS las credenciales. Este \u00faltimo deber\u00e1 coincidir con el que consta en S\u00e9neca para los tutores legales o para el alumnado.<\/li>\n<li>URL de acceso web a PASEN para las familias:\n<ul>\n<li>\n<h5>&nbsp;<a href=\"http:\/\/www.juntadeandalucia.es\/educacion\/portals\/web\/ced\/pasen\">http:\/\/www.juntadeandalucia.es\/educacion\/portalseneca\/web\/pasen\/inicio<\/a><\/h5>\n<\/li>\n<li>\n<h5><a href=\"http:\/\/www.juntadeandalucia.es\/educacion\/portals\/web\/ced\/pasen\">http:\/\/www.juntadeandalucia.es\/educacion\/portals\/web\/ced\/pasen<\/a><\/h5>\n<\/li>\n<\/ul>\n<\/li>\n<\/ul>\n<hr>\n<h3>&nbsp;<\/h3>\n","protected":false},"excerpt":{"rendered":"<p>&nbsp; &nbsp; &nbsp; Curso 2025-2026 Libros de texto de la etapa de Educaci\u00f3n Infantil El listado de libros de la etapa de Educaci\u00f3n Infantil para el curso 2025-2026 ha sido publicado y puede consultarse&#46;&#46;&#46;<\/p>\n","protected":false},"author":2943,"featured_media":0,"parent":0,"menu_order":0,"comment_status":"open","ping_status":"open","template":"","meta":{"ngg_post_thumbnail":0,"footnotes":""},"aioseo_notices":[],"_links":{"self":[{"href":"https:\/\/blogsaverroes.juntadeandalucia.es\/ceipluiscernuda\/wp-json\/wp\/v2\/pages\/2"}],"collection":[{"href":"https:\/\/blogsaverroes.juntadeandalucia.es\/ceipluiscernuda\/wp-json\/wp\/v2\/pages"}],"about":[{"href":"https:\/\/blogsaverroes.juntadeandalucia.es\/ceipluiscernuda\/wp-json\/wp\/v2\/types\/page"}],"author":[{"embeddable":true,"href":"https:\/\/blogsaverroes.juntadeandalucia.es\/ceipluiscernuda\/wp-json\/wp\/v2\/users\/2943"}],"replies":[{"embeddable":true,"href":"https:\/\/blogsaverroes.juntadeandalucia.es\/ceipluiscernuda\/wp-json\/wp\/v2\/comments?post=2"}],"version-history":[{"count":346,"href":"https:\/\/blogsaverroes.juntadeandalucia.es\/ceipluiscernuda\/wp-json\/wp\/v2\/pages\/2\/revisions"}],"predecessor-version":[{"id":7196,"href":"https:\/\/blogsaverroes.juntadeandalucia.es\/ceipluiscernuda\/wp-json\/wp\/v2\/pages\/2\/revisions\/7196"}],"wp:attachment":[{"href":"https:\/\/blogsaverroes.juntadeandalucia.es\/ceipluiscernuda\/wp-json\/wp\/v2\/media?parent=2"}],"curies":[{"name":"wp","href":"https:\/\/api.w.org\/{rel}","templated":true}]}}