{"id":258,"date":"2016-02-02T18:52:42","date_gmt":"2016-02-02T18:52:42","guid":{"rendered":"http:\/\/blogsaverroes.juntadeandalucia.es\/ceipluiscernuda\/?page_id=258"},"modified":"2022-06-21T14:59:28","modified_gmt":"2022-06-21T13:59:28","slug":"ed-primaria-2o-ciclo","status":"publish","type":"page","link":"https:\/\/blogsaverroes.juntadeandalucia.es\/ceipluiscernuda\/ed-primaria-2o-ciclo\/","title":{"rendered":"Ed. Primaria Ciclo 2\u00ba"},"content":{"rendered":"<h2>Curso 2021-2022<\/h2>\n<p>El alumnado de 4\u00ba regresa al pasado de It\u00e1lica.<\/p>\nngg_shortcode_0_placeholder\n<h2>Curso 2020-2021<\/h2>\n<h3>Concurso de dibujo sobre el medioambiente.<\/h3>\n<p>El dibujo ganador servir\u00e1 de modelo para decorar uno de los muros del edificio.<\/p>\n<ol>\n<li>Carla Mena Rodr\u00edguez: 3\u00baB<\/li>\n<li>Mart\u00edn Maline Garc\u00eda: 3\u00baA<\/li>\n<li>In\u00e9s Ben\u00edtez Vi\u00f1uela: 4\u00ba<\/li>\n<\/ol>\nngg_shortcode_1_placeholder\n<h3>El alumnado de 3\u00ba participa en el taller <em>Huertos ecol\u00f3gicos. Alimentando tu futuro.<\/em><\/h3>\nngg_shortcode_2_placeholder\n<h3><a href=\"http:\/\/blogsaverroes.juntadeandalucia.es\/ceipluiscernuda\/files\/2016\/02\/Mis-proyectos-de-composici\u00f3n-escrita.pdf\" target=\"_blank\" rel=\"noopener noreferrer\">Mis proyectos de composici\u00f3n escrita<\/a>&nbsp;(<a href=\"https:\/\/blogsaverroes.juntadeandalucia.es\/ceipluiscernuda\/files\/2016\/02\/Plantilla-Descripciones.pdf\" target=\"_blank\" rel=\"noopener noreferrer\">Plantilla<\/a>)<\/h3>\n<table style=\"border-color: #000000;background-color: #ffcc00;width: 646px\" border=\"2\" cellspacing=\"2\" cellpadding=\"2\">\n<tbody>\n<tr>\n<td style=\"border-color: #000000;text-align: center;width: 632.216px\" colspan=\"2\">\n<h3>Cuestiones de 4\u00ba<\/h3>\n<\/td>\n<\/tr>\n<tr style=\"height: 9px\">\n<td style=\"text-align: center;height: 9px;width: 308.58px\">\n<h3>Naturales<\/h3>\n<\/td>\n<td style=\"text-align: center;width: 315.852px\">\n<h3>Sociales<\/h3>\n<\/td>\n<\/tr>\n<tr>\n<td style=\"width: 308.58px\">\n<h5><a href=\"https:\/\/blogsaverroes.juntadeandalucia.es\/ceipluiscernuda\/files\/2020\/09\/N4-Cuestiones-1.pdf\" target=\"_blank\" rel=\"noopener noreferrer\">1. Las funciones vitales. Nuestros sentidos<\/a><\/h5>\n<\/td>\n<td style=\"width: 315.852px\">\n<h5><a href=\"https:\/\/blogsaverroes.juntadeandalucia.es\/ceipluiscernuda\/files\/2020\/10\/S4-Cuestiones-1.pdf\" target=\"_blank\" rel=\"noopener noreferrer\">1. El tiempo y el clima<\/a><\/h5>\n<\/td>\n<\/tr>\n<tr>\n<td style=\"width: 308.58px\">\n<h5><a href=\"https:\/\/blogsaverroes.juntadeandalucia.es\/ceipluiscernuda\/files\/2020\/11\/N4-Cuestiones-5.pdf\" target=\"_blank\" rel=\"noopener noreferrer\">5. La clasificaci\u00f3n de los seres vivos<\/a><\/h5>\n<\/td>\n<td style=\"width: 315.852px\">\n<h5><a href=\"https:\/\/blogsaverroes.juntadeandalucia.es\/ceipluiscernuda\/files\/2020\/12\/S4-Cuestiones-2.pdf\" target=\"_blank\" rel=\"noopener noreferrer\">2. Las aguas de la Tierra<\/a><\/h5>\n<\/td>\n<\/tr>\n<tr>\n<td style=\"width: 308.58px\">\n<h5><a href=\"https:\/\/blogsaverroes.juntadeandalucia.es\/ceipluiscernuda\/files\/2020\/12\/N4-Cuestiones-3.pdf\" target=\"_blank\" rel=\"noopener noreferrer\">3. Las plantas<\/a><\/h5>\n<\/td>\n<td style=\"width: 315.852px\">\n<h5>3. Las rocas y el relieve<\/h5>\n<\/td>\n<\/tr>\n<tr>\n<td style=\"width: 308.58px\">\n<h5><a href=\"https:\/\/blogsaverroes.juntadeandalucia.es\/ceipluiscernuda\/files\/2021\/03\/N4-Cuestiones-4.pdf\" target=\"_blank\" rel=\"noopener noreferrer\">4. Las funciones vitales de las plantas<\/a><\/h5>\n<\/td>\n<td style=\"width: 315.852px\">\n<h5><a href=\"https:\/\/blogsaverroes.juntadeandalucia.es\/ceipluiscernuda\/files\/2021\/01\/S4-Cuestiones-4.pdf\" target=\"_blank\" rel=\"noopener noreferrer\">4. Espa\u00f1a y las comunidades<\/a><\/h5>\n<\/td>\n<\/tr>\n<tr>\n<td style=\"width: 308.58px\">\n<h5><a href=\"https:\/\/blogsaverroes.juntadeandalucia.es\/ceipluiscernuda\/files\/2021\/03\/N4-Cuestiones-6.pdf\" target=\"_blank\" rel=\"noopener noreferrer\">6. Los ecosistemas<\/a><\/h5>\n<\/td>\n<td style=\"width: 315.852px\">\n<h5><a href=\"https:\/\/blogsaverroes.juntadeandalucia.es\/ceipluiscernuda\/files\/2021\/03\/S4-Cuestiones-5.pdf\" target=\"_blank\" rel=\"noopener noreferrer\">5. \u00bfCu\u00e1ntos somos?<\/a><\/h5>\n<\/td>\n<\/tr>\n<tr>\n<td style=\"width: 308.58px\">\n<h5>2. La salud<\/h5>\n<\/td>\n<td style=\"width: 315.852px\">\n<h5><a href=\"https:\/\/blogsaverroes.juntadeandalucia.es\/ceipluiscernuda\/files\/2021\/04\/S4-Cuestiones-6.pdf\" target=\"_blank\" rel=\"noopener noreferrer\">6. Los trabajos en Espa\u00f1a<\/a><\/h5>\n<\/td>\n<\/tr>\n<tr>\n<td style=\"width: 308.58px\">\n<h5><a href=\"https:\/\/blogsaverroes.juntadeandalucia.es\/ceipluiscernuda\/files\/2021\/04\/N4-Cuestiones-7.pdf\" target=\"_blank\" rel=\"noopener noreferrer\">7. La materia y las mezclas<\/a><\/h5>\n<\/td>\n<td style=\"width: 315.852px\">\n<h5><a href=\"https:\/\/blogsaverroes.juntadeandalucia.es\/ceipluiscernuda\/files\/2021\/04\/S4-Cuestiones-7.pdf\" target=\"_blank\" rel=\"noopener noreferrer\">7. Conocemos la Prehistoria<\/a><\/h5>\n<\/td>\n<\/tr>\n<tr>\n<td style=\"width: 308.58px\">\n<h5>8&nbsp;Materiales, fuerzas y formas&nbsp;de energ\u00eda<\/h5>\n<\/td>\n<td style=\"width: 315.852px\">\n<h5>8. Descubrimos la Edad Antigua en Espa\u00f1a<\/h5>\n<\/td>\n<\/tr>\n<\/tbody>\n<\/table>\n<ul>\n<li>\n<h3><a href=\"https:\/\/blogsaverroes.juntadeandalucia.es\/ceipluiscernuda\/files\/2020\/09\/Material-3\u00ba.pdf\" target=\"_blank\" rel=\"noopener noreferrer\">Lista de materiales de 3\u00ba<\/a><\/h3>\n<\/li>\n<li>\n<h3><a href=\"https:\/\/blogsaverroes.juntadeandalucia.es\/ceipluiscernuda\/files\/2020\/09\/Material-4\u00ba.pdf\" target=\"_blank\" rel=\"noopener noreferrer\">Lista de materiales de 4\u00ba<\/a><\/h3>\n<\/li>\n<\/ul>\n<hr>\n<h2>El pasado<\/h2>\n<p><iframe loading=\"lazy\" title=\"La M\u00e1quina del Tiempo Pr1\" width=\"500\" height=\"281\" src=\"https:\/\/www.youtube.com\/embed\/3TYTIn41_Vk?feature=oembed&#038;wmode=opaque\" frameborder=\"0\" allow=\"accelerometer; autoplay; clipboard-write; encrypted-media; gyroscope; picture-in-picture\" allowfullscreen><\/iframe><\/p>\n<p><iframe loading=\"lazy\" title=\"La M\u00e1quina del Tiempo Pr2 (Antiguo Egipto)\" width=\"500\" height=\"375\" src=\"https:\/\/www.youtube.com\/embed\/Agzfpz834KI?feature=oembed&#038;wmode=opaque\" frameborder=\"0\" allow=\"accelerometer; autoplay; clipboard-write; encrypted-media; gyroscope; picture-in-picture\" allowfullscreen><\/iframe><\/p>\n<p><iframe loading=\"lazy\" title=\"La M\u00e1quina del Tiempo Pr3 (Antigua Grecia)\" width=\"500\" height=\"375\" src=\"https:\/\/www.youtube.com\/embed\/HkeudOCVQms?feature=oembed&#038;wmode=opaque\" frameborder=\"0\" allow=\"accelerometer; autoplay; clipboard-write; encrypted-media; gyroscope; picture-in-picture\" allowfullscreen><\/iframe><\/p>\n<p><iframe loading=\"lazy\" title=\"La M\u00e1quina del Tiempo Pr4 (Antigua Roma)\" width=\"500\" height=\"375\" src=\"https:\/\/www.youtube.com\/embed\/5PPplBdVP5Y?start=15&#038;feature=oembed&#038;wmode=opaque\" frameborder=\"0\" allow=\"accelerometer; autoplay; clipboard-write; encrypted-media; gyroscope; picture-in-picture\" allowfullscreen><\/iframe><\/p>\n","protected":false},"excerpt":{"rendered":"<p>Curso 2021-2022 El alumnado de 4\u00ba regresa al pasado de It\u00e1lica. Curso 2020-2021 Concurso de dibujo sobre el medioambiente. El dibujo ganador servir\u00e1 de modelo para decorar uno de los muros del edificio. Carla&#46;&#46;&#46;<\/p>\n","protected":false},"author":2943,"featured_media":0,"parent":0,"menu_order":0,"comment_status":"open","ping_status":"closed","template":"","meta":{"ngg_post_thumbnail":0,"footnotes":""},"aioseo_notices":[],"_links":{"self":[{"href":"https:\/\/blogsaverroes.juntadeandalucia.es\/ceipluiscernuda\/wp-json\/wp\/v2\/pages\/258"}],"collection":[{"href":"https:\/\/blogsaverroes.juntadeandalucia.es\/ceipluiscernuda\/wp-json\/wp\/v2\/pages"}],"about":[{"href":"https:\/\/blogsaverroes.juntadeandalucia.es\/ceipluiscernuda\/wp-json\/wp\/v2\/types\/page"}],"author":[{"embeddable":true,"href":"https:\/\/blogsaverroes.juntadeandalucia.es\/ceipluiscernuda\/wp-json\/wp\/v2\/users\/2943"}],"replies":[{"embeddable":true,"href":"https:\/\/blogsaverroes.juntadeandalucia.es\/ceipluiscernuda\/wp-json\/wp\/v2\/comments?post=258"}],"version-history":[{"count":46,"href":"https:\/\/blogsaverroes.juntadeandalucia.es\/ceipluiscernuda\/wp-json\/wp\/v2\/pages\/258\/revisions"}],"predecessor-version":[{"id":6299,"href":"https:\/\/blogsaverroes.juntadeandalucia.es\/ceipluiscernuda\/wp-json\/wp\/v2\/pages\/258\/revisions\/6299"}],"wp:attachment":[{"href":"https:\/\/blogsaverroes.juntadeandalucia.es\/ceipluiscernuda\/wp-json\/wp\/v2\/media?parent=258"}],"curies":[{"name":"wp","href":"https:\/\/api.w.org\/{rel}","templated":true}]}}