{"id":2665,"date":"2022-06-17T12:49:16","date_gmt":"2022-06-17T11:49:16","guid":{"rendered":"https:\/\/blogsaverroes.juntadeandalucia.es\/ceipmaestroantoniorodriguez\/?page_id=2665"},"modified":"2024-12-01T16:11:11","modified_gmt":"2024-12-01T15:11:11","slug":"proyecto-de-igualdad-entre-hombres-y-mujeres","status":"publish","type":"page","link":"https:\/\/blogsaverroes.juntadeandalucia.es\/ceipmaestroantoniorodriguez\/proyecto-de-igualdad-entre-hombres-y-mujeres\/","title":{"rendered":"Proyecto de Igualdad entre hombres y mujeres"},"content":{"rendered":"<p>[et_pb_section fb_built=&#8221;1&#8243; _builder_version=&#8221;4.16&#8243; global_colors_info=&#8221;{}&#8221;][et_pb_row column_structure=&#8221;3_4,1_4&#8243; _builder_version=&#8221;4.24.2&#8243; _module_preset=&#8221;default&#8221; global_colors_info=&#8221;{}&#8221;][et_pb_column type=&#8221;3_4&#8243; _builder_version=&#8221;4.24.2&#8243; _module_preset=&#8221;default&#8221; global_colors_info=&#8221;{}&#8221;][et_pb_text _builder_version=&#8221;4.16&#8243; background_size=&#8221;initial&#8221; background_position=&#8221;top_left&#8221; background_repeat=&#8221;repeat&#8221; custom_margin=&#8221;||-40px|||&#8221; global_colors_info=&#8221;{}&#8221;]<\/p>\n<h1 class=\"entry-title main_title\"><strong>Proyecto de Igualdad entre hombres y mujeres <\/strong><\/h1>\n<h1 class=\"entry-title main_title\"><strong>(Pacto de Estado para la prevenci\u00f3n de la violencia de g\u00e9nero)<\/strong><\/h1>\n<h1 class=\"entry-title main_title\"><span style=\"color: #002f7c;font-family: inherit;font-size: large\">Nuestro centro ha participado de nuevo este a\u00f1o 202<\/span><span style=\"color: #002f7c;font-family: inherit;font-size: large\">3<\/span><span style=\"color: #002f7c;font-family: inherit;font-size: large\">\/2024<\/span><span style=\"color: #002f7c;font-family: inherit;font-size: large\"> <\/span><span style=\"color: #002f7c;font-family: inherit;font-size: large\">en la convocatoria sobre el Pacto de Estado contra la Violencia de G\u00e9nero. Esta subvenci\u00f3n nos ha permitido ampliar nuestras propuestas educativas enmarcadas dentro del Plan de Igualdad. De esta manera, hemos desarrollado diferentes actividades con el objetivo de prevenir la violencia machista dentro de la comunidad educativa, trabajando los estereotipos de g\u00e9nero, visualizando el papel de la mujer, fomentando el respeto a las diferencias y la inclusi\u00f3n de todos y todas.<\/span><\/h1>\n<p><span style=\"color: #002f7c;font-family: inherit;font-size: large\"><\/span><\/p>\n<ul>\n<li><span style=\"font-size: x-large\"><strong>25-N &#8211; &#8220;D\u00eda contra la violencia machista&#8221;<\/strong><\/span><\/li>\n<\/ul>\n<p><span style=\"font-size: medium\"><span style=\"color: #222222\"><span style=\"font-family: Times New Roman, Times, FreeSerif, serif\"><span><\/span><\/span><\/span><\/span><\/p>\n<p><span style=\"color: #0c71c3\"><strong><em><span style=\"font-size: large;font-family: inherit\">Lectura del libro de &#8220;Arturo y Clementina&#8221;. Teatro de la historia del libro por parte de los discentes de 6\u00ba de primaria. Decoraci\u00f3n en paredes y pasillos de las actividades que han realizado los discentes al respecto.<br \/><\/span><\/em><\/strong><\/span><\/p>\n<p>&nbsp;<\/p>\n<p>[\/et_pb_text][et_pb_image src=&#8221;https:\/\/blogsaverroes.juntadeandalucia.es\/ceipmaestroantoniorodriguez\/files\/2024\/06\/EVIDENCIAS-ACTIVIDADES-25N_page-0001.jpg&#8221; title_text=&#8221;EVIDENCIAS ACTIVIDADES 25N_page-0001&#8243; _builder_version=&#8221;4.24.2&#8243; _module_preset=&#8221;default&#8221; global_colors_info=&#8221;{}&#8221;][\/et_pb_image][et_pb_text _builder_version=&#8221;4.16&#8243; _module_preset=&#8221;default&#8221; custom_padding=&#8221;||0px|||&#8221; global_colors_info=&#8221;{}&#8221;]<\/p>\n<ul>\n<li><span style=\"text-decoration: underline;font-size: x-large\"><strong>11 Febrero. LA MUJER Y LA CIENCIA<\/strong><\/span><\/li>\n<\/ul>\n<p>[\/et_pb_text][et_pb_text _builder_version=&#8221;4.16&#8243; _module_preset=&#8221;default&#8221; global_colors_info=&#8221;{}&#8221;]<\/p>\n<p><span style=\"font-size: large;font-family: inherit;font-weight: normal;color: #0c71c3\"><strong><em>Taller de reflexi\u00f3n sobre Rosalind Franklin y el papel de la mujer en la ciencia. Hablamos sobre las injusticias en el \u00e1mbito cient\u00edfico y c\u00f3mo poco a poco esto va cambiando.<br \/><\/em><\/strong><\/span><\/p>\n<p>[\/et_pb_text][\/et_pb_column][et_pb_column type=&#8221;1_4&#8243; _builder_version=&#8221;4.24.2&#8243; _module_preset=&#8221;default&#8221; global_colors_info=&#8221;{}&#8221;][et_pb_blurb title=&#8221;OTRAS NOTICIAS SOBRE COEDUCACI\u00d3N&#8221; url=&#8221;https:\/\/blogsaverroes.juntadeandalucia.es\/ceipmaestroantoniorodriguez\/coeducacion\/&#8221; image=&#8221;https:\/\/blogsaverroes.juntadeandalucia.es\/ceipmaestroantoniorodriguez\/files\/2024\/12\/Diseno-sin-titulo-3.png&#8221; _builder_version=&#8221;4.24.2&#8243; _module_preset=&#8221;default&#8221; link_option_url=&#8221;https:\/\/blogsaverroes.juntadeandalucia.es\/ceipmaestroantoniorodriguez\/coeducacion\/&#8221; global_colors_info=&#8221;{}&#8221;][\/et_pb_blurb][\/et_pb_column][\/et_pb_row][et_pb_row _builder_version=&#8221;4.16&#8243; _module_preset=&#8221;default&#8221; custom_margin=&#8221;|auto||144px||&#8221; global_colors_info=&#8221;{}&#8221;][et_pb_column type=&#8221;4_4&#8243; _builder_version=&#8221;4.16&#8243; _module_preset=&#8221;default&#8221; global_colors_info=&#8221;{}&#8221;][et_pb_text _builder_version=&#8221;4.24.2&#8243; _module_preset=&#8221;default&#8221; custom_padding=&#8221;||4px|||&#8221; global_colors_info=&#8221;{}&#8221;]<\/p>\n<ul>\n<li><span style=\"text-decoration: underline;font-size: x-large\"><strong>23 DE ABRIL: &#8220;D\u00cdA DEL LIBRO&#8221; <br \/><\/strong><\/span><\/li>\n<\/ul>\n<p>[\/et_pb_text][et_pb_text _builder_version=&#8221;4.16&#8243; _module_preset=&#8221;default&#8221; global_colors_info=&#8221;{}&#8221;]<\/p>\n<p><strong><em><span style=\"font-family: inherit;font-size: large;color: #0c71c3\">Quisimos darle protagonismo a todas las grandes escritoras que hay en nuestro pa\u00eds y que son parte tan relevante en nuestra cultura. Es por ello, que se llev\u00f3 a cabo un taller de b\u00fasqueda de informaci\u00f3n sobre estas en la biblioteca y el alumnado reflej\u00f3 sus gustos personales en un mural de escritoras que pusimos en la puerta de nuestra biblioteca.<\/span><\/em><\/strong><strong><em><span style=\"color: #0c71c3;font-family: inherit;font-size: large\"><\/span><\/em><\/strong><\/p>\n<p><strong><em><span style=\"font-family: inherit;font-size: large;color: #0c71c3\">Tambi\u00e9n se llevaron a cabo varias sesiones de cuentacuentos para el alumnado de infantil, primer ciclo y aulas espec\u00edficas.<\/span><\/em><\/strong><\/p>\n<p>[\/et_pb_text][\/et_pb_column][\/et_pb_row][et_pb_row column_structure=&#8221;1_2,1_2&#8243; _builder_version=&#8221;4.16&#8243; _module_preset=&#8221;default&#8221; custom_margin=&#8221;-25px|auto||auto||&#8221; global_colors_info=&#8221;{}&#8221;][et_pb_column type=&#8221;1_2&#8243; _builder_version=&#8221;4.16&#8243; _module_preset=&#8221;default&#8221; global_colors_info=&#8221;{}&#8221;][et_pb_image src=&#8221;https:\/\/blogsaverroes.juntadeandalucia.es\/ceipmaestroantoniorodriguez\/files\/2024\/06\/20240423_095253-scaled.jpg&#8221; title_text=&#8221;20240423_095253&#8243; _builder_version=&#8221;4.24.2&#8243; _module_preset=&#8221;default&#8221; min_height=&#8221;742.7px&#8221; custom_margin=&#8221;||-4px|||&#8221; global_colors_info=&#8221;{}&#8221;][\/et_pb_image][\/et_pb_column][et_pb_column type=&#8221;1_2&#8243; _builder_version=&#8221;4.16&#8243; _module_preset=&#8221;default&#8221; global_colors_info=&#8221;{}&#8221;][et_pb_image src=&#8221;https:\/\/blogsaverroes.juntadeandalucia.es\/ceipmaestroantoniorodriguez\/files\/2024\/06\/PHOTO-2024-04-22-20-50-15.jpg&#8221; title_text=&#8221;PHOTO-2024-04-22-20-50-15&#8243; _builder_version=&#8221;4.24.2&#8243; _module_preset=&#8221;default&#8221; global_colors_info=&#8221;{}&#8221;][\/et_pb_image][\/et_pb_column][\/et_pb_row][et_pb_row _builder_version=&#8221;4.24.2&#8243; _module_preset=&#8221;default&#8221; global_colors_info=&#8221;{}&#8221;][et_pb_column type=&#8221;4_4&#8243; _builder_version=&#8221;4.24.2&#8243; _module_preset=&#8221;default&#8221; global_colors_info=&#8221;{}&#8221;][et_pb_gallery gallery_ids=&#8221;3213,3211,3210,3209&#8243; show_title_and_caption=&#8221;off&#8221; _builder_version=&#8221;4.24.2&#8243; _module_preset=&#8221;default&#8221; global_colors_info=&#8221;{}&#8221;][\/et_pb_gallery][\/et_pb_column][\/et_pb_row][et_pb_row _builder_version=&#8221;4.16&#8243; _module_preset=&#8221;default&#8221; global_colors_info=&#8221;{}&#8221;][et_pb_column type=&#8221;4_4&#8243; _builder_version=&#8221;4.16&#8243; _module_preset=&#8221;default&#8221; global_colors_info=&#8221;{}&#8221;][et_pb_text _builder_version=&#8221;4.16&#8243; _module_preset=&#8221;default&#8221; custom_padding=&#8221;||4px|||&#8221; global_colors_info=&#8221;{}&#8221;]<\/p>\n<ul>\n<li><span style=\"text-decoration: underline;font-size: x-large\"><strong>8 M &#8220;D\u00eda de la mujer&#8221;<\/strong><\/span><\/li>\n<\/ul>\n<p>[\/et_pb_text][et_pb_text _builder_version=&#8221;4.24.2&#8243; _module_preset=&#8221;default&#8221; custom_padding=&#8221;||0px|||&#8221; global_colors_info=&#8221;{}&#8221;]<\/p>\n<p><span style=\"font-size: large;font-family: inherit;font-weight: normal;color: #0c71c3\"><strong><em>CARTEL 8 M DEL CEIP MAESTRO ANTONIO RODR\u00cdGUEZ<\/em><\/strong><\/span><\/p>\n<p>[\/et_pb_text][et_pb_image src=&#8221;https:\/\/blogsaverroes.juntadeandalucia.es\/ceipmaestroantoniorodriguez\/files\/2024\/03\/Cartel-8M_page-0001-scaled.jpg&#8221; title_text=&#8221;Cartel 8M_page-0001&#8243; _builder_version=&#8221;4.24.2&#8243; _module_preset=&#8221;default&#8221; global_colors_info=&#8221;{}&#8221;][\/et_pb_image][\/et_pb_column][\/et_pb_row][et_pb_row _builder_version=&#8221;4.16&#8243; _module_preset=&#8221;default&#8221; global_colors_info=&#8221;{}&#8221;][et_pb_column type=&#8221;4_4&#8243; _builder_version=&#8221;4.16&#8243; _module_preset=&#8221;default&#8221; global_colors_info=&#8221;{}&#8221;][et_pb_text _builder_version=&#8221;4.24.2&#8243; _module_preset=&#8221;default&#8221; custom_padding=&#8221;||0px|||&#8221; global_colors_info=&#8221;{}&#8221;]<\/p>\n<p><span style=\"font-size: large;font-family: inherit;font-weight: normal;color: #0c71c3\"><strong><em>Charla del 8M en conjunto con el Ayuntamiento de la localidad.<br \/><\/em><\/strong><\/span><\/p>\n<p>[\/et_pb_text][et_pb_gallery gallery_ids=&#8221;3204,3205,3206&#8243; show_title_and_caption=&#8221;off&#8221; _builder_version=&#8221;4.24.2&#8243; _module_preset=&#8221;default&#8221; global_colors_info=&#8221;{}&#8221;][\/et_pb_gallery][et_pb_text _builder_version=&#8221;4.24.2&#8243; _module_preset=&#8221;default&#8221; custom_padding=&#8221;||4px|||&#8221; global_colors_info=&#8221;{}&#8221;]<\/p>\n<ul>\n<li><span style=\"text-decoration: underline;font-size: x-large\"><strong>D\u00cdA DE LAS FAMILIAS<br \/><\/strong><\/span><\/li>\n<\/ul>\n<p>[\/et_pb_text][et_pb_text _builder_version=&#8221;4.24.2&#8243; _module_preset=&#8221;default&#8221; custom_padding=&#8221;||1px|||&#8221; global_colors_info=&#8221;{}&#8221;]<\/p>\n<p><span style=\"font-size: large;font-family: inherit;font-weight: normal;color: #0c71c3\"><strong><em>En nuestro centro, todas las familias suman, ya que como nos gusta decir: &#8220;EN EL CORAZ\u00d3N DEL M.A.R. TODAS LAS FAMILIAS CABEN CON LA MISMA IGUALDAD&#8221;. Hicimos un mural con todas las familias y una actividad en infantil que qued\u00f3 chul\u00edsima.<br \/><\/em><\/strong><\/span><\/p>\n<p>[\/et_pb_text][\/et_pb_column][\/et_pb_row][et_pb_row _builder_version=&#8221;4.24.2&#8243; _module_preset=&#8221;default&#8221; global_colors_info=&#8221;{}&#8221;][et_pb_column type=&#8221;4_4&#8243; _builder_version=&#8221;4.24.2&#8243; _module_preset=&#8221;default&#8221; global_colors_info=&#8221;{}&#8221;][et_pb_image src=&#8221;https:\/\/blogsaverroes.juntadeandalucia.es\/ceipmaestroantoniorodriguez\/files\/2024\/06\/PHOTO-2024-05-15-13-51-16.jpg&#8221; title_text=&#8221;PHOTO-2024-05-15-13-51-16&#8243; _builder_version=&#8221;4.24.2&#8243; _module_preset=&#8221;default&#8221; global_colors_info=&#8221;{}&#8221;][\/et_pb_image][\/et_pb_column][\/et_pb_row][et_pb_row column_structure=&#8221;1_2,1_2&#8243; _builder_version=&#8221;4.24.2&#8243; _module_preset=&#8221;default&#8221; global_colors_info=&#8221;{}&#8221;][et_pb_column type=&#8221;1_2&#8243; _builder_version=&#8221;4.24.2&#8243; _module_preset=&#8221;default&#8221; global_colors_info=&#8221;{}&#8221;][et_pb_image src=&#8221;https:\/\/blogsaverroes.juntadeandalucia.es\/ceipmaestroantoniorodriguez\/files\/2024\/06\/PHOTO-2024-05-15-13-55-29.jpg&#8221; title_text=&#8221;PHOTO-2024-05-15-13-55-29&#8243; _builder_version=&#8221;4.24.2&#8243; _module_preset=&#8221;default&#8221; global_colors_info=&#8221;{}&#8221;][\/et_pb_image][\/et_pb_column][et_pb_column type=&#8221;1_2&#8243; _builder_version=&#8221;4.24.2&#8243; _module_preset=&#8221;default&#8221; global_colors_info=&#8221;{}&#8221;][et_pb_image src=&#8221;https:\/\/blogsaverroes.juntadeandalucia.es\/ceipmaestroantoniorodriguez\/files\/2024\/06\/PHOTO-2024-05-15-13-55-44.jpg&#8221; title_text=&#8221;PHOTO-2024-05-15-13-55-44&#8243; _builder_version=&#8221;4.24.2&#8243; _module_preset=&#8221;default&#8221; global_colors_info=&#8221;{}&#8221;][\/et_pb_image][\/et_pb_column][\/et_pb_row][et_pb_row _builder_version=&#8221;4.16&#8243; _module_preset=&#8221;default&#8221; global_colors_info=&#8221;{}&#8221;][et_pb_column type=&#8221;4_4&#8243; _builder_version=&#8221;4.16&#8243; _module_preset=&#8221;default&#8221; global_colors_info=&#8221;{}&#8221;][et_pb_image src=&#8221;https:\/\/blogsaverroes.juntadeandalucia.es\/ceipmaestroantoniorodriguez\/files\/2022\/06\/WhatsApp-Image-2022-06-17-at-1.44.46-PM.jpeg&#8221; title_text=&#8221;WhatsApp Image 2022-06-17 at 1.44.46 PM&#8221; _builder_version=&#8221;4.16&#8243; _module_preset=&#8221;default&#8221; global_colors_info=&#8221;{}&#8221;][\/et_pb_image][\/et_pb_column][\/et_pb_row][\/et_pb_section]<\/p>\n","protected":false},"excerpt":{"rendered":"<p>Proyecto de Igualdad entre hombres y mujeres (Pacto de Estado para la prevenci\u00f3n de la violencia de g\u00e9nero) Nuestro centro ha participado de nuevo este a\u00f1o 2023\/2024 en la convocatoria sobre el Pacto de Estado contra la Violencia de G\u00e9nero. Esta subvenci\u00f3n nos ha permitido ampliar nuestras propuestas educativas enmarcadas dentro del Plan de Igualdad. [&hellip;]<\/p>\n","protected":false},"author":12376,"featured_media":0,"parent":0,"menu_order":0,"comment_status":"closed","ping_status":"closed","template":"","meta":{"_et_pb_use_builder":"on","_et_pb_old_content":"","_et_gb_content_width":"","ngg_post_thumbnail":0,"footnotes":""},"aioseo_notices":[],"_links":{"self":[{"href":"https:\/\/blogsaverroes.juntadeandalucia.es\/ceipmaestroantoniorodriguez\/wp-json\/wp\/v2\/pages\/2665"}],"collection":[{"href":"https:\/\/blogsaverroes.juntadeandalucia.es\/ceipmaestroantoniorodriguez\/wp-json\/wp\/v2\/pages"}],"about":[{"href":"https:\/\/blogsaverroes.juntadeandalucia.es\/ceipmaestroantoniorodriguez\/wp-json\/wp\/v2\/types\/page"}],"author":[{"embeddable":true,"href":"https:\/\/blogsaverroes.juntadeandalucia.es\/ceipmaestroantoniorodriguez\/wp-json\/wp\/v2\/users\/12376"}],"replies":[{"embeddable":true,"href":"https:\/\/blogsaverroes.juntadeandalucia.es\/ceipmaestroantoniorodriguez\/wp-json\/wp\/v2\/comments?post=2665"}],"version-history":[{"count":16,"href":"https:\/\/blogsaverroes.juntadeandalucia.es\/ceipmaestroantoniorodriguez\/wp-json\/wp\/v2\/pages\/2665\/revisions"}],"predecessor-version":[{"id":3612,"href":"https:\/\/blogsaverroes.juntadeandalucia.es\/ceipmaestroantoniorodriguez\/wp-json\/wp\/v2\/pages\/2665\/revisions\/3612"}],"wp:attachment":[{"href":"https:\/\/blogsaverroes.juntadeandalucia.es\/ceipmaestroantoniorodriguez\/wp-json\/wp\/v2\/media?parent=2665"}],"curies":[{"name":"wp","href":"https:\/\/api.w.org\/{rel}","templated":true}]}}