{"id":1067,"date":"2024-02-07T09:45:37","date_gmt":"2024-02-07T08:45:37","guid":{"rendered":"https:\/\/blogsaverroes.juntadeandalucia.es\/ceipmaestropepegonzalez\/?page_id=1067"},"modified":"2025-03-13T18:59:10","modified_gmt":"2025-03-13T17:59:10","slug":"planes-y-programas","status":"publish","type":"page","link":"https:\/\/blogsaverroes.juntadeandalucia.es\/ceipmaestropepegonzalez\/planes-y-programas\/","title":{"rendered":"Planes y programas"},"content":{"rendered":"<p><span style=\"color: #339966;font-family: georgia, palatino, serif;font-size: 12pt\"><strong>BIBLIOTECA ESCOLAR<\/strong><\/span><\/p>\n<p><span style=\"color: #3366ff;font-family: georgia, palatino, serif;font-size: 12pt\"><span style=\"color: #000000\"><small role=\"presentation\">Desde el equipo de la biblioteca se organizan actividades variadas en funci\u00f3n de los diferentes intereses y proyectos que trabajamos en el centro. El alumnado cuenta con un importante <\/small><\/span><small role=\"presentation\"><span style=\"color: #000000\">fondo bibliogr\u00e1fico y con un espacio especialmente motivador<\/span>.<\/small><\/span><\/p>\n<p>&nbsp;<\/p>\n<p><img loading=\"lazy\" decoding=\"async\" class=\"alignnone size-medium wp-image-1254\" src=\"https:\/\/blogsaverroes.juntadeandalucia.es\/ceipmaestropepegonzalez\/files\/2024\/02\/biblio-3-300x225.jpg\" alt=\"\" width=\"300\" height=\"225\" srcset=\"https:\/\/blogsaverroes.juntadeandalucia.es\/ceipmaestropepegonzalez\/files\/2024\/02\/biblio-3-300x225.jpg 300w, https:\/\/blogsaverroes.juntadeandalucia.es\/ceipmaestropepegonzalez\/files\/2024\/02\/biblio-3-1024x768.jpg 1024w, https:\/\/blogsaverroes.juntadeandalucia.es\/ceipmaestropepegonzalez\/files\/2024\/02\/biblio-3-768x576.jpg 768w, https:\/\/blogsaverroes.juntadeandalucia.es\/ceipmaestropepegonzalez\/files\/2024\/02\/biblio-3-1536x1152.jpg 1536w, https:\/\/blogsaverroes.juntadeandalucia.es\/ceipmaestropepegonzalez\/files\/2024\/02\/biblio-3-2048x1536.jpg 2048w\" sizes=\"(max-width: 300px) 100vw, 300px\" \/><img loading=\"lazy\" decoding=\"async\" class=\"alignnone wp-image-1255\" src=\"https:\/\/blogsaverroes.juntadeandalucia.es\/ceipmaestropepegonzalez\/files\/2024\/02\/biblio-2-225x300.jpg\" alt=\"\" width=\"169\" height=\"225\" srcset=\"https:\/\/blogsaverroes.juntadeandalucia.es\/ceipmaestropepegonzalez\/files\/2024\/02\/biblio-2-225x300.jpg 225w, https:\/\/blogsaverroes.juntadeandalucia.es\/ceipmaestropepegonzalez\/files\/2024\/02\/biblio-2-768x1024.jpg 768w, https:\/\/blogsaverroes.juntadeandalucia.es\/ceipmaestropepegonzalez\/files\/2024\/02\/biblio-2-1152x1536.jpg 1152w, https:\/\/blogsaverroes.juntadeandalucia.es\/ceipmaestropepegonzalez\/files\/2024\/02\/biblio-2-1536x2048.jpg 1536w, https:\/\/blogsaverroes.juntadeandalucia.es\/ceipmaestropepegonzalez\/files\/2024\/02\/biblio-2-scaled.jpg 1920w\" sizes=\"(max-width: 169px) 100vw, 169px\" \/><img loading=\"lazy\" decoding=\"async\" class=\"alignnone wp-image-1253\" src=\"https:\/\/blogsaverroes.juntadeandalucia.es\/ceipmaestropepegonzalez\/files\/2024\/02\/Bliblio-1-225x300.jpg\" alt=\"\" width=\"169\" height=\"225\" srcset=\"https:\/\/blogsaverroes.juntadeandalucia.es\/ceipmaestropepegonzalez\/files\/2024\/02\/Bliblio-1-225x300.jpg 225w, https:\/\/blogsaverroes.juntadeandalucia.es\/ceipmaestropepegonzalez\/files\/2024\/02\/Bliblio-1-768x1024.jpg 768w, https:\/\/blogsaverroes.juntadeandalucia.es\/ceipmaestropepegonzalez\/files\/2024\/02\/Bliblio-1-1152x1536.jpg 1152w, https:\/\/blogsaverroes.juntadeandalucia.es\/ceipmaestropepegonzalez\/files\/2024\/02\/Bliblio-1-1536x2048.jpg 1536w, https:\/\/blogsaverroes.juntadeandalucia.es\/ceipmaestropepegonzalez\/files\/2024\/02\/Bliblio-1-scaled.jpg 1920w\" sizes=\"(max-width: 169px) 100vw, 169px\" \/><\/p>\n<p>https:\/\/sites.google.com\/maestropepegonzalez.es\/biblioteca\/inicio<\/p>\n<p><img loading=\"lazy\" decoding=\"async\" class=\"size-medium wp-image-1128 aligncenter\" src=\"https:\/\/blogsaverroes.juntadeandalucia.es\/ceipmaestropepegonzalez\/files\/2024\/02\/bibliotecas-escolares-madrid-280x300.jpg\" alt=\"\" width=\"280\" height=\"300\" srcset=\"https:\/\/blogsaverroes.juntadeandalucia.es\/ceipmaestropepegonzalez\/files\/2024\/02\/bibliotecas-escolares-madrid-280x300.jpg 280w, https:\/\/blogsaverroes.juntadeandalucia.es\/ceipmaestropepegonzalez\/files\/2024\/02\/bibliotecas-escolares-madrid-480x515.jpg 480w, https:\/\/blogsaverroes.juntadeandalucia.es\/ceipmaestropepegonzalez\/files\/2024\/02\/bibliotecas-escolares-madrid.jpg 600w\" sizes=\"(max-width: 280px) 100vw, 280px\" \/><\/p>\n<p>&nbsp;<\/p>\n<p>&nbsp;<\/p>\n<p><span style=\"color: #339966\"><strong>BILING\u00dcISMO<\/strong><\/span><\/p>\n<p>Contamos con un Proyecto Biling\u00fce consensuado entre los docente de las \u00e1reas de Ingl\u00e9s como L2 y Conocimiento del Medio y Educaci\u00f3n F\u00edsica biling\u00fces. Adem\u00e1s, organizamos experiencias de comunicaci\u00f3n en el habla inglesa reales, contando con una auxiliar de conversaci\u00f3n nativa desde el mes de octubre hasta mayo. Por otra parte, participamos en proyectos internacionales eTwinning y realizamos colaboraciones con un centro de estudios deportivos belga acogiendo a su alumnado durante otras dos semanas del curso.<\/p>\n<p><a href=\"https:\/\/sites.google.com\/view\/plandebilinguismopepegonzalez\/inicio\">https:\/\/sites.google.com\/view\/plandebilinguismopepegonzalez\/inicio<\/a><\/p>\n<p><img loading=\"lazy\" decoding=\"async\" class=\"size-full wp-image-1127 aligncenter\" src=\"https:\/\/blogsaverroes.juntadeandalucia.es\/ceipmaestropepegonzalez\/files\/2024\/02\/\u00edndice.jpeg\" alt=\"\" width=\"300\" height=\"168\"><\/p>\n<p>&nbsp;<\/p>\n<p><span style=\"color: #339966\"><strong>CRECIENDO EN SALUD Y HUERTO ESCOLAR<\/strong><\/span><\/p>\n<p>&nbsp;Cuyo eje es el compromiso con el uso adecuado del agua, la gesti\u00f3n&nbsp; de residuos, huerto escolar y alimentaci\u00f3n saludable<\/p>\n<p><img loading=\"lazy\" decoding=\"async\" class=\"size-medium wp-image-1132 aligncenter\" src=\"https:\/\/blogsaverroes.juntadeandalucia.es\/ceipmaestropepegonzalez\/files\/2024\/02\/salud-300x154.jpg\" alt=\"\" width=\"300\" height=\"154\" srcset=\"https:\/\/blogsaverroes.juntadeandalucia.es\/ceipmaestropepegonzalez\/files\/2024\/02\/salud-300x154.jpg 300w, https:\/\/blogsaverroes.juntadeandalucia.es\/ceipmaestropepegonzalez\/files\/2024\/02\/salud.jpg 313w\" sizes=\"(max-width: 300px) 100vw, 300px\" \/><\/p>\n<p>&nbsp;<\/p>\n<p><strong><span style=\"color: #339966\">ESCUELA ESPACIO DE PAZ<\/span><\/strong><\/p>\n<p><img loading=\"lazy\" decoding=\"async\" class=\" wp-image-1554 aligncenter\" src=\"https:\/\/blogsaverroes.juntadeandalucia.es\/ceipmaestropepegonzalez\/files\/2024\/06\/escuela-espacio-de-paz-300x138.jpg\" alt=\"\" width=\"459\" height=\"211\" srcset=\"https:\/\/blogsaverroes.juntadeandalucia.es\/ceipmaestropepegonzalez\/files\/2024\/06\/escuela-espacio-de-paz-300x138.jpg 300w, https:\/\/blogsaverroes.juntadeandalucia.es\/ceipmaestropepegonzalez\/files\/2024\/06\/escuela-espacio-de-paz-1024x472.jpg 1024w, https:\/\/blogsaverroes.juntadeandalucia.es\/ceipmaestropepegonzalez\/files\/2024\/06\/escuela-espacio-de-paz-768x354.jpg 768w, https:\/\/blogsaverroes.juntadeandalucia.es\/ceipmaestropepegonzalez\/files\/2024\/06\/escuela-espacio-de-paz.jpg 1036w\" sizes=\"(max-width: 459px) 100vw, 459px\" \/><\/p>\n<p><span style=\"color: #339966\"><strong>PACTO CONTRA LA VIOLENCIA DE G\u00c9NERO<\/strong><\/span><\/p>\n<p>&nbsp;<\/p>\n<p><img loading=\"lazy\" decoding=\"async\" class=\"size-medium wp-image-1130 aligncenter\" src=\"https:\/\/blogsaverroes.juntadeandalucia.es\/ceipmaestropepegonzalez\/files\/2024\/02\/logopactoestadocolor-300x230.png\" alt=\"\" width=\"300\" height=\"230\" srcset=\"https:\/\/blogsaverroes.juntadeandalucia.es\/ceipmaestropepegonzalez\/files\/2024\/02\/logopactoestadocolor-300x230.png 300w, https:\/\/blogsaverroes.juntadeandalucia.es\/ceipmaestropepegonzalez\/files\/2024\/02\/logopactoestadocolor-768x589.png 768w, https:\/\/blogsaverroes.juntadeandalucia.es\/ceipmaestropepegonzalez\/files\/2024\/02\/logopactoestadocolor.png 882w, https:\/\/blogsaverroes.juntadeandalucia.es\/ceipmaestropepegonzalez\/files\/2024\/02\/logopactoestadocolor-480x368.png 480w\" sizes=\"(max-width: 300px) 100vw, 300px\" \/><\/p>\n<p><span style=\"color: #339966\"><strong>PROA<\/strong><\/span><\/p>\n<p><img loading=\"lazy\" decoding=\"async\" class=\"size-medium wp-image-1131 aligncenter\" src=\"https:\/\/blogsaverroes.juntadeandalucia.es\/ceipmaestropepegonzalez\/files\/2024\/02\/proa-300x171.jpg\" alt=\"\" width=\"300\" height=\"171\" srcset=\"https:\/\/blogsaverroes.juntadeandalucia.es\/ceipmaestropepegonzalez\/files\/2024\/02\/proa-300x171.jpg 300w, https:\/\/blogsaverroes.juntadeandalucia.es\/ceipmaestropepegonzalez\/files\/2024\/02\/proa-1024x583.jpg 1024w, https:\/\/blogsaverroes.juntadeandalucia.es\/ceipmaestropepegonzalez\/files\/2024\/02\/proa-768x437.jpg 768w, https:\/\/blogsaverroes.juntadeandalucia.es\/ceipmaestropepegonzalez\/files\/2024\/02\/proa-1080x615.jpg 1080w, https:\/\/blogsaverroes.juntadeandalucia.es\/ceipmaestropepegonzalez\/files\/2024\/02\/proa-980x558.jpg 980w, https:\/\/blogsaverroes.juntadeandalucia.es\/ceipmaestropepegonzalez\/files\/2024\/02\/proa-480x273.jpg 480w, https:\/\/blogsaverroes.juntadeandalucia.es\/ceipmaestropepegonzalez\/files\/2024\/02\/proa.jpg 1258w\" sizes=\"(max-width: 300px) 100vw, 300px\" \/><\/p>\n<p><span style=\"color: #339966\"><b>M\u00c1S EQUIDAD INCLUSI\u00d3N<\/b><\/span><\/p>\n<p>El objetivo principal de este proyecto es ofrecer la posibilidad al alumnado de nuestra aula espec\u00edfica de recibir talleres de estimulaci\u00f3n que en el centro es imposible o no contamos con los recursos para ello. Pretendemos el desarrollo integral del alumnado, y por ello, nos planteamos como objetivo principal recibir talleres de equinoterapia.<\/p>\n<p><img loading=\"lazy\" decoding=\"async\" class=\"size-medium wp-image-1129 aligncenter\" src=\"https:\/\/blogsaverroes.juntadeandalucia.es\/ceipmaestropepegonzalez\/files\/2024\/02\/LOGO-Impulsa-copia-300x163.jpg\" alt=\"\" width=\"300\" height=\"163\" srcset=\"https:\/\/blogsaverroes.juntadeandalucia.es\/ceipmaestropepegonzalez\/files\/2024\/02\/LOGO-Impulsa-copia-300x163.jpg 300w, https:\/\/blogsaverroes.juntadeandalucia.es\/ceipmaestropepegonzalez\/files\/2024\/02\/LOGO-Impulsa-copia-768x417.jpg 768w, https:\/\/blogsaverroes.juntadeandalucia.es\/ceipmaestropepegonzalez\/files\/2024\/02\/LOGO-Impulsa-copia-480x261.jpg 480w, https:\/\/blogsaverroes.juntadeandalucia.es\/ceipmaestropepegonzalez\/files\/2024\/02\/LOGO-Impulsa-copia.jpg 850w\" sizes=\"(max-width: 300px) 100vw, 300px\" \/><\/p>\n<p><span style=\"color: #339966\"><strong>PROGRAMA ESCOLAR DE CONSUMO DE FRUTAS, HORTALIZAS, LECHE Y SUS MEDIDAS DE ACOMPA\u00d1MIENTO.<\/strong><\/span><\/p>\n<p><img loading=\"lazy\" decoding=\"async\" class=\"wp-image-1248 aligncenter\" src=\"https:\/\/blogsaverroes.juntadeandalucia.es\/ceipmaestropepegonzalez\/files\/2024\/02\/Icono-Fruta-peque\u00f1o-300x300.png\" alt=\"\" width=\"173\" height=\"173\" srcset=\"https:\/\/blogsaverroes.juntadeandalucia.es\/ceipmaestropepegonzalez\/files\/2024\/02\/Icono-Fruta-peque\u00f1o-300x300.png 300w, https:\/\/blogsaverroes.juntadeandalucia.es\/ceipmaestropepegonzalez\/files\/2024\/02\/Icono-Fruta-peque\u00f1o-150x150.png 150w, https:\/\/blogsaverroes.juntadeandalucia.es\/ceipmaestropepegonzalez\/files\/2024\/02\/Icono-Fruta-peque\u00f1o.png 713w\" sizes=\"(max-width: 173px) 100vw, 173px\" \/><\/p>\n<p id=\"detalle_programa-conred\" class=\"titulo\"><strong><span style=\"color: #339966\">PROGRAMA DE PREVENCI\u00d3N DEL ACOSO ESCOLAR Y CIBERACOSO. Andaluc\u00eda CONRED<\/span><\/strong><\/p>\n<p>La Consejer\u00eda de Educaci\u00f3n y Deporte, a trav\u00e9s de la Direcci\u00f3n General de Atenci\u00f3n a la Diversidad, Participaci\u00f3n y Convivencia Escolar ha desarrollado un material did\u00e1ctico espec\u00edfico para implantar en los centros un programa para la prevenci\u00f3n del acoso y ciberacoso escolar.<\/p>\n<p>El programa cuenta con seis unidades did\u00e1cticas que guiar\u00e1n al alumnado participante para que identifique situaciones de riesgo de acoso escolar y ciberacoso, comprenda la din\u00e1mica del acoso escolar y el ciberacoso, analice el proceso de relaciones interpersonales que constituye un riesgo para el acoso escolar y el ciberacoso, identifique estrategias de afrontamiento eficaces para responder ante estas situaciones, comprenda qu\u00e9 comportamientos m\u00e1s o menos convencionales, puede da\u00f1arles y facilitar el acoso escolar y el ciberacoso, conozcan las consecuencias que se pueden derivar de situaciones de ambos fen\u00f3menos e identifiquen fuentes de ayuda y v\u00edas de soluci\u00f3n.<\/p>\n<p><img loading=\"lazy\" decoding=\"async\" class=\"size-medium wp-image-1282 aligncenter\" src=\"https:\/\/blogsaverroes.juntadeandalucia.es\/ceipmaestropepegonzalez\/files\/2024\/02\/CONRED-300x122.jpg\" alt=\"\" width=\"300\" height=\"122\" srcset=\"https:\/\/blogsaverroes.juntadeandalucia.es\/ceipmaestropepegonzalez\/files\/2024\/02\/CONRED-300x122.jpg 300w, https:\/\/blogsaverroes.juntadeandalucia.es\/ceipmaestropepegonzalez\/files\/2024\/02\/CONRED.jpg 353w\" sizes=\"(max-width: 300px) 100vw, 300px\" \/><\/p>\n<p><strong><span style=\"color: #339966\">ZONA DE TRANSFORMACI\u00d3N SOCIAL<\/span><\/strong><\/p>\n<p>El Programa Operativo Fondo Social Europeo Plus Andaluc\u00eda favorece la atenci\u00f3n a la diversidad de nuestro alumnado a trav\u00e9s de la Atenci\u00f3n Socioeducativa en Zonas con Necesidades de Transformaci\u00f3n Social (ZTS).<\/p>\n<p style=\"text-align: center\"><img loading=\"lazy\" decoding=\"async\" class=\"alignnone size-medium wp-image-1902\" src=\"https:\/\/blogsaverroes.juntadeandalucia.es\/ceipmaestropepegonzalez\/files\/2025\/03\/FSE-Prioridad-7-ZTS-Apoyo-212x300.png\" alt=\"\" width=\"212\" height=\"300\" srcset=\"https:\/\/blogsaverroes.juntadeandalucia.es\/ceipmaestropepegonzalez\/files\/2025\/03\/FSE-Prioridad-7-ZTS-Apoyo-212x300.png 212w, https:\/\/blogsaverroes.juntadeandalucia.es\/ceipmaestropepegonzalez\/files\/2025\/03\/FSE-Prioridad-7-ZTS-Apoyo-724x1024.png 724w, https:\/\/blogsaverroes.juntadeandalucia.es\/ceipmaestropepegonzalez\/files\/2025\/03\/FSE-Prioridad-7-ZTS-Apoyo-768x1086.png 768w, https:\/\/blogsaverroes.juntadeandalucia.es\/ceipmaestropepegonzalez\/files\/2025\/03\/FSE-Prioridad-7-ZTS-Apoyo-1086x1536.png 1086w, https:\/\/blogsaverroes.juntadeandalucia.es\/ceipmaestropepegonzalez\/files\/2025\/03\/FSE-Prioridad-7-ZTS-Apoyo-1448x2048.png 1448w, https:\/\/blogsaverroes.juntadeandalucia.es\/ceipmaestropepegonzalez\/files\/2025\/03\/FSE-Prioridad-7-ZTS-Apoyo.png 1587w\" sizes=\"(max-width: 212px) 100vw, 212px\" \/><\/p>\n","protected":false},"excerpt":{"rendered":"<p>BIBLIOTECA ESCOLAR Desde el equipo de la biblioteca se organizan actividades variadas en funci\u00f3n de los diferentes intereses y proyectos que trabajamos en el centro. El alumnado cuenta con un importante fondo bibliogr\u00e1fico y&#46;&#46;&#46;<\/p>\n","protected":false},"author":19118,"featured_media":0,"parent":0,"menu_order":0,"comment_status":"closed","ping_status":"closed","template":"","meta":{"ngg_post_thumbnail":0,"footnotes":""},"aioseo_notices":[],"_links":{"self":[{"href":"https:\/\/blogsaverroes.juntadeandalucia.es\/ceipmaestropepegonzalez\/wp-json\/wp\/v2\/pages\/1067"}],"collection":[{"href":"https:\/\/blogsaverroes.juntadeandalucia.es\/ceipmaestropepegonzalez\/wp-json\/wp\/v2\/pages"}],"about":[{"href":"https:\/\/blogsaverroes.juntadeandalucia.es\/ceipmaestropepegonzalez\/wp-json\/wp\/v2\/types\/page"}],"author":[{"embeddable":true,"href":"https:\/\/blogsaverroes.juntadeandalucia.es\/ceipmaestropepegonzalez\/wp-json\/wp\/v2\/users\/19118"}],"replies":[{"embeddable":true,"href":"https:\/\/blogsaverroes.juntadeandalucia.es\/ceipmaestropepegonzalez\/wp-json\/wp\/v2\/comments?post=1067"}],"version-history":[{"count":18,"href":"https:\/\/blogsaverroes.juntadeandalucia.es\/ceipmaestropepegonzalez\/wp-json\/wp\/v2\/pages\/1067\/revisions"}],"predecessor-version":[{"id":1916,"href":"https:\/\/blogsaverroes.juntadeandalucia.es\/ceipmaestropepegonzalez\/wp-json\/wp\/v2\/pages\/1067\/revisions\/1916"}],"wp:attachment":[{"href":"https:\/\/blogsaverroes.juntadeandalucia.es\/ceipmaestropepegonzalez\/wp-json\/wp\/v2\/media?parent=1067"}],"curies":[{"name":"wp","href":"https:\/\/api.w.org\/{rel}","templated":true}]}}