{"id":42,"date":"2015-03-13T08:40:47","date_gmt":"2015-03-13T08:40:47","guid":{"rendered":"http:\/\/blogsaverroes.juntadeandalucia.es\/pre\/ceip\/?page_id=42"},"modified":"2025-12-03T09:36:16","modified_gmt":"2025-12-03T08:36:16","slug":"equipo-directivo","status":"publish","type":"page","link":"https:\/\/blogsaverroes.juntadeandalucia.es\/ceipmaestrorojas\/equipo-directivo\/","title":{"rendered":"Equipo directivo"},"content":{"rendered":"\t\t<div data-elementor-type=\"wp-page\" data-elementor-id=\"42\" class=\"elementor elementor-42\">\n\t\t\t\t\t\t<section class=\"elementor-section elementor-top-section elementor-element elementor-element-b1db1f2 elementor-section-boxed elementor-section-height-default elementor-section-height-default\" data-id=\"b1db1f2\" data-element_type=\"section\">\n\t\t\t\t\t\t<div class=\"elementor-container elementor-column-gap-default\">\n\t\t\t\t\t<div class=\"elementor-column elementor-col-100 elementor-top-column elementor-element elementor-element-e7360e5\" data-id=\"e7360e5\" data-element_type=\"column\">\n\t\t\t<div class=\"elementor-widget-wrap elementor-element-populated\">\n\t\t\t\t\t\t<div class=\"elementor-element elementor-element-c042252 elementor-widget elementor-widget-spacer\" data-id=\"c042252\" data-element_type=\"widget\" data-widget_type=\"spacer.default\">\n\t\t\t\t<div class=\"elementor-widget-container\">\n\t\t\t\t\t\t\t<div class=\"elementor-spacer\">\n\t\t\t<div class=\"elementor-spacer-inner\"><\/div>\n\t\t<\/div>\n\t\t\t\t\t\t<\/div>\n\t\t\t\t<\/div>\n\t\t\t\t\t<\/div>\n\t\t<\/div>\n\t\t\t\t\t<\/div>\n\t\t<\/section>\n\t\t\t\t<section class=\"elementor-section elementor-top-section elementor-element elementor-element-84e02c8 elementor-section-boxed elementor-section-height-default elementor-section-height-default\" data-id=\"84e02c8\" data-element_type=\"section\">\n\t\t\t\t\t\t<div class=\"elementor-container elementor-column-gap-default\">\n\t\t\t\t\t<div class=\"elementor-column elementor-col-100 elementor-top-column elementor-element elementor-element-6155386\" data-id=\"6155386\" data-element_type=\"column\">\n\t\t\t<div class=\"elementor-widget-wrap elementor-element-populated\">\n\t\t\t\t\t\t<div class=\"elementor-element elementor-element-725bba0 elementor-widget elementor-widget-image\" data-id=\"725bba0\" data-element_type=\"widget\" data-widget_type=\"image.default\">\n\t\t\t\t<div class=\"elementor-widget-container\">\n\t\t\t\t\t\t\t\t\t\t\t\t\t\t\t<img fetchpriority=\"high\" decoding=\"async\" width=\"1600\" height=\"737\" src=\"https:\/\/blogsaverroes.juntadeandalucia.es\/ceipmaestrorojas\/files\/2025\/12\/Claustro-1.jpg\" class=\"attachment-full size-full wp-image-2440\" alt=\"\" srcset=\"https:\/\/blogsaverroes.juntadeandalucia.es\/ceipmaestrorojas\/files\/2025\/12\/Claustro-1.jpg 1600w, https:\/\/blogsaverroes.juntadeandalucia.es\/ceipmaestrorojas\/files\/2025\/12\/Claustro-1-290x134.jpg 290w, https:\/\/blogsaverroes.juntadeandalucia.es\/ceipmaestrorojas\/files\/2025\/12\/Claustro-1-1015x468.jpg 1015w, https:\/\/blogsaverroes.juntadeandalucia.es\/ceipmaestrorojas\/files\/2025\/12\/Claustro-1-768x354.jpg 768w, https:\/\/blogsaverroes.juntadeandalucia.es\/ceipmaestrorojas\/files\/2025\/12\/Claustro-1-1536x708.jpg 1536w, https:\/\/blogsaverroes.juntadeandalucia.es\/ceipmaestrorojas\/files\/2025\/12\/Claustro-1-980x450.jpg 980w\" sizes=\"(max-width: 1600px) 100vw, 1600px\" \/>\t\t\t\t\t\t\t\t\t\t\t\t\t\t\t<\/div>\n\t\t\t\t<\/div>\n\t\t\t\t\t<\/div>\n\t\t<\/div>\n\t\t\t\t\t<\/div>\n\t\t<\/section>\n\t\t\t\t<section class=\"elementor-section elementor-top-section elementor-element elementor-element-6d117f8b elementor-section-boxed elementor-section-height-default elementor-section-height-default\" data-id=\"6d117f8b\" data-element_type=\"section\">\n\t\t\t\t\t\t<div class=\"elementor-container elementor-column-gap-default\">\n\t\t\t\t\t<div class=\"elementor-column elementor-col-100 elementor-top-column elementor-element elementor-element-66afc024\" data-id=\"66afc024\" data-element_type=\"column\">\n\t\t\t<div class=\"elementor-widget-wrap elementor-element-populated\">\n\t\t\t\t\t\t<div class=\"elementor-element elementor-element-3a6258cd elementor-widget elementor-widget-text-editor\" data-id=\"3a6258cd\" data-element_type=\"widget\" data-widget_type=\"text-editor.default\">\n\t\t\t\t<div class=\"elementor-widget-container\">\n\t\t\t\t\t\t\t\t\t<p><strong>Director:<\/strong> Manuel Gabriel Ortega Garc\u00eda<\/p><p><strong>Jefe de Estudios:<\/strong> Luis Miguel Correa Rubio<\/p><p><strong>Secretaria:<\/strong> Amparo P\u00e9rez Pardo<\/p><p><strong>Profesorado:<\/strong><\/p><p>Diana Andreu Montero<br \/>Ana Bel\u00e9n Calero Mor\u00e1n<br \/>M\u00aa Jos\u00e9 Castilla del Valle<br \/>M\u00aa \u00c1ngeles Colorado Rodr\u00edguez<br \/>Ver\u00f3nica Fern\u00e1ndez Le\u00f3n<br \/>Laura Flores Rico<br \/>Francisco Javier Garc\u00eda Prieto<br \/>M\u00aa del Roc\u00edo Garc\u00eda V\u00e1zquez<br \/>Beatriz Garrido P\u00e9rez<br \/>Juan Ignacio G\u00f3mez Rossi<br \/>Miguel \u00c1ngel Gonz\u00e1lez Llopis<br \/>Roc\u00edo Isabel Gonz\u00e1lez Moya<br \/>Aurora Gord\u00f3n Perea<br \/>Leticia Guill\u00e9n Garc\u00eda<br \/>Laura Lancha Romero<br \/>Irene L\u00f3pez Ramos<br \/>Fabiola M\u00e1rquez Mart\u00ednez<br \/>Juana Ord\u00f3\u00f1ez Abril<br \/>Isabel Ortega Garc\u00eda<br \/>Ana Pablo D\u00edaz<br \/>Celia Palomeque Vera<br \/>Alicia Pedraza Fern\u00e1ndez<br \/>Noelia P\u00e9rez Cerpa<br \/>Isabel M\u00aa Ponce Almeida<br \/>Blanca Rodr\u00edguez Casado<br \/>Esmeralda Rodr\u00edguez Ruiz<br \/>Pilar Rodr\u00edguez V\u00e1zquez<br \/>Cristina Romero Paquete<\/p><p><strong>PAS:<\/strong><\/p><p>M\u00aa Dolores Caro L\u00f3pez<br \/>Ferm\u00edn Mart\u00edn Romero<\/p>\t\t\t\t\t\t\t\t<\/div>\n\t\t\t\t<\/div>\n\t\t\t\t\t<\/div>\n\t\t<\/div>\n\t\t\t\t\t<\/div>\n\t\t<\/section>\n\t\t\t\t<section class=\"elementor-section elementor-top-section elementor-element elementor-element-875871b elementor-section-boxed elementor-section-height-default elementor-section-height-default\" data-id=\"875871b\" data-element_type=\"section\">\n\t\t\t\t\t\t<div class=\"elementor-container elementor-column-gap-default\">\n\t\t\t\t\t<div class=\"elementor-column elementor-col-100 elementor-top-column elementor-element elementor-element-c842067\" data-id=\"c842067\" data-element_type=\"column\">\n\t\t\t<div class=\"elementor-widget-wrap elementor-element-populated\">\n\t\t\t\t\t\t<div class=\"elementor-element elementor-element-5cb0a81 elementor-widget elementor-widget-spacer\" data-id=\"5cb0a81\" data-element_type=\"widget\" data-widget_type=\"spacer.default\">\n\t\t\t\t<div class=\"elementor-widget-container\">\n\t\t\t\t\t\t\t<div class=\"elementor-spacer\">\n\t\t\t<div class=\"elementor-spacer-inner\"><\/div>\n\t\t<\/div>\n\t\t\t\t\t\t<\/div>\n\t\t\t\t<\/div>\n\t\t\t\t\t<\/div>\n\t\t<\/div>\n\t\t\t\t\t<\/div>\n\t\t<\/section>\n\t\t\t\t<\/div>\n\t\t","protected":false},"excerpt":{"rendered":"<p>Director: Manuel Gabriel Ortega Garc\u00eda Jefe de Estudios: Luis Miguel Correa Rubio Secretaria: Amparo P\u00e9rez Pardo Profesorado: Diana Andreu MonteroAna Bel\u00e9n Calero Mor\u00e1nM\u00aa Jos\u00e9 Castilla del ValleM\u00aa \u00c1ngeles Colorado Rodr\u00edguezVer\u00f3nica Fern\u00e1ndez Le\u00f3nLaura Flores RicoFrancisco&#46;&#46;&#46;<\/p>\n","protected":false},"author":1,"featured_media":0,"parent":0,"menu_order":0,"comment_status":"closed","ping_status":"open","template":"","meta":{"ngg_post_thumbnail":0,"footnotes":"","_mc_calendar":[]},"aioseo_notices":[],"_links":{"self":[{"href":"https:\/\/blogsaverroes.juntadeandalucia.es\/ceipmaestrorojas\/wp-json\/wp\/v2\/pages\/42"}],"collection":[{"href":"https:\/\/blogsaverroes.juntadeandalucia.es\/ceipmaestrorojas\/wp-json\/wp\/v2\/pages"}],"about":[{"href":"https:\/\/blogsaverroes.juntadeandalucia.es\/ceipmaestrorojas\/wp-json\/wp\/v2\/types\/page"}],"author":[{"embeddable":true,"href":"https:\/\/blogsaverroes.juntadeandalucia.es\/ceipmaestrorojas\/wp-json\/wp\/v2\/users\/1"}],"replies":[{"embeddable":true,"href":"https:\/\/blogsaverroes.juntadeandalucia.es\/ceipmaestrorojas\/wp-json\/wp\/v2\/comments?post=42"}],"version-history":[{"count":21,"href":"https:\/\/blogsaverroes.juntadeandalucia.es\/ceipmaestrorojas\/wp-json\/wp\/v2\/pages\/42\/revisions"}],"predecessor-version":[{"id":2446,"href":"https:\/\/blogsaverroes.juntadeandalucia.es\/ceipmaestrorojas\/wp-json\/wp\/v2\/pages\/42\/revisions\/2446"}],"wp:attachment":[{"href":"https:\/\/blogsaverroes.juntadeandalucia.es\/ceipmaestrorojas\/wp-json\/wp\/v2\/media?parent=42"}],"curies":[{"name":"wp","href":"https:\/\/api.w.org\/{rel}","templated":true}]}}