{"id":2461,"date":"2021-04-07T17:23:49","date_gmt":"2021-04-07T15:23:49","guid":{"rendered":"https:\/\/blogsaverroes.juntadeandalucia.es\/ceipmaimonideselhigueron\/?page_id=2461"},"modified":"2021-04-19T12:59:17","modified_gmt":"2021-04-19T10:59:17","slug":"el-centro","status":"publish","type":"page","link":"https:\/\/blogsaverroes.juntadeandalucia.es\/ceipmaimonideselhigueron\/el-centro\/","title":{"rendered":"El Centro"},"content":{"rendered":"\t\t<div data-elementor-type=\"wp-page\" data-elementor-id=\"2461\" class=\"elementor elementor-2461\">\n\t\t\t\t\t\t<section class=\"elementor-section elementor-top-section elementor-element elementor-element-21dede5 elementor-section-boxed elementor-section-height-default elementor-section-height-default\" data-id=\"21dede5\" data-element_type=\"section\">\n\t\t\t\t\t\t<div class=\"elementor-container elementor-column-gap-default\">\n\t\t\t\t\t<div class=\"elementor-column elementor-col-50 elementor-top-column elementor-element elementor-element-f818ce9\" data-id=\"f818ce9\" data-element_type=\"column\">\n\t\t\t<div class=\"elementor-widget-wrap elementor-element-populated\">\n\t\t\t\t\t\t<div class=\"elementor-element elementor-element-dbe9b8c elementor-widget elementor-widget-heading\" data-id=\"dbe9b8c\" data-element_type=\"widget\" data-widget_type=\"heading.default\">\n\t\t\t\t<div class=\"elementor-widget-container\">\n\t\t\t\t\t<h2 class=\"elementor-heading-title elementor-size-default\">Fundado en 1963<\/h2>\t\t\t\t<\/div>\n\t\t\t\t<\/div>\n\t\t\t\t<div class=\"elementor-element elementor-element-a7fd13c elementor-widget elementor-widget-text-editor\" data-id=\"a7fd13c\" data-element_type=\"widget\" data-widget_type=\"text-editor.default\">\n\t\t\t\t<div class=\"elementor-widget-container\">\n\t\t\t\t\t\t\t\t\t<p style=\"text-align: left\">El CEIP Maim\u00f3nides (El Higuer\u00f3n) actualmente cuenta con 236 alumnos en l\u00edneas desde Infantil a 6\u00ba de Primaria. Cabe destacar que el equipo docente es 100% definitivo, unos profesionales comprometidos e implicados con el desarrollo acad\u00e9mico y personal de los alumnos.\u00a0<\/p><p style=\"text-align: left\">El centro cuenta con unas caracter\u00edsticas para un mayor bienestar del alumnado, como la disposici\u00f3n de aire acondicionado en todas las aulas o el uso de pizarras digitales. El centro est\u00e1 adscrito al IES Zoco.\u00a0<\/p>\t\t\t\t\t\t\t\t<\/div>\n\t\t\t\t<\/div>\n\t\t\t\t<div class=\"elementor-element elementor-element-8add0c8 elementor-align-left elementor-widget elementor-widget-button\" data-id=\"8add0c8\" data-element_type=\"widget\" data-widget_type=\"button.default\">\n\t\t\t\t<div class=\"elementor-widget-container\">\n\t\t\t\t\t\t\t\t\t<div class=\"elementor-button-wrapper\">\n\t\t\t\t\t<a class=\"elementor-button elementor-button-link elementor-size-sm\" href=\"https:\/\/blogsaverroes.juntadeandalucia.es\/ceipmaimonideselhigueron\/\">\n\t\t\t\t\t\t<span class=\"elementor-button-content-wrapper\">\n\t\t\t\t\t\t\t\t\t<span class=\"elementor-button-text\">Conoce el proyecto educativo<\/span>\n\t\t\t\t\t<\/span>\n\t\t\t\t\t<\/a>\n\t\t\t\t<\/div>\n\t\t\t\t\t\t\t\t<\/div>\n\t\t\t\t<\/div>\n\t\t\t\t\t<\/div>\n\t\t<\/div>\n\t\t\t\t<div class=\"elementor-column elementor-col-50 elementor-top-column elementor-element elementor-element-c584c23\" data-id=\"c584c23\" data-element_type=\"column\">\n\t\t\t<div class=\"elementor-widget-wrap elementor-element-populated\">\n\t\t\t\t\t\t<div class=\"elementor-element elementor-element-5a93115 elementor-widget elementor-widget-image\" data-id=\"5a93115\" data-element_type=\"widget\" data-widget_type=\"image.default\">\n\t\t\t\t<div class=\"elementor-widget-container\">\n\t\t\t\t\t\t\t\t\t\t\t\t\t\t\t<img fetchpriority=\"high\" decoding=\"async\" width=\"900\" height=\"600\" src=\"https:\/\/blogsaverroes.juntadeandalucia.es\/ceipmaimonideselhigueron\/files\/2021\/04\/entrada-colegio-maimonides-1.jpg\" class=\"attachment-large size-large wp-image-2469\" alt=\"\" srcset=\"https:\/\/blogsaverroes.juntadeandalucia.es\/ceipmaimonideselhigueron\/files\/2021\/04\/entrada-colegio-maimonides-1.jpg 900w, https:\/\/blogsaverroes.juntadeandalucia.es\/ceipmaimonideselhigueron\/files\/2021\/04\/entrada-colegio-maimonides-1-300x200.jpg 300w, https:\/\/blogsaverroes.juntadeandalucia.es\/ceipmaimonideselhigueron\/files\/2021\/04\/entrada-colegio-maimonides-1-768x512.jpg 768w\" sizes=\"(max-width: 900px) 100vw, 900px\" \/>\t\t\t\t\t\t\t\t\t\t\t\t\t\t\t<\/div>\n\t\t\t\t<\/div>\n\t\t\t\t\t<\/div>\n\t\t<\/div>\n\t\t\t\t\t<\/div>\n\t\t<\/section>\n\t\t\t\t<section class=\"elementor-section elementor-top-section elementor-element elementor-element-5323b32 elementor-section-boxed elementor-section-height-default elementor-section-height-default\" data-id=\"5323b32\" data-element_type=\"section\">\n\t\t\t\t\t\t<div class=\"elementor-container elementor-column-gap-default\">\n\t\t\t\t\t<div class=\"elementor-column elementor-col-25 elementor-top-column elementor-element elementor-element-f10a876\" data-id=\"f10a876\" data-element_type=\"column\">\n\t\t\t<div class=\"elementor-widget-wrap elementor-element-populated\">\n\t\t\t\t\t\t<div class=\"elementor-element elementor-element-b01fe62 elementor-widget elementor-widget-image\" data-id=\"b01fe62\" data-element_type=\"widget\" data-widget_type=\"image.default\">\n\t\t\t\t<div class=\"elementor-widget-container\">\n\t\t\t\t\t\t\t\t\t\t\t\t\t\t\t<img decoding=\"async\" width=\"1024\" height=\"1024\" src=\"https:\/\/blogsaverroes.juntadeandalucia.es\/ceipmaimonideselhigueron\/files\/2021\/04\/comedor-escolar-1024x1024.png\" class=\"attachment-large size-large wp-image-2488\" alt=\"\" srcset=\"https:\/\/blogsaverroes.juntadeandalucia.es\/ceipmaimonideselhigueron\/files\/2021\/04\/comedor-escolar-1024x1024.png 1024w, https:\/\/blogsaverroes.juntadeandalucia.es\/ceipmaimonideselhigueron\/files\/2021\/04\/comedor-escolar-300x300.png 300w, https:\/\/blogsaverroes.juntadeandalucia.es\/ceipmaimonideselhigueron\/files\/2021\/04\/comedor-escolar-150x150.png 150w, https:\/\/blogsaverroes.juntadeandalucia.es\/ceipmaimonideselhigueron\/files\/2021\/04\/comedor-escolar-768x768.png 768w, https:\/\/blogsaverroes.juntadeandalucia.es\/ceipmaimonideselhigueron\/files\/2021\/04\/comedor-escolar-1536x1536.png 1536w, https:\/\/blogsaverroes.juntadeandalucia.es\/ceipmaimonideselhigueron\/files\/2021\/04\/comedor-escolar-2048x2048.png 2048w, https:\/\/blogsaverroes.juntadeandalucia.es\/ceipmaimonideselhigueron\/files\/2021\/04\/comedor-escolar-246x246.png 246w, https:\/\/blogsaverroes.juntadeandalucia.es\/ceipmaimonideselhigueron\/files\/2021\/04\/comedor-escolar-520x520.png 520w, https:\/\/blogsaverroes.juntadeandalucia.es\/ceipmaimonideselhigueron\/files\/2021\/04\/comedor-escolar-185x185.png 185w, https:\/\/blogsaverroes.juntadeandalucia.es\/ceipmaimonideselhigueron\/files\/2021\/04\/comedor-escolar-220x220.png 220w, https:\/\/blogsaverroes.juntadeandalucia.es\/ceipmaimonideselhigueron\/files\/2021\/04\/comedor-escolar-60x60.png 60w, https:\/\/blogsaverroes.juntadeandalucia.es\/ceipmaimonideselhigueron\/files\/2021\/04\/comedor-escolar-384x384.png 384w, https:\/\/blogsaverroes.juntadeandalucia.es\/ceipmaimonideselhigueron\/files\/2021\/04\/comedor-escolar.png 1600w\" sizes=\"(max-width: 1024px) 100vw, 1024px\" \/>\t\t\t\t\t\t\t\t\t\t\t\t\t\t\t<\/div>\n\t\t\t\t<\/div>\n\t\t\t\t<div class=\"elementor-element elementor-element-d633895 elementor-widget elementor-widget-image-box\" data-id=\"d633895\" data-element_type=\"widget\" data-widget_type=\"image-box.default\">\n\t\t\t\t<div class=\"elementor-widget-container\">\n\t\t\t\t\t<div class=\"elementor-image-box-wrapper\"><div class=\"elementor-image-box-content\"><h3 class=\"elementor-image-box-title\">Comedor de gesti\u00f3n propia <\/h3><\/div><\/div>\t\t\t\t<\/div>\n\t\t\t\t<\/div>\n\t\t\t\t\t<\/div>\n\t\t<\/div>\n\t\t\t\t<div class=\"elementor-column elementor-col-25 elementor-top-column elementor-element elementor-element-6d886d9\" data-id=\"6d886d9\" data-element_type=\"column\">\n\t\t\t<div class=\"elementor-widget-wrap elementor-element-populated\">\n\t\t\t\t\t\t<div class=\"elementor-element elementor-element-96f3afd elementor-widget elementor-widget-image\" data-id=\"96f3afd\" data-element_type=\"widget\" data-widget_type=\"image.default\">\n\t\t\t\t<div class=\"elementor-widget-container\">\n\t\t\t\t\t\t\t\t\t\t\t\t\t\t\t<img decoding=\"async\" width=\"1024\" height=\"1024\" src=\"https:\/\/blogsaverroes.juntadeandalucia.es\/ceipmaimonideselhigueron\/files\/2021\/04\/aula-matinal-3-1024x1024.png\" class=\"attachment-large size-large wp-image-2484\" alt=\"\" srcset=\"https:\/\/blogsaverroes.juntadeandalucia.es\/ceipmaimonideselhigueron\/files\/2021\/04\/aula-matinal-3-1024x1024.png 1024w, https:\/\/blogsaverroes.juntadeandalucia.es\/ceipmaimonideselhigueron\/files\/2021\/04\/aula-matinal-3-300x300.png 300w, https:\/\/blogsaverroes.juntadeandalucia.es\/ceipmaimonideselhigueron\/files\/2021\/04\/aula-matinal-3-150x150.png 150w, https:\/\/blogsaverroes.juntadeandalucia.es\/ceipmaimonideselhigueron\/files\/2021\/04\/aula-matinal-3-768x768.png 768w, https:\/\/blogsaverroes.juntadeandalucia.es\/ceipmaimonideselhigueron\/files\/2021\/04\/aula-matinal-3-1536x1536.png 1536w, https:\/\/blogsaverroes.juntadeandalucia.es\/ceipmaimonideselhigueron\/files\/2021\/04\/aula-matinal-3-2048x2048.png 2048w, https:\/\/blogsaverroes.juntadeandalucia.es\/ceipmaimonideselhigueron\/files\/2021\/04\/aula-matinal-3-246x246.png 246w, https:\/\/blogsaverroes.juntadeandalucia.es\/ceipmaimonideselhigueron\/files\/2021\/04\/aula-matinal-3-520x520.png 520w, https:\/\/blogsaverroes.juntadeandalucia.es\/ceipmaimonideselhigueron\/files\/2021\/04\/aula-matinal-3-185x185.png 185w, https:\/\/blogsaverroes.juntadeandalucia.es\/ceipmaimonideselhigueron\/files\/2021\/04\/aula-matinal-3-220x220.png 220w, https:\/\/blogsaverroes.juntadeandalucia.es\/ceipmaimonideselhigueron\/files\/2021\/04\/aula-matinal-3-60x60.png 60w, https:\/\/blogsaverroes.juntadeandalucia.es\/ceipmaimonideselhigueron\/files\/2021\/04\/aula-matinal-3-384x384.png 384w, https:\/\/blogsaverroes.juntadeandalucia.es\/ceipmaimonideselhigueron\/files\/2021\/04\/aula-matinal-3.png 1600w\" sizes=\"(max-width: 1024px) 100vw, 1024px\" \/>\t\t\t\t\t\t\t\t\t\t\t\t\t\t\t<\/div>\n\t\t\t\t<\/div>\n\t\t\t\t<div class=\"elementor-element elementor-element-14174dd elementor-widget elementor-widget-image-box\" data-id=\"14174dd\" data-element_type=\"widget\" data-widget_type=\"image-box.default\">\n\t\t\t\t<div class=\"elementor-widget-container\">\n\t\t\t\t\t<div class=\"elementor-image-box-wrapper\"><div class=\"elementor-image-box-content\"><h3 class=\"elementor-image-box-title\">Aula matinal desde las 07.30h <\/h3><\/div><\/div>\t\t\t\t<\/div>\n\t\t\t\t<\/div>\n\t\t\t\t\t<\/div>\n\t\t<\/div>\n\t\t\t\t<div class=\"elementor-column elementor-col-25 elementor-top-column elementor-element elementor-element-07b1f0a\" data-id=\"07b1f0a\" data-element_type=\"column\">\n\t\t\t<div class=\"elementor-widget-wrap elementor-element-populated\">\n\t\t\t\t\t\t<div class=\"elementor-element elementor-element-aa2480f elementor-widget elementor-widget-image\" data-id=\"aa2480f\" data-element_type=\"widget\" data-widget_type=\"image.default\">\n\t\t\t\t<div class=\"elementor-widget-container\">\n\t\t\t\t\t\t\t\t\t\t\t\t\t\t\t<img loading=\"lazy\" decoding=\"async\" width=\"1024\" height=\"1024\" src=\"https:\/\/blogsaverroes.juntadeandalucia.es\/ceipmaimonideselhigueron\/files\/2021\/04\/autobus-escolar-1024x1024.png\" class=\"attachment-large size-large wp-image-2486\" alt=\"\" srcset=\"https:\/\/blogsaverroes.juntadeandalucia.es\/ceipmaimonideselhigueron\/files\/2021\/04\/autobus-escolar-1024x1024.png 1024w, https:\/\/blogsaverroes.juntadeandalucia.es\/ceipmaimonideselhigueron\/files\/2021\/04\/autobus-escolar-300x300.png 300w, https:\/\/blogsaverroes.juntadeandalucia.es\/ceipmaimonideselhigueron\/files\/2021\/04\/autobus-escolar-150x150.png 150w, https:\/\/blogsaverroes.juntadeandalucia.es\/ceipmaimonideselhigueron\/files\/2021\/04\/autobus-escolar-768x768.png 768w, https:\/\/blogsaverroes.juntadeandalucia.es\/ceipmaimonideselhigueron\/files\/2021\/04\/autobus-escolar-1536x1536.png 1536w, https:\/\/blogsaverroes.juntadeandalucia.es\/ceipmaimonideselhigueron\/files\/2021\/04\/autobus-escolar-2048x2048.png 2048w, https:\/\/blogsaverroes.juntadeandalucia.es\/ceipmaimonideselhigueron\/files\/2021\/04\/autobus-escolar-246x246.png 246w, https:\/\/blogsaverroes.juntadeandalucia.es\/ceipmaimonideselhigueron\/files\/2021\/04\/autobus-escolar-520x520.png 520w, https:\/\/blogsaverroes.juntadeandalucia.es\/ceipmaimonideselhigueron\/files\/2021\/04\/autobus-escolar-185x185.png 185w, https:\/\/blogsaverroes.juntadeandalucia.es\/ceipmaimonideselhigueron\/files\/2021\/04\/autobus-escolar-220x220.png 220w, https:\/\/blogsaverroes.juntadeandalucia.es\/ceipmaimonideselhigueron\/files\/2021\/04\/autobus-escolar-60x60.png 60w, https:\/\/blogsaverroes.juntadeandalucia.es\/ceipmaimonideselhigueron\/files\/2021\/04\/autobus-escolar-384x384.png 384w, https:\/\/blogsaverroes.juntadeandalucia.es\/ceipmaimonideselhigueron\/files\/2021\/04\/autobus-escolar.png 1600w\" sizes=\"(max-width: 1024px) 100vw, 1024px\" \/>\t\t\t\t\t\t\t\t\t\t\t\t\t\t\t<\/div>\n\t\t\t\t<\/div>\n\t\t\t\t<div class=\"elementor-element elementor-element-a70055c elementor-widget elementor-widget-image-box\" data-id=\"a70055c\" data-element_type=\"widget\" data-widget_type=\"image-box.default\">\n\t\t\t\t<div class=\"elementor-widget-container\">\n\t\t\t\t\t<div class=\"elementor-image-box-wrapper\"><div class=\"elementor-image-box-content\"><h3 class=\"elementor-image-box-title\">Dos l\u00edneas de transporte escolar <\/h3><\/div><\/div>\t\t\t\t<\/div>\n\t\t\t\t<\/div>\n\t\t\t\t\t<\/div>\n\t\t<\/div>\n\t\t\t\t<div class=\"elementor-column elementor-col-25 elementor-top-column elementor-element elementor-element-382acf4\" data-id=\"382acf4\" data-element_type=\"column\">\n\t\t\t<div class=\"elementor-widget-wrap elementor-element-populated\">\n\t\t\t\t\t\t<div class=\"elementor-element elementor-element-6a90654 elementor-widget elementor-widget-image\" data-id=\"6a90654\" data-element_type=\"widget\" data-widget_type=\"image.default\">\n\t\t\t\t<div class=\"elementor-widget-container\">\n\t\t\t\t\t\t\t\t\t\t\t\t\t\t\t<img loading=\"lazy\" decoding=\"async\" width=\"1024\" height=\"1024\" src=\"https:\/\/blogsaverroes.juntadeandalucia.es\/ceipmaimonideselhigueron\/files\/2021\/04\/patios-recreo-1024x1024.png\" class=\"attachment-large size-large wp-image-2481\" alt=\"\" srcset=\"https:\/\/blogsaverroes.juntadeandalucia.es\/ceipmaimonideselhigueron\/files\/2021\/04\/patios-recreo-1024x1024.png 1024w, https:\/\/blogsaverroes.juntadeandalucia.es\/ceipmaimonideselhigueron\/files\/2021\/04\/patios-recreo-300x300.png 300w, https:\/\/blogsaverroes.juntadeandalucia.es\/ceipmaimonideselhigueron\/files\/2021\/04\/patios-recreo-150x150.png 150w, https:\/\/blogsaverroes.juntadeandalucia.es\/ceipmaimonideselhigueron\/files\/2021\/04\/patios-recreo-768x768.png 768w, https:\/\/blogsaverroes.juntadeandalucia.es\/ceipmaimonideselhigueron\/files\/2021\/04\/patios-recreo-1536x1536.png 1536w, https:\/\/blogsaverroes.juntadeandalucia.es\/ceipmaimonideselhigueron\/files\/2021\/04\/patios-recreo-2048x2048.png 2048w, https:\/\/blogsaverroes.juntadeandalucia.es\/ceipmaimonideselhigueron\/files\/2021\/04\/patios-recreo-246x246.png 246w, https:\/\/blogsaverroes.juntadeandalucia.es\/ceipmaimonideselhigueron\/files\/2021\/04\/patios-recreo-520x520.png 520w, https:\/\/blogsaverroes.juntadeandalucia.es\/ceipmaimonideselhigueron\/files\/2021\/04\/patios-recreo-185x185.png 185w, https:\/\/blogsaverroes.juntadeandalucia.es\/ceipmaimonideselhigueron\/files\/2021\/04\/patios-recreo-220x220.png 220w, https:\/\/blogsaverroes.juntadeandalucia.es\/ceipmaimonideselhigueron\/files\/2021\/04\/patios-recreo-60x60.png 60w, https:\/\/blogsaverroes.juntadeandalucia.es\/ceipmaimonideselhigueron\/files\/2021\/04\/patios-recreo-384x384.png 384w, https:\/\/blogsaverroes.juntadeandalucia.es\/ceipmaimonideselhigueron\/files\/2021\/04\/patios-recreo.png 1600w\" sizes=\"(max-width: 1024px) 100vw, 1024px\" \/>\t\t\t\t\t\t\t\t\t\t\t\t\t\t\t<\/div>\n\t\t\t\t<\/div>\n\t\t\t\t<div class=\"elementor-element elementor-element-2cf2c80 elementor-widget elementor-widget-image-box\" data-id=\"2cf2c80\" data-element_type=\"widget\" data-widget_type=\"image-box.default\">\n\t\t\t\t<div class=\"elementor-widget-container\">\n\t\t\t\t\t<div class=\"elementor-image-box-wrapper\"><div class=\"elementor-image-box-content\"><h3 class=\"elementor-image-box-title\">Patio de Infantil techado  <\/h3><\/div><\/div>\t\t\t\t<\/div>\n\t\t\t\t<\/div>\n\t\t\t\t\t<\/div>\n\t\t<\/div>\n\t\t\t\t\t<\/div>\n\t\t<\/section>\n\t\t\t\t<section class=\"elementor-section elementor-top-section elementor-element elementor-element-eebaca8 elementor-section-boxed elementor-section-height-default elementor-section-height-default\" data-id=\"eebaca8\" data-element_type=\"section\">\n\t\t\t\t\t\t<div class=\"elementor-container elementor-column-gap-default\">\n\t\t\t\t\t<div class=\"elementor-column elementor-col-25 elementor-top-column elementor-element elementor-element-b94e469\" data-id=\"b94e469\" data-element_type=\"column\">\n\t\t\t<div class=\"elementor-widget-wrap elementor-element-populated\">\n\t\t\t\t\t\t<div class=\"elementor-element elementor-element-e303bf6 elementor-widget elementor-widget-image\" data-id=\"e303bf6\" data-element_type=\"widget\" data-widget_type=\"image.default\">\n\t\t\t\t<div class=\"elementor-widget-container\">\n\t\t\t\t\t\t\t\t\t\t\t\t\t\t\t<img loading=\"lazy\" decoding=\"async\" width=\"1024\" height=\"1024\" src=\"https:\/\/blogsaverroes.juntadeandalucia.es\/ceipmaimonideselhigueron\/files\/2021\/04\/ingles-desde-infantil-1024x1024.png\" class=\"attachment-large size-large wp-image-2479\" alt=\"\" srcset=\"https:\/\/blogsaverroes.juntadeandalucia.es\/ceipmaimonideselhigueron\/files\/2021\/04\/ingles-desde-infantil-1024x1024.png 1024w, https:\/\/blogsaverroes.juntadeandalucia.es\/ceipmaimonideselhigueron\/files\/2021\/04\/ingles-desde-infantil-300x300.png 300w, https:\/\/blogsaverroes.juntadeandalucia.es\/ceipmaimonideselhigueron\/files\/2021\/04\/ingles-desde-infantil-150x150.png 150w, https:\/\/blogsaverroes.juntadeandalucia.es\/ceipmaimonideselhigueron\/files\/2021\/04\/ingles-desde-infantil-768x768.png 768w, https:\/\/blogsaverroes.juntadeandalucia.es\/ceipmaimonideselhigueron\/files\/2021\/04\/ingles-desde-infantil-1536x1536.png 1536w, https:\/\/blogsaverroes.juntadeandalucia.es\/ceipmaimonideselhigueron\/files\/2021\/04\/ingles-desde-infantil-2048x2048.png 2048w, https:\/\/blogsaverroes.juntadeandalucia.es\/ceipmaimonideselhigueron\/files\/2021\/04\/ingles-desde-infantil-246x246.png 246w, https:\/\/blogsaverroes.juntadeandalucia.es\/ceipmaimonideselhigueron\/files\/2021\/04\/ingles-desde-infantil-520x520.png 520w, https:\/\/blogsaverroes.juntadeandalucia.es\/ceipmaimonideselhigueron\/files\/2021\/04\/ingles-desde-infantil-185x185.png 185w, https:\/\/blogsaverroes.juntadeandalucia.es\/ceipmaimonideselhigueron\/files\/2021\/04\/ingles-desde-infantil-220x220.png 220w, https:\/\/blogsaverroes.juntadeandalucia.es\/ceipmaimonideselhigueron\/files\/2021\/04\/ingles-desde-infantil-60x60.png 60w, https:\/\/blogsaverroes.juntadeandalucia.es\/ceipmaimonideselhigueron\/files\/2021\/04\/ingles-desde-infantil-384x384.png 384w, https:\/\/blogsaverroes.juntadeandalucia.es\/ceipmaimonideselhigueron\/files\/2021\/04\/ingles-desde-infantil.png 1600w\" sizes=\"(max-width: 1024px) 100vw, 1024px\" \/>\t\t\t\t\t\t\t\t\t\t\t\t\t\t\t<\/div>\n\t\t\t\t<\/div>\n\t\t\t\t<div class=\"elementor-element elementor-element-9713ed9 elementor-widget elementor-widget-image-box\" data-id=\"9713ed9\" data-element_type=\"widget\" data-widget_type=\"image-box.default\">\n\t\t\t\t<div class=\"elementor-widget-container\">\n\t\t\t\t\t<div class=\"elementor-image-box-wrapper\"><div class=\"elementor-image-box-content\"><h3 class=\"elementor-image-box-title\">Ingl\u00e9s desde Infantil de tres a\u00f1os<\/h3><\/div><\/div>\t\t\t\t<\/div>\n\t\t\t\t<\/div>\n\t\t\t\t\t<\/div>\n\t\t<\/div>\n\t\t\t\t<div class=\"elementor-column elementor-col-25 elementor-top-column elementor-element elementor-element-f95e431\" data-id=\"f95e431\" data-element_type=\"column\">\n\t\t\t<div class=\"elementor-widget-wrap elementor-element-populated\">\n\t\t\t\t\t\t<div class=\"elementor-element elementor-element-de50a56 elementor-widget elementor-widget-image\" data-id=\"de50a56\" data-element_type=\"widget\" data-widget_type=\"image.default\">\n\t\t\t\t<div class=\"elementor-widget-container\">\n\t\t\t\t\t\t\t\t\t\t\t\t\t\t\t<img loading=\"lazy\" decoding=\"async\" width=\"1024\" height=\"1024\" src=\"https:\/\/blogsaverroes.juntadeandalucia.es\/ceipmaimonideselhigueron\/files\/2021\/04\/patios-colegio-1024x1024.png\" class=\"attachment-large size-large wp-image-2489\" alt=\"\" srcset=\"https:\/\/blogsaverroes.juntadeandalucia.es\/ceipmaimonideselhigueron\/files\/2021\/04\/patios-colegio-1024x1024.png 1024w, https:\/\/blogsaverroes.juntadeandalucia.es\/ceipmaimonideselhigueron\/files\/2021\/04\/patios-colegio-300x300.png 300w, https:\/\/blogsaverroes.juntadeandalucia.es\/ceipmaimonideselhigueron\/files\/2021\/04\/patios-colegio-150x150.png 150w, https:\/\/blogsaverroes.juntadeandalucia.es\/ceipmaimonideselhigueron\/files\/2021\/04\/patios-colegio-768x768.png 768w, https:\/\/blogsaverroes.juntadeandalucia.es\/ceipmaimonideselhigueron\/files\/2021\/04\/patios-colegio-1536x1536.png 1536w, https:\/\/blogsaverroes.juntadeandalucia.es\/ceipmaimonideselhigueron\/files\/2021\/04\/patios-colegio-2048x2048.png 2048w, https:\/\/blogsaverroes.juntadeandalucia.es\/ceipmaimonideselhigueron\/files\/2021\/04\/patios-colegio-246x246.png 246w, https:\/\/blogsaverroes.juntadeandalucia.es\/ceipmaimonideselhigueron\/files\/2021\/04\/patios-colegio-520x520.png 520w, https:\/\/blogsaverroes.juntadeandalucia.es\/ceipmaimonideselhigueron\/files\/2021\/04\/patios-colegio-185x185.png 185w, https:\/\/blogsaverroes.juntadeandalucia.es\/ceipmaimonideselhigueron\/files\/2021\/04\/patios-colegio-220x220.png 220w, https:\/\/blogsaverroes.juntadeandalucia.es\/ceipmaimonideselhigueron\/files\/2021\/04\/patios-colegio-60x60.png 60w, https:\/\/blogsaverroes.juntadeandalucia.es\/ceipmaimonideselhigueron\/files\/2021\/04\/patios-colegio-384x384.png 384w, https:\/\/blogsaverroes.juntadeandalucia.es\/ceipmaimonideselhigueron\/files\/2021\/04\/patios-colegio.png 1600w\" sizes=\"(max-width: 1024px) 100vw, 1024px\" \/>\t\t\t\t\t\t\t\t\t\t\t\t\t\t\t<\/div>\n\t\t\t\t<\/div>\n\t\t\t\t<div class=\"elementor-element elementor-element-436a84c elementor-widget elementor-widget-image-box\" data-id=\"436a84c\" data-element_type=\"widget\" data-widget_type=\"image-box.default\">\n\t\t\t\t<div class=\"elementor-widget-container\">\n\t\t\t\t\t<div class=\"elementor-image-box-wrapper\"><div class=\"elementor-image-box-content\"><h3 class=\"elementor-image-box-title\">Patios diferenciados de Infantil y Primaria <\/h3><\/div><\/div>\t\t\t\t<\/div>\n\t\t\t\t<\/div>\n\t\t\t\t\t<\/div>\n\t\t<\/div>\n\t\t\t\t<div class=\"elementor-column elementor-col-25 elementor-top-column elementor-element elementor-element-1dccbb0\" data-id=\"1dccbb0\" data-element_type=\"column\">\n\t\t\t<div class=\"elementor-widget-wrap elementor-element-populated\">\n\t\t\t\t\t\t<div class=\"elementor-element elementor-element-98eb858 elementor-widget elementor-widget-image\" data-id=\"98eb858\" data-element_type=\"widget\" data-widget_type=\"image.default\">\n\t\t\t\t<div class=\"elementor-widget-container\">\n\t\t\t\t\t\t\t\t\t\t\t\t\t\t\t<img loading=\"lazy\" decoding=\"async\" width=\"1024\" height=\"1024\" src=\"https:\/\/blogsaverroes.juntadeandalucia.es\/ceipmaimonideselhigueron\/files\/2021\/04\/actividades-extraescolares-2-1024x1024.png\" class=\"attachment-large size-large wp-image-2482\" alt=\"\" srcset=\"https:\/\/blogsaverroes.juntadeandalucia.es\/ceipmaimonideselhigueron\/files\/2021\/04\/actividades-extraescolares-2-1024x1024.png 1024w, https:\/\/blogsaverroes.juntadeandalucia.es\/ceipmaimonideselhigueron\/files\/2021\/04\/actividades-extraescolares-2-300x300.png 300w, https:\/\/blogsaverroes.juntadeandalucia.es\/ceipmaimonideselhigueron\/files\/2021\/04\/actividades-extraescolares-2-150x150.png 150w, https:\/\/blogsaverroes.juntadeandalucia.es\/ceipmaimonideselhigueron\/files\/2021\/04\/actividades-extraescolares-2-768x768.png 768w, https:\/\/blogsaverroes.juntadeandalucia.es\/ceipmaimonideselhigueron\/files\/2021\/04\/actividades-extraescolares-2-1536x1536.png 1536w, https:\/\/blogsaverroes.juntadeandalucia.es\/ceipmaimonideselhigueron\/files\/2021\/04\/actividades-extraescolares-2-2048x2048.png 2048w, https:\/\/blogsaverroes.juntadeandalucia.es\/ceipmaimonideselhigueron\/files\/2021\/04\/actividades-extraescolares-2-246x246.png 246w, https:\/\/blogsaverroes.juntadeandalucia.es\/ceipmaimonideselhigueron\/files\/2021\/04\/actividades-extraescolares-2-520x520.png 520w, https:\/\/blogsaverroes.juntadeandalucia.es\/ceipmaimonideselhigueron\/files\/2021\/04\/actividades-extraescolares-2-185x185.png 185w, https:\/\/blogsaverroes.juntadeandalucia.es\/ceipmaimonideselhigueron\/files\/2021\/04\/actividades-extraescolares-2-220x220.png 220w, https:\/\/blogsaverroes.juntadeandalucia.es\/ceipmaimonideselhigueron\/files\/2021\/04\/actividades-extraescolares-2-60x60.png 60w, https:\/\/blogsaverroes.juntadeandalucia.es\/ceipmaimonideselhigueron\/files\/2021\/04\/actividades-extraescolares-2-384x384.png 384w, https:\/\/blogsaverroes.juntadeandalucia.es\/ceipmaimonideselhigueron\/files\/2021\/04\/actividades-extraescolares-2.png 1600w\" sizes=\"(max-width: 1024px) 100vw, 1024px\" \/>\t\t\t\t\t\t\t\t\t\t\t\t\t\t\t<\/div>\n\t\t\t\t<\/div>\n\t\t\t\t<div class=\"elementor-element elementor-element-4543838 elementor-widget elementor-widget-image-box\" data-id=\"4543838\" data-element_type=\"widget\" data-widget_type=\"image-box.default\">\n\t\t\t\t<div class=\"elementor-widget-container\">\n\t\t\t\t\t<div class=\"elementor-image-box-wrapper\"><div class=\"elementor-image-box-content\"><h3 class=\"elementor-image-box-title\">Actividades extraescolares <\/h3><\/div><\/div>\t\t\t\t<\/div>\n\t\t\t\t<\/div>\n\t\t\t\t\t<\/div>\n\t\t<\/div>\n\t\t\t\t<div class=\"elementor-column elementor-col-25 elementor-top-column elementor-element elementor-element-f30a805\" data-id=\"f30a805\" data-element_type=\"column\">\n\t\t\t<div class=\"elementor-widget-wrap elementor-element-populated\">\n\t\t\t\t\t\t<div class=\"elementor-element elementor-element-fb15ee9 elementor-widget elementor-widget-image\" data-id=\"fb15ee9\" data-element_type=\"widget\" data-widget_type=\"image.default\">\n\t\t\t\t<div class=\"elementor-widget-container\">\n\t\t\t\t\t\t\t\t\t\t\t\t\t\t\t<img loading=\"lazy\" decoding=\"async\" width=\"1024\" height=\"1024\" src=\"https:\/\/blogsaverroes.juntadeandalucia.es\/ceipmaimonideselhigueron\/files\/2021\/04\/aire-acondicionado-1024x1024.png\" class=\"attachment-large size-large wp-image-2478\" alt=\"\" srcset=\"https:\/\/blogsaverroes.juntadeandalucia.es\/ceipmaimonideselhigueron\/files\/2021\/04\/aire-acondicionado-1024x1024.png 1024w, https:\/\/blogsaverroes.juntadeandalucia.es\/ceipmaimonideselhigueron\/files\/2021\/04\/aire-acondicionado-300x300.png 300w, https:\/\/blogsaverroes.juntadeandalucia.es\/ceipmaimonideselhigueron\/files\/2021\/04\/aire-acondicionado-150x150.png 150w, https:\/\/blogsaverroes.juntadeandalucia.es\/ceipmaimonideselhigueron\/files\/2021\/04\/aire-acondicionado-768x768.png 768w, https:\/\/blogsaverroes.juntadeandalucia.es\/ceipmaimonideselhigueron\/files\/2021\/04\/aire-acondicionado-1536x1536.png 1536w, https:\/\/blogsaverroes.juntadeandalucia.es\/ceipmaimonideselhigueron\/files\/2021\/04\/aire-acondicionado-2048x2048.png 2048w, https:\/\/blogsaverroes.juntadeandalucia.es\/ceipmaimonideselhigueron\/files\/2021\/04\/aire-acondicionado-246x246.png 246w, https:\/\/blogsaverroes.juntadeandalucia.es\/ceipmaimonideselhigueron\/files\/2021\/04\/aire-acondicionado-520x520.png 520w, https:\/\/blogsaverroes.juntadeandalucia.es\/ceipmaimonideselhigueron\/files\/2021\/04\/aire-acondicionado-185x185.png 185w, https:\/\/blogsaverroes.juntadeandalucia.es\/ceipmaimonideselhigueron\/files\/2021\/04\/aire-acondicionado-220x220.png 220w, https:\/\/blogsaverroes.juntadeandalucia.es\/ceipmaimonideselhigueron\/files\/2021\/04\/aire-acondicionado-60x60.png 60w, https:\/\/blogsaverroes.juntadeandalucia.es\/ceipmaimonideselhigueron\/files\/2021\/04\/aire-acondicionado-384x384.png 384w, https:\/\/blogsaverroes.juntadeandalucia.es\/ceipmaimonideselhigueron\/files\/2021\/04\/aire-acondicionado.png 1600w\" sizes=\"(max-width: 1024px) 100vw, 1024px\" \/>\t\t\t\t\t\t\t\t\t\t\t\t\t\t\t<\/div>\n\t\t\t\t<\/div>\n\t\t\t\t<div class=\"elementor-element elementor-element-2ef1344 elementor-widget elementor-widget-image-box\" data-id=\"2ef1344\" data-element_type=\"widget\" data-widget_type=\"image-box.default\">\n\t\t\t\t<div class=\"elementor-widget-container\">\n\t\t\t\t\t<div class=\"elementor-image-box-wrapper\"><div class=\"elementor-image-box-content\"><h3 class=\"elementor-image-box-title\">Todas las aulas con aire acondicionado <\/h3><\/div><\/div>\t\t\t\t<\/div>\n\t\t\t\t<\/div>\n\t\t\t\t\t<\/div>\n\t\t<\/div>\n\t\t\t\t\t<\/div>\n\t\t<\/section>\n\t\t\t\t<section class=\"elementor-section elementor-top-section elementor-element elementor-element-0f71e64 elementor-section-boxed elementor-section-height-default elementor-section-height-default\" data-id=\"0f71e64\" data-element_type=\"section\">\n\t\t\t\t\t\t<div class=\"elementor-container elementor-column-gap-default\">\n\t\t\t\t\t<div class=\"elementor-column elementor-col-50 elementor-top-column elementor-element elementor-element-7dd32f3\" data-id=\"7dd32f3\" data-element_type=\"column\">\n\t\t\t<div class=\"elementor-widget-wrap elementor-element-populated\">\n\t\t\t\t\t\t<div class=\"elementor-element elementor-element-665032e elementor-widget elementor-widget-image\" data-id=\"665032e\" data-element_type=\"widget\" data-widget_type=\"image.default\">\n\t\t\t\t<div class=\"elementor-widget-container\">\n\t\t\t\t\t\t\t\t\t\t\t\t\t\t\t<img loading=\"lazy\" decoding=\"async\" width=\"900\" height=\"600\" src=\"https:\/\/blogsaverroes.juntadeandalucia.es\/ceipmaimonideselhigueron\/files\/2021\/04\/programa-apoyo-escolar-maimonides.jpg\" class=\"attachment-large size-large wp-image-2506\" alt=\"\" srcset=\"https:\/\/blogsaverroes.juntadeandalucia.es\/ceipmaimonideselhigueron\/files\/2021\/04\/programa-apoyo-escolar-maimonides.jpg 900w, https:\/\/blogsaverroes.juntadeandalucia.es\/ceipmaimonideselhigueron\/files\/2021\/04\/programa-apoyo-escolar-maimonides-300x200.jpg 300w, https:\/\/blogsaverroes.juntadeandalucia.es\/ceipmaimonideselhigueron\/files\/2021\/04\/programa-apoyo-escolar-maimonides-768x512.jpg 768w\" sizes=\"(max-width: 900px) 100vw, 900px\" \/>\t\t\t\t\t\t\t\t\t\t\t\t\t\t\t<\/div>\n\t\t\t\t<\/div>\n\t\t\t\t\t<\/div>\n\t\t<\/div>\n\t\t\t\t<div class=\"elementor-column elementor-col-50 elementor-top-column elementor-element elementor-element-2ba7854\" data-id=\"2ba7854\" data-element_type=\"column\">\n\t\t\t<div class=\"elementor-widget-wrap elementor-element-populated\">\n\t\t\t\t\t\t<div class=\"elementor-element elementor-element-50cf1a4 elementor-widget elementor-widget-heading\" data-id=\"50cf1a4\" data-element_type=\"widget\" data-widget_type=\"heading.default\">\n\t\t\t\t<div class=\"elementor-widget-container\">\n\t\t\t\t\t<h2 class=\"elementor-heading-title elementor-size-default\">Programas escolares<\/h2>\t\t\t\t<\/div>\n\t\t\t\t<\/div>\n\t\t\t\t<div class=\"elementor-element elementor-element-b09ae13 elementor-widget elementor-widget-text-editor\" data-id=\"b09ae13\" data-element_type=\"widget\" data-widget_type=\"text-editor.default\">\n\t\t\t\t<div class=\"elementor-widget-container\">\n\t\t\t\t\t\t\t\t\t<p style=\"text-align: left\">En el centro desarrollamos diversos programas de acompa\u00f1amiento escolar de apoyo a los alumnos. Entre ellos destaca el PROA de 3\u00ba a 6\u00ba de Primaria, el PALE, destinado al acompa\u00f1amiento escolar en lengua extranjera para alumnado de 1\u00ba y 2\u00ba de Primaria y el IMPULSA, destinado a los alumnos de tercer ciclo.\u00a0<\/p><p style=\"text-align: left\">En el CEIP Maim\u00f3nides contamos con docentes en Pedagog\u00eda Terap\u00e9utica, Audici\u00f3n y Lenguaje y monitora para el alumnado de NEAE (Necesidades educativas de atenci\u00f3n especializada).<\/p>\t\t\t\t\t\t\t\t<\/div>\n\t\t\t\t<\/div>\n\t\t\t\t\t<\/div>\n\t\t<\/div>\n\t\t\t\t\t<\/div>\n\t\t<\/section>\n\t\t\t\t<section class=\"elementor-section elementor-top-section elementor-element elementor-element-21b48526 elementor-section-boxed elementor-section-height-default elementor-section-height-default\" data-id=\"21b48526\" data-element_type=\"section\">\n\t\t\t\t\t\t<div class=\"elementor-container elementor-column-gap-default\">\n\t\t\t\t\t<div class=\"elementor-column elementor-col-100 elementor-top-column elementor-element elementor-element-5eed6c55\" data-id=\"5eed6c55\" data-element_type=\"column\">\n\t\t\t<div class=\"elementor-widget-wrap elementor-element-populated\">\n\t\t\t\t\t\t<div class=\"elementor-element elementor-element-3ef322e elementor-widget elementor-widget-spacer\" data-id=\"3ef322e\" data-element_type=\"widget\" data-widget_type=\"spacer.default\">\n\t\t\t\t<div class=\"elementor-widget-container\">\n\t\t\t\t\t\t\t<div class=\"elementor-spacer\">\n\t\t\t<div class=\"elementor-spacer-inner\"><\/div>\n\t\t<\/div>\n\t\t\t\t\t\t<\/div>\n\t\t\t\t<\/div>\n\t\t\t\t\t<\/div>\n\t\t<\/div>\n\t\t\t\t\t<\/div>\n\t\t<\/section>\n\t\t\t\t<section class=\"elementor-section elementor-top-section elementor-element elementor-element-26192cc4 elementor-section-stretched elementor-section-boxed elementor-section-height-default elementor-section-height-default\" data-id=\"26192cc4\" data-element_type=\"section\" data-settings=\"{&quot;stretch_section&quot;:&quot;section-stretched&quot;,&quot;background_background&quot;:&quot;classic&quot;}\">\n\t\t\t\t\t\t<div class=\"elementor-container elementor-column-gap-default\">\n\t\t\t\t\t<div class=\"elementor-column elementor-col-100 elementor-top-column elementor-element elementor-element-527a3427\" data-id=\"527a3427\" data-element_type=\"column\">\n\t\t\t<div class=\"elementor-widget-wrap elementor-element-populated\">\n\t\t\t\t\t\t<div class=\"elementor-element elementor-element-11da5ebc elementor-widget elementor-widget-spacer\" data-id=\"11da5ebc\" data-element_type=\"widget\" data-widget_type=\"spacer.default\">\n\t\t\t\t<div class=\"elementor-widget-container\">\n\t\t\t\t\t\t\t<div class=\"elementor-spacer\">\n\t\t\t<div class=\"elementor-spacer-inner\"><\/div>\n\t\t<\/div>\n\t\t\t\t\t\t<\/div>\n\t\t\t\t<\/div>\n\t\t\t\t<div class=\"elementor-element elementor-element-6a7ef791 elementor-widget elementor-widget-heading\" data-id=\"6a7ef791\" data-element_type=\"widget\" data-widget_type=\"heading.default\">\n\t\t\t\t<div class=\"elementor-widget-container\">\n\t\t\t\t\t<p class=\"elementor-heading-title elementor-size-xl\">Si quieres solicitar una inscripci\u00f3n en el comedor, aula matinal o transporte, puedes descargar el documento en el siguiente bot\u00f3n<\/p>\t\t\t\t<\/div>\n\t\t\t\t<\/div>\n\t\t\t\t<div class=\"elementor-element elementor-element-31231527 elementor-align-center elementor-widget elementor-widget-button\" data-id=\"31231527\" data-element_type=\"widget\" data-widget_type=\"button.default\">\n\t\t\t\t<div class=\"elementor-widget-container\">\n\t\t\t\t\t\t\t\t\t<div class=\"elementor-button-wrapper\">\n\t\t\t\t\t<a class=\"elementor-button elementor-button-link elementor-size-sm\" href=\"https:\/\/blogsaverroes.juntadeandalucia.es\/ceipmaimonideselhigueron\/documentos\/\">\n\t\t\t\t\t\t<span class=\"elementor-button-content-wrapper\">\n\t\t\t\t\t\t\t\t\t<span class=\"elementor-button-text\">Documentos de inter\u00e9s<\/span>\n\t\t\t\t\t<\/span>\n\t\t\t\t\t<\/a>\n\t\t\t\t<\/div>\n\t\t\t\t\t\t\t\t<\/div>\n\t\t\t\t<\/div>\n\t\t\t\t<div class=\"elementor-element elementor-element-25733278 elementor-widget elementor-widget-spacer\" data-id=\"25733278\" data-element_type=\"widget\" data-widget_type=\"spacer.default\">\n\t\t\t\t<div class=\"elementor-widget-container\">\n\t\t\t\t\t\t\t<div class=\"elementor-spacer\">\n\t\t\t<div class=\"elementor-spacer-inner\"><\/div>\n\t\t<\/div>\n\t\t\t\t\t\t<\/div>\n\t\t\t\t<\/div>\n\t\t\t\t\t<\/div>\n\t\t<\/div>\n\t\t\t\t\t<\/div>\n\t\t<\/section>\n\t\t\t\t<\/div>\n\t\t","protected":false},"excerpt":{"rendered":"<p>Fundado en 1963 El CEIP Maim\u00f3nides (El Higuer\u00f3n) actualmente cuenta con 236 alumnos en l\u00edneas desde Infantil a 6\u00ba de Primaria. Cabe destacar que el equipo docente es 100% definitivo, unos profesionales comprometidos e&#46;&#46;&#46;<\/p>\n","protected":false},"author":5145,"featured_media":0,"parent":0,"menu_order":0,"comment_status":"closed","ping_status":"closed","template":"elementor_header_footer","meta":{"ngg_post_thumbnail":0,"footnotes":"","_mc_calendar":[]},"aioseo_notices":[],"_links":{"self":[{"href":"https:\/\/blogsaverroes.juntadeandalucia.es\/ceipmaimonideselhigueron\/wp-json\/wp\/v2\/pages\/2461"}],"collection":[{"href":"https:\/\/blogsaverroes.juntadeandalucia.es\/ceipmaimonideselhigueron\/wp-json\/wp\/v2\/pages"}],"about":[{"href":"https:\/\/blogsaverroes.juntadeandalucia.es\/ceipmaimonideselhigueron\/wp-json\/wp\/v2\/types\/page"}],"author":[{"embeddable":true,"href":"https:\/\/blogsaverroes.juntadeandalucia.es\/ceipmaimonideselhigueron\/wp-json\/wp\/v2\/users\/5145"}],"replies":[{"embeddable":true,"href":"https:\/\/blogsaverroes.juntadeandalucia.es\/ceipmaimonideselhigueron\/wp-json\/wp\/v2\/comments?post=2461"}],"version-history":[{"count":22,"href":"https:\/\/blogsaverroes.juntadeandalucia.es\/ceipmaimonideselhigueron\/wp-json\/wp\/v2\/pages\/2461\/revisions"}],"predecessor-version":[{"id":2635,"href":"https:\/\/blogsaverroes.juntadeandalucia.es\/ceipmaimonideselhigueron\/wp-json\/wp\/v2\/pages\/2461\/revisions\/2635"}],"wp:attachment":[{"href":"https:\/\/blogsaverroes.juntadeandalucia.es\/ceipmaimonideselhigueron\/wp-json\/wp\/v2\/media?parent=2461"}],"curies":[{"name":"wp","href":"https:\/\/api.w.org\/{rel}","templated":true}]}}