{"id":2662,"date":"2021-04-29T17:20:46","date_gmt":"2021-04-29T15:20:46","guid":{"rendered":"https:\/\/blogsaverroes.juntadeandalucia.es\/ceipmaimonideselhigueron\/?page_id=2662"},"modified":"2021-06-21T14:04:03","modified_gmt":"2021-06-21T12:04:03","slug":"biblioteca","status":"publish","type":"page","link":"https:\/\/blogsaverroes.juntadeandalucia.es\/ceipmaimonideselhigueron\/biblioteca\/","title":{"rendered":"Biblioteca"},"content":{"rendered":"\t\t<div data-elementor-type=\"wp-page\" data-elementor-id=\"2662\" class=\"elementor elementor-2662\">\n\t\t\t\t\t\t<section class=\"elementor-section elementor-top-section elementor-element elementor-element-133ba114 elementor-section-boxed elementor-section-height-default elementor-section-height-default\" data-id=\"133ba114\" data-element_type=\"section\" data-settings=\"{&quot;background_background&quot;:&quot;classic&quot;}\">\n\t\t\t\t\t\t<div class=\"elementor-container elementor-column-gap-default\">\n\t\t\t\t\t<div class=\"elementor-column elementor-col-100 elementor-top-column elementor-element elementor-element-34607499\" data-id=\"34607499\" data-element_type=\"column\">\n\t\t\t<div class=\"elementor-widget-wrap elementor-element-populated\">\n\t\t\t\t\t\t<div class=\"elementor-element elementor-element-3c6a395c elementor-widget elementor-widget-heading\" data-id=\"3c6a395c\" data-element_type=\"widget\" data-widget_type=\"heading.default\">\n\t\t\t\t<div class=\"elementor-widget-container\">\n\t\t\t\t\t<h2 class=\"elementor-heading-title elementor-size-default\">Nuestra Biblioteca<\/h2>\t\t\t\t<\/div>\n\t\t\t\t<\/div>\n\t\t\t\t<div class=\"elementor-element elementor-element-4c0ee7ed elementor-widget elementor-widget-text-editor\" data-id=\"4c0ee7ed\" data-element_type=\"widget\" data-widget_type=\"text-editor.default\">\n\t\t\t\t<div class=\"elementor-widget-container\">\n\t\t\t\t\t\t\t\t\t<p>Un espacio para la convivencia escolar y el desarrollo curricular<br \/>que complementa el trabajo realizado en el aula.\u00a0<\/p>\t\t\t\t\t\t\t\t<\/div>\n\t\t\t\t<\/div>\n\t\t\t\t\t<\/div>\n\t\t<\/div>\n\t\t\t\t\t<\/div>\n\t\t<\/section>\n\t\t\t\t<section class=\"elementor-section elementor-top-section elementor-element elementor-element-52efbcd elementor-section-boxed elementor-section-height-default elementor-section-height-default\" data-id=\"52efbcd\" data-element_type=\"section\">\n\t\t\t\t\t\t<div class=\"elementor-container elementor-column-gap-default\">\n\t\t\t\t\t<div class=\"elementor-column elementor-col-33 elementor-top-column elementor-element elementor-element-81e8c42\" data-id=\"81e8c42\" data-element_type=\"column\">\n\t\t\t<div class=\"elementor-widget-wrap elementor-element-populated\">\n\t\t\t\t\t\t<div class=\"elementor-element elementor-element-57e10e0 elementor-widget elementor-widget-image\" data-id=\"57e10e0\" data-element_type=\"widget\" data-widget_type=\"image.default\">\n\t\t\t\t<div class=\"elementor-widget-container\">\n\t\t\t\t\t\t\t\t\t\t\t\t\t\t\t<img fetchpriority=\"high\" decoding=\"async\" width=\"1024\" height=\"768\" src=\"https:\/\/blogsaverroes.juntadeandalucia.es\/ceipmaimonideselhigueron\/files\/2021\/04\/Biblioteca-CEIP-Maimonides-3-1024x768.jpg\" class=\"attachment-large size-large wp-image-2695\" alt=\"Interior de la Biblioteca del CEIP Maim\u00f3nides\" srcset=\"https:\/\/blogsaverroes.juntadeandalucia.es\/ceipmaimonideselhigueron\/files\/2021\/04\/Biblioteca-CEIP-Maimonides-3-1024x768.jpg 1024w, https:\/\/blogsaverroes.juntadeandalucia.es\/ceipmaimonideselhigueron\/files\/2021\/04\/Biblioteca-CEIP-Maimonides-3-300x225.jpg 300w, https:\/\/blogsaverroes.juntadeandalucia.es\/ceipmaimonideselhigueron\/files\/2021\/04\/Biblioteca-CEIP-Maimonides-3-768x576.jpg 768w, https:\/\/blogsaverroes.juntadeandalucia.es\/ceipmaimonideselhigueron\/files\/2021\/04\/Biblioteca-CEIP-Maimonides-3-1536x1152.jpg 1536w, https:\/\/blogsaverroes.juntadeandalucia.es\/ceipmaimonideselhigueron\/files\/2021\/04\/Biblioteca-CEIP-Maimonides-3.jpg 1600w\" sizes=\"(max-width: 1024px) 100vw, 1024px\" \/>\t\t\t\t\t\t\t\t\t\t\t\t\t\t\t<\/div>\n\t\t\t\t<\/div>\n\t\t\t\t\t<\/div>\n\t\t<\/div>\n\t\t\t\t<div class=\"elementor-column elementor-col-33 elementor-top-column elementor-element elementor-element-71ba1f4\" data-id=\"71ba1f4\" data-element_type=\"column\">\n\t\t\t<div class=\"elementor-widget-wrap elementor-element-populated\">\n\t\t\t\t\t\t<div class=\"elementor-element elementor-element-4938b3f elementor-widget elementor-widget-image\" data-id=\"4938b3f\" data-element_type=\"widget\" data-widget_type=\"image.default\">\n\t\t\t\t<div class=\"elementor-widget-container\">\n\t\t\t\t\t\t\t\t\t\t\t\t\t\t\t<img decoding=\"async\" width=\"1024\" height=\"768\" src=\"https:\/\/blogsaverroes.juntadeandalucia.es\/ceipmaimonideselhigueron\/files\/2021\/04\/Bibilioteca-CEIP-Maimonides-2-1024x768.jpg\" class=\"attachment-large size-large wp-image-2694\" alt=\"Entrada Biblioteca CEIP Maim\u00f3nides\" srcset=\"https:\/\/blogsaverroes.juntadeandalucia.es\/ceipmaimonideselhigueron\/files\/2021\/04\/Bibilioteca-CEIP-Maimonides-2-1024x768.jpg 1024w, https:\/\/blogsaverroes.juntadeandalucia.es\/ceipmaimonideselhigueron\/files\/2021\/04\/Bibilioteca-CEIP-Maimonides-2-300x225.jpg 300w, https:\/\/blogsaverroes.juntadeandalucia.es\/ceipmaimonideselhigueron\/files\/2021\/04\/Bibilioteca-CEIP-Maimonides-2-768x576.jpg 768w, https:\/\/blogsaverroes.juntadeandalucia.es\/ceipmaimonideselhigueron\/files\/2021\/04\/Bibilioteca-CEIP-Maimonides-2-1536x1152.jpg 1536w, https:\/\/blogsaverroes.juntadeandalucia.es\/ceipmaimonideselhigueron\/files\/2021\/04\/Bibilioteca-CEIP-Maimonides-2.jpg 1600w\" sizes=\"(max-width: 1024px) 100vw, 1024px\" \/>\t\t\t\t\t\t\t\t\t\t\t\t\t\t\t<\/div>\n\t\t\t\t<\/div>\n\t\t\t\t\t<\/div>\n\t\t<\/div>\n\t\t\t\t<div class=\"elementor-column elementor-col-33 elementor-top-column elementor-element elementor-element-2470b5a\" data-id=\"2470b5a\" data-element_type=\"column\">\n\t\t\t<div class=\"elementor-widget-wrap elementor-element-populated\">\n\t\t\t\t\t\t<div class=\"elementor-element elementor-element-9f6cf38 elementor-widget elementor-widget-image\" data-id=\"9f6cf38\" data-element_type=\"widget\" data-widget_type=\"image.default\">\n\t\t\t\t<div class=\"elementor-widget-container\">\n\t\t\t\t\t\t\t\t\t\t\t\t\t\t\t<img decoding=\"async\" width=\"1024\" height=\"768\" src=\"https:\/\/blogsaverroes.juntadeandalucia.es\/ceipmaimonideselhigueron\/files\/2021\/04\/Biblioteca-ceip-maimonides-11-1024x768.jpg\" class=\"attachment-large size-large wp-image-2696\" alt=\"Interior de la Biblioteca del CEIP Maim\u00f3nides\" srcset=\"https:\/\/blogsaverroes.juntadeandalucia.es\/ceipmaimonideselhigueron\/files\/2021\/04\/Biblioteca-ceip-maimonides-11-1024x768.jpg 1024w, https:\/\/blogsaverroes.juntadeandalucia.es\/ceipmaimonideselhigueron\/files\/2021\/04\/Biblioteca-ceip-maimonides-11-300x225.jpg 300w, https:\/\/blogsaverroes.juntadeandalucia.es\/ceipmaimonideselhigueron\/files\/2021\/04\/Biblioteca-ceip-maimonides-11-768x576.jpg 768w, https:\/\/blogsaverroes.juntadeandalucia.es\/ceipmaimonideselhigueron\/files\/2021\/04\/Biblioteca-ceip-maimonides-11-1536x1152.jpg 1536w, https:\/\/blogsaverroes.juntadeandalucia.es\/ceipmaimonideselhigueron\/files\/2021\/04\/Biblioteca-ceip-maimonides-11.jpg 1600w\" sizes=\"(max-width: 1024px) 100vw, 1024px\" \/>\t\t\t\t\t\t\t\t\t\t\t\t\t\t\t<\/div>\n\t\t\t\t<\/div>\n\t\t\t\t\t<\/div>\n\t\t<\/div>\n\t\t\t\t\t<\/div>\n\t\t<\/section>\n\t\t\t\t<section class=\"elementor-section elementor-top-section elementor-element elementor-element-3d8c6955 elementor-section-boxed elementor-section-height-default elementor-section-height-default\" data-id=\"3d8c6955\" data-element_type=\"section\">\n\t\t\t\t\t\t<div class=\"elementor-container elementor-column-gap-default\">\n\t\t\t\t\t<div class=\"elementor-column elementor-col-100 elementor-top-column elementor-element elementor-element-202b58aa\" data-id=\"202b58aa\" data-element_type=\"column\">\n\t\t\t<div class=\"elementor-widget-wrap elementor-element-populated\">\n\t\t\t\t\t\t<div class=\"elementor-element elementor-element-6831c9ef elementor-widget elementor-widget-heading\" data-id=\"6831c9ef\" data-element_type=\"widget\" data-widget_type=\"heading.default\">\n\t\t\t\t<div class=\"elementor-widget-container\">\n\t\t\t\t\t<h2 class=\"elementor-heading-title elementor-size-default\">\u00bfC\u00f3mo identificamos a los libros?<\/h2>\t\t\t\t<\/div>\n\t\t\t\t<\/div>\n\t\t\t\t<div class=\"elementor-element elementor-element-47490b99 elementor-widget elementor-widget-text-editor\" data-id=\"47490b99\" data-element_type=\"widget\" data-widget_type=\"text-editor.default\">\n\t\t\t\t<div class=\"elementor-widget-container\">\n\t\t\t\t\t\t\t\t\t<p style=\"text-align: center\">La Biblioteca del CEIP Maim\u00f3nides, integrada dentro del proyecto educativo del centro, est\u00e1 ubicada en la planta baja del edificio. Un espacio decorado con la colaboraci\u00f3n del AMPA y muy visitado entre el alumnado. Nuestra Biblioteca da servicio a todas las etapas educativas, desde Infantil a Tercer Ciclo de Educaci\u00f3n Primaria. Los libros de cada etapa los identificamos con un color:<\/p>\t\t\t\t\t\t\t\t<\/div>\n\t\t\t\t<\/div>\n\t\t\t\t\t<\/div>\n\t\t<\/div>\n\t\t\t\t\t<\/div>\n\t\t<\/section>\n\t\t\t\t<section class=\"elementor-section elementor-top-section elementor-element elementor-element-f983f4f elementor-section-boxed elementor-section-height-default elementor-section-height-default\" data-id=\"f983f4f\" data-element_type=\"section\">\n\t\t\t\t\t\t<div class=\"elementor-container elementor-column-gap-default\">\n\t\t\t\t\t<div class=\"elementor-column elementor-col-20 elementor-top-column elementor-element elementor-element-382eb13\" data-id=\"382eb13\" data-element_type=\"column\">\n\t\t\t<div class=\"elementor-widget-wrap elementor-element-populated\">\n\t\t\t\t\t\t<div class=\"elementor-element elementor-element-52bfdba elementor-view-default elementor-widget elementor-widget-icon\" data-id=\"52bfdba\" data-element_type=\"widget\" data-widget_type=\"icon.default\">\n\t\t\t\t<div class=\"elementor-widget-container\">\n\t\t\t\t\t\t\t<div class=\"elementor-icon-wrapper\">\n\t\t\t<div class=\"elementor-icon\">\n\t\t\t<i aria-hidden=\"true\" class=\"fas fa-square-full\"><\/i>\t\t\t<\/div>\n\t\t<\/div>\n\t\t\t\t\t\t<\/div>\n\t\t\t\t<\/div>\n\t\t\t\t<div class=\"elementor-element elementor-element-6953e2d4 elementor-widget elementor-widget-image-box\" data-id=\"6953e2d4\" data-element_type=\"widget\" data-widget_type=\"image-box.default\">\n\t\t\t\t<div class=\"elementor-widget-container\">\n\t\t\t\t\t<div class=\"elementor-image-box-wrapper\"><div class=\"elementor-image-box-content\"><h3 class=\"elementor-image-box-title\">Educaci\u00f3n Infantil<\/h3><p class=\"elementor-image-box-description\">Los libros de Educaci\u00f3n Infantil est\u00e1n identificados por una pegatina de color amarillo<\/p><\/div><\/div>\t\t\t\t<\/div>\n\t\t\t\t<\/div>\n\t\t\t\t\t<\/div>\n\t\t<\/div>\n\t\t\t\t<div class=\"elementor-column elementor-col-20 elementor-top-column elementor-element elementor-element-12ffc9a\" data-id=\"12ffc9a\" data-element_type=\"column\">\n\t\t\t<div class=\"elementor-widget-wrap elementor-element-populated\">\n\t\t\t\t\t\t<div class=\"elementor-element elementor-element-ea8de05 elementor-view-default elementor-widget elementor-widget-icon\" data-id=\"ea8de05\" data-element_type=\"widget\" data-widget_type=\"icon.default\">\n\t\t\t\t<div class=\"elementor-widget-container\">\n\t\t\t\t\t\t\t<div class=\"elementor-icon-wrapper\">\n\t\t\t<div class=\"elementor-icon\">\n\t\t\t<i aria-hidden=\"true\" class=\"fas fa-square-full\"><\/i>\t\t\t<\/div>\n\t\t<\/div>\n\t\t\t\t\t\t<\/div>\n\t\t\t\t<\/div>\n\t\t\t\t<div class=\"elementor-element elementor-element-88df067 elementor-widget elementor-widget-image-box\" data-id=\"88df067\" data-element_type=\"widget\" data-widget_type=\"image-box.default\">\n\t\t\t\t<div class=\"elementor-widget-container\">\n\t\t\t\t\t<div class=\"elementor-image-box-wrapper\"><div class=\"elementor-image-box-content\"><h3 class=\"elementor-image-box-title\">Primer Ciclo<\/h3><p class=\"elementor-image-box-description\">Los libros de Primer Ciclo est\u00e1n identificados por una pegatina de color azul<\/p><\/div><\/div>\t\t\t\t<\/div>\n\t\t\t\t<\/div>\n\t\t\t\t\t<\/div>\n\t\t<\/div>\n\t\t\t\t<div class=\"elementor-column elementor-col-20 elementor-top-column elementor-element elementor-element-8abf4f4\" data-id=\"8abf4f4\" data-element_type=\"column\">\n\t\t\t<div class=\"elementor-widget-wrap elementor-element-populated\">\n\t\t\t\t\t\t<div class=\"elementor-element elementor-element-9bae7b4 elementor-view-default elementor-widget elementor-widget-icon\" data-id=\"9bae7b4\" data-element_type=\"widget\" data-widget_type=\"icon.default\">\n\t\t\t\t<div class=\"elementor-widget-container\">\n\t\t\t\t\t\t\t<div class=\"elementor-icon-wrapper\">\n\t\t\t<div class=\"elementor-icon\">\n\t\t\t<i aria-hidden=\"true\" class=\"fas fa-square-full\"><\/i>\t\t\t<\/div>\n\t\t<\/div>\n\t\t\t\t\t\t<\/div>\n\t\t\t\t<\/div>\n\t\t\t\t<div class=\"elementor-element elementor-element-f5ac4eb elementor-widget elementor-widget-image-box\" data-id=\"f5ac4eb\" data-element_type=\"widget\" data-widget_type=\"image-box.default\">\n\t\t\t\t<div class=\"elementor-widget-container\">\n\t\t\t\t\t<div class=\"elementor-image-box-wrapper\"><div class=\"elementor-image-box-content\"><h3 class=\"elementor-image-box-title\">Segundo Ciclo<\/h3><p class=\"elementor-image-box-description\">Los libros de Segundo Ciclo est\u00e1n identificados por una pegatina de color rojo<\/p><\/div><\/div>\t\t\t\t<\/div>\n\t\t\t\t<\/div>\n\t\t\t\t\t<\/div>\n\t\t<\/div>\n\t\t\t\t<div class=\"elementor-column elementor-col-20 elementor-top-column elementor-element elementor-element-8c85942\" data-id=\"8c85942\" data-element_type=\"column\">\n\t\t\t<div class=\"elementor-widget-wrap elementor-element-populated\">\n\t\t\t\t\t\t<div class=\"elementor-element elementor-element-b7bf099 elementor-view-default elementor-widget elementor-widget-icon\" data-id=\"b7bf099\" data-element_type=\"widget\" data-widget_type=\"icon.default\">\n\t\t\t\t<div class=\"elementor-widget-container\">\n\t\t\t\t\t\t\t<div class=\"elementor-icon-wrapper\">\n\t\t\t<div class=\"elementor-icon\">\n\t\t\t<i aria-hidden=\"true\" class=\"fas fa-square-full\"><\/i>\t\t\t<\/div>\n\t\t<\/div>\n\t\t\t\t\t\t<\/div>\n\t\t\t\t<\/div>\n\t\t\t\t<div class=\"elementor-element elementor-element-6278468 elementor-widget elementor-widget-image-box\" data-id=\"6278468\" data-element_type=\"widget\" data-widget_type=\"image-box.default\">\n\t\t\t\t<div class=\"elementor-widget-container\">\n\t\t\t\t\t<div class=\"elementor-image-box-wrapper\"><div class=\"elementor-image-box-content\"><h3 class=\"elementor-image-box-title\">Tercer Ciclo<\/h3><p class=\"elementor-image-box-description\">Los libros de Tercer Ciclo est\u00e1n identificados por una pegatina de color verde<\/p><\/div><\/div>\t\t\t\t<\/div>\n\t\t\t\t<\/div>\n\t\t\t\t\t<\/div>\n\t\t<\/div>\n\t\t\t\t<div class=\"elementor-column elementor-col-20 elementor-top-column elementor-element elementor-element-b688036\" data-id=\"b688036\" data-element_type=\"column\">\n\t\t\t<div class=\"elementor-widget-wrap elementor-element-populated\">\n\t\t\t\t\t\t<div class=\"elementor-element elementor-element-969e0aa elementor-view-default elementor-widget elementor-widget-icon\" data-id=\"969e0aa\" data-element_type=\"widget\" data-widget_type=\"icon.default\">\n\t\t\t\t<div class=\"elementor-widget-container\">\n\t\t\t\t\t\t\t<div class=\"elementor-icon-wrapper\">\n\t\t\t<div class=\"elementor-icon\">\n\t\t\t<i aria-hidden=\"true\" class=\"fas fa-square-full\"><\/i>\t\t\t<\/div>\n\t\t<\/div>\n\t\t\t\t\t\t<\/div>\n\t\t\t\t<\/div>\n\t\t\t\t<div class=\"elementor-element elementor-element-f2c3291 elementor-widget elementor-widget-image-box\" data-id=\"f2c3291\" data-element_type=\"widget\" data-widget_type=\"image-box.default\">\n\t\t\t\t<div class=\"elementor-widget-container\">\n\t\t\t\t\t<div class=\"elementor-image-box-wrapper\"><div class=\"elementor-image-box-content\"><h3 class=\"elementor-image-box-title\">Rinc\u00f3n Violeta<\/h3><p class=\"elementor-image-box-description\">Contamos con una zona de libros de tem\u00e1tica de igualdad de g\u00e9nero y valores<\/p><\/div><\/div>\t\t\t\t<\/div>\n\t\t\t\t<\/div>\n\t\t\t\t\t<\/div>\n\t\t<\/div>\n\t\t\t\t\t<\/div>\n\t\t<\/section>\n\t\t\t\t<section class=\"elementor-section elementor-top-section elementor-element elementor-element-3617844 elementor-section-boxed elementor-section-height-default elementor-section-height-default\" data-id=\"3617844\" data-element_type=\"section\">\n\t\t\t\t\t\t<div class=\"elementor-container elementor-column-gap-default\">\n\t\t\t\t\t<div class=\"elementor-column elementor-col-100 elementor-top-column elementor-element elementor-element-ae1678f\" data-id=\"ae1678f\" data-element_type=\"column\">\n\t\t\t<div class=\"elementor-widget-wrap elementor-element-populated\">\n\t\t\t\t\t\t<div class=\"elementor-element elementor-element-5488677e elementor-align-center elementor-widget elementor-widget-button\" data-id=\"5488677e\" data-element_type=\"widget\" data-widget_type=\"button.default\">\n\t\t\t\t<div class=\"elementor-widget-container\">\n\t\t\t\t\t\t\t\t\t<div class=\"elementor-button-wrapper\">\n\t\t\t\t\t<a class=\"elementor-button elementor-button-link elementor-size-sm\" href=\"https:\/\/www.juntadeandalucia.es\/educacion\/senecav2\/seneca\/biblioweb\/portal\/14003231\" target=\"_blank\">\n\t\t\t\t\t\t<span class=\"elementor-button-content-wrapper\">\n\t\t\t\t\t\t\t\t\t<span class=\"elementor-button-text\">Consulta el cat\u00e1logo de libros<\/span>\n\t\t\t\t\t<\/span>\n\t\t\t\t\t<\/a>\n\t\t\t\t<\/div>\n\t\t\t\t\t\t\t\t<\/div>\n\t\t\t\t<\/div>\n\t\t\t\t<div class=\"elementor-element elementor-element-df18348 elementor-widget-divider--view-line elementor-widget elementor-widget-divider\" data-id=\"df18348\" data-element_type=\"widget\" data-widget_type=\"divider.default\">\n\t\t\t\t<div class=\"elementor-widget-container\">\n\t\t\t\t\t\t\t<div class=\"elementor-divider\">\n\t\t\t<span class=\"elementor-divider-separator\">\n\t\t\t\t\t\t<\/span>\n\t\t<\/div>\n\t\t\t\t\t\t<\/div>\n\t\t\t\t<\/div>\n\t\t\t\t\t<\/div>\n\t\t<\/div>\n\t\t\t\t\t<\/div>\n\t\t<\/section>\n\t\t\t\t<section class=\"elementor-section elementor-top-section elementor-element elementor-element-266990a elementor-section-boxed elementor-section-height-default elementor-section-height-default\" data-id=\"266990a\" data-element_type=\"section\">\n\t\t\t\t\t\t<div class=\"elementor-container elementor-column-gap-default\">\n\t\t\t\t\t<div class=\"elementor-column elementor-col-100 elementor-top-column elementor-element elementor-element-9b8d0f8\" data-id=\"9b8d0f8\" data-element_type=\"column\">\n\t\t\t<div class=\"elementor-widget-wrap elementor-element-populated\">\n\t\t\t\t\t\t<div class=\"elementor-element elementor-element-8b2fa86 elementor-widget elementor-widget-heading\" data-id=\"8b2fa86\" data-element_type=\"widget\" data-widget_type=\"heading.default\">\n\t\t\t\t<div class=\"elementor-widget-container\">\n\t\t\t\t\t<h2 class=\"elementor-heading-title elementor-size-default\">Bibliotren<\/h2>\t\t\t\t<\/div>\n\t\t\t\t<\/div>\n\t\t\t\t<div class=\"elementor-element elementor-element-498c7ab elementor-widget elementor-widget-text-editor\" data-id=\"498c7ab\" data-element_type=\"widget\" data-widget_type=\"text-editor.default\">\n\t\t\t\t<div class=\"elementor-widget-container\">\n\t\t\t\t\t\t\t\t\t<p style=\"text-align: center\">El Bibliotren de CEIP Maim\u00f3nides es un proyecto para el fomento de la lectura del alumnado. El apoyo de los padres ha sido fundamental para el desarrollo de esta actividad, con la creaci\u00f3n de un carro personalizado con forma de tren para transportar libros en el recreo.<\/p>\t\t\t\t\t\t\t\t<\/div>\n\t\t\t\t<\/div>\n\t\t\t\t\t<\/div>\n\t\t<\/div>\n\t\t\t\t\t<\/div>\n\t\t<\/section>\n\t\t\t\t<section class=\"elementor-section elementor-top-section elementor-element elementor-element-6e00f01 elementor-section-boxed elementor-section-height-default elementor-section-height-default\" data-id=\"6e00f01\" data-element_type=\"section\">\n\t\t\t\t\t\t<div class=\"elementor-container elementor-column-gap-default\">\n\t\t\t\t\t<div class=\"elementor-column elementor-col-33 elementor-top-column elementor-element elementor-element-845ccea\" data-id=\"845ccea\" data-element_type=\"column\">\n\t\t\t<div class=\"elementor-widget-wrap elementor-element-populated\">\n\t\t\t\t\t\t<div class=\"elementor-element elementor-element-20edb7d elementor-widget elementor-widget-image\" data-id=\"20edb7d\" data-element_type=\"widget\" data-widget_type=\"image.default\">\n\t\t\t\t<div class=\"elementor-widget-container\">\n\t\t\t\t\t\t\t\t\t\t\t\t\t\t\t<img loading=\"lazy\" decoding=\"async\" width=\"1024\" height=\"768\" src=\"https:\/\/blogsaverroes.juntadeandalucia.es\/ceipmaimonideselhigueron\/files\/2021\/04\/bibliotren-2-1024x768.jpg\" class=\"attachment-large size-large wp-image-2700\" alt=\"Bibliotren en el recreo\" srcset=\"https:\/\/blogsaverroes.juntadeandalucia.es\/ceipmaimonideselhigueron\/files\/2021\/04\/bibliotren-2-1024x768.jpg 1024w, https:\/\/blogsaverroes.juntadeandalucia.es\/ceipmaimonideselhigueron\/files\/2021\/04\/bibliotren-2-300x225.jpg 300w, https:\/\/blogsaverroes.juntadeandalucia.es\/ceipmaimonideselhigueron\/files\/2021\/04\/bibliotren-2-768x576.jpg 768w, https:\/\/blogsaverroes.juntadeandalucia.es\/ceipmaimonideselhigueron\/files\/2021\/04\/bibliotren-2-1536x1152.jpg 1536w, https:\/\/blogsaverroes.juntadeandalucia.es\/ceipmaimonideselhigueron\/files\/2021\/04\/bibliotren-2.jpg 1600w\" sizes=\"(max-width: 1024px) 100vw, 1024px\" \/>\t\t\t\t\t\t\t\t\t\t\t\t\t\t\t<\/div>\n\t\t\t\t<\/div>\n\t\t\t\t\t<\/div>\n\t\t<\/div>\n\t\t\t\t<div class=\"elementor-column elementor-col-33 elementor-top-column elementor-element elementor-element-010c91d\" data-id=\"010c91d\" data-element_type=\"column\">\n\t\t\t<div class=\"elementor-widget-wrap elementor-element-populated\">\n\t\t\t\t\t\t<div class=\"elementor-element elementor-element-d7dd9a7 elementor-widget elementor-widget-image\" data-id=\"d7dd9a7\" data-element_type=\"widget\" data-widget_type=\"image.default\">\n\t\t\t\t<div class=\"elementor-widget-container\">\n\t\t\t\t\t\t\t\t\t\t\t\t\t\t\t<img loading=\"lazy\" decoding=\"async\" width=\"1024\" height=\"768\" src=\"https:\/\/blogsaverroes.juntadeandalucia.es\/ceipmaimonideselhigueron\/files\/2021\/04\/bibliotren-3-1024x768.jpg\" class=\"attachment-large size-large wp-image-2701\" alt=\"Bibliotren\" srcset=\"https:\/\/blogsaverroes.juntadeandalucia.es\/ceipmaimonideselhigueron\/files\/2021\/04\/bibliotren-3-1024x768.jpg 1024w, https:\/\/blogsaverroes.juntadeandalucia.es\/ceipmaimonideselhigueron\/files\/2021\/04\/bibliotren-3-300x225.jpg 300w, https:\/\/blogsaverroes.juntadeandalucia.es\/ceipmaimonideselhigueron\/files\/2021\/04\/bibliotren-3-768x576.jpg 768w, https:\/\/blogsaverroes.juntadeandalucia.es\/ceipmaimonideselhigueron\/files\/2021\/04\/bibliotren-3-1536x1152.jpg 1536w, https:\/\/blogsaverroes.juntadeandalucia.es\/ceipmaimonideselhigueron\/files\/2021\/04\/bibliotren-3.jpg 1600w\" sizes=\"(max-width: 1024px) 100vw, 1024px\" \/>\t\t\t\t\t\t\t\t\t\t\t\t\t\t\t<\/div>\n\t\t\t\t<\/div>\n\t\t\t\t\t<\/div>\n\t\t<\/div>\n\t\t\t\t<div class=\"elementor-column elementor-col-33 elementor-top-column elementor-element elementor-element-c938e09\" data-id=\"c938e09\" data-element_type=\"column\">\n\t\t\t<div class=\"elementor-widget-wrap elementor-element-populated\">\n\t\t\t\t\t\t<div class=\"elementor-element elementor-element-dd64ce5 elementor-widget elementor-widget-image\" data-id=\"dd64ce5\" data-element_type=\"widget\" data-widget_type=\"image.default\">\n\t\t\t\t<div class=\"elementor-widget-container\">\n\t\t\t\t\t\t\t\t\t\t\t\t\t\t\t<img loading=\"lazy\" decoding=\"async\" width=\"1024\" height=\"768\" src=\"https:\/\/blogsaverroes.juntadeandalucia.es\/ceipmaimonideselhigueron\/files\/2021\/04\/Bibliotren-1-1024x768.jpg\" class=\"attachment-large size-large wp-image-2699\" alt=\"Bibliotren en el recreo\" srcset=\"https:\/\/blogsaverroes.juntadeandalucia.es\/ceipmaimonideselhigueron\/files\/2021\/04\/Bibliotren-1-1024x768.jpg 1024w, https:\/\/blogsaverroes.juntadeandalucia.es\/ceipmaimonideselhigueron\/files\/2021\/04\/Bibliotren-1-300x225.jpg 300w, https:\/\/blogsaverroes.juntadeandalucia.es\/ceipmaimonideselhigueron\/files\/2021\/04\/Bibliotren-1-768x576.jpg 768w, https:\/\/blogsaverroes.juntadeandalucia.es\/ceipmaimonideselhigueron\/files\/2021\/04\/Bibliotren-1-1536x1152.jpg 1536w, https:\/\/blogsaverroes.juntadeandalucia.es\/ceipmaimonideselhigueron\/files\/2021\/04\/Bibliotren-1.jpg 1600w\" sizes=\"(max-width: 1024px) 100vw, 1024px\" \/>\t\t\t\t\t\t\t\t\t\t\t\t\t\t\t<\/div>\n\t\t\t\t<\/div>\n\t\t\t\t\t<\/div>\n\t\t<\/div>\n\t\t\t\t\t<\/div>\n\t\t<\/section>\n\t\t\t\t<section class=\"elementor-section elementor-top-section elementor-element elementor-element-6101495 elementor-section-boxed elementor-section-height-default elementor-section-height-default\" data-id=\"6101495\" data-element_type=\"section\">\n\t\t\t\t\t\t<div class=\"elementor-container elementor-column-gap-default\">\n\t\t\t\t\t<div class=\"elementor-column elementor-col-50 elementor-top-column elementor-element elementor-element-86b498b\" data-id=\"86b498b\" data-element_type=\"column\">\n\t\t\t<div class=\"elementor-widget-wrap elementor-element-populated\">\n\t\t\t\t\t\t<div class=\"elementor-element elementor-element-8cd539a elementor-widget elementor-widget-image\" data-id=\"8cd539a\" data-element_type=\"widget\" data-widget_type=\"image.default\">\n\t\t\t\t<div class=\"elementor-widget-container\">\n\t\t\t\t\t\t\t\t\t\t\t\t\t\t\t<img loading=\"lazy\" decoding=\"async\" width=\"1024\" height=\"578\" src=\"https:\/\/blogsaverroes.juntadeandalucia.es\/ceipmaimonideselhigueron\/files\/2021\/04\/mascota-biblioteca-CEIP-Maimonides-1024x578.jpg\" class=\"attachment-large size-large wp-image-2704\" alt=\"Mascota de la Biblioteca del CEIP Maim\u00f3nides\" srcset=\"https:\/\/blogsaverroes.juntadeandalucia.es\/ceipmaimonideselhigueron\/files\/2021\/04\/mascota-biblioteca-CEIP-Maimonides-1024x578.jpg 1024w, https:\/\/blogsaverroes.juntadeandalucia.es\/ceipmaimonideselhigueron\/files\/2021\/04\/mascota-biblioteca-CEIP-Maimonides-300x169.jpg 300w, https:\/\/blogsaverroes.juntadeandalucia.es\/ceipmaimonideselhigueron\/files\/2021\/04\/mascota-biblioteca-CEIP-Maimonides-768x434.jpg 768w, https:\/\/blogsaverroes.juntadeandalucia.es\/ceipmaimonideselhigueron\/files\/2021\/04\/mascota-biblioteca-CEIP-Maimonides-1536x867.jpg 1536w, https:\/\/blogsaverroes.juntadeandalucia.es\/ceipmaimonideselhigueron\/files\/2021\/04\/mascota-biblioteca-CEIP-Maimonides.jpg 1600w\" sizes=\"(max-width: 1024px) 100vw, 1024px\" \/>\t\t\t\t\t\t\t\t\t\t\t\t\t\t\t<\/div>\n\t\t\t\t<\/div>\n\t\t\t\t\t<\/div>\n\t\t<\/div>\n\t\t\t\t<div class=\"elementor-column elementor-col-50 elementor-top-column elementor-element elementor-element-9d40d2f\" data-id=\"9d40d2f\" data-element_type=\"column\">\n\t\t\t<div class=\"elementor-widget-wrap elementor-element-populated\">\n\t\t\t\t\t\t<div class=\"elementor-element elementor-element-5e0f27e elementor-widget elementor-widget-heading\" data-id=\"5e0f27e\" data-element_type=\"widget\" data-widget_type=\"heading.default\">\n\t\t\t\t<div class=\"elementor-widget-container\">\n\t\t\t\t\t<h2 class=\"elementor-heading-title elementor-size-default\">Nuestra mascota<\/h2>\t\t\t\t<\/div>\n\t\t\t\t<\/div>\n\t\t\t\t<div class=\"elementor-element elementor-element-50fc5e0 elementor-widget elementor-widget-text-editor\" data-id=\"50fc5e0\" data-element_type=\"widget\" data-widget_type=\"text-editor.default\">\n\t\t\t\t<div class=\"elementor-widget-container\">\n\t\t\t\t\t\t\t\t\t<p style=\"text-align: justify\">Los alumnos del CEIP Maim\u00f3nides participaron en un concurso entre todo el alumnado para la creaci\u00f3n de una mascota para nuestra Biblioteca, y esta fue la ganadora.\u00a0<\/p>\t\t\t\t\t\t\t\t<\/div>\n\t\t\t\t<\/div>\n\t\t\t\t\t<\/div>\n\t\t<\/div>\n\t\t\t\t\t<\/div>\n\t\t<\/section>\n\t\t\t\t<\/div>\n\t\t","protected":false},"excerpt":{"rendered":"<p>Nuestra Biblioteca Un espacio para la convivencia escolar y el desarrollo curricularque complementa el trabajo realizado en el aula.\u00a0 \u00bfC\u00f3mo identificamos a los libros? La Biblioteca del CEIP Maim\u00f3nides, integrada dentro del proyecto educativo&#46;&#46;&#46;<\/p>\n","protected":false},"author":5145,"featured_media":0,"parent":0,"menu_order":0,"comment_status":"closed","ping_status":"closed","template":"elementor_header_footer","meta":{"ngg_post_thumbnail":0,"footnotes":"","_mc_calendar":[]},"aioseo_notices":[],"_links":{"self":[{"href":"https:\/\/blogsaverroes.juntadeandalucia.es\/ceipmaimonideselhigueron\/wp-json\/wp\/v2\/pages\/2662"}],"collection":[{"href":"https:\/\/blogsaverroes.juntadeandalucia.es\/ceipmaimonideselhigueron\/wp-json\/wp\/v2\/pages"}],"about":[{"href":"https:\/\/blogsaverroes.juntadeandalucia.es\/ceipmaimonideselhigueron\/wp-json\/wp\/v2\/types\/page"}],"author":[{"embeddable":true,"href":"https:\/\/blogsaverroes.juntadeandalucia.es\/ceipmaimonideselhigueron\/wp-json\/wp\/v2\/users\/5145"}],"replies":[{"embeddable":true,"href":"https:\/\/blogsaverroes.juntadeandalucia.es\/ceipmaimonideselhigueron\/wp-json\/wp\/v2\/comments?post=2662"}],"version-history":[{"count":22,"href":"https:\/\/blogsaverroes.juntadeandalucia.es\/ceipmaimonideselhigueron\/wp-json\/wp\/v2\/pages\/2662\/revisions"}],"predecessor-version":[{"id":2807,"href":"https:\/\/blogsaverroes.juntadeandalucia.es\/ceipmaimonideselhigueron\/wp-json\/wp\/v2\/pages\/2662\/revisions\/2807"}],"wp:attachment":[{"href":"https:\/\/blogsaverroes.juntadeandalucia.es\/ceipmaimonideselhigueron\/wp-json\/wp\/v2\/media?parent=2662"}],"curies":[{"name":"wp","href":"https:\/\/api.w.org\/{rel}","templated":true}]}}