{"id":2650,"date":"2020-09-15T13:20:13","date_gmt":"2020-09-15T11:20:13","guid":{"rendered":"http:\/\/blogsaverroes.juntadeandalucia.es\/ceipmanuelcastroorellana\/?page_id=2650"},"modified":"2025-02-21T10:16:39","modified_gmt":"2025-02-21T09:16:39","slug":"plan-de-apertura-2","status":"publish","type":"page","link":"https:\/\/blogsaverroes.juntadeandalucia.es\/ceipmanuelcastroorellana\/plan-de-apertura-2\/","title":{"rendered":"PLAN DE APERTURA"},"content":{"rendered":"<p>Les dejamos en esta p\u00e1gina las instrucciones para dar de alta, baja o pedir cambios en los servicios del Plan de Apertura.<\/p>\n<p>Todos los cambios entrar\u00e1n en vigor <strong>el lunes siguiente del d\u00eda <\/strong>en el que se haya presentado.<\/p>\n<p><strong>ALTA DE USUARIO &#8211;&gt;<a href=\"https:\/\/drive.google.com\/file\/d\/1qLCgsVaucvfJLPJauhwQj6yxwBqFIiZW\/view?usp=sharing\"> Anexo II<\/a> (tendr\u00e1 que presentar la documentaci\u00f3n requerida (certificados de trabajo y vida laboral). Declaraci\u00f3n responsable y documentos a presentar en el caso de aut\u00f3nomos (<a href=\"https:\/\/blogsaverroes.juntadeandalucia.es\/ceipmanuelcastroorellana\/files\/2024\/03\/autonomos.pdf\">documento<\/a> <a href=\"https:\/\/blogsaverroes.juntadeandalucia.es\/ceipmanuelcastroorellana\/files\/2024\/03\/autonomos.pdf\">autonomos)<\/a><\/strong><\/p>\n<p><strong>Baja en el servicio<\/strong><a href=\"https:\/\/drive.google.com\/file\/d\/1ldtkCYX6QMiT9QPiEZd0-4ShLPPyMk8h\/view?usp=sharing\"> &#8211;&gt; documento de baja<\/a><\/p>\n<p><strong>Cambio de d\u00edas<\/strong> &#8211;&gt; <a href=\"https:\/\/drive.google.com\/file\/d\/10feuHfeFHr8lVbYC9CP4IAbLZmBeSAF_\/view?usp=sharing\">documento de cambio de d\u00edas en el servicio<\/a><\/p>\n<p><strong>Se podr\u00e1 realizar telem\u00e1ticamente a trav\u00e9s de la <a href=\"https:\/\/www.juntadeandalucia.es\/educacion\/secretariavirtual\/accesoTramite\/462\/\">secretar\u00eda virtual<\/a> o presencialmente en secretar\u00eda en horario de 9:00 a 10:30 sin cita previa o a otro horario con cita previa.<\/strong><\/p>\n<p>____________________________________________________________________________________________________<\/p>\n<p><strong>PRESENTACI\u00d3N TELEM\u00c1TICA DE PRESENTACI\u00d3N DE DOCUMENTACI\u00d3N A TRAV\u00c9S DE LA SECRETAR\u00cdA<\/strong><\/p>\n<p>La presentaci\u00f3n telem\u00e1tica de documentaci\u00f3n al centro se realizar\u00e1 a trav\u00e9s de la <a href=\"https:\/\/www.juntadeandalucia.es\/educacion\/secretariavirtual\/\">secretar\u00eda virtual de los centros andaluces .<\/a><\/p>\n<p><a href=\"https:\/\/blogsaverroes.juntadeandalucia.es\/ceipmanuelcastroorellana\/files\/2024\/02\/Captura-de-pantalla-2024-02-24-a-las-20.34.56.png\"><img loading=\"lazy\" decoding=\"async\" class=\"alignnone size-full wp-image-3427\" src=\"https:\/\/blogsaverroes.juntadeandalucia.es\/ceipmanuelcastroorellana\/files\/2024\/02\/Captura-de-pantalla-2024-02-24-a-las-20.34.56.png\" alt=\"\" width=\"1600\" height=\"720\" srcset=\"https:\/\/blogsaverroes.juntadeandalucia.es\/ceipmanuelcastroorellana\/files\/2024\/02\/Captura-de-pantalla-2024-02-24-a-las-20.34.56.png 1600w, https:\/\/blogsaverroes.juntadeandalucia.es\/ceipmanuelcastroorellana\/files\/2024\/02\/Captura-de-pantalla-2024-02-24-a-las-20.34.56-300x135.png 300w, https:\/\/blogsaverroes.juntadeandalucia.es\/ceipmanuelcastroorellana\/files\/2024\/02\/Captura-de-pantalla-2024-02-24-a-las-20.34.56-1024x461.png 1024w, https:\/\/blogsaverroes.juntadeandalucia.es\/ceipmanuelcastroorellana\/files\/2024\/02\/Captura-de-pantalla-2024-02-24-a-las-20.34.56-768x345.png 768w, https:\/\/blogsaverroes.juntadeandalucia.es\/ceipmanuelcastroorellana\/files\/2024\/02\/Captura-de-pantalla-2024-02-24-a-las-20.34.56-1536x691.png 1536w, https:\/\/blogsaverroes.juntadeandalucia.es\/ceipmanuelcastroorellana\/files\/2024\/02\/Captura-de-pantalla-2024-02-24-a-las-20.34.56-2048x921.png 2048w, https:\/\/blogsaverroes.juntadeandalucia.es\/ceipmanuelcastroorellana\/files\/2024\/02\/Captura-de-pantalla-2024-02-24-a-las-20.34.56-700x315.png 700w\" sizes=\"(max-width: 1600px) 100vw, 1600px\" \/><\/a><\/p>\n<p>Os dejamos un videotutorial en el que se explica el proceso.<\/p>\n<p><iframe loading=\"lazy\" src=\"\/\/www.youtube.com\/embed\/6qnpRCkgJxQ?si=iwWGl07uZAv3KDnQ\" width=\"560\" height=\"314\"><\/iframe><\/p>\n<p>__________________________________________________________________________________________________<\/p>\n<p><strong>BONIFICACI\u00d3N DE LOS SERVICIOS DEL PLAN DE APERTURA<\/strong><\/p>\n<p>Si desean solicitar&nbsp; bonificaci\u00f3n de los servicios del plan de apertura se realizar\u00e1:<\/p>\n<p>**del 1 al 7 de Septiembre &#8211;&gt; lo podr\u00e1n solicitar los admitidos en Junio. Se podr\u00e1 realizar de forma telem\u00e1tica mediante la secretar\u00eda virtual o de forma presencial en la secretar\u00eda del Centro presentando el impreso Anexo V.<\/p>\n<p>**durante el curso &#8211;&gt; lo podr\u00e1n solicitar en cuanto est\u00e9n admitidos en el servicio. S\u00f3lo se podr\u00e1 solicitar presentando el impreso Anexo V debidamente cumplimentado.<\/p>\n<p><a href=\"https:\/\/drive.google.com\/file\/d\/1zlNidCLioLtxBaFsmW9CH0VZOOS8r5rD\/view?usp=drive_link\"><img loading=\"lazy\" decoding=\"async\" class=\"alignnone wp-image-3005\" src=\"https:\/\/blogsaverroes.juntadeandalucia.es\/ceipmanuelcastroorellana\/files\/2022\/06\/unnamed.png\" alt=\"\" width=\"78\" height=\"78\" srcset=\"https:\/\/blogsaverroes.juntadeandalucia.es\/ceipmanuelcastroorellana\/files\/2022\/06\/unnamed.png 512w, https:\/\/blogsaverroes.juntadeandalucia.es\/ceipmanuelcastroorellana\/files\/2022\/06\/unnamed-300x300.png 300w, https:\/\/blogsaverroes.juntadeandalucia.es\/ceipmanuelcastroorellana\/files\/2022\/06\/unnamed-150x150.png 150w, https:\/\/blogsaverroes.juntadeandalucia.es\/ceipmanuelcastroorellana\/files\/2022\/06\/unnamed-432x432.png 432w, https:\/\/blogsaverroes.juntadeandalucia.es\/ceipmanuelcastroorellana\/files\/2022\/06\/unnamed-268x268.png 268w\" sizes=\"(max-width: 78px) 100vw, 78px\" \/><\/a><a href=\"https:\/\/drive.google.com\/file\/d\/1zlNidCLioLtxBaFsmW9CH0VZOOS8r5rD\/view?usp=drive_link\">Impreso Anexo V<\/a><\/p>\n<p><a href=\"https:\/\/www.juntadeandalucia.es\/educacion\/secretariavirtual\/solicitudes\/\"><img loading=\"lazy\" decoding=\"async\" class=\"alignnone size-full wp-image-2982\" src=\"https:\/\/blogsaverroes.juntadeandalucia.es\/ceipmanuelcastroorellana\/files\/2022\/05\/SECRETARIA-VIRTUAL.png\" alt=\"\" width=\"371\" height=\"89\" srcset=\"https:\/\/blogsaverroes.juntadeandalucia.es\/ceipmanuelcastroorellana\/files\/2022\/05\/SECRETARIA-VIRTUAL.png 371w, https:\/\/blogsaverroes.juntadeandalucia.es\/ceipmanuelcastroorellana\/files\/2022\/05\/SECRETARIA-VIRTUAL-300x72.png 300w\" sizes=\"(max-width: 371px) 100vw, 371px\" \/><\/a><a href=\"https:\/\/www.juntadeandalucia.es\/educacion\/secretariavirtual\/solicitudes\/\"><img loading=\"lazy\" decoding=\"async\" class=\"alignnone size-full wp-image-3059\" src=\"https:\/\/blogsaverroes.juntadeandalucia.es\/ceipmanuelcastroorellana\/files\/2022\/09\/bonificacioninst.png\" alt=\"\" width=\"1093\" height=\"369\" srcset=\"https:\/\/blogsaverroes.juntadeandalucia.es\/ceipmanuelcastroorellana\/files\/2022\/09\/bonificacioninst.png 1093w, https:\/\/blogsaverroes.juntadeandalucia.es\/ceipmanuelcastroorellana\/files\/2022\/09\/bonificacioninst-300x101.png 300w, https:\/\/blogsaverroes.juntadeandalucia.es\/ceipmanuelcastroorellana\/files\/2022\/09\/bonificacioninst-1024x346.png 1024w, https:\/\/blogsaverroes.juntadeandalucia.es\/ceipmanuelcastroorellana\/files\/2022\/09\/bonificacioninst-768x259.png 768w, https:\/\/blogsaverroes.juntadeandalucia.es\/ceipmanuelcastroorellana\/files\/2022\/09\/bonificacioninst-700x236.png 700w\" sizes=\"(max-width: 1093px) 100vw, 1093px\" \/><\/a><\/p>\n<p>Os dejamos los manuales e instrucciones sobre c\u00f3mo realizar los tr\u00e1mites de bonificaci\u00f3n.<\/p>\n<p><a href=\"https:\/\/view.genial.ly\/630f851108445a001967ec39\/presentation-bonificaciones-2022-23\"><img loading=\"lazy\" decoding=\"async\" class=\"alignnone size-full wp-image-3061\" src=\"https:\/\/blogsaverroes.juntadeandalucia.es\/ceipmanuelcastroorellana\/files\/2022\/09\/genialy-bonificaciones.png\" alt=\"\" width=\"576\" height=\"326\" srcset=\"https:\/\/blogsaverroes.juntadeandalucia.es\/ceipmanuelcastroorellana\/files\/2022\/09\/genialy-bonificaciones.png 576w, https:\/\/blogsaverroes.juntadeandalucia.es\/ceipmanuelcastroorellana\/files\/2022\/09\/genialy-bonificaciones-300x170.png 300w\" sizes=\"(max-width: 576px) 100vw, 576px\" \/><\/a><\/p>\n<div class=\"embed-container\"><iframe loading=\"lazy\" title=\"Solicitud de BONIFICACIONES del Plan de Apertura en ANDALUC\u00cdA\" width=\"1140\" height=\"641\" src=\"https:\/\/www.youtube.com\/embed\/0gkPSOMvkFU?feature=oembed\" frameborder=\"0\" allow=\"accelerometer; autoplay; clipboard-write; encrypted-media; gyroscope; picture-in-picture; web-share\" referrerpolicy=\"strict-origin-when-cross-origin\" allowfullscreen><\/iframe><\/div>\n<p>&nbsp;<\/p>\n<p>&nbsp;<\/p>\n","protected":false},"excerpt":{"rendered":"<p>Les dejamos en esta p\u00e1gina las instrucciones para dar de alta, baja o pedir cambios en los servicios del Plan de Apertura. Todos los cambios entrar\u00e1n en vigor el lunes siguiente del d\u00eda en el que se haya presentado. ALTA DE USUARIO &#8211;&gt; Anexo II (tendr\u00e1 que presentar la documentaci\u00f3n requerida (certificados de trabajo y &hellip; <\/p>\n<p><a class=\"more-link btn\" href=\"https:\/\/blogsaverroes.juntadeandalucia.es\/ceipmanuelcastroorellana\/plan-de-apertura-2\/\">Seguir leyendo<\/a><\/p>\n","protected":false},"author":4366,"featured_media":0,"parent":0,"menu_order":0,"comment_status":"closed","ping_status":"closed","template":"","meta":{"ngg_post_thumbnail":0,"footnotes":"","_mc_calendar":[]},"aioseo_notices":[],"post_mailing_queue_ids":[],"_links":{"self":[{"href":"https:\/\/blogsaverroes.juntadeandalucia.es\/ceipmanuelcastroorellana\/wp-json\/wp\/v2\/pages\/2650"}],"collection":[{"href":"https:\/\/blogsaverroes.juntadeandalucia.es\/ceipmanuelcastroorellana\/wp-json\/wp\/v2\/pages"}],"about":[{"href":"https:\/\/blogsaverroes.juntadeandalucia.es\/ceipmanuelcastroorellana\/wp-json\/wp\/v2\/types\/page"}],"author":[{"embeddable":true,"href":"https:\/\/blogsaverroes.juntadeandalucia.es\/ceipmanuelcastroorellana\/wp-json\/wp\/v2\/users\/4366"}],"replies":[{"embeddable":true,"href":"https:\/\/blogsaverroes.juntadeandalucia.es\/ceipmanuelcastroorellana\/wp-json\/wp\/v2\/comments?post=2650"}],"version-history":[{"count":12,"href":"https:\/\/blogsaverroes.juntadeandalucia.es\/ceipmanuelcastroorellana\/wp-json\/wp\/v2\/pages\/2650\/revisions"}],"predecessor-version":[{"id":3617,"href":"https:\/\/blogsaverroes.juntadeandalucia.es\/ceipmanuelcastroorellana\/wp-json\/wp\/v2\/pages\/2650\/revisions\/3617"}],"wp:attachment":[{"href":"https:\/\/blogsaverroes.juntadeandalucia.es\/ceipmanuelcastroorellana\/wp-json\/wp\/v2\/media?parent=2650"}],"curies":[{"name":"wp","href":"https:\/\/api.w.org\/{rel}","templated":true}]}}