{"id":3139,"date":"2022-11-09T12:06:05","date_gmt":"2022-11-09T11:06:05","guid":{"rendered":"http:\/\/blogsaverroes.juntadeandalucia.es\/ceipmanuelcastroorellana\/?page_id=3139"},"modified":"2022-11-09T12:06:05","modified_gmt":"2022-11-09T11:06:05","slug":"tde-compdigedu","status":"publish","type":"page","link":"https:\/\/blogsaverroes.juntadeandalucia.es\/ceipmanuelcastroorellana\/tde-compdigedu\/","title":{"rendered":"TDE \/CompDigEdu"},"content":{"rendered":"<p style=\"text-align: center\"><a href=\"https:\/\/blogsaverroes.juntadeandalucia.es\/ceipmanuelcastroorellana\/files\/2022\/11\/tde.png\"><img loading=\"lazy\" decoding=\"async\" class=\"alignnone size-full wp-image-3140\" src=\"https:\/\/blogsaverroes.juntadeandalucia.es\/ceipmanuelcastroorellana\/files\/2022\/11\/tde.png\" alt=\"\" width=\"115\" height=\"122\"><\/a><\/p>\n<p>El concepto de Transformaci\u00f3n Digital Educativa (TDE) incluye el conjunto de actuaciones orientadas a la mejora y modernizaci\u00f3n de los procesos, los procedimientos, los h\u00e1bitos y comportamientos de las organizaciones educativas y de las personas que, haciendo uso de las tecnolog\u00edas digitales, desarrollen su capacidad de hacer frente a los retos de la sociedad actual.<\/p>\n<p>De esta forma, la TDE supondr\u00e1 una contribuci\u00f3n en el aprendizaje competencial, en la consecuci\u00f3n de los resultados de aprendizaje del alumnado y en el acceso a las tecnolog\u00edas desde un principio de equidad, bas\u00e1ndose en los Marcos de Referencia Europeos relativos a la competencia digital (DigCompOrg, DigCompEdu y DigComp).<\/p>\n<p>&nbsp;<\/p>\n<p><a href=\"https:\/\/www.juntadeandalucia.es\/educacion\/eaprendizaje\/tde\/\"><img loading=\"lazy\" decoding=\"async\" class=\"alignnone size-full wp-image-3141\" src=\"https:\/\/blogsaverroes.juntadeandalucia.es\/ceipmanuelcastroorellana\/files\/2022\/11\/tde-1.png\" alt=\"\" width=\"821\" height=\"376\" srcset=\"https:\/\/blogsaverroes.juntadeandalucia.es\/ceipmanuelcastroorellana\/files\/2022\/11\/tde-1.png 821w, https:\/\/blogsaverroes.juntadeandalucia.es\/ceipmanuelcastroorellana\/files\/2022\/11\/tde-1-300x137.png 300w, https:\/\/blogsaverroes.juntadeandalucia.es\/ceipmanuelcastroorellana\/files\/2022\/11\/tde-1-768x352.png 768w, https:\/\/blogsaverroes.juntadeandalucia.es\/ceipmanuelcastroorellana\/files\/2022\/11\/tde-1-700x321.png 700w\" sizes=\"(max-width: 821px) 100vw, 821px\" \/><\/a><\/p>\n","protected":false},"excerpt":{"rendered":"<p>El concepto de Transformaci\u00f3n Digital Educativa (TDE) incluye el conjunto de actuaciones orientadas a la mejora y modernizaci\u00f3n de los procesos, los procedimientos, los h\u00e1bitos y comportamientos de las organizaciones educativas y de las personas que, haciendo uso de las tecnolog\u00edas digitales, desarrollen su capacidad de hacer frente a los retos de la sociedad actual. &hellip; <\/p>\n<p><a class=\"more-link btn\" href=\"https:\/\/blogsaverroes.juntadeandalucia.es\/ceipmanuelcastroorellana\/tde-compdigedu\/\">Seguir leyendo<\/a><\/p>\n","protected":false},"author":4366,"featured_media":0,"parent":0,"menu_order":0,"comment_status":"closed","ping_status":"closed","template":"","meta":{"ngg_post_thumbnail":0,"footnotes":"","_mc_calendar":[]},"aioseo_notices":[],"post_mailing_queue_ids":[],"_links":{"self":[{"href":"https:\/\/blogsaverroes.juntadeandalucia.es\/ceipmanuelcastroorellana\/wp-json\/wp\/v2\/pages\/3139"}],"collection":[{"href":"https:\/\/blogsaverroes.juntadeandalucia.es\/ceipmanuelcastroorellana\/wp-json\/wp\/v2\/pages"}],"about":[{"href":"https:\/\/blogsaverroes.juntadeandalucia.es\/ceipmanuelcastroorellana\/wp-json\/wp\/v2\/types\/page"}],"author":[{"embeddable":true,"href":"https:\/\/blogsaverroes.juntadeandalucia.es\/ceipmanuelcastroorellana\/wp-json\/wp\/v2\/users\/4366"}],"replies":[{"embeddable":true,"href":"https:\/\/blogsaverroes.juntadeandalucia.es\/ceipmanuelcastroorellana\/wp-json\/wp\/v2\/comments?post=3139"}],"version-history":[{"count":1,"href":"https:\/\/blogsaverroes.juntadeandalucia.es\/ceipmanuelcastroorellana\/wp-json\/wp\/v2\/pages\/3139\/revisions"}],"predecessor-version":[{"id":3142,"href":"https:\/\/blogsaverroes.juntadeandalucia.es\/ceipmanuelcastroorellana\/wp-json\/wp\/v2\/pages\/3139\/revisions\/3142"}],"wp:attachment":[{"href":"https:\/\/blogsaverroes.juntadeandalucia.es\/ceipmanuelcastroorellana\/wp-json\/wp\/v2\/media?parent=3139"}],"curies":[{"name":"wp","href":"https:\/\/api.w.org\/{rel}","templated":true}]}}