{"id":206,"date":"2020-02-12T08:09:58","date_gmt":"2020-02-12T07:09:58","guid":{"rendered":"http:\/\/blogsaverroes.juntadeandalucia.es\/pre\/nuevoceip2v2\/?page_id=206"},"modified":"2025-05-12T09:01:23","modified_gmt":"2025-05-12T08:01:23","slug":"novedades","status":"publish","type":"page","link":"https:\/\/blogsaverroes.juntadeandalucia.es\/ceipmariazambranogranada\/novedades\/","title":{"rendered":"Novedades"},"content":{"rendered":"<p>[et_pb_section fb_built=&#8221;1&#8243; _builder_version=&#8221;4.24.2&#8243; global_colors_info=&#8221;{}&#8221;][et_pb_row _builder_version=&#8221;4.24.2&#8243; background_size=&#8221;initial&#8221; background_position=&#8221;top_left&#8221; background_repeat=&#8221;repeat&#8221; collapsed=&#8221;off&#8221; global_colors_info=&#8221;{}&#8221;][et_pb_column type=&#8221;4_4&#8243; _builder_version=&#8221;4.16&#8243; custom_padding=&#8221;|||&#8221; global_colors_info=&#8221;{}&#8221; custom_padding__hover=&#8221;|||&#8221;][et_pb_text _builder_version=&#8221;4.24.2&#8243; background_size=&#8221;initial&#8221; background_position=&#8221;top_left&#8221; background_repeat=&#8221;repeat&#8221; global_colors_info=&#8221;{}&#8221;]<\/p>\n<div class=\"pt-cv-wrapper et_smooth_scroll_disabled\"><div class=\"pt-cv-view pt-cv-grid pt-cv-colsys\" id=\"pt-cv-view-52e6ec7d19\"><div data-id=\"pt-cv-page-1\" class=\"pt-cv-page\" data-cvc=\"2\"><div class=\"col-md-6 col-sm-12 col-xs-12 pt-cv-content-item pt-cv-1-col\" ><div class='pt-cv-ifield'><a href=\"https:\/\/blogsaverroes.juntadeandalucia.es\/ceipmariazambranogranada\/plan-de-centro\/\" class=\"_self pt-cv-href-thumbnail pt-cv-thumb-default\" target=\"_self\" ><img decoding=\"async\" src=\"https:\/\/blogsaverroes.juntadeandalucia.es\/ceipmariazambranogranada\/wp-content\/plugins\/content-views-query-and-display-post-page\/public\/assets\/images\/default_image.png\" class=\"pt-cv-thumbnail cv-default-img\" alt=\"Plan de Centro\" title=\"\" \/><\/a>\n<div class=\"pt-cv-taxoterm above_title\"><a href='https:\/\/blogsaverroes.juntadeandalucia.es\/ceipmariazambranogranada\/category\/sin-categoria\/' title='Sin categor\u00eda' class='pt-cv-tax-sin-categoria'>Sin categor\u00eda<\/a><\/div>\n<h4 class=\"pt-cv-title\"><a href=\"https:\/\/blogsaverroes.juntadeandalucia.es\/ceipmariazambranogranada\/plan-de-centro\/\" class=\"_self\" target=\"_self\" >Plan de Centro<\/a><\/h4>\n<div class=\"pt-cv-content\"> ...<br \/><div class=\"pt-cv-rmwrap\"><a href=\"https:\/\/blogsaverroes.juntadeandalucia.es\/ceipmariazambranogranada\/plan-de-centro\/\" class=\"_self pt-cv-readmore btn btn-success\" target=\"_self\">Leer M\u00e1s<\/a><\/div><\/div><\/div><\/div>\n<div class=\"col-md-6 col-sm-12 col-xs-12 pt-cv-content-item pt-cv-1-col\" ><div class='pt-cv-ifield'><a href=\"https:\/\/blogsaverroes.juntadeandalucia.es\/ceipmariazambranogranada\/bienvenidos-a-nuestro-cole\/\" class=\"_self pt-cv-href-thumbnail pt-cv-thumb-default\" target=\"_self\" ><img decoding=\"async\" src=\"https:\/\/blogsaverroes.juntadeandalucia.es\/ceipmariazambranogranada\/wp-content\/plugins\/content-views-query-and-display-post-page\/public\/assets\/images\/default_image.png\" class=\"pt-cv-thumbnail cv-default-img\" alt=\"Bienvenidos a nuestro cole\" title=\"\" \/><\/a>\n<div class=\"pt-cv-taxoterm above_title\"><a href='https:\/\/blogsaverroes.juntadeandalucia.es\/ceipmariazambranogranada\/category\/sin-categoria\/' title='Sin categor\u00eda' class='pt-cv-tax-sin-categoria'>Sin categor\u00eda<\/a><\/div>\n<h4 class=\"pt-cv-title\"><a href=\"https:\/\/blogsaverroes.juntadeandalucia.es\/ceipmariazambranogranada\/bienvenidos-a-nuestro-cole\/\" class=\"_self\" target=\"_self\" >Bienvenidos a nuestro cole<\/a><\/h4>\n<div class=\"pt-cv-content\">13:43:02 ...<br \/><div class=\"pt-cv-rmwrap\"><a href=\"https:\/\/blogsaverroes.juntadeandalucia.es\/ceipmariazambranogranada\/bienvenidos-a-nuestro-cole\/\" class=\"_self pt-cv-readmore btn btn-success\" target=\"_self\">Leer M\u00e1s<\/a><\/div><\/div><\/div><\/div>\n<div class=\"col-md-6 col-sm-12 col-xs-12 pt-cv-content-item pt-cv-1-col\" ><div class='pt-cv-ifield'><a href=\"https:\/\/blogsaverroes.juntadeandalucia.es\/ceipmariazambranogranada\/1a-semana-de-la-ciencia-del-21-al-25-de-enero\/\" class=\"_self pt-cv-href-thumbnail pt-cv-thumb-default\" target=\"_self\" ><img loading=\"lazy\" decoding=\"async\" width=\"300\" height=\"189\" src=\"https:\/\/blogsaverroes.juntadeandalucia.es\/ceipmariazambranogranada\/files\/2020\/02\/paper-3213924_1920-1024x645-1-300x189.jpg\" class=\"pt-cv-thumbnail\" alt=\"\" \/><\/a>\n<div class=\"pt-cv-taxoterm above_title\"><a href='https:\/\/blogsaverroes.juntadeandalucia.es\/ceipmariazambranogranada\/category\/portada\/' title='Portada' class='pt-cv-tax-portada'>Portada<\/a><\/div>\n<h4 class=\"pt-cv-title\"><a href=\"https:\/\/blogsaverroes.juntadeandalucia.es\/ceipmariazambranogranada\/1a-semana-de-la-ciencia-del-21-al-25-de-enero\/\" class=\"_self\" target=\"_self\" >1\u00aa SEMANA DE LA CIENCIA  DEL 21 AL 25 DE ENERO<\/a><\/h4>\n<div class=\"pt-cv-content\">Durante la semana del 21 al 25 de enero, se han realizado en nuestro ciclo de Infantil experimentos relacionados con ...<br \/><div class=\"pt-cv-rmwrap\"><a href=\"https:\/\/blogsaverroes.juntadeandalucia.es\/ceipmariazambranogranada\/1a-semana-de-la-ciencia-del-21-al-25-de-enero\/\" class=\"_self pt-cv-readmore btn btn-success\" target=\"_self\">Leer M\u00e1s<\/a><\/div><\/div><\/div><\/div>\n<div class=\"col-md-6 col-sm-12 col-xs-12 pt-cv-content-item pt-cv-1-col\" ><div class='pt-cv-ifield'><a href=\"https:\/\/blogsaverroes.juntadeandalucia.es\/ceipmariazambranogranada\/lucy-y-zacarias-nos-visitan\/\" class=\"_self pt-cv-href-thumbnail pt-cv-thumb-default\" target=\"_self\" ><img loading=\"lazy\" decoding=\"async\" width=\"300\" height=\"169\" src=\"https:\/\/blogsaverroes.juntadeandalucia.es\/ceipmariazambranogranada\/files\/2020\/02\/life-coach-27-300x169.jpg\" class=\"pt-cv-thumbnail\" alt=\"\" \/><\/a>\n<div class=\"pt-cv-taxoterm above_title\"><a href='https:\/\/blogsaverroes.juntadeandalucia.es\/ceipmariazambranogranada\/category\/portada\/' title='Portada' class='pt-cv-tax-portada'>Portada<\/a><\/div>\n<h4 class=\"pt-cv-title\"><a href=\"https:\/\/blogsaverroes.juntadeandalucia.es\/ceipmariazambranogranada\/lucy-y-zacarias-nos-visitan\/\" class=\"_self\" target=\"_self\" >Lucy y Zacar\u00edas nos visitan en clase<\/a><\/h4>\n<div class=\"pt-cv-content\">Un d\u00eda estaba haciendo un dictado para el repaso de c y z. Surgieron Lucy y Zacar\u00edas, tambi\u00e9n le aparecieron ...<br \/><div class=\"pt-cv-rmwrap\"><a href=\"https:\/\/blogsaverroes.juntadeandalucia.es\/ceipmariazambranogranada\/lucy-y-zacarias-nos-visitan\/\" class=\"_self pt-cv-readmore btn btn-success\" target=\"_self\">Leer M\u00e1s<\/a><\/div><\/div><\/div><\/div>\n<div class=\"col-md-6 col-sm-12 col-xs-12 pt-cv-content-item pt-cv-1-col\" ><div class='pt-cv-ifield'><a href=\"https:\/\/blogsaverroes.juntadeandalucia.es\/ceipmariazambranogranada\/celebracion-dia-de-andalucia-2019\/\" class=\"_self pt-cv-href-thumbnail pt-cv-thumb-default\" target=\"_self\" ><img loading=\"lazy\" decoding=\"async\" width=\"300\" height=\"105\" src=\"https:\/\/blogsaverroes.juntadeandalucia.es\/ceipmariazambranogranada\/files\/2020\/02\/SAN-VALENTIN-1024x360-1-300x105.jpg\" class=\"pt-cv-thumbnail\" alt=\"\" \/><\/a>\n<div class=\"pt-cv-taxoterm above_title\"><a href='https:\/\/blogsaverroes.juntadeandalucia.es\/ceipmariazambranogranada\/category\/portada\/' title='Portada' class='pt-cv-tax-portada'>Portada<\/a><\/div>\n<h4 class=\"pt-cv-title\"><a href=\"https:\/\/blogsaverroes.juntadeandalucia.es\/ceipmariazambranogranada\/celebracion-dia-de-andalucia-2019\/\" class=\"_self\" target=\"_self\" >Celebraci\u00f3n D\u00eda de Andaluc\u00eda 2019<\/a><\/h4>\n<div class=\"pt-cv-content\">El mi\u00e9rcoles d\u00eda 27 de febrero celebramos el D\u00eda de Andaluc\u00eda llevando a cabo las siguientes actividades ludicas en el ...<br \/><div class=\"pt-cv-rmwrap\"><a href=\"https:\/\/blogsaverroes.juntadeandalucia.es\/ceipmariazambranogranada\/celebracion-dia-de-andalucia-2019\/\" class=\"_self pt-cv-readmore btn btn-success\" target=\"_self\">Leer M\u00e1s<\/a><\/div><\/div><\/div><\/div>\n<div class=\"col-md-6 col-sm-12 col-xs-12 pt-cv-content-item pt-cv-1-col\" ><div class='pt-cv-ifield'><a href=\"https:\/\/blogsaverroes.juntadeandalucia.es\/ceipmariazambranogranada\/ix-semana-cultural\/\" class=\"_self pt-cv-href-thumbnail pt-cv-thumb-default\" target=\"_self\" ><img loading=\"lazy\" decoding=\"async\" width=\"300\" height=\"200\" src=\"https:\/\/blogsaverroes.juntadeandalucia.es\/ceipmariazambranogranada\/files\/2020\/02\/online-3412473_1280-1024x682-1-300x200.jpg\" class=\"pt-cv-thumbnail\" alt=\"\" \/><\/a>\n<div class=\"pt-cv-taxoterm above_title\"><a href='https:\/\/blogsaverroes.juntadeandalucia.es\/ceipmariazambranogranada\/category\/portada\/' title='Portada' class='pt-cv-tax-portada'>Portada<\/a><\/div>\n<h4 class=\"pt-cv-title\"><a href=\"https:\/\/blogsaverroes.juntadeandalucia.es\/ceipmariazambranogranada\/ix-semana-cultural\/\" class=\"_self\" target=\"_self\" >IX Semana Cultural<\/a><\/h4>\n<div class=\"pt-cv-content\">Este a\u00f1o celebramos la IX Semana Cultural en nuestro colegio del 8 al 12 de abril. La programaci\u00f3n de las ...<br \/><div class=\"pt-cv-rmwrap\"><a href=\"https:\/\/blogsaverroes.juntadeandalucia.es\/ceipmariazambranogranada\/ix-semana-cultural\/\" class=\"_self pt-cv-readmore btn btn-success\" target=\"_self\">Leer M\u00e1s<\/a><\/div><\/div><\/div><\/div>\n<div class=\"col-md-6 col-sm-12 col-xs-12 pt-cv-content-item pt-cv-1-col\" ><div class='pt-cv-ifield'><a href=\"https:\/\/blogsaverroes.juntadeandalucia.es\/ceipmariazambranogranada\/reunion-de-inicio-de-curso-para-las-familias-de-5-anos\/\" class=\"_self pt-cv-href-thumbnail pt-cv-thumb-default\" target=\"_self\" ><img loading=\"lazy\" decoding=\"async\" width=\"300\" height=\"162\" src=\"https:\/\/blogsaverroes.juntadeandalucia.es\/ceipmariazambranogranada\/files\/2020\/01\/Lucy-y-Zacar\u00edas-1024x553-1-300x162.jpeg\" class=\"pt-cv-thumbnail\" alt=\"\" srcset=\"https:\/\/blogsaverroes.juntadeandalucia.es\/ceipmariazambranogranada\/files\/2020\/01\/Lucy-y-Zacar\u00edas-1024x553-1-300x162.jpeg 300w, https:\/\/blogsaverroes.juntadeandalucia.es\/ceipmariazambranogranada\/files\/2020\/01\/Lucy-y-Zacar\u00edas-1024x553-1-768x415.jpeg 768w, https:\/\/blogsaverroes.juntadeandalucia.es\/ceipmariazambranogranada\/files\/2020\/01\/Lucy-y-Zacar\u00edas-1024x553-1-980x529.jpeg 980w, https:\/\/blogsaverroes.juntadeandalucia.es\/ceipmariazambranogranada\/files\/2020\/01\/Lucy-y-Zacar\u00edas-1024x553-1-480x259.jpeg 480w, https:\/\/blogsaverroes.juntadeandalucia.es\/ceipmariazambranogranada\/files\/2020\/01\/Lucy-y-Zacar\u00edas-1024x553-1-24x13.jpeg 24w, https:\/\/blogsaverroes.juntadeandalucia.es\/ceipmariazambranogranada\/files\/2020\/01\/Lucy-y-Zacar\u00edas-1024x553-1-36x19.jpeg 36w, https:\/\/blogsaverroes.juntadeandalucia.es\/ceipmariazambranogranada\/files\/2020\/01\/Lucy-y-Zacar\u00edas-1024x553-1-48x26.jpeg 48w, https:\/\/blogsaverroes.juntadeandalucia.es\/ceipmariazambranogranada\/files\/2020\/01\/Lucy-y-Zacar\u00edas-1024x553-1.jpeg 1024w\" sizes=\"(max-width: 300px) 100vw, 300px\" \/><\/a>\n<div class=\"pt-cv-taxoterm above_title\"><a href='https:\/\/blogsaverroes.juntadeandalucia.es\/ceipmariazambranogranada\/category\/portada\/' title='Portada' class='pt-cv-tax-portada'>Portada<\/a><\/div>\n<h4 class=\"pt-cv-title\"><a href=\"https:\/\/blogsaverroes.juntadeandalucia.es\/ceipmariazambranogranada\/reunion-de-inicio-de-curso-para-las-familias-de-5-anos\/\" class=\"_self\" target=\"_self\" >Reuni\u00f3n de inicio de curso para las familias de 5 a\u00f1os<\/a><\/h4>\n<div class=\"pt-cv-content\">Se convoca a las familias del alumnado de 5 a\u00f1os a nuestra reuni\u00f3n inicial del curso 2019\/20 que tendr\u00e1 lugar ...<br \/><div class=\"pt-cv-rmwrap\"><a href=\"https:\/\/blogsaverroes.juntadeandalucia.es\/ceipmariazambranogranada\/reunion-de-inicio-de-curso-para-las-familias-de-5-anos\/\" class=\"_self pt-cv-readmore btn btn-success\" target=\"_self\">Leer M\u00e1s<\/a><\/div><\/div><\/div><\/div>\n<div class=\"col-md-6 col-sm-12 col-xs-12 pt-cv-content-item pt-cv-1-col\" ><div class='pt-cv-ifield'><a href=\"https:\/\/blogsaverroes.juntadeandalucia.es\/ceipmariazambranogranada\/convocatoria-asamblea-general-del-ampa\/\" class=\"_self pt-cv-href-thumbnail pt-cv-thumb-default\" target=\"_self\" ><img loading=\"lazy\" decoding=\"async\" width=\"300\" height=\"163\" src=\"https:\/\/blogsaverroes.juntadeandalucia.es\/ceipmariazambranogranada\/files\/2020\/01\/drg-300x163.jpg\" class=\"pt-cv-thumbnail\" alt=\"\" \/><\/a>\n<div class=\"pt-cv-taxoterm above_title\"><a href='https:\/\/blogsaverroes.juntadeandalucia.es\/ceipmariazambranogranada\/category\/portada\/' title='Portada' class='pt-cv-tax-portada'>Portada<\/a><\/div>\n<h4 class=\"pt-cv-title\"><a href=\"https:\/\/blogsaverroes.juntadeandalucia.es\/ceipmariazambranogranada\/convocatoria-asamblea-general-del-ampa\/\" class=\"_self\" target=\"_self\" >Convocatoria Asamblea General del AMPA<\/a><\/h4>\n<div class=\"pt-cv-content\">El AMPA del Centro va a celebrar pr\u00f3ximamente elecciones (martes 22 de octubre de 2019). Las votaciones ser\u00e1n para elegir ...<br \/><div class=\"pt-cv-rmwrap\"><a href=\"https:\/\/blogsaverroes.juntadeandalucia.es\/ceipmariazambranogranada\/convocatoria-asamblea-general-del-ampa\/\" class=\"_self pt-cv-readmore btn btn-success\" target=\"_self\">Leer M\u00e1s<\/a><\/div><\/div><\/div><\/div><\/div><\/div><\/div>\n<p><img loading=\"lazy\" decoding=\"async\" class=\"wp-image-683 alignnone \" src=\"https:\/\/blogsaverroes.juntadeandalucia.es\/ceipmariazambranogranada\/files\/2025\/04\/novedades-300x78.jpg\" alt=\"\" width=\"446\" height=\"116\"><\/p>\n<p><strong><span style=\"font-family: comic sans ms, sans-serif\"><em><span style=\"font-size: 24pt\">AQU\u00cd SE MOSTRARAN TODAS LAS NOVEDADES DE LA SEMANA:<\/span><\/em><\/span><\/strong><\/p>\n<p>[\/et_pb_text][\/et_pb_column][\/et_pb_row][et_pb_row column_structure=&#8221;1_2,1_2&#8243; _builder_version=&#8221;4.24.2&#8243; _module_preset=&#8221;default&#8221; global_colors_info=&#8221;{}&#8221;][et_pb_column type=&#8221;1_2&#8243; _builder_version=&#8221;4.24.2&#8243; _module_preset=&#8221;default&#8221; global_colors_info=&#8221;{}&#8221;][et_pb_blurb title=&#8221;DIA DE LA CRUZ&#8221; _builder_version=&#8221;4.24.2&#8243; _module_preset=&#8221;default&#8221; global_colors_info=&#8221;{}&#8221;]<\/p>\n<p><span style=\"color: #000080\"><strong><span style=\"font-size: 24pt\">\u00bfQue es el d\u00eda de la cruz?<\/span><\/strong><\/span><\/p>\n<p class=\"\" data-start=\"0\" data-end=\"495\"><span style=\"font-size: 12pt;color: #000000\">El <strong data-start=\"3\" data-end=\"21\">D\u00eda de la Cruz<\/strong> en Granada es una celebraci\u00f3n que se lleva a cabo el <strong data-start=\"75\" data-end=\"88\">3 de mayo<\/strong> y que forma parte de las tradiciones m\u00e1s arraigadas de la ciudad, especialmente en el barrio del Albaic\u00edn. Durante este d\u00eda, las calles y plazas se decoran con <strong data-start=\"249\" data-end=\"280\">cruces adornadas con flores<\/strong> y otros elementos ornamentales, creando un ambiente colorido y festivo. Las cruces se colocan en diferentes puntos, como en patios, plazas o incluso en balcones, y se acompa\u00f1a de m\u00fasica, baile y gastronom\u00eda t\u00edpica.<\/span><\/p>\n<p class=\"\" data-start=\"497\" data-end=\"841\"><span style=\"font-size: 12pt;color: #000000\">El evento tiene <strong data-start=\"513\" data-end=\"536\">or\u00edgenes religiosos<\/strong>, ya que el 3 de mayo se celebra la <strong data-start=\"572\" data-end=\"593\">Fiesta de la Cruz<\/strong> en la tradici\u00f3n cristiana, recordando la exaltaci\u00f3n de la Santa Cruz. Sin embargo, con el paso del tiempo, la festividad ha adquirido un car\u00e1cter m\u00e1s popular y festivo, convirti\u00e9ndose en una de las principales fiestas de la primavera en la ciudad.<\/span><\/p>\n<p class=\"\" data-start=\"843\" data-end=\"1278\"><span style=\"font-size: 12pt;color: #000000\">En el <strong data-start=\"849\" data-end=\"861\">Albaic\u00edn<\/strong>, uno de los barrios m\u00e1s emblem\u00e1ticos de Granada, las cruces son especialmente representativas, ya que muchas de ellas se colocan en los patios de las casas y en las plazas, y los vecinos se agrupan para disfrutar de la fiesta. Se preparan <strong data-start=\"1101\" data-end=\"1110\">tapas<\/strong> y <strong data-start=\"1113\" data-end=\"1138\">bebidas tradicionales<\/strong> como el <strong data-start=\"1147\" data-end=\"1159\">rebujito<\/strong> (una mezcla de vino fino con refresco de lim\u00f3n), y el ambiente se llena de <strong data-start=\"1235\" data-end=\"1247\">flamenco<\/strong> y otras expresiones musicales.<\/span><\/p>\n<p data-start=\"843\" data-end=\"1278\"><span style=\"color: #000080\"><strong><span style=\"font-size: 24pt\">\u00bfComo lo vamos a celebrar en el cole?<\/span><\/strong><\/span><\/p>\n<p data-start=\"843\" data-end=\"1278\"><span style=\"color: #000000;font-size: 12pt\">En el caso de que finalmente se llegue hacer, se organizar\u00eda una mini fiesta escolar con comida t\u00edpica,(saladillas,habas,etc..), adem\u00e1s de un acompa\u00f1amiento de m\u00fasica t\u00edpica de las cruces y una celebraci\u00f3n para inaugurar este puente de la cruz de este a\u00f1o 2025.<\/span><\/p>\n<p data-start=\"843\" data-end=\"1278\">&nbsp;<\/p>\n<p data-start=\"843\" data-end=\"1278\"><span style=\"color: #000080\"><strong><span style=\"font-size: 24pt\">\u00a1FELIZ D\u00cdA DE LA CRUZ A TODO\/AS!<\/span><\/strong><\/span><\/p>\n<p data-start=\"843\" data-end=\"1278\">&nbsp;<\/p>\n<p data-start=\"843\" data-end=\"1278\">&nbsp;<\/p>\n<p>&nbsp;<\/p>\n<p>&nbsp;<\/p>\n<p>&nbsp;<\/p>\n<p>&nbsp;<\/p>\n<p>&nbsp;<\/p>\n<p>&nbsp;<\/p>\n<p>&nbsp;<\/p>\n<p>&nbsp;<\/p>\n<p>[\/et_pb_blurb][\/et_pb_column][et_pb_column type=&#8221;1_2&#8243; _builder_version=&#8221;4.24.2&#8243; _module_preset=&#8221;default&#8221; global_colors_info=&#8221;{}&#8221;][et_pb_image src=&#8221;https:\/\/blogsaverroes.juntadeandalucia.es\/ceipmariazambranogranada\/files\/2025\/04\/Cartel-Anunciador-Feria-de-Abril-Ilustrativo-Rojo-Ocre-Verde-21_066.jpg&#8221; title_text=&#8221;Cartel Anunciador Feria de Abril Ilustrativo Rojo Ocre Verde (2)(1)_066&#8243; _builder_version=&#8221;4.24.2&#8243; _module_preset=&#8221;default&#8221; global_colors_info=&#8221;{}&#8221;][\/et_pb_image][\/et_pb_column][\/et_pb_row][et_pb_row _builder_version=&#8221;4.24.2&#8243; _module_preset=&#8221;default&#8221; column_structure=&#8221;1_2,1_2&#8243;][et_pb_column _builder_version=&#8221;4.24.2&#8243; _module_preset=&#8221;default&#8221; type=&#8221;1_2&#8243;][et_pb_image _builder_version=&#8221;4.24.2&#8243; _module_preset=&#8221;default&#8221; hover_enabled=&#8221;0&#8243; sticky_enabled=&#8221;0&#8243;][\/et_pb_image][\/et_pb_column][et_pb_column _builder_version=&#8221;4.24.2&#8243; _module_preset=&#8221;default&#8221; type=&#8221;1_2&#8243;][et_pb_blurb _builder_version=&#8221;4.24.2&#8243; _module_preset=&#8221;default&#8221; hover_enabled=&#8221;0&#8243; sticky_enabled=&#8221;0&#8243;][\/et_pb_blurb][\/et_pb_column][\/et_pb_row][\/et_pb_section]<\/p>\n","protected":false},"excerpt":{"rendered":"<p><div class=\"pt-cv-wrapper et_smooth_scroll_disabled\"><div class=\"pt-cv-view pt-cv-grid pt-cv-colsys\" id=\"pt-cv-view-52e6ec7d19\"><div data-id=\"pt-cv-page-1\" class=\"pt-cv-page\" data-cvc=\"2\"><div class=\"col-md-6 col-sm-12 col-xs-12 pt-cv-content-item pt-cv-1-col\" ><div class='pt-cv-ifield'><a href=\"https:\/\/blogsaverroes.juntadeandalucia.es\/ceipmariazambranogranada\/plan-de-centro\/\" class=\"_self pt-cv-href-thumbnail pt-cv-thumb-default\" target=\"_self\" ><img decoding=\"async\" src=\"https:\/\/blogsaverroes.juntadeandalucia.es\/ceipmariazambranogranada\/wp-content\/plugins\/content-views-query-and-display-post-page\/public\/assets\/images\/default_image.png\" class=\"pt-cv-thumbnail cv-default-img\" alt=\"Plan de Centro\" title=\"\" \/><\/a>\n<div class=\"pt-cv-taxoterm above_title\"><a href='https:\/\/blogsaverroes.juntadeandalucia.es\/ceipmariazambranogranada\/category\/sin-categoria\/' title='Sin categor\u00eda' class='pt-cv-tax-sin-categoria'>Sin categor\u00eda<\/a><\/div>\n<h4 class=\"pt-cv-title\"><a href=\"https:\/\/blogsaverroes.juntadeandalucia.es\/ceipmariazambranogranada\/plan-de-centro\/\" class=\"_self\" target=\"_self\" >Plan de Centro<\/a><\/h4>\n<div class=\"pt-cv-content\"> ...<br \/><div class=\"pt-cv-rmwrap\"><a href=\"https:\/\/blogsaverroes.juntadeandalucia.es\/ceipmariazambranogranada\/plan-de-centro\/\" class=\"_self pt-cv-readmore btn btn-success\" target=\"_self\">Leer M\u00e1s<\/a><\/div><\/div><\/div><\/div>\n<div class=\"col-md-6 col-sm-12 col-xs-12 pt-cv-content-item pt-cv-1-col\" ><div class='pt-cv-ifield'><a href=\"https:\/\/blogsaverroes.juntadeandalucia.es\/ceipmariazambranogranada\/bienvenidos-a-nuestro-cole\/\" class=\"_self pt-cv-href-thumbnail pt-cv-thumb-default\" target=\"_self\" ><img decoding=\"async\" src=\"https:\/\/blogsaverroes.juntadeandalucia.es\/ceipmariazambranogranada\/wp-content\/plugins\/content-views-query-and-display-post-page\/public\/assets\/images\/default_image.png\" class=\"pt-cv-thumbnail cv-default-img\" alt=\"Bienvenidos a nuestro cole\" title=\"\" \/><\/a>\n<div class=\"pt-cv-taxoterm above_title\"><a href='https:\/\/blogsaverroes.juntadeandalucia.es\/ceipmariazambranogranada\/category\/sin-categoria\/' title='Sin categor\u00eda' class='pt-cv-tax-sin-categoria'>Sin categor\u00eda<\/a><\/div>\n<h4 class=\"pt-cv-title\"><a href=\"https:\/\/blogsaverroes.juntadeandalucia.es\/ceipmariazambranogranada\/bienvenidos-a-nuestro-cole\/\" class=\"_self\" target=\"_self\" >Bienvenidos a nuestro cole<\/a><\/h4>\n<div class=\"pt-cv-content\">13:43:02 ...<br \/><div class=\"pt-cv-rmwrap\"><a href=\"https:\/\/blogsaverroes.juntadeandalucia.es\/ceipmariazambranogranada\/bienvenidos-a-nuestro-cole\/\" class=\"_self pt-cv-readmore btn btn-success\" target=\"_self\">Leer M\u00e1s<\/a><\/div><\/div><\/div><\/div>\n<div class=\"col-md-6 col-sm-12 col-xs-12 pt-cv-content-item pt-cv-1-col\" ><div class='pt-cv-ifield'><a href=\"https:\/\/blogsaverroes.juntadeandalucia.es\/ceipmariazambranogranada\/1a-semana-de-la-ciencia-del-21-al-25-de-enero\/\" class=\"_self pt-cv-href-thumbnail pt-cv-thumb-default\" target=\"_self\" ><img width=\"300\" height=\"189\" src=\"https:\/\/blogsaverroes.juntadeandalucia.es\/ceipmariazambranogranada\/files\/2020\/02\/paper-3213924_1920-1024x645-1-300x189.jpg\" class=\"pt-cv-thumbnail\" alt=\"\" decoding=\"async\" loading=\"lazy\" \/><\/a>\n<div class=\"pt-cv-taxoterm above_title\"><a href='https:\/\/blogsaverroes.juntadeandalucia.es\/ceipmariazambranogranada\/category\/portada\/' title='Portada' class='pt-cv-tax-portada'>Portada<\/a><\/div>\n<h4 class=\"pt-cv-title\"><a href=\"https:\/\/blogsaverroes.juntadeandalucia.es\/ceipmariazambranogranada\/1a-semana-de-la-ciencia-del-21-al-25-de-enero\/\" class=\"_self\" target=\"_self\" >1\u00aa SEMANA DE LA CIENCIA  DEL 21 AL 25 DE ENERO<\/a><\/h4>\n<div class=\"pt-cv-content\">Durante la semana del 21 al 25 de enero, se han realizado en nuestro ciclo de Infantil experimentos relacionados con ...<br \/><div class=\"pt-cv-rmwrap\"><a href=\"https:\/\/blogsaverroes.juntadeandalucia.es\/ceipmariazambranogranada\/1a-semana-de-la-ciencia-del-21-al-25-de-enero\/\" class=\"_self pt-cv-readmore btn btn-success\" target=\"_self\">Leer M\u00e1s<\/a><\/div><\/div><\/div><\/div>\n<div class=\"col-md-6 col-sm-12 col-xs-12 pt-cv-content-item pt-cv-1-col\" ><div class='pt-cv-ifield'><a href=\"https:\/\/blogsaverroes.juntadeandalucia.es\/ceipmariazambranogranada\/lucy-y-zacarias-nos-visitan\/\" class=\"_self pt-cv-href-thumbnail pt-cv-thumb-default\" target=\"_self\" ><img width=\"300\" height=\"169\" src=\"https:\/\/blogsaverroes.juntadeandalucia.es\/ceipmariazambranogranada\/files\/2020\/02\/life-coach-27-300x169.jpg\" class=\"pt-cv-thumbnail\" alt=\"\" decoding=\"async\" loading=\"lazy\" \/><\/a>\n<div class=\"pt-cv-taxoterm above_title\"><a href='https:\/\/blogsaverroes.juntadeandalucia.es\/ceipmariazambranogranada\/category\/portada\/' title='Portada' class='pt-cv-tax-portada'>Portada<\/a><\/div>\n<h4 class=\"pt-cv-title\"><a href=\"https:\/\/blogsaverroes.juntadeandalucia.es\/ceipmariazambranogranada\/lucy-y-zacarias-nos-visitan\/\" class=\"_self\" target=\"_self\" >Lucy y Zacar\u00edas nos visitan en clase<\/a><\/h4>\n<div class=\"pt-cv-content\">Un d\u00eda estaba haciendo un dictado para el repaso de c y z. Surgieron Lucy y Zacar\u00edas, tambi\u00e9n le aparecieron ...<br \/><div class=\"pt-cv-rmwrap\"><a href=\"https:\/\/blogsaverroes.juntadeandalucia.es\/ceipmariazambranogranada\/lucy-y-zacarias-nos-visitan\/\" class=\"_self pt-cv-readmore btn btn-success\" target=\"_self\">Leer M\u00e1s<\/a><\/div><\/div><\/div><\/div>\n<div class=\"col-md-6 col-sm-12 col-xs-12 pt-cv-content-item pt-cv-1-col\" ><div class='pt-cv-ifield'><a href=\"https:\/\/blogsaverroes.juntadeandalucia.es\/ceipmariazambranogranada\/celebracion-dia-de-andalucia-2019\/\" class=\"_self pt-cv-href-thumbnail pt-cv-thumb-default\" target=\"_self\" ><img width=\"300\" height=\"105\" src=\"https:\/\/blogsaverroes.juntadeandalucia.es\/ceipmariazambranogranada\/files\/2020\/02\/SAN-VALENTIN-1024x360-1-300x105.jpg\" class=\"pt-cv-thumbnail\" alt=\"\" decoding=\"async\" loading=\"lazy\" \/><\/a>\n<div class=\"pt-cv-taxoterm above_title\"><a href='https:\/\/blogsaverroes.juntadeandalucia.es\/ceipmariazambranogranada\/category\/portada\/' title='Portada' class='pt-cv-tax-portada'>Portada<\/a><\/div>\n<h4 class=\"pt-cv-title\"><a href=\"https:\/\/blogsaverroes.juntadeandalucia.es\/ceipmariazambranogranada\/celebracion-dia-de-andalucia-2019\/\" class=\"_self\" target=\"_self\" >Celebraci\u00f3n D\u00eda de Andaluc\u00eda 2019<\/a><\/h4>\n<div class=\"pt-cv-content\">El mi\u00e9rcoles d\u00eda 27 de febrero celebramos el D\u00eda de Andaluc\u00eda llevando a cabo las siguientes actividades ludicas en el ...<br \/><div class=\"pt-cv-rmwrap\"><a href=\"https:\/\/blogsaverroes.juntadeandalucia.es\/ceipmariazambranogranada\/celebracion-dia-de-andalucia-2019\/\" class=\"_self pt-cv-readmore btn btn-success\" target=\"_self\">Leer M\u00e1s<\/a><\/div><\/div><\/div><\/div>\n<div class=\"col-md-6 col-sm-12 col-xs-12 pt-cv-content-item pt-cv-1-col\" ><div class='pt-cv-ifield'><a href=\"https:\/\/blogsaverroes.juntadeandalucia.es\/ceipmariazambranogranada\/ix-semana-cultural\/\" class=\"_self pt-cv-href-thumbnail pt-cv-thumb-default\" target=\"_self\" ><img width=\"300\" height=\"200\" src=\"https:\/\/blogsaverroes.juntadeandalucia.es\/ceipmariazambranogranada\/files\/2020\/02\/online-3412473_1280-1024x682-1-300x200.jpg\" class=\"pt-cv-thumbnail\" alt=\"\" decoding=\"async\" loading=\"lazy\" \/><\/a>\n<div class=\"pt-cv-taxoterm above_title\"><a href='https:\/\/blogsaverroes.juntadeandalucia.es\/ceipmariazambranogranada\/category\/portada\/' title='Portada' class='pt-cv-tax-portada'>Portada<\/a><\/div>\n<h4 class=\"pt-cv-title\"><a href=\"https:\/\/blogsaverroes.juntadeandalucia.es\/ceipmariazambranogranada\/ix-semana-cultural\/\" class=\"_self\" target=\"_self\" >IX Semana Cultural<\/a><\/h4>\n<div class=\"pt-cv-content\">Este a\u00f1o celebramos la IX Semana Cultural en nuestro colegio del 8 al 12 de abril. La programaci\u00f3n de las ...<br \/><div class=\"pt-cv-rmwrap\"><a href=\"https:\/\/blogsaverroes.juntadeandalucia.es\/ceipmariazambranogranada\/ix-semana-cultural\/\" class=\"_self pt-cv-readmore btn btn-success\" target=\"_self\">Leer M\u00e1s<\/a><\/div><\/div><\/div><\/div>\n<div class=\"col-md-6 col-sm-12 col-xs-12 pt-cv-content-item pt-cv-1-col\" ><div class='pt-cv-ifield'><a href=\"https:\/\/blogsaverroes.juntadeandalucia.es\/ceipmariazambranogranada\/reunion-de-inicio-de-curso-para-las-familias-de-5-anos\/\" class=\"_self pt-cv-href-thumbnail pt-cv-thumb-default\" target=\"_self\" ><img width=\"300\" height=\"162\" src=\"https:\/\/blogsaverroes.juntadeandalucia.es\/ceipmariazambranogranada\/files\/2020\/01\/Lucy-y-Zacar\u00edas-1024x553-1-300x162.jpeg\" class=\"pt-cv-thumbnail\" alt=\"\" decoding=\"async\" loading=\"lazy\" srcset=\"https:\/\/blogsaverroes.juntadeandalucia.es\/ceipmariazambranogranada\/files\/2020\/01\/Lucy-y-Zacar\u00edas-1024x553-1-300x162.jpeg 300w, https:\/\/blogsaverroes.juntadeandalucia.es\/ceipmariazambranogranada\/files\/2020\/01\/Lucy-y-Zacar\u00edas-1024x553-1-768x415.jpeg 768w, https:\/\/blogsaverroes.juntadeandalucia.es\/ceipmariazambranogranada\/files\/2020\/01\/Lucy-y-Zacar\u00edas-1024x553-1-980x529.jpeg 980w, https:\/\/blogsaverroes.juntadeandalucia.es\/ceipmariazambranogranada\/files\/2020\/01\/Lucy-y-Zacar\u00edas-1024x553-1-480x259.jpeg 480w, https:\/\/blogsaverroes.juntadeandalucia.es\/ceipmariazambranogranada\/files\/2020\/01\/Lucy-y-Zacar\u00edas-1024x553-1-24x13.jpeg 24w, https:\/\/blogsaverroes.juntadeandalucia.es\/ceipmariazambranogranada\/files\/2020\/01\/Lucy-y-Zacar\u00edas-1024x553-1-36x19.jpeg 36w, https:\/\/blogsaverroes.juntadeandalucia.es\/ceipmariazambranogranada\/files\/2020\/01\/Lucy-y-Zacar\u00edas-1024x553-1-48x26.jpeg 48w, https:\/\/blogsaverroes.juntadeandalucia.es\/ceipmariazambranogranada\/files\/2020\/01\/Lucy-y-Zacar\u00edas-1024x553-1.jpeg 1024w\" sizes=\"(max-width: 300px) 100vw, 300px\" \/><\/a>\n<div class=\"pt-cv-taxoterm above_title\"><a href='https:\/\/blogsaverroes.juntadeandalucia.es\/ceipmariazambranogranada\/category\/portada\/' title='Portada' class='pt-cv-tax-portada'>Portada<\/a><\/div>\n<h4 class=\"pt-cv-title\"><a href=\"https:\/\/blogsaverroes.juntadeandalucia.es\/ceipmariazambranogranada\/reunion-de-inicio-de-curso-para-las-familias-de-5-anos\/\" class=\"_self\" target=\"_self\" >Reuni\u00f3n de inicio de curso para las familias de 5 a\u00f1os<\/a><\/h4>\n<div class=\"pt-cv-content\">Se convoca a las familias del alumnado de 5 a\u00f1os a nuestra reuni\u00f3n inicial del curso 2019\/20 que tendr\u00e1 lugar ...<br \/><div class=\"pt-cv-rmwrap\"><a href=\"https:\/\/blogsaverroes.juntadeandalucia.es\/ceipmariazambranogranada\/reunion-de-inicio-de-curso-para-las-familias-de-5-anos\/\" class=\"_self pt-cv-readmore btn btn-success\" target=\"_self\">Leer M\u00e1s<\/a><\/div><\/div><\/div><\/div>\n<div class=\"col-md-6 col-sm-12 col-xs-12 pt-cv-content-item pt-cv-1-col\" ><div class='pt-cv-ifield'><a href=\"https:\/\/blogsaverroes.juntadeandalucia.es\/ceipmariazambranogranada\/convocatoria-asamblea-general-del-ampa\/\" class=\"_self pt-cv-href-thumbnail pt-cv-thumb-default\" target=\"_self\" ><img width=\"300\" height=\"163\" src=\"https:\/\/blogsaverroes.juntadeandalucia.es\/ceipmariazambranogranada\/files\/2020\/01\/drg-300x163.jpg\" class=\"pt-cv-thumbnail\" alt=\"\" decoding=\"async\" loading=\"lazy\" \/><\/a>\n<div class=\"pt-cv-taxoterm above_title\"><a href='https:\/\/blogsaverroes.juntadeandalucia.es\/ceipmariazambranogranada\/category\/portada\/' title='Portada' class='pt-cv-tax-portada'>Portada<\/a><\/div>\n<h4 class=\"pt-cv-title\"><a href=\"https:\/\/blogsaverroes.juntadeandalucia.es\/ceipmariazambranogranada\/convocatoria-asamblea-general-del-ampa\/\" class=\"_self\" target=\"_self\" >Convocatoria Asamblea General del AMPA<\/a><\/h4>\n<div class=\"pt-cv-content\">El AMPA del Centro va a celebrar pr\u00f3ximamente elecciones (martes 22 de octubre de 2019). Las votaciones ser\u00e1n para elegir ...<br \/><div class=\"pt-cv-rmwrap\"><a href=\"https:\/\/blogsaverroes.juntadeandalucia.es\/ceipmariazambranogranada\/convocatoria-asamblea-general-del-ampa\/\" class=\"_self pt-cv-readmore btn btn-success\" target=\"_self\">Leer M\u00e1s<\/a><\/div><\/div><\/div><\/div><\/div><\/div><\/div> AQU\u00cd SE MOSTRARAN TODAS LAS NOVEDADES DE LA SEMANA:\u00bfQue es el d\u00eda de la cruz? El D\u00eda de la Cruz en Granada es una celebraci\u00f3n que se lleva a cabo el 3 de mayo y que forma parte de las tradiciones m\u00e1s arraigadas de la ciudad, especialmente en el barrio del Albaic\u00edn. Durante [&hellip;]<\/p>\n","protected":false},"author":18907,"featured_media":0,"parent":0,"menu_order":0,"comment_status":"closed","ping_status":"closed","template":"","meta":{"_et_pb_use_builder":"on","_et_pb_old_content":"<p>[pt_view id=\"6ff817bh92\"]<\/p>","_et_gb_content_width":"","ngg_post_thumbnail":0,"footnotes":""},"aioseo_notices":[],"_links":{"self":[{"href":"https:\/\/blogsaverroes.juntadeandalucia.es\/ceipmariazambranogranada\/wp-json\/wp\/v2\/pages\/206"}],"collection":[{"href":"https:\/\/blogsaverroes.juntadeandalucia.es\/ceipmariazambranogranada\/wp-json\/wp\/v2\/pages"}],"about":[{"href":"https:\/\/blogsaverroes.juntadeandalucia.es\/ceipmariazambranogranada\/wp-json\/wp\/v2\/types\/page"}],"author":[{"embeddable":true,"href":"https:\/\/blogsaverroes.juntadeandalucia.es\/ceipmariazambranogranada\/wp-json\/wp\/v2\/users\/18907"}],"replies":[{"embeddable":true,"href":"https:\/\/blogsaverroes.juntadeandalucia.es\/ceipmariazambranogranada\/wp-json\/wp\/v2\/comments?post=206"}],"version-history":[{"count":15,"href":"https:\/\/blogsaverroes.juntadeandalucia.es\/ceipmariazambranogranada\/wp-json\/wp\/v2\/pages\/206\/revisions"}],"predecessor-version":[{"id":731,"href":"https:\/\/blogsaverroes.juntadeandalucia.es\/ceipmariazambranogranada\/wp-json\/wp\/v2\/pages\/206\/revisions\/731"}],"wp:attachment":[{"href":"https:\/\/blogsaverroes.juntadeandalucia.es\/ceipmariazambranogranada\/wp-json\/wp\/v2\/media?parent=206"}],"curies":[{"name":"wp","href":"https:\/\/api.w.org\/{rel}","templated":true}]}}