{"id":2168,"date":"2019-09-14T18:23:43","date_gmt":"2019-09-14T18:23:43","guid":{"rendered":"https:\/\/blogsaverroes.juntadeandalucia.es\/ceipmenendezpidal\/?page_id=2168"},"modified":"2023-04-17T11:54:24","modified_gmt":"2023-04-17T11:54:24","slug":"claustro","status":"publish","type":"page","link":"https:\/\/blogsaverroes.juntadeandalucia.es\/ceipmenendezpidal\/claustro\/","title":{"rendered":"Claustro"},"content":{"rendered":"<h2 style=\"text-align: center\"><big>Curso 2022\/23:<\/big><\/h2>\n<p style=\"text-align: center\"><a href=\"https:\/\/blogsaverroes.juntadeandalucia.es\/ceipmenendezpidal\/files\/2023\/04\/maestros-de-dibujos-animados-hombres-y-mujeres-un-grupo-profesores-caricatura-personajes-en-diferentes-poses-con-fondo-blanco-184037299.jpg\"><img loading=\"lazy\" decoding=\"async\" class=\"aligncenter size-full wp-image-2796\" src=\"https:\/\/blogsaverroes.juntadeandalucia.es\/ceipmenendezpidal\/files\/2023\/04\/maestros-de-dibujos-animados-hombres-y-mujeres-un-grupo-profesores-caricatura-personajes-en-diferentes-poses-con-fondo-blanco-184037299.jpg\" alt=\"\" width=\"1600\" height=\"730\" srcset=\"https:\/\/blogsaverroes.juntadeandalucia.es\/ceipmenendezpidal\/files\/2023\/04\/maestros-de-dibujos-animados-hombres-y-mujeres-un-grupo-profesores-caricatura-personajes-en-diferentes-poses-con-fondo-blanco-184037299.jpg 1600w, https:\/\/blogsaverroes.juntadeandalucia.es\/ceipmenendezpidal\/files\/2023\/04\/maestros-de-dibujos-animados-hombres-y-mujeres-un-grupo-profesores-caricatura-personajes-en-diferentes-poses-con-fondo-blanco-184037299-300x137.jpg 300w, https:\/\/blogsaverroes.juntadeandalucia.es\/ceipmenendezpidal\/files\/2023\/04\/maestros-de-dibujos-animados-hombres-y-mujeres-un-grupo-profesores-caricatura-personajes-en-diferentes-poses-con-fondo-blanco-184037299-1024x467.jpg 1024w, https:\/\/blogsaverroes.juntadeandalucia.es\/ceipmenendezpidal\/files\/2023\/04\/maestros-de-dibujos-animados-hombres-y-mujeres-un-grupo-profesores-caricatura-personajes-en-diferentes-poses-con-fondo-blanco-184037299-768x350.jpg 768w, https:\/\/blogsaverroes.juntadeandalucia.es\/ceipmenendezpidal\/files\/2023\/04\/maestros-de-dibujos-animados-hombres-y-mujeres-un-grupo-profesores-caricatura-personajes-en-diferentes-poses-con-fondo-blanco-184037299-1536x701.jpg 1536w\" sizes=\"(max-width: 1600px) 100vw, 1600px\" \/><\/a><\/p>\n<pre>&nbsp;<\/pre>\n<table style=\"border-collapse: collapse;width: 70.3654%;height: 24px\">\n<tbody>\n<tr style=\"height: 24px\">\n<td style=\"width: 100%;text-align: center;height: 24px\"><strong><span style=\"color: #800000\">EDUCACI\u00d3N INFANTIL<\/span><\/strong><\/td>\n<\/tr>\n<\/tbody>\n<\/table>\n<ul>\n<li><em>3 A\u00f1os A:<\/em><strong>&nbsp;<\/strong><strong>M\u00aa Jos\u00e9 L\u00f3pez Matas<\/strong><\/li>\n<li><em>3 A\u00f1os B: <\/em><strong>Cristina Maga\u00f1a&nbsp;<\/strong><b>Ram\u00edrez<\/b><\/li>\n<li><em>4 A\u00f1os A:<\/em><strong> Anabel Elena Le\u00f3n<\/strong><\/li>\n<li><em>4 A\u00f1os B: <\/em><strong>Irene del Valle Morillo<\/strong><\/li>\n<li><em>5 A\u00f1os A: <\/em><strong>Carmen M\u00aa Perea Rodr\u00edguez&nbsp;<\/strong><em>(Coord. E.I.)<\/em><\/li>\n<li><em>5 A\u00f1os B:<\/em><strong> Elisa Rodr\u00edguez Fern\u00e1ndez<\/strong><\/li>\n<\/ul>\n<p>&nbsp;<\/p>\n<table style=\"border-collapse: collapse;width: 70.7729%;height: 32px\">\n<tbody>\n<tr>\n<td style=\"width: 100%;text-align: center\"><strong><span style=\"color: #993366\">EDUCACI\u00d3N PRIMARIA&nbsp;<\/span><\/strong><\/td>\n<\/tr>\n<\/tbody>\n<\/table>\n<ul>\n<li><em>1\u00baA:<\/em> <strong>Ana Mar\u00eda Piosa G\u00f3mez<\/strong><\/li>\n<li><em>1\u00baB: <\/em><strong>M\u00aa Laura Corral Cano<\/strong><\/li>\n<li><em>2\u00baA:<\/em><b> Luc\u00eda Rodr\u00edguez Gamito&nbsp;<\/b><em>(Coord. 1\u00ba Ciclo)<\/em><\/li>\n<li><em>2\u00baB: <\/em><strong>Mar\u00eda del Valle Morilla Baena <\/strong><em>(Ingl\u00e9s 1\u00ba Ciclo)<\/em><\/li>\n<li><em>3\u00baA:<\/em><strong>&nbsp;<\/strong><em><strong>M\u00aa Dolores Elena Le\u00f3n <\/strong><\/em><em>(Coord. 2\u00ba Ciclo)<\/em><\/li>\n<li><em>3\u00baB: <\/em><strong>Carlos M\u00e1rquez Guisado (<\/strong>E.F. 2\u00ba Ciclo<strong>)<\/strong><\/li>\n<li><em>3\u00baC:<\/em><strong> Mar\u00eda del Valle Prat Castellano <em>(<\/em><\/strong><em>Ingl\u00e9s 2\u00ba Ciclo<\/em><strong><em>)<\/em><\/strong><\/li>\n<li><em>4\u00baA:<\/em> &nbsp;<strong>Mar\u00eda Gema Garc\u00eda Roca<\/strong><\/li>\n<li><em>4\u00baB: <\/em><strong>Francisca Chamorro Hern\u00e1ndez<\/strong><\/li>\n<li><em>5\u00baA:<\/em><strong> M\u00aa Antonia Vergara Hern\u00e1ndez<\/strong><\/li>\n<li><em>5\u00baB: <\/em><strong>Jos\u00e9 Ben\u00edtez Due\u00f1as<\/strong><\/li>\n<li><em>5\u00baC:<\/em><b> Juan Jes\u00fas Garc\u00eda Toledano <\/b>(<em>Ingles 3<sup>er&nbsp;<\/sup>ciclo<\/em><b>)<\/b><\/li>\n<li><em>6\u00baA:<\/em><strong> Juan Ram\u00f3n Pozo S\u00e1nchez <\/strong><em>(Coordinador <\/em>3<sup>er&nbsp;<\/sup><em>ciclo)<\/em><\/li>\n<li><em>6\u00baB: <\/em><strong>Juan Antonio contreras Andrada<\/strong><em> (E.F.&nbsp;<\/em>3<sup>er&nbsp;<\/sup><em>ciclo)<\/em><\/li>\n<li><em>6\u00baC:<\/em><strong> Lourdes Jordano Gonz\u00e1lez <\/strong>(Franc\u00e9s 3<sup>er&nbsp;<\/sup>ciclo)<\/li>\n<\/ul>\n<p>&nbsp;<\/p>\n<ul>\n<li><em>Cupo 13:&nbsp;<\/em><b>Antonio Mu\u00f1oz&nbsp;<\/b><strong>Merch\u00e1n<\/strong><\/li>\n<li><em>Cupo 14:<\/em><strong> M\u00aa Mar de Tena Romero<\/strong><\/li>\n<\/ul>\n<p>&nbsp;<\/p>\n<table style=\"border-collapse: collapse;width: 72.2598%;height: 24px\">\n<tbody>\n<tr style=\"height: 24px\">\n<td style=\"width: 100%;text-align: center;height: 24px\"><span style=\"color: #0000ff\"><strong>ESPECIALISTAS<\/strong><\/span><\/td>\n<\/tr>\n<\/tbody>\n<\/table>\n<p>&nbsp;<\/p>\n<ul>\n<li>Educaci\u00f3n F\u00edsica<strong>: Baldomero Delis Selfa <\/strong><em>E.F. 1\u00ba y 2\u00ba ciclo:<\/em><\/li>\n<li>Educaci\u00f3n F\u00edsica<strong>: Juan Antonio contreras Andrada<\/strong><em> (E.F.&nbsp;<\/em>3<sup>er&nbsp;<\/sup><em>ciclo)<\/em><\/li>\n<li>Educaci\u00f3n F\u00edsica<strong>: Carlos M\u00e1rquez Guisado (<\/strong>E.F. 2\u00ba Ciclo<strong>)<\/strong><\/li>\n<li>Franc\u00e9s<strong>: Lourdes Jordano Gonz\u00e1lez <\/strong>(Franc\u00e9s 3<sup>er&nbsp;<\/sup>ciclo)<\/li>\n<li>Ingl\u00e9s:&nbsp;<strong>Mar\u00eda del Valle Morilla Baena <\/strong><em>(Ingl\u00e9s 1\u00ba Ciclo)<\/em><\/li>\n<li>Ingl\u00e9s: <strong>Mar\u00eda del Valle Prat Castellano&nbsp;<em>(<\/em><\/strong><em>Ingl\u00e9s 2\u00ba Ciclo<\/em><strong><em>)<\/em><\/strong><\/li>\n<li>Ingl\u00e9s: <b>Juan Jes\u00fas Garc\u00eda Toledano <\/b>(<em>Ingles 3<sup>er&nbsp;<\/sup>ciclo<\/em><b>)<\/b><\/li>\n<li><em>Ed. Art\u00edstica: <\/em><strong>Noem\u00ed Ojeda Garc\u00eda <\/strong><em>(Coord. 3\u00ba Ciclo)<\/em><\/li>\n<li><em>Religi\u00f3n E.I.: <\/em><strong>Ana Reina Cosano<\/strong><\/li>\n<li><em>Religi\u00f3n E.P.: <\/em><strong>Isabel Brito S\u00e1ez<\/strong><\/li>\n<li><em>P.T.:<\/em><b> Rosa Rodr\u00edguez Garc\u00eda y Ricardo Gaona G\u00f3mez<\/b><\/li>\n<li><em>A.E.: <\/em><em>(Coord. E.O.)<\/em><\/li>\n<li><em>A.L.:<\/em><strong> M\u00aa Jacinta De Celis Fontao<\/strong><\/li>\n<\/ul>\n<p><strong>&nbsp;<\/strong><\/p>\n<p><strong>&nbsp;<\/strong><\/p>\n<p><strong>&nbsp;<\/strong><\/p>\n<p><strong>&nbsp;<\/strong><\/p>\n","protected":false},"excerpt":{"rendered":"<p>Curso 2022\/23: &nbsp; EDUCACI\u00d3N INFANTIL 3 A\u00f1os A:&nbsp;M\u00aa Jos\u00e9 L\u00f3pez Matas 3 A\u00f1os B: Cristina Maga\u00f1a&nbsp;Ram\u00edrez 4 A\u00f1os A: Anabel Elena Le\u00f3n 4 A\u00f1os B: Irene del Valle Morillo 5 A\u00f1os A: Carmen M\u00aa&#46;&#46;&#46;<\/p>\n","protected":false},"author":7638,"featured_media":0,"parent":0,"menu_order":0,"comment_status":"closed","ping_status":"closed","template":"","meta":{"ngg_post_thumbnail":0,"footnotes":"","_mc_calendar":[]},"aioseo_notices":[],"_links":{"self":[{"href":"https:\/\/blogsaverroes.juntadeandalucia.es\/ceipmenendezpidal\/wp-json\/wp\/v2\/pages\/2168"}],"collection":[{"href":"https:\/\/blogsaverroes.juntadeandalucia.es\/ceipmenendezpidal\/wp-json\/wp\/v2\/pages"}],"about":[{"href":"https:\/\/blogsaverroes.juntadeandalucia.es\/ceipmenendezpidal\/wp-json\/wp\/v2\/types\/page"}],"author":[{"embeddable":true,"href":"https:\/\/blogsaverroes.juntadeandalucia.es\/ceipmenendezpidal\/wp-json\/wp\/v2\/users\/7638"}],"replies":[{"embeddable":true,"href":"https:\/\/blogsaverroes.juntadeandalucia.es\/ceipmenendezpidal\/wp-json\/wp\/v2\/comments?post=2168"}],"version-history":[{"count":20,"href":"https:\/\/blogsaverroes.juntadeandalucia.es\/ceipmenendezpidal\/wp-json\/wp\/v2\/pages\/2168\/revisions"}],"predecessor-version":[{"id":2797,"href":"https:\/\/blogsaverroes.juntadeandalucia.es\/ceipmenendezpidal\/wp-json\/wp\/v2\/pages\/2168\/revisions\/2797"}],"wp:attachment":[{"href":"https:\/\/blogsaverroes.juntadeandalucia.es\/ceipmenendezpidal\/wp-json\/wp\/v2\/media?parent=2168"}],"curies":[{"name":"wp","href":"https:\/\/api.w.org\/{rel}","templated":true}]}}