{"id":2134,"date":"2022-09-18T09:56:02","date_gmt":"2022-09-18T09:56:02","guid":{"rendered":"http:\/\/blogsaverroes.juntadeandalucia.es\/ceipmiguelhernandezdemanzanilla\/?page_id=2134"},"modified":"2023-10-09T08:50:28","modified_gmt":"2023-10-09T08:50:28","slug":"profesorado","status":"publish","type":"page","link":"https:\/\/blogsaverroes.juntadeandalucia.es\/ceipmiguelhernandezdemanzanilla\/profesorado\/","title":{"rendered":"Profesorado"},"content":{"rendered":"<p><strong>CURSO 2023\/24<\/strong><\/p>\n<p><span style=\"color: #800080\"><em><strong>TUTORES:<\/strong><\/em><\/span><\/p>\n<p><em><strong>Tutora de Infantil 3 a\u00f1os<\/strong><\/em>: Juana Mar\u00eda Salas Rodr\u00edguez. <a href=\"http:\/\/blogsaverroes.juntadeandalucia.es\/ceipmiguelhernandezdemanzanilla\/files\/2016\/03\/20160304_132403-e1457117798982.jpg\"><img loading=\"lazy\" decoding=\"async\" class=\"alignnone wp-image-2154\" src=\"http:\/\/blogsaverroes.juntadeandalucia.es\/ceipmiguelhernandezdemanzanilla\/files\/2016\/03\/20160304_132403-e1457117798982-300x225.jpg\" alt=\"20160304_132403\" width=\"66\" height=\"49\" srcset=\"https:\/\/blogsaverroes.juntadeandalucia.es\/ceipmiguelhernandezdemanzanilla\/files\/2016\/03\/20160304_132403-e1457117798982-300x225.jpg 300w, https:\/\/blogsaverroes.juntadeandalucia.es\/ceipmiguelhernandezdemanzanilla\/files\/2016\/03\/20160304_132403-e1457117798982-1024x768.jpg 1024w, https:\/\/blogsaverroes.juntadeandalucia.es\/ceipmiguelhernandezdemanzanilla\/files\/2016\/03\/20160304_132403-e1457117798982.jpg 1600w\" sizes=\"(max-width: 66px) 100vw, 66px\" \/><\/a><\/p>\n<p><em><strong>Tutora de Infantil 4 a\u00f1os<\/strong><\/em>: Mar\u00eda Romero Sol\u00eds. <a href=\"https:\/\/blogsaverroes.juntadeandalucia.es\/ceipmiguelhernandezdemanzanilla\/files\/2023\/10\/20231006_112715-scaled.jpg\"><img loading=\"lazy\" decoding=\"async\" class=\"alignnone  wp-image-4001\" src=\"https:\/\/blogsaverroes.juntadeandalucia.es\/ceipmiguelhernandezdemanzanilla\/files\/2023\/10\/20231006_112715-scaled.jpg\" alt=\"\" width=\"80\" height=\"80\" srcset=\"https:\/\/blogsaverroes.juntadeandalucia.es\/ceipmiguelhernandezdemanzanilla\/files\/2023\/10\/20231006_112715-scaled.jpg 1600w, https:\/\/blogsaverroes.juntadeandalucia.es\/ceipmiguelhernandezdemanzanilla\/files\/2023\/10\/20231006_112715-300x300.jpg 300w, https:\/\/blogsaverroes.juntadeandalucia.es\/ceipmiguelhernandezdemanzanilla\/files\/2023\/10\/20231006_112715-1024x1024.jpg 1024w, https:\/\/blogsaverroes.juntadeandalucia.es\/ceipmiguelhernandezdemanzanilla\/files\/2023\/10\/20231006_112715-150x150.jpg 150w, https:\/\/blogsaverroes.juntadeandalucia.es\/ceipmiguelhernandezdemanzanilla\/files\/2023\/10\/20231006_112715-768x768.jpg 768w, https:\/\/blogsaverroes.juntadeandalucia.es\/ceipmiguelhernandezdemanzanilla\/files\/2023\/10\/20231006_112715-1536x1536.jpg 1536w, https:\/\/blogsaverroes.juntadeandalucia.es\/ceipmiguelhernandezdemanzanilla\/files\/2023\/10\/20231006_112715-2048x2048.jpg 2048w\" sizes=\"(max-width: 80px) 100vw, 80px\" \/><\/a><\/p>\n<p><em><strong>Tutora de Infantil 5 a\u00f1os<\/strong><\/em>: Roc\u00edo Camacho Gonz\u00e1lez <a href=\"http:\/\/blogsaverroes.juntadeandalucia.es\/ceipmiguelhernandezdemanzanilla\/files\/2016\/03\/20160309_110613-1-e1458117865583.jpg\"><img loading=\"lazy\" decoding=\"async\" class=\"alignnone wp-image-2173\" src=\"http:\/\/blogsaverroes.juntadeandalucia.es\/ceipmiguelhernandezdemanzanilla\/files\/2016\/03\/20160309_110613-1-e1458117865583-300x225.jpg\" alt=\"20160309_110613 (1)\" width=\"75\" height=\"56\" srcset=\"https:\/\/blogsaverroes.juntadeandalucia.es\/ceipmiguelhernandezdemanzanilla\/files\/2016\/03\/20160309_110613-1-e1458117865583-300x225.jpg 300w, https:\/\/blogsaverroes.juntadeandalucia.es\/ceipmiguelhernandezdemanzanilla\/files\/2016\/03\/20160309_110613-1-e1458117865583-1024x768.jpg 1024w, https:\/\/blogsaverroes.juntadeandalucia.es\/ceipmiguelhernandezdemanzanilla\/files\/2016\/03\/20160309_110613-1-e1458117865583.jpg 1600w\" sizes=\"(max-width: 75px) 100vw, 75px\" \/><\/a><\/p>\n<p><em><strong>Tutor de 1\u00ba E.P<\/strong><\/em>: Antonio Galiano Real. <a href=\"https:\/\/blogsaverroes.juntadeandalucia.es\/ceipmiguelhernandezdemanzanilla\/files\/2021\/10\/thumbnail_IMG_20210910_122712.jpg\"><img loading=\"lazy\" decoding=\"async\" class=\"alignnone  wp-image-3164\" src=\"https:\/\/blogsaverroes.juntadeandalucia.es\/ceipmiguelhernandezdemanzanilla\/files\/2021\/10\/thumbnail_IMG_20210910_122712.jpg\" alt=\"\" width=\"78\" height=\"78\" srcset=\"https:\/\/blogsaverroes.juntadeandalucia.es\/ceipmiguelhernandezdemanzanilla\/files\/2021\/10\/thumbnail_IMG_20210910_122712.jpg 1280w, https:\/\/blogsaverroes.juntadeandalucia.es\/ceipmiguelhernandezdemanzanilla\/files\/2021\/10\/thumbnail_IMG_20210910_122712-300x300.jpg 300w, https:\/\/blogsaverroes.juntadeandalucia.es\/ceipmiguelhernandezdemanzanilla\/files\/2021\/10\/thumbnail_IMG_20210910_122712-1024x1024.jpg 1024w, https:\/\/blogsaverroes.juntadeandalucia.es\/ceipmiguelhernandezdemanzanilla\/files\/2021\/10\/thumbnail_IMG_20210910_122712-150x150.jpg 150w, https:\/\/blogsaverroes.juntadeandalucia.es\/ceipmiguelhernandezdemanzanilla\/files\/2021\/10\/thumbnail_IMG_20210910_122712-768x768.jpg 768w\" sizes=\"(max-width: 78px) 100vw, 78px\" \/><\/a><\/p>\n<p><em><strong>Tutor de 2\u00ba E.P<\/strong><\/em>: Miguel Jes\u00fas Mar\u00edn Caro. <a href=\"https:\/\/blogsaverroes.juntadeandalucia.es\/ceipmiguelhernandezdemanzanilla\/files\/2022\/09\/20220919_100301-rotated.jpg\"><img loading=\"lazy\" decoding=\"async\" class=\"alignnone wp-image-3403\" src=\"https:\/\/blogsaverroes.juntadeandalucia.es\/ceipmiguelhernandezdemanzanilla\/files\/2022\/09\/20220919_100301-rotated.jpg\" alt=\"\" width=\"78\" height=\"104\" srcset=\"https:\/\/blogsaverroes.juntadeandalucia.es\/ceipmiguelhernandezdemanzanilla\/files\/2022\/09\/20220919_100301-rotated.jpg 1200w, https:\/\/blogsaverroes.juntadeandalucia.es\/ceipmiguelhernandezdemanzanilla\/files\/2022\/09\/20220919_100301-225x300.jpg 225w, https:\/\/blogsaverroes.juntadeandalucia.es\/ceipmiguelhernandezdemanzanilla\/files\/2022\/09\/20220919_100301-768x1024.jpg 768w, https:\/\/blogsaverroes.juntadeandalucia.es\/ceipmiguelhernandezdemanzanilla\/files\/2022\/09\/20220919_100301-1152x1536.jpg 1152w, https:\/\/blogsaverroes.juntadeandalucia.es\/ceipmiguelhernandezdemanzanilla\/files\/2022\/09\/20220919_100301-1536x2048.jpg 1536w\" sizes=\"(max-width: 78px) 100vw, 78px\" \/><\/a><\/p>\n<p><em><strong>Tutor de 3\u00ba E.P<\/strong><\/em>: Jos\u00e9 Miguel Escobar Romero. <a href=\"https:\/\/blogsaverroes.juntadeandalucia.es\/ceipmiguelhernandezdemanzanilla\/files\/2022\/09\/20220919_100400-rotated.jpg\"><img loading=\"lazy\" decoding=\"async\" class=\"alignnone wp-image-3404\" src=\"https:\/\/blogsaverroes.juntadeandalucia.es\/ceipmiguelhernandezdemanzanilla\/files\/2022\/09\/20220919_100400-rotated.jpg\" alt=\"\" width=\"76\" height=\"101\" srcset=\"https:\/\/blogsaverroes.juntadeandalucia.es\/ceipmiguelhernandezdemanzanilla\/files\/2022\/09\/20220919_100400-rotated.jpg 1200w, https:\/\/blogsaverroes.juntadeandalucia.es\/ceipmiguelhernandezdemanzanilla\/files\/2022\/09\/20220919_100400-225x300.jpg 225w, https:\/\/blogsaverroes.juntadeandalucia.es\/ceipmiguelhernandezdemanzanilla\/files\/2022\/09\/20220919_100400-768x1024.jpg 768w, https:\/\/blogsaverroes.juntadeandalucia.es\/ceipmiguelhernandezdemanzanilla\/files\/2022\/09\/20220919_100400-1152x1536.jpg 1152w, https:\/\/blogsaverroes.juntadeandalucia.es\/ceipmiguelhernandezdemanzanilla\/files\/2022\/09\/20220919_100400-1536x2048.jpg 1536w\" sizes=\"(max-width: 76px) 100vw, 76px\" \/><\/a><\/p>\n<p><em><strong>Tutora de 4\u00ba E.P<\/strong><\/em>: Patricia Ben\u00edtez Vega. <a href=\"http:\/\/blogsaverroes.juntadeandalucia.es\/ceipmiguelhernandezdemanzanilla\/files\/2016\/03\/20160304_131852-e1457117854476.jpg\"><img loading=\"lazy\" decoding=\"async\" class=\"alignnone wp-image-2153\" src=\"http:\/\/blogsaverroes.juntadeandalucia.es\/ceipmiguelhernandezdemanzanilla\/files\/2016\/03\/20160304_131852-e1457117854476-300x225.jpg\" alt=\"20160304_131852\" width=\"77\" height=\"58\" srcset=\"https:\/\/blogsaverroes.juntadeandalucia.es\/ceipmiguelhernandezdemanzanilla\/files\/2016\/03\/20160304_131852-e1457117854476-300x225.jpg 300w, https:\/\/blogsaverroes.juntadeandalucia.es\/ceipmiguelhernandezdemanzanilla\/files\/2016\/03\/20160304_131852-e1457117854476-1024x768.jpg 1024w, https:\/\/blogsaverroes.juntadeandalucia.es\/ceipmiguelhernandezdemanzanilla\/files\/2016\/03\/20160304_131852-e1457117854476.jpg 1600w\" sizes=\"(max-width: 77px) 100vw, 77px\" \/><\/a><\/p>\n<p><em><strong>Tutora de 5\u00ba E.P<\/strong><\/em>: Francisco Mart\u00ednez Abad. <a href=\"http:\/\/blogsaverroes.juntadeandalucia.es\/ceipmiguelhernandezdemanzanilla\/files\/2016\/03\/20160316_093448.jpg\"><img loading=\"lazy\" decoding=\"async\" class=\"alignnone wp-image-2174\" src=\"http:\/\/blogsaverroes.juntadeandalucia.es\/ceipmiguelhernandezdemanzanilla\/files\/2016\/03\/20160316_093448-300x225.jpg\" alt=\"20160316_093448\" width=\"113\" height=\"85\" srcset=\"https:\/\/blogsaverroes.juntadeandalucia.es\/ceipmiguelhernandezdemanzanilla\/files\/2016\/03\/20160316_093448-300x225.jpg 300w, https:\/\/blogsaverroes.juntadeandalucia.es\/ceipmiguelhernandezdemanzanilla\/files\/2016\/03\/20160316_093448-1024x768.jpg 1024w, https:\/\/blogsaverroes.juntadeandalucia.es\/ceipmiguelhernandezdemanzanilla\/files\/2016\/03\/20160316_093448.jpg 1600w\" sizes=\"(max-width: 113px) 100vw, 113px\" \/><\/a><\/p>\n<p>&nbsp;<\/p>\n<p><em><strong>Tutor de 6\u00ba E.P<\/strong><\/em> :&nbsp; Raquel Blanco Alc\u00e1ntara&nbsp; <a href=\"http:\/\/blogsaverroes.juntadeandalucia.es\/ceipmiguelhernandezdemanzanilla\/files\/2016\/03\/IMG-20160304-WA0000.jpg\"><img loading=\"lazy\" decoding=\"async\" class=\"alignnone wp-image-2176\" src=\"http:\/\/blogsaverroes.juntadeandalucia.es\/ceipmiguelhernandezdemanzanilla\/files\/2016\/03\/IMG-20160304-WA0000-300x300.jpg\" alt=\"IMG-20160304-WA0000\" width=\"101\" height=\"101\" srcset=\"https:\/\/blogsaverroes.juntadeandalucia.es\/ceipmiguelhernandezdemanzanilla\/files\/2016\/03\/IMG-20160304-WA0000-300x300.jpg 300w, https:\/\/blogsaverroes.juntadeandalucia.es\/ceipmiguelhernandezdemanzanilla\/files\/2016\/03\/IMG-20160304-WA0000-150x150.jpg 150w, https:\/\/blogsaverroes.juntadeandalucia.es\/ceipmiguelhernandezdemanzanilla\/files\/2016\/03\/IMG-20160304-WA0000-100x100.jpg 100w, https:\/\/blogsaverroes.juntadeandalucia.es\/ceipmiguelhernandezdemanzanilla\/files\/2016\/03\/IMG-20160304-WA0000.jpg 655w\" sizes=\"(max-width: 101px) 100vw, 101px\" \/><\/a><\/p>\n<p><em><strong>Tutora de 1\u00ba ESO<\/strong><\/em>: Manuela P\u00e9rez Vargas. <a href=\"http:\/\/blogsaverroes.juntadeandalucia.es\/ceipmiguelhernandezdemanzanilla\/files\/2016\/03\/20160304_132536-e1457117726881.jpg\"><img loading=\"lazy\" decoding=\"async\" class=\"alignnone wp-image-2150\" src=\"http:\/\/blogsaverroes.juntadeandalucia.es\/ceipmiguelhernandezdemanzanilla\/files\/2016\/03\/20160304_132536-e1457117726881-300x225.jpg\" alt=\"20160304_132536\" width=\"69\" height=\"52\" srcset=\"https:\/\/blogsaverroes.juntadeandalucia.es\/ceipmiguelhernandezdemanzanilla\/files\/2016\/03\/20160304_132536-e1457117726881-300x225.jpg 300w, https:\/\/blogsaverroes.juntadeandalucia.es\/ceipmiguelhernandezdemanzanilla\/files\/2016\/03\/20160304_132536-e1457117726881-1024x768.jpg 1024w, https:\/\/blogsaverroes.juntadeandalucia.es\/ceipmiguelhernandezdemanzanilla\/files\/2016\/03\/20160304_132536-e1457117726881.jpg 1600w\" sizes=\"(max-width: 69px) 100vw, 69px\" \/><\/a><\/p>\n<p><em><strong>Tutora de 2\u00ba ESO<\/strong><\/em>: M. Del Valle Gisbert G\u00f3mez.&nbsp; <strong><a href=\"http:\/\/blogsaverroes.juntadeandalucia.es\/ceipmiguelhernandezdemanzanilla\/files\/2016\/03\/20160304_131948-e1457117773130.jpg\"><img loading=\"lazy\" decoding=\"async\" class=\"alignnone wp-image-2152\" src=\"http:\/\/blogsaverroes.juntadeandalucia.es\/ceipmiguelhernandezdemanzanilla\/files\/2016\/03\/20160304_131948-e1457117773130-300x225.jpg\" alt=\"20160304_131948\" width=\"121\" height=\"91\" srcset=\"https:\/\/blogsaverroes.juntadeandalucia.es\/ceipmiguelhernandezdemanzanilla\/files\/2016\/03\/20160304_131948-e1457117773130-300x225.jpg 300w, https:\/\/blogsaverroes.juntadeandalucia.es\/ceipmiguelhernandezdemanzanilla\/files\/2016\/03\/20160304_131948-e1457117773130-1024x768.jpg 1024w, https:\/\/blogsaverroes.juntadeandalucia.es\/ceipmiguelhernandezdemanzanilla\/files\/2016\/03\/20160304_131948-e1457117773130.jpg 1600w\" sizes=\"(max-width: 121px) 100vw, 121px\" \/><\/a><\/strong><\/p>\n<p>&nbsp;<\/p>\n<p>&nbsp;<\/p>\n<p><span style=\"color: #800080\"><em><strong>ESPECIALISTAS:<\/strong><\/em><\/span><\/p>\n<p><em><strong>Audici\u00f3n y Lenguaje<\/strong><\/em>: Miriam Sabido Parejo <a href=\"http:\/\/blogsaverroes.juntadeandalucia.es\/ceipmiguelhernandezdemanzanilla\/files\/2016\/03\/20160316_093542.jpg\"><img loading=\"lazy\" decoding=\"async\" class=\"alignnone wp-image-2175\" src=\"http:\/\/blogsaverroes.juntadeandalucia.es\/ceipmiguelhernandezdemanzanilla\/files\/2016\/03\/20160316_093542-300x225.jpg\" alt=\"20160316_093542\" width=\"96\" height=\"72\" srcset=\"https:\/\/blogsaverroes.juntadeandalucia.es\/ceipmiguelhernandezdemanzanilla\/files\/2016\/03\/20160316_093542-300x225.jpg 300w, https:\/\/blogsaverroes.juntadeandalucia.es\/ceipmiguelhernandezdemanzanilla\/files\/2016\/03\/20160316_093542-1024x768.jpg 1024w, https:\/\/blogsaverroes.juntadeandalucia.es\/ceipmiguelhernandezdemanzanilla\/files\/2016\/03\/20160316_093542.jpg 1600w\" sizes=\"(max-width: 96px) 100vw, 96px\" \/><\/a><\/p>\n<p><em><strong>M\u00fasica<\/strong><\/em>: Francisco Mart\u00ednez Abad. <a href=\"http:\/\/blogsaverroes.juntadeandalucia.es\/ceipmiguelhernandezdemanzanilla\/files\/2016\/03\/20160316_093448.jpg\"><img loading=\"lazy\" decoding=\"async\" class=\"alignnone wp-image-2174\" src=\"http:\/\/blogsaverroes.juntadeandalucia.es\/ceipmiguelhernandezdemanzanilla\/files\/2016\/03\/20160316_093448-300x225.jpg\" alt=\"20160316_093448\" width=\"113\" height=\"85\" srcset=\"https:\/\/blogsaverroes.juntadeandalucia.es\/ceipmiguelhernandezdemanzanilla\/files\/2016\/03\/20160316_093448-300x225.jpg 300w, https:\/\/blogsaverroes.juntadeandalucia.es\/ceipmiguelhernandezdemanzanilla\/files\/2016\/03\/20160316_093448-1024x768.jpg 1024w, https:\/\/blogsaverroes.juntadeandalucia.es\/ceipmiguelhernandezdemanzanilla\/files\/2016\/03\/20160316_093448.jpg 1600w\" sizes=\"(max-width: 113px) 100vw, 113px\" \/><\/a><\/p>\n<p><strong>Refuerzo Pedag\u00f3gico:&nbsp;<\/strong>Jos\u00e9 Mar\u00eda Arcos&nbsp; <a href=\"https:\/\/blogsaverroes.juntadeandalucia.es\/ceipmiguelhernandezdemanzanilla\/files\/2023\/10\/IMG-20230912-WA0002.jpg\"><img loading=\"lazy\" decoding=\"async\" class=\"alignnone  wp-image-4002\" src=\"https:\/\/blogsaverroes.juntadeandalucia.es\/ceipmiguelhernandezdemanzanilla\/files\/2023\/10\/IMG-20230912-WA0002.jpg\" alt=\"\" width=\"76\" height=\"168\" srcset=\"https:\/\/blogsaverroes.juntadeandalucia.es\/ceipmiguelhernandezdemanzanilla\/files\/2023\/10\/IMG-20230912-WA0002.jpg 721w, https:\/\/blogsaverroes.juntadeandalucia.es\/ceipmiguelhernandezdemanzanilla\/files\/2023\/10\/IMG-20230912-WA0002-135x300.jpg 135w, https:\/\/blogsaverroes.juntadeandalucia.es\/ceipmiguelhernandezdemanzanilla\/files\/2023\/10\/IMG-20230912-WA0002-462x1024.jpg 462w, https:\/\/blogsaverroes.juntadeandalucia.es\/ceipmiguelhernandezdemanzanilla\/files\/2023\/10\/IMG-20230912-WA0002-768x1704.jpg 768w, https:\/\/blogsaverroes.juntadeandalucia.es\/ceipmiguelhernandezdemanzanilla\/files\/2023\/10\/IMG-20230912-WA0002-692x1536.jpg 692w\" sizes=\"(max-width: 76px) 100vw, 76px\" \/><\/a><\/p>\n<p><em><strong>Educaci\u00f3n F\u00edsica Primaria<\/strong><\/em>: Miguel Jes\u00fas Mar\u00edn Caro <a href=\"https:\/\/blogsaverroes.juntadeandalucia.es\/ceipmiguelhernandezdemanzanilla\/files\/2022\/09\/20220919_100301-rotated.jpg\"><img loading=\"lazy\" decoding=\"async\" class=\"alignnone wp-image-3403\" src=\"https:\/\/blogsaverroes.juntadeandalucia.es\/ceipmiguelhernandezdemanzanilla\/files\/2022\/09\/20220919_100301-rotated.jpg\" alt=\"\" width=\"78\" height=\"104\" srcset=\"https:\/\/blogsaverroes.juntadeandalucia.es\/ceipmiguelhernandezdemanzanilla\/files\/2022\/09\/20220919_100301-rotated.jpg 1200w, https:\/\/blogsaverroes.juntadeandalucia.es\/ceipmiguelhernandezdemanzanilla\/files\/2022\/09\/20220919_100301-225x300.jpg 225w, https:\/\/blogsaverroes.juntadeandalucia.es\/ceipmiguelhernandezdemanzanilla\/files\/2022\/09\/20220919_100301-768x1024.jpg 768w, https:\/\/blogsaverroes.juntadeandalucia.es\/ceipmiguelhernandezdemanzanilla\/files\/2022\/09\/20220919_100301-1152x1536.jpg 1152w, https:\/\/blogsaverroes.juntadeandalucia.es\/ceipmiguelhernandezdemanzanilla\/files\/2022\/09\/20220919_100301-1536x2048.jpg 1536w\" sizes=\"(max-width: 78px) 100vw, 78px\" \/><\/a>&nbsp;<\/p>\n<p>&nbsp; &nbsp; &nbsp; &nbsp; &nbsp; &nbsp; &nbsp; &nbsp; &nbsp; &nbsp; &nbsp; &nbsp; &nbsp; &nbsp; &nbsp; &nbsp; &nbsp; &nbsp; &nbsp; &nbsp; &nbsp; &nbsp; &nbsp; &nbsp; &nbsp; &nbsp; &nbsp; &nbsp; &nbsp; &nbsp; Jos\u00e9 Miguel Escobar Romero.&nbsp; <a href=\"https:\/\/blogsaverroes.juntadeandalucia.es\/ceipmiguelhernandezdemanzanilla\/files\/2022\/09\/20220919_100400-rotated.jpg\"><img loading=\"lazy\" decoding=\"async\" class=\"alignnone wp-image-3404\" src=\"https:\/\/blogsaverroes.juntadeandalucia.es\/ceipmiguelhernandezdemanzanilla\/files\/2022\/09\/20220919_100400-rotated.jpg\" alt=\"\" width=\"76\" height=\"101\" srcset=\"https:\/\/blogsaverroes.juntadeandalucia.es\/ceipmiguelhernandezdemanzanilla\/files\/2022\/09\/20220919_100400-rotated.jpg 1200w, https:\/\/blogsaverroes.juntadeandalucia.es\/ceipmiguelhernandezdemanzanilla\/files\/2022\/09\/20220919_100400-225x300.jpg 225w, https:\/\/blogsaverroes.juntadeandalucia.es\/ceipmiguelhernandezdemanzanilla\/files\/2022\/09\/20220919_100400-768x1024.jpg 768w, https:\/\/blogsaverroes.juntadeandalucia.es\/ceipmiguelhernandezdemanzanilla\/files\/2022\/09\/20220919_100400-1152x1536.jpg 1152w, https:\/\/blogsaverroes.juntadeandalucia.es\/ceipmiguelhernandezdemanzanilla\/files\/2022\/09\/20220919_100400-1536x2048.jpg 1536w\" sizes=\"(max-width: 76px) 100vw, 76px\" \/><\/a><\/p>\n<p><em><strong>Religi\u00f3n Primaria<\/strong><\/em>: Juan Luis Vera P\u00e9rez <a href=\"https:\/\/blogsaverroes.juntadeandalucia.es\/ceipmiguelhernandezdemanzanilla\/files\/2016\/03\/20160304_132058-e1458120331567.jpg\"><img loading=\"lazy\" decoding=\"async\" class=\"alignnone wp-image-2181\" src=\"https:\/\/blogsaverroes.juntadeandalucia.es\/ceipmiguelhernandezdemanzanilla\/files\/2016\/03\/20160304_132058-e1458120331567-300x225.jpg\" alt=\"\" width=\"108\" height=\"81\" srcset=\"https:\/\/blogsaverroes.juntadeandalucia.es\/ceipmiguelhernandezdemanzanilla\/files\/2016\/03\/20160304_132058-e1458120331567-300x225.jpg 300w, https:\/\/blogsaverroes.juntadeandalucia.es\/ceipmiguelhernandezdemanzanilla\/files\/2016\/03\/20160304_132058-e1458120331567-1024x768.jpg 1024w, https:\/\/blogsaverroes.juntadeandalucia.es\/ceipmiguelhernandezdemanzanilla\/files\/2016\/03\/20160304_132058-e1458120331567.jpg 1600w\" sizes=\"(max-width: 108px) 100vw, 108px\" \/><\/a><\/p>\n<p><em><strong>PT<\/strong><\/em>: Ana Cobos Cabez\u00f3n <a href=\"http:\/\/blogsaverroes.juntadeandalucia.es\/ceipmiguelhernandezdemanzanilla\/files\/2016\/03\/20160304_131051.jpg\"><img loading=\"lazy\" decoding=\"async\" class=\"alignnone wp-image-2148\" src=\"http:\/\/blogsaverroes.juntadeandalucia.es\/ceipmiguelhernandezdemanzanilla\/files\/2016\/03\/20160304_131051-300x225.jpg\" alt=\"20160304_131051\" width=\"108\" height=\"81\" srcset=\"https:\/\/blogsaverroes.juntadeandalucia.es\/ceipmiguelhernandezdemanzanilla\/files\/2016\/03\/20160304_131051-300x225.jpg 300w, https:\/\/blogsaverroes.juntadeandalucia.es\/ceipmiguelhernandezdemanzanilla\/files\/2016\/03\/20160304_131051-1024x768.jpg 1024w, https:\/\/blogsaverroes.juntadeandalucia.es\/ceipmiguelhernandezdemanzanilla\/files\/2016\/03\/20160304_131051.jpg 1600w\" sizes=\"(max-width: 108px) 100vw, 108px\" \/><\/a><\/p>\n<p><em><strong>Geograf\u00eda e Historia ESO<\/strong><\/em>: Diego Recio Castizo <a href=\"http:\/\/blogsaverroes.juntadeandalucia.es\/ceipmiguelhernandezdemanzanilla\/files\/2016\/03\/20160304_131128.jpg\"><img loading=\"lazy\" decoding=\"async\" class=\"alignnone wp-image-2149\" src=\"http:\/\/blogsaverroes.juntadeandalucia.es\/ceipmiguelhernandezdemanzanilla\/files\/2016\/03\/20160304_131128-300x225.jpg\" alt=\"20160304_131128\" width=\"89\" height=\"67\" srcset=\"https:\/\/blogsaverroes.juntadeandalucia.es\/ceipmiguelhernandezdemanzanilla\/files\/2016\/03\/20160304_131128-300x225.jpg 300w, https:\/\/blogsaverroes.juntadeandalucia.es\/ceipmiguelhernandezdemanzanilla\/files\/2016\/03\/20160304_131128-1024x768.jpg 1024w, https:\/\/blogsaverroes.juntadeandalucia.es\/ceipmiguelhernandezdemanzanilla\/files\/2016\/03\/20160304_131128.jpg 1600w\" sizes=\"(max-width: 89px) 100vw, 89px\" \/><\/a><\/p>\n<p><em><strong>Religi\u00f3n ESO<\/strong><\/em>: Juan M. Rufo. <strong><a href=\"https:\/\/blogsaverroes.juntadeandalucia.es\/ceipmiguelhernandezdemanzanilla\/files\/2021\/10\/thumbnail_IMG_20211015_122429.jpg\"><img loading=\"lazy\" decoding=\"async\" class=\"alignnone wp-image-3175\" src=\"https:\/\/blogsaverroes.juntadeandalucia.es\/ceipmiguelhernandezdemanzanilla\/files\/2021\/10\/thumbnail_IMG_20211015_122429.jpg\" alt=\"\" width=\"126\" height=\"71\" srcset=\"https:\/\/blogsaverroes.juntadeandalucia.es\/ceipmiguelhernandezdemanzanilla\/files\/2021\/10\/thumbnail_IMG_20211015_122429.jpg 1280w, https:\/\/blogsaverroes.juntadeandalucia.es\/ceipmiguelhernandezdemanzanilla\/files\/2021\/10\/thumbnail_IMG_20211015_122429-300x169.jpg 300w, https:\/\/blogsaverroes.juntadeandalucia.es\/ceipmiguelhernandezdemanzanilla\/files\/2021\/10\/thumbnail_IMG_20211015_122429-1024x576.jpg 1024w, https:\/\/blogsaverroes.juntadeandalucia.es\/ceipmiguelhernandezdemanzanilla\/files\/2021\/10\/thumbnail_IMG_20211015_122429-768x432.jpg 768w\" sizes=\"(max-width: 126px) 100vw, 126px\" \/><\/a><\/strong><\/p>\n<p><em><strong>Ingl\u00e9s Infantil y Primaria<\/strong><\/em>:&nbsp; Yaxmina S\u00e1nchez del Cura <a href=\"https:\/\/blogsaverroes.juntadeandalucia.es\/ceipmiguelhernandezdemanzanilla\/files\/2023\/10\/20231006_112252-scaled.jpg\"><img loading=\"lazy\" decoding=\"async\" class=\"alignnone  wp-image-4000\" src=\"https:\/\/blogsaverroes.juntadeandalucia.es\/ceipmiguelhernandezdemanzanilla\/files\/2023\/10\/20231006_112252-scaled.jpg\" alt=\"\" width=\"91\" height=\"91\" srcset=\"https:\/\/blogsaverroes.juntadeandalucia.es\/ceipmiguelhernandezdemanzanilla\/files\/2023\/10\/20231006_112252-scaled.jpg 1600w, https:\/\/blogsaverroes.juntadeandalucia.es\/ceipmiguelhernandezdemanzanilla\/files\/2023\/10\/20231006_112252-300x300.jpg 300w, https:\/\/blogsaverroes.juntadeandalucia.es\/ceipmiguelhernandezdemanzanilla\/files\/2023\/10\/20231006_112252-1024x1024.jpg 1024w, https:\/\/blogsaverroes.juntadeandalucia.es\/ceipmiguelhernandezdemanzanilla\/files\/2023\/10\/20231006_112252-150x150.jpg 150w, https:\/\/blogsaverroes.juntadeandalucia.es\/ceipmiguelhernandezdemanzanilla\/files\/2023\/10\/20231006_112252-768x768.jpg 768w, https:\/\/blogsaverroes.juntadeandalucia.es\/ceipmiguelhernandezdemanzanilla\/files\/2023\/10\/20231006_112252-1536x1536.jpg 1536w, https:\/\/blogsaverroes.juntadeandalucia.es\/ceipmiguelhernandezdemanzanilla\/files\/2023\/10\/20231006_112252-2048x2048.jpg 2048w\" sizes=\"(max-width: 91px) 100vw, 91px\" \/><\/a><\/p>\n<p><em><strong>Monitora necesidades educativas<\/strong><\/em>: Virginia Fern\u00e1ndez Rodr\u00edguez <strong><a href=\"https:\/\/blogsaverroes.juntadeandalucia.es\/ceipmiguelhernandezdemanzanilla\/files\/2020\/11\/IMG-20201115-WA0003.jpg\"><img loading=\"lazy\" decoding=\"async\" class=\"alignnone wp-image-3097\" src=\"https:\/\/blogsaverroes.juntadeandalucia.es\/ceipmiguelhernandezdemanzanilla\/files\/2020\/11\/IMG-20201115-WA0003.jpg\" alt=\"\" width=\"75\" height=\"120\" srcset=\"https:\/\/blogsaverroes.juntadeandalucia.es\/ceipmiguelhernandezdemanzanilla\/files\/2020\/11\/IMG-20201115-WA0003.jpg 1001w, https:\/\/blogsaverroes.juntadeandalucia.es\/ceipmiguelhernandezdemanzanilla\/files\/2020\/11\/IMG-20201115-WA0003-188x300.jpg 188w, https:\/\/blogsaverroes.juntadeandalucia.es\/ceipmiguelhernandezdemanzanilla\/files\/2020\/11\/IMG-20201115-WA0003-641x1024.jpg 641w, https:\/\/blogsaverroes.juntadeandalucia.es\/ceipmiguelhernandezdemanzanilla\/files\/2020\/11\/IMG-20201115-WA0003-768x1228.jpg 768w, https:\/\/blogsaverroes.juntadeandalucia.es\/ceipmiguelhernandezdemanzanilla\/files\/2020\/11\/IMG-20201115-WA0003-961x1536.jpg 961w, https:\/\/blogsaverroes.juntadeandalucia.es\/ceipmiguelhernandezdemanzanilla\/files\/2020\/11\/IMG-20201115-WA0003-15x24.jpg 15w, https:\/\/blogsaverroes.juntadeandalucia.es\/ceipmiguelhernandezdemanzanilla\/files\/2020\/11\/IMG-20201115-WA0003-23x36.jpg 23w, https:\/\/blogsaverroes.juntadeandalucia.es\/ceipmiguelhernandezdemanzanilla\/files\/2020\/11\/IMG-20201115-WA0003-30x48.jpg 30w\" sizes=\"(max-width: 75px) 100vw, 75px\" \/><\/a><\/strong><\/p>\n<p><strong>Administrativa:&nbsp;<\/strong><span style=\"color: #800080\">&nbsp;<span style=\"color: #000000\">Pilar \u00c1lvarez Mairena.&nbsp;<a href=\"http:\/\/blogsaverroes.juntadeandalucia.es\/ceipmiguelhernandezdemanzanilla\/files\/2016\/03\/20160304_131330.jpg\"><img loading=\"lazy\" decoding=\"async\" class=\"alignnone wp-image-2158\" src=\"http:\/\/blogsaverroes.juntadeandalucia.es\/ceipmiguelhernandezdemanzanilla\/files\/2016\/03\/20160304_131330-300x225.jpg\" alt=\"20160304_131330\" width=\"83\" height=\"62\" srcset=\"https:\/\/blogsaverroes.juntadeandalucia.es\/ceipmiguelhernandezdemanzanilla\/files\/2016\/03\/20160304_131330-300x225.jpg 300w, https:\/\/blogsaverroes.juntadeandalucia.es\/ceipmiguelhernandezdemanzanilla\/files\/2016\/03\/20160304_131330-1024x768.jpg 1024w, https:\/\/blogsaverroes.juntadeandalucia.es\/ceipmiguelhernandezdemanzanilla\/files\/2016\/03\/20160304_131330.jpg 1600w\" sizes=\"(max-width: 83px) 100vw, 83px\" \/><\/a><\/span><\/span><\/p>\n<p><strong>Ingl\u00e9s, Tecnolog\u00eda y Rob\u00f3tica Secundaria: <\/strong>Juan Luis Gonz\u00e1lez Garc\u00eda.<strong> &nbsp;<a href=\"https:\/\/blogsaverroes.juntadeandalucia.es\/ceipmiguelhernandezdemanzanilla\/files\/2022\/09\/20220921_130659-scaled.jpg\"><img loading=\"lazy\" decoding=\"async\" class=\"alignnone wp-image-3421\" src=\"https:\/\/blogsaverroes.juntadeandalucia.es\/ceipmiguelhernandezdemanzanilla\/files\/2022\/09\/20220921_130659-scaled.jpg\" alt=\"\" width=\"66\" height=\"87\" srcset=\"https:\/\/blogsaverroes.juntadeandalucia.es\/ceipmiguelhernandezdemanzanilla\/files\/2022\/09\/20220921_130659-scaled.jpg 1221w, https:\/\/blogsaverroes.juntadeandalucia.es\/ceipmiguelhernandezdemanzanilla\/files\/2022\/09\/20220921_130659-229x300.jpg 229w, https:\/\/blogsaverroes.juntadeandalucia.es\/ceipmiguelhernandezdemanzanilla\/files\/2022\/09\/20220921_130659-781x1024.jpg 781w, https:\/\/blogsaverroes.juntadeandalucia.es\/ceipmiguelhernandezdemanzanilla\/files\/2022\/09\/20220921_130659-768x1007.jpg 768w, https:\/\/blogsaverroes.juntadeandalucia.es\/ceipmiguelhernandezdemanzanilla\/files\/2022\/09\/20220921_130659-1172x1536.jpg 1172w, https:\/\/blogsaverroes.juntadeandalucia.es\/ceipmiguelhernandezdemanzanilla\/files\/2022\/09\/20220921_130659-1562x2048.jpg 1562w\" sizes=\"(max-width: 66px) 100vw, 66px\" \/><\/a><br \/>\n<\/strong><\/p>\n<p><strong>Franc\u00e9s: <\/strong>Isidora Cabez\u00f3n Cruz<strong> &nbsp;<a href=\"http:\/\/blogsaverroes.juntadeandalucia.es\/ceipmiguelhernandezdemanzanilla\/files\/2016\/09\/20160916_132402-e1474279554302.jpg\"><img loading=\"lazy\" decoding=\"async\" class=\"alignnone wp-image-2566\" src=\"http:\/\/blogsaverroes.juntadeandalucia.es\/ceipmiguelhernandezdemanzanilla\/files\/2016\/09\/20160916_132402-e1474279554302-300x225.jpg\" alt=\"20160916_132402\" width=\"107\" height=\"80\" srcset=\"https:\/\/blogsaverroes.juntadeandalucia.es\/ceipmiguelhernandezdemanzanilla\/files\/2016\/09\/20160916_132402-e1474279554302-300x225.jpg 300w, https:\/\/blogsaverroes.juntadeandalucia.es\/ceipmiguelhernandezdemanzanilla\/files\/2016\/09\/20160916_132402-e1474279554302-1024x768.jpg 1024w, https:\/\/blogsaverroes.juntadeandalucia.es\/ceipmiguelhernandezdemanzanilla\/files\/2016\/09\/20160916_132402-e1474279554302.jpg 1600w\" sizes=\"(max-width: 107px) 100vw, 107px\" \/><\/a><\/strong><\/p>\n<p><strong>Refuerzo Pedag\u00f3gico y Conoc. del medio Primaria: <\/strong>Aurora Garc\u00eda Laureano <strong><a href=\"http:\/\/blogsaverroes.juntadeandalucia.es\/ceipmiguelhernandezdemanzanilla\/files\/2016\/03\/20160316_101748.jpg\"><img loading=\"lazy\" decoding=\"async\" class=\"alignnone wp-image-2182\" src=\"http:\/\/blogsaverroes.juntadeandalucia.es\/ceipmiguelhernandezdemanzanilla\/files\/2016\/03\/20160316_101748-300x225.jpg\" alt=\"20160316_101748\" width=\"94\" height=\"70\" srcset=\"https:\/\/blogsaverroes.juntadeandalucia.es\/ceipmiguelhernandezdemanzanilla\/files\/2016\/03\/20160316_101748-300x225.jpg 300w, https:\/\/blogsaverroes.juntadeandalucia.es\/ceipmiguelhernandezdemanzanilla\/files\/2016\/03\/20160316_101748-1024x768.jpg 1024w, https:\/\/blogsaverroes.juntadeandalucia.es\/ceipmiguelhernandezdemanzanilla\/files\/2016\/03\/20160316_101748.jpg 1600w\" sizes=\"(max-width: 94px) 100vw, 94px\" \/><\/a><\/strong><\/p>\n<p>&nbsp;<\/p>\n<p><strong>Orientadora: <\/strong>Silvia Gonz\u00e1lez Illanes. <a href=\"https:\/\/blogsaverroes.juntadeandalucia.es\/ceipmiguelhernandezdemanzanilla\/files\/2022\/10\/fff.jpg\"><img loading=\"lazy\" decoding=\"async\" class=\"alignnone wp-image-3444\" src=\"https:\/\/blogsaverroes.juntadeandalucia.es\/ceipmiguelhernandezdemanzanilla\/files\/2022\/10\/fff.jpg\" alt=\"\" width=\"108\" height=\"144\" srcset=\"https:\/\/blogsaverroes.juntadeandalucia.es\/ceipmiguelhernandezdemanzanilla\/files\/2022\/10\/fff.jpg 960w, https:\/\/blogsaverroes.juntadeandalucia.es\/ceipmiguelhernandezdemanzanilla\/files\/2022\/10\/fff-225x300.jpg 225w, https:\/\/blogsaverroes.juntadeandalucia.es\/ceipmiguelhernandezdemanzanilla\/files\/2022\/10\/fff-768x1024.jpg 768w\" sizes=\"(max-width: 108px) 100vw, 108px\" \/><\/a><\/p>\n","protected":false},"excerpt":{"rendered":"<p>CURSO 2023\/24 TUTORES: Tutora de Infantil 3 a\u00f1os: Juana Mar\u00eda Salas Rodr\u00edguez. Tutora de Infantil 4 a\u00f1os: Mar\u00eda Romero Sol\u00eds. Tutora de Infantil 5 a\u00f1os: Roc\u00edo Camacho Gonz\u00e1lez Tutor de 1\u00ba E.P: Antonio Galiano&#46;&#46;&#46;<\/p>\n","protected":false},"author":3204,"featured_media":0,"parent":0,"menu_order":0,"comment_status":"closed","ping_status":"closed","template":"","meta":{"ngg_post_thumbnail":0,"footnotes":"","_mc_calendar":[]},"aioseo_notices":[],"_links":{"self":[{"href":"https:\/\/blogsaverroes.juntadeandalucia.es\/ceipmiguelhernandezdemanzanilla\/wp-json\/wp\/v2\/pages\/2134"}],"collection":[{"href":"https:\/\/blogsaverroes.juntadeandalucia.es\/ceipmiguelhernandezdemanzanilla\/wp-json\/wp\/v2\/pages"}],"about":[{"href":"https:\/\/blogsaverroes.juntadeandalucia.es\/ceipmiguelhernandezdemanzanilla\/wp-json\/wp\/v2\/types\/page"}],"author":[{"embeddable":true,"href":"https:\/\/blogsaverroes.juntadeandalucia.es\/ceipmiguelhernandezdemanzanilla\/wp-json\/wp\/v2\/users\/3204"}],"replies":[{"embeddable":true,"href":"https:\/\/blogsaverroes.juntadeandalucia.es\/ceipmiguelhernandezdemanzanilla\/wp-json\/wp\/v2\/comments?post=2134"}],"version-history":[{"count":46,"href":"https:\/\/blogsaverroes.juntadeandalucia.es\/ceipmiguelhernandezdemanzanilla\/wp-json\/wp\/v2\/pages\/2134\/revisions"}],"predecessor-version":[{"id":4003,"href":"https:\/\/blogsaverroes.juntadeandalucia.es\/ceipmiguelhernandezdemanzanilla\/wp-json\/wp\/v2\/pages\/2134\/revisions\/4003"}],"wp:attachment":[{"href":"https:\/\/blogsaverroes.juntadeandalucia.es\/ceipmiguelhernandezdemanzanilla\/wp-json\/wp\/v2\/media?parent=2134"}],"curies":[{"name":"wp","href":"https:\/\/api.w.org\/{rel}","templated":true}]}}