{"id":4691,"date":"2025-11-13T10:24:11","date_gmt":"2025-11-13T09:24:11","guid":{"rendered":"https:\/\/blogsaverroes.juntadeandalucia.es\/ceipmiguelservet\/?page_id=4691"},"modified":"2025-11-13T10:29:14","modified_gmt":"2025-11-13T09:29:14","slug":"inicio","status":"publish","type":"page","link":"https:\/\/blogsaverroes.juntadeandalucia.es\/ceipmiguelservet\/inicio\/","title":{"rendered":"Inicio"},"content":{"rendered":"<p data-start=\"143\" data-end=\"371\"><strong data-start=\"143\" data-end=\"175\">CEIP Miguel Servet (Balerma)<\/strong><br data-start=\"175\" data-end=\"178\" \/>Centro p\u00fablico de Educaci\u00f3n Infantil y Primaria en Balerma (El Ejido). Trabajamos por una escuela cercana, inclusiva y competente, con metodolog\u00edas activas y evaluaci\u00f3n clara para las familias.<\/p>\n<p data-start=\"373\" data-end=\"556\"><strong data-start=\"373\" data-end=\"402\">C\u00f3mo seguir las novedades<\/strong><br data-start=\"402\" data-end=\"405\" \/>Todas las comunicaciones y noticias del centro se publican en \u201cNovedades\u201d y por iPasen. Consulta tambi\u00e9n el calendario escolar y los avisos de tutor\u00eda.<\/p>\n<p data-start=\"558\" data-end=\"807\"><strong data-start=\"558\" data-end=\"582\">Servicios y contacto<\/strong><br data-start=\"582\" data-end=\"585\" \/>El centro ofrece comedor escolar y actividades complementarias. Para gestiones (matr\u00edcula, certificados, entrevistas) dir\u00edgete a Secretar\u00eda en su horario de atenci\u00f3n. Datos de contacto y localizaci\u00f3n en la p\u00e1gina \u201cCentro\u201d.<\/p>\n","protected":false},"excerpt":{"rendered":"<p>CEIP Miguel Servet (Balerma)Centro p\u00fablico de Educaci\u00f3n Infantil y Primaria en Balerma (El Ejido). Trabajamos por una escuela cercana, inclusiva y competente, con metodolog\u00edas activas y evaluaci\u00f3n clara para las familias. C\u00f3mo seguir las novedadesTodas las comunicaciones y noticias del centro se publican en \u201cNovedades\u201d y por iPasen. Consulta tambi\u00e9n el calendario escolar y los &hellip; <a href=\"https:\/\/blogsaverroes.juntadeandalucia.es\/ceipmiguelservet\/inicio\/\" class=\"more-link\">Continuar leyendo<span class=\"screen-reader-text\"> \u00abInicio\u00bb<\/span><\/a><\/p>\n","protected":false},"author":6871,"featured_media":0,"parent":0,"menu_order":0,"comment_status":"closed","ping_status":"closed","template":"","meta":{"footnotes":""},"aioseo_notices":[],"_links":{"self":[{"href":"https:\/\/blogsaverroes.juntadeandalucia.es\/ceipmiguelservet\/wp-json\/wp\/v2\/pages\/4691"}],"collection":[{"href":"https:\/\/blogsaverroes.juntadeandalucia.es\/ceipmiguelservet\/wp-json\/wp\/v2\/pages"}],"about":[{"href":"https:\/\/blogsaverroes.juntadeandalucia.es\/ceipmiguelservet\/wp-json\/wp\/v2\/types\/page"}],"author":[{"embeddable":true,"href":"https:\/\/blogsaverroes.juntadeandalucia.es\/ceipmiguelservet\/wp-json\/wp\/v2\/users\/6871"}],"replies":[{"embeddable":true,"href":"https:\/\/blogsaverroes.juntadeandalucia.es\/ceipmiguelservet\/wp-json\/wp\/v2\/comments?post=4691"}],"version-history":[{"count":2,"href":"https:\/\/blogsaverroes.juntadeandalucia.es\/ceipmiguelservet\/wp-json\/wp\/v2\/pages\/4691\/revisions"}],"predecessor-version":[{"id":4696,"href":"https:\/\/blogsaverroes.juntadeandalucia.es\/ceipmiguelservet\/wp-json\/wp\/v2\/pages\/4691\/revisions\/4696"}],"wp:attachment":[{"href":"https:\/\/blogsaverroes.juntadeandalucia.es\/ceipmiguelservet\/wp-json\/wp\/v2\/media?parent=4691"}],"curies":[{"name":"wp","href":"https:\/\/api.w.org\/{rel}","templated":true}]}}