{"id":2492,"date":"2016-09-30T09:59:35","date_gmt":"2016-09-30T08:59:35","guid":{"rendered":"http:\/\/blogsaverroes.juntadeandalucia.es\/ceipmirafloresmonachil\/?page_id=2492"},"modified":"2022-10-17T16:01:51","modified_gmt":"2022-10-17T15:01:51","slug":"bienvenida","status":"publish","type":"page","link":"https:\/\/blogsaverroes.juntadeandalucia.es\/ceipmirafloresmonachil\/bienvenida\/","title":{"rendered":"Bienvenida AMPA"},"content":{"rendered":"<h2 style=\"text-align: center\"><span style=\"color: #ff6600\">\u00a1\u00a1\u00a1\u00a1 Bienvenidas y bienvenidos !!!!!<\/span><\/h2>\n<h3 style=\"text-align: justify\"><span style=\"color: #0000ff\">AMPA San Ant\u00f3n comienza&nbsp; un curso m\u00e1s, junto al alumnado del CEIP Miraflores y todas las familias del pueblo de Monachil, con entusiasmo frente a los logros alcanzados y frente a los retos que puedan aparecer. Abrimos&nbsp; nuevamente los brazos a todo aquel o aquella que quiera unirse a esta asociaci\u00f3n sin \u00e1nimo de lucro que lucha codo a codo con todo el vecindario para mejorar la calidad de la educaci\u00f3n y de la vida de las personas m\u00e1s importantes de nuestro presente: la generaci\u00f3n futura.<\/span><\/h3>\n<h3 style=\"text-align: justify\"><span style=\"color: #0000ff\">Nuestra asociaci\u00f3n de madres y padres, familiares y amigos del alumnado del Colegio Miraflores, tiene por principal finalidad participar e intervenir en la gesti\u00f3n del centro para mejorar el sistema educativo de nuestras criaturas y asegurar el clima saludable y de buena convivencia imprescindibles para un \u00f3ptimo proceso de aprendizaje.<\/span><\/h3>\n<h3 style=\"text-align: justify\"><span style=\"color: #0000ff\">Fomentamos una relaci\u00f3n estrecha y de confianza entre el alumnado, el claustro y las familias, afianzando una buena comunicaci\u00f3n entre <a style=\"color: #0000ff\" href=\"mailto:nosotr@s\">nosotr@s<\/a> para atender las necesidades que vayan surgiendo de la forma m\u00e1s efectiva posible, poniendo todos nuestros recursos, talentos y esfuerzos en una colaboraci\u00f3n incansable para ofrecer siempre a <a style=\"color: #0000ff\" href=\"mailto:nuestr@s\">nuestr@s<\/a> <a style=\"color: #0000ff\" href=\"mailto:hij@s\">hij@s<\/a> el mejor colegio posible.<\/span><\/h3>\n<h3 style=\"text-align: justify\"><span style=\"color: #0000ff\">Si t\u00fa tambi\u00e9n quieres colaborar tienes varias opciones:<\/span><\/h3>\n<ol style=\"text-align: justify\">\n<li>\n<h3><span style=\"color: #0000ff\">Aportando la cuota de <span style=\"color: #ff6600\">15 euros por familia<\/span> (independientemente del n\u00famero de hij@s <a style=\"color: #0000ff\" href=\"mailto:matriculad@s\">matriculad@s<\/a>) o persona individual (abuelos, t\u00edos, amigos\u2026)<\/span><\/h3>\n<\/li>\n<li>\n<h3><span style=\"color: #0000ff\">Participando de las diversas tareas que ata\u00f1en a la asociaci\u00f3n y que est\u00e1n agrupadas por tem\u00e1tica y prioridad.<\/span><\/h3>\n<\/li>\n<li>\n<h3><span style=\"color: #0000ff\">Prestando tu ayuda en las distintas actividades que organizamos a lo largo del a\u00f1o.<\/span><\/h3>\n<\/li>\n<\/ol>\n<h3 style=\"text-align: justify\">&nbsp;<\/h3>\n<h3 style=\"text-align: justify\"><span style=\"color: #0000ff\">Hasta la fecha son muchos los objetivos logrados, y algunos otros que a\u00fan quedan por alcanzar son:<\/span><\/h3>\n<h3 style=\"text-align: justify\"><span style=\"color: #0000ff\">&#8211; la construcci\u00f3n del colegio nuevo que Delegaci\u00f3n y el Ayuntamiento llevan a\u00f1os prometi\u00e9ndonos<\/span><\/h3>\n<h3 style=\"text-align: justify\"><span style=\"color: #0000ff\">&#8211; dignificar el espacio que ocupa actualmente el Ciclo de Infantil y 1\u00ba de Primaria, con espacios verdes, material de motricidad gruesa y estructura para resguardarles de la lluvia)<\/span><\/h3>\n<h3 style=\"text-align: justify\"><span style=\"color: #0000ff\">&#8211; retomar el proyecto de Escuela Activa, aprovechando el dise\u00f1o del nuevo colegio.<\/span><\/h3>\n<h3 style=\"text-align: justify\"><span style=\"color: #0000ff\">&#8211; desarrollar un espacio de encuentro grupal entre el claustro y las familias, m\u00e1s informal e \u00edntimo que el Consejo Escolar.<\/span><\/h3>\n<h3 style=\"text-align: center\"><span style=\"color: #ff6600\">Tu voz es importante y tu voto puede ser definitivo para el futuro de <a style=\"color: #ff6600\" href=\"mailto:nuestr@s\">nuestr@s<\/a> <a style=\"color: #ff6600\" href=\"mailto:hij@s\">hij@s<\/a>!<\/span><\/h3>\n<p>&nbsp;<\/p>\n","protected":false},"excerpt":{"rendered":"<p>\u00a1\u00a1\u00a1\u00a1 Bienvenidas y bienvenidos !!!!! AMPA San Ant\u00f3n comienza&nbsp; un curso m\u00e1s, junto al alumnado del CEIP Miraflores y todas las familias del pueblo de Monachil, con entusiasmo frente a los logros alcanzados y&#46;&#46;&#46;<\/p>\n","protected":false},"author":3288,"featured_media":0,"parent":0,"menu_order":0,"comment_status":"open","ping_status":"open","template":"","meta":{"ngg_post_thumbnail":0,"footnotes":"","_mc_calendar":[]},"aioseo_notices":[],"_links":{"self":[{"href":"https:\/\/blogsaverroes.juntadeandalucia.es\/ceipmirafloresmonachil\/wp-json\/wp\/v2\/pages\/2492"}],"collection":[{"href":"https:\/\/blogsaverroes.juntadeandalucia.es\/ceipmirafloresmonachil\/wp-json\/wp\/v2\/pages"}],"about":[{"href":"https:\/\/blogsaverroes.juntadeandalucia.es\/ceipmirafloresmonachil\/wp-json\/wp\/v2\/types\/page"}],"author":[{"embeddable":true,"href":"https:\/\/blogsaverroes.juntadeandalucia.es\/ceipmirafloresmonachil\/wp-json\/wp\/v2\/users\/3288"}],"replies":[{"embeddable":true,"href":"https:\/\/blogsaverroes.juntadeandalucia.es\/ceipmirafloresmonachil\/wp-json\/wp\/v2\/comments?post=2492"}],"version-history":[{"count":6,"href":"https:\/\/blogsaverroes.juntadeandalucia.es\/ceipmirafloresmonachil\/wp-json\/wp\/v2\/pages\/2492\/revisions"}],"predecessor-version":[{"id":5410,"href":"https:\/\/blogsaverroes.juntadeandalucia.es\/ceipmirafloresmonachil\/wp-json\/wp\/v2\/pages\/2492\/revisions\/5410"}],"wp:attachment":[{"href":"https:\/\/blogsaverroes.juntadeandalucia.es\/ceipmirafloresmonachil\/wp-json\/wp\/v2\/media?parent=2492"}],"curies":[{"name":"wp","href":"https:\/\/api.w.org\/{rel}","templated":true}]}}