{"id":5403,"date":"2022-10-17T11:48:28","date_gmt":"2022-10-17T10:48:28","guid":{"rendered":"https:\/\/blogsaverroes.juntadeandalucia.es\/ceipmirafloresmonachil\/?page_id=5403"},"modified":"2023-10-24T12:22:02","modified_gmt":"2023-10-24T11:22:02","slug":"erasmus-days","status":"publish","type":"page","link":"https:\/\/blogsaverroes.juntadeandalucia.es\/ceipmirafloresmonachil\/erasmus-days\/","title":{"rendered":"ERASMUS DAYS"},"content":{"rendered":"<h3 style=\"text-align: center\"><span style=\"color: #ff6600\"><strong>ERASMUS DAYS 2023<\/strong><\/span><\/h3>\n<p><a href=\"https:\/\/blogsaverroes.juntadeandalucia.es\/ceipmirafloresmonachil\/files\/2023\/10\/IMG-20231024-WA0016.jpg\"><img loading=\"lazy\" decoding=\"async\" class=\"wp-image-5862 aligncenter\" src=\"https:\/\/blogsaverroes.juntadeandalucia.es\/ceipmirafloresmonachil\/files\/2023\/10\/IMG-20231024-WA0016.jpg\" alt=\"\" width=\"601\" height=\"600\" srcset=\"https:\/\/blogsaverroes.juntadeandalucia.es\/ceipmirafloresmonachil\/files\/2023\/10\/IMG-20231024-WA0016.jpg 601w, https:\/\/blogsaverroes.juntadeandalucia.es\/ceipmirafloresmonachil\/files\/2023\/10\/IMG-20231024-WA0016-300x300.jpg 300w, https:\/\/blogsaverroes.juntadeandalucia.es\/ceipmirafloresmonachil\/files\/2023\/10\/IMG-20231024-WA0016-150x150.jpg 150w\" sizes=\"(max-width: 601px) 100vw, 601px\" \/><\/a><\/p>\n<h3><span style=\"color: #000080\"><span style=\"color: #0000ff\"><strong>Con motivo de los Erasmus Days celebrados del 9 al 14 de octubre , los alumnos de 6 de Primaria en el \u00e1rea de Valores y con los ODS presentes, han preparado una canci\u00f3n sobre el ahorro energ\u00e9tico asociados a nuestros objetivos del Proyecto Erasmus en l\u00ednea con el Pacto Verde Europeo. En este sentido, apostamos por un mayor nivel de ambici\u00f3n clim\u00e1tico , suministros de energ\u00eda limpia, asequible y segura, un uso eficiente de la energ\u00eda y los recursos etc<\/strong><\/span>.<\/span><\/h3>\n<p style=\"text-align: right\"><a href=\"https:\/\/youtu.be\/1mZ3g_r2tVk?feature=shared\"><iframe loading=\"lazy\" src=\"\/\/www.youtube.com\/embed\/1mZ3g_r2tVk?feature=shared\" width=\"560\" height=\"314\"><\/iframe><\/a><\/p>\n<p>_____________________________________________<\/p>\n<h3 style=\"text-align: center\"><strong><span style=\"color: #ff6600\">ERASMUS DAYS 2022<\/span><\/strong><\/h3>\n<h3 style=\"text-align: left\"><span style=\"color: #0000ff\">En estos d\u00edas se han celebrado en toda Europa los #ERASMUSDAYS, y en el CEIP \u201cMiraflores\u201d hemos querido participar de esta semana tan especial para el proyecto Erasmus. Nuestro centro participa desde hace dos cursos en este proyecto Europeo y, actualmente, estamos inmersos la preparaci\u00f3n de la&nbsp; movilidad dirigida hacia nuestro alumnado. Con motivo de los #ERASMUSDAYS hemos querido darles visibilidad a algunas actividades realizadas en el centro (concienciaci\u00f3n sobre la dimensi\u00f3n europea) &nbsp;<\/span><\/h3>\n<h3 style=\"text-align: justify\"><span style=\"color: #0000ff\">En el presente curso, se est\u00e1n retomando las acciones de movilidad a otros pa\u00edses. En los pr\u00f3ximos meses algunos de nuestros maestros y maestras&nbsp; participar\u00e1n en diversas formaciones en Roma, Lisboa y Finlandia. El CEIP Miraflores camina hacia una educaci\u00f3n sostenible.<\/span><\/h3>\n<h3><a href=\"https:\/\/blogsaverroes.juntadeandalucia.es\/ceipmirafloresmonachil\/files\/2022\/10\/WhatsApp-Image-2022-10-17-at-11.45.06-AM.jpeg\"><img loading=\"lazy\" decoding=\"async\" class=\"aligncenter size-full wp-image-5401\" src=\"https:\/\/blogsaverroes.juntadeandalucia.es\/ceipmirafloresmonachil\/files\/2022\/10\/WhatsApp-Image-2022-10-17-at-11.45.06-AM.jpeg\" alt=\"\" width=\"1600\" height=\"1200\" srcset=\"https:\/\/blogsaverroes.juntadeandalucia.es\/ceipmirafloresmonachil\/files\/2022\/10\/WhatsApp-Image-2022-10-17-at-11.45.06-AM.jpeg 1600w, https:\/\/blogsaverroes.juntadeandalucia.es\/ceipmirafloresmonachil\/files\/2022\/10\/WhatsApp-Image-2022-10-17-at-11.45.06-AM-300x225.jpeg 300w, https:\/\/blogsaverroes.juntadeandalucia.es\/ceipmirafloresmonachil\/files\/2022\/10\/WhatsApp-Image-2022-10-17-at-11.45.06-AM-1024x768.jpeg 1024w, https:\/\/blogsaverroes.juntadeandalucia.es\/ceipmirafloresmonachil\/files\/2022\/10\/WhatsApp-Image-2022-10-17-at-11.45.06-AM-768x576.jpeg 768w, https:\/\/blogsaverroes.juntadeandalucia.es\/ceipmirafloresmonachil\/files\/2022\/10\/WhatsApp-Image-2022-10-17-at-11.45.06-AM-1536x1152.jpeg 1536w\" sizes=\"(max-width: 1600px) 100vw, 1600px\" \/><\/a><\/h3>\n","protected":false},"excerpt":{"rendered":"<p>ERASMUS DAYS 2023 Con motivo de los Erasmus Days celebrados del 9 al 14 de octubre , los alumnos de 6 de Primaria en el \u00e1rea de Valores y con los ODS presentes, han&#46;&#46;&#46;<\/p>\n","protected":false},"author":3288,"featured_media":0,"parent":0,"menu_order":0,"comment_status":"closed","ping_status":"closed","template":"","meta":{"ngg_post_thumbnail":0,"footnotes":"","_mc_calendar":[]},"aioseo_notices":[],"_links":{"self":[{"href":"https:\/\/blogsaverroes.juntadeandalucia.es\/ceipmirafloresmonachil\/wp-json\/wp\/v2\/pages\/5403"}],"collection":[{"href":"https:\/\/blogsaverroes.juntadeandalucia.es\/ceipmirafloresmonachil\/wp-json\/wp\/v2\/pages"}],"about":[{"href":"https:\/\/blogsaverroes.juntadeandalucia.es\/ceipmirafloresmonachil\/wp-json\/wp\/v2\/types\/page"}],"author":[{"embeddable":true,"href":"https:\/\/blogsaverroes.juntadeandalucia.es\/ceipmirafloresmonachil\/wp-json\/wp\/v2\/users\/3288"}],"replies":[{"embeddable":true,"href":"https:\/\/blogsaverroes.juntadeandalucia.es\/ceipmirafloresmonachil\/wp-json\/wp\/v2\/comments?post=5403"}],"version-history":[{"count":4,"href":"https:\/\/blogsaverroes.juntadeandalucia.es\/ceipmirafloresmonachil\/wp-json\/wp\/v2\/pages\/5403\/revisions"}],"predecessor-version":[{"id":5865,"href":"https:\/\/blogsaverroes.juntadeandalucia.es\/ceipmirafloresmonachil\/wp-json\/wp\/v2\/pages\/5403\/revisions\/5865"}],"wp:attachment":[{"href":"https:\/\/blogsaverroes.juntadeandalucia.es\/ceipmirafloresmonachil\/wp-json\/wp\/v2\/media?parent=5403"}],"curies":[{"name":"wp","href":"https:\/\/api.w.org\/{rel}","templated":true}]}}