{"id":7576,"date":"2026-02-13T10:52:58","date_gmt":"2026-02-13T09:52:58","guid":{"rendered":"https:\/\/blogsaverroes.juntadeandalucia.es\/ceipmirafloresmonachil\/?page_id=7576"},"modified":"2026-03-06T09:42:20","modified_gmt":"2026-03-06T08:42:20","slug":"reto-del-coe","status":"publish","type":"page","link":"https:\/\/blogsaverroes.juntadeandalucia.es\/ceipmirafloresmonachil\/reto-del-coe\/","title":{"rendered":"RETO DEL COE"},"content":{"rendered":"<h1><span style=\"color: #0000ff\"><a href=\"https:\/\/blogsaverroes.juntadeandalucia.es\/ceipmirafloresmonachil\/files\/2026\/02\/MIERCOLES-19-de-febrero.png\"><img loading=\"lazy\" decoding=\"async\" class=\"alignnone size-full wp-image-7568\" src=\"https:\/\/blogsaverroes.juntadeandalucia.es\/ceipmirafloresmonachil\/files\/2026\/02\/MIERCOLES-19-de-febrero.png\" alt=\"\" width=\"1587\" height=\"2245\" srcset=\"https:\/\/blogsaverroes.juntadeandalucia.es\/ceipmirafloresmonachil\/files\/2026\/02\/MIERCOLES-19-de-febrero.png 1587w, https:\/\/blogsaverroes.juntadeandalucia.es\/ceipmirafloresmonachil\/files\/2026\/02\/MIERCOLES-19-de-febrero-212x300.png 212w, https:\/\/blogsaverroes.juntadeandalucia.es\/ceipmirafloresmonachil\/files\/2026\/02\/MIERCOLES-19-de-febrero-724x1024.png 724w, https:\/\/blogsaverroes.juntadeandalucia.es\/ceipmirafloresmonachil\/files\/2026\/02\/MIERCOLES-19-de-febrero-768x1086.png 768w, https:\/\/blogsaverroes.juntadeandalucia.es\/ceipmirafloresmonachil\/files\/2026\/02\/MIERCOLES-19-de-febrero-1086x1536.png 1086w, https:\/\/blogsaverroes.juntadeandalucia.es\/ceipmirafloresmonachil\/files\/2026\/02\/MIERCOLES-19-de-febrero-1448x2048.png 1448w\" sizes=\"(max-width: 1587px) 100vw, 1587px\" \/><\/a>Proyecto RETO del COE: deporte, paz y convivencia<\/span><\/h1>\n<p><span style=\"color: #0000ff\">Dentro del marco del&nbsp;Olympic Festival&nbsp;y de la celebraci\u00f3n del&nbsp;D\u00eda Escolar de la No Violencia y la Paz, el CEIP Miraflores incorpora una actuaci\u00f3n educativa de gran valor formativo: la participaci\u00f3n en el&nbsp;Proyecto RETO, impulsado por el&nbsp;Comit\u00e9 Ol\u00edmpico Espa\u00f1ol.<\/span><\/p>\n<p><span style=\"color: #0000ff\">El&nbsp;Proyecto RETO&nbsp;es una iniciativa europea que lucha contra el&nbsp;discurso de odio y los delitos de odio en el deporte, promoviendo valores como el respeto, la igualdad, la inclusi\u00f3n y el juego limpio. Parte de una idea fundamental:<\/span><br \/>\n<span style=\"color: #0000ff\">el deporte debe ser un espacio seguro, educativo y libre de cualquier forma de violencia o discriminaci\u00f3n.<\/span><\/p>\n<hr>\n<h2><span style=\"color: #0000ff\">El deporte como herramienta para la paz<\/span><\/h2>\n<p><span style=\"color: #0000ff\">El Olympic Festival nace con el objetivo de educar a nuestro alumnado a trav\u00e9s del deporte, no solo desde la actividad f\u00edsica, sino tambi\u00e9n desde los valores que lo acompa\u00f1an. En este sentido, el Proyecto RETO conecta directamente con la&nbsp;cultura de paz, uno de los ejes principales de nuestro centro.<\/span><\/p>\n<p><span style=\"color: #0000ff\">A trav\u00e9s del deporte, el alumnado aprende que:<\/span><\/p>\n<ul>\n<li><span style=\"color: #0000ff\">Las palabras importan y pueden herir o construir.<\/span><\/li>\n<li><span style=\"color: #0000ff\">El respeto al otro es tan importante como el resultado.<\/span><\/li>\n<li><span style=\"color: #0000ff\">No hay lugar para el odio, la discriminaci\u00f3n o la exclusi\u00f3n.<\/span><\/li>\n<li><span style=\"color: #0000ff\">La convivencia se entrena cada d\u00eda, dentro y fuera del juego.<\/span><\/li>\n<\/ul>\n<hr>\n<h2><span style=\"color: #0000ff\">Charla educativa para el Tercer Ciclo<\/span><\/h2>\n<p><span style=\"color: #0000ff\">Como parte de esta propuesta, el alumnado de&nbsp;Tercer Ciclo&nbsp;&nbsp;participa en una&nbsp;charla educativa vinculada al Proyecto RETO, en la que se reflexiona sobre:<\/span><\/p>\n<ul>\n<li><span style=\"color: #0000ff\">Qu\u00e9 es el discurso de odio y c\u00f3mo aparece en el deporte y en la vida diaria.<\/span><\/li>\n<li><span style=\"color: #0000ff\">C\u00f3mo actuar ante insultos, burlas o actitudes discriminatorias.<\/span><\/li>\n<li><span style=\"color: #0000ff\">El papel del alumnado como agentes activos de convivencia y respeto.<\/span><\/li>\n<li><span style=\"color: #0000ff\">Los valores del olimpismo como modelo de comportamiento.<\/span><\/li>\n<\/ul>\n<p><span style=\"color: #0000ff\">Esta actividad refuerza el mensaje del&nbsp;D\u00eda de la Paz, ayudando al alumnado a comprender que la paz no es solo la ausencia de conflicto, sino una actitud diaria basada en el respeto, la empat\u00eda y la responsabilidad personal y que la paz hay que construirla.<\/span><\/p>\n","protected":false},"excerpt":{"rendered":"<p>Proyecto RETO del COE: deporte, paz y convivencia Dentro del marco del&nbsp;Olympic Festival&nbsp;y de la celebraci\u00f3n del&nbsp;D\u00eda Escolar de la No Violencia y la Paz, el CEIP Miraflores incorpora una actuaci\u00f3n educativa de gran&#46;&#46;&#46;<\/p>\n","protected":false},"author":3288,"featured_media":0,"parent":0,"menu_order":0,"comment_status":"closed","ping_status":"closed","template":"","meta":{"ngg_post_thumbnail":0,"footnotes":"","_mc_calendar":[]},"aioseo_notices":[],"_links":{"self":[{"href":"https:\/\/blogsaverroes.juntadeandalucia.es\/ceipmirafloresmonachil\/wp-json\/wp\/v2\/pages\/7576"}],"collection":[{"href":"https:\/\/blogsaverroes.juntadeandalucia.es\/ceipmirafloresmonachil\/wp-json\/wp\/v2\/pages"}],"about":[{"href":"https:\/\/blogsaverroes.juntadeandalucia.es\/ceipmirafloresmonachil\/wp-json\/wp\/v2\/types\/page"}],"author":[{"embeddable":true,"href":"https:\/\/blogsaverroes.juntadeandalucia.es\/ceipmirafloresmonachil\/wp-json\/wp\/v2\/users\/3288"}],"replies":[{"embeddable":true,"href":"https:\/\/blogsaverroes.juntadeandalucia.es\/ceipmirafloresmonachil\/wp-json\/wp\/v2\/comments?post=7576"}],"version-history":[{"count":2,"href":"https:\/\/blogsaverroes.juntadeandalucia.es\/ceipmirafloresmonachil\/wp-json\/wp\/v2\/pages\/7576\/revisions"}],"predecessor-version":[{"id":7607,"href":"https:\/\/blogsaverroes.juntadeandalucia.es\/ceipmirafloresmonachil\/wp-json\/wp\/v2\/pages\/7576\/revisions\/7607"}],"wp:attachment":[{"href":"https:\/\/blogsaverroes.juntadeandalucia.es\/ceipmirafloresmonachil\/wp-json\/wp\/v2\/media?parent=7576"}],"curies":[{"name":"wp","href":"https:\/\/api.w.org\/{rel}","templated":true}]}}