{"id":2399,"date":"2021-05-31T10:54:48","date_gmt":"2021-05-31T10:54:48","guid":{"rendered":"https:\/\/blogsaverroes.juntadeandalucia.es\/ceipmiragenil\/?page_id=2399"},"modified":"2021-06-08T10:56:20","modified_gmt":"2021-06-08T10:56:20","slug":"historia-del-centro","status":"publish","type":"page","link":"https:\/\/blogsaverroes.juntadeandalucia.es\/ceipmiragenil\/historia-del-centro\/","title":{"rendered":"Historia del Centro"},"content":{"rendered":"<p style=\"text-align: left\">&nbsp; El C.E.I.P. \u201cMiragenil\u201d, llamado cuando se construy\u00f3 Grupo Escolar \u201cDelgado Bruz\u00f3n\u201d, en honor al alcalde de Puente Genil que hab\u00eda en 1.911, del Partido Liberal, tom\u00f3 el segundo nombre, C.E.I.P. \u201cRamiro de Maeztu\u201d en la \u00e9poca de la Dictadura del General Franco por los azares de la vida pol\u00edtica espa\u00f1ola. Nuestro centro est\u00e1 instalado sobre el solar destinado a cementerio denominado del \u201cCristo de los Olvidados\u201d en el barrio de <strong>Miragenil<\/strong>, como rezaba en una columna monumental en recuerdo de homicidio cometido entre dos primos hermanos en resultas de un desaf\u00edo por cuestiones amorosas. Dicha columna estuvo hasta hace pocos a\u00f1os situada en el patio lateral izquierdo, donde actualmente est\u00e1 enclavado el dep\u00f3sito de la calefacci\u00f3n de E. Primaria.<\/p>\n<p>&nbsp; El acto de la colocaci\u00f3n de \u201cla primera piedra\u201d tuvo lugar el martes 3 de mayo de 1.911. A tal acontecimiento concedieron las autoridades locales un relieve estruendoso y singular. El barrio de Miragenil ofrec\u00eda un soberbio aspecto. Balcones engalanados, las viviendas exornadas con flores y mucha animaci\u00f3n. All\u00ed estaba concentrado todo Puente Genil, festejando la instauraci\u00f3n de un templo para la Cultura, en el cual han nutrido su sed de sabidur\u00eda multitud de generaciones. Hablaron los se\u00f1ores Alcalde (D. Jos\u00e9 Esteban Delgado Bruz\u00f3n), Diputado por el distrito (D. Martin Rosales Martel) y el Capit\u00e1n de la Guardia Civil retirado, D. Luis Iribarren El\u00edas. Todos exaltaron las virtudes del pueblo de Puente Genil y sus afanes culturales, siendo calurosamente aplaudidos. La primera piedra contiene grabada la fecha del d\u00eda y encerr\u00e1ndose dentro de la misma varias monedas de uso corriente, un n\u00famero del semanario \u201cEL AVISO\u201d y el Acta correspondiente.<\/p>\n<p>&nbsp; Nuestro centro se llam\u00f3 Grupo Escolar, luego pas\u00f3 a llamarse Escuela Graduada, Colegio Nacional, Colegio P\u00fablico y, actualmente, Centro de E. Infantil y Primaria (C.E.I.P.).<\/p>\n<p>&nbsp; En el curso 94\/95 se hizo una gran remodelaci\u00f3n del centro, con un presupuesto superior a los 40.000.000 pts. para su adaptaci\u00f3n a la<\/p>\n<p>L.O.G.S.E. Sobre el curso 00\/01 se construyeron las nuevas aulas de E. Infantil . En el curso 10\/11 se construy\u00f3 el nuevo muro del patio inferior, tras ser derribado por una gran tormenta.<\/p>\n<p>&nbsp; En el curso 15\/16 se arregl\u00f3 el patio de abajo del centro, que estaba en malas condiciones y de tierra, haciendo una peque\u00f1a pista polideportiva y cercando el patio de E. Infantil. Se pusieron bancos para sentarse en dicho patio. Desde este patio hay unas excelentes vistas del pueblo y zona cercana al r\u00edo.<\/p>\n<p>&nbsp; En el curso 18-19, el 24 de noviembre de 2018, el Consejo Escolar del Centro aprob\u00f3 por unanimidad el actual nombre de C.E.I.P. \u201cMiragenil\u201d, tras propuesta presentada por el A.M.P.A. \u201cMiragenil y Aldeas\u201d en dicho \u00f3rgano colegiado. Posteriormente, tras informe positivo del Iltre. Ayuntamiento de Puente Genil, fue aprobado por la Consejer\u00eda de Educaci\u00f3n y Deporte, saliendo publicado en B.O.J.A. del 23 de abril de 2019 el nuevo nombre del centro (Orden de 1 de abril de 2019).<\/p>\n","protected":false},"excerpt":{"rendered":"<p>&nbsp; El C.E.I.P. \u201cMiragenil\u201d, llamado cuando se construy\u00f3 Grupo Escolar \u201cDelgado Bruz\u00f3n\u201d, en honor al alcalde de Puente Genil que hab\u00eda en 1.911, del Partido Liberal, tom\u00f3 el segundo nombre, C.E.I.P. \u201cRamiro de Maeztu\u201d&#46;&#46;&#46;<\/p>\n","protected":false},"author":10455,"featured_media":0,"parent":0,"menu_order":0,"comment_status":"closed","ping_status":"closed","template":"","meta":{"ngg_post_thumbnail":0,"footnotes":"","_mc_calendar":[]},"aioseo_notices":[],"_links":{"self":[{"href":"https:\/\/blogsaverroes.juntadeandalucia.es\/ceipmiragenil\/wp-json\/wp\/v2\/pages\/2399"}],"collection":[{"href":"https:\/\/blogsaverroes.juntadeandalucia.es\/ceipmiragenil\/wp-json\/wp\/v2\/pages"}],"about":[{"href":"https:\/\/blogsaverroes.juntadeandalucia.es\/ceipmiragenil\/wp-json\/wp\/v2\/types\/page"}],"author":[{"embeddable":true,"href":"https:\/\/blogsaverroes.juntadeandalucia.es\/ceipmiragenil\/wp-json\/wp\/v2\/users\/10455"}],"replies":[{"embeddable":true,"href":"https:\/\/blogsaverroes.juntadeandalucia.es\/ceipmiragenil\/wp-json\/wp\/v2\/comments?post=2399"}],"version-history":[{"count":4,"href":"https:\/\/blogsaverroes.juntadeandalucia.es\/ceipmiragenil\/wp-json\/wp\/v2\/pages\/2399\/revisions"}],"predecessor-version":[{"id":2405,"href":"https:\/\/blogsaverroes.juntadeandalucia.es\/ceipmiragenil\/wp-json\/wp\/v2\/pages\/2399\/revisions\/2405"}],"wp:attachment":[{"href":"https:\/\/blogsaverroes.juntadeandalucia.es\/ceipmiragenil\/wp-json\/wp\/v2\/media?parent=2399"}],"curies":[{"name":"wp","href":"https:\/\/api.w.org\/{rel}","templated":true}]}}