{"id":1883,"date":"2023-07-17T17:48:02","date_gmt":"2023-07-17T15:48:02","guid":{"rendered":"https:\/\/blogsaverroes.juntadeandalucia.es\/ceipmjav\/?page_id=1883"},"modified":"2025-11-15T17:28:30","modified_gmt":"2025-11-15T16:28:30","slug":"habitos-de-vida-saludables","status":"publish","type":"page","link":"https:\/\/blogsaverroes.juntadeandalucia.es\/ceipmjav\/habitos-de-vida-saludables\/","title":{"rendered":"PLANES Y PROYECTOS EDUCATIVOS"},"content":{"rendered":"<p>[et_pb_section fb_built=&#8221;1&#8243; _builder_version=&#8221;4.16&#8243; _module_preset=&#8221;default&#8221; background_color=&#8221;#d6d6d6&#8243; global_colors_info=&#8221;{}&#8221;][et_pb_row _builder_version=&#8221;4.16&#8243; _module_preset=&#8221;default&#8221; global_colors_info=&#8221;{}&#8221;][et_pb_column type=&#8221;4_4&#8243; _builder_version=&#8221;4.16&#8243; _module_preset=&#8221;default&#8221; global_colors_info=&#8221;{}&#8221;][et_pb_image src=&#8221;https:\/\/blogsaverroes.juntadeandalucia.es\/ceipmjav\/files\/2025\/09\/habitos-de-vida-saludables.png&#8221; title_text=&#8221;h\u00e1bitos de vida saludables&#8221; _builder_version=&#8221;4.24.2&#8243; _module_preset=&#8221;default&#8221; border_radii=&#8221;on|10px|10px|10px|10px&#8221; border_width_all=&#8221;4px&#8221; global_colors_info=&#8221;{}&#8221;][\/et_pb_image][\/et_pb_column][\/et_pb_row][et_pb_row column_structure=&#8221;1_2,1_2&#8243; _builder_version=&#8221;4.16&#8243; _module_preset=&#8221;default&#8221; background_color=&#8221;#b9d89c&#8221; border_radii=&#8221;on|10px|10px|10px|10px&#8221; border_width_all=&#8221;4px&#8221; border_color_all=&#8221;#E02B20&#8243; global_colors_info=&#8221;{}&#8221;][et_pb_column type=&#8221;1_2&#8243; _builder_version=&#8221;4.16&#8243; _module_preset=&#8221;default&#8221; global_colors_info=&#8221;{}&#8221;][et_pb_text admin_label=&#8221;Participaci\u00f3n de oficio&#8221; _builder_version=&#8221;4.24.2&#8243; _module_preset=&#8221;default&#8221; custom_margin=&#8221;0px|||10px|false|false&#8221; global_colors_info=&#8221;{}&#8221;]<\/p>\n<ul>\n<li><span style=\"color: #000000\"><strong>Programas de participaci\u00f3n de oficio:<\/strong><\/span><\/li>\n<\/ul>\n<ol>\n<li><strong><span style=\"color: #000000\">Bienestar emocional.&nbsp;<\/span><\/strong>\n<ol>\n<li><strong><span style=\"color: #000000\">Coordinadora: M\u00aa Concepci\u00f3n Sevillano Cadenas<\/span><\/strong><\/li>\n<\/ol>\n<\/li>\n<li><strong><span style=\"color: #000000\">Plan de apertura de centros docentes.&nbsp;<\/span><\/strong>\n<ol>\n<li><strong><span style=\"color: #000000\">Coordinador: Jes\u00fas \u00c1lvarez Mac\u00edas<\/span><\/strong><\/li>\n<\/ol>\n<\/li>\n<li><strong><span style=\"color: #000000\">Bibliotecas Escolares<\/span><\/strong>\n<ol>\n<li><strong><span style=\"color: #000000\">Coordinadora: Lidia L\u00f3pez P\u00e9rez<\/span><\/strong><\/li>\n<\/ol>\n<\/li>\n<li><strong><span style=\"color: #000000\">Escuela C\u00f3digo 4.0<\/span><\/strong>\n<ol>\n<li><strong><span style=\"color: #000000\">Coordinador: Jos\u00e9 Manuel Gonz\u00e1lez \u00c1lvarez<\/span><\/strong><\/li>\n<\/ol>\n<\/li>\n<li><strong><span style=\"color: #000000\">Plan de Actuaci\u00f3n Digital<\/span><\/strong>\n<ol>\n<li><strong><span style=\"color: #000000\">Coordinador: Rafael Berm\u00fadez Medina<\/span><\/strong><\/li>\n<\/ol>\n<\/li>\n<li><strong><span style=\"color: #000000\">Plan de Igualdad de G\u00e9nero en Educaci\u00f3n<\/span><\/strong>\n<ol>\n<li><strong><span style=\"color: #000000\">Coordinadora: M\u00aa Luisa Sousa P\u00e9rez<\/span><\/strong><\/li>\n<\/ol>\n<\/li>\n<\/ol>\n<p>[\/et_pb_text][et_pb_text admin_label=&#8221;Con convocatoria espec\u00edfica&#8221; _builder_version=&#8221;4.24.2&#8243; _module_preset=&#8221;default&#8221; custom_margin=&#8221;|||10px|false|false&#8221; global_colors_info=&#8221;{}&#8221;]<\/p>\n<ul>\n<li><span style=\"color: #000000\"><strong>Programa de participaci\u00f3n de Convocatoria Espec\u00edfica<\/strong><\/span><\/li>\n<\/ul>\n<ol>\n<li><strong><span style=\"color: #000000\">Programa Escolar de Consumo de Fruta, Hortaliza y Leche<\/span><\/strong>\n<ol>\n<li><strong><span style=\"color: #000000\">Coordinador: Juan Carlos Alonso Ortiz<\/span><\/strong><\/li>\n<\/ol>\n<\/li>\n<li><strong><span style=\"color: #000000\">Proyecto Aulas Verdes Abiertas<\/span><\/strong>\n<ol>\n<li><strong><span style=\"color: #000000\">Coordinadora: M\u00aa Concepci\u00f3n Sevillano Cadenas<\/span><\/strong><\/li>\n<\/ol>\n<\/li>\n<li><strong><span style=\"color: #000000\">Programa de Refuerzo, Orientaci\u00f3n y Apoyo (PROA)<\/span><\/strong>\n<ol>\n<li><strong><span style=\"color: #000000\">Coordinador: Jes\u00fas \u00c1lvarez Mac\u00edas<\/span><\/strong><\/li>\n<\/ol>\n<\/li>\n<li><strong><span style=\"color: #000000\">Programa de Refuerzo Educativo en periodo estival<\/span><\/strong>\n<ol>\n<li><strong><span style=\"color: #000000\">Coordinador: Jes\u00fas \u00c1lvarez Mac\u00edas<\/span><\/strong><\/li>\n<\/ol>\n<\/li>\n<li><strong><span style=\"color: #000000\">Pacto de Estado: Prevenci\u00f3n Violencia de G\u00e9nero<\/span><\/strong>\n<ol>\n<li><strong><span style=\"color: #000000\">Coordinadora: M\u00aa Luisa Sousa L\u00f3pez<\/span><\/strong><\/li>\n<\/ol>\n<\/li>\n<\/ol>\n<p>[\/et_pb_text][\/et_pb_column][et_pb_column type=&#8221;1_2&#8243; _builder_version=&#8221;4.16&#8243; _module_preset=&#8221;default&#8221; global_colors_info=&#8221;{}&#8221;][et_pb_text admin_label=&#8221;Sin convocatoria espec\u00edfica&#8221; _builder_version=&#8221;4.24.2&#8243; _module_preset=&#8221;default&#8221; global_colors_info=&#8221;{}&#8221;]<\/p>\n<ul>\n<li><span style=\"color: #000000\"><strong>Programas de participaci\u00f3n sin convocatoria espec\u00edfica:<\/strong><\/span><\/li>\n<\/ul>\n<ol>\n<li><strong><span style=\"color: #000000\">H\u00e1bitos de vida saludables.&nbsp;<\/span><\/strong>\n<ol>\n<li><strong><span style=\"color: #000000\">Coordinador: Juan Carlos Alonso Ortiz<\/span><\/strong><\/li>\n<\/ol>\n<\/li>\n<li><strong><span style=\"color: #000000\">Aldea. \u00c1mbito: Huertos Escolares<\/span><\/strong>\n<ol>\n<li><strong><span style=\"color: #000000\">&nbsp;Coordinador: Vicente F. Cruzado Maestre<\/span><\/strong><\/li>\n<\/ol>\n<\/li>\n<li><strong><span style=\"color: #000000\">CONRED<\/span><\/strong>\n<ol>\n<li><strong><span style=\"color: #000000\">Coordinador: Jos\u00e9 Manuel Gonz\u00e1lez \u00c1lvarez<\/span><\/strong><\/li>\n<\/ol>\n<\/li>\n<li><strong><span style=\"color: #000000\">ADA (Alumnado Ayudante Digital Andaluz)<\/span><\/strong>\n<ol>\n<li><strong><span style=\"color: #000000\">Coordinador: Juan Carlos Alonso Ortiz<\/span><\/strong><\/li>\n<\/ol>\n<\/li>\n<li><strong><span style=\"color: #000000\">Comunica. \u00c1mbito: Lectura y Escritura Funcional y Creativa&nbsp;<\/span><\/strong>\n<ol>\n<li><strong><span style=\"color: #000000\">Coordinador: Roc\u00edo de los Santos Triguero<\/span><\/strong><\/li>\n<\/ol>\n<\/li>\n<li><strong><span style=\"color: #000000\">Programas Culturales. \u00c1mbito: Artes Esc\u00e9nicas<\/span><\/strong>\n<ol>\n<li><strong><span style=\"color: #000000\">Coordinadora: M\u00f3nica Fern\u00e1ndez Morl\u00e1n<\/span><\/strong><\/li>\n<\/ol>\n<\/li>\n<li><strong><span style=\"color: #000000\">Red Andaluza Escuela Espacio de Paz<\/span><\/strong>\n<ol>\n<li><strong><span style=\"color: #000000\">Coordinadora: M\u00aa Luisa Sousa P\u00e9rez<\/span><\/strong><\/li>\n<\/ol>\n<\/li>\n<li><strong><span style=\"color: #000000\">Pr\u00e1cticum Grado Maestro<\/span><\/strong>\n<ol>\n<li><strong><span style=\"color: #000000\">Coordinador: Jes\u00fas \u00c1lvarez Mac\u00edas<\/span><\/strong><\/li>\n<\/ol>\n<\/li>\n<\/ol>\n<p>[\/et_pb_text][et_pb_text admin_label=&#8221;Otros&#8221; _builder_version=&#8221;4.24.2&#8243; _module_preset=&#8221;default&#8221; text_font=&#8221;ABeeZee|700|||||||&#8221; custom_margin=&#8221;|20px||20px|false|false&#8221; global_colors_info=&#8221;{}&#8221;]<\/p>\n<ul>\n<li><strong><span style=\"color: #000000\">Organizado por la Subdelegaci\u00f3n del Gobierno en Sevilla<\/span><\/strong><\/li>\n<\/ul>\n<ol>\n<li><span style=\"color: #000000\">Plan Director para la Convivencia y Mejora en Seguridad en los centros educativos y su entorno.<\/span>\n<ol>\n<li><span style=\"color: #000000\">Coordinador: Jes\u00fas \u00c1lvarez Mac\u00edas<\/span><\/li>\n<\/ol>\n<\/li>\n<\/ol>\n<ul>\n<li><strong><span style=\"color: #000000\">Organizados por el centro educativo<\/span><\/strong><\/li>\n<\/ul>\n<ol>\n<li><span style=\"color: #000000\">Programa de Habilidades y Gesti\u00f3n Emocional<\/span>\n<ol>\n<li><span style=\"color: #000000\">Coordinadora: Clara Isabel Fern\u00e1ndez Fern\u00e1ndez<\/span><\/li>\n<\/ol>\n<\/li>\n<\/ol>\n<p>[\/et_pb_text][\/et_pb_column][\/et_pb_row][et_pb_row admin_label=&#8221;ACTIVIDADES CURSO 25\/26&#8243; _builder_version=&#8221;4.16&#8243; _module_preset=&#8221;default&#8221; background_color=&#8221;#b9d89c&#8221; custom_margin=&#8221;10px||||false|false&#8221; border_radii=&#8221;on|10px|10px|10px|10px&#8221; border_width_all=&#8221;4px&#8221; border_color_all=&#8221;#E02B20&#8243; global_colors_info=&#8221;{}&#8221;][et_pb_column type=&#8221;4_4&#8243; _builder_version=&#8221;4.16&#8243; _module_preset=&#8221;default&#8221; global_colors_info=&#8221;{}&#8221;][et_pb_text _builder_version=&#8221;4.24.2&#8243; _module_preset=&#8221;default&#8221; text_font=&#8221;ABeeZee|700|||||||&#8221; text_orientation=&#8221;center&#8221; custom_padding=&#8221;|10px||10px|false|false&#8221; global_colors_info=&#8221;{}&#8221;]<\/p>\n<p style=\"text-align: center\"><span style=\"color: #000000\"><strong>ACTIVIDADES CURSO 25\/26<\/strong><\/span><\/p>\n<p>[\/et_pb_text][\/et_pb_column][\/et_pb_row][et_pb_row admin_label=&#8221;ACTIVIDADES CURSO 25\/26&#8243; _builder_version=&#8221;4.16&#8243; _module_preset=&#8221;default&#8221; background_color=&#8221;#b9d89c&#8221; custom_margin=&#8221;10px||||false|false&#8221; border_radii=&#8221;on|10px|10px|10px|10px&#8221; border_width_all=&#8221;4px&#8221; border_color_all=&#8221;#E02B20&#8243; global_colors_info=&#8221;{}&#8221;][et_pb_column type=&#8221;4_4&#8243; _builder_version=&#8221;4.16&#8243; _module_preset=&#8221;default&#8221; global_colors_info=&#8221;{}&#8221;][et_pb_text admin_label=&#8221;content views 25\/26&#8243; _builder_version=&#8221;4.24.2&#8243; _module_preset=&#8221;default&#8221; text_font=&#8221;ABeeZee|700|||||||&#8221; text_orientation=&#8221;center&#8221; custom_padding=&#8221;|10px||10px|false|false&#8221; hover_enabled=&#8221;0&#8243; global_colors_info=&#8221;{}&#8221; sticky_enabled=&#8221;0&#8243;]<\/p>\n<p style=\"text-align: center\"><div class=\"pt-cv-wrapper et_smooth_scroll_disabled\"><div class=\"pt-cv-view pt-cv-grid pt-cv-colsys\" id=\"pt-cv-view-67baf199jh\"><div data-id=\"pt-cv-page-1\" class=\"pt-cv-page\" data-cvc=\"4\"><div class=\"col-md-3 col-sm-6 col-xs-12 pt-cv-content-item pt-cv-1-col\" ><div class='pt-cv-ifield'><a href=\"https:\/\/blogsaverroes.juntadeandalucia.es\/ceipmjav\/frutometro-febrero\/\" class=\"_blank pt-cv-href-thumbnail pt-cv-thumb-default\" target=\"_blank\" ><img loading=\"lazy\" decoding=\"async\" width=\"211\" height=\"300\" src=\"https:\/\/blogsaverroes.juntadeandalucia.es\/ceipmjav\/files\/2026\/03\/IMG_9652-211x300.jpg\" class=\"pt-cv-thumbnail\" alt=\"\" \/><\/a>\n<h4 class=\"pt-cv-title\"><a href=\"https:\/\/blogsaverroes.juntadeandalucia.es\/ceipmjav\/frutometro-febrero\/\" class=\"_blank\" target=\"_blank\" >FRUT\u00d3METRO FEBRERO<\/a><\/h4>\n<div class=\"pt-cv-content\">Felicitamos a la clase de 2\u00ba porque han sido los ganadores del frut\u00f3metro del mes de febrero!! # menssanaincorporesano ...<br \/><div class=\"pt-cv-rmwrap\"><a href=\"https:\/\/blogsaverroes.juntadeandalucia.es\/ceipmjav\/frutometro-febrero\/\" class=\"_blank pt-cv-readmore btn btn-success\" target=\"_blank\">Leer M\u00e1s<\/a><\/div><\/div><\/div><\/div>\n<div class=\"col-md-3 col-sm-6 col-xs-12 pt-cv-content-item pt-cv-1-col\" ><div class='pt-cv-ifield'><a href=\"https:\/\/blogsaverroes.juntadeandalucia.es\/ceipmjav\/programa-escolar-de-consumo-de-frutas\/\" class=\"_blank pt-cv-href-thumbnail pt-cv-thumb-default\" target=\"_blank\" ><img loading=\"lazy\" decoding=\"async\" width=\"300\" height=\"219\" src=\"https:\/\/blogsaverroes.juntadeandalucia.es\/ceipmjav\/files\/2025\/12\/Gemini_Generated_Image_8l5yky8l5yky8l5y-300x219.png\" class=\"pt-cv-thumbnail\" alt=\"\" \/><\/a>\n<h4 class=\"pt-cv-title\"><a href=\"https:\/\/blogsaverroes.juntadeandalucia.es\/ceipmjav\/programa-escolar-de-consumo-de-frutas\/\" class=\"_blank\" target=\"_blank\" >PROGRAMA ESCOLAR DE CONSUMO DE FRUTAS<\/a><\/h4>\n<div class=\"pt-cv-content\">Nuestro centro est\u00e1 adscrito al Programa Escolar de Consumo de Frutas y Hortalizas. Esta semana hemos comenzado con el primer ...<br \/><div class=\"pt-cv-rmwrap\"><a href=\"https:\/\/blogsaverroes.juntadeandalucia.es\/ceipmjav\/programa-escolar-de-consumo-de-frutas\/\" class=\"_blank pt-cv-readmore btn btn-success\" target=\"_blank\">Leer M\u00e1s<\/a><\/div><\/div><\/div><\/div>\n<div class=\"col-md-3 col-sm-6 col-xs-12 pt-cv-content-item pt-cv-1-col\" ><div class='pt-cv-ifield'><a href=\"https:\/\/blogsaverroes.juntadeandalucia.es\/ceipmjav\/habitos-de-vida-saludable-frutometro-octubre\/\" class=\"_blank pt-cv-href-thumbnail pt-cv-thumb-default\" target=\"_blank\" ><img loading=\"lazy\" decoding=\"async\" width=\"300\" height=\"225\" src=\"https:\/\/blogsaverroes.juntadeandalucia.es\/ceipmjav\/files\/2025\/11\/577606746_1262339722598047_4166071986939326862_n-300x225.jpg\" class=\"pt-cv-thumbnail\" alt=\"\" \/><\/a>\n<h4 class=\"pt-cv-title\"><a href=\"https:\/\/blogsaverroes.juntadeandalucia.es\/ceipmjav\/habitos-de-vida-saludable-frutometro-octubre\/\" class=\"_blank\" target=\"_blank\" >H\u00c1BITOS DE VIDA SALUDABLE. FRUT\u00d3METRO OCTUBRE<\/a><\/h4>\n<div class=\"pt-cv-content\">Nuestro alumnado cada d\u00eda desarrolla h\u00e1bitos de vida saludable en su desayuno. En el frrut\u00f3metro de octubre han destacado estos ...<br \/><div class=\"pt-cv-rmwrap\"><a href=\"https:\/\/blogsaverroes.juntadeandalucia.es\/ceipmjav\/habitos-de-vida-saludable-frutometro-octubre\/\" class=\"_blank pt-cv-readmore btn btn-success\" target=\"_blank\">Leer M\u00e1s<\/a><\/div><\/div><\/div><\/div><\/div><\/div><\/div><\/p>\n<p>[\/et_pb_text][\/et_pb_column][\/et_pb_row][et_pb_row admin_label=&#8221;ACTIVIDADES CURSO 24\/25&#8243; _builder_version=&#8221;4.16&#8243; _module_preset=&#8221;default&#8221; background_color=&#8221;#b9d89c&#8221; custom_margin=&#8221;10px||||false|false&#8221; border_radii=&#8221;on|10px|10px|10px|10px&#8221; border_width_all=&#8221;4px&#8221; border_color_all=&#8221;#E02B20&#8243; global_colors_info=&#8221;{}&#8221;][et_pb_column type=&#8221;4_4&#8243; _builder_version=&#8221;4.16&#8243; _module_preset=&#8221;default&#8221; global_colors_info=&#8221;{}&#8221;][et_pb_text _builder_version=&#8221;4.24.2&#8243; _module_preset=&#8221;default&#8221; text_font=&#8221;ABeeZee|700|||||||&#8221; text_orientation=&#8221;center&#8221; custom_padding=&#8221;|10px||10px|false|false&#8221; global_colors_info=&#8221;{}&#8221;]<\/p>\n<p style=\"text-align: center\">ACTIVIDADES CURSO 24\/25<\/p>\n<p>[\/et_pb_text][\/et_pb_column][\/et_pb_row][et_pb_row admin_label=&#8221;Fila&#8221; _builder_version=&#8221;4.16&#8243; _module_preset=&#8221;default&#8221; background_color=&#8221;#b9d89c&#8221; custom_margin=&#8221;10px||10px||false|false&#8221; border_radii=&#8221;on|10px|10px|10px|10px&#8221; border_width_all=&#8221;4px&#8221; border_color_all=&#8221;#E02B20&#8243; global_colors_info=&#8221;{}&#8221;][et_pb_column type=&#8221;4_4&#8243; _builder_version=&#8221;4.16&#8243; _module_preset=&#8221;default&#8221; global_colors_info=&#8221;{}&#8221;][et_pb_text admin_label=&#8221;ENTRADAS 24\/25&#8243; _builder_version=&#8221;4.24.2&#8243; _module_preset=&#8221;default&#8221; text_font=&#8221;ABeeZee|700|||||||&#8221; text_orientation=&#8221;center&#8221; custom_padding=&#8221;|10px||10px|false|false&#8221; global_colors_info=&#8221;{}&#8221;]<\/p>\n<div class=\"pt-cv-wrapper et_smooth_scroll_disabled\"><div class=\"pt-cv-view pt-cv-grid pt-cv-colsys\" id=\"pt-cv-view-5fd1cfdtew\"><div data-id=\"pt-cv-page-1\" class=\"pt-cv-page\" data-cvc=\"4\"><div class=\"col-md-3 col-sm-6 col-xs-12 pt-cv-content-item pt-cv-1-col\" ><div class='pt-cv-ifield'><a href=\"https:\/\/blogsaverroes.juntadeandalucia.es\/ceipmjav\/una-rica-ensalada-de-nuestro-huerto\/\" class=\"_blank pt-cv-href-thumbnail pt-cv-thumb-default\" target=\"_blank\" ><img loading=\"lazy\" decoding=\"async\" width=\"300\" height=\"225\" src=\"https:\/\/blogsaverroes.juntadeandalucia.es\/ceipmjav\/files\/2025\/06\/505891874_1137387101759977_5191325032908242891_n-300x225.jpg\" class=\"pt-cv-thumbnail\" alt=\"\" \/><\/a>\n<h4 class=\"pt-cv-title\"><a href=\"https:\/\/blogsaverroes.juntadeandalucia.es\/ceipmjav\/una-rica-ensalada-de-nuestro-huerto\/\" class=\"_blank\" target=\"_blank\" >UNA RICA ENSALADA DE NUESTRO HUERTO<\/a><\/h4>\n<div class=\"pt-cv-content\">El alumnado ha disfrutado hoy de una rica ensalada preparada con los productos del huerto ...<br \/><div class=\"pt-cv-rmwrap\"><a href=\"https:\/\/blogsaverroes.juntadeandalucia.es\/ceipmjav\/una-rica-ensalada-de-nuestro-huerto\/\" class=\"_blank pt-cv-readmore btn btn-success\" target=\"_blank\">Leer M\u00e1s<\/a><\/div><\/div><\/div><\/div>\n<div class=\"col-md-3 col-sm-6 col-xs-12 pt-cv-content-item pt-cv-1-col\" ><div class='pt-cv-ifield'><a href=\"https:\/\/blogsaverroes.juntadeandalucia.es\/ceipmjav\/ganadores-del-frutometro-mes-de-marzo-25\/\" class=\"_blank pt-cv-href-thumbnail pt-cv-thumb-default\" target=\"_blank\" ><img loading=\"lazy\" decoding=\"async\" width=\"300\" height=\"224\" src=\"https:\/\/blogsaverroes.juntadeandalucia.es\/ceipmjav\/files\/2025\/04\/492350241_1101636065335081_145516018916070314_n-300x224.jpg\" class=\"pt-cv-thumbnail\" alt=\"\" \/><\/a>\n<h4 class=\"pt-cv-title\"><a href=\"https:\/\/blogsaverroes.juntadeandalucia.es\/ceipmjav\/ganadores-del-frutometro-mes-de-marzo-25\/\" class=\"_blank\" target=\"_blank\" >GANADORES DEL FRUT\u00d3METRO MES DE MARZO 25<\/a><\/h4>\n<div class=\"pt-cv-content\">[et_pb_section fb_built=\"1\" _builder_version=\"4.16\" global_colors_info=\"{}\"][et_pb_row _builder_version=\"4.16\" background_size=\"initial\" background_position=\"top_left\" background_repeat=\"repeat\" global_colors_info=\"{}\"][et_pb_column type=\"4_4\" _builder_version=\"4.16\" custom_padding=\"|||\" global_colors_info=\"{}\" custom_padding__hover=\"|||\"][et_pb_gallery gallery_ids=\"7569,7570,7571,7572,7574,7575,7576,7577,7578,7579,7580,7581,7582,7583,7584,7585,7586,7587,7588,7589,7590\" ...<br \/><div class=\"pt-cv-rmwrap\"><a href=\"https:\/\/blogsaverroes.juntadeandalucia.es\/ceipmjav\/ganadores-del-frutometro-mes-de-marzo-25\/\" class=\"_blank pt-cv-readmore btn btn-success\" target=\"_blank\">Leer M\u00e1s<\/a><\/div><\/div><\/div><\/div>\n<div class=\"col-md-3 col-sm-6 col-xs-12 pt-cv-content-item pt-cv-1-col\" ><div class='pt-cv-ifield'><a href=\"https:\/\/blogsaverroes.juntadeandalucia.es\/ceipmjav\/nueva-siembra-en-el-huerto\/\" class=\"_blank pt-cv-href-thumbnail pt-cv-thumb-default\" target=\"_blank\" ><img loading=\"lazy\" decoding=\"async\" width=\"300\" height=\"225\" src=\"https:\/\/blogsaverroes.juntadeandalucia.es\/ceipmjav\/files\/2025\/04\/488878385_1083583330473688_7987559378698068593_n-300x225.jpg\" class=\"pt-cv-thumbnail\" alt=\"\" \/><\/a>\n<h4 class=\"pt-cv-title\"><a href=\"https:\/\/blogsaverroes.juntadeandalucia.es\/ceipmjav\/nueva-siembra-en-el-huerto\/\" class=\"_blank\" target=\"_blank\" >NUEVA SIEMBRA EN EL HUERTO<\/a><\/h4>\n<div class=\"pt-cv-content\">[et_pb_section fb_built=\"1\" _builder_version=\"4.16\" global_colors_info=\"{}\" theme_builder_area=\"post_content\"][et_pb_row _builder_version=\"4.16\" background_size=\"initial\" background_position=\"top_left\" background_repeat=\"repeat\" global_colors_info=\"{}\" theme_builder_area=\"post_content\"][et_pb_column type=\"4_4\" _builder_version=\"4.16\" custom_padding=\"|||\" global_colors_info=\"{}\" ...<br \/><div class=\"pt-cv-rmwrap\"><a href=\"https:\/\/blogsaverroes.juntadeandalucia.es\/ceipmjav\/nueva-siembra-en-el-huerto\/\" class=\"_blank pt-cv-readmore btn btn-success\" target=\"_blank\">Leer M\u00e1s<\/a><\/div><\/div><\/div><\/div>\n<div class=\"col-md-3 col-sm-6 col-xs-12 pt-cv-content-item pt-cv-1-col\" ><div class='pt-cv-ifield'><a href=\"https:\/\/blogsaverroes.juntadeandalucia.es\/ceipmjav\/dia-mundial-del-agua\/\" class=\"_blank pt-cv-href-thumbnail pt-cv-thumb-default\" target=\"_blank\" ><img loading=\"lazy\" decoding=\"async\" width=\"300\" height=\"225\" src=\"https:\/\/blogsaverroes.juntadeandalucia.es\/ceipmjav\/files\/2025\/03\/480963855_1072328751599146_6150964379619310577_n-300x225.jpg\" class=\"pt-cv-thumbnail\" alt=\"\" \/><\/a>\n<h4 class=\"pt-cv-title\"><a href=\"https:\/\/blogsaverroes.juntadeandalucia.es\/ceipmjav\/dia-mundial-del-agua\/\" class=\"_blank\" target=\"_blank\" >D\u00cdA MUNDIAL DEL AGUA<\/a><\/h4>\n<div class=\"pt-cv-content\">[et_pb_section fb_built=\"1\" _builder_version=\"4.16\" global_colors_info=\"{}\"][et_pb_row _builder_version=\"4.16\" background_size=\"initial\" background_position=\"top_left\" background_repeat=\"repeat\" global_colors_info=\"{}\" column_structure=\"1_2,1_2\"][et_pb_column type=\"1_2\" _builder_version=\"4.16\" custom_padding=\"|||\" global_colors_info=\"{}\" custom_padding__hover=\"|||\"][et_pb_text ...<br \/><div class=\"pt-cv-rmwrap\"><a href=\"https:\/\/blogsaverroes.juntadeandalucia.es\/ceipmjav\/dia-mundial-del-agua\/\" class=\"_blank pt-cv-readmore btn btn-success\" target=\"_blank\">Leer M\u00e1s<\/a><\/div><\/div><\/div><\/div>\n<div class=\"col-md-3 col-sm-6 col-xs-12 pt-cv-content-item pt-cv-1-col\" ><div class='pt-cv-ifield'><a href=\"https:\/\/blogsaverroes.juntadeandalucia.es\/ceipmjav\/ganadores-frutometro-mes-de-febrero\/\" class=\"_blank pt-cv-href-thumbnail pt-cv-thumb-default\" target=\"_blank\" ><img loading=\"lazy\" decoding=\"async\" width=\"300\" height=\"225\" src=\"https:\/\/blogsaverroes.juntadeandalucia.es\/ceipmjav\/files\/2025\/03\/485365387_1071416001690421_8688176584471582193_n-300x225.jpg\" class=\"pt-cv-thumbnail\" alt=\"\" \/><\/a>\n<h4 class=\"pt-cv-title\"><a href=\"https:\/\/blogsaverroes.juntadeandalucia.es\/ceipmjav\/ganadores-frutometro-mes-de-febrero\/\" class=\"_blank\" target=\"_blank\" >GANADORES FRUT\u00d3METRO MES DE FEBRERO<\/a><\/h4>\n<div class=\"pt-cv-content\">[et_pb_section fb_built=\"1\" _builder_version=\"4.16\" global_colors_info=\"{}\" theme_builder_area=\"post_content\"][et_pb_row _builder_version=\"4.16\" background_size=\"initial\" background_position=\"top_left\" background_repeat=\"repeat\" global_colors_info=\"{}\" theme_builder_area=\"post_content\"][et_pb_column type=\"4_4\" _builder_version=\"4.16\" custom_padding=\"|||\" global_colors_info=\"{}\" ...<br \/><div class=\"pt-cv-rmwrap\"><a href=\"https:\/\/blogsaverroes.juntadeandalucia.es\/ceipmjav\/ganadores-frutometro-mes-de-febrero\/\" class=\"_blank pt-cv-readmore btn btn-success\" target=\"_blank\">Leer M\u00e1s<\/a><\/div><\/div><\/div><\/div>\n<div class=\"col-md-3 col-sm-6 col-xs-12 pt-cv-content-item pt-cv-1-col\" ><div class='pt-cv-ifield'><a href=\"https:\/\/blogsaverroes.juntadeandalucia.es\/ceipmjav\/ya-tenemos-cosecha\/\" class=\"_blank pt-cv-href-thumbnail pt-cv-thumb-default\" target=\"_blank\" ><img loading=\"lazy\" decoding=\"async\" width=\"300\" height=\"225\" src=\"https:\/\/blogsaverroes.juntadeandalucia.es\/ceipmjav\/files\/2025\/03\/482015363_1063583952473626_102807475045392752_n-300x225.jpg\" class=\"pt-cv-thumbnail\" alt=\"\" \/><\/a>\n<h4 class=\"pt-cv-title\"><a href=\"https:\/\/blogsaverroes.juntadeandalucia.es\/ceipmjav\/ya-tenemos-cosecha\/\" class=\"_blank\" target=\"_blank\" >YA TENEMOS COSECHA&#8230;<\/a><\/h4>\n<div class=\"pt-cv-content\">[et_pb_section fb_built=\"1\" _builder_version=\"4.16\" global_colors_info=\"{}\" theme_builder_area=\"post_content\"][et_pb_row _builder_version=\"4.16\" background_size=\"initial\" background_position=\"top_left\" background_repeat=\"repeat\" global_colors_info=\"{}\" theme_builder_area=\"post_content\"][et_pb_column type=\"4_4\" _builder_version=\"4.16\" custom_padding=\"|||\" global_colors_info=\"{}\" ...<br \/><div class=\"pt-cv-rmwrap\"><a href=\"https:\/\/blogsaverroes.juntadeandalucia.es\/ceipmjav\/ya-tenemos-cosecha\/\" class=\"_blank pt-cv-readmore btn btn-success\" target=\"_blank\">Leer M\u00e1s<\/a><\/div><\/div><\/div><\/div>\n<div class=\"col-md-3 col-sm-6 col-xs-12 pt-cv-content-item pt-cv-1-col\" ><div class='pt-cv-ifield'><a href=\"https:\/\/blogsaverroes.juntadeandalucia.es\/ceipmjav\/frutometro-mes-de-enero-25\/\" class=\"_blank pt-cv-href-thumbnail pt-cv-thumb-default\" target=\"_blank\" ><img loading=\"lazy\" decoding=\"async\" width=\"300\" height=\"225\" src=\"https:\/\/blogsaverroes.juntadeandalucia.es\/ceipmjav\/files\/2025\/02\/IMG_2009-300x225.jpg\" class=\"pt-cv-thumbnail\" alt=\"\" \/><\/a>\n<h4 class=\"pt-cv-title\"><a href=\"https:\/\/blogsaverroes.juntadeandalucia.es\/ceipmjav\/frutometro-mes-de-enero-25\/\" class=\"_blank\" target=\"_blank\" >FRUT\u00d3METRO MES DE ENERO 25<\/a><\/h4>\n<div class=\"pt-cv-content\">[et_pb_section fb_built=\"1\" _builder_version=\"4.16\" global_colors_info=\"{}\"][et_pb_row _builder_version=\"4.16\" background_size=\"initial\" background_position=\"top_left\" background_repeat=\"repeat\" global_colors_info=\"{}\"][et_pb_column type=\"4_4\" _builder_version=\"4.16\" custom_padding=\"|||\" global_colors_info=\"{}\" custom_padding__hover=\"|||\"][et_pb_text _builder_version=\"4.24.2\" ...<br \/><div class=\"pt-cv-rmwrap\"><a href=\"https:\/\/blogsaverroes.juntadeandalucia.es\/ceipmjav\/frutometro-mes-de-enero-25\/\" class=\"_blank pt-cv-readmore btn btn-success\" target=\"_blank\">Leer M\u00e1s<\/a><\/div><\/div><\/div><\/div>\n<div class=\"col-md-3 col-sm-6 col-xs-12 pt-cv-content-item pt-cv-1-col\" ><div class='pt-cv-ifield'><a href=\"https:\/\/blogsaverroes.juntadeandalucia.es\/ceipmjav\/nuestro-huerto-comienza-a-producir\/\" class=\"_blank pt-cv-href-thumbnail pt-cv-thumb-default\" target=\"_blank\" ><img loading=\"lazy\" decoding=\"async\" width=\"300\" height=\"225\" src=\"https:\/\/blogsaverroes.juntadeandalucia.es\/ceipmjav\/files\/2025\/02\/476600667_1042025214629500_693578207330067873_n-300x225.jpg\" class=\"pt-cv-thumbnail\" alt=\"\" \/><\/a>\n<h4 class=\"pt-cv-title\"><a href=\"https:\/\/blogsaverroes.juntadeandalucia.es\/ceipmjav\/nuestro-huerto-comienza-a-producir\/\" class=\"_blank\" target=\"_blank\" >NUESTRO HUERTO COMIENZA A PRODUCIR<\/a><\/h4>\n<div class=\"pt-cv-content\">[et_pb_section fb_built=\"1\" _builder_version=\"4.16\" global_colors_info=\"{}\"][et_pb_row _builder_version=\"4.16\" background_size=\"initial\" background_position=\"top_left\" background_repeat=\"repeat\" global_colors_info=\"{}\"][et_pb_column type=\"4_4\" _builder_version=\"4.16\" custom_padding=\"|||\" global_colors_info=\"{}\" custom_padding__hover=\"|||\"][et_pb_text _builder_version=\"4.24.2\" ...<br \/><div class=\"pt-cv-rmwrap\"><a href=\"https:\/\/blogsaverroes.juntadeandalucia.es\/ceipmjav\/nuestro-huerto-comienza-a-producir\/\" class=\"_blank pt-cv-readmore btn btn-success\" target=\"_blank\">Leer M\u00e1s<\/a><\/div><\/div><\/div><\/div><\/div><\/div>\n<div class=\" pt-cv-pagination-wrapper\"><ul class=\"pt-cv-pagination pt-cv-normal pagination\" data-totalpages=\"2\" data-currentpage=\"1\" data-sid=\"5fd1cfdtew\" data-unid=\"\" data-isblock=\"\" data-postid=\"\"><li class=\"active\"><a href=\"#\">1<\/a><\/li>\n\t<li ><a class=\"\" href=\"https:\/\/blogsaverroes.juntadeandalucia.es\/ceipmjav\/wp-json\/wp\/v2\/pages\/1883\/?_page=2\">2<\/a><\/li>\n\t<li ><a class=\" \" href=\"https:\/\/blogsaverroes.juntadeandalucia.es\/ceipmjav\/wp-json\/wp\/v2\/pages\/1883\/?_page=2\">&rsaquo;<\/a><\/li>\n\t<\/ul><img loading=\"lazy\" decoding=\"async\" width=\"15\" height=\"15\" class=\"pt-cv-spinner\" alt=\"Cargando...\" src=\"data:image\/gif;base64,R0lGODlhDwAPALMPAMrKygwMDJOTkz09PZWVla+vr3p6euTk5M7OzuXl5TMzMwAAAJmZmWZmZszMzP\/\/\/yH\/C05FVFNDQVBFMi4wAwEAAAAh+QQFCgAPACwAAAAADwAPAAAEQvDJaZaZOIcV8iQK8VRX4iTYoAwZ4iCYoAjZ4RxejhVNoT+mRGP4cyF4Pp0N98sBGIBMEMOotl6YZ3S61Bmbkm4mAgAh+QQFCgAPACwAAAAADQANAAAENPDJSRSZeA418itN8QiK8BiLITVsFiyBBIoYqnoewAD4xPw9iY4XLGYSjkQR4UAUD45DLwIAIfkEBQoADwAsAAAAAA8ACQAABC\/wyVlamTi3nSdgwFNdhEJgTJoNyoB9ISYoQmdjiZPcj7EYCAeCF1gEDo4Dz2eIAAAh+QQFCgAPACwCAAAADQANAAAEM\/DJBxiYeLKdX3IJZT1FU0iIg2RNKx3OkZVnZ98ToRD4MyiDnkAh6BkNC0MvsAj0kMpHBAAh+QQFCgAPACwGAAAACQAPAAAEMDC59KpFDll73HkAA2wVY5KgiK5b0RRoI6MuzG6EQqCDMlSGheEhUAgqgUUAFRySIgAh+QQFCgAPACwCAAIADQANAAAEM\/DJKZNLND\/kkKaHc3xk+QAMYDKsiaqmZCxGVjSFFCxB1vwy2oOgIDxuucxAMTAJFAJNBAAh+QQFCgAPACwAAAYADwAJAAAEMNAs86q1yaWwwv2Ig0jUZx3OYa4XoRAfwADXoAwfo1+CIjyFRuEho60aSNYlOPxEAAAh+QQFCgAPACwAAAIADQANAAAENPA9s4y8+IUVcqaWJ4qEQozSoAzoIyhCK2NFU2SJk0hNnyEOhKR2AzAAj4Pj4GE4W0bkJQIAOw==\" \/><div class=\"clear pt-cv-clear-pagination\"><\/div><\/div><\/div>\n<p>[\/et_pb_text][\/et_pb_column][\/et_pb_row][et_pb_row admin_label=&#8221;ACTIVIDADES CURSO 23\/24&#8243; _builder_version=&#8221;4.16&#8243; _module_preset=&#8221;default&#8221; background_color=&#8221;#b9d89c&#8221; custom_margin=&#8221;10px||||false|false&#8221; border_radii=&#8221;on|10px|10px|10px|10px&#8221; border_width_all=&#8221;4px&#8221; border_color_all=&#8221;#E02B20&#8243; global_colors_info=&#8221;{}&#8221;][et_pb_column type=&#8221;4_4&#8243; _builder_version=&#8221;4.16&#8243; _module_preset=&#8221;default&#8221; global_colors_info=&#8221;{}&#8221;][et_pb_text _builder_version=&#8221;4.24.2&#8243; _module_preset=&#8221;default&#8221; text_font=&#8221;ABeeZee|700|||||||&#8221; text_orientation=&#8221;center&#8221; custom_padding=&#8221;|10px||10px|false|false&#8221; global_colors_info=&#8221;{}&#8221;]<\/p>\n<p style=\"text-align: center\">ACTIVIDADES CURSO 23\/24<\/p>\n<p>[\/et_pb_text][\/et_pb_column][\/et_pb_row][et_pb_row admin_label=&#8221;Fila&#8221; _builder_version=&#8221;4.16&#8243; _module_preset=&#8221;default&#8221; background_color=&#8221;#b9d89c&#8221; custom_margin=&#8221;10px||10px||false|false&#8221; border_radii=&#8221;on|10px|10px|10px|10px&#8221; border_width_all=&#8221;4px&#8221; border_color_all=&#8221;#E02B20&#8243; global_colors_info=&#8221;{}&#8221;][et_pb_column type=&#8221;4_4&#8243; _builder_version=&#8221;4.16&#8243; _module_preset=&#8221;default&#8221; global_colors_info=&#8221;{}&#8221;][et_pb_text _builder_version=&#8221;4.16&#8243; _module_preset=&#8221;default&#8221; text_font=&#8221;ABeeZee|700|||||||&#8221; text_orientation=&#8221;center&#8221; custom_padding=&#8221;|10px||10px|false|false&#8221; global_colors_info=&#8221;{}&#8221;]<\/p>\n<div class=\"pt-cv-wrapper et_smooth_scroll_disabled\"><div class=\"pt-cv-view pt-cv-grid pt-cv-colsys\" id=\"pt-cv-view-19624dduc9\"><div data-id=\"pt-cv-page-1\" class=\"pt-cv-page\" data-cvc=\"4\"><div class=\"col-md-3 col-sm-6 col-xs-12 pt-cv-content-item pt-cv-1-col\" ><div class='pt-cv-ifield'><a href=\"https:\/\/blogsaverroes.juntadeandalucia.es\/ceipmjav\/ganadores-del-frutometro\/\" class=\"_blank pt-cv-href-thumbnail pt-cv-thumb-default\" target=\"_blank\" ><img loading=\"lazy\" decoding=\"async\" width=\"300\" height=\"225\" src=\"https:\/\/blogsaverroes.juntadeandalucia.es\/ceipmjav\/files\/2024\/05\/444770456_860283556137001_9220505406187407134_n-300x225.jpg\" class=\"pt-cv-thumbnail\" alt=\"\" \/><\/a>\n<h4 class=\"pt-cv-title\"><a href=\"https:\/\/blogsaverroes.juntadeandalucia.es\/ceipmjav\/ganadores-del-frutometro\/\" class=\"_blank\" target=\"_blank\" >GANADORES DEL FRUT\u00d3METRO<\/a><\/h4>\n<div class=\"pt-cv-content\">[et_pb_section fb_built=\"1\" admin_label=\"FRUT\u00d3METRO\" _builder_version=\"4.16\" _module_preset=\"default\" global_colors_info=\"{}\"][et_pb_row admin_label=\"Fila\" _builder_version=\"4.24.2\" _module_preset=\"default\" background_color=\"#b9d89c\" custom_padding=\"|10px||10px|false|false\" border_radii=\"on|10px|10px|10px|10px\" border_width_all=\"4px\" border_color_all=\"#E02B20\" global_colors_info=\"{}\"][et_pb_column ...<br \/><div class=\"pt-cv-rmwrap\"><a href=\"https:\/\/blogsaverroes.juntadeandalucia.es\/ceipmjav\/ganadores-del-frutometro\/\" class=\"_blank pt-cv-readmore btn btn-success\" target=\"_blank\">Leer M\u00e1s<\/a><\/div><\/div><\/div><\/div>\n<div class=\"col-md-3 col-sm-6 col-xs-12 pt-cv-content-item pt-cv-1-col\" ><div class='pt-cv-ifield'><a href=\"https:\/\/blogsaverroes.juntadeandalucia.es\/ceipmjav\/habitos-de-vida-saludable-reparto-de-frutas\/\" class=\"_blank pt-cv-href-thumbnail pt-cv-thumb-default\" target=\"_blank\" ><img loading=\"lazy\" decoding=\"async\" width=\"225\" height=\"300\" src=\"https:\/\/blogsaverroes.juntadeandalucia.es\/ceipmjav\/files\/2024\/04\/435467160_827269002771790_2350452554068599397_n-225x300.jpg\" class=\"pt-cv-thumbnail\" alt=\"\" \/><\/a>\n<h4 class=\"pt-cv-title\"><a href=\"https:\/\/blogsaverroes.juntadeandalucia.es\/ceipmjav\/habitos-de-vida-saludable-reparto-de-frutas\/\" class=\"_blank\" target=\"_blank\" >H\u00c1BITOS DE VIDA SALUDABLE. REPARTO DE FRUTAS<\/a><\/h4>\n<div class=\"pt-cv-content\">[et_pb_section fb_built=\"1\" admin_label=\"2\u00ba REPARTO DE FRUTA\" _builder_version=\"4.14.5\" _module_preset=\"default\" global_colors_info=\"{}\" theme_builder_area=\"post_content\"][et_pb_row admin_label=\"Fila\" _builder_version=\"4.14.5\" _module_preset=\"default\" background_color=\"#b9d89c\" custom_padding=\"|10px||10px|false|false\" ...<br \/><div class=\"pt-cv-rmwrap\"><a href=\"https:\/\/blogsaverroes.juntadeandalucia.es\/ceipmjav\/habitos-de-vida-saludable-reparto-de-frutas\/\" class=\"_blank pt-cv-readmore btn btn-success\" target=\"_blank\">Leer M\u00e1s<\/a><\/div><\/div><\/div><\/div>\n<div class=\"col-md-3 col-sm-6 col-xs-12 pt-cv-content-item pt-cv-1-col\" ><div class='pt-cv-ifield'><a href=\"https:\/\/blogsaverroes.juntadeandalucia.es\/ceipmjav\/nueva-cosecha-de-habas\/\" class=\"_blank pt-cv-href-thumbnail pt-cv-thumb-default\" target=\"_blank\" ><img loading=\"lazy\" decoding=\"async\" width=\"300\" height=\"225\" src=\"https:\/\/blogsaverroes.juntadeandalucia.es\/ceipmjav\/files\/2024\/04\/434556008_823554366476587_5005880722610092535_n-1-300x225.jpg\" class=\"pt-cv-thumbnail\" alt=\"\" \/><\/a>\n<h4 class=\"pt-cv-title\"><a href=\"https:\/\/blogsaverroes.juntadeandalucia.es\/ceipmjav\/nueva-cosecha-de-habas\/\" class=\"_blank\" target=\"_blank\" >NUEVA COSECHA DE HABAS<\/a><\/h4>\n<div class=\"pt-cv-content\">[et_pb_section fb_built=\"1\" admin_label=\"NUEVA COSECHA DE HABAS\" _builder_version=\"4.14.5\" _module_preset=\"default\" global_colors_info=\"{}\"][et_pb_row admin_label=\"Fila\" _builder_version=\"4.14.5\" _module_preset=\"default\" background_color=\"#b9d89c\" custom_padding=\"|10px||10px|false|false\" border_radii=\"on|10px|10px|10px|10px\" ...<br \/><div class=\"pt-cv-rmwrap\"><a href=\"https:\/\/blogsaverroes.juntadeandalucia.es\/ceipmjav\/nueva-cosecha-de-habas\/\" class=\"_blank pt-cv-readmore btn btn-success\" target=\"_blank\">Leer M\u00e1s<\/a><\/div><\/div><\/div><\/div>\n<div class=\"col-md-3 col-sm-6 col-xs-12 pt-cv-content-item pt-cv-1-col\" ><div class='pt-cv-ifield'><a href=\"https:\/\/blogsaverroes.juntadeandalucia.es\/ceipmjav\/recolectamos-las-habas\/\" class=\"_blank pt-cv-href-thumbnail pt-cv-thumb-default\" target=\"_blank\" ><img loading=\"lazy\" decoding=\"async\" width=\"300\" height=\"225\" src=\"https:\/\/blogsaverroes.juntadeandalucia.es\/ceipmjav\/files\/2024\/03\/433273536_816357057196318_7181296008425751081_n-300x225.jpg\" class=\"pt-cv-thumbnail\" alt=\"\" \/><\/a>\n<h4 class=\"pt-cv-title\"><a href=\"https:\/\/blogsaverroes.juntadeandalucia.es\/ceipmjav\/recolectamos-las-habas\/\" class=\"_blank\" target=\"_blank\" >\u00a1RECOLECTAMOS LAS HABAS!<\/a><\/h4>\n<div class=\"pt-cv-content\">[et_pb_section fb_built=\"1\" admin_label=\"Recogemos habas\" _builder_version=\"4.14.5\" _module_preset=\"default\" global_colors_info=\"{}\" theme_builder_area=\"post_content\"][et_pb_row admin_label=\"Fila\" _builder_version=\"4.14.5\" _module_preset=\"default\" background_color=\"#b9d89c\" custom_padding=\"|10px||10px|false|false\" border_radii=\"on|10px|10px|10px|10px\" border_width_all=\"4px\" ...<br \/><div class=\"pt-cv-rmwrap\"><a href=\"https:\/\/blogsaverroes.juntadeandalucia.es\/ceipmjav\/recolectamos-las-habas\/\" class=\"_blank pt-cv-readmore btn btn-success\" target=\"_blank\">Leer M\u00e1s<\/a><\/div><\/div><\/div><\/div>\n<div class=\"col-md-3 col-sm-6 col-xs-12 pt-cv-content-item pt-cv-1-col\" ><div class='pt-cv-ifield'><a href=\"https:\/\/blogsaverroes.juntadeandalucia.es\/ceipmjav\/entrega-premios-frutometro-mes-de-febrero\/\" class=\"_blank pt-cv-href-thumbnail pt-cv-thumb-default\" target=\"_blank\" ><img loading=\"lazy\" decoding=\"async\" width=\"300\" height=\"225\" src=\"https:\/\/blogsaverroes.juntadeandalucia.es\/ceipmjav\/files\/2024\/03\/ccef15e1-412c-416a-a612-64d750dfe6a4-300x225.jpg\" class=\"pt-cv-thumbnail\" alt=\"\" \/><\/a>\n<h4 class=\"pt-cv-title\"><a href=\"https:\/\/blogsaverroes.juntadeandalucia.es\/ceipmjav\/entrega-premios-frutometro-mes-de-febrero\/\" class=\"_blank\" target=\"_blank\" >ENTREGA PREMIOS FRUT\u00d3METRO MES DE FEBRERO<\/a><\/h4>\n<div class=\"pt-cv-content\">[et_pb_section fb_built=\"1\" admin_label=\"FRUT\u00d3METRO FEBRERO\" _builder_version=\"4.14.5\" _module_preset=\"default\" global_colors_info=\"{}\"][et_pb_row admin_label=\"Fila\" _builder_version=\"4.14.5\" _module_preset=\"default\" background_color=\"#b9d89c\" custom_padding=\"|10px||10px|false|false\" border_radii=\"on|10px|10px|10px|10px\" border_width_all=\"4px\" border_color_all=\"#E02B20\" ...<br \/><div class=\"pt-cv-rmwrap\"><a href=\"https:\/\/blogsaverroes.juntadeandalucia.es\/ceipmjav\/entrega-premios-frutometro-mes-de-febrero\/\" class=\"_blank pt-cv-readmore btn btn-success\" target=\"_blank\">Leer M\u00e1s<\/a><\/div><\/div><\/div><\/div>\n<div class=\"col-md-3 col-sm-6 col-xs-12 pt-cv-content-item pt-cv-1-col\" ><div class='pt-cv-ifield'><a href=\"https:\/\/blogsaverroes.juntadeandalucia.es\/ceipmjav\/cosechamos-zanahorias-y-habas\/\" class=\"_blank pt-cv-href-thumbnail pt-cv-thumb-default\" target=\"_blank\" ><img loading=\"lazy\" decoding=\"async\" width=\"300\" height=\"225\" src=\"https:\/\/blogsaverroes.juntadeandalucia.es\/ceipmjav\/files\/2024\/03\/432549413_815216223977068_4189067473411800114_n-300x225.jpg\" class=\"pt-cv-thumbnail\" alt=\"\" \/><\/a>\n<h4 class=\"pt-cv-title\"><a href=\"https:\/\/blogsaverroes.juntadeandalucia.es\/ceipmjav\/cosechamos-zanahorias-y-habas\/\" class=\"_blank\" target=\"_blank\" >COSECHAMOS ZANAHORIAS Y HABAS<\/a><\/h4>\n<div class=\"pt-cv-content\">[et_pb_section fb_built=\"1\" admin_label=\"Cultivos en el huerto\" _builder_version=\"4.14.5\" _module_preset=\"default\" global_colors_info=\"{}\" theme_builder_area=\"post_content\"][et_pb_row admin_label=\"Fila\" _builder_version=\"4.14.5\" _module_preset=\"default\" background_color=\"#b9d89c\" custom_padding=\"|10px||10px|false|false\" ...<br \/><div class=\"pt-cv-rmwrap\"><a href=\"https:\/\/blogsaverroes.juntadeandalucia.es\/ceipmjav\/cosechamos-zanahorias-y-habas\/\" class=\"_blank pt-cv-readmore btn btn-success\" target=\"_blank\">Leer M\u00e1s<\/a><\/div><\/div><\/div><\/div>\n<div class=\"col-md-3 col-sm-6 col-xs-12 pt-cv-content-item pt-cv-1-col\" ><div class='pt-cv-ifield'><a href=\"https:\/\/blogsaverroes.juntadeandalucia.es\/ceipmjav\/plan-escolar-consumo-de-frutas-y-hortalizas\/\" class=\"_blank pt-cv-href-thumbnail pt-cv-thumb-default\" target=\"_blank\" ><img loading=\"lazy\" decoding=\"async\" width=\"213\" height=\"300\" src=\"https:\/\/blogsaverroes.juntadeandalucia.es\/ceipmjav\/files\/2024\/03\/CARTEL-FRUTA-213x300.png\" class=\"pt-cv-thumbnail\" alt=\"\" srcset=\"https:\/\/blogsaverroes.juntadeandalucia.es\/ceipmjav\/files\/2024\/03\/CARTEL-FRUTA-213x300.png 213w, https:\/\/blogsaverroes.juntadeandalucia.es\/ceipmjav\/files\/2024\/03\/CARTEL-FRUTA.png 433w\" sizes=\"(max-width: 213px) 100vw, 213px\" \/><\/a>\n<h4 class=\"pt-cv-title\"><a href=\"https:\/\/blogsaverroes.juntadeandalucia.es\/ceipmjav\/plan-escolar-consumo-de-frutas-y-hortalizas\/\" class=\"_blank\" target=\"_blank\" >PLAN ESCOLAR CONSUMO DE FRUTAS Y HORTALIZAS<\/a><\/h4>\n<div class=\"pt-cv-content\">[et_pb_section fb_built=\"1\" admin_label=\"3\u00ba Visita la biblioteca p\u00fablica\" _builder_version=\"4.14.5\" _module_preset=\"default\" global_colors_info=\"{}\"][et_pb_row column_structure=\"1_3,2_3\" admin_label=\"Fila\" _builder_version=\"4.14.5\" _module_preset=\"default\" background_color=\"#b9d89c\" ...<br \/><div class=\"pt-cv-rmwrap\"><a href=\"https:\/\/blogsaverroes.juntadeandalucia.es\/ceipmjav\/plan-escolar-consumo-de-frutas-y-hortalizas\/\" class=\"_blank pt-cv-readmore btn btn-success\" target=\"_blank\">Leer M\u00e1s<\/a><\/div><\/div><\/div><\/div>\n<div class=\"col-md-3 col-sm-6 col-xs-12 pt-cv-content-item pt-cv-1-col\" ><div class='pt-cv-ifield'><a href=\"https:\/\/blogsaverroes.juntadeandalucia.es\/ceipmjav\/plan-escolar-de-consumo-de-leche\/\" class=\"_blank pt-cv-href-thumbnail pt-cv-thumb-default\" target=\"_blank\" ><img loading=\"lazy\" decoding=\"async\" width=\"300\" height=\"184\" src=\"https:\/\/blogsaverroes.juntadeandalucia.es\/ceipmjav\/files\/2024\/03\/cartel-reparto-leche-300x184.png\" class=\"pt-cv-thumbnail\" alt=\"\" \/><\/a>\n<h4 class=\"pt-cv-title\"><a href=\"https:\/\/blogsaverroes.juntadeandalucia.es\/ceipmjav\/plan-escolar-de-consumo-de-leche\/\" class=\"_blank\" target=\"_blank\" >PLAN ESCOLAR DE CONSUMO DE LECHE<\/a><\/h4>\n<div class=\"pt-cv-content\">[et_pb_section fb_built=\"1\" admin_label=\"PLAN ESCOLAR DE CONSUMO DE LECHE\" _builder_version=\"4.14.5\" _module_preset=\"default\" global_colors_info=\"{}\"][et_pb_row column_structure=\"1_3,2_3\" admin_label=\"Fila\" _builder_version=\"4.14.5\" _module_preset=\"default\" ...<br \/><div class=\"pt-cv-rmwrap\"><a href=\"https:\/\/blogsaverroes.juntadeandalucia.es\/ceipmjav\/plan-escolar-de-consumo-de-leche\/\" class=\"_blank pt-cv-readmore btn btn-success\" target=\"_blank\">Leer M\u00e1s<\/a><\/div><\/div><\/div><\/div><\/div><\/div>\n<div class=\" pt-cv-pagination-wrapper\"><ul class=\"pt-cv-pagination pt-cv-normal pagination\" data-totalpages=\"4\" data-currentpage=\"1\" data-sid=\"19624dduc9\" data-unid=\"\" data-isblock=\"\" data-postid=\"\"><li class=\"active\"><a href=\"#\">1<\/a><\/li>\n\t<li ><a class=\"\" href=\"https:\/\/blogsaverroes.juntadeandalucia.es\/ceipmjav\/wp-json\/wp\/v2\/pages\/1883\/?_page=2\">2<\/a><\/li>\n\t<li ><a class=\"\" href=\"https:\/\/blogsaverroes.juntadeandalucia.es\/ceipmjav\/wp-json\/wp\/v2\/pages\/1883\/?_page=3\">3<\/a><\/li>\n\t<li ><a class=\"\" href=\"https:\/\/blogsaverroes.juntadeandalucia.es\/ceipmjav\/wp-json\/wp\/v2\/pages\/1883\/?_page=4\">4<\/a><\/li>\n\t<li ><a class=\" \" href=\"https:\/\/blogsaverroes.juntadeandalucia.es\/ceipmjav\/wp-json\/wp\/v2\/pages\/1883\/?_page=2\">&rsaquo;<\/a><\/li>\n\t<\/ul><img loading=\"lazy\" decoding=\"async\" width=\"15\" height=\"15\" class=\"pt-cv-spinner\" alt=\"Cargando...\" src=\"data:image\/gif;base64,R0lGODlhDwAPALMPAMrKygwMDJOTkz09PZWVla+vr3p6euTk5M7OzuXl5TMzMwAAAJmZmWZmZszMzP\/\/\/yH\/C05FVFNDQVBFMi4wAwEAAAAh+QQFCgAPACwAAAAADwAPAAAEQvDJaZaZOIcV8iQK8VRX4iTYoAwZ4iCYoAjZ4RxejhVNoT+mRGP4cyF4Pp0N98sBGIBMEMOotl6YZ3S61Bmbkm4mAgAh+QQFCgAPACwAAAAADQANAAAENPDJSRSZeA418itN8QiK8BiLITVsFiyBBIoYqnoewAD4xPw9iY4XLGYSjkQR4UAUD45DLwIAIfkEBQoADwAsAAAAAA8ACQAABC\/wyVlamTi3nSdgwFNdhEJgTJoNyoB9ISYoQmdjiZPcj7EYCAeCF1gEDo4Dz2eIAAAh+QQFCgAPACwCAAAADQANAAAEM\/DJBxiYeLKdX3IJZT1FU0iIg2RNKx3OkZVnZ98ToRD4MyiDnkAh6BkNC0MvsAj0kMpHBAAh+QQFCgAPACwGAAAACQAPAAAEMDC59KpFDll73HkAA2wVY5KgiK5b0RRoI6MuzG6EQqCDMlSGheEhUAgqgUUAFRySIgAh+QQFCgAPACwCAAIADQANAAAEM\/DJKZNLND\/kkKaHc3xk+QAMYDKsiaqmZCxGVjSFFCxB1vwy2oOgIDxuucxAMTAJFAJNBAAh+QQFCgAPACwAAAYADwAJAAAEMNAs86q1yaWwwv2Ig0jUZx3OYa4XoRAfwADXoAwfo1+CIjyFRuEho60aSNYlOPxEAAAh+QQFCgAPACwAAAIADQANAAAENPA9s4y8+IUVcqaWJ4qEQozSoAzoIyhCK2NFU2SJk0hNnyEOhKR2AzAAj4Pj4GE4W0bkJQIAOw==\" \/><div class=\"clear pt-cv-clear-pagination\"><\/div><\/div><\/div>\n<p>[\/et_pb_text][\/et_pb_column][\/et_pb_row][\/et_pb_section]<\/p>\n","protected":false},"excerpt":{"rendered":"<p>Programas de participaci\u00f3n de oficio: Bienestar emocional.&nbsp; Coordinadora: M\u00aa Concepci\u00f3n Sevillano Cadenas Plan de apertura de centros docentes.&nbsp; Coordinador: Jes\u00fas \u00c1lvarez Mac\u00edas Bibliotecas Escolares Coordinadora: Lidia L\u00f3pez P\u00e9rez Escuela C\u00f3digo 4.0 Coordinador: Jos\u00e9 Manuel Gonz\u00e1lez \u00c1lvarez Plan de Actuaci\u00f3n Digital Coordinador: Rafael Berm\u00fadez Medina Plan de Igualdad de G\u00e9nero en Educaci\u00f3n Coordinadora: M\u00aa Luisa Sousa [&hellip;]<\/p>\n","protected":false},"author":16393,"featured_media":0,"parent":0,"menu_order":0,"comment_status":"closed","ping_status":"closed","template":"","meta":{"_et_pb_use_builder":"on","_et_pb_old_content":"","_et_gb_content_width":"","ngg_post_thumbnail":0,"footnotes":""},"aioseo_notices":[],"_links":{"self":[{"href":"https:\/\/blogsaverroes.juntadeandalucia.es\/ceipmjav\/wp-json\/wp\/v2\/pages\/1883"}],"collection":[{"href":"https:\/\/blogsaverroes.juntadeandalucia.es\/ceipmjav\/wp-json\/wp\/v2\/pages"}],"about":[{"href":"https:\/\/blogsaverroes.juntadeandalucia.es\/ceipmjav\/wp-json\/wp\/v2\/types\/page"}],"author":[{"embeddable":true,"href":"https:\/\/blogsaverroes.juntadeandalucia.es\/ceipmjav\/wp-json\/wp\/v2\/users\/16393"}],"replies":[{"embeddable":true,"href":"https:\/\/blogsaverroes.juntadeandalucia.es\/ceipmjav\/wp-json\/wp\/v2\/comments?post=1883"}],"version-history":[{"count":36,"href":"https:\/\/blogsaverroes.juntadeandalucia.es\/ceipmjav\/wp-json\/wp\/v2\/pages\/1883\/revisions"}],"predecessor-version":[{"id":8379,"href":"https:\/\/blogsaverroes.juntadeandalucia.es\/ceipmjav\/wp-json\/wp\/v2\/pages\/1883\/revisions\/8379"}],"wp:attachment":[{"href":"https:\/\/blogsaverroes.juntadeandalucia.es\/ceipmjav\/wp-json\/wp\/v2\/media?parent=1883"}],"curies":[{"name":"wp","href":"https:\/\/api.w.org\/{rel}","templated":true}]}}